{"id":32136,"date":"2017-08-24T17:29:12","date_gmt":"2017-08-24T17:29:12","guid":{"rendered":"http:\/\/www.comisionporlamemoria.org\/archivo-nuevo\/?page_id=32136"},"modified":"2024-05-08T18:17:20","modified_gmt":"2024-05-08T18:17:20","slug":"archivo-oral","status":"publish","type":"page","link":"https:\/\/www.comisionporlamemoria.org\/archivo\/archivo-oral\/","title":{"rendered":"Archivo oral"},"content":{"rendered":"<p>[et_pb_section fb_built=\u00bb1&#8243; _builder_version=\u00bb4.21.0&#8243; background_enable_color=\u00bboff\u00bb background_image=\u00bbhttps:\/\/www.comisionporlamemoria.org\/archivo\/wp-content\/uploads\/sites\/17\/2017\/05\/bg-cabeceras.jpg\u00bb custom_padding=\u00bb0px||0px|\u00bb global_colors_info=\u00bb{}\u00bb][et_pb_row column_structure=\u00bb1_2,1_2&#8243; _builder_version=\u00bb4.16&#8243; background_size=\u00bbinitial\u00bb background_position=\u00bbtop_left\u00bb background_repeat=\u00bbrepeat\u00bb custom_padding=\u00bb27px|0px|0px|0px\u00bb global_colors_info=\u00bb{}\u00bb][et_pb_column type=\u00bb1_2&#8243; _builder_version=\u00bb4.16&#8243; custom_padding=\u00bb|||\u00bb global_colors_info=\u00bb{}\u00bb custom_padding__hover=\u00bb|||\u00bb][et_pb_post_title meta=\u00bboff\u00bb featured_image=\u00bboff\u00bb _builder_version=\u00bb4.16&#8243; title_text_color=\u00bb#ffffff\u00bb title_font_size=\u00bb40&#8243; background_color=\u00bb#424242&#8243; custom_margin=\u00bb80px||10px|\u00bb custom_padding=\u00bb13px|10px||15px\u00bb module_bg_color=\u00bb#424242&#8243; global_colors_info=\u00bb{}\u00bb]<\/p>\n<p>&nbsp;<\/p>\n<p>[\/et_pb_post_title][\/et_pb_column][et_pb_column type=\u00bb1_2&#8243; _builder_version=\u00bb4.16&#8243; custom_padding=\u00bb|||\u00bb global_colors_info=\u00bb{}\u00bb custom_padding__hover=\u00bb|||\u00bb][\/et_pb_column][\/et_pb_row][\/et_pb_section][et_pb_section fb_built=\u00bb1&#8243; _builder_version=\u00bb4.16&#8243; custom_padding=\u00bb40px||0px|\u00bb global_colors_info=\u00bb{}\u00bb][et_pb_row column_structure=\u00bb1_2,1_4,1_4&#8243; _builder_version=\u00bb4.16&#8243; background_image=\u00bbhttps:\/\/www.comisionporlamemoria.org\/archivo-nuevo\/wp-content\/uploads\/sites\/17\/2017\/05\/bg-SUBTITULOS.jpg\u00bb background_size=\u00bbinitial\u00bb background_position=\u00bbtop_left\u00bb background_repeat=\u00bbrepeat\u00bb custom_padding=\u00bb0px|0px|0px|0px\u00bb global_colors_info=\u00bb{}\u00bb][et_pb_column type=\u00bb1_2&#8243; _builder_version=\u00bb4.16&#8243; custom_padding=\u00bb|||\u00bb global_colors_info=\u00bb{}\u00bb custom_padding__hover=\u00bb|||\u00bb][et_pb_text _builder_version=\u00bb4.21.0&#8243; text_font=\u00bb|on||on|\u00bb text_text_color=\u00bb#e89e00&#8243; text_font_size=\u00bb27&#8243; text_line_height=\u00bb1em\u00bb header_font=\u00bb|on||on|\u00bb header_text_color=\u00bb#ffffff\u00bb header_font_size=\u00bb35px\u00bb background_color=\u00bb#c4c4c4&#8243; background_size=\u00bbinitial\u00bb background_position=\u00bbtop_left\u00bb background_repeat=\u00bbrepeat\u00bb custom_margin=\u00bb0px||0px|\u00bb custom_padding=\u00bb10px||10px|15px\u00bb global_colors_info=\u00bb{}\u00bb]<\/p>\n<p>Memorias encontradas_<\/p>\n<p>[\/et_pb_text][\/et_pb_column][et_pb_column type=\u00bb1_4&#8243; _builder_version=\u00bb4.16&#8243; custom_padding=\u00bb|||\u00bb global_colors_info=\u00bb{}\u00bb custom_padding__hover=\u00bb|||\u00bb][\/et_pb_column][et_pb_column type=\u00bb1_4&#8243; _builder_version=\u00bb4.16&#8243; custom_padding=\u00bb|||\u00bb global_colors_info=\u00bb{}\u00bb custom_padding__hover=\u00bb|||\u00bb][\/et_pb_column][\/et_pb_row][\/et_pb_section][et_pb_section fb_built=\u00bb1&#8243; _builder_version=\u00bb4.16&#8243; custom_padding=\u00bb40px|0px|0px|0px\u00bb global_colors_info=\u00bb{}\u00bb][et_pb_row _builder_version=\u00bb4.16&#8243; background_size=\u00bbinitial\u00bb background_position=\u00bbtop_left\u00bb background_repeat=\u00bbrepeat\u00bb custom_padding=\u00bb0px|0px|0px|0px\u00bb global_colors_info=\u00bb{}\u00bb][et_pb_column type=\u00bb4_4&#8243; _builder_version=\u00bb4.16&#8243; custom_padding=\u00bb|||\u00bb global_colors_info=\u00bb{}\u00bb custom_padding__hover=\u00bb|||\u00bb][et_pb_text module_class=\u00bbarchivo\u00bb _builder_version=\u00bb4.24.3&#8243; background_size=\u00bbinitial\u00bb background_position=\u00bbtop_left\u00bb background_repeat=\u00bbrepeat\u00bb text_orientation=\u00bbjustified\u00bb module_alignment=\u00bbjustified\u00bb custom_margin=\u00bb0px|10%|0px|10%\u00bb custom_padding=\u00bb0px||0px|\u00bb global_colors_info=\u00bb{}\u00bb]<\/p>\n<p>El Archivo <strong>Memorias encontradas<\/strong> est\u00e1 compuesto por todo el material audiovisual que desde su creaci\u00f3n produjo o propici\u00f3 a trav\u00e9s de sus programas la CPM. Comprende por un lado el registro de actos, marchas, entrevistas a referentes sociales y de derechos humanos, artistas, docentes y alumnos de escuelas secundarias, personas privadas de su libertad, entre otros. Muchas de esas entrevistas formaron parte de cortos, videos institucionales, investigaciones, material period\u00edstico o de denuncia. Junto a esto, existen los registros de muchas de las actividades que realiza la CPM tales como inauguraciones de muestras o encuentros art\u00edsticos, charlas, encuentros internacionales, etc.<\/p>\n<p>Por otra parte, el archivo audiovisual de la CPM cuenta con un importante <a href=\"https:\/\/www.comisionporlamemoria.org\/archivo\/fondo-registro-juicios\/\">acervo documental de juicios<\/a>\u00a0por delitos de lesa humanidad -registrados a partir del a\u00f1o 2006-, y por violencia institucional en democracia cometidos por agentes policiales o del Servicio Penitenciario. Tambi\u00e9n como fruto del trabajo propiciado a partir del <a href=\"https:\/\/www.comisionporlamemoria.org\/jovenesymemoria\/\">Programa J\u00f3venes y Memoria<\/a>, recordamos para el futuro, cuenta con cientos de producciones audiovisuales con testimonios e historias de toda la provincia. Y con entrevistas a alumnos y docentes que participan del programa. Finalmente a partir del a\u00f1o 2008 comenz\u00f3 a realizar entrevistas en profundidad con la idea de conformar un archivo oral, con testimonios vinculados a la vulneraci\u00f3n de los derechos humanos, tanto en el presente como en el pasado, y con alguna vinculaci\u00f3n con los programas de trabajo de la CPM.<\/p>\n<p>[\/et_pb_text][\/et_pb_column][\/et_pb_row][\/et_pb_section][et_pb_section fb_built=\u00bb1&#8243; _builder_version=\u00bb4.16&#8243; custom_padding=\u00bb40px|0px|0px|0px\u00bb global_colors_info=\u00bb{}\u00bb][et_pb_row _builder_version=\u00bb4.16&#8243; background_size=\u00bbinitial\u00bb background_position=\u00bbtop_left\u00bb background_repeat=\u00bbrepeat\u00bb custom_padding=\u00bb0px|0px|0px|0px\u00bb global_colors_info=\u00bb{}\u00bb][et_pb_column type=\u00bb4_4&#8243; _builder_version=\u00bb4.16&#8243; background_position=\u00bbtop_left\u00bb custom_padding=\u00bb|||\u00bb global_colors_info=\u00bb{}\u00bb custom_padding__hover=\u00bb|||\u00bb][et_pb_toggle title=\u00bbIntroducci\u00f3n y fundamentos del Archivo Oral\u00bb open_toggle_text_color=\u00bb#606060&#8243; open_toggle_background_color=\u00bb#ffffff\u00bb closed_toggle_text_color=\u00bb#606060&#8243; closed_toggle_background_color=\u00bbrgba(0,0,0,0.08)\u00bb icon_color=\u00bb#E09900&#8243; open_icon_color=\u00bb#E09900&#8243; _builder_version=\u00bb4.24.3&#8243; title_font=\u00bb|on||on|\u00bb custom_padding=\u00bb|10%||10%\u00bb hover_enabled=\u00bb0&#8243; custom_css_main_element=\u00bbmargin:0px 0px 7px 0px !important;\u00bb global_colors_info=\u00bb{}\u00bb sticky_enabled=\u00bb0&#8243;]<\/p>\n<p style=\"text-align: justify;\">Desde su creaci\u00f3n en el a\u00f1o 1999, la CPM (creada por <a href=\"https:\/\/www.comisionporlamemoria.org\/archivos\/cpm\/normativa\/ley12483.pdf\">Ley 12.483<\/a>) ha tenido entre sus principales objetivos <strong>\u201ccontribuir a mantener viva la historia reciente de nuestro pa\u00eds, analizar causas, consecuencias y transmitir las lecciones y legados dejados por la represi\u00f3n y el terrorismo de estado; colaborar en la reconstrucci\u00f3n de la historia reciente de las diferentes comunidades como veh\u00edculo de formaci\u00f3n de su identidad y preservaci\u00f3n de sus valores, y recopilar, archivar y organizar toda la documentaci\u00f3n relacionada con el autoritarismo durante todos los golpes militares y en particular con el terrorismo de estado instaurado a partir del a\u00f1o 1976, para facilitar la investigaci\u00f3n acad\u00e9mica y judicial, la b\u00fasqueda de la verdad hist\u00f3rica y la justicia\u201d<\/strong>. Desde sus inicios, la CPM busc\u00f3 establecer un di\u00e1logo entre la sociedad civil y el Estado, con la participaci\u00f3n de organizaciones sociales de todo el territorio provincial y sumando a las nuevas generaciones al debate sobre nuestro pasado reciente; busc\u00f3 la problematizaci\u00f3n y la pluralidad de memorias frente a la posibilidad de instalaci\u00f3n de \u201cuna\u201d memoria oficial\u00bb. Este trabajo se hizo en todo el territorio provincial reconociendo de esta manera los diferentes momentos y procesos que se estaban viviendo en cada localidad. Pero adem\u00e1s, pensando la memoria no como una simple rememoraci\u00f3n del pasado sino como una clave que nos permita iluminar el presente, hacerlo visible. Conocer el pasado para hacer una apropiaci\u00f3n significativa en pos de una mirada cr\u00edtica del presente y de la construcci\u00f3n de un futuro sobre la base del Nunca M\u00e1s y la plena vigencia de los derechos humanos.<\/p>\n<p style=\"text-align: justify;\">En este sentido, creemos que el lugar privilegiado que ha ido construyendo la CPM -por las caracter\u00edsticas de sus integrantes, por el trabajo territorial desarrollado con otras organizaciones sociales y de derechos humanos en todo el territorio provincial, por la apertura que ha realizado del archivo de inteligencia policial, y sobre todo por su trabajo con estudiantes y docentes- le permite aportar nuevos testimonios y discursos, originales, diferentes a los ya circulantes.<\/p>\n<p style=\"text-align: justify;\">En el desarrollo de los programas de trabajo de cada una de sus \u00e1reas aparecen nuevas voces, nuevos actores sociales, nuevas generaciones, que tienen cosas para decir. Por ejemplo, en los testimonios vinculados al archivo de la DIPPBA, aquellas personas que se acercan a buscar sus papeles al archivo policial, ponen en di\u00e1logo los documentos con sus propias memorias. La \u201cmemoria oficial-policial\u201d dialoga con la memoria individual. Proponen un punto de partida distinto, in\u00e9dito. Pero adem\u00e1s, son los propios interesados los que se acercan al Archivo. Muchas veces es la primera vez que se atreven a evocar su pasado o el de sus familiares. Hay una voluntad de saber, de discutir, de desenterrar lo que ha estado deliberadamente olvidado. A veces por la necesidad de dejar un legado a las nuevas generaciones (para los hijos o nietos), otras para buscar explicaciones. Esto hace que generalmente lleguen con una necesidad de hablar, de contar, de querer transmitir lo que vivieron. O la l\u00ednea de trabajo que se realiza a trav\u00e9s del <a href=\"https:\/\/www.comisionporlamemoria.org\/comite\/\">Comit\u00e9 contra la Tortura<\/a>: rescatar las historias de vida de las personas privadas de su libertad, v\u00edctimas de violaciones a los derechos humanos en el presente, invisibles para el resto de la sociedad, y a las que muy pocas personas o instituciones \u201cde afuera\u201d logran llegar. O los relatos de las v\u00edctimas de la violencia institucional policial que se vinculan con la Comisi\u00f3n a trav\u00e9s del Programa de seguridad democr\u00e1tica. O las v\u00edctimas que participan en los juicios por delitos de lesa humanidad. O los artistas que comprometidos en su obra con el pasado y con el presente, han expuesto en el <a href=\"https:\/\/www.comisionporlamemoria.org\/museo\/\">Museo de Arte y memoria<\/a>.<\/p>\n<p style=\"text-align: justify;\">Si pensamos la memoria como un lugar de disputa (del significado del pasado pero tambi\u00e9n del presente) de tensiones, din\u00e1mico, donde el conflicto es parte constitutiva de ella, la diversidad de los testimonios es fundamental para la construcci\u00f3n de un archivo oral.<\/p>\n<p style=\"text-align: justify;\">El objetivo del programa de historia oral es contribuir a la construcci\u00f3n y utilizaci\u00f3n de fuentes orales para estudios sobre la historia reciente de la Argentina -m\u00e1s espec\u00edficamente relacionada con las violaciones a los derechos humanos tanto en el pasado como en el presente-.<\/p>\n<p>[\/et_pb_toggle][et_pb_toggle title=\u00bbLa importancia de la historia oral\u00bb open_toggle_text_color=\u00bb#606060&#8243; open_toggle_background_color=\u00bb#ffffff\u00bb closed_toggle_text_color=\u00bb#606060&#8243; closed_toggle_background_color=\u00bbrgba(0,0,0,0.08)\u00bb icon_color=\u00bb#E09900&#8243; open_icon_color=\u00bb#E09900&#8243; _builder_version=\u00bb4.24.3&#8243; title_font=\u00bb|on||on|\u00bb custom_padding=\u00bb|10%||10%\u00bb hover_enabled=\u00bb0&#8243; custom_css_main_element=\u00bbmargin:0px 0px 7px 0px !important;\u00bb global_colors_info=\u00bb{}\u00bb sticky_enabled=\u00bb0&#8243;]<\/p>\n<p style=\"text-align: justify;\">A diferencia de otras fuentes utilizadas por historiadores y por las ciencias sociales en general, las fuentes orales son fuentes creadas en el presente.<\/p>\n<p style=\"text-align: justify;\"><strong>La historia oral se concentra en la experiencia directa de la vida de las personas. A trav\u00e9s de la entrevista apelamos a su memoria y a los recuerdos, que se transforman en fuentes orales para un historiador. Como dice Alessandro Portelli, en la historia oral no hay testigos. Quien nos cuenta es un protagonista; la historia oral es siempre autobiogr\u00e1fica: el narrador nos habla de \u00e9l en relaci\u00f3n a un acontecimiento. Y esa narraci\u00f3n, es de por si un hecho hist\u00f3rico. Si bien como toda fuente hist\u00f3rica nos puede aportar informaci\u00f3n que no est\u00e1 documentada en otro tipo de fuente, su importancia radica en qu\u00e9 nos cuenta, c\u00f3mo nos cuenta, qu\u00e9 olvida y qu\u00e9 recuerda esa persona. Nos hablan acerca del significado de los hechos, mas que de los hechos en s\u00ed\u00ad mismos. Lo importante no es el acontecimiento, sino el relato sobre ese acontecimiento en donde se pusieron en juego el deseo, la imaginaci\u00f3n y la construcci\u00f3n de sentido. El acontecimiento tamizado por la memoria, por el trabajo de la subjetividad: se trastocan los tiempos, la cronolog\u00eda; se unifican a nivel simb\u00f3lico distintos hechos, se \u201cacomodan\u201d a nuestra mirada actual. Dice Alessandro Portelli: \u201cnos dicen no s\u00f3lo lo que la gente hizo, sino lo que deseaba hacer, lo que cre\u00eda estar haciendo y lo que ahora piensa que ha hecho\u201d.<\/strong><\/p>\n<p style=\"text-align: justify;\">Las entrevistas son documentos del presente, no del pasado. La historia oral es siempre una obra abierta, una obra inconclusa.<\/p>\n<p>[\/et_pb_toggle][\/et_pb_column][\/et_pb_row][\/et_pb_section][et_pb_section fb_built=\u00bb1&#8243; _builder_version=\u00bb4.16&#8243; custom_padding=\u00bb40px||0px|\u00bb global_colors_info=\u00bb{}\u00bb][et_pb_row _builder_version=\u00bb4.16&#8243; background_size=\u00bbinitial\u00bb background_position=\u00bbtop_left\u00bb background_repeat=\u00bbrepeat\u00bb custom_padding=\u00bb0px||0px|\u00bb global_colors_info=\u00bb{}\u00bb][et_pb_column type=\u00bb4_4&#8243; _builder_version=\u00bb4.16&#8243; custom_padding=\u00bb|||\u00bb global_colors_info=\u00bb{}\u00bb custom_padding__hover=\u00bb|||\u00bb][et_pb_image src=\u00bbhttps:\/\/www.comisionporlamemoria.org\/archivo-nuevo\/wp-content\/uploads\/sites\/17\/2017\/02\/separador4.png\u00bb align_tablet=\u00bbcenter\u00bb align_phone=\u00bbcenter\u00bb align_last_edited=\u00bbon|desktop\u00bb _builder_version=\u00bb4.16&#8243; custom_margin=\u00bb0px||0px|\u00bb custom_css_main_element=\u00bbheight: 15px !important;\u00bb animation=\u00bboff\u00bb global_colors_info=\u00bb{}\u00bb][\/et_pb_image][\/et_pb_column][\/et_pb_row][\/et_pb_section][et_pb_section fb_built=\u00bb1&#8243; _builder_version=\u00bb4.16&#8243; custom_padding=\u00bb40px||0px|\u00bb global_colors_info=\u00bb{}\u00bb][et_pb_row column_structure=\u00bb1_2,1_2&#8243; _builder_version=\u00bb4.16&#8243; background_image=\u00bbhttps:\/\/www.comisionporlamemoria.org\/archivo-nuevo\/wp-content\/uploads\/sites\/17\/2017\/05\/bg-SUBTITULOS.jpg\u00bb background_size=\u00bbinitial\u00bb background_position=\u00bbtop_left\u00bb background_repeat=\u00bbrepeat\u00bb custom_padding=\u00bb0px|0px|0px|0px\u00bb global_colors_info=\u00bb{}\u00bb][et_pb_column type=\u00bb1_2&#8243; _builder_version=\u00bb4.16&#8243; custom_padding=\u00bb|||\u00bb global_colors_info=\u00bb{}\u00bb custom_padding__hover=\u00bb|||\u00bb][et_pb_text _builder_version=\u00bb4.21.0&#8243; text_font=\u00bb|on||on|\u00bb text_text_color=\u00bb#E09900&#8243; text_font_size=\u00bb27&#8243; text_line_height=\u00bb1em\u00bb header_font=\u00bb|on||on|\u00bb header_text_color=\u00bb#ffffff\u00bb header_font_size=\u00bb35px\u00bb background_color=\u00bb#c4c4c4&#8243; background_size=\u00bbinitial\u00bb background_position=\u00bbtop_left\u00bb background_repeat=\u00bbrepeat\u00bb custom_margin=\u00bb0px||0px|\u00bb custom_padding=\u00bb10px||10px|15px\u00bb global_colors_info=\u00bb{}\u00bb]<\/p>\n<p>Programa de ARCHIVO ORAL_<\/p>\n<p>[\/et_pb_text][\/et_pb_column][et_pb_column type=\u00bb1_2&#8243; _builder_version=\u00bb4.16&#8243; custom_padding=\u00bb|||\u00bb global_colors_info=\u00bb{}\u00bb custom_padding__hover=\u00bb|||\u00bb][\/et_pb_column][\/et_pb_row][\/et_pb_section][et_pb_section fb_built=\u00bb1&#8243; _builder_version=\u00bb4.16&#8243; custom_padding=\u00bb40px|0px|0px|0px\u00bb global_colors_info=\u00bb{}\u00bb][et_pb_row _builder_version=\u00bb4.16&#8243; background_size=\u00bbinitial\u00bb background_position=\u00bbtop_left\u00bb background_repeat=\u00bbrepeat\u00bb custom_padding=\u00bb0px|0px|0px|0px\u00bb global_colors_info=\u00bb{}\u00bb][et_pb_column type=\u00bb4_4&#8243; _builder_version=\u00bb4.16&#8243; background_position=\u00bbtop_left\u00bb custom_padding=\u00bb|||\u00bb global_colors_info=\u00bb{}\u00bb custom_padding__hover=\u00bb|||\u00bb][et_pb_toggle title=\u00bbPlan Conintes\u00bb open_toggle_text_color=\u00bb#606060&#8243; open_toggle_background_color=\u00bb#ffffff\u00bb closed_toggle_text_color=\u00bb#FFFFFF\u00bb closed_toggle_background_color=\u00bb#E09900&#8243; icon_color=\u00bb#FFFFFF\u00bb open_icon_color=\u00bb#E09900&#8243; _builder_version=\u00bb4.21.0&#8243; title_font=\u00bb|on||on|\u00bb custom_padding=\u00bb|10%||10%\u00bb custom_css_main_element=\u00bbmargin:0px 0px 7px 0px !important;\u00bb global_colors_info=\u00bb{}\u00bb]<\/p>\n<p style=\"text-align: justify;\"><span style=\"color: #e89e00;\"><strong>\u00c1rea de identificaci\u00f3n<\/strong><\/span><\/p>\n<p style=\"text-align: justify;\"><strong>C\u00f3digo de referencia:<\/strong><br \/><strong>T\u00edtulo o Nombre atribuido:<\/strong> PLAN CONINTES<br \/><strong>Nivel de descripci\u00f3n:<\/strong> Sub-secci\u00f3n<br \/><strong>Fechas extremas:<\/strong> 2008-2010.<br \/><strong>Soporte:<\/strong> audiovisual \u2013 mini dv. y audio<br \/><strong>Cantidad:<\/strong> 14 testimonios.<\/p>\n<p style=\"text-align: justify;\"><span style=\"color: #e89e00;\"><strong>\u00c1rea de contexto:<\/strong><\/span><\/p>\n<p style=\"text-align: justify;\"><strong>Nombre del productor:<\/strong> CPM- Programa de Archivo Oral<\/p>\n<p style=\"text-align: justify;\"><strong>Historia institucional:<\/strong> En el a\u00f1o 2007 ex presos del Plan Conintes comenzaron a acercarse al\u00a0archivo de la Direcci\u00f3n de Inteligencia de la Polic\u00eda de la Provincia de Buenos Aires (DIPPBA)\u00a0que desde 2001 gestiona la CPM, buscando documentaci\u00f3n para presentar en el marco de una\u00a0ley reparatoria. All\u00ed surgi\u00f3 la idea y necesidad de realizar las entrevistas para dar cuenta de sus\u00a0experiencias de militancia, persecuci\u00f3n y c\u00e1rcel. Para muchos fue la primera vez que\u00a0ordenaron su relato y que se sintieron escuchados.\u00a0Dichas entrevistas fueron realizadas por el programa de Gesti\u00f3n y preservaci\u00f3n de archivos.<\/p>\n<p style=\"text-align: justify;\"><span style=\"color: #e89e00;\"><strong>\u00c1rea de contenido y estructura<\/strong><\/span><\/p>\n<p style=\"text-align: justify;\"><strong>Alcance y contenido:\u00a0<\/strong>Esta serie cuenta con 14 entrevistas individuales, en las que los entrevistados repasan infancia,\u00a0inicios y trayectorias de militancia pol\u00edtica, la c\u00e1rcel, participaci\u00f3n en acontecimientos\u00a0emblem\u00e1ticos de la historia argentina. Tambi\u00e9n integra esta sub secci\u00f3n una entrevista p\u00fablica\u00a0y colectiva organizada por la CPM a distintos presos de la Resistencia Peronista.<\/p>\n<p style=\"text-align: justify;\"><strong>Entrevistas:<\/strong> en profundidad, historias de vidas; tienen una duraci\u00f3n aproximada de dos horas.\u00a0Todas fueron filmadas en mini dv como grabadas en audio en MP3.<\/p>\n<p style=\"text-align: justify;\"><strong>Entrevistados:<\/strong> Jorge Rulli, Marta Curone, Manuel Gallardo, Enrique Oliva, Alberto Horacio\u00a0Ju\u00e1rez, Raymundo Heredia, Rub\u00e9n Rodr\u00edguez, H\u00e9ctor Julio Spina, Sim\u00f3n Gamarnik, Hilda Del\u00a0Valle, Trino Carretero, Lala Mar\u00edn, Heriberto Mon, Juan Ubaldo Bonino.<\/p>\n<p style=\"text-align: justify;\"><span style=\"color: #e89e00;\"><strong>\u00c1rea de control de la descripci\u00f3n<\/strong><\/span><\/p>\n<p style=\"text-align: justify;\"><strong>Nota de los archiveros:<\/strong> Ingrid Jaschek- Julieta Sahade<br \/><strong>Fecha de la descripci\u00f3n:<\/strong> octubre de 2015.<\/p>\n<p>[\/et_pb_toggle][et_pb_toggle title=\u00bbVecinos de la DIPPBA\u00bb open_toggle_text_color=\u00bb#606060&#8243; open_toggle_background_color=\u00bb#ffffff\u00bb closed_toggle_text_color=\u00bb#FFFFFF\u00bb closed_toggle_background_color=\u00bb#E09900&#8243; icon_color=\u00bb#FFFFFF\u00bb open_icon_color=\u00bb#E09900&#8243; _builder_version=\u00bb4.21.0&#8243; title_font=\u00bb|on||on|\u00bb custom_padding=\u00bb|10%||10%\u00bb custom_css_main_element=\u00bbmargin:0px 0px 7px 0px !important;\u00bb global_colors_info=\u00bb{}\u00bb]<\/p>\n<p style=\"text-align: justify;\"><span style=\"color: #e89e00;\"><strong>\u00c1rea de identificaci\u00f3n<\/strong><\/span><\/p>\n<p style=\"text-align: justify;\"><strong>C\u00f3digo de referencia:<\/strong><br \/><strong>T\u00edtulo o Nombre atribuido:<\/strong> Vecinos de la DIPPBA e historias del barrio<br \/><strong>Nivel de descripci\u00f3n:<\/strong> Sub-secci\u00f3n<br \/><strong>Fechas extremas:<\/strong> 2010<br \/><strong>Soporte:<\/strong> audiovisual \u2013 mini dv \u2013 audio.<br \/><strong>Cantidad:<\/strong> 8 testimonios.<\/p>\n<p style=\"text-align: justify;\"><span style=\"color: #e89e00;\"><strong>\u00c1rea de contexto:<\/strong><\/span><\/p>\n<p style=\"text-align: justify;\"><strong>Nombre del productor:<\/strong> CPM-Programa de Archivo oral.<\/p>\n<p style=\"text-align: justify;\"><strong>Historia institucional:<\/strong> La sede de la CPM est\u00e1 ubicada en el edificio que hasta 1998 ocup\u00f3 la\u00a0Direcci\u00f3n de Inteligencia de la polic\u00eda de la Provincia de Buenos Aires (DIPPBA), y le fue\u00a0cedida por una ley provincial en el a\u00f1o 2000. Junto con ese edificio, la Comisi\u00f3n asumi\u00f3 la\u00a0responsabilidad de custodiar y gestionar uno de los archivos de inteligencia policial m\u00e1s\u00a0importantes de la Argentina. Alrededor del lugar circulaban relatos e historias de lo que all\u00ed\u00a0suced\u00eda cuando funcionaba la DIPPBA. Las entrevistas fueron realizadas a personas que\u00a0viv\u00edan (y muchas de ellas contin\u00faan viviendo) en las cercan\u00edas del edificio, o que de alguna\u00a0manera est\u00e1n directa o indirectamente vinculadas con la historia de la instituci\u00f3n.\u00a0Estas entrevistas fueron realizadas por el Programa de Investigaci\u00f3n.<\/p>\n<p style=\"text-align: justify;\"><span style=\"color: #e89e00;\"><strong>\u00c1rea de contenido y estructura<\/strong><\/span><\/p>\n<p style=\"text-align: justify;\"><strong>Alcance y contenido:<\/strong>\u00a0Estas ocho entrevistas giran en torno a la relaci\u00f3n de estas personas con el edificio donde\u00a0funcion\u00f3 la Direcci\u00f3n de inteligencia de la polic\u00eda de la Provincia de Buenos Aires: qu\u00e9\u00a0escuchaban, qu\u00e9 ve\u00edan, c\u00f3mo se fue transformando esa cuadra durante la dictadura militar, as\u00ed\u00a0como historias particulares de represi\u00f3n o episodios de detenciones.<\/p>\n<p style=\"text-align: justify;\"><strong>Entrevistas:<\/strong> en profundidad; duraci\u00f3n aproximada una hora. Todas fueron filmadas o grabadas\u00a0en audio.<\/p>\n<p style=\"text-align: justify;\"><strong>Entrevistados:<\/strong> Silvia Estela Serodino, Liliana Couver, Ariel iglesias, Mar\u00eda Isabel Brolese,\u00a0Blanca Garc\u00eda Tu\u00f1\u00f3n, Luis Lugones, Simi Goldsberg, Beatr\u00edz Robles.<\/p>\n<p style=\"text-align: justify;\"><strong>Nuevos ingresos:<\/strong> el relevamiento est\u00e1 abierto y en proceso de an\u00e1lisis.<\/p>\n<p style=\"text-align: justify;\"><span style=\"color: #e89e00;\"><strong>\u00c1rea de control de la descripci\u00f3n<\/strong><\/span><\/p>\n<p style=\"text-align: justify;\"><strong>Nota de los archiveros:<\/strong> Ingrid Jaschek- Julieta Sahade<br \/><strong>Fecha de la descripci\u00f3n:<\/strong> octubre de 2015.<\/p>\n<p>[\/et_pb_toggle][et_pb_toggle title=\u00bbArtistas pl\u00e1sticos solidarios\u00bb open_toggle_text_color=\u00bb#606060&#8243; open_toggle_background_color=\u00bb#ffffff\u00bb closed_toggle_text_color=\u00bb#FFFFFF\u00bb closed_toggle_background_color=\u00bb#E09900&#8243; icon_color=\u00bb#FFFFFF\u00bb open_icon_color=\u00bb#E09900&#8243; _builder_version=\u00bb4.21.0&#8243; title_font=\u00bb|on||on|\u00bb custom_padding=\u00bb|10%||10%\u00bb custom_css_main_element=\u00bbmargin:0px 0px 7px 0px !important;\u00bb global_colors_info=\u00bb{}\u00bb]<\/p>\n<p style=\"text-align: justify;\"><span style=\"color: #e89e00;\"><strong>\u00c1rea de identificaci\u00f3n<\/strong><\/span><\/p>\n<p style=\"text-align: justify;\"><strong>C\u00f3digo de referencia:<\/strong><br \/><strong>T\u00edtulo o Nombre atribuido:<\/strong> Artistas Pl\u00e1sticos Solidarios<br \/><strong>Nivel de descripci\u00f3n:<\/strong> Sub-secci\u00f3n<br \/><strong>Fechas extremas:<\/strong> 2009<br \/><strong>Soporte:<\/strong> audiovisual \u2013 mini dv y audio.<br \/><strong>Cantidad:<\/strong> 5 testimonios.<\/p>\n<p style=\"text-align: justify;\"><span style=\"color: #e89e00;\"><strong>\u00c1rea de contexto:<\/strong><\/span><\/p>\n<p style=\"text-align: justify;\"><strong>Nombre del productor: <\/strong>CPM- Programa de archivo oral<\/p>\n<p style=\"text-align: justify;\"><strong>Historia institucional: <\/strong>En el Museo de Arte y memoria de la CPM exponen artistas pl\u00e1sticos y\u00a0fot\u00f3grafos que han trabajado en su obra temas como autoritarismo, pasado reciente, la \u00faltima\u00a0dictadura militar o las violaciones a los derechos humanos en el presente. La primera serie que\u00a0se construy\u00f3 especialmente para el Archivo oral est\u00e1 relacionada con algunos de los artistas\u00a0que han expuesto en el Museo, como el grupo de Artistas Pl\u00e1sticos Solidarios.\u00a0Estas entrevistas fueron realizadas por el \u00e1rea de Comunicaci\u00f3n y Cultura.<\/p>\n<p style=\"text-align: justify;\"><span style=\"color: #e89e00;\"><strong>\u00c1rea de contenido y estructura<\/strong><\/span><\/p>\n<p style=\"text-align: justify;\"><strong>Alcance y contenido:<\/strong> Los cinco testimonios recorren sus inicios y desarrollo en el arte, la vida\u00a0pol\u00edtica, la participaci\u00f3n en grupos de artistas, el exilio, la militancia. Todos pertenecen al grupo\u00a0de artistas pl\u00e1sticos solidarios que realizan intervenciones urbanas en movilizaciones.<\/p>\n<p style=\"text-align: justify;\"><strong>Entrevistas:<\/strong> en profundidad, historias de vida; tienen una duraci\u00f3n aproximada de dos horas.\u00a0Todas fueron filmadas y grabadas en audio.<\/p>\n<p style=\"text-align: justify;\"><strong>Entrevistados:<\/strong> Felipe No\u00e9, Diana Dowek, Adolfo Nigro, Juan Carlos Romero, Ana Maldonado y\u00a0Ricardo Longhini.<\/p>\n<p style=\"text-align: justify;\"><span style=\"color: #e89e00;\"><strong>\u00c1rea de control de la descripci\u00f3n<\/strong><\/span><\/p>\n<p style=\"text-align: justify;\"><strong>Nota de los archiveros:<\/strong> Ingrid Jaschek- Julieta Sahade<br \/><strong>Fecha de la descripci\u00f3n:<\/strong> octubre de 2015.<\/p>\n<p>[\/et_pb_toggle][et_pb_toggle title=\u00bbJuicios por delitos de lesa humanidad\u00bb open_toggle_text_color=\u00bb#606060&#8243; open_toggle_background_color=\u00bb#ffffff\u00bb closed_toggle_text_color=\u00bb#FFFFFF\u00bb closed_toggle_background_color=\u00bb#E09900&#8243; icon_color=\u00bb#FFFFFF\u00bb open_icon_color=\u00bb#E09900&#8243; _builder_version=\u00bb4.21.0&#8243; title_font=\u00bb|on||on|\u00bb custom_padding=\u00bb|10%||10%\u00bb custom_css_main_element=\u00bbmargin:0px 0px 7px 0px !important;\u00bb global_colors_info=\u00bb{}\u00bb]<\/p>\n<p style=\"text-align: justify;\"><span style=\"color: #e89e00;\"><strong>\u00c1rea de identificaci\u00f3n<\/strong><\/span><\/p>\n<p style=\"text-align: justify;\"><strong>C\u00f3digo de referencia:<\/strong><br \/><strong>T\u00edtulo o Nombre atribuido:<\/strong> Juicios por delitos de lesa humanidad.<br \/><strong>Nivel de descripci\u00f3n:<\/strong> Sub-secci\u00f3n<br \/><strong>Fechas extremas:<\/strong> 2006-2007<br \/><strong>Soporte:<\/strong> audiovisual \u2013 mini dv.<br \/><strong>Cantidad:<\/strong> 8 entrevistas.<\/p>\n<p style=\"text-align: justify;\"><span style=\"color: #e89e00;\"><strong>\u00c1rea de contexto:<\/strong><\/span><\/p>\n<p style=\"text-align: justify;\"><strong>Nombre del productor:<\/strong> CPM-Programa de Archivo Oral.<\/p>\n<p style=\"text-align: justify;\"><strong>Historia institucional:<\/strong> A partir de la anulaci\u00f3n de las leyes de impunidad y la reanudaci\u00f3n de los\u00a0juicios por delitos de lesa humanidad en la Argentina, la CPM comenz\u00f3 a registrar algunos de\u00a0los juicios a represores que se llevaban adelante en territorio bonaerense. Adem\u00e1s de este\u00a0registro realiz\u00f3 algunas entrevistas a personas que declaraban como testigos o a familiares de\u00a0v\u00edctimas. Estos relatos bucean en aspectos espec\u00edficos del testimonio en contexto judicial.\u00a0Estas entrevistas fueron realizadas por el \u00e1rea de Comunicaci\u00f3n y cultura<\/p>\n<p style=\"text-align: justify;\"><span style=\"color: #e89e00;\"><strong>\u00c1rea de contenido y estructura<\/strong><\/span><\/p>\n<p style=\"text-align: justify;\"><strong>Alcance y contenido:<\/strong> Luego de declarar en los juicios por delitos de lesa humanidad, los\u00a0testimoniantes y familiares de detenidos desaparecidos, hablan de las sensaciones que\u00a0vivieron durante las audiencias, las expectativas por el desarrollo de los juicios, y la<br \/>desaparici\u00f3n de uno de los testigos, Jorge Julio L\u00f3pez.<\/p>\n<p style=\"text-align: justify;\"><strong>Entrevistas:<\/strong> en profundidad; duraci\u00f3n aproximada una hora. Todas fueron filmadas.<\/p>\n<p style=\"text-align: justify;\"><strong>Entrevistados:<\/strong> Luis Velasco, Rub\u00e9n Capitanio, Carlos Rozanski, Chicha Mariani, Mariana de\u00a0Marco, Nilda Eloy, Rub\u00e9n L\u00f3pez, Diego Valdez.<\/p>\n<p style=\"text-align: justify;\"><span style=\"color: #e89e00;\"><strong>\u00c1rea de control de la descripci\u00f3n<\/strong><\/span><\/p>\n<p style=\"text-align: justify;\"><strong>Nota de los archiveros:<\/strong> Ingrid Jaschek- Julieta Sahade<br \/><strong>Fecha de la descripci\u00f3n:<\/strong> octubre de 2015.<\/p>\n<p>[\/et_pb_toggle][et_pb_toggle title=\u00bbViolencia institucional\u00bb open_toggle_text_color=\u00bb#606060&#8243; open_toggle_background_color=\u00bb#ffffff\u00bb closed_toggle_text_color=\u00bb#FFFFFF\u00bb closed_toggle_background_color=\u00bb#E09900&#8243; icon_color=\u00bb#FFFFFF\u00bb open_icon_color=\u00bb#E09900&#8243; _builder_version=\u00bb4.21.0&#8243; title_font=\u00bb|on||on|\u00bb custom_padding=\u00bb|10%||10%\u00bb custom_css_main_element=\u00bbmargin:0px 0px 7px 0px !important;\u00bb global_colors_info=\u00bb{}\u00bb]<\/p>\n<p style=\"text-align: justify;\"><span style=\"color: #e89e00;\"><strong>\u00c1rea de identificaci\u00f3n<\/strong><\/span><\/p>\n<p style=\"text-align: justify;\"><strong>C\u00f3digo de referencia:<\/strong><br \/><strong>T\u00edtulo o Nombre atribuido:<\/strong> Violencia institucional en el presente<br \/><strong>Nivel de descripci\u00f3n:<\/strong> Sub secci\u00f3n<br \/><strong>Fechas extremas:<\/strong> 2011- (abierta)<br \/><strong>Soporte:<\/strong> audiovisual \u2013 mini dv\/ digital\/ audio.<br \/><strong>Cantidad:<\/strong> 16 testimonios<\/p>\n<p style=\"text-align: justify;\"><span style=\"color: #e89e00;\"><strong>\u00c1rea de contexto:<\/strong><\/span><\/p>\n<p style=\"text-align: justify;\"><strong>Nombre del productor:<\/strong> CPM-Programa de Archivo oral.<\/p>\n<p style=\"text-align: justify;\"><strong>Historia institucional:<\/strong> La violencia institucional es uno de los temas centrales de trabajo de la\u00a0CPM: inspecciones a los lugares de encierro, recibimiento de denuncias por maltratos y\u00a0violaciones a los derechos humanos por agentes policiales o del servicio penitenciario,\u00a0seguimiento de causas y juicios en los que est\u00e1n involucrados agentes del Estado, elaboraci\u00f3n\u00a0de informes estad\u00edsticos anuales.\u00a0Estas entrevistas fueron realizadas por el \u00c1rea de comunicaci\u00f3n y cultura.<\/p>\n<p style=\"text-align: justify;\"><span style=\"color: #e89e00;\"><strong>\u00c1rea de contenido y estructura<\/strong><\/span><\/p>\n<p style=\"text-align: justify;\"><strong>Alcance y contenido:<\/strong> Entrevistas a v\u00edctimas o familiares de v\u00edctimas de la violencia institucional.\u00a0Los testimonios dan cuenta de las violaciones a los derechos humanos en los lugares de\u00a0encierro o en situaciones de violencia policial. Los relatos giran en torno a los hechos por los\u00a0cuales fueron v\u00edctimas, y recorren la b\u00fasqueda de justicia, la vulnerabilidad social, el v\u00ednculo\u00a0con el servicio penitenciario, la polic\u00eda, la justicia.\u00a0Las entrevistas fueron realizadas en profundidad y duraci\u00f3n aproximada de una hora. Algunas\u00a0entrevistas fueron filmadas, y todas grabadas en audio.<\/p>\n<p style=\"text-align: justify;\"><strong>Entrevistas:<\/strong> Alicia Gonz\u00e1lez Duarte, Vanesa Orieta, Reina Maraz, Juana Almir\u00f3n, Anal\u00eda\u00a0Almir\u00f3n, Federico Cabrera Ru\u00edz, Juli\u00e1n, Isabel P\u00e9rez Moreira, Alejandro Alonso<\/p>\n<p style=\"text-align: justify;\"><span style=\"color: #e89e00;\"><strong>\u00c1rea de control de la descripci\u00f3n<\/strong><\/span><\/p>\n<p style=\"text-align: justify;\"><strong>Nota de los archiveros:<\/strong> Ingrid Jaschek- Julieta Sahade<br \/><strong>Fecha de la descripci\u00f3n:<\/strong> octubre de 2015.<\/p>\n<p>[\/et_pb_toggle][et_pb_toggle title=\u00bbEl archivo y el testigo\u00bb open_toggle_text_color=\u00bb#606060&#8243; open_toggle_background_color=\u00bb#ffffff\u00bb closed_toggle_text_color=\u00bb#FFFFFF\u00bb closed_toggle_background_color=\u00bb#E09900&#8243; icon_color=\u00bb#FFFFFF\u00bb open_icon_color=\u00bb#E09900&#8243; _builder_version=\u00bb4.21.0&#8243; title_font=\u00bb|on||on|\u00bb custom_padding=\u00bb|10%||10%\u00bb custom_css_main_element=\u00bbmargin:0px 0px 7px 0px !important;\u00bb global_colors_info=\u00bb{}\u00bb]<\/p>\n<p style=\"text-align: justify;\"><span style=\"color: #e89e00;\"><strong>\u00c1rea de identificaci\u00f3n<\/strong><\/span><\/p>\n<p style=\"text-align: justify;\"><strong>C\u00f3digo de referencia:<\/strong><br \/><strong>T\u00edtulo o Nombre atribuido:<\/strong> El archivo y el testigo<br \/><strong>Nivel de descripci\u00f3n:<\/strong> Sub secci\u00f3n<br \/><strong>Fechas extremas:<\/strong> 2004 (abierta)<br \/><strong>Soporte:<\/strong> audiovisual \u2013 mini dv\/ beta \/ digital<br \/><strong>Cantidad:<\/strong> 3 testimonios.<\/p>\n<p style=\"text-align: justify;\"><span style=\"color: #e89e00;\"><strong>\u00c1rea de contexto:<\/strong><\/span><\/p>\n<p style=\"text-align: justify;\"><strong>Nombre del productor:<\/strong> CPM- Programa de Archivo oral.<\/p>\n<p style=\"text-align: justify;\"><strong>Historia institucional:<\/strong> El archivo de la DIPPBA (Direcci\u00f3n de Inteligencia de la Polic\u00eda de la\u00a0Provincia de Buenos Aires) fue creado en 1956 y funcion\u00f3 hasta 1998. Por ley 12642 fue\u00a0desclasificado y est\u00e1 bajo custodia y gesti\u00f3n de la CPM. Desde octubre de 2003 est\u00e1 abierto al\u00a0p\u00fablico. Los documentos del archivo aportan datos a causas judiciales de lesa humanidad, y a\u00a0la averiguaci\u00f3n de datos referentes a las personas y a la investigaci\u00f3n hist\u00f3rica y period\u00edstica.\u00a0Las v\u00edctimas o familiares de persecuci\u00f3n se acercan al archivo para pedir documentaci\u00f3n que\u00a0haya sobre su persona o familiar.\u00a0Las entrevistas fueron realizadas por el programa de Gesti\u00f3n y preservaci\u00f3n de Archivos.<\/p>\n<p style=\"text-align: justify;\"><span style=\"color: #e89e00;\"><strong>\u00c1rea de contenido y estructura<\/strong><\/span><\/p>\n<p style=\"text-align: justify;\"><strong>Alcance y contenido:<\/strong> Entrevistas a v\u00edctimas o familiares de v\u00edctimas del espionaje pol\u00edtico\u00a0ideol\u00f3gico por parte de la inteligencia de la Polic\u00eda de la provincia de Buenos Aires. Esos\u00a0testimonios contienen una enorme particularidad: reflejan el di\u00e1logo entre una memoria oficialpolicial\u00a0y la memoria individual. Proponen un punto de partida distinto, in\u00e9dito. La selecci\u00f3n de\u00a0entrevistadas\/os nace de el di\u00e1logo que vislumbramos posible y relevante entre quien\u00a0testimonia y los documentos generados por la DIPPBA. Los entrevistados recorren su<br \/>militancia y la persecuci\u00f3n.\u00a0Las entrevistas fueron realizadas en profundidad y tienen una duraci\u00f3n aproximada de dos\u00a0horas. Todas fueron filmadas y grabadas en audio.<\/p>\n<p style=\"text-align: justify;\"><strong>Entrevistas:<\/strong> V\u00edctor Benamo, Ruth Arrieta, Marta Bustos.<\/p>\n<p style=\"text-align: justify;\"><span style=\"color: #e89e00;\"><strong>\u00c1rea de control de la descripci\u00f3n<\/strong><\/span><\/p>\n<p style=\"text-align: justify;\"><strong>Nota de los archiveros:<\/strong> Ingrid Jaschek- Julieta Sahade<br \/><strong>Fecha de la descripci\u00f3n:<\/strong> octubre de 2015.<\/p>\n<p>[\/et_pb_toggle][et_pb_toggle title=\u00bbProducciones espec\u00edficas\u00bb open_toggle_text_color=\u00bb#606060&#8243; open_toggle_background_color=\u00bb#ffffff\u00bb closed_toggle_text_color=\u00bb#FFFFFF\u00bb closed_toggle_background_color=\u00bb#E09900&#8243; icon_color=\u00bb#FFFFFF\u00bb open_icon_color=\u00bb#E09900&#8243; _builder_version=\u00bb4.21.0&#8243; title_font=\u00bb|on||on|\u00bb custom_padding=\u00bb|10%||10%\u00bb custom_css_main_element=\u00bbmargin:0px 0px 7px 0px !important;\u00bb global_colors_info=\u00bb{}\u00bb]<\/p>\n<p style=\"text-align: justify;\"><span style=\"color: #e89e00;\"><strong>\u00c1rea de identificaci\u00f3n<\/strong><\/span><\/p>\n<p style=\"text-align: justify;\"><strong>C\u00f3digo de referencia:<\/strong><br \/><strong>T\u00edtulo o Nombre atribuido:<\/strong> Entrevistas para producciones espec\u00edficas<br \/><strong>Nivel de descripci\u00f3n:<\/strong> Sub secci\u00f3n<br \/><strong>Fechas extremas:<\/strong> 2002 \u2013 2015 (abierta)<br \/><strong>Soporte:<\/strong> audiovisual \u2013 mini dv.<br \/><strong>Cantidad:<\/strong> 60 testimonios.<\/p>\n<p style=\"text-align: justify;\"><span style=\"color: #e89e00;\"><strong>\u00c1rea de contexto:<\/strong><\/span><\/p>\n<p style=\"text-align: justify;\"><strong>Nombre del productor:<\/strong> CPM \u2013Programa de Archivo oral<\/p>\n<p style=\"text-align: justify;\"><strong>Historia institucional:<\/strong> La CPM, desde sus comienzos, ha realizado entrevistas para diversas\u00a0producciones institucionales o pedag\u00f3gicas. Entre esas producciones podemos mencionar:\u00a0documentales, cortos institucionales, cortos de difusi\u00f3n y muestras art\u00edsticas.\u00a0Las entrevistas fueron realizadas por el \u00c1rea de Comunicaci\u00f3n y Cultura.<\/p>\n<p style=\"text-align: justify;\"><span style=\"color: #e89e00;\"><strong>\u00c1rea de contenido y estructura<\/strong><\/span><\/p>\n<p style=\"text-align: justify;\"><strong>Alcance y contenido:<\/strong> Las entrevistas que se hacen para producciones espec\u00edficas, tienen por\u00a0finalidad dar difusi\u00f3n a las diversas actividades y programas que tiene la CPM por un lado, y\u00a0por el otro, la elaboraci\u00f3n de contenidos relacionados con tem\u00e1ticas afines a la Instituci\u00f3n:\u00a0violencia institucional, terrorismo de estado, militancia, arte y pol\u00edtica, etc.\u00a0Las entrevistas var\u00edan en sus formatos de acuerdo a la finalidad con la que fueron dise\u00f1adas;\u00a0en tal sentido suelen ser breves y abordar tem\u00e1ticas espec\u00edficas.<\/p>\n<p style=\"text-align: justify;\"><span style=\"color: #e89e00;\"><strong>\u00c1rea de control de la descripci\u00f3n<\/strong><\/span><\/p>\n<p style=\"text-align: justify;\"><strong>Nota de los archiveros:<\/strong> Ingrid Jaschek- Julieta Sahade<br \/><strong>Fecha de la descripci\u00f3n:<\/strong> octubre de 2015.<\/p>\n<p>[\/et_pb_toggle][et_pb_toggle title=\u00bbSobrevivientes incendio Magdalena\u00bb open_toggle_text_color=\u00bb#606060&#8243; open_toggle_background_color=\u00bb#ffffff\u00bb closed_toggle_text_color=\u00bb#606060&#8243; closed_toggle_background_color=\u00bbrgba(0,0,0,0.08)\u00bb icon_color=\u00bb#E09900&#8243; open_icon_color=\u00bb#E09900&#8243; _builder_version=\u00bb4.21.0&#8243; title_font=\u00bb|on||on|\u00bb background_image=\u00bbhttps:\/\/www.comisionporlamemoria.org\/archivo-nuevo\/wp-content\/uploads\/sites\/17\/2017\/01\/COLOURlovers.com-Thin_lines_2.png\u00bb background_size=\u00bbinitial\u00bb background_blend=\u00bblighten\u00bb custom_padding=\u00bb|10%||2%\u00bb custom_css_main_element=\u00bbmargin:0px 0px 7px 8% !important;\u00bb global_colors_info=\u00bb{}\u00bb]<span style=\"color: #e89e00;\"><strong>\u00c1rea de identificaci\u00f3n<\/strong><\/span><\/p>\n<p><strong>C\u00f3digo de referencia:<\/strong><br \/>\n<strong>T\u00edtulo o Nombre atribuido:<\/strong> Video corto Masacre de Magdalena<br \/>\n<strong>Nivel de descripci\u00f3n:<\/strong> Serie<br \/>\n<strong>Fechas extremas:<\/strong> 2005<br \/>\n<strong>Soporte:<\/strong> audiovisual \u2013 mini dv.<br \/>\n<strong>Cantidad:<\/strong> 20 testimonios.<\/p>\n<p><span style=\"color: #e89e00;\"><strong>\u00c1rea de contexto:<\/strong><\/span><\/p>\n<p><strong>Nombre del productor:<\/strong> CPM-Programa de Archivo oral<\/p>\n<p><span style=\"color: #e89e00;\"><strong>\u00c1rea de contenido y estructura<\/strong><\/span><\/p>\n<p><strong>Sobrevivientes incendio C\u00e1rcel Magdalena:<\/strong> relatos de los detenidos que sobrevivieron al\u00a0incendio que acab\u00f3 con la vida de 33 personas en octubre de 2005 en el pabell\u00f3n 16 del penal\u00a0de Magdalena en la provincia de Buenos Aires.<\/p>\n<p><span style=\"color: #e89e00;\"><strong>\u00c1rea de control de la descripci\u00f3n<\/strong><\/span><\/p>\n<p><strong>Nota de los archiveros:<\/strong> Ingrid Jaschek- Julieta Sahade<br \/>\n<strong>Fecha de la descripci\u00f3n:<\/strong> octubre de 2015.[\/et_pb_toggle][et_pb_toggle title=\u00bbExilio\u00bb open_toggle_text_color=\u00bb#606060&#8243; open_toggle_background_color=\u00bb#ffffff\u00bb closed_toggle_text_color=\u00bb#606060&#8243; closed_toggle_background_color=\u00bbrgba(0,0,0,0.08)\u00bb icon_color=\u00bb#E09900&#8243; open_icon_color=\u00bb#E09900&#8243; _builder_version=\u00bb4.21.0&#8243; title_font=\u00bb|on||on|\u00bb background_image=\u00bbhttps:\/\/www.comisionporlamemoria.org\/archivo-nuevo\/wp-content\/uploads\/sites\/17\/2017\/01\/COLOURlovers.com-Thin_lines_2.png\u00bb background_size=\u00bbinitial\u00bb background_blend=\u00bblighten\u00bb custom_padding=\u00bb|10%||2%\u00bb custom_css_main_element=\u00bbmargin:0px 0px 7px 8% !important;\u00bb global_colors_info=\u00bb{}\u00bb]<\/p>\n<p><span style=\"color: #e89e00;\"><strong>\u00c1rea de identificaci\u00f3n<\/strong><\/span><\/p>\n<p><strong>C\u00f3digo de referencia:<\/strong><br \/><strong>T\u00edtulo o Nombre atribuido:<\/strong> Muestra \u201cExilio circular\u201d.<br \/><strong>Nivel de descripci\u00f3n:<\/strong> Serie<br \/><strong>Fechas extremas:<\/strong> 2011<br \/><strong>Soporte:<\/strong> audiovisual \u2013 mini dv.<br \/><strong>Cantidad:<\/strong> 7 testimonios<\/p>\n<p><span style=\"color: #e89e00;\"><strong>\u00c1rea de contexto:<\/strong><\/span><\/p>\n<p><strong>Nombre del productor:<\/strong> CPM-Programa de Archivo oral<\/p>\n<p><span style=\"color: #e89e00;\"><strong>\u00c1rea de contenido y estructura<\/strong><\/span><\/p>\n<p><strong>Exilio:<\/strong> Entrevistas realizadas en 2011 para la muestra art\u00edstica: \u201cEl exilio circular\u201d. El proyecto\u00a0estuvo a cargo de investigadores y artistas de la Universidad de Chile, la Universidad de\u00a0Barcelona y la Comisi\u00f3n Provincial por la Memoria y se cont\u00f3 con instalaciones multimediales,\u00a0documentos, afiches, fotograf\u00eda, videos, cartas, testimonios, poes\u00eda, cine y m\u00fasica. La muestra\u00a0propone una reflexi\u00f3n sobre las distintas dimensiones del exilio a trav\u00e9s de un di\u00e1logo coral y\u00a0temporal donde las im\u00e1genes de los campos de prisioneros del franquismo conectan con los\u00a0centros clandestinos de detenci\u00f3n de las dictaduras argentina o chilena, y abren nuevamente el\u00a0c\u00edrculo para evocar e interrogar la actualidad de los campos de refugiados, los desplazamientos\u00a0y las migraciones.\u00a0Las entrevistas var\u00edan en sus formatos de acuerdo a la finalidad con la que fueron dise\u00f1adas;\u00a0en tal sentido suelen ser breves y abordar tem\u00e1ticas espec\u00edficas. Fueron realizadas por el \u00e1rea\u00a0de Comunicaci\u00f3n y cultura.<\/p>\n<p><strong>Entrevistas:<\/strong> Tununa Mercado, Juan Tata Cedr\u00f3n, Waldo Villalpando, Jorge Boccanera, Guido\u00a0Bello Enr\u00edquez, Mar\u00eda Amelia Sosa, Aldo Etchegoyen.<\/p>\n<p><span style=\"color: #e89e00;\"><strong>\u00c1rea de control de la descripci\u00f3n<\/strong><\/span><\/p>\n<p><strong>Nota de los archiveros:<\/strong> Ingrid Jaschek- Julieta Sahade<br \/><strong>Fecha de la descripci\u00f3n:<\/strong> octubre de 2015.-<\/p>\n<p>[\/et_pb_toggle][et_pb_toggle title=\u00bbLos irrecuperables\u00bb open_toggle_text_color=\u00bb#606060&#8243; open_toggle_background_color=\u00bb#ffffff\u00bb closed_toggle_text_color=\u00bb#606060&#8243; closed_toggle_background_color=\u00bbrgba(0,0,0,0.08)\u00bb icon_color=\u00bb#E09900&#8243; open_icon_color=\u00bb#E09900&#8243; _builder_version=\u00bb4.21.0&#8243; title_font=\u00bb|on||on|\u00bb background_image=\u00bbhttps:\/\/www.comisionporlamemoria.org\/archivo-nuevo\/wp-content\/uploads\/sites\/17\/2017\/01\/COLOURlovers.com-Thin_lines_2.png\u00bb background_size=\u00bbinitial\u00bb background_blend=\u00bblighten\u00bb custom_padding=\u00bb|10%||2%\u00bb custom_css_main_element=\u00bbmargin:0px 0px 7px 8% !important;\u00bb global_colors_info=\u00bb{}\u00bb]<\/p>\n<p><span style=\"color: #e89e00\"><strong>\u00c1rea de identificaci\u00f3n<\/strong><\/span><\/p>\n<p><strong>C\u00f3digo de referencia:<\/strong><br \/><strong>T\u00edtulo o Nombre atribuido:<\/strong> Los irrecuperables, historias de militancia y represi\u00f3n<br \/><strong>Nivel de descripci\u00f3n:<\/strong> Serie<br \/><strong>Fechas extremas:<\/strong> 2006<br \/><strong>Soporte:<\/strong> audiovisual \u2013 mini dv.<br \/><strong>Cantidad:<\/strong> 3 testimonios.<\/p>\n<p><span style=\"color: #e89e00\"><strong>\u00c1rea de contexto:<\/strong><\/span><\/p>\n<p><strong>Nombre del productor:<\/strong> CPM-Programa de Archivo oral.<\/p>\n<p><span style=\"color: #e89e00\"><strong>\u00c1rea de contenido y estructura<\/strong><\/span><\/p>\n<p>Tres sobrevivientes de los centros clandestinos de la dictadura cuentan acerca de su militancia, persecuci\u00f3n\u00a0y c\u00e1rcel durante los a\u00f1os 70 y la \u00faltima dictadura militar. Fueron secuestrados cuando eran adolescentes en\u00a0la ciudad de La Plata. Y los tres declararon en el juicio contra Miguel Etchecolatz en el a\u00f1o 2006, cuando se\u00a0reanudaron luego de la anulaci\u00f3n de las leyes de impunidad.<\/p>\n<p><strong>Entrevistas:<\/strong> Gustavo Calotti, Nilda Eloy y Emilce Moler.<\/p>\n<p><span style=\"color: #e89e00\"><strong>\u00c1rea de control de la descripci\u00f3n<\/strong><\/span><\/p>\n<p><strong>Nota de los archiveros:<\/strong> Ingrid Jaschek- Julieta Sahade<br \/><strong>Fecha de la descripci\u00f3n:<\/strong> octubre de 2015.-<\/p>\n<p>[\/et_pb_toggle][et_pb_toggle title=\u00bbRecordamos para el futuro\u00bb open_toggle_text_color=\u00bb#606060&#8243; open_toggle_background_color=\u00bb#ffffff\u00bb closed_toggle_text_color=\u00bb#606060&#8243; closed_toggle_background_color=\u00bbrgba(0,0,0,0.08)\u00bb icon_color=\u00bb#E09900&#8243; open_icon_color=\u00bb#E09900&#8243; _builder_version=\u00bb4.21.0&#8243; title_font=\u00bb|on||on|\u00bb background_image=\u00bbhttps:\/\/www.comisionporlamemoria.org\/archivo-nuevo\/wp-content\/uploads\/sites\/17\/2017\/01\/COLOURlovers.com-Thin_lines_2.png\u00bb background_size=\u00bbinitial\u00bb background_blend=\u00bblighten\u00bb custom_padding=\u00bb|10%||2%\u00bb custom_css_main_element=\u00bbmargin:0px 0px 7px 8% !important;\u00bb global_colors_info=\u00bb{}\u00bb]<\/p>\n<p><span style=\"color: #e89e00;\"><strong>\u00c1rea de identificaci\u00f3n<\/strong><\/span><\/p>\n<p><strong>C\u00f3digo de referencia:<\/strong><br \/><strong>T\u00edtulo o Nombre atribuido:<\/strong> Recordamos para el futuro<br \/><strong>Nivel de descripci\u00f3n:<\/strong> Serie<br \/><strong>Fechas extremas:<\/strong> 2002<br \/><strong>Soporte:<\/strong> audiovisual \u2013 betacam<br \/><strong>Cantidad:<\/strong> 8 testimonios.<\/p>\n<p><span style=\"color: #e89e00;\"><strong>\u00c1rea de contexto:<\/strong><\/span><\/p>\n<p><strong>Nombre del productor:<\/strong> CPM-Programa de Archivo oral<\/p>\n<p><span style=\"color: #e89e00;\"><strong>\u00c1rea de contenido y estructura<\/strong><\/span><\/p>\n<p>Primer Institucional de la CPM en el que algunos referentes de organizaciones de derechos\u00a0humanos y de distintas generaciones reflexionan sobre los sentidos de la memoria, al\u00a0conmemorarse un nuevo aniversario del golpe de estado de 1976. Las entrevistas fueron\u00a0realizadas por el \u00e1rea de Comunicaci\u00f3n y Cultura.<\/p>\n<p><strong>Entrevistas:<\/strong> Laura Conte, Rosa Bru, Adolfo P\u00e9rez Esquivel, Estela Carlotto, Gustavo Astarita,\u00a0Daniel Goldman, Ivonne Pierrone, Adelina de Alaye.<\/p>\n<p><span style=\"color: #e89e00;\"><strong>\u00c1rea de control de la descripci\u00f3n<\/strong><\/span><\/p>\n<p><strong>Nota de los archiveros:<\/strong> Ingrid Jaschek- Julieta Sahade<br \/><strong>Fecha de la descripci\u00f3n:<\/strong> octubre de 2015.-<\/p>\n<p>[\/et_pb_toggle][et_pb_toggle title=\u00bbTeatro comunitario\u00bb open_toggle_text_color=\u00bb#606060&#8243; open_toggle_background_color=\u00bb#ffffff\u00bb closed_toggle_text_color=\u00bb#606060&#8243; closed_toggle_background_color=\u00bbrgba(0,0,0,0.08)\u00bb icon_color=\u00bb#E09900&#8243; open_icon_color=\u00bb#E09900&#8243; _builder_version=\u00bb4.21.0&#8243; title_font=\u00bb|on||on|\u00bb background_image=\u00bbhttps:\/\/www.comisionporlamemoria.org\/archivo-nuevo\/wp-content\/uploads\/sites\/17\/2017\/01\/COLOURlovers.com-Thin_lines_2.png\u00bb background_size=\u00bbinitial\u00bb background_blend=\u00bblighten\u00bb custom_padding=\u00bb|10%||2%\u00bb custom_css_main_element=\u00bbmargin:0px 0px 7px 8% !important;\u00bb global_colors_info=\u00bb{}\u00bb]<\/p>\n<p><span style=\"color: #e89e00;\"><strong>\u00c1rea de identificaci\u00f3n<\/strong><\/span><\/p>\n<p><strong>C\u00f3digo de referencia:<\/strong><br \/><strong>T\u00edtulo o Nombre atribuido:<\/strong> Video documental sobre Teatro Comunitario<br \/><strong>Nivel de descripci\u00f3n:<\/strong> Serie<br \/><strong>Fechas extremas:<\/strong> 2010.<br \/><strong>Soporte:<\/strong> audiovisual \u2013 dvd<br \/><strong>Cantidad:<\/strong> 6 testimonios.<\/p>\n<p><span style=\"color: #e89e00;\"><strong>\u00c1rea de contexto:<\/strong><\/span><\/p>\n<p><strong>Nombre del productor:<\/strong> CPM-Programa de Archivo Oral.<\/p>\n<p><span style=\"color: #e89e00;\"><strong>\u00c1rea de contenido y estructura<\/strong><\/span><\/p>\n<p>Entrevistas a integrantes de teatro comunitario que reflexionan acerca de qu\u00e9 significa para\u00a0ellos esta pr\u00e1ctica cultural. Todos los entrevistados pertenecen a la Red sur de Teatro\u00a0comunitario (La Plata-Berisso-Ensenada). El video es un mediometraje que fue presentado en\u00a0el Encuentro Nacional de TC. Las entrevistas fueron realizadas por el \u00e1rea de Comunicaci\u00f3n y\u00a0Cultura.<\/p>\n<p><strong>Entrevistas:<\/strong> Mar\u00eda Laura D&#8217; Angelo, Javier de Jes\u00fas, Pablo Negri, Raquel Stefanizzi, Diego\u00a0Aroza, Guadalupe.<\/p>\n<p><span style=\"color: #e89e00;\"><strong>\u00c1rea de control de la descripci\u00f3n<\/strong><\/span><\/p>\n<p><strong>Nota de los archiveros:<\/strong> Ingrid Jaschek- Julieta Sahade<br \/><strong>Fecha de la descripci\u00f3n:<\/strong> octubre de 2015.-<\/p>\n<p>[\/et_pb_toggle][et_pb_toggle title=\u00bbInforme anual 2015&#8243; open_toggle_text_color=\u00bb#606060&#8243; open_toggle_background_color=\u00bb#ffffff\u00bb closed_toggle_text_color=\u00bb#606060&#8243; closed_toggle_background_color=\u00bbrgba(0,0,0,0.08)\u00bb icon_color=\u00bb#E09900&#8243; open_icon_color=\u00bb#E09900&#8243; _builder_version=\u00bb4.21.0&#8243; title_font=\u00bb|on||on|\u00bb background_image=\u00bbhttps:\/\/www.comisionporlamemoria.org\/archivo-nuevo\/wp-content\/uploads\/sites\/17\/2017\/01\/COLOURlovers.com-Thin_lines_2.png\u00bb background_size=\u00bbinitial\u00bb background_blend=\u00bblighten\u00bb custom_padding=\u00bb|10%||2%\u00bb custom_css_main_element=\u00bbmargin:0px 0px 7px 8% !important;\u00bb global_colors_info=\u00bb{}\u00bb]<\/p>\n<p><span style=\"color: #e89e00;\"><strong>\u00c1rea de identificaci\u00f3n<\/strong><\/span><\/p>\n<p><strong>C\u00f3digo de referencia:<\/strong><br \/><strong>T\u00edtulo o Nombre atribuido:<\/strong> Cortos Presentaci\u00f3n Informe anual 2015<br \/><strong>Nivel de descripci\u00f3n:<\/strong> Serie<br \/><strong>Fechas extremas:<\/strong> 2015.<br \/><strong>Soporte:<\/strong> audiovisual \u2013 digital.<br \/><strong>Cantidad:<\/strong> 7 testimonios.<\/p>\n<p><span style=\"color: #e89e00;\"><strong>\u00c1rea de contexto:<\/strong><\/span><\/p>\n<p><strong>Nombre del productor:<\/strong> CPM-Programa de Archivo oral.<\/p>\n<p><span style=\"color: #e89e00;\"><strong>\u00c1rea de contenido y estructura<\/strong><\/span><\/p>\n<p>Entrevistas a familiares de v\u00edctimas de la violencia institucional. Estos cortos fueron realizados para\u00a0acompa\u00f1ar la presentaci\u00f3n del Informe anual 2015 de la CPM, en el que se denuncian casos del accionar\u00a0de la polic\u00eda y de agentes del servicio penitenciario de la provincia. Las entrevistas dan cuenta a partir de\u00a0fragmentos de historias de vidas, de la violencia estatal. Fueron realizadas por el \u00e1rea de Comunicaci\u00f3n y\u00a0Cultura.<\/p>\n<p><strong>Entrevistas:<\/strong> Natalia Sarraute, Gustavo Jaramillo, Sandra G\u00f3mez, Luz Lucero Campos, Andrea Casamento,\u00a0Fernanda Nicora, Alicia Meza.<\/p>\n<p><span style=\"color: #e89e00;\"><strong>\u00c1rea de control de la descripci\u00f3n<\/strong><\/span><\/p>\n<p><strong>Nota de los archiveros:<\/strong> Ingrid Jaschek- Julieta Sahade<br \/><strong>Fecha de la descripci\u00f3n:<\/strong> octubre de 2015.-<\/p>\n<p>[\/et_pb_toggle][et_pb_toggle title=\u00bbEl archivo y el testigo\u00bb open_toggle_text_color=\u00bb#606060&#8243; open_toggle_background_color=\u00bb#ffffff\u00bb closed_toggle_text_color=\u00bb#606060&#8243; closed_toggle_background_color=\u00bbrgba(0,0,0,0.08)\u00bb icon_color=\u00bb#E09900&#8243; open_icon_color=\u00bb#E09900&#8243; _builder_version=\u00bb4.21.0&#8243; title_font=\u00bb|on||on|\u00bb background_image=\u00bbhttps:\/\/www.comisionporlamemoria.org\/archivo-nuevo\/wp-content\/uploads\/sites\/17\/2017\/01\/COLOURlovers.com-Thin_lines_2.png\u00bb background_size=\u00bbinitial\u00bb background_blend=\u00bblighten\u00bb custom_padding=\u00bb|10%||2%\u00bb custom_css_main_element=\u00bbmargin:0px 0px 7px 8% !important;\u00bb global_colors_info=\u00bb{}\u00bb]<\/p>\n<p><span style=\"color: #e89e00;\"><strong>\u00c1rea de identificaci\u00f3n<\/strong><\/span><\/p>\n<p><strong>C\u00f3digo de referencia:<\/strong><br \/><strong>T\u00edtulo o Nombre atribuido:<\/strong> Cortos, \u201cEl archivo y el testigo\u201d.<br \/><strong>Nivel de descripci\u00f3n:<\/strong> Serie<br \/><strong>Fechas extremas:<\/strong> 2004-2008<br \/><strong>Soporte:<\/strong> audiovisual \u2013 mini dv, betacam.<br \/><strong>Cantidad:<\/strong> 12 testimonios<\/p>\n<p><span style=\"color: #e89e00;\"><strong>\u00c1rea de contexto:<\/strong><\/span><\/p>\n<p><strong>Nombre del productor:<\/strong> CPM- Programa de Archivo oral<\/p>\n<p><span style=\"color: #e89e00;\"><strong>\u00c1rea de contenido y estructura<\/strong><\/span><\/p>\n<p>Cortos institucionales y de difusi\u00f3n en el que algunas personas espiadas por la DIPPBA\u00a0reflexionan sobre la\u00a0militancia, el seguimiento que padecieron y establecen un di\u00e1logo entre sus propios recuerdos\u00a0y los\u00a0documentos elaborados por la DIPPBA. Algunas de esas producciones fueron emitidas en\u00a0canal encuentro.\u00a0Las entrevistas fueron realizadas por el programa de Gesti\u00f3n y preservaci\u00f3n de archivos &#8211; Comunicaci\u00f3n.<\/p>\n<p><strong>Entrevistas:<\/strong> Perla Zagalsky, Miguel Carusso, Luc\u00eda Garc\u00eda Itzigshon, Vila Mores, Tito Cossa,\u00a0Nora Corti\u00f1as, Oscar Flammini, Emiliano Guido, Adolfo P\u00e9rez Esquivel, Adolfo Beryerot, Marta\u00a0J\u00e1uregui, V\u00edctor Heredia.<\/p>\n<p><span style=\"color: #e89e00;\"><strong>\u00c1rea de control de la descripci\u00f3n<\/strong><\/span><\/p>\n<p><strong>Nota de los archiveros:<\/strong> Ingrid Jaschek- Julieta Sahade<br \/><strong>Fecha de la descripci\u00f3n:<\/strong> octubre de 2015.<\/p>\n<p>[\/et_pb_toggle][\/et_pb_column][\/et_pb_row][et_pb_row column_structure=\u00bb1_3,1_3,1_3&#8243; use_custom_gutter=\u00bbon\u00bb gutter_width=\u00bb2&#8243; make_equal=\u00bbon\u00bb _builder_version=\u00bb4.16&#8243; background_size=\u00bbinitial\u00bb background_position=\u00bbtop_left\u00bb background_repeat=\u00bbrepeat\u00bb global_colors_info=\u00bb{}\u00bb][et_pb_column type=\u00bb1_3&#8243; _builder_version=\u00bb4.16&#8243; custom_padding=\u00bb|||\u00bb global_colors_info=\u00bb{}\u00bb custom_padding__hover=\u00bb|||\u00bb][et_pb_toggle title=\u00bbProtocolos\u00bb open_toggle_text_color=\u00bb#606060&#8243; open_toggle_background_color=\u00bb#ffffff\u00bb closed_toggle_text_color=\u00bb#FFFFFF\u00bb closed_toggle_background_color=\u00bb#E09900&#8243; icon_color=\u00bb#FFFFFF\u00bb open_icon_color=\u00bb#FFFFFF\u00bb _builder_version=\u00bb4.21.0&#8243; title_text_color=\u00bb#ffffff\u00bb background_color=\u00bb#606060&#8243; text_orientation=\u00bbleft\u00bb global_colors_info=\u00bb{}\u00bb]<\/p>\n<p><a href=\"\/\/cpm-aec3.kxcdn.com\/static\/prensa\/archivo\/archivo-oral\/3_1protoclo_de_donacion.pdf\"><strong>&gt; Protocolo donaci\u00f3n<\/strong><\/a><\/p>\n<p><a href=\"\/\/cpm-aec3.kxcdn.com\/static\/prensa\/archivo\/archivo-oral\/3_2protoclo_de_uso.pdf\"><strong>&gt; Protocolo uso<\/strong><\/a><\/p>\n<p>[\/et_pb_toggle][\/et_pb_column][et_pb_column type=\u00bb1_3&#8243; _builder_version=\u00bb4.16&#8243; custom_padding=\u00bb|||\u00bb global_colors_info=\u00bb{}\u00bb custom_padding__hover=\u00bb|||\u00bb][et_pb_toggle title=\u00bbConservaci\u00f3n y construcci\u00f3n de archivos\u00bb open_toggle_text_color=\u00bb#606060&#8243; open_toggle_background_color=\u00bb#ffffff\u00bb closed_toggle_text_color=\u00bb#FFFFFF\u00bb closed_toggle_background_color=\u00bb#E09900&#8243; icon_color=\u00bb#FFFFFF\u00bb open_icon_color=\u00bb#FFFFFF\u00bb _builder_version=\u00bb4.16&#8243; title_text_color=\u00bb#ffffff\u00bb background_color=\u00bb#606060&#8243; text_orientation=\u00bbleft\u00bb global_colors_info=\u00bb{}\u00bb]<\/p>\n<p style=\"text-align: justify;\">La historia oral nos brinda elementos para comprender las maneras en que la gente recuerda y construye sus memorias. Los testimonios orales no son un simple registro m\u00e1s o menos adecuado de hechos del pasado. Por el contrario, se trata de productos culturales complejos.<\/p>\n<p style=\"text-align: right;\"><em>Dora Schwarzstein<\/em><\/p>\n<p style=\"text-align: left;\"><a href=\"\/\/cpm-aec3.kxcdn.com\/static\/prensa\/archivo\/archivo-oral\/apuntes.pdf\"><strong>&gt; Ir al documento<\/strong><\/a><\/p>\n<p>[\/et_pb_toggle][\/et_pb_column][et_pb_column type=\u00bb1_3&#8243; _builder_version=\u00bb4.16&#8243; custom_padding=\u00bb|||\u00bb global_colors_info=\u00bb{}\u00bb custom_padding__hover=\u00bb|||\u00bb][et_pb_toggle title=\u00bbBibliograf\u00eda\u00bb open_toggle_text_color=\u00bb#606060&#8243; open_toggle_background_color=\u00bb#ffffff\u00bb closed_toggle_text_color=\u00bb#FFFFFF\u00bb closed_toggle_background_color=\u00bb#E09900&#8243; icon_color=\u00bb#FFFFFF\u00bb open_icon_color=\u00bb#FFFFFF\u00bb _builder_version=\u00bb4.16&#8243; title_text_color=\u00bb#ffffff\u00bb background_color=\u00bb#606060&#8243; text_orientation=\u00bbleft\u00bb global_colors_info=\u00bb{}\u00bb]<a href=\"\/\/cpm-aec3.kxcdn.com\/archivos\/archivo\/archivo-oral\/bibliografia\/Barela_Miguez_conde.pdf\"><strong>&gt;\u00a0Algunos apuntes sobre historia oral y c\u00f3mo abordarla<\/strong><\/a><\/p>\n<p><a href=\"\/\/cpm-aec3.kxcdn.com\/archivos\/archivo\/archivo-oral\/bibliografia\/Dialnet-AsociacionOtrasMemorias-Benadiba.pdf\"><strong>&gt;\u00a0Asociaci\u00f3n Otras memorias. Crear espacios\u2026 Construir memorias\u2026Difundir la historia<\/strong><\/a><\/p>\n<p><a href=\"\/archivos\/archivo\/archivo-oral\/bibliografia\/Historia%20oral,%20relatos%20y%20memoria_introduccion.pdf\"><strong>&gt;\u00a0Historia oral, relatos y memorias<\/strong><\/a><\/p>\n<p><a href=\"\/archivos\/archivo\/archivo-oral\/bibliografia\/PORTELLI%20Alessandro,%20Lo%20que%20hace%20diferente%20a%20la%20historia%20oral.pdf\"><strong>&gt;\u00a0\u00a0Lo que hace diferente a la historia oral<\/strong><\/a><\/p>\n<p><a href=\"\/\/cpm-aec3.kxcdn.com\/static\/prensa\/archivo\/archivo-oral\/bibliografia\/Portelli_Aletheia.pdf\"><strong>&gt;\u00a0Luto, sentido com\u00fan, mito y pol\u00edtica en la memoria de la masacre de Civitella Val di Chiana (Toscana, 29 de junio de 1944)<\/strong><\/a><\/p>\n<p><a href=\"\/\/cpm-aec3.kxcdn.com\/static\/prensa\/archivo\/archivo-oral\/bibliografia\/portelli_entrevista_historia_oral.pdf\"><strong>&gt;\u00a0El uso de la entrevista en la historia oral<\/strong><\/a><\/p>\n<p><a href=\"\/\/cpm-aec3.kxcdn.com\/static\/prensa\/archivo\/archivo-oral\/bibliografia\/DoraSchwarzstein.pdf\"><strong>&gt;\u00a0Historia oral, memoria e historias traum\u00e1ticas<\/strong><\/a><\/p>\n<p><a href=\"\/\/cpm-aec3.kxcdn.com\/static\/prensa\/archivo\/archivo-oral\/bibliografia\/Schwarztein_Uso_historia_oral_aula.pdf\"><strong>&gt; Una introducci\u00f3n al uso de la historia oral en el aula<\/strong><\/a><\/p>\n<p><a href=\"\/\/cpm-aec3.kxcdn.com\/static\/prensa\/archivo\/archivo-oral\/bibliografia\/Voces_recobradas.pdf\"><strong>&gt; Voces recobradas. Revista de historia oral<\/strong><\/a><\/p>\n<p>&nbsp;<br \/>\n[\/et_pb_toggle][\/et_pb_column][\/et_pb_row][\/et_pb_section][et_pb_section fb_built=\u00bb1&#8243; _builder_version=\u00bb4.16&#8243; custom_padding=\u00bb40px||0px|\u00bb global_colors_info=\u00bb{}\u00bb][et_pb_row _builder_version=\u00bb4.16&#8243; background_size=\u00bbinitial\u00bb background_position=\u00bbtop_left\u00bb background_repeat=\u00bbrepeat\u00bb custom_padding=\u00bb0px||0px|\u00bb global_colors_info=\u00bb{}\u00bb][et_pb_column type=\u00bb4_4&#8243; _builder_version=\u00bb4.16&#8243; custom_padding=\u00bb|||\u00bb global_colors_info=\u00bb{}\u00bb custom_padding__hover=\u00bb|||\u00bb][et_pb_image src=\u00bbhttps:\/\/www.comisionporlamemoria.org\/archivo-nuevo\/wp-content\/uploads\/sites\/17\/2017\/02\/separador4.png\u00bb align_tablet=\u00bbcenter\u00bb align_phone=\u00bbcenter\u00bb align_last_edited=\u00bbon|desktop\u00bb _builder_version=\u00bb4.16&#8243; custom_margin=\u00bb0px||0px|\u00bb custom_css_main_element=\u00bbheight: 15px !important;\u00bb animation=\u00bboff\u00bb global_colors_info=\u00bb{}\u00bb][\/et_pb_image][\/et_pb_column][\/et_pb_row][\/et_pb_section]<\/p>\n","protected":false},"excerpt":{"rendered":"<p>&nbsp; Memorias encontradas_El Archivo Memorias encontradas est\u00e1 compuesto por todo el material audiovisual que desde su creaci\u00f3n produjo o propici\u00f3 a trav\u00e9s de sus programas la CPM. Comprende por un lado el registro de actos, marchas, entrevistas a referentes sociales y de derechos humanos, artistas, docentes y alumnos de escuelas secundarias, personas privadas de su [&hellip;]<\/p>\n","protected":false},"author":8,"featured_media":0,"parent":0,"menu_order":0,"comment_status":"closed","ping_status":"closed","template":"","meta":{"_et_pb_use_builder":"on","_et_pb_old_content":"","_et_gb_content_width":"","jetpack_post_was_ever_published":false,"footnotes":""},"class_list":["post-32136","page","type-page","status-publish","hentry"],"jetpack_sharing_enabled":true,"jetpack_shortlink":"https:\/\/wp.me\/P8gJxM-8mk","_links":{"self":[{"href":"https:\/\/www.comisionporlamemoria.org\/archivo\/wp-json\/wp\/v2\/pages\/32136","targetHints":{"allow":["GET"]}}],"collection":[{"href":"https:\/\/www.comisionporlamemoria.org\/archivo\/wp-json\/wp\/v2\/pages"}],"about":[{"href":"https:\/\/www.comisionporlamemoria.org\/archivo\/wp-json\/wp\/v2\/types\/page"}],"author":[{"embeddable":true,"href":"https:\/\/www.comisionporlamemoria.org\/archivo\/wp-json\/wp\/v2\/users\/8"}],"replies":[{"embeddable":true,"href":"https:\/\/www.comisionporlamemoria.org\/archivo\/wp-json\/wp\/v2\/comments?post=32136"}],"version-history":[{"count":0,"href":"https:\/\/www.comisionporlamemoria.org\/archivo\/wp-json\/wp\/v2\/pages\/32136\/revisions"}],"wp:attachment":[{"href":"https:\/\/www.comisionporlamemoria.org\/archivo\/wp-json\/wp\/v2\/media?parent=32136"}],"curies":[{"name":"wp","href":"https:\/\/api.w.org\/{rel}","templated":true}]}}