{"id":2513,"date":"2021-07-20T21:14:48","date_gmt":"2021-07-20T21:14:48","guid":{"rendered":"https:\/\/www.comisionporlamemoria.org\/informeanual2023\/?page_id=2513"},"modified":"2023-08-25T15:27:41","modified_gmt":"2023-08-25T18:27:41","slug":"politica-criminal","status":"publish","type":"page","link":"https:\/\/www.comisionporlamemoria.org\/informeanual2023\/politica-criminal\/","title":{"rendered":"Pol\u00edtica criminal"},"content":{"rendered":"<p><div class=\"fusion-fullwidth fullwidth-box fusion-builder-row-1 has-pattern-background has-mask-background hundred-percent-fullwidth hundred-percent-height hundred-percent-height-center-content non-hundred-percent-height-scrolling fusion-equal-height-columns\" style=\"--awb-border-radius-top-left:0px;--awb-border-radius-top-right:0px;--awb-border-radius-bottom-right:0px;--awb-border-radius-bottom-left:0px;--awb-padding-top:0px;--awb-padding-right:0px;--awb-padding-bottom:0px;--awb-padding-left:0px;--awb-flex-wrap:wrap;\" ><div class=\"fusion-fullwidth-center-content\"><div class=\"fusion-builder-row fusion-row\"><div class=\"fusion-layout-column fusion_builder_column fusion-builder-column-0 fusion_builder_column_1_1 1_1 fusion-one-full fusion-column-first fusion-column-last fusion-no-small-visibility fusion-no-medium-visibility fusion-animated\" style=\"--awb-padding-top:20%;--awb-padding-right:12%;--awb-padding-bottom:18%;--awb-padding-left:12%;--awb-bg-size:cover;--awb-margin-top:0px;--awb-margin-bottom:0px;\" data-animationType=\"fadeIn\" data-animationDuration=\"0.8\" data-animationOffset=\"top-into-view\"><div class=\"fusion-column-wrapper fusion-column-has-shadow fusion-flex-column-wrapper-legacy\"><div class=\"fusion-column-content-centered\"><div class=\"fusion-column-content\"><div class=\"fusion-text fusion-text-1 fusion-animated\" style=\"--awb-font-size:20px;\" data-animationType=\"fadeInLeft\" data-animationDuration=\"0.7\" data-animationOffset=\"top-into-view\"><p style=\"text-align: center;\">El sistema de la crueldad XVII<\/p>\n<\/div><div class=\"fusion-sep-clear\"><\/div><div class=\"fusion-separator\" style=\"margin-left: auto;margin-right: auto;margin-bottom:10%;width:100%;max-width:50%;\"><div class=\"fusion-separator-border sep-single sep-solid\" style=\"--awb-height:20px;--awb-amount:20px;border-color:#d1d1d1;border-top-width:1px;\"><\/div><\/div><div class=\"fusion-sep-clear\"><\/div><div class=\"fusion-title title fusion-title-1 fusion-sep-none fusion-title-center fusion-title-text fusion-title-size-two\" style=\"--awb-margin-top-small:0px;--awb-margin-right-small:0px;--awb-margin-bottom-small:20px;--awb-margin-left-small:0px;--awb-font-size:50px;\"><h2 class=\"fusion-title-heading title-heading-center fusion-responsive-typography-calculated\" style=\"margin:0;font-size:1em;--fontSize:50;line-height:1.28;\">Pol\u00edtica criminal<\/h2><\/div><div class=\"fusion-sep-clear\"><\/div><div class=\"fusion-separator fusion-full-width-sep\" style=\"margin-left: auto;margin-right: auto;margin-bottom:10%;width:100%;\"><\/div><div class=\"fusion-sep-clear\"><\/div><div class=\"fusion-button-wrapper fusion-aligncenter\"><a class=\"fusion-button button-flat fusion-button-default-size button-custom fusion-button-default button-1 fusion-button-default-span fusion-button-default-type\" style=\"--button_accent_color:#181818;--button_border_color:#181818;--button_accent_hover_color:#181818;--button_border_hover_color:#ffffff;--button_gradient_top_color:rgba(255,255,255,0);--button_gradient_bottom_color:rgba(255,255,255,0);--button_gradient_top_color_hover:#ffffff;--button_gradient_bottom_color_hover:#ffffff;\" target=\"_blank\" rel=\"noopener noreferrer\" href=\"https:\/\/www.comisionporlamemoria.org\/informeanual2023\/wp-content\/uploads\/sites\/16\/sites\/40\/2023\/08\/2-Politica-criminal.pdf\"><span class=\"fusion-button-text awb-button__text awb-button__text--default\">Descargar secci\u00f3n completa en PDF<\/span><i class=\"fa-download fas awb-button__icon awb-button__icon--default button-icon-right\" aria-hidden=\"true\"><\/i><\/a><\/div><\/div><\/div><div class=\"fusion-clearfix\"><\/div><\/div><\/div><div class=\"fusion-layout-column fusion_builder_column fusion-builder-column-1 fusion_builder_column_1_1 1_1 fusion-one-full fusion-column-first fusion-column-last fusion-no-large-visibility\" style=\"--awb-padding-top:8%;--awb-padding-bottom:8%;--awb-bg-size:cover;--awb-margin-top:0px;--awb-margin-bottom:0px;\"><div class=\"fusion-column-wrapper fusion-column-has-shadow fusion-flex-column-wrapper-legacy\"><div class=\"fusion-column-content-centered\"><div class=\"fusion-column-content\"><div class=\"fusion-text fusion-text-2\"><p style=\"text-align: center;\">Sistema de la crueldad XVII<\/p>\n<\/div><div class=\"fusion-sep-clear\"><\/div><div class=\"fusion-separator\" style=\"margin-left: auto;margin-right: auto;margin-bottom:8%;width:100%;max-width:50%;\"><div class=\"fusion-separator-border sep-single sep-solid\" style=\"--awb-height:20px;--awb-amount:20px;border-color:#d1d1d1;border-top-width:1px;\"><\/div><\/div><div class=\"fusion-sep-clear\"><\/div><div class=\"fusion-title title fusion-title-2 fusion-sep-none fusion-title-center fusion-title-text fusion-title-size-one\" style=\"--awb-margin-bottom:10%;--awb-margin-top-small:0px;--awb-margin-right-small:0px;--awb-margin-bottom-small:20px;--awb-margin-left-small:0px;--awb-font-size:50px;\"><h1 class=\"fusion-title-heading title-heading-center fusion-responsive-typography-calculated\" style=\"margin:0;font-size:1em;--fontSize:50;line-height:1.2;\">Pol\u00edtica criminal<\/h1><\/div><div class=\"fusion-sep-clear\"><\/div><div class=\"fusion-separator fusion-full-width-sep\" style=\"margin-left: auto;margin-right: auto;margin-bottom:4%;width:100%;\"><\/div><div class=\"fusion-sep-clear\"><\/div><div class=\"fusion-button-wrapper fusion-aligncenter\"><a class=\"fusion-button button-flat fusion-button-default-size button-custom fusion-button-default button-2 fusion-button-default-span fusion-button-default-type fusion-animated\" style=\"--button_accent_color:#181818;--button_border_color:#181818;--button_accent_hover_color:#181818;--button_border_hover_color:#ffffff;--button_gradient_top_color:rgba(255,255,255,0);--button_gradient_bottom_color:rgba(255,255,255,0);--button_gradient_top_color_hover:#ffffff;--button_gradient_bottom_color_hover:#ffffff;\" data-animationType=\"fadeInLeft\" data-animationDuration=\"0.3\" data-animationOffset=\"top-into-view\" target=\"_blank\" rel=\"noopener noreferrer\" href=\"https:\/\/www.comisionporlamemoria.org\/informeanual2023\/wp-content\/uploads\/sites\/16\/sites\/40\/2023\/08\/2-Politica-criminal.pdf\"><span class=\"fusion-button-text awb-button__text awb-button__text--default\">Descargar secci\u00f3n completa en PDF<\/span><i class=\"fa-download fas awb-button__icon awb-button__icon--default button-icon-right\" aria-hidden=\"true\"><\/i><\/a><\/div><\/div><\/div><div class=\"fusion-clearfix\"><\/div><\/div><\/div><\/div><\/div><\/div><div class=\"fusion-fullwidth fullwidth-box fusion-builder-row-2 nonhundred-percent-fullwidth non-hundred-percent-height-scrolling\" style=\"--awb-border-radius-top-left:0px;--awb-border-radius-top-right:0px;--awb-border-radius-bottom-right:0px;--awb-border-radius-bottom-left:0px;--awb-margin-top:5%;--awb-margin-bottom:2%;--awb-flex-wrap:wrap;\" ><div class=\"fusion-builder-row fusion-row\"><div class=\"fusion-layout-column fusion_builder_column fusion-builder-column-2 fusion_builder_column_1_1 1_1 fusion-one-full fusion-column-first fusion-column-last\" style=\"--awb-padding-top:2%;--awb-padding-right:2%;--awb-padding-bottom:2%;--awb-padding-left:2%;--awb-bg-size:cover;--awb-border-color:#181818;--awb-border-top:2px;--awb-border-right:2px;--awb-border-bottom:2px;--awb-border-left:2px;--awb-border-style:solid;\"><div class=\"fusion-column-wrapper fusion-column-has-shadow fusion-flex-column-wrapper-legacy\"><div class=\"fusion-title title fusion-title-3 fusion-sep-none fusion-title-text fusion-title-size-five\" style=\"--awb-margin-top-small:0px;--awb-margin-right-small:0px;--awb-margin-bottom-small:20px;--awb-margin-left-small:0px;\"><h5 class=\"fusion-title-heading title-heading-left fusion-responsive-typography-calculated\" style=\"margin:0;--fontSize:20;--minFontSize:20;line-height:1.5;\">SOBRE ESTA SECCI\u00d3N<\/h5><\/div><div class=\"fusion-text fusion-text-3 fusion-animated\" style=\"--awb-content-alignment:justify;\" data-animationType=\"fadeInLeft\" data-animationDuration=\"0.3\" data-animationOffset=\"top-into-view\"><p style=\"text-align: justify;\"><span style=\"font-size: 14pt;\"><strong>Pol\u00edtica criminal<\/strong><\/span><\/p>\n<p style=\"text-align: justify;\">La conjunci\u00f3n entre un esquema de control y regulaci\u00f3n ilegal del delito por parte de la polic\u00eda en los territorios y la actuaci\u00f3n judicial, que convalida y encierra autom\u00e1ticamente sin controlar estas pr\u00e1cticas policiales violentas, deriva en la captaci\u00f3n selectiva de j\u00f3venes pobres para ingresarlos al sistema penal. Las personas de 18 a 30 a\u00f1os representan el 44% de las personas detenidas en el SPB y el 48% de las detenidas en comisar\u00edas.<\/p>\n<p style=\"text-align: justify;\">Durante 2022 el Ministerio P\u00fablico Fiscal de la Provincia inici\u00f3 924.492 investigaciones penales contra mayores de 18 a\u00f1os; una parte de esas investigaciones gener\u00f3 privaciones de libertad: se ordenaron 38.179 privaciones (4% del total) basadas principalmente en sumarios confeccionados por la polic\u00eda. M\u00e1s de un tercio por presuntos delitos contra la propiedad.<\/p>\n<p style=\"text-align: justify;\">El otro fen\u00f3meno, contrario al anterior, es la deficiente investigaci\u00f3n de la violencia institucional. Las causas abiertas entre 2014 y 2021 por violencia institucional, representan el 0,5% del total de investigaciones iniciadas. En 9 de cada 10 se resuelven mediante el archivo (66%) o la desestimaci\u00f3n (26%).<\/p>\n<p style=\"text-align: justify;\">El caso de las muertes producidas por agentes policiales: entre 2018 y 2021 la CPM relev\u00f3 522 casos y la Procuraci\u00f3n 259, de las cuales s\u00f3lo 60 fueron caratuladas como \u201chomicidio agravado por ser miembro de fuerza de seguridad\u201d.<\/p>\n<p style=\"text-align: justify;\">Hasta ah\u00ed el desempe\u00f1o articulado de polic\u00edas, fiscales y juezas\/ces de garant\u00edas, pero otro mundo se abre si se miran las estad\u00edsticas policiales. Durante 2022 la polic\u00eda aprehendi\u00f3 222.145 personas, de las cuales apenas 38.179 (17%) fueron privadas de su libertad por imputaci\u00f3n judicial de un delito, y s\u00f3lo 18.920 (8%) fueron encarceladas. Esta diferencia expresa el gobierno policial de los territorios, a partir de la saturaci\u00f3n de efectivos, dirigido a controlar y perseguir a los sectores vulnerados independientemente de sus fundamentos y efectos legales. Esto se vincula directamente con el incremento de detenciones en comisar\u00edas ya que en la mayor\u00eda de los casos, aunque no queden detenidas, permanecen horas o d\u00edas alojadas en ellas.<\/p>\n<p style=\"text-align: justify;\"><strong>Promoci\u00f3n judicial del encierro<\/strong><\/p>\n<p style=\"text-align: justify;\">Se mantiene el uso generalizado de la prisi\u00f3n preventiva: a diciembre de 2022 el 49% de las personas detenidas a cargo del SPB ten\u00eda condena firme. En promedio las personas pasan detenidas 421 d\u00edas hasta la sentencia de primera instancia. Seg\u00fan datos del SNEEP, de los detenidos con prisi\u00f3n preventiva a fines de diciembre de 2021, el 38% llevaba hasta a un a\u00f1o encarcelado, el 37% entre uno y dos a\u00f1os, el 24% entre dos y tres a\u00f1os, y el 1% m\u00e1s de tres. El uso extensivo de la prisi\u00f3n preventiva tiene un impacto diferencial para mujeres cis (58%) y personas trans y travestis (81%).<\/p>\n<p style=\"text-align: justify;\">Tambi\u00e9n se ha convertido en regla el juicio abreviado, un instituto que disminuye el tiempo entre la detenci\u00f3n y la condena. Entre 2013 y 2022 las condenas por juicio abreviado se duplicaron (con un aumento del 128%). Tomando todo el per\u00edodo, 8 de cada 10 condenas se dictaron por juicio abreviado.<\/p>\n<p style=\"text-align: justify;\">Como contracara, el poder judicial aplica excepcionalmente medidas alternativas al encierro; s\u00f3lo entre el 5% y 8% de las personas detenidas est\u00e1n bajo la modalidad de arresto domiciliario. En cuanto a las personas condenadas, entre 2017-2022 los juzgados provinciales de ejecuci\u00f3n penal denegaron 8 de cada 10 solicitudes de acceso a institutos progresivos en la ejecuci\u00f3n de la pena.<\/p>\n<p style=\"text-align: justify;\"><strong>Encarcelamiento<\/strong><\/p>\n<p style=\"text-align: justify;\">Entre diciembre 2015 y diciembre 2022, la cantidad de personas detenidas creci\u00f3 a un promedio interanual del 6%. A diciembre de 2022, hab\u00eda 55.621 personas detenidas en c\u00e1rceles, alcaid\u00edas, comisar\u00edas y con monitoreo electr\u00f3nico.<\/p>\n<p style=\"text-align: justify;\">Esto represent\u00f3 una tasa espec\u00edfica de 435 cada 100.000 habitantes, la m\u00e1s alta del pa\u00eds y de la historia bonaerense. As\u00ed, el gobernador Axel Kicillof hered\u00f3 una tasa espec\u00edfica de encarcelamiento de 415 personas detenidas cada 100.000 habitantes, y tres a\u00f1os despu\u00e9s ascendi\u00f3 a 435, luego de bajar a 399 en 2020. La tasa actual es 70% m\u00e1s alta que hace diez a\u00f1os.<\/p>\n<p style=\"text-align: justify;\">La poblaci\u00f3n detenida en c\u00e1rceles y alcaid\u00edas mantuvo una tendencia creciente y regular durante 12 a\u00f1os, con un aumento muy notorio entre 2017 y 2019. Dicho de otro modo: los ingresos al dispositivo carcelario siempre superan a los egresos. Entre 2015 y 2022, cada a\u00f1o ingresaron 17.850 personas y egresaron 15.474, dejando un saldo positivo de 2.377 por a\u00f1o (datos promedio).<\/p>\n<p style=\"text-align: justify;\">Con respecto a la poblaci\u00f3n detenida en comisar\u00edas, vista en el largo plazo y a grandes rasgos, registra una tendencia decreciente entre 2002 y 2012 y creciente de 2013 en adelante, aunque con interrupciones o retrocesos. Pese a los compromisos de reducir la poblaci\u00f3n detenida en comisar\u00edas por parte de actores judiciales y ministeriales, los a\u00f1os 2020 y 2021 presentaron las cifras m\u00e1s altas desde 2006. En diciembre de 2022 se registr\u00f3 una disminuci\u00f3n del 11% (casi 500 personas menos que en 2021); sin embargo, contin\u00faa siendo uno de los n\u00fameros m\u00e1s elevados de la \u00faltima d\u00e9cada: 3.948 personas detenidas en comisar\u00edas a diciembre de 2022.<\/p>\n<p style=\"text-align: justify;\"><strong>Sobrepoblaci\u00f3n<\/strong><\/p>\n<p style=\"text-align: justify;\">Entre 2012 y 2015 se alojaron en comisar\u00edas a un promedio interanual de 1.600 personas, durante 2016-2019 a 3.300 y entre 2020 y 2022 a 4.400. Considerando que seg\u00fan el Ministerio de Seguridad las comisar\u00edas tienen una capacidad de 1.300 plazas, durante la gesti\u00f3n actual de Sergio Berni estuvieron sobrepobladas en un 252%, con un pico de 349% en noviembre de 2020.<\/p>\n<p style=\"text-align: justify;\">El sistema carcelario se compone de 66 establecimientos con capacidad de alojamiento para 23.036 personas. Considerando esa infraestructura, en 2022 la sobrepoblaci\u00f3n fue del 109%. Pese a que durante 2022 se inauguraron alrededor de 900 nuevas plazas, ingresaron al sistema 1.500 personas nuevas. Como se observa, la estrategia de reducir la sobrepoblaci\u00f3n con la construcci\u00f3n de c\u00e1rceles no da resultado si no se atacan las condiciones estructurales que sostienen el crecimiento del encarcelamiento.<\/p>\n<p style=\"text-align: justify;\">Frente a la tendencia del poder judicial a encerrar y al endurecimiento de las leyes penales y procesales del poder legislativo, la respuesta hist\u00f3rica del poder ejecutivo al hacinamiento ha sido dual: sumar camastros en las celdas para informar un nivel de sobrepoblaci\u00f3n m\u00e1s bajo, o aumentar la capacidad edilicia construyendo nuevos espacios o ampliando los ya existentes.<\/p>\n<p style=\"text-align: justify;\">La primera fue sostenida por todos los gobiernos a excepci\u00f3n del actual, que en diciembre de 2019 aclar\u00f3 que el SPB contaba con un m\u00e1ximo de 24.000 plazas, 5.000 menos que las informadas por la gesti\u00f3n anterior. La CPM reconoce la importancia de interrumpir la pr\u00e1ctica nociva de sobrevalorar la infraestructura para demostrar una buena <em>performance<\/em> en el indicador del nivel de ocupaci\u00f3n. La segunda respuesta fue practicada de manera diferenciada por los distintos gobiernos: de los 66 establecimientos existentes y utilizados a diciembre de 2022, 45 se edificaron desde 1996 en adelante. En t\u00e9rminos de plazas (considerando tambi\u00e9n las ampliaciones) en los \u00faltimos 25 a\u00f1os se construy\u00f3 el 74% de la capacidad actual.<\/p>\n<p style=\"text-align: justify;\">En los 15 a\u00f1os transcurridos, desde el cierre de la causa Verbitsky -a nivel provincial- en 2007 hasta diciembre de 2022, la tasa de encarcelamiento provincial pas\u00f3 de 175 a 311 cada 100 mil habitantes; la sobrepoblaci\u00f3n en el SPB se increment\u00f3 de 29% a 109%; la sobrepoblaci\u00f3n en comisar\u00edas registr\u00f3 un promedio interanual de 233%; en las c\u00e1rceles bonaerenses murieron 2.157 personas (12 por mes) y en las comisar\u00edas se registraron al menos 215 muertes (casi 2 por mes).<\/p>\n<p style=\"text-align: justify;\">El m\u00e1ximo tribunal provincial debe adoptar decisiones urgentes, categ\u00f3ricas, adecuadas y efectivas para empezar a desandar esta crisis humanitaria provocada por la pol\u00edtica criminal en la provincia de Buenos Aires.<\/p>\n<\/div><div class=\"fusion-clearfix\"><\/div><\/div><\/div><\/div><\/div><div class=\"fusion-fullwidth fullwidth-box fusion-builder-row-3 has-pattern-background has-mask-background nonhundred-percent-fullwidth non-hundred-percent-height-scrolling\" style=\"--awb-border-radius-top-left:0px;--awb-border-radius-top-right:0px;--awb-border-radius-bottom-right:0px;--awb-border-radius-bottom-left:0px;--awb-flex-wrap:wrap;\" ><div class=\"fusion-builder-row fusion-row\"><div class=\"fusion-layout-column fusion_builder_column fusion-builder-column-3 fusion_builder_column_1_1 1_1 fusion-one-full fusion-column-first fusion-column-last fusion-animated\" style=\"--awb-bg-blend:overlay;--awb-bg-size:cover;\" data-animationType=\"fadeInDown\" data-animationDuration=\"0.8\" data-animationOffset=\"top-into-view\" data-scroll-devices=\"small-visibility,medium-visibility,large-visibility\"><div class=\"fusion-column-wrapper fusion-column-has-shadow fusion-flex-column-wrapper-legacy\"><div class=\"fusion-video fusion-youtube fusion-aligncenter\" style=\"--awb-max-width:600px;--awb-max-height:360px;--awb-width:100%;\"><div class=\"video-shortcode\"><div class=\"fluid-width-video-wrapper\" style=\"padding-top:60%;\" ><iframe title=\"YouTube video player 1\" data-src=\"https:\/\/www.youtube.com\/embed\/lm8-N9bzAU4?wmode=transparent&autoplay=0\" width=\"600\" height=\"360\" allowfullscreen allow=\"autoplay; clipboard-write; encrypted-media; gyroscope; picture-in-picture;\" src=\"data:image\/svg+xml;base64,PHN2ZyB3aWR0aD0iMSIgaGVpZ2h0PSIxIiB4bWxucz0iaHR0cDovL3d3dy53My5vcmcvMjAwMC9zdmciPjwvc3ZnPg==\" class=\"lazyload\" data-load-mode=\"1\"><\/iframe><\/div><\/div><\/div><div class=\"fusion-clearfix\"><\/div><\/div><\/div><\/div><\/div><div class=\"fusion-fullwidth fullwidth-box fusion-builder-row-4 nonhundred-percent-fullwidth non-hundred-percent-height-scrolling\" style=\"--awb-border-radius-top-left:0px;--awb-border-radius-top-right:0px;--awb-border-radius-bottom-right:0px;--awb-border-radius-bottom-left:0px;--awb-padding-top:53px;--awb-padding-bottom:8%;--awb-flex-wrap:wrap;\" ><div class=\"fusion-builder-row fusion-row\"><div class=\"fusion-layout-column fusion_builder_column fusion-builder-column-4 fusion_builder_column_1_1 1_1 fusion-one-full fusion-column-first fusion-column-last fusion-animated\" style=\"--awb-bg-blend:overlay;--awb-bg-size:cover;--awb-border-color:#f1f1f1;--awb-border-bottom:2px;--awb-border-style:solid;\" data-animationType=\"fadeInDown\" data-animationDuration=\"0.8\" data-animationOffset=\"top-into-view\"><div class=\"fusion-column-wrapper fusion-column-has-shadow fusion-flex-column-wrapper-legacy\"><div class=\"fusion-text fusion-text-4\" style=\"--awb-content-alignment:center;\">\n<\/div><div class=\"fusion-clearfix\"><\/div><\/div><\/div><\/div><\/div><\/p>\n","protected":false},"excerpt":{"rendered":"","protected":false},"author":14,"featured_media":3173,"parent":0,"menu_order":0,"comment_status":"closed","ping_status":"closed","template":"100-width.php","meta":{"footnotes":""},"class_list":["post-2513","page","type-page","status-publish","has-post-thumbnail","hentry"],"_links":{"self":[{"href":"https:\/\/www.comisionporlamemoria.org\/informeanual2023\/wp-json\/wp\/v2\/pages\/2513","targetHints":{"allow":["GET"]}}],"collection":[{"href":"https:\/\/www.comisionporlamemoria.org\/informeanual2023\/wp-json\/wp\/v2\/pages"}],"about":[{"href":"https:\/\/www.comisionporlamemoria.org\/informeanual2023\/wp-json\/wp\/v2\/types\/page"}],"author":[{"embeddable":true,"href":"https:\/\/www.comisionporlamemoria.org\/informeanual2023\/wp-json\/wp\/v2\/users\/14"}],"replies":[{"embeddable":true,"href":"https:\/\/www.comisionporlamemoria.org\/informeanual2023\/wp-json\/wp\/v2\/comments?post=2513"}],"version-history":[{"count":0,"href":"https:\/\/www.comisionporlamemoria.org\/informeanual2023\/wp-json\/wp\/v2\/pages\/2513\/revisions"}],"wp:featuredmedia":[{"embeddable":true,"href":"https:\/\/www.comisionporlamemoria.org\/informeanual2023\/wp-json\/wp\/v2\/media\/3173"}],"wp:attachment":[{"href":"https:\/\/www.comisionporlamemoria.org\/informeanual2023\/wp-json\/wp\/v2\/media?parent=2513"}],"curies":[{"name":"wp","href":"https:\/\/api.w.org\/{rel}","templated":true}]}}