{"id":2523,"date":"2021-07-21T10:42:21","date_gmt":"2021-07-21T10:42:21","guid":{"rendered":"https:\/\/www.comisionporlamemoria.org\/informeanual2023\/?page_id=2523"},"modified":"2023-08-25T15:29:00","modified_gmt":"2023-08-25T18:29:00","slug":"seccion-politicas-de-seguridad","status":"publish","type":"page","link":"https:\/\/www.comisionporlamemoria.org\/informeanual2023\/seccion-politicas-de-seguridad\/","title":{"rendered":"Secci\u00f3n Pol\u00edticas de seguridad"},"content":{"rendered":"<p><div class=\"fusion-fullwidth fullwidth-box fusion-builder-row-1 has-pattern-background has-mask-background hundred-percent-fullwidth hundred-percent-height hundred-percent-height-center-content non-hundred-percent-height-scrolling fusion-equal-height-columns\" style=\"--awb-border-radius-top-left:0px;--awb-border-radius-top-right:0px;--awb-border-radius-bottom-right:0px;--awb-border-radius-bottom-left:0px;--awb-padding-top:0px;--awb-padding-right:0px;--awb-padding-bottom:0px;--awb-padding-left:0px;--awb-flex-wrap:wrap;\" ><div class=\"fusion-fullwidth-center-content\"><div class=\"fusion-builder-row fusion-row\"><div class=\"fusion-layout-column fusion_builder_column fusion-builder-column-0 fusion_builder_column_1_1 1_1 fusion-one-full fusion-column-first fusion-column-last fusion-no-small-visibility fusion-no-medium-visibility fusion-animated\" style=\"--awb-padding-top:20%;--awb-padding-right:12%;--awb-padding-bottom:18%;--awb-padding-left:12%;--awb-bg-size:cover;--awb-margin-top:0px;--awb-margin-bottom:0px;\" data-animationType=\"fadeIn\" data-animationDuration=\"0.8\" data-animationOffset=\"top-into-view\"><div class=\"fusion-column-wrapper fusion-column-has-shadow fusion-flex-column-wrapper-legacy\"><div class=\"fusion-column-content-centered\"><div class=\"fusion-column-content\"><div class=\"fusion-text fusion-text-1 fusion-animated\" style=\"--awb-font-size:20px;\" data-animationType=\"fadeInLeft\" data-animationDuration=\"0.7\" data-animationOffset=\"top-into-view\"><p style=\"text-align: center;\">El sistema de la crueldad XVII<\/p>\n<\/div><div class=\"fusion-sep-clear\"><\/div><div class=\"fusion-separator\" style=\"margin-left: auto;margin-right: auto;margin-bottom:10%;width:100%;max-width:50%;\"><div class=\"fusion-separator-border sep-single sep-solid\" style=\"--awb-height:20px;--awb-amount:20px;border-color:#d1d1d1;border-top-width:1px;\"><\/div><\/div><div class=\"fusion-sep-clear\"><\/div><div class=\"fusion-title title fusion-title-1 fusion-sep-none fusion-title-center fusion-title-text fusion-title-size-two\" style=\"--awb-margin-top-small:0px;--awb-margin-right-small:0px;--awb-margin-bottom-small:20px;--awb-margin-left-small:0px;--awb-font-size:50px;\"><h2 class=\"fusion-title-heading title-heading-center fusion-responsive-typography-calculated\" style=\"margin:0;font-size:1em;--fontSize:50;line-height:1.28;\">Pol\u00edticas de seguridad<\/h2><\/div><div class=\"fusion-sep-clear\"><\/div><div class=\"fusion-separator fusion-full-width-sep\" style=\"margin-left: auto;margin-right: auto;margin-bottom:10%;width:100%;\"><\/div><div class=\"fusion-sep-clear\"><\/div><div class=\"fusion-button-wrapper fusion-aligncenter\"><a class=\"fusion-button button-flat fusion-button-default-size button-custom fusion-button-default button-1 fusion-button-default-span fusion-button-default-type\" style=\"--button_accent_color:#181818;--button_border_color:#181818;--button_accent_hover_color:#181818;--button_border_hover_color:#ffffff;--button_gradient_top_color:rgba(255,255,255,0);--button_gradient_bottom_color:rgba(255,255,255,0);--button_gradient_top_color_hover:#ffffff;--button_gradient_bottom_color_hover:#ffffff;\" target=\"_blank\" rel=\"noopener noreferrer\" href=\"https:\/\/www.comisionporlamemoria.org\/informeanual2023\/wp-content\/uploads\/sites\/16\/sites\/40\/2023\/08\/3-Politicas-de-seguridad.pdf\"><span class=\"fusion-button-text awb-button__text awb-button__text--default\">Descargar secci\u00f3n completa en PDF<\/span><i class=\"fa-download fas awb-button__icon awb-button__icon--default button-icon-right\" aria-hidden=\"true\"><\/i><\/a><\/div><\/div><\/div><div class=\"fusion-clearfix\"><\/div><\/div><\/div><div class=\"fusion-layout-column fusion_builder_column fusion-builder-column-1 fusion_builder_column_1_1 1_1 fusion-one-full fusion-column-first fusion-column-last fusion-no-large-visibility\" style=\"--awb-padding-top:8%;--awb-padding-bottom:8%;--awb-bg-size:cover;--awb-margin-top:0px;--awb-margin-bottom:0px;\"><div class=\"fusion-column-wrapper fusion-column-has-shadow fusion-flex-column-wrapper-legacy\"><div class=\"fusion-column-content-centered\"><div class=\"fusion-column-content\"><div class=\"fusion-text fusion-text-2\"><p style=\"text-align: center;\">Sistema de la crueldad XVII<\/p>\n<\/div><div class=\"fusion-sep-clear\"><\/div><div class=\"fusion-separator\" style=\"margin-left: auto;margin-right: auto;margin-bottom:8%;width:100%;max-width:50%;\"><div class=\"fusion-separator-border sep-single sep-solid\" style=\"--awb-height:20px;--awb-amount:20px;border-color:#d1d1d1;border-top-width:1px;\"><\/div><\/div><div class=\"fusion-sep-clear\"><\/div><div class=\"fusion-title title fusion-title-2 fusion-sep-none fusion-title-center fusion-title-text fusion-title-size-one\" style=\"--awb-margin-bottom:10%;--awb-margin-top-small:0px;--awb-margin-right-small:0px;--awb-margin-bottom-small:20px;--awb-margin-left-small:0px;--awb-font-size:50px;\"><h1 class=\"fusion-title-heading title-heading-center fusion-responsive-typography-calculated\" style=\"margin:0;font-size:1em;--fontSize:50;line-height:1.2;\">Pol\u00edticas de seguridad<\/h1><\/div><div class=\"fusion-sep-clear\"><\/div><div class=\"fusion-separator fusion-full-width-sep\" style=\"margin-left: auto;margin-right: auto;margin-bottom:4%;width:100%;\"><\/div><div class=\"fusion-sep-clear\"><\/div><div class=\"fusion-button-wrapper fusion-aligncenter\"><a class=\"fusion-button button-flat fusion-button-default-size button-custom fusion-button-default button-2 fusion-button-default-span fusion-button-default-type fusion-animated\" style=\"--button_accent_color:#181818;--button_border_color:#181818;--button_accent_hover_color:#181818;--button_border_hover_color:#ffffff;--button_gradient_top_color:rgba(255,255,255,0);--button_gradient_bottom_color:rgba(255,255,255,0);--button_gradient_top_color_hover:#ffffff;--button_gradient_bottom_color_hover:#ffffff;\" data-animationType=\"fadeInLeft\" data-animationDuration=\"0.3\" data-animationOffset=\"top-into-view\" target=\"_blank\" rel=\"noopener noreferrer\" href=\"https:\/\/www.comisionporlamemoria.org\/informeanual2023\/wp-content\/uploads\/sites\/16\/sites\/40\/2023\/08\/3-Politicas-de-seguridad.pdf\"><span class=\"fusion-button-text awb-button__text awb-button__text--default\">Descargar secci\u00f3n completa en PDF<\/span><i class=\"fa-download fas awb-button__icon awb-button__icon--default button-icon-right\" aria-hidden=\"true\"><\/i><\/a><\/div><\/div><\/div><div class=\"fusion-clearfix\"><\/div><\/div><\/div><\/div><\/div><\/div><div class=\"fusion-fullwidth fullwidth-box fusion-builder-row-2 nonhundred-percent-fullwidth non-hundred-percent-height-scrolling\" style=\"--awb-border-radius-top-left:0px;--awb-border-radius-top-right:0px;--awb-border-radius-bottom-right:0px;--awb-border-radius-bottom-left:0px;--awb-margin-top:5%;--awb-margin-bottom:2%;--awb-flex-wrap:wrap;\" ><div class=\"fusion-builder-row fusion-row\"><div class=\"fusion-layout-column fusion_builder_column fusion-builder-column-2 fusion_builder_column_1_1 1_1 fusion-one-full fusion-column-first fusion-column-last\" style=\"--awb-padding-top:2%;--awb-padding-right:2%;--awb-padding-bottom:2%;--awb-padding-left:2%;--awb-bg-size:cover;--awb-border-color:#181818;--awb-border-top:2px;--awb-border-right:2px;--awb-border-bottom:2px;--awb-border-left:2px;--awb-border-style:solid;\"><div class=\"fusion-column-wrapper fusion-column-has-shadow fusion-flex-column-wrapper-legacy\"><div class=\"fusion-title title fusion-title-3 fusion-sep-none fusion-title-text fusion-title-size-five\" style=\"--awb-margin-top-small:0px;--awb-margin-right-small:0px;--awb-margin-bottom-small:20px;--awb-margin-left-small:0px;\"><h5 class=\"fusion-title-heading title-heading-left fusion-responsive-typography-calculated\" style=\"margin:0;--fontSize:20;--minFontSize:20;line-height:1.5;\">SOBRE ESTA SECCI\u00d3N<\/h5><\/div><div class=\"fusion-text fusion-text-3 fusion-animated\" data-animationType=\"fadeInLeft\" data-animationDuration=\"0.3\" data-animationOffset=\"top-into-view\"><p style=\"text-align: justify;\"><strong>Seguridad<\/strong><\/p>\n<p style=\"text-align: justify;\">En 2022, en el marco de nuestra tarea de monitoreo, intervenimos en 428 casos de violencia policial que involucraron a 590 v\u00edctimas individuales, y en 74 hechos con v\u00edctimas colectivas e indeterminadas.<\/p>\n<p style=\"text-align: justify;\">De las v\u00edctimas respecto de las cuales se pudo obtener el dato de la edad, el 75% eran personas mayores de 18 a\u00f1os y el 25% fueron ni\u00f1os, ni\u00f1as o j\u00f3venes menores de 18.<\/p>\n<p style=\"text-align: justify;\">Se registraron 982 pr\u00e1cticas policiales, destacando que un caso puede implicar m\u00e1s de una pr\u00e1ctica y v\u00edctima. Del total, la violencia f\u00edsica sigue siendo la pr\u00e1ctica m\u00e1s denunciada, representando el 25%; la segunda categor\u00eda se refiere a las gravosas condiciones de detenci\u00f3n en comisar\u00edas, ubic\u00e1ndose en tercer lugar los casos de uso letal de la fuerza, con un 9%. Si sumamos las categor\u00edas que representan las pr\u00e1cticas m\u00e1s frecuentes en la intervenci\u00f3n policial cotidiana (violencia f\u00edsica y verbal, detenci\u00f3n arbitraria, amenazas y hostigamiento), estas representan el 73% de los casos abordados.<\/p>\n<p style=\"text-align: justify;\">En el 91% de los casos, la fuerza involucrada fue la polic\u00eda de la Provincia de Buenos Aires, seguida por la Polic\u00eda de la Ciudad Aut\u00f3noma (4%), Polic\u00eda Federal (3%) y Gendarmer\u00eda (1%). El restante 1% estuvo representado por casos que involucraron a la Prefectura Naval y dispositivos municipales de seguridad.<\/p>\n<p style=\"text-align: justify;\"><strong>Uso letal de la fuerza<\/strong><\/p>\n<p style=\"text-align: justify;\">Durante 2022 disminuyeron los casos registrados de uso letal de la fuerza, que pasaron de 130 en 2021 a 90 en 2022, 40 casos menos que implicaron una baja del 31%. Si bien el promedio anual en los 7 a\u00f1os que llevamos registrados (2016-2022) es de 120 casos, y esta disminuci\u00f3n no modifica sustancialmente el promedio de la serie (se sigue registrando una muerte cada 3 d\u00edas), ser\u00eda un dato relevante si se constituyera en una tendencia descendente.<\/p>\n<p style=\"text-align: justify;\">Durante ese periodo se relevaron 843 casos de uso letal de la fuerza, como se dijo, un promedio de 120 por a\u00f1o. El promedio de edad de las v\u00edctimas es de 27 a\u00f1os, y 118 v\u00edctimas ten\u00edan menos de 18 a\u00f1os. El 62% de las muertes se produjeron -seg\u00fan la fuente- ante el supuesto robo o intento de robo de bienes materiales, en su gran mayor\u00eda de los propios agentes policiales. Solamente el 1% de los casos fue en circunstancias donde estaba en riesgo la vida de otra persona.<\/p>\n<p style=\"text-align: justify;\">Se registraron 30 femicidios y 7 femicidios vinculados; 29 de 34 polic\u00edas femicidas se encontraban en actividad al momento de cometer la muerte.<\/p>\n<p style=\"text-align: justify;\">En el 66% de los casos el\/la agente que provoc\u00f3 la muerte estaba fuera de servicio, es decir fuera de su horario laboral.<\/p>\n<p style=\"text-align: justify;\">Por ello, ser\u00eda relevante que la Provincia avance en un protocolo para el uso razonable de la fuerza policial y en la regulaci\u00f3n vinculada al estado policial y la portaci\u00f3n de armas de fuego cuando los polic\u00edas est\u00e1n fuera de servicio.<\/p>\n<p style=\"text-align: justify;\">En 2022 registramos 90 muertes por uso letal de la fuerza. En sinton\u00eda con los datos para el periodo, en 52 de los 90 casos la muerte se produjo en conflictos asociados a la sustracci\u00f3n de bienes personales. Es decir que todas esas muertes se generaron para la preservaci\u00f3n de bienes materiales.<\/p>\n<p style=\"text-align: justify;\">El patrullero (3 casos) se constituye como otro importante medio de producci\u00f3n de la muerte. Podemos afirmar que el m\u00f3vil est\u00e1 siendo utilizado por fuera de los criterios de razonabilidad, proporcionalidad y m\u00ednima lesividad, m\u00e1xime considerando que no es un elemento dise\u00f1ado para producir letalidad.<\/p>\n<p style=\"text-align: justify;\"><strong>El encierro en comisar\u00edas<\/strong><\/p>\n<p style=\"text-align: justify;\">El alojamiento irregular de personas en dependencias policiales de la Provincia en condiciones inhumanas y degradantes constituye una de las m\u00e1s graves violaciones a los derechos humanos que acontecen en forma sistem\u00e1tica y al alcance de la vista de todos los poderes del Estado.<\/p>\n<p style=\"text-align: justify;\">La sobrepoblaci\u00f3n en comisar\u00edas fue constante durante 2022; si bien a diciembre de este a\u00f1o hab\u00eda 3.948 personas detenidas (un 11% menos que en diciembre de 2021), el promedio anual fue de 4.327 personas y la cifra m\u00e1xima fue de 4.692 en enero. En los \u00faltimos 10 a\u00f1os la poblaci\u00f3n detenida aument\u00f3 un 147%.<\/p>\n<p style=\"text-align: justify;\">A diciembre de 2022 hab\u00eda 277 comisar\u00edas que alojaban personas con una capacidad oficial de 1.300 personas, es decir que el nivel de sobrepoblaci\u00f3n alcanz\u00f3 el 212% en diciembre, mientras que el promedio anual fue de 232%. A este nivel de sobrepoblaci\u00f3n se suma que de todas las dependencias que alojaban personas a diciembre, el 34% (105) estaban clausuradas pese a lo cual alojaban al 36% del total de personas detenidas.<\/p>\n<p style=\"text-align: justify;\">En relaci\u00f3n a las comisar\u00edas cauteladas por la CIDH, disminuci\u00f3n de la poblaci\u00f3n en el a\u00f1o, para llegar a diciembre de 2022 con 5 de las 21 comisar\u00edas cauteladas alojando 20 personas detenidas. Aunque la poblaci\u00f3n alojada en estas comisar\u00edas tuvo una disminuci\u00f3n entre 2021 y 2022, en los primeros meses de 2023 la tendencia registra un crecimiento (96 personas).<\/p>\n<p style=\"text-align: justify;\">En 2022 se realizaron inspecciones a 36 comisar\u00edas de la Provincia y se presentaron 16 acciones colectivas; en algunos casos, el factor preponderante que motiv\u00f3 la presentaci\u00f3n colectiva tuvo que ver con situaciones de hacinamiento.<\/p>\n<p style=\"text-align: justify;\">Como rasgos generales, se destacan la precariedad edilicia (humedad, filtraciones, paredes descascaradas, carencia de sanitarios, instalaciones el\u00e9ctricas precarias), alimentaci\u00f3n deficiente o nula, falta de atenci\u00f3n m\u00e9dica, falta de medicaci\u00f3n, inexistencia de instancias recreativas, imposibilidad de comunicaci\u00f3n telef\u00f3nica con familiares o instancias judiciales, restricciones de g\u00e9nero en las visitas y condiciones de hacinamiento y aislamiento colectivo permanente, nulo acceso a la luz solar y la ventilaci\u00f3n.<\/p>\n<p style=\"text-align: justify;\">El riesgo para la vida y la integridad sigue latente en las dependencias policiales. Durante 2022 murieron al menos 25 personas en comisar\u00edas bonaerenses, casi la mitad de las muertes ocurrieron en comisar\u00edas clausuradas.<\/p>\n<p style=\"text-align: justify;\">De las 25 muertes registradas, 13 fueron por ahorcamiento, 6 por problemas de salud y 6 por causa desconocida. Si bien la causa de muerte es una variable dif\u00edcil de analizar debido a las falencias de la informaci\u00f3n suministrada por las distintas agencias estatales, es significativa la cantidad de casos registrados bajo la hip\u00f3tesis de suicidio.<\/p>\n<p style=\"text-align: justify;\">Las muertes que se presentan como suicidios (generalmente por ahorcamiento) plantean al menos dos hip\u00f3tesis. Una pone en juego la falta de cuidado y la obligaci\u00f3n estatal de garantizar la integridad f\u00edsica y la vida de las personas detenidas. En este punto revisten particular gravedad casos en los que se detectaban indicadores evidentes de alg\u00fan padecimiento de salud mental pero no se adoptaron los recaudos necesarios para evitar los suicidios.<\/p>\n<p style=\"text-align: justify;\">La segunda hip\u00f3tesis que aparece ante estos casos es que se trate de homicidios cometidos por los propios agentes policiales y encubiertos bajo el supuesto de suicidio. El hecho de que estas muertes ocurran casi siempre en calabozos de aislamiento y bajo control exclusivo de la polic\u00eda permite suponer que se trata de una hip\u00f3tesis que debiera estar presente en el origen de toda investigaci\u00f3n.<\/p>\n<\/div><div class=\"fusion-clearfix\"><\/div><\/div><\/div><\/div><\/div><div class=\"fusion-fullwidth fullwidth-box fusion-builder-row-3 fusion-flex-container nonhundred-percent-fullwidth non-hundred-percent-height-scrolling\" style=\"--awb-border-radius-top-left:0px;--awb-border-radius-top-right:0px;--awb-border-radius-bottom-right:0px;--awb-border-radius-bottom-left:0px;--awb-flex-wrap:wrap;\" ><div class=\"fusion-builder-row fusion-row fusion-flex-align-items-flex-start fusion-flex-content-wrap\" style=\"max-width:83.2%;margin-left: calc(-4% \/ 2 );margin-right: calc(-4% \/ 2 );\"><div class=\"fusion-layout-column fusion_builder_column fusion-builder-column-3 fusion_builder_column_1_1 1_1 fusion-flex-column\" style=\"--awb-bg-size:cover;--awb-width-large:100%;--awb-margin-top-large:20px;--awb-spacing-right-large:1.92%;--awb-margin-bottom-large:20px;--awb-spacing-left-large:1.92%;--awb-width-medium:100%;--awb-order-medium:0;--awb-spacing-right-medium:1.92%;--awb-spacing-left-medium:1.92%;--awb-width-small:100%;--awb-order-small:0;--awb-spacing-right-small:1.92%;--awb-spacing-left-small:1.92%;\"><div class=\"fusion-column-wrapper fusion-column-has-shadow fusion-flex-justify-content-flex-start fusion-content-layout-column\"><div class=\"fusion-video fusion-youtube\" style=\"--awb-max-width:600px;--awb-max-height:360px;--awb-align-self:center;--awb-width:100%;\"><div class=\"video-shortcode\"><div class=\"fluid-width-video-wrapper\" style=\"padding-top:60%;\" ><iframe title=\"YouTube video player 1\" data-src=\"https:\/\/www.youtube.com\/embed\/80IicOINL44?wmode=transparent&autoplay=0\" width=\"600\" height=\"360\" allowfullscreen allow=\"autoplay; clipboard-write; encrypted-media; gyroscope; picture-in-picture;\" src=\"data:image\/svg+xml;base64,PHN2ZyB3aWR0aD0iMSIgaGVpZ2h0PSIxIiB4bWxucz0iaHR0cDovL3d3dy53My5vcmcvMjAwMC9zdmciPjwvc3ZnPg==\" class=\"lazyload\" data-load-mode=\"1\"><\/iframe><\/div><\/div><\/div><\/div><\/div><\/div><\/div><div class=\"fusion-fullwidth fullwidth-box fusion-builder-row-4 fusion-flex-container nonhundred-percent-fullwidth non-hundred-percent-height-scrolling\" style=\"--awb-border-radius-top-left:0px;--awb-border-radius-top-right:0px;--awb-border-radius-bottom-right:0px;--awb-border-radius-bottom-left:0px;--awb-flex-wrap:wrap;\" ><div class=\"fusion-builder-row fusion-row fusion-flex-align-items-flex-start fusion-flex-content-wrap\" style=\"max-width:83.2%;margin-left: calc(-4% \/ 2 );margin-right: calc(-4% \/ 2 );\"><div class=\"fusion-layout-column fusion_builder_column fusion-builder-column-4 fusion_builder_column_1_1 1_1 fusion-flex-column\" style=\"--awb-bg-size:cover;--awb-width-large:100%;--awb-margin-top-large:20px;--awb-spacing-right-large:1.92%;--awb-margin-bottom-large:20px;--awb-spacing-left-large:1.92%;--awb-width-medium:100%;--awb-order-medium:0;--awb-spacing-right-medium:1.92%;--awb-spacing-left-medium:1.92%;--awb-width-small:100%;--awb-order-small:0;--awb-spacing-right-small:1.92%;--awb-spacing-left-small:1.92%;\"><div class=\"fusion-column-wrapper fusion-column-has-shadow fusion-flex-justify-content-flex-start fusion-content-layout-column\"><div class=\"fusion-text fusion-text-4\">\n<\/div><\/div><\/div><\/div><\/div><\/p>\n","protected":false},"excerpt":{"rendered":"","protected":false},"author":14,"featured_media":3173,"parent":0,"menu_order":0,"comment_status":"closed","ping_status":"closed","template":"100-width.php","meta":{"footnotes":""},"class_list":["post-2523","page","type-page","status-publish","has-post-thumbnail","hentry"],"_links":{"self":[{"href":"https:\/\/www.comisionporlamemoria.org\/informeanual2023\/wp-json\/wp\/v2\/pages\/2523","targetHints":{"allow":["GET"]}}],"collection":[{"href":"https:\/\/www.comisionporlamemoria.org\/informeanual2023\/wp-json\/wp\/v2\/pages"}],"about":[{"href":"https:\/\/www.comisionporlamemoria.org\/informeanual2023\/wp-json\/wp\/v2\/types\/page"}],"author":[{"embeddable":true,"href":"https:\/\/www.comisionporlamemoria.org\/informeanual2023\/wp-json\/wp\/v2\/users\/14"}],"replies":[{"embeddable":true,"href":"https:\/\/www.comisionporlamemoria.org\/informeanual2023\/wp-json\/wp\/v2\/comments?post=2523"}],"version-history":[{"count":0,"href":"https:\/\/www.comisionporlamemoria.org\/informeanual2023\/wp-json\/wp\/v2\/pages\/2523\/revisions"}],"wp:featuredmedia":[{"embeddable":true,"href":"https:\/\/www.comisionporlamemoria.org\/informeanual2023\/wp-json\/wp\/v2\/media\/3173"}],"wp:attachment":[{"href":"https:\/\/www.comisionporlamemoria.org\/informeanual2023\/wp-json\/wp\/v2\/media?parent=2523"}],"curies":[{"name":"wp","href":"https:\/\/api.w.org\/{rel}","templated":true}]}}