{"id":2534,"date":"2021-07-21T11:01:11","date_gmt":"2021-07-21T11:01:11","guid":{"rendered":"https:\/\/www.comisionporlamemoria.org\/informeanual2024\/?page_id=2534"},"modified":"2024-09-24T14:57:49","modified_gmt":"2024-09-24T17:57:49","slug":"seccion-politicas-penitenciarias","status":"publish","type":"page","link":"https:\/\/www.comisionporlamemoria.org\/informeanual2024\/seccion-politicas-penitenciarias\/","title":{"rendered":"Secci\u00f3n Pol\u00edticas penitenciarias"},"content":{"rendered":"<p><div class=\"fusion-fullwidth fullwidth-box fusion-builder-row-1 has-pattern-background has-mask-background hundred-percent-fullwidth hundred-percent-height hundred-percent-height-center-content non-hundred-percent-height-scrolling fusion-equal-height-columns\" style=\"--awb-border-radius-top-left:0px;--awb-border-radius-top-right:0px;--awb-border-radius-bottom-right:0px;--awb-border-radius-bottom-left:0px;--awb-padding-top:0px;--awb-padding-right:0px;--awb-padding-bottom:0px;--awb-padding-left:0px;--awb-flex-wrap:wrap;\" ><div class=\"fusion-fullwidth-center-content\"><div class=\"fusion-builder-row fusion-row\"><div class=\"fusion-layout-column fusion_builder_column fusion-builder-column-0 fusion_builder_column_1_1 1_1 fusion-one-full fusion-column-first fusion-column-last fusion-no-small-visibility fusion-no-medium-visibility fusion-animated\" style=\"--awb-padding-top:20%;--awb-padding-right:12%;--awb-padding-bottom:18%;--awb-padding-left:12%;--awb-bg-size:cover;--awb-margin-top:0px;--awb-margin-bottom:0px;\" data-animationType=\"fadeIn\" data-animationDuration=\"0.8\" data-animationOffset=\"top-into-view\"><div class=\"fusion-column-wrapper fusion-column-has-shadow fusion-flex-column-wrapper-legacy\"><div class=\"fusion-column-content-centered\"><div class=\"fusion-column-content\"><div class=\"fusion-text fusion-text-1 fusion-animated\" style=\"--awb-font-size:20px;\" data-animationType=\"fadeInLeft\" data-animationDuration=\"0.7\" data-animationOffset=\"top-into-view\"><p style=\"text-align: center;\">El sistema de la crueldad XVIII<\/p>\n<\/div><div class=\"fusion-sep-clear\"><\/div><div class=\"fusion-separator\" style=\"margin-left: auto;margin-right: auto;margin-bottom:10%;width:100%;max-width:50%;\"><div class=\"fusion-separator-border sep-single sep-solid\" style=\"--awb-height:20px;--awb-amount:20px;border-color:#d1d1d1;border-top-width:1px;\"><\/div><\/div><div class=\"fusion-sep-clear\"><\/div><div class=\"fusion-title title fusion-title-1 fusion-sep-none fusion-title-center fusion-title-text fusion-title-size-two\" style=\"--awb-margin-top-small:0px;--awb-margin-right-small:0px;--awb-margin-bottom-small:20px;--awb-margin-left-small:0px;--awb-font-size:50px;\"><h2 class=\"fusion-title-heading title-heading-center fusion-responsive-typography-calculated\" style=\"margin:0;font-size:1em;--fontSize:50;line-height:1.28;\">Pol\u00edticas penitenciarias<\/h2><\/div><div class=\"fusion-sep-clear\"><\/div><div class=\"fusion-separator fusion-full-width-sep\" style=\"margin-left: auto;margin-right: auto;margin-bottom:10%;width:100%;\"><\/div><div class=\"fusion-sep-clear\"><\/div><div class=\"fusion-button-wrapper fusion-aligncenter\"><a class=\"fusion-button button-flat fusion-button-default-size button-custom fusion-button-default button-1 fusion-button-default-span fusion-button-default-type\" style=\"--button_accent_color:#181818;--button_border_color:#181818;--button_accent_hover_color:#181818;--button_border_hover_color:#ffffff;--button_gradient_top_color:rgba(255,255,255,0);--button_gradient_bottom_color:rgba(255,255,255,0);--button_gradient_top_color_hover:#ffffff;--button_gradient_bottom_color_hover:#ffffff;\" target=\"_blank\" rel=\"noopener noreferrer\" href=\"https:\/\/www.comisionporlamemoria.org\/informeanual2024\/wp-content\/uploads\/sites\/16\/sites\/42\/2024\/09\/penitenciario.pdf\"><span class=\"fusion-button-text awb-button__text awb-button__text--default\">Descargar secci\u00f3n completa en PDF<\/span><i class=\"fa-download fas awb-button__icon awb-button__icon--default button-icon-right\" aria-hidden=\"true\"><\/i><\/a><\/div><\/div><\/div><div class=\"fusion-clearfix\"><\/div><\/div><\/div><div class=\"fusion-layout-column fusion_builder_column fusion-builder-column-1 fusion_builder_column_1_1 1_1 fusion-one-full fusion-column-first fusion-column-last fusion-no-large-visibility\" style=\"--awb-padding-top:8%;--awb-padding-bottom:8%;--awb-bg-size:cover;--awb-margin-top:0px;--awb-margin-bottom:0px;\"><div class=\"fusion-column-wrapper fusion-column-has-shadow fusion-flex-column-wrapper-legacy\"><div class=\"fusion-column-content-centered\"><div class=\"fusion-column-content\"><div class=\"fusion-text fusion-text-2\"><p style=\"text-align: center;\">Sistema de la crueldad XVIII<\/p>\n<\/div><div class=\"fusion-sep-clear\"><\/div><div class=\"fusion-separator\" style=\"margin-left: auto;margin-right: auto;margin-bottom:8%;width:100%;max-width:50%;\"><div class=\"fusion-separator-border sep-single sep-solid\" style=\"--awb-height:20px;--awb-amount:20px;border-color:#d1d1d1;border-top-width:1px;\"><\/div><\/div><div class=\"fusion-sep-clear\"><\/div><div class=\"fusion-title title fusion-title-2 fusion-sep-none fusion-title-center fusion-title-text fusion-title-size-one\" style=\"--awb-margin-bottom:10%;--awb-margin-top-small:0px;--awb-margin-right-small:0px;--awb-margin-bottom-small:20px;--awb-margin-left-small:0px;--awb-font-size:50px;\"><h1 class=\"fusion-title-heading title-heading-center fusion-responsive-typography-calculated\" style=\"margin:0;font-size:1em;--fontSize:50;line-height:1.2;\">Pol\u00edticas penitenciarias<\/h1><\/div><div class=\"fusion-sep-clear\"><\/div><div class=\"fusion-separator fusion-full-width-sep\" style=\"margin-left: auto;margin-right: auto;margin-bottom:4%;width:100%;\"><\/div><div class=\"fusion-sep-clear\"><\/div><div class=\"fusion-button-wrapper fusion-aligncenter\"><a class=\"fusion-button button-flat fusion-button-default-size button-custom fusion-button-default button-2 fusion-button-default-span fusion-button-default-type fusion-animated\" style=\"--button_accent_color:#181818;--button_border_color:#181818;--button_accent_hover_color:#181818;--button_border_hover_color:#ffffff;--button_gradient_top_color:rgba(255,255,255,0);--button_gradient_bottom_color:rgba(255,255,255,0);--button_gradient_top_color_hover:#ffffff;--button_gradient_bottom_color_hover:#ffffff;\" data-animationType=\"fadeInLeft\" data-animationDuration=\"0.3\" data-animationOffset=\"top-into-view\" target=\"_blank\" rel=\"noopener noreferrer\" href=\"https:\/\/www.comisionporlamemoria.org\/informeanual2024\/wp-content\/uploads\/sites\/16\/sites\/42\/2024\/09\/penitenciario.pdf\"><span class=\"fusion-button-text awb-button__text awb-button__text--default\">Descargar secci\u00f3n completa en PDF<\/span><i class=\"fa-download fas awb-button__icon awb-button__icon--default button-icon-right\" aria-hidden=\"true\"><\/i><\/a><\/div><\/div><\/div><div class=\"fusion-clearfix\"><\/div><\/div><\/div><\/div><\/div><\/div><div class=\"fusion-fullwidth fullwidth-box fusion-builder-row-2 nonhundred-percent-fullwidth non-hundred-percent-height-scrolling\" style=\"--awb-border-radius-top-left:0px;--awb-border-radius-top-right:0px;--awb-border-radius-bottom-right:0px;--awb-border-radius-bottom-left:0px;--awb-margin-top:5%;--awb-margin-bottom:2%;--awb-flex-wrap:wrap;\" ><div class=\"fusion-builder-row fusion-row\"><div class=\"fusion-layout-column fusion_builder_column fusion-builder-column-2 fusion_builder_column_1_1 1_1 fusion-one-full fusion-column-first fusion-column-last\" style=\"--awb-padding-top:2%;--awb-padding-right:2%;--awb-padding-bottom:2%;--awb-padding-left:2%;--awb-bg-size:cover;--awb-border-color:#181818;--awb-border-top:2px;--awb-border-right:2px;--awb-border-bottom:2px;--awb-border-left:2px;--awb-border-style:solid;\"><div class=\"fusion-column-wrapper fusion-column-has-shadow fusion-flex-column-wrapper-legacy\"><div class=\"fusion-title title fusion-title-3 fusion-sep-none fusion-title-text fusion-title-size-five\" style=\"--awb-margin-top-small:0px;--awb-margin-right-small:0px;--awb-margin-bottom-small:20px;--awb-margin-left-small:0px;\"><h5 class=\"fusion-title-heading title-heading-left fusion-responsive-typography-calculated\" style=\"margin:0;--fontSize:20;--minFontSize:20;line-height:1.5;\">SOBRE ESTA SECCI\u00d3N<\/h5><\/div><div class=\"fusion-text fusion-text-3 fusion-animated\" style=\"--awb-content-alignment:justify;\" data-animationType=\"fadeInLeft\" data-animationDuration=\"0.3\" data-animationOffset=\"top-into-view\"><p>Durante 2023 los equipos del Mecanismo Local de Prevenci\u00f3n de la Tortura (MLPT) realizaron 35.910 entrevistas o comunicaciones referidas a 12.382 personas detenidas en c\u00e1rceles o alcaid\u00edas bonaerenses, ya sea con ellas mismas o con familiares, allegados, otros organismos estatales u organizaciones de la sociedad civil. En ese marco, se relevaron 67.75 vulneraciones de derechos: torturas, malos tratos, falta de acceso a la justicia y otras restricciones.<\/p>\n<p>Las graves vulneraciones de derechos humanos registradas en todos los lugares inspeccionados durante el 2023 se dan nuevamente en un contexto de incremento de la poblaci\u00f3n encarcelada, con un total de 52.412 personas -9 % m\u00e1s que en 2022\u2013 y con un nivel de sobrepoblaci\u00f3n superior al 100 %.<\/p>\n<p>Del total de vulneraciones de derechos relevadas, 50.420 son hechos de torturas; como ocurre en los \u00faltimos a\u00f1os, la falta de asistencia a la salud es el tipo de tortura predominante en el encierro carcelario, con 15.977 casos registrados por la CPM, el 32% del total de los hechos de torturas relevados.<\/p>\n<p>La c\u00e1rcel debe pensarse como productora de enfermedades, tanto en su dimensi\u00f3n estructural como en relaci\u00f3n al rol del personal penitenciario y sanitario. A\u00f1o tras a\u00f1o, los informes de la CPM denuncian la vulneraci\u00f3n del derecho a la salud en las c\u00e1rceles bonaerenses, lo que se constituye en una pr\u00e1ctica sistem\u00e1tica de tortura que degrada y somete a las personas detenidas.<\/p>\n<p>Tanto en las sanidades como en los centros de atenci\u00f3n sanitaria (CAS) de diferentes complejos penitenciarios, la atenci\u00f3n sanitaria es deficiente e inadecuada debido a la escasez de profesionales, la falta de presencia efectiva del personal en los establecimientos y la calidad de la asistencia brindada. Adem\u00e1s, en las sanidades se ha relevado falta de provisi\u00f3n de medicamentos e insumos y de acceso a hospitales p\u00fablicos, lo que obstaculiza estudios, tratamientos y curaciones para tratar dolencias y enfermedades. A esta situaci\u00f3n se suma la falta de alimentaci\u00f3n adecuada, de dietas especiales y la afectaci\u00f3n del v\u00ednculo con las familias, que generalmente abastecen de los elementos necesarios para sobrevivir al encierro, como alimentos, medicamentos y productos de limpieza.<\/p>\n<p>Adem\u00e1s del cr\u00edtico estado del sistema sanitario, se perpet\u00faan tras las rejas las degradantes condiciones materiales, la afectaci\u00f3n del v\u00ednculo familiar, el aislamiento, los traslados constantes y gravosos, las requisas vejatorias, la violencia f\u00edsica y la falta de alimentos, entre otros graves problemas.<\/p>\n<p>Este informe incluye casos de brutalidad y sistematicidad de la tortura f\u00edsica, con testimonios de detenidos que padecieron la picana el\u00e9ctrica, golpes y abuso sexual por parte de personal penitenciario.<\/p>\n<p><strong>Mujeres y trans, el disciplinamiento patriarcal en el encierro<\/strong><\/p>\n<p>La poblaci\u00f3n carcelaria crece a\u00f1o a a\u00f1o; sin embargo, en t\u00e9rminos porcentuales, la poblaci\u00f3n de mujeres y personas trans creci\u00f3 en mayor medida, un 15% con respecto a 2022, mientras que la cantidad de varones detenidos creci\u00f3 un 9%. La poblaci\u00f3n de mujeres registra un ascenso sostenido: creci\u00f3 m\u00e1s de 4 veces en los \u00faltimos 22 a\u00f1os.<\/p>\n<p>Al finalizar el a\u00f1o 2023, hab\u00eda 3.042 mujeres y 122 personas trans detenidas en el SPB. Del total, 49 mujeres estaban embarazadas y\/o junto a sus hijos\/as y 33 ni\u00f1os\/as viviendo en la c\u00e1rcel junto a sus madres.<\/p>\n<p>La mayor prisionizaci\u00f3n de las mujeres tiene correlato en la ampliaci\u00f3n de los lugares de encierro; en el \u00faltimo a\u00f1o se destinaron tres nuevos espacios para alojar mujeres, sin embargo el aumento de las plazas no logra resolver la sobrepoblaci\u00f3n que fue del 45%.<\/p>\n<p>Otro problema hist\u00f3rico del SPB es el uso extendido de la prisi\u00f3n preventiva, una problem\u00e1tica que perjudica de modo diferencial a mujeres y personas trans: el 59% de las mujeres y el 77% de las personas trans estaban detenidas sin condena, es decir siendo inocentes para la justicia, mientras que los varones lo estaban en un 50%.<\/p>\n<p>La identidad de g\u00e9nero tiene recibe la violencia en el interior de las c\u00e1rceles con particular nivel de vigilancia y castigo sobre las personas trans, requisas vejatorias y casos de abuso sexual. Como ya se dijo, la salud es el principal factor de vulneraci\u00f3n de derechos; las mujeres \u2013en especial gestantes o madres\u2013 y personas trans enfrentan obst\u00e1culos adicionales para acceder a una atenci\u00f3n m\u00e9dica adecuada. La falta de profesionales especializados, como ginec\u00f3logos y psiquiatras, y la escasez de tratamientos adecuados agravan su salud f\u00edsica y mental.<\/p>\n<p><strong>Muertes bajo custodia del SPB<\/strong><\/p>\n<p>La pr\u00e1ctica sistem\u00e1tica de tortura y otras violencias penitenciarias se combinan para provocar el peor resultado de la c\u00e1rcel: la muerte evitable. Entre 2008 y 2023 se produjeron 2.312 muertes en c\u00e1rceles y alcaid\u00edas bonaerenses, lo que equivale a un promedio de 145 muertes por a\u00f1o y 12 por mes.<\/p>\n<p>Sin embargo, los \u00edndices de muertes en c\u00e1rceles y alcaid\u00edas del SPB tuvieron en 2023 una baja del 17 % respecto al a\u00f1o anterior: 155 muertes frente 188. De las 155 muertes en c\u00e1rceles y alcald\u00edas del SPB registradas: 133 fueron por problemas de salud, 17 suicidios, 3 homicidios y 2 accidentes.<\/p>\n<p>Una vez m\u00e1s, los problemas de salud fueron la causa principal de las muertes en el encierro, con el 85,8% del total. La nula o deficiente atenci\u00f3n m\u00e9dica, la falta de medicamentos o realizaci\u00f3n de estudios diagn\u00f3sticos, las dificultades permanentes para la atenci\u00f3n especializada o extramuros, y todo esto adem\u00e1s mediado en el acceso por el Servicio Penitenciario Bonaerense, nos permite afirmar que la Direcci\u00f3n de Salud Penitenciaria tiene una responsabilidad directa en los elevados n\u00fameros de personas que fallecen por estas razones.<\/p>\n<\/div><div class=\"fusion-clearfix\"><\/div><\/div><\/div><\/div><\/div><div class=\"fusion-fullwidth fullwidth-box fusion-builder-row-3 fusion-flex-container has-pattern-background has-mask-background nonhundred-percent-fullwidth non-hundred-percent-height-scrolling\" style=\"--awb-border-radius-top-left:0px;--awb-border-radius-top-right:0px;--awb-border-radius-bottom-right:0px;--awb-border-radius-bottom-left:0px;--awb-flex-wrap:wrap;\" ><div class=\"fusion-builder-row fusion-row fusion-flex-align-items-flex-start fusion-flex-content-wrap\" style=\"max-width:83.2%;margin-left: calc(-4% \/ 2 );margin-right: calc(-4% \/ 2 );\"><div class=\"fusion-layout-column fusion_builder_column fusion-builder-column-3 fusion_builder_column_1_1 1_1 fusion-flex-column\" style=\"--awb-bg-size:cover;--awb-width-large:100%;--awb-margin-top-large:20px;--awb-spacing-right-large:1.92%;--awb-margin-bottom-large:20px;--awb-spacing-left-large:1.92%;--awb-width-medium:100%;--awb-order-medium:0;--awb-spacing-right-medium:1.92%;--awb-spacing-left-medium:1.92%;--awb-width-small:100%;--awb-order-small:0;--awb-spacing-right-small:1.92%;--awb-spacing-left-small:1.92%;\"><div class=\"fusion-column-wrapper fusion-column-has-shadow fusion-flex-justify-content-flex-start fusion-content-layout-column\"><div class=\"fusion-separator fusion-full-width-sep\" style=\"align-self: center;margin-left: auto;margin-right: auto;width:100%;\"><\/div><\/div><\/div><\/div><\/div><div class=\"fusion-fullwidth fullwidth-box fusion-builder-row-4 fusion-flex-container has-pattern-background has-mask-background nonhundred-percent-fullwidth non-hundred-percent-height-scrolling\" style=\"--awb-border-radius-top-left:0px;--awb-border-radius-top-right:0px;--awb-border-radius-bottom-right:0px;--awb-border-radius-bottom-left:0px;--awb-flex-wrap:wrap;\" ><div class=\"fusion-builder-row fusion-row fusion-flex-align-items-flex-start fusion-flex-justify-content-center fusion-flex-content-wrap\" style=\"max-width:83.2%;margin-left: calc(-4% \/ 2 );margin-right: calc(-4% \/ 2 );\"><div class=\"fusion-layout-column fusion_builder_column fusion-builder-column-4 fusion_builder_column_1_1 1_1 fusion-flex-column\" style=\"--awb-bg-size:cover;--awb-width-large:100%;--awb-margin-top-large:20px;--awb-spacing-right-large:1.92%;--awb-margin-bottom-large:20px;--awb-spacing-left-large:1.92%;--awb-width-medium:100%;--awb-order-medium:0;--awb-spacing-right-medium:1.92%;--awb-spacing-left-medium:1.92%;--awb-width-small:100%;--awb-order-small:0;--awb-spacing-right-small:1.92%;--awb-spacing-left-small:1.92%;\"><div class=\"fusion-column-wrapper fusion-column-has-shadow fusion-flex-justify-content-flex-start fusion-content-layout-column\"><div class=\"fusion-video fusion-youtube yt-width-responsive\" style=\"--awb-max-width:1500px;--awb-max-height:844px;--awb-align-self:center;--awb-width:100%;\"><div class=\"video-shortcode\"><div class=\"fluid-width-video-wrapper\" style=\"padding-top:56.27%;\" ><iframe title=\"YouTube video player 1\" data-src=\"https:\/\/www.youtube.com\/embed\/MLOkdPhpSxg?wmode=transparent&autoplay=0\" width=\"1500\" height=\"844\" allowfullscreen allow=\"autoplay; clipboard-write; encrypted-media; gyroscope; picture-in-picture;\" src=\"data:image\/svg+xml;base64,PHN2ZyB3aWR0aD0iMSIgaGVpZ2h0PSIxIiB4bWxucz0iaHR0cDovL3d3dy53My5vcmcvMjAwMC9zdmciPjwvc3ZnPg==\" class=\"lazyload\" data-load-mode=\"1\"><\/iframe><\/div><\/div><\/div><\/div><\/div><\/div><\/div><div class=\"fusion-fullwidth fullwidth-box fusion-builder-row-5 fusion-flex-container has-pattern-background has-mask-background nonhundred-percent-fullwidth non-hundred-percent-height-scrolling\" style=\"--awb-border-radius-top-left:0px;--awb-border-radius-top-right:0px;--awb-border-radius-bottom-right:0px;--awb-border-radius-bottom-left:0px;--awb-flex-wrap:wrap;\" ><div class=\"fusion-builder-row fusion-row fusion-flex-align-items-flex-start fusion-flex-content-wrap\" style=\"max-width:83.2%;margin-left: calc(-4% \/ 2 );margin-right: calc(-4% \/ 2 );\"><div class=\"fusion-layout-column fusion_builder_column fusion-builder-column-5 fusion_builder_column_1_1 1_1 fusion-flex-column\" style=\"--awb-bg-size:cover;--awb-width-large:100%;--awb-margin-top-large:20px;--awb-spacing-right-large:1.92%;--awb-margin-bottom-large:20px;--awb-spacing-left-large:1.92%;--awb-width-medium:100%;--awb-order-medium:0;--awb-spacing-right-medium:1.92%;--awb-spacing-left-medium:1.92%;--awb-width-small:100%;--awb-order-small:0;--awb-spacing-right-small:1.92%;--awb-spacing-left-small:1.92%;\"><div class=\"fusion-column-wrapper fusion-column-has-shadow fusion-flex-justify-content-flex-start fusion-content-layout-column\"><div class=\"fusion-separator fusion-full-width-sep\" style=\"align-self: center;margin-left: auto;margin-right: auto;width:100%;\"><\/div><\/div><\/div><\/div><\/div><div class=\"fusion-fullwidth fullwidth-box fusion-builder-row-6 fusion-flex-container has-pattern-background has-mask-background nonhundred-percent-fullwidth non-hundred-percent-height-scrolling\" style=\"--awb-border-radius-top-left:0px;--awb-border-radius-top-right:0px;--awb-border-radius-bottom-right:0px;--awb-border-radius-bottom-left:0px;--awb-flex-wrap:wrap;\" ><div class=\"fusion-builder-row fusion-row fusion-flex-align-items-flex-start fusion-flex-justify-content-center fusion-flex-content-wrap\" style=\"max-width:83.2%;margin-left: calc(-4% \/ 2 );margin-right: calc(-4% \/ 2 );\"><div class=\"fusion-layout-column fusion_builder_column fusion-builder-column-6 fusion_builder_column_1_1 1_1 fusion-flex-column\" style=\"--awb-bg-size:cover;--awb-width-large:100%;--awb-margin-top-large:20px;--awb-spacing-right-large:1.92%;--awb-margin-bottom-large:20px;--awb-spacing-left-large:1.92%;--awb-width-medium:100%;--awb-order-medium:0;--awb-spacing-right-medium:1.92%;--awb-spacing-left-medium:1.92%;--awb-width-small:100%;--awb-order-small:0;--awb-spacing-right-small:1.92%;--awb-spacing-left-small:1.92%;\"><div class=\"fusion-column-wrapper fusion-column-has-shadow fusion-flex-justify-content-flex-start fusion-content-layout-column\"><div class=\"fusion-video fusion-youtube yt-width-responsive\" style=\"--awb-max-width:1500px;--awb-max-height:844px;--awb-align-self:center;--awb-width:100%;\"><div class=\"video-shortcode\"><div class=\"fluid-width-video-wrapper\" style=\"padding-top:56.27%;\" ><iframe title=\"YouTube video player 2\" data-src=\"https:\/\/www.youtube.com\/embed\/DUf8Otjbzs8?wmode=transparent&autoplay=0\" width=\"1500\" height=\"844\" allowfullscreen allow=\"autoplay; clipboard-write; encrypted-media; gyroscope; picture-in-picture;\" src=\"data:image\/svg+xml;base64,PHN2ZyB3aWR0aD0iMSIgaGVpZ2h0PSIxIiB4bWxucz0iaHR0cDovL3d3dy53My5vcmcvMjAwMC9zdmciPjwvc3ZnPg==\" class=\"lazyload\" data-load-mode=\"1\"><\/iframe><\/div><\/div><\/div><\/div><\/div><\/div><\/div><div class=\"fusion-fullwidth fullwidth-box fusion-builder-row-7 fusion-flex-container has-pattern-background has-mask-background nonhundred-percent-fullwidth non-hundred-percent-height-scrolling\" style=\"--awb-border-radius-top-left:0px;--awb-border-radius-top-right:0px;--awb-border-radius-bottom-right:0px;--awb-border-radius-bottom-left:0px;--awb-flex-wrap:wrap;\" ><div class=\"fusion-builder-row fusion-row fusion-flex-align-items-flex-start fusion-flex-content-wrap\" style=\"max-width:83.2%;margin-left: calc(-4% \/ 2 );margin-right: calc(-4% \/ 2 );\"><div class=\"fusion-layout-column fusion_builder_column fusion-builder-column-7 fusion_builder_column_1_1 1_1 fusion-flex-column\" style=\"--awb-bg-size:cover;--awb-width-large:100%;--awb-margin-top-large:20px;--awb-spacing-right-large:1.92%;--awb-margin-bottom-large:20px;--awb-spacing-left-large:1.92%;--awb-width-medium:100%;--awb-order-medium:0;--awb-spacing-right-medium:1.92%;--awb-spacing-left-medium:1.92%;--awb-width-small:100%;--awb-order-small:0;--awb-spacing-right-small:1.92%;--awb-spacing-left-small:1.92%;\"><div class=\"fusion-column-wrapper fusion-column-has-shadow fusion-flex-justify-content-flex-start fusion-content-layout-column\"><div class=\"fusion-separator fusion-full-width-sep\" style=\"align-self: center;margin-left: auto;margin-right: auto;width:100%;\"><\/div><\/div><\/div><\/div><\/div><div class=\"fusion-fullwidth fullwidth-box fusion-builder-row-8 fusion-flex-container nonhundred-percent-fullwidth non-hundred-percent-height-scrolling\" style=\"--awb-border-radius-top-left:0px;--awb-border-radius-top-right:0px;--awb-border-radius-bottom-right:0px;--awb-border-radius-bottom-left:0px;--awb-flex-wrap:wrap;\" ><div class=\"fusion-builder-row fusion-row fusion-flex-align-items-flex-start fusion-flex-content-wrap\" style=\"max-width:83.2%;margin-left: calc(-4% \/ 2 );margin-right: calc(-4% \/ 2 );\"><div class=\"fusion-layout-column fusion_builder_column fusion-builder-column-8 fusion_builder_column_1_1 1_1 fusion-flex-column\" style=\"--awb-bg-size:cover;--awb-width-large:100%;--awb-margin-top-large:20px;--awb-spacing-right-large:1.92%;--awb-margin-bottom-large:20px;--awb-spacing-left-large:1.92%;--awb-width-medium:100%;--awb-order-medium:0;--awb-spacing-right-medium:1.92%;--awb-spacing-left-medium:1.92%;--awb-width-small:100%;--awb-order-small:0;--awb-spacing-right-small:1.92%;--awb-spacing-left-small:1.92%;\"><div class=\"fusion-column-wrapper fusion-column-has-shadow fusion-flex-justify-content-flex-start fusion-content-layout-column\"><div class=\"fusion-text fusion-text-4\">\n<\/div><\/div><\/div><\/div><\/div><\/p>\n","protected":false},"excerpt":{"rendered":"","protected":false},"author":14,"featured_media":3229,"parent":0,"menu_order":0,"comment_status":"closed","ping_status":"closed","template":"100-width.php","meta":{"footnotes":""},"class_list":["post-2534","page","type-page","status-publish","has-post-thumbnail","hentry"],"_links":{"self":[{"href":"https:\/\/www.comisionporlamemoria.org\/informeanual2024\/wp-json\/wp\/v2\/pages\/2534","targetHints":{"allow":["GET"]}}],"collection":[{"href":"https:\/\/www.comisionporlamemoria.org\/informeanual2024\/wp-json\/wp\/v2\/pages"}],"about":[{"href":"https:\/\/www.comisionporlamemoria.org\/informeanual2024\/wp-json\/wp\/v2\/types\/page"}],"author":[{"embeddable":true,"href":"https:\/\/www.comisionporlamemoria.org\/informeanual2024\/wp-json\/wp\/v2\/users\/14"}],"replies":[{"embeddable":true,"href":"https:\/\/www.comisionporlamemoria.org\/informeanual2024\/wp-json\/wp\/v2\/comments?post=2534"}],"version-history":[{"count":0,"href":"https:\/\/www.comisionporlamemoria.org\/informeanual2024\/wp-json\/wp\/v2\/pages\/2534\/revisions"}],"wp:featuredmedia":[{"embeddable":true,"href":"https:\/\/www.comisionporlamemoria.org\/informeanual2024\/wp-json\/wp\/v2\/media\/3229"}],"wp:attachment":[{"href":"https:\/\/www.comisionporlamemoria.org\/informeanual2024\/wp-json\/wp\/v2\/media?parent=2534"}],"curies":[{"name":"wp","href":"https:\/\/api.w.org\/{rel}","templated":true}]}}