{"id":2513,"date":"2021-07-20T21:14:48","date_gmt":"2021-07-20T21:14:48","guid":{"rendered":"https:\/\/www.comisionporlamemoria.org\/informeanual2025\/?page_id=2513"},"modified":"2025-08-09T13:13:26","modified_gmt":"2025-08-09T16:13:26","slug":"politica-criminal","status":"publish","type":"page","link":"https:\/\/www.comisionporlamemoria.org\/informeanual2025\/politica-criminal\/","title":{"rendered":"Pol\u00edtica criminal"},"content":{"rendered":"<p><div class=\"fusion-fullwidth fullwidth-box fusion-builder-row-1 has-pattern-background has-mask-background hundred-percent-fullwidth hundred-percent-height hundred-percent-height-center-content non-hundred-percent-height-scrolling fusion-equal-height-columns\" style=\"--awb-border-radius-top-left:0px;--awb-border-radius-top-right:0px;--awb-border-radius-bottom-right:0px;--awb-border-radius-bottom-left:0px;--awb-padding-top:0px;--awb-padding-right:0px;--awb-padding-bottom:0px;--awb-padding-left:0px;--awb-flex-wrap:wrap;\" ><div class=\"fusion-fullwidth-center-content\"><div class=\"fusion-builder-row fusion-row\"><div class=\"fusion-layout-column fusion_builder_column fusion-builder-column-0 fusion_builder_column_1_1 1_1 fusion-one-full fusion-column-first fusion-column-last fusion-no-small-visibility fusion-no-medium-visibility fusion-animated\" style=\"--awb-padding-top:20%;--awb-padding-right:12%;--awb-padding-bottom:18%;--awb-padding-left:12%;--awb-bg-size:cover;--awb-margin-top:0px;--awb-margin-bottom:0px;\" data-animationType=\"fadeIn\" data-animationDuration=\"0.8\" data-animationOffset=\"top-into-view\"><div class=\"fusion-column-wrapper fusion-column-has-shadow fusion-flex-column-wrapper-legacy\"><div class=\"fusion-column-content-centered\"><div class=\"fusion-column-content\"><div class=\"fusion-text fusion-text-1 fusion-animated\" style=\"--awb-font-size:20px;\" data-animationType=\"fadeInLeft\" data-animationDuration=\"0.7\" data-animationOffset=\"top-into-view\"><p style=\"text-align: center;\">El sistema de la crueldad XIX<\/p>\n<\/div><div class=\"fusion-sep-clear\"><\/div><div class=\"fusion-separator\" style=\"margin-left: auto;margin-right: auto;margin-bottom:10%;width:100%;max-width:50%;\"><div class=\"fusion-separator-border sep-single sep-solid\" style=\"--awb-height:20px;--awb-amount:20px;border-color:#d1d1d1;border-top-width:1px;\"><\/div><\/div><div class=\"fusion-sep-clear\"><\/div><div class=\"fusion-title title fusion-title-1 fusion-sep-none fusion-title-center fusion-title-text fusion-title-size-two\" style=\"--awb-margin-top-small:0px;--awb-margin-right-small:0px;--awb-margin-bottom-small:20px;--awb-margin-left-small:0px;--awb-font-size:50px;\"><h2 class=\"fusion-title-heading title-heading-center fusion-responsive-typography-calculated\" style=\"margin:0;font-size:1em;--fontSize:50;line-height:1.28;\">Pol\u00edtica criminal<\/h2><\/div><div class=\"fusion-sep-clear\"><\/div><div class=\"fusion-separator fusion-full-width-sep\" style=\"margin-left: auto;margin-right: auto;margin-bottom:10%;width:100%;\"><\/div><div class=\"fusion-sep-clear\"><\/div><div class=\"fusion-button-wrapper fusion-aligncenter\"><a class=\"fusion-button button-flat fusion-button-default-size button-custom fusion-button-default button-1 fusion-button-default-span fusion-button-default-type\" style=\"--button_accent_color:#181818;--button_border_color:#181818;--button_accent_hover_color:#181818;--button_border_hover_color:#ffffff;--button_gradient_top_color:rgba(255,255,255,0);--button_gradient_bottom_color:rgba(255,255,255,0);--button_gradient_top_color_hover:#ffffff;--button_gradient_bottom_color_hover:#ffffff;\" target=\"_blank\" rel=\"noopener noreferrer\" href=\"https:\/\/www.comisionporlamemoria.org\/informeanual2025\/wp-content\/uploads\/sites\/16\/sites\/43\/2025\/08\/politicacriminal.pdf\"><span class=\"fusion-button-text awb-button__text awb-button__text--default\">Descargar secci\u00f3n completa en PDF<\/span><i class=\"fa-download fas awb-button__icon awb-button__icon--default button-icon-right\" aria-hidden=\"true\"><\/i><\/a><\/div><\/div><\/div><div class=\"fusion-clearfix\"><\/div><\/div><\/div><div class=\"fusion-layout-column fusion_builder_column fusion-builder-column-1 fusion_builder_column_1_1 1_1 fusion-one-full fusion-column-first fusion-column-last fusion-no-large-visibility\" style=\"--awb-padding-top:8%;--awb-padding-bottom:8%;--awb-bg-size:cover;--awb-margin-top:0px;--awb-margin-bottom:0px;\"><div class=\"fusion-column-wrapper fusion-column-has-shadow fusion-flex-column-wrapper-legacy\"><div class=\"fusion-column-content-centered\"><div class=\"fusion-column-content\"><div class=\"fusion-text fusion-text-2\"><p style=\"text-align: center;\">Sistema de la crueldad XIX<\/p>\n<\/div><div class=\"fusion-sep-clear\"><\/div><div class=\"fusion-separator\" style=\"margin-left: auto;margin-right: auto;margin-bottom:8%;width:100%;max-width:50%;\"><div class=\"fusion-separator-border sep-single sep-solid\" style=\"--awb-height:20px;--awb-amount:20px;border-color:#d1d1d1;border-top-width:1px;\"><\/div><\/div><div class=\"fusion-sep-clear\"><\/div><div class=\"fusion-title title fusion-title-2 fusion-sep-none fusion-title-center fusion-title-text fusion-title-size-one\" style=\"--awb-margin-bottom:10%;--awb-margin-top-small:0px;--awb-margin-right-small:0px;--awb-margin-bottom-small:20px;--awb-margin-left-small:0px;--awb-font-size:50px;\"><h1 class=\"fusion-title-heading title-heading-center fusion-responsive-typography-calculated\" style=\"margin:0;font-size:1em;--fontSize:50;line-height:1.2;\">Pol\u00edtica criminal<\/h1><\/div><div class=\"fusion-sep-clear\"><\/div><div class=\"fusion-separator fusion-full-width-sep\" style=\"margin-left: auto;margin-right: auto;margin-bottom:4%;width:100%;\"><\/div><div class=\"fusion-sep-clear\"><\/div><div class=\"fusion-button-wrapper fusion-aligncenter\"><a class=\"fusion-button button-flat fusion-button-default-size button-custom fusion-button-default button-2 fusion-button-default-span fusion-button-default-type fusion-animated\" style=\"--button_accent_color:#181818;--button_border_color:#181818;--button_accent_hover_color:#181818;--button_border_hover_color:#ffffff;--button_gradient_top_color:rgba(255,255,255,0);--button_gradient_bottom_color:rgba(255,255,255,0);--button_gradient_top_color_hover:#ffffff;--button_gradient_bottom_color_hover:#ffffff;\" data-animationType=\"fadeInLeft\" data-animationDuration=\"0.3\" data-animationOffset=\"top-into-view\" target=\"_blank\" rel=\"noopener noreferrer\" href=\"https:\/\/www.comisionporlamemoria.org\/informeanual2025\/wp-content\/uploads\/sites\/16\/sites\/43\/2025\/08\/politicacriminal.pdf\"><span class=\"fusion-button-text awb-button__text awb-button__text--default\">Descargar secci\u00f3n completa en PDF<\/span><i class=\"fa-download fas awb-button__icon awb-button__icon--default button-icon-right\" aria-hidden=\"true\"><\/i><\/a><\/div><\/div><\/div><div class=\"fusion-clearfix\"><\/div><\/div><\/div><\/div><\/div><\/div><div class=\"fusion-fullwidth fullwidth-box fusion-builder-row-2 nonhundred-percent-fullwidth non-hundred-percent-height-scrolling\" style=\"--awb-border-radius-top-left:0px;--awb-border-radius-top-right:0px;--awb-border-radius-bottom-right:0px;--awb-border-radius-bottom-left:0px;--awb-margin-top:5%;--awb-margin-bottom:2%;--awb-flex-wrap:wrap;\" ><div class=\"fusion-builder-row fusion-row\"><div class=\"fusion-layout-column fusion_builder_column fusion-builder-column-2 fusion_builder_column_1_1 1_1 fusion-one-full fusion-column-first fusion-column-last\" style=\"--awb-padding-top:2%;--awb-padding-right:2%;--awb-padding-bottom:2%;--awb-padding-left:2%;--awb-bg-size:cover;--awb-border-color:#181818;--awb-border-top:2px;--awb-border-right:2px;--awb-border-bottom:2px;--awb-border-left:2px;--awb-border-style:solid;\"><div class=\"fusion-column-wrapper fusion-column-has-shadow fusion-flex-column-wrapper-legacy\"><div class=\"fusion-title title fusion-title-3 fusion-sep-none fusion-title-text fusion-title-size-five\" style=\"--awb-margin-top-small:0px;--awb-margin-right-small:0px;--awb-margin-bottom-small:20px;--awb-margin-left-small:0px;\"><h5 class=\"fusion-title-heading title-heading-left fusion-responsive-typography-calculated\" style=\"margin:0;--fontSize:20;--minFontSize:20;line-height:1.5;\">SOBRE ESTA SECCI\u00d3N<\/h5><\/div><div class=\"fusion-text fusion-text-3 fusion-animated\" style=\"--awb-content-alignment:justify;\" data-animationType=\"fadeInLeft\" data-animationDuration=\"0.3\" data-animationOffset=\"top-into-view\"><p style=\"text-align: justify;\"><span style=\"font-size: 14pt;\"><strong>Pol\u00edtica criminal<\/strong><\/span><\/p>\n<p>Desde hace m\u00e1s de 25 a\u00f1os, la pol\u00edtica criminal en la provincia de Buenos Aires constituye una herramienta estatal central para el control de las poblaciones m\u00e1s pobres y vulneradas. Esta orientaci\u00f3n no ha variado de manera sustancial bajo ninguno de los gobiernos, incluso aquellos que prometieron reformas estructurales del sistema de seguridad. Tal como viene se\u00f1alando la CPM, estas pol\u00edticas se sostienen a pesar de los cambios significativos en gobiernos empe\u00f1ados en diferenciarse notoriamente en la orientaci\u00f3n y perspectiva de otras pol\u00edticas estatales.<\/p>\n<p>La persecuci\u00f3n penal muestra un funcionamiento selectivo y sostenido. En 2024, el Ministerio P\u00fablico Fiscal inici\u00f3 m\u00e1s de un mill\u00f3n de investigaciones penales preparatorias (1.082.502), el valor m\u00e1s alto de la historia. Esto representa una tasa de 8.268 causas cada 100.000 personas adultas, de las cuales m\u00e1s de un tercio fueron por presuntos delitos contra la propiedad.<\/p>\n<p>Estas investigaciones produjeron 47.066 privaciones de libertad convalidadas judicialmente. Esto equivale a 129 privaciones de libertad por d\u00eda. La mayor parte de estas privaciones de libertad se basa en sumarios confeccionados por la polic\u00eda sin intervenci\u00f3n judicial previa, lo que constituye una policializaci\u00f3n de la actividad fiscal. De todas las privaciones de libertad convalidadas por la justicia en 2024, s\u00f3lo el 9% fueron detenciones con orden judicial.<\/p>\n<p>Si se miran las estad\u00edsticas policiales, se hace aun m\u00e1s evidente el desempe\u00f1o de esta maquinaria de persecuci\u00f3n selectiva. Entre el 2019 y el 2023, la polic\u00eda aprehendi\u00f3 en promedio a 295.752 personas adultas por a\u00f1o. Apenas el 14% de ellas fueron privadas de su libertad por imputaci\u00f3n judicial de un delito y solo el 6% ingresaron al Servicio Penitenciario Bonaerense por prisi\u00f3n preventiva o condena. Es decir, cuatro de cada cinco detenciones no fueron validadas por el poder judicial, lo que da cuenta de una pr\u00e1ctica sostenida de control social territorial.<\/p>\n<p>As\u00ed, la pol\u00edtica criminal no se orienta a perseguir delitos complejos ni estructuras delictivas articuladas con sectores pol\u00edtica o econ\u00f3micamente poderosos, sino a criminalizar la pobreza.<\/p>\n<p><strong>Promoci\u00f3n judicial del encierro<\/strong><\/p>\n<p>En 2024 se dictaron 21.164 prisiones preventivas, un 7% m\u00e1s que el a\u00f1o anterior, lo que refleja un aumento continuo en el uso de esta medida. Las personas pasan, en promedio, 444 d\u00edas presas hasta recibir una sentencia de primera instancia. A diciembre de 2024, solo la mitad de las personas detenidas en el Servicio Penitenciario Bonaerense ten\u00eda condena firme; si se analiza por g\u00e9nero, el 61% de las personas trans y el 55% de las mujeres detenidas se encontraban procesadas, frente al 48% de los varones.<\/p>\n<p>La tendencia a una leve disminuci\u00f3n proporcional de personas procesadas es producto de una aceleraci\u00f3n de las condenas por incremento del juicio abreviado: en el \u00faltimo a\u00f1o, 9 de cada 10 sentencias se dictaron por esta v\u00eda. Si se mira la serie hist\u00f3rica, entre 2013 y 2024 las condenas por juicio abreviado aumentaron un 159%.<\/p>\n<p>En el extremo opuesto del sistema penal, el poder judicial aplica excepcionalmente medidas alternativas al encierro desconociendo las reglas de Tokio y otras recomendaciones internacionales y locales. Entre 2017 y 2024, los juzgados de ejecuci\u00f3n penal negaron 8 de cada 10 pedidos de acceso a institutos progresivos de la pena.<\/p>\n<p><strong>Encarcelamiento y sobrepoblaci\u00f3n<\/strong><\/p>\n<p>Estas estad\u00edsticas dan cuenta de un temperamento de la justicia: fiscales y jueces\/zas bonaerenses prefieren la c\u00e1rcel acelerando el ingreso y retrasando el egreso, lo cual redunda en un crecimiento sostenido de la poblaci\u00f3n detenida: entre 2014 y 2024 se pas\u00f3 de 34.000 a m\u00e1s de 61.800 personas privadas de libertad en c\u00e1rceles, alcaid\u00edas, comisar\u00edas y con monitoreo electr\u00f3nico. Esto representa una tasa general de 340 detenidos cada 100.000 habitantes, la m\u00e1s alta de la historia bonaerense y una de las m\u00e1s elevadas del pa\u00eds.<\/p>\n<p>A pesar de la construcci\u00f3n de nuevas unidades \u2014como las m\u00e1s de 6.000 plazas que se sumaron entre 2021 y 2023\u2014, la sobrepoblaci\u00f3n se mantiene como un problema estructural. A fines de 2024, el SPB registraba un nivel de ocupaci\u00f3n del 106%. Cuando se anunci\u00f3 el plan de infraestructura para la construcci\u00f3n de nuevas plazas, la CPM ya hab\u00eda advertido que la decisi\u00f3n no iba a resolver el problema: est\u00e1 demostrado que construir c\u00e1rceles no mejora las condiciones de detenci\u00f3n sino que, al contrario, eleva el piso de encarcelamiento\u201d.<\/p>\n<p>Respecto a las comisar\u00edas, la cantidad de personas detenidas disminuy\u00f3 en los \u00faltimos a\u00f1os (de 4.700 en 2020 a 2.314 en 2024), pero a\u00fan duplica la capacidad formal reconocida (1.284 plazas). Esta reducci\u00f3n se explica, en parte, por la transferencia de detenidos a c\u00e1rceles y alcaid\u00edas, que a su vez incrementa la sobrepoblaci\u00f3n en los lugares de encierro dependientes del SPB.<\/p>\n<p>Las consecuencias de este modelo son claras: vulneraci\u00f3n sistem\u00e1tica de derechos, hacinamiento, violencia estatal, deterioro de condiciones de vida y prolongaci\u00f3n de las detenciones sin juicio ni condena. A pesar de las mesas de trabajo interinstitucionales creadas tras el fallo Verbitsky, la reapertura de la causa ante la Suprema Corte bonaerense en 2022 y las advertencias de organismos internacionales como la CIDH o el Subcomit\u00e9 de Prevenci\u00f3n de la Tortura de la ONU, las transformaciones estructurales a\u00fan no se han concretado.<\/p>\n<p>El diagn\u00f3stico es compartido. Lo que falta son decisiones jurisdiccionales urgentes, categ\u00f3ricas, adecuadas y efectivas para desandar esta crisis humanitaria provocada por la pol\u00edtica criminal de la provincia de Buenos Aires.<\/p>\n<\/div><div class=\"fusion-clearfix\"><\/div><\/div><\/div><\/div><\/div><div class=\"fusion-fullwidth fullwidth-box fusion-builder-row-3 nonhundred-percent-fullwidth non-hundred-percent-height-scrolling\" style=\"--awb-border-radius-top-left:0px;--awb-border-radius-top-right:0px;--awb-border-radius-bottom-right:0px;--awb-border-radius-bottom-left:0px;--awb-padding-top:53px;--awb-padding-bottom:8%;--awb-flex-wrap:wrap;\" ><div class=\"fusion-builder-row fusion-row\"><div class=\"fusion-layout-column fusion_builder_column fusion-builder-column-3 fusion_builder_column_1_1 1_1 fusion-one-full fusion-column-first fusion-column-last fusion-animated\" style=\"--awb-bg-blend:overlay;--awb-bg-size:cover;--awb-border-color:#f1f1f1;--awb-border-bottom:2px;--awb-border-style:solid;\" data-animationType=\"fadeInDown\" data-animationDuration=\"0.8\" data-animationOffset=\"top-into-view\"><div class=\"fusion-column-wrapper fusion-column-has-shadow fusion-flex-column-wrapper-legacy\"><div class=\"fusion-text fusion-text-4\" style=\"--awb-content-alignment:center;\">\n<\/div><div class=\"fusion-clearfix\"><\/div><\/div><\/div><\/div><\/div><\/p>\n","protected":false},"excerpt":{"rendered":"","protected":false},"author":32,"featured_media":3362,"parent":0,"menu_order":0,"comment_status":"closed","ping_status":"closed","template":"100-width.php","meta":{"footnotes":""},"class_list":["post-2513","page","type-page","status-publish","has-post-thumbnail","hentry"],"_links":{"self":[{"href":"https:\/\/www.comisionporlamemoria.org\/informeanual2025\/wp-json\/wp\/v2\/pages\/2513","targetHints":{"allow":["GET"]}}],"collection":[{"href":"https:\/\/www.comisionporlamemoria.org\/informeanual2025\/wp-json\/wp\/v2\/pages"}],"about":[{"href":"https:\/\/www.comisionporlamemoria.org\/informeanual2025\/wp-json\/wp\/v2\/types\/page"}],"author":[{"embeddable":true,"href":"https:\/\/www.comisionporlamemoria.org\/informeanual2025\/wp-json\/wp\/v2\/users\/32"}],"replies":[{"embeddable":true,"href":"https:\/\/www.comisionporlamemoria.org\/informeanual2025\/wp-json\/wp\/v2\/comments?post=2513"}],"version-history":[{"count":0,"href":"https:\/\/www.comisionporlamemoria.org\/informeanual2025\/wp-json\/wp\/v2\/pages\/2513\/revisions"}],"wp:featuredmedia":[{"embeddable":true,"href":"https:\/\/www.comisionporlamemoria.org\/informeanual2025\/wp-json\/wp\/v2\/media\/3362"}],"wp:attachment":[{"href":"https:\/\/www.comisionporlamemoria.org\/informeanual2025\/wp-json\/wp\/v2\/media?parent=2513"}],"curies":[{"name":"wp","href":"https:\/\/api.w.org\/{rel}","templated":true}]}}