{"id":2541,"date":"2021-07-21T11:10:45","date_gmt":"2021-07-21T11:10:45","guid":{"rendered":"https:\/\/www.comisionporlamemoria.org\/informeanual2025\/?page_id=2541"},"modified":"2025-08-14T10:29:58","modified_gmt":"2025-08-14T13:29:58","slug":"seccion-politicas-de-salud-mental","status":"publish","type":"page","link":"https:\/\/www.comisionporlamemoria.org\/informeanual2025\/seccion-politicas-de-salud-mental\/","title":{"rendered":"Secci\u00f3n Pol\u00edticas de salud mental"},"content":{"rendered":"<p><div class=\"fusion-fullwidth fullwidth-box fusion-builder-row-1 has-pattern-background has-mask-background hundred-percent-fullwidth hundred-percent-height hundred-percent-height-center-content non-hundred-percent-height-scrolling fusion-equal-height-columns\" style=\"--awb-border-radius-top-left:0px;--awb-border-radius-top-right:0px;--awb-border-radius-bottom-right:0px;--awb-border-radius-bottom-left:0px;--awb-padding-top:0px;--awb-padding-right:0px;--awb-padding-bottom:0px;--awb-padding-left:0px;--awb-flex-wrap:wrap;\" ><div class=\"fusion-fullwidth-center-content\"><div class=\"fusion-builder-row fusion-row\"><div class=\"fusion-layout-column fusion_builder_column fusion-builder-column-0 fusion_builder_column_1_1 1_1 fusion-one-full fusion-column-first fusion-column-last fusion-no-small-visibility fusion-no-medium-visibility fusion-animated\" style=\"--awb-padding-top:20%;--awb-padding-right:12%;--awb-padding-bottom:18%;--awb-padding-left:12%;--awb-bg-size:cover;--awb-margin-top:0px;--awb-margin-bottom:0px;\" data-animationType=\"fadeIn\" data-animationDuration=\"0.8\" data-animationOffset=\"top-into-view\"><div class=\"fusion-column-wrapper fusion-column-has-shadow fusion-flex-column-wrapper-legacy\"><div class=\"fusion-column-content-centered\"><div class=\"fusion-column-content\"><div class=\"fusion-text fusion-text-1 fusion-animated\" style=\"--awb-font-size:20px;\" data-animationType=\"fadeInLeft\" data-animationDuration=\"0.7\" data-animationOffset=\"top-into-view\"><p style=\"text-align: center;\">El sistema de la crueldad XIX<\/p>\n<\/div><div class=\"fusion-sep-clear\"><\/div><div class=\"fusion-separator\" style=\"margin-left: auto;margin-right: auto;margin-bottom:10%;width:100%;max-width:50%;\"><div class=\"fusion-separator-border sep-single sep-solid\" style=\"--awb-height:20px;--awb-amount:20px;border-color:#d1d1d1;border-top-width:1px;\"><\/div><\/div><div class=\"fusion-sep-clear\"><\/div><div class=\"fusion-title title fusion-title-1 fusion-sep-none fusion-title-center fusion-title-text fusion-title-size-two\" style=\"--awb-margin-top-small:0px;--awb-margin-right-small:0px;--awb-margin-bottom-small:20px;--awb-margin-left-small:0px;--awb-font-size:50px;\"><h2 class=\"fusion-title-heading title-heading-center fusion-responsive-typography-calculated\" style=\"margin:0;font-size:1em;--fontSize:50;line-height:1.28;\">Pol\u00edticas de salud mental<\/h2><\/div><div class=\"fusion-sep-clear\"><\/div><div class=\"fusion-separator fusion-full-width-sep\" style=\"margin-left: auto;margin-right: auto;margin-bottom:10%;width:100%;\"><\/div><div class=\"fusion-sep-clear\"><\/div><div class=\"fusion-button-wrapper fusion-aligncenter\"><a class=\"fusion-button button-flat fusion-button-default-size button-custom fusion-button-default button-1 fusion-button-default-span fusion-button-default-type\" style=\"--button_accent_color:#181818;--button_border_color:#181818;--button_accent_hover_color:#181818;--button_border_hover_color:#ffffff;--button_gradient_top_color:rgba(255,255,255,0);--button_gradient_bottom_color:rgba(255,255,255,0);--button_gradient_top_color_hover:#ffffff;--button_gradient_bottom_color_hover:#ffffff;\" target=\"_blank\" rel=\"noopener noreferrer\" href=\"https:\/\/www.comisionporlamemoria.org\/informeanual2025\/wp-content\/uploads\/sites\/16\/sites\/43\/2025\/08\/saludmental.pdf\"><span class=\"fusion-button-text awb-button__text awb-button__text--default\">Descargar secci\u00f3n completa en PDF<\/span><i class=\"fa-download fas awb-button__icon awb-button__icon--default button-icon-right\" aria-hidden=\"true\"><\/i><\/a><\/div><\/div><\/div><div class=\"fusion-clearfix\"><\/div><\/div><\/div><div class=\"fusion-layout-column fusion_builder_column fusion-builder-column-1 fusion_builder_column_1_1 1_1 fusion-one-full fusion-column-first fusion-column-last fusion-no-large-visibility\" style=\"--awb-padding-top:8%;--awb-padding-bottom:8%;--awb-bg-size:cover;--awb-margin-top:0px;--awb-margin-bottom:0px;\"><div class=\"fusion-column-wrapper fusion-column-has-shadow fusion-flex-column-wrapper-legacy\"><div class=\"fusion-column-content-centered\"><div class=\"fusion-column-content\"><div class=\"fusion-text fusion-text-2\"><p style=\"text-align: center;\">Sistema de la crueldad XIX<\/p>\n<\/div><div class=\"fusion-sep-clear\"><\/div><div class=\"fusion-separator\" style=\"margin-left: auto;margin-right: auto;margin-bottom:8%;width:100%;max-width:50%;\"><div class=\"fusion-separator-border sep-single sep-solid\" style=\"--awb-height:20px;--awb-amount:20px;border-color:#d1d1d1;border-top-width:1px;\"><\/div><\/div><div class=\"fusion-sep-clear\"><\/div><div class=\"fusion-title title fusion-title-2 fusion-sep-none fusion-title-center fusion-title-text fusion-title-size-one\" style=\"--awb-margin-bottom:10%;--awb-margin-top-small:0px;--awb-margin-right-small:0px;--awb-margin-bottom-small:20px;--awb-margin-left-small:0px;--awb-font-size:50px;\"><h1 class=\"fusion-title-heading title-heading-center fusion-responsive-typography-calculated\" style=\"margin:0;font-size:1em;--fontSize:50;line-height:1.2;\">Pol\u00edticas de salud mental<\/h1><\/div><div class=\"fusion-sep-clear\"><\/div><div class=\"fusion-separator fusion-full-width-sep\" style=\"margin-left: auto;margin-right: auto;margin-bottom:4%;width:100%;\"><\/div><div class=\"fusion-sep-clear\"><\/div><div class=\"fusion-button-wrapper fusion-aligncenter\"><a class=\"fusion-button button-flat fusion-button-default-size button-custom fusion-button-default button-2 fusion-button-default-span fusion-button-default-type fusion-animated\" style=\"--button_accent_color:#181818;--button_border_color:#181818;--button_accent_hover_color:#181818;--button_border_hover_color:#ffffff;--button_gradient_top_color:rgba(255,255,255,0);--button_gradient_bottom_color:rgba(255,255,255,0);--button_gradient_top_color_hover:#ffffff;--button_gradient_bottom_color_hover:#ffffff;\" data-animationType=\"fadeInLeft\" data-animationDuration=\"0.3\" data-animationOffset=\"top-into-view\" target=\"_blank\" rel=\"noopener noreferrer\" href=\"https:\/\/www.comisionporlamemoria.org\/informeanual2025\/wp-content\/uploads\/sites\/16\/sites\/43\/2025\/08\/saludmental.pdf\"><span class=\"fusion-button-text awb-button__text awb-button__text--default\">Descargar secci\u00f3n completa en PDF<\/span><i class=\"fa-download fas awb-button__icon awb-button__icon--default button-icon-right\" aria-hidden=\"true\"><\/i><\/a><\/div><\/div><\/div><div class=\"fusion-clearfix\"><\/div><\/div><\/div><\/div><\/div><\/div><div class=\"fusion-fullwidth fullwidth-box fusion-builder-row-2 nonhundred-percent-fullwidth non-hundred-percent-height-scrolling\" style=\"--awb-border-radius-top-left:0px;--awb-border-radius-top-right:0px;--awb-border-radius-bottom-right:0px;--awb-border-radius-bottom-left:0px;--awb-margin-top:5%;--awb-margin-bottom:2%;--awb-flex-wrap:wrap;\" ><div class=\"fusion-builder-row fusion-row\"><div class=\"fusion-layout-column fusion_builder_column fusion-builder-column-2 fusion_builder_column_1_1 1_1 fusion-one-full fusion-column-first fusion-column-last\" style=\"--awb-padding-top:2%;--awb-padding-right:2%;--awb-padding-bottom:2%;--awb-padding-left:2%;--awb-bg-size:cover;--awb-border-color:#181818;--awb-border-top:2px;--awb-border-right:2px;--awb-border-bottom:2px;--awb-border-left:2px;--awb-border-style:solid;\"><div class=\"fusion-column-wrapper fusion-column-has-shadow fusion-flex-column-wrapper-legacy\"><div class=\"fusion-title title fusion-title-3 fusion-sep-none fusion-title-text fusion-title-size-five\" style=\"--awb-margin-top-small:0px;--awb-margin-right-small:0px;--awb-margin-bottom-small:20px;--awb-margin-left-small:0px;\"><h5 class=\"fusion-title-heading title-heading-left fusion-responsive-typography-calculated\" style=\"margin:0;--fontSize:20;--minFontSize:20;line-height:1.5;\">SOBRE ESTA SECCI\u00d3N<\/h5><\/div><div class=\"fusion-text fusion-text-3 fusion-animated\" style=\"--awb-content-alignment:justify;\" data-animationType=\"fadeInLeft\" data-animationDuration=\"0.3\" data-animationOffset=\"top-into-view\"><p>La ley nacional de salud mental es de 2010, ven\u00eda a cambiar el paradigma manicomial y reconocer a las personas con problemas de adicciones o padecimiento de salud mental como sujetos de derechos. En la provincia de Buenos Aires, venimos destacando avances en la implementaci\u00f3n de la ley provincial de salud mental 14.580 mediante pol\u00edticas p\u00fablicas elaboradas e implementadas por la Subsecretar\u00eda de salud mental, consumos problem\u00e1ticos y violencias en el \u00e1mbito de la salud del Ministerio de Salud, en su car\u00e1cter de autoridad de aplicaci\u00f3n de la ley.<\/p>\n<p>En particular se destaca el descenso sostenido de las personas alojadas en los cuatro hospitales monovalentes p\u00fablicos, que esbozan como objetivo la sustituci\u00f3n y cierre de los manicomios. A diciembre de 2024 hab\u00eda 847 internadas en estos hospitales, 1.000 personas menos que en 2018.<\/p>\n<p>Pese a la disminuci\u00f3n, resulta importante destacar como problema transversal y persistente el gran n\u00famero de reinternaciones, lo que muestra que parte de las externaciones no resultan sustentables. Durante 2024 se produjeron 1.008 ingresos de los cuales el 48% (479) fueron reinternaciones.<\/p>\n<p>Los\/as mismos\/as profesionales de la salud mental identificaron como principal obst\u00e1culo la falta de atenci\u00f3n en hospitales generales u otros dispositivos intermedios que permitan sostener un tratamiento ambulatorio y, cuando existen, no hay recursos humanos y materiales necesarios.<\/p>\n<p>En 2024 se registraron 52 fallecimientos en tres de los cuatro hospitales monovalentes p\u00fablicos. El incremento de los fallecimientos junto con la baja de la poblaci\u00f3n podr\u00eda deberse al proceso de desmanicomializaci\u00f3n implementado en estos hospitales: se observa que a\u00fan permanecen internadas personas con una gran cantidad de a\u00f1os de institucionalizaci\u00f3n y, por ende, adultas mayores cuya externaci\u00f3n se dificulta por requerir mayor apoyo. Es decir, las personas cronificadas y que padecen los efectos m\u00e1s graves del manicomio fallecen all\u00ed donde pasaron la mayor parte de su vida.<\/p>\n<p>Si bien la transformaci\u00f3n del modelo de atenci\u00f3n en salud mental sostenida discursivamente por la autoridad de aplicaci\u00f3n de la ley se tradujo en la elaboraci\u00f3n e implementaci\u00f3n de pol\u00edticas p\u00fablicas, destacamos la persistencia de graves vulneraciones de derechos de las que son v\u00edctimas las personas con padecimiento mental alojadas en instituciones manicomiales p\u00fablicas o privadas.<\/p>\n<p>En los monitoreos a estos dispositivos de salud mental observamos malas condiciones materiales y edilicias, sobremedicaci\u00f3n, sujeci\u00f3n mec\u00e1nica, aislamiento e, incluso, casos de violencia sexual. En las cl\u00ednicas privadas la situaci\u00f3n es a\u00fan peor, en parte, por el deficiente e insuficiente control estatal por parte de las autoridades sanitarias.<\/p>\n<p>En las cl\u00ednicas monitoreadas se observo que todas ten\u00edan habilitaciones obsoletas y se relev\u00f3 el predominio del paradigma psiqui\u00e1trico-manicomial y el consecuente incumplimiento de las leyes nacionales de salud mental y de historias cl\u00ednicas.<\/p>\n<p>Adem\u00e1s, se relevaron torturas y malos tratos, violencia verbal y psicol\u00f3gica, pr\u00e1cticas de castigo y disciplinamiento, amenazas, extraterritorialidad del abordaje (personas oriundas de otras provincias o de lugares lejanos), lo que obstaculiza el acceso a un abordaje comunitario. En 2024 se comunicaron un total 366 hechos de tortura y malos tratos en cl\u00ednicas neuropsiqui\u00e1tricas y 12 hechos de sobre-medicaci\u00f3n en cl\u00ednicas neuropsiqui\u00e1tricas.<\/p>\n<p><strong>Comunidades terap\u00e9uticas<\/strong><\/p>\n<p>Las denominadas comunidades terap\u00e9uticas o centros de rehabilitaci\u00f3n son las instituciones m\u00e1s denunciadas por las propias v\u00edctimas, familiares u otros organismos. En estos lugares se relevan las violaciones de derechos m\u00e1s gravosas como torturas y tratos o penas crueles, inhumanas y degradantes. Priman la discrecionalidad, ilegalidad y clandestinidad; en su mayor\u00eda pertenecen al subsector privado y sigue sin conocerse la totalidad de lugares que funcionan bajo esta denominaci\u00f3n en la Provincia.<\/p>\n<p>Actualmente tanto las personas que padecen consumo problem\u00e1tico como su familia deben recurrir a este tipo de instituciones pertenecientes al subsector privado frente a la insuficiente capacidad del Estado de garantizar la accesibilidad a abordajes adecuados. Los responsables de estos lugares se aprovechan de la desesperaci\u00f3n y la situaci\u00f3n de extrema vulnerabilidad y se benefician econ\u00f3micamente cobrando altos montos de dinero sin garantizar condiciones m\u00ednimas de dignidad, y ejecutando pr\u00e1cticas por fuera de todo sustento cient\u00edfico y marco legal.<\/p>\n<p>En los \u00faltimos a\u00f1os relevamos, adem\u00e1s, como pr\u00e1ctica recurrente y sumamente grave el secuestro de personas en su domicilio como modalidad de ingreso a las comunidades terap\u00e9uticas. Los secuestros suelen tener una modalidad similar en todos los casos: un grupo de tres o cuatro personas ingresan al domicilio durante la noche y obligan a las personas en situaci\u00f3n de consumo (bajo coacci\u00f3n, amenaza o violencia f\u00edsica, en muchos casos inyectadas con medicaci\u00f3n sin ninguna prescripci\u00f3n m\u00e9dica) a trasladarse a la comunidad terap\u00e9utica.<\/p>\n<p>La mirada que sostiene este tipo de dispositivos hacia las personas con consumo problem\u00e1tico se apoya en una marcada culpabilizaci\u00f3n y patologizaci\u00f3n de las conductas. El mal llamado tratamiento se fundamenta en el cumplimiento de normas r\u00edgidas, denominada \u201cestructura\u201d, en su gran mayor\u00eda tareas dom\u00e9sticas y de mantenimiento. Esta estructura se apoya en una l\u00f3gica de premios\/castigos: si una persona incumple alguna norma se aplican las llamadas \u201cmedidas\u201d o \u201cconsecuencias\u201d, consistentes en castigos, los m\u00e1s comunes son la sujeci\u00f3n mec\u00e1nica, los golpes, el impedimento del v\u00ednculo familiar y la sobremedicaci\u00f3n: los psicof\u00e1rmacos, molidos o inyectables, se aplican de manera arbitraria y sin control m\u00e9dico.<\/p>\n<p>Adem\u00e1s, estas comunidades funcionan casi sin profesionales de la salud y el tratamiento lo llevan adelante los operadores, personas que atravesaron una situaci\u00f3n de consumo y luego un curso de operador socio-terap\u00e9utico.<\/p>\n<p><strong>C\u00e1rceles neuropsiqui\u00e1tricas<\/strong><\/p>\n<p>La unidad penitenciaria 34 y el anexo femenino de la UP 45 ubicadas en la localidad de Melchor Romero (La Plata) fueron designadas \u201cinstitutos neuropsiqui\u00e1tricos de seguridad. A\u00f1o tras a\u00f1o se relevan en estas c\u00e1rceles graves violaciones de derechos: sobrepoblaci\u00f3n, alojamiento de personas sin criterio de permanencia, aislamiento (aun cuando rige la prohibici\u00f3n de someter a aislamiento a personas con padecimiento mental), faltante de medicaci\u00f3n administrada con la consecuente interrupci\u00f3n en los tratamientos farmacol\u00f3gicos, insuficiencia de personal profesional para atender a las personas alojadas, condiciones materiales inhumanas y alimentaci\u00f3n insuficiente.<\/p>\n<p>En el caso de la UP 34 se se\u00f1ala con especial preocupaci\u00f3n el aumento de fallecimientos, particularmente de suicidios: en 2022 y 2023 se registraron dos suicidios cada a\u00f1o y en 2024 se registraron cinco. Adem\u00e1s, se relev\u00f3 la falta de estrategias de posvenci\u00f3n para las personas alojadas en la unidad cuando suceden suicidios. Estas estrategias son fundamentales para reducir da\u00f1os y mitigar el impacto subjetivo que puede tener dicha experiencia dolorosa en el entorno de la persona fallecida.<\/p>\n<p>Seguimos insistiendo respecto de la necesidad de la articulaci\u00f3n interministerial -espec\u00edficamente con el Ministerio de Salud en su car\u00e1cter de autoridad de aplicaci\u00f3n de la LNSM- a los fines de garantizar un abordaje sanitario conforme a los par\u00e1metros establecidos por la normativa se\u00f1alada con el objetivo de priorizar el criterio de salud por sobre el de seguridad.<\/p>\n<p><strong>Pol\u00edticas en discapacidad<\/strong><\/p>\n<p>Se destaca la grave deficiencia en la elaboraci\u00f3n e implementaci\u00f3n de pol\u00edticas p\u00fablicas que garanticen los derechos de las personas con discapacidad.En t\u00e9rminos generales, la estrategia casi exclusiva es la institucionalizaci\u00f3n. No se evidencia una decisi\u00f3n pol\u00edtica que tienda a elaborar e implementar pol\u00edticas p\u00fablicas, con la consecuente asignaci\u00f3n de recursos, para garantizar que estas personas accedan a su derecho a vivir en comunidad con el apoyo que requieren. De esta manera, se apela a la complejidad de los casos y la necesidad de altos niveles de apoyo como forma de justificar la necesidad de que la persona permanezca institucionalizada en lo que se conoce como hogares especializados.<\/p>\n<p>Las intervenciones y el abordaje se sostienen principalmente en pr\u00e1cticas estandarizadas en detrimento de la trayectoria singular de cada persona y acorde a sus necesidades de apoyo. La insuficiencia de personal de asistencia y equipo profesional no s\u00f3lo afecta las tareas de cuidado sino que impacta directamente en la posibilidad de cada persona de desarrollar las habilidades que le permitan alcanzar el m\u00e1ximo nivel de autonom\u00eda posible con miras a su desinstitucionalizaci\u00f3n e inserci\u00f3n en la comunidad.<\/p>\n<p>Todo esto ocurre en un contexto adem\u00e1s en donde el gobierno nacional llev\u00f3 adelante varias medidas regresivas en materia de derechos de las personas con padecimiento mental o discapacidad que impactaron negativamente en la provincia de Buenos Aires. Se destacan, por su gravedad, el intento de modificaci\u00f3n de la ley 26.657 en el marco de la ley \u00f3mnibus (la sustituci\u00f3n de art\u00edculos troncales de la ley nacional de salud mental que cambiaban su sentido) y el desmantelamiento de la Agencia Nacional de Discapacidad (ANDis) mediante el despido de m\u00e1s de 300 trabajadores\/as.<\/p>\n<\/div><div class=\"fusion-clearfix\"><\/div><\/div><\/div><\/div><\/div><div class=\"fusion-fullwidth fullwidth-box fusion-builder-row-3 fusion-flex-container nonhundred-percent-fullwidth non-hundred-percent-height-scrolling\" style=\"--awb-border-radius-top-left:0px;--awb-border-radius-top-right:0px;--awb-border-radius-bottom-right:0px;--awb-border-radius-bottom-left:0px;--awb-flex-wrap:wrap;\" ><div class=\"fusion-builder-row fusion-row fusion-flex-align-items-flex-start fusion-flex-content-wrap\" style=\"max-width:83.2%;margin-left: calc(-4% \/ 2 );margin-right: calc(-4% \/ 2 );\"><div class=\"fusion-layout-column fusion_builder_column fusion-builder-column-3 fusion_builder_column_1_1 1_1 fusion-flex-column\" style=\"--awb-bg-size:cover;--awb-width-large:100%;--awb-margin-top-large:20px;--awb-spacing-right-large:1.92%;--awb-margin-bottom-large:20px;--awb-spacing-left-large:1.92%;--awb-width-medium:100%;--awb-order-medium:0;--awb-spacing-right-medium:1.92%;--awb-spacing-left-medium:1.92%;--awb-width-small:100%;--awb-order-small:0;--awb-spacing-right-small:1.92%;--awb-spacing-left-small:1.92%;\"><div class=\"fusion-column-wrapper fusion-column-has-shadow fusion-flex-justify-content-flex-start fusion-content-layout-column\"><div class=\"fusion-video fusion-youtube\" style=\"--awb-max-width:1500px;--awb-max-height:844px;\"><div class=\"video-shortcode\"><div class=\"fluid-width-video-wrapper\" style=\"padding-top:56.27%;\" ><iframe title=\"YouTube video player 1\" data-src=\"https:\/\/www.youtube.com\/embed\/EKBRaBpMewU?wmode=transparent&autoplay=0\" width=\"1500\" height=\"844\" allowfullscreen allow=\"autoplay; clipboard-write; encrypted-media; gyroscope; picture-in-picture;\" src=\"data:image\/svg+xml;base64,PHN2ZyB3aWR0aD0iMSIgaGVpZ2h0PSIxIiB4bWxucz0iaHR0cDovL3d3dy53My5vcmcvMjAwMC9zdmciPjwvc3ZnPg==\" class=\"lazyload\" data-load-mode=\"1\"><\/iframe><\/div><\/div><\/div><\/div><\/div><\/div><\/div><div class=\"fusion-fullwidth fullwidth-box fusion-builder-row-4 fusion-flex-container has-pattern-background has-mask-background nonhundred-percent-fullwidth non-hundred-percent-height-scrolling\" style=\"--awb-border-radius-top-left:0px;--awb-border-radius-top-right:0px;--awb-border-radius-bottom-right:0px;--awb-border-radius-bottom-left:0px;--awb-flex-wrap:wrap;\" ><div class=\"fusion-builder-row fusion-row fusion-flex-align-items-flex-start fusion-flex-content-wrap\" style=\"max-width:83.2%;margin-left: calc(-4% \/ 2 );margin-right: calc(-4% \/ 2 );\"><div class=\"fusion-layout-column fusion_builder_column fusion-builder-column-4 fusion_builder_column_1_1 1_1 fusion-flex-column\" style=\"--awb-bg-size:cover;--awb-width-large:100%;--awb-margin-top-large:20px;--awb-spacing-right-large:1.92%;--awb-margin-bottom-large:20px;--awb-spacing-left-large:1.92%;--awb-width-medium:100%;--awb-order-medium:0;--awb-spacing-right-medium:1.92%;--awb-spacing-left-medium:1.92%;--awb-width-small:100%;--awb-order-small:0;--awb-spacing-right-small:1.92%;--awb-spacing-left-small:1.92%;\"><div class=\"fusion-column-wrapper fusion-column-has-shadow fusion-flex-justify-content-flex-start fusion-content-layout-column\"><div class=\"fusion-separator fusion-full-width-sep\" style=\"align-self: center;margin-left: auto;margin-right: auto;width:100%;\"><\/div><\/div><\/div><\/div><\/div><div class=\"fusion-fullwidth fullwidth-box fusion-builder-row-5 fusion-flex-container has-pattern-background has-mask-background nonhundred-percent-fullwidth non-hundred-percent-height-scrolling\" style=\"--awb-border-radius-top-left:0px;--awb-border-radius-top-right:0px;--awb-border-radius-bottom-right:0px;--awb-border-radius-bottom-left:0px;--awb-flex-wrap:wrap;\" ><div class=\"fusion-builder-row fusion-row fusion-flex-align-items-flex-start fusion-flex-content-wrap\" style=\"max-width:83.2%;margin-left: calc(-4% \/ 2 );margin-right: calc(-4% \/ 2 );\"><div class=\"fusion-layout-column fusion_builder_column fusion-builder-column-5 fusion_builder_column_1_1 1_1 fusion-flex-column\" style=\"--awb-bg-size:cover;--awb-width-large:100%;--awb-margin-top-large:20px;--awb-spacing-right-large:1.92%;--awb-margin-bottom-large:20px;--awb-spacing-left-large:1.92%;--awb-width-medium:100%;--awb-order-medium:0;--awb-spacing-right-medium:1.92%;--awb-spacing-left-medium:1.92%;--awb-width-small:100%;--awb-order-small:0;--awb-spacing-right-small:1.92%;--awb-spacing-left-small:1.92%;\"><div class=\"fusion-column-wrapper fusion-column-has-shadow fusion-flex-justify-content-flex-start fusion-content-layout-column\"><div class=\"fusion-video fusion-youtube\" style=\"--awb-max-width:1500px;--awb-max-height:844px;\"><div class=\"video-shortcode\"><div class=\"fluid-width-video-wrapper\" style=\"padding-top:56.27%;\" ><iframe title=\"YouTube video player 2\" data-src=\"https:\/\/www.youtube.com\/embed\/SoT8CmdTeeg?wmode=transparent&autoplay=0\" width=\"1500\" height=\"844\" allowfullscreen allow=\"autoplay; clipboard-write; encrypted-media; gyroscope; picture-in-picture;\" src=\"data:image\/svg+xml;base64,PHN2ZyB3aWR0aD0iMSIgaGVpZ2h0PSIxIiB4bWxucz0iaHR0cDovL3d3dy53My5vcmcvMjAwMC9zdmciPjwvc3ZnPg==\" class=\"lazyload\" data-load-mode=\"1\"><\/iframe><\/div><\/div><\/div><\/div><\/div><\/div><\/div><div class=\"fusion-fullwidth fullwidth-box fusion-builder-row-6 fusion-flex-container nonhundred-percent-fullwidth non-hundred-percent-height-scrolling\" style=\"--awb-border-radius-top-left:0px;--awb-border-radius-top-right:0px;--awb-border-radius-bottom-right:0px;--awb-border-radius-bottom-left:0px;--awb-flex-wrap:wrap;\" ><div class=\"fusion-builder-row fusion-row fusion-flex-align-items-flex-start fusion-flex-content-wrap\" style=\"max-width:83.2%;margin-left: calc(-4% \/ 2 );margin-right: calc(-4% \/ 2 );\"><div class=\"fusion-layout-column fusion_builder_column fusion-builder-column-6 fusion_builder_column_1_1 1_1 fusion-flex-column\" style=\"--awb-bg-size:cover;--awb-width-large:100%;--awb-margin-top-large:20px;--awb-spacing-right-large:1.92%;--awb-margin-bottom-large:20px;--awb-spacing-left-large:1.92%;--awb-width-medium:100%;--awb-order-medium:0;--awb-spacing-right-medium:1.92%;--awb-spacing-left-medium:1.92%;--awb-width-small:100%;--awb-order-small:0;--awb-spacing-right-small:1.92%;--awb-spacing-left-small:1.92%;\"><div class=\"fusion-column-wrapper fusion-column-has-shadow fusion-flex-justify-content-flex-start fusion-content-layout-column\"><div class=\"fusion-text fusion-text-4\">\n<\/div><\/div><\/div><\/div><\/div><\/p>\n","protected":false},"excerpt":{"rendered":"","protected":false},"author":32,"featured_media":3362,"parent":0,"menu_order":0,"comment_status":"closed","ping_status":"closed","template":"100-width.php","meta":{"footnotes":""},"class_list":["post-2541","page","type-page","status-publish","has-post-thumbnail","hentry"],"_links":{"self":[{"href":"https:\/\/www.comisionporlamemoria.org\/informeanual2025\/wp-json\/wp\/v2\/pages\/2541","targetHints":{"allow":["GET"]}}],"collection":[{"href":"https:\/\/www.comisionporlamemoria.org\/informeanual2025\/wp-json\/wp\/v2\/pages"}],"about":[{"href":"https:\/\/www.comisionporlamemoria.org\/informeanual2025\/wp-json\/wp\/v2\/types\/page"}],"author":[{"embeddable":true,"href":"https:\/\/www.comisionporlamemoria.org\/informeanual2025\/wp-json\/wp\/v2\/users\/32"}],"replies":[{"embeddable":true,"href":"https:\/\/www.comisionporlamemoria.org\/informeanual2025\/wp-json\/wp\/v2\/comments?post=2541"}],"version-history":[{"count":0,"href":"https:\/\/www.comisionporlamemoria.org\/informeanual2025\/wp-json\/wp\/v2\/pages\/2541\/revisions"}],"wp:featuredmedia":[{"embeddable":true,"href":"https:\/\/www.comisionporlamemoria.org\/informeanual2025\/wp-json\/wp\/v2\/media\/3362"}],"wp:attachment":[{"href":"https:\/\/www.comisionporlamemoria.org\/informeanual2025\/wp-json\/wp\/v2\/media?parent=2541"}],"curies":[{"name":"wp","href":"https:\/\/api.w.org\/{rel}","templated":true}]}}