{"id":2545,"date":"2021-07-21T11:15:16","date_gmt":"2021-07-21T11:15:16","guid":{"rendered":"https:\/\/www.comisionporlamemoria.org\/informeanual2025\/?page_id=2545"},"modified":"2025-08-12T14:39:05","modified_gmt":"2025-08-12T17:39:05","slug":"seccion-politicas-de-justicia","status":"publish","type":"page","link":"https:\/\/www.comisionporlamemoria.org\/informeanual2025\/seccion-politicas-de-justicia\/","title":{"rendered":"Secci\u00f3n Pol\u00edticas de justicia"},"content":{"rendered":"<p><div class=\"fusion-fullwidth fullwidth-box fusion-builder-row-1 has-pattern-background has-mask-background hundred-percent-fullwidth hundred-percent-height hundred-percent-height-center-content non-hundred-percent-height-scrolling fusion-equal-height-columns\" style=\"--awb-border-radius-top-left:0px;--awb-border-radius-top-right:0px;--awb-border-radius-bottom-right:0px;--awb-border-radius-bottom-left:0px;--awb-padding-top:0px;--awb-padding-right:0px;--awb-padding-bottom:0px;--awb-padding-left:0px;--awb-flex-wrap:wrap;\" ><div class=\"fusion-fullwidth-center-content\"><div class=\"fusion-builder-row fusion-row\"><div class=\"fusion-layout-column fusion_builder_column fusion-builder-column-0 fusion_builder_column_1_1 1_1 fusion-one-full fusion-column-first fusion-column-last fusion-no-small-visibility fusion-no-medium-visibility fusion-animated\" style=\"--awb-padding-top:20%;--awb-padding-right:12%;--awb-padding-bottom:18%;--awb-padding-left:12%;--awb-bg-size:cover;--awb-margin-top:0px;--awb-margin-bottom:0px;\" data-animationType=\"fadeIn\" data-animationDuration=\"0.8\" data-animationOffset=\"top-into-view\"><div class=\"fusion-column-wrapper fusion-column-has-shadow fusion-flex-column-wrapper-legacy\"><div class=\"fusion-column-content-centered\"><div class=\"fusion-column-content\"><div class=\"fusion-text fusion-text-1 fusion-animated\" style=\"--awb-font-size:20px;\" data-animationType=\"fadeInLeft\" data-animationDuration=\"0.7\" data-animationOffset=\"top-into-view\"><p style=\"text-align: center;\">El sistema de la crueldad XIX<\/p>\n<\/div><div class=\"fusion-sep-clear\"><\/div><div class=\"fusion-separator\" style=\"margin-left: auto;margin-right: auto;margin-bottom:10%;width:100%;max-width:50%;\"><div class=\"fusion-separator-border sep-single sep-solid\" style=\"--awb-height:20px;--awb-amount:20px;border-color:#d1d1d1;border-top-width:1px;\"><\/div><\/div><div class=\"fusion-sep-clear\"><\/div><div class=\"fusion-title title fusion-title-1 fusion-sep-none fusion-title-center fusion-title-text fusion-title-size-two\" style=\"--awb-margin-top-small:0px;--awb-margin-right-small:0px;--awb-margin-bottom-small:20px;--awb-margin-left-small:0px;--awb-font-size:50px;\"><h2 class=\"fusion-title-heading title-heading-center fusion-responsive-typography-calculated\" style=\"margin:0;font-size:1em;--fontSize:50;line-height:1.28;\">Pol\u00edticas de justicia<\/h2><\/div><div class=\"fusion-sep-clear\"><\/div><div class=\"fusion-separator fusion-full-width-sep\" style=\"margin-left: auto;margin-right: auto;margin-bottom:10%;width:100%;\"><\/div><div class=\"fusion-sep-clear\"><\/div><div class=\"fusion-button-wrapper fusion-aligncenter\"><a class=\"fusion-button button-flat fusion-button-default-size button-custom fusion-button-default button-1 fusion-button-default-span fusion-button-default-type\" style=\"--button_accent_color:#181818;--button_border_color:#181818;--button_accent_hover_color:#181818;--button_border_hover_color:#ffffff;--button_gradient_top_color:rgba(255,255,255,0);--button_gradient_bottom_color:rgba(255,255,255,0);--button_gradient_top_color_hover:#ffffff;--button_gradient_bottom_color_hover:#ffffff;\" target=\"_blank\" rel=\"noopener noreferrer\" href=\"https:\/\/www.comisionporlamemoria.org\/informeanual2025\/wp-content\/uploads\/sites\/16\/sites\/43\/2025\/08\/justicia.pdf\"><span class=\"fusion-button-text awb-button__text awb-button__text--default\">Descargar secci\u00f3n completa en PDF<\/span><i class=\"fa-download fas awb-button__icon awb-button__icon--default button-icon-right\" aria-hidden=\"true\"><\/i><\/a><\/div><\/div><\/div><div class=\"fusion-clearfix\"><\/div><\/div><\/div><div class=\"fusion-layout-column fusion_builder_column fusion-builder-column-1 fusion_builder_column_1_1 1_1 fusion-one-full fusion-column-first fusion-column-last fusion-no-large-visibility\" style=\"--awb-padding-top:8%;--awb-padding-bottom:8%;--awb-bg-size:cover;--awb-margin-top:0px;--awb-margin-bottom:0px;\"><div class=\"fusion-column-wrapper fusion-column-has-shadow fusion-flex-column-wrapper-legacy\"><div class=\"fusion-column-content-centered\"><div class=\"fusion-column-content\"><div class=\"fusion-text fusion-text-2\"><p style=\"text-align: center;\">Sistema de la crueldad XIX<\/p>\n<\/div><div class=\"fusion-sep-clear\"><\/div><div class=\"fusion-separator\" style=\"margin-left: auto;margin-right: auto;margin-bottom:8%;width:100%;max-width:50%;\"><div class=\"fusion-separator-border sep-single sep-solid\" style=\"--awb-height:20px;--awb-amount:20px;border-color:#d1d1d1;border-top-width:1px;\"><\/div><\/div><div class=\"fusion-sep-clear\"><\/div><div class=\"fusion-title title fusion-title-2 fusion-sep-none fusion-title-center fusion-title-text fusion-title-size-one\" style=\"--awb-margin-bottom:10%;--awb-margin-top-small:0px;--awb-margin-right-small:0px;--awb-margin-bottom-small:20px;--awb-margin-left-small:0px;--awb-font-size:50px;\"><h1 class=\"fusion-title-heading title-heading-center fusion-responsive-typography-calculated\" style=\"margin:0;font-size:1em;--fontSize:50;line-height:1.2;\">Pol\u00edticas de justicia<\/h1><\/div><div class=\"fusion-sep-clear\"><\/div><div class=\"fusion-separator fusion-full-width-sep\" style=\"margin-left: auto;margin-right: auto;margin-bottom:4%;width:100%;\"><\/div><div class=\"fusion-sep-clear\"><\/div><div class=\"fusion-button-wrapper fusion-aligncenter\"><a class=\"fusion-button button-flat fusion-button-default-size button-custom fusion-button-default button-2 fusion-button-default-span fusion-button-default-type fusion-animated\" style=\"--button_accent_color:#181818;--button_border_color:#181818;--button_accent_hover_color:#181818;--button_border_hover_color:#ffffff;--button_gradient_top_color:rgba(255,255,255,0);--button_gradient_bottom_color:rgba(255,255,255,0);--button_gradient_top_color_hover:#ffffff;--button_gradient_bottom_color_hover:#ffffff;\" data-animationType=\"fadeInLeft\" data-animationDuration=\"0.3\" data-animationOffset=\"top-into-view\" target=\"_blank\" rel=\"noopener noreferrer\" href=\"https:\/\/www.comisionporlamemoria.org\/informeanual2025\/wp-content\/uploads\/sites\/16\/sites\/43\/2025\/08\/justicia.pdf\"><span class=\"fusion-button-text awb-button__text awb-button__text--default\">Descargar secci\u00f3n completa en PDF<\/span><i class=\"fa-download fas awb-button__icon awb-button__icon--default button-icon-right\" aria-hidden=\"true\"><\/i><\/a><\/div><\/div><\/div><div class=\"fusion-clearfix\"><\/div><\/div><\/div><\/div><\/div><\/div><div class=\"fusion-fullwidth fullwidth-box fusion-builder-row-2 nonhundred-percent-fullwidth non-hundred-percent-height-scrolling\" style=\"--awb-border-radius-top-left:0px;--awb-border-radius-top-right:0px;--awb-border-radius-bottom-right:0px;--awb-border-radius-bottom-left:0px;--awb-margin-top:5%;--awb-margin-bottom:2%;--awb-flex-wrap:wrap;\" ><div class=\"fusion-builder-row fusion-row\"><div class=\"fusion-layout-column fusion_builder_column fusion-builder-column-2 fusion_builder_column_1_1 1_1 fusion-one-full fusion-column-first fusion-column-last\" style=\"--awb-padding-top:2%;--awb-padding-right:2%;--awb-padding-bottom:2%;--awb-padding-left:2%;--awb-bg-size:cover;--awb-border-color:#181818;--awb-border-top:2px;--awb-border-right:2px;--awb-border-bottom:2px;--awb-border-left:2px;--awb-border-style:solid;\"><div class=\"fusion-column-wrapper fusion-column-has-shadow fusion-flex-column-wrapper-legacy\"><div class=\"fusion-title title fusion-title-3 fusion-sep-none fusion-title-text fusion-title-size-five\" style=\"--awb-margin-top-small:0px;--awb-margin-right-small:0px;--awb-margin-bottom-small:20px;--awb-margin-left-small:0px;\"><h5 class=\"fusion-title-heading title-heading-left fusion-responsive-typography-calculated\" style=\"margin:0;--fontSize:20;--minFontSize:20;line-height:1.5;\">SOBRE ESTA SECCI\u00d3N<\/h5><\/div><div class=\"fusion-text fusion-text-3 fusion-animated\" style=\"--awb-content-alignment:justify;\" data-animationType=\"fadeInLeft\" data-animationDuration=\"0.3\" data-animationOffset=\"top-into-view\"><p>Desde hace muchos a\u00f1os, la CPM patrocina\u00a0en causas judiciales\u00a0a v\u00edctimas de la violencia estatal y, desde la designaci\u00f3n como Mecanismo Local de Prevenci\u00f3n de la Tortura, esa tarea se fortaleci\u00f3.<\/p>\n<p>En 2024, la CPM particip\u00f3 como particular damnificado institucional o patrocinando a las v\u00edctimas en 6 juicios orales y 3 abreviados, en ellos se obtuvieron 22 condenas: 14 polic\u00edas bonaerenses, cuatro agentes penitenciarios y cuatro responsables de una comunidad terap\u00e9utica. No obstante, se constata nuevamente que la investigaci\u00f3n judicial de la violencia estatal sigue siendo deficiente, lenta, limitada, t\u00e9cnicamente pobre, sin directivas de las instancias superiores tendientes a revertir este cuadro.<\/p>\n<p>Las causas abiertas entre 2018-2024 por violencia institucional representan el 0,4% del total de investigaciones iniciadas en la Provincia. Y entre las causas finalizadas, 9 de cada 10 se resuelven mediante el archivo (64%) o la desestimaci\u00f3n (27%); s\u00f3lo en el 4% de los expedientes se requiri\u00f3 la elevaci\u00f3n a juicio oral.<\/p>\n<p>Del total de muertes producidas en 2024 en unidades penitenciarias -218- se analizan en este informe 61 investigaciones penales, un muestreo que permite confirmar las irregularidades, dificultades y omisiones en las pr\u00e1cticas forenses y judiciales que atraviesan estas causas.<\/p>\n<p>La desidia judicial alcanza todas las instancias y demandas. El a\u00f1o pasado la CPM realiz\u00f3 48.032 entrevistas y comunicaciones que derivaron en 35.973 presentaciones individuales (en su gran mayor\u00eda judiciales) en favor de 14.406 personas. Solo en 12.245 casos hubo respuesta oficial, o sea, en una de cada tres presentaciones, resultando especialmente preocupante la falta de respuesta en las acciones de habeas corpus: el 42%.<\/p>\n<p>Los pedidos de traslado por acercamiento familiar son los de mayor demanda entre las presentaciones de la CPM no solo por la grave afectaci\u00f3n de los v\u00ednculos sino por el impacto negativo sobre otros derechos de las v\u00edctimas y sus familias. El informe analiza en particular estos pedidos en 75 casos, en todos hubo una respuesta, pero s\u00f3lo en 13 la justicia orden\u00f3 al SPB que proceda al traslado y de ellos s\u00f3lo 6 son al destino solicitado en la presentaci\u00f3n.<\/p>\n<p>El temperamento m\u00e1s frecuente del poder judicial es la delegaci\u00f3n del asunto en el SPB; es decir, el \u00f3rgano judicial responde a la solicitud pero su intervenci\u00f3n se reduce a sugerir al SPB el posible lugar de destino. Como no implica una orden de traslado sino un aval, el SPB tiene la libertad para trasladar a la persona adonde sugiere el juez, trasladarla a cualquiera de los otros establecimientos carcelarios o no trasladarla. Esta es la verdadera implicancia de la delegaci\u00f3n judicial en el SPB: favorece la arbitrariedad penitenciaria para el movimiento de personas detenidas y en muchos casos el agravamiento de su situaci\u00f3n familiar.<\/p>\n<p><strong>Recursos del Estado para la defensa de polic\u00edas imputados por hechos de violencia estatal<\/strong><\/p>\n<p>El informe describe la utilizaci\u00f3n de recursos materiales y humanos por parte del Ministerio de Seguridad provincial para la defensa penal particular de agentes acusados de delitos de violencia institucional, en contradicci\u00f3n con el principio de igualdad entre los ciudadanos.<\/p>\n<p>La creaci\u00f3n de cuerpos de abogados defensores ad-hoc, como la Direcci\u00f3n de asesor\u00eda letrada de la Polic\u00eda para la defensa espec\u00edfica de agentes policiales (muchas veces acusados de cometer graves violaciones a los derechos humanos) plantea serios problemas desde una perspectiva de derechos humanos y del principio de igualdad ante la ley: al derecho de defensa a trav\u00e9s de la defensa oficial que le cabe a todo ciudadano, se le suma como privilegio especial al personal policial ser defendido por profesionales de la instituci\u00f3n.<\/p>\n<p>Las tensiones antes se\u00f1aladas se encuentran al menos en tres niveles: 1) mientras el ciudadano com\u00fan debe recurrir a la defensa p\u00fablica, muchas veces sobrecargada y con recursos limitados, los agentes del Estado implicados en delitos que en algunas ocasiones son particularmente graves acceden a una estructura de defensa especializada y financiada por el mismo aparato estatal; 2) se configura un conflicto \u00e9tico e institucional cuando el mismo Estado, responsable de garantizar los derechos humanos, utiliza fondos p\u00fablicos para defender a quienes est\u00e1n acusados de vulnerarlos; 3) se produce un efecto simb\u00f3lico negativo: se refuerza la percepci\u00f3n de impunidad para miembros de las fuerzas de seguridad y debilita la confianza de las v\u00edctimas.<\/p>\n<p>Se advierte en tal sentido que los letrados de la Asesor\u00eda Letrada de la Polic\u00eda se sirven de peritos, institutos forenses y laboratorios periciales pertenecientes org\u00e1nicamente a las polic\u00edas de investigaciones (particularmente de la Polic\u00eda Cient\u00edfica) para que intervengan como peritos de parte en la defensa de los intereses particulares de los polic\u00edas acusados de delitos. Estos recursos est\u00e1n concebidos para asistir a los funcionarios encargados de administrar justicia de manera objetiva y t\u00e9cnica, no para favorecer a una de las partes en un proceso penal. Si se utilizan para la defensa de imputados pertenecientes a la propia fuerza que los administra, se rompe la imparcialidad y se produce una concentraci\u00f3n de funciones incompatible con el debido proceso y la igualdad de armas.<\/p>\n<\/div><div class=\"fusion-clearfix\"><\/div><\/div><\/div><\/div><\/div><div class=\"fusion-fullwidth fullwidth-box fusion-builder-row-3 fusion-flex-container has-pattern-background has-mask-background nonhundred-percent-fullwidth non-hundred-percent-height-scrolling\" style=\"--awb-border-radius-top-left:0px;--awb-border-radius-top-right:0px;--awb-border-radius-bottom-right:0px;--awb-border-radius-bottom-left:0px;--awb-flex-wrap:wrap;\" ><div class=\"fusion-builder-row fusion-row fusion-flex-align-items-flex-start fusion-flex-content-wrap\" style=\"max-width:83.2%;margin-left: calc(-4% \/ 2 );margin-right: calc(-4% \/ 2 );\"><div class=\"fusion-layout-column fusion_builder_column fusion-builder-column-3 fusion_builder_column_1_1 1_1 fusion-flex-column\" style=\"--awb-bg-size:cover;--awb-width-large:100%;--awb-margin-top-large:20px;--awb-spacing-right-large:1.92%;--awb-margin-bottom-large:20px;--awb-spacing-left-large:1.92%;--awb-width-medium:100%;--awb-order-medium:0;--awb-spacing-right-medium:1.92%;--awb-spacing-left-medium:1.92%;--awb-width-small:100%;--awb-order-small:0;--awb-spacing-right-small:1.92%;--awb-spacing-left-small:1.92%;\"><div class=\"fusion-column-wrapper fusion-column-has-shadow fusion-flex-justify-content-flex-start fusion-content-layout-column\"><div class=\"fusion-separator fusion-full-width-sep\" style=\"align-self: center;margin-left: auto;margin-right: auto;width:100%;\"><\/div><\/div><\/div><\/div><\/div><div class=\"fusion-fullwidth fullwidth-box fusion-builder-row-4 fusion-flex-container nonhundred-percent-fullwidth non-hundred-percent-height-scrolling\" style=\"--awb-border-radius-top-left:0px;--awb-border-radius-top-right:0px;--awb-border-radius-bottom-right:0px;--awb-border-radius-bottom-left:0px;--awb-flex-wrap:wrap;\" ><div class=\"fusion-builder-row fusion-row fusion-flex-align-items-flex-start fusion-flex-content-wrap\" style=\"max-width:83.2%;margin-left: calc(-4% \/ 2 );margin-right: calc(-4% \/ 2 );\"><div class=\"fusion-layout-column fusion_builder_column fusion-builder-column-4 fusion_builder_column_1_1 1_1 fusion-flex-column\" style=\"--awb-bg-size:cover;--awb-width-large:100%;--awb-margin-top-large:20px;--awb-spacing-right-large:1.92%;--awb-margin-bottom-large:20px;--awb-spacing-left-large:1.92%;--awb-width-medium:100%;--awb-order-medium:0;--awb-spacing-right-medium:1.92%;--awb-spacing-left-medium:1.92%;--awb-width-small:100%;--awb-order-small:0;--awb-spacing-right-small:1.92%;--awb-spacing-left-small:1.92%;\"><div class=\"fusion-column-wrapper fusion-column-has-shadow fusion-flex-justify-content-flex-start fusion-content-layout-column\"><div class=\"fusion-text fusion-text-4\">\n<\/div><\/div><\/div><\/div><\/div><\/p>\n","protected":false},"excerpt":{"rendered":"","protected":false},"author":32,"featured_media":3362,"parent":0,"menu_order":0,"comment_status":"closed","ping_status":"closed","template":"100-width.php","meta":{"footnotes":""},"class_list":["post-2545","page","type-page","status-publish","has-post-thumbnail","hentry"],"_links":{"self":[{"href":"https:\/\/www.comisionporlamemoria.org\/informeanual2025\/wp-json\/wp\/v2\/pages\/2545","targetHints":{"allow":["GET"]}}],"collection":[{"href":"https:\/\/www.comisionporlamemoria.org\/informeanual2025\/wp-json\/wp\/v2\/pages"}],"about":[{"href":"https:\/\/www.comisionporlamemoria.org\/informeanual2025\/wp-json\/wp\/v2\/types\/page"}],"author":[{"embeddable":true,"href":"https:\/\/www.comisionporlamemoria.org\/informeanual2025\/wp-json\/wp\/v2\/users\/32"}],"replies":[{"embeddable":true,"href":"https:\/\/www.comisionporlamemoria.org\/informeanual2025\/wp-json\/wp\/v2\/comments?post=2545"}],"version-history":[{"count":0,"href":"https:\/\/www.comisionporlamemoria.org\/informeanual2025\/wp-json\/wp\/v2\/pages\/2545\/revisions"}],"wp:featuredmedia":[{"embeddable":true,"href":"https:\/\/www.comisionporlamemoria.org\/informeanual2025\/wp-json\/wp\/v2\/media\/3362"}],"wp:attachment":[{"href":"https:\/\/www.comisionporlamemoria.org\/informeanual2025\/wp-json\/wp\/v2\/media?parent=2545"}],"curies":[{"name":"wp","href":"https:\/\/api.w.org\/{rel}","templated":true}]}}