{"id":2803,"date":"2022-07-19T18:15:03","date_gmt":"2022-07-19T18:15:03","guid":{"rendered":"https:\/\/www.comisionporlamemoria.org\/informeanual2025\/?page_id=2803"},"modified":"2025-08-11T09:52:10","modified_gmt":"2025-08-11T12:52:10","slug":"uso-letal-de-la-fuerza","status":"publish","type":"page","link":"https:\/\/www.comisionporlamemoria.org\/informeanual2025\/uso-letal-de-la-fuerza\/","title":{"rendered":"Uso letal de la fuerza"},"content":{"rendered":"<p><div class=\"fusion-fullwidth fullwidth-box fusion-builder-row-1 nonhundred-percent-fullwidth non-hundred-percent-height-scrolling\" style=\"--awb-border-radius-top-left:0px;--awb-border-radius-top-right:0px;--awb-border-radius-bottom-right:0px;--awb-border-radius-bottom-left:0px;--awb-padding-top:8%;--awb-flex-wrap:wrap;\" ><div class=\"fusion-builder-row fusion-row\"><div class=\"fusion-layout-column fusion_builder_column fusion-builder-column-0 fusion_builder_column_3_4 3_4 fusion-three-fourth fusion-column-first\" style=\"--awb-bg-size:cover;--awb-margin-top:0px;--awb-margin-bottom:0px;width:75%;width:calc(75% - ( ( 4% ) * 0.75 ) );margin-right: 4%;\"><div class=\"fusion-column-wrapper fusion-column-has-shadow fusion-flex-column-wrapper-legacy\"><div class=\"fusion-text fusion-text-1 caption\"><p>INFORME ANUAL 2025<\/p>\n<\/div><div class=\"fusion-title title fusion-title-1 fusion-sep-none fusion-title-text fusion-title-size-two\" style=\"--awb-margin-top-small:0px;--awb-margin-right-small:0px;--awb-margin-bottom-small:20px;--awb-margin-left-small:0px;\"><h2 class=\"fusion-title-heading title-heading-left fusion-responsive-typography-calculated\" style=\"margin:0;--fontSize:72;line-height:1.28;\">Uso letal de la fuerza<\/h2><\/div><div class=\"fusion-sep-clear\"><\/div><div class=\"fusion-separator fusion-clearfix\" style=\"float:left;margin-top:12%;margin-bottom:4%;width:100%;max-width:32px;\"><div class=\"fusion-separator-border sep-single sep-solid\" style=\"--awb-height:20px;--awb-amount:20px;--awb-sep-color:#181818;border-color:#181818;border-top-width:2px;\"><\/div><\/div><div class=\"fusion-sep-clear\"><\/div><div class=\"fusion-clearfix\"><\/div><\/div><\/div><div class=\"fusion-layout-column fusion_builder_column fusion-builder-column-1 fusion_builder_column_1_4 1_4 fusion-one-fourth fusion-column-last fusion-no-small-visibility fusion-no-medium-visibility\" style=\"--awb-bg-size:cover;width:25%;width:calc(25% - ( ( 4% ) * 0.25 ) );\"><div class=\"fusion-column-wrapper fusion-flex-column-wrapper-legacy\"><div class=\"fusion-clearfix\"><\/div><\/div><\/div><\/div><\/div><div class=\"fusion-fullwidth fullwidth-box fusion-builder-row-2 fusion-flex-container nonhundred-percent-fullwidth non-hundred-percent-height-scrolling\" style=\"--awb-border-radius-top-left:0px;--awb-border-radius-top-right:0px;--awb-border-radius-bottom-right:0px;--awb-border-radius-bottom-left:0px;--awb-flex-wrap:wrap;\" ><div class=\"fusion-builder-row fusion-row fusion-flex-align-items-flex-start fusion-flex-content-wrap\" style=\"max-width:83.2%;margin-left: calc(-4% \/ 2 );margin-right: calc(-4% \/ 2 );\"><div class=\"fusion-layout-column fusion_builder_column fusion-builder-column-2 fusion_builder_column_1_1 1_1 fusion-flex-column\" style=\"--awb-bg-size:cover;--awb-width-large:100%;--awb-margin-top-large:20px;--awb-spacing-right-large:1.92%;--awb-margin-bottom-large:20px;--awb-spacing-left-large:1.92%;--awb-width-medium:100%;--awb-order-medium:0;--awb-spacing-right-medium:1.92%;--awb-spacing-left-medium:1.92%;--awb-width-small:100%;--awb-order-small:0;--awb-spacing-right-small:1.92%;--awb-spacing-left-small:1.92%;\"><div class=\"fusion-column-wrapper fusion-column-has-shadow fusion-flex-justify-content-flex-start fusion-content-layout-column\"><div class=\"fusion-separator fusion-full-width-sep\" style=\"align-self: center;margin-left: auto;margin-right: auto;margin-top:2%;margin-bottom:2%;width:100%;\"><\/div><div class=\"fusion-text fusion-text-2\" style=\"--awb-content-alignment:justify;\"><p>Las muertes ocasionadas por la intervenci\u00f3n policial son la consecuencia m\u00e1s grave de las rutinas o pr\u00e1cticas policiales. Desde 2016, la CPM registr\u00f3 en promedio 123 muertes por uso letal de la fuerza por a\u00f1o, esto es una muerte cada tres d\u00edas.<\/p>\n<p>Como venimos destacando a\u00f1o tras a\u00f1o, en la provincia de Buenos Aires no hay un abordaje que problematice el uso de la fuerza letal como resultado de las intervenciones policiales. No se interpela el estado policial que exige la intervenci\u00f3n de los agentes aun fuera de servicio. No existen protocolos espec\u00edficos para el uso de las armas policiales. No se construye informaci\u00f3n oficial, p\u00fablica y fiable sobre las muertes producidas por la intervenci\u00f3n policial y la de los polic\u00edas que mueren en el desempe\u00f1o de su funci\u00f3n.<\/p>\n<p>La investigaci\u00f3n judicial de estos casos no es prioridad y no respeta los est\u00e1ndares de investigaci\u00f3n de muertes potencialmente il\u00edcitas, garantizando as\u00ed en muchas casos la impunidad de los responsables.<\/p>\n<p>En 2024, la CPM registr\u00f3 122 casos, 5 m\u00e1s que el a\u00f1o anterior, y en l\u00ednea con el promedio observado desde el 2016.<\/p>\n<\/div><style type=\"text\/css\">#fusion-chart-1 .fusion-chart-legend-wrap li:nth-child(1) span{color: #ffffff;}#fusion-chart-1 .fusion-chart-legend-wrap li:nth-child(2) span{color: #ffffff;}#fusion-chart-1 .fusion-chart-legend-wrap li:nth-child(3) span{color: #ffffff;}#fusion-chart-1 .fusion-chart-legend-wrap li:nth-child(4) span{color: #ffffff;}#fusion-chart-1 .fusion-chart-legend-wrap li:nth-child(5) span{color: #ffffff;}#fusion-chart-1 .fusion-chart-legend-wrap li:nth-child(6) span{color: #ffffff;}#fusion-chart-1 .fusion-chart-legend-wrap li:nth-child(7) span{color: #ffffff;}#fusion-chart-1 .fusion-chart-legend-wrap li:nth-child(8) span{color: #ffffff;}#fusion-chart-1 .fusion-chart-legend-wrap li:nth-child(9) span{color: #ffffff;}<\/style><div id=\"fusion-chart-1\" class=\"fusion-chart\" data-type=\"bar\" data-x_axis_labels=\"2016|2017|2018|2019|2020|2021|2022|2023|2024\" data-x_axis_label=\"A\u00f1o\" data-y_axis_label=\"Cantidad\" data-show_tooltips=\"yes\" data-bg_colors=\"rgba(255,152,0,1)|rgba(255,152,0,1)|rgba(255,152,0,1)|rgba(255,152,0,1)|rgba(255,152,0,1)|rgba(255,152,0,1)|rgba(255,152,0,1)|rgba(255,152,0,1)|rgba(255,152,0,1)\" data-border_colors=\"rgba(255,152,0,1)|rgba(255,152,0,1)|rgba(255,152,0,1)|rgba(255,152,0,1)|rgba(255,152,0,1)|rgba(255,152,0,1)|rgba(255,152,0,1)|rgba(255,152,0,1)|rgba(255,152,0,1)\" data-border_size=\"1\" data-border_type=\"smooth\" data-chart_fill=\"off\" data-chart_point_style=\"circle\" data-chart_point_size=\"3\" data-chart_axis_text_color=\"rgba(103,103,103,1)\" data-chart_gridline_color=\"rgba(0,0,0,0.1)\"><div class=\"fusion-chart-dataset\" data-label=\"Muertes\" data-values=\"135|125|120|141|126|128|92|117|122\" data-background_color=\"rgba(0,188,212,1)\" data-border_color=\"rgba(0,188,212,1)\"><\/div><h4 class=\"fusion-chart-title\">Personas fallecidas por uso de la fuerza policial en la provincia de Buenos Aires, periodo 2016-2024<\/h4><div class=\"fusion-chart-inner\"><div class=\"fusion-chart-wrap\"><canvas><\/canvas><\/div><\/div><\/div><div class=\"fusion-text fusion-text-3 resp-container\"><p><span id=\"imagen\" style=\"font-size: 10pt; font-family: Tahoma, Arial, Helvetica, sans-serif;\"><b>Fuente:<\/b> Registro CPM de muertes por uso de la fuerza policial. <\/span><\/p>\n<\/div><div class=\"fusion-separator fusion-full-width-sep\" style=\"align-self: center;margin-left: auto;margin-right: auto;margin-top:2%;margin-bottom:2%;width:100%;\"><\/div><div class=\"fusion-text fusion-text-4\" style=\"--awb-content-alignment:justify;\"><p>De los 119 casos donde se pudo establecer la edad de la v\u00edctima, el 57% (70) ten\u00eda entre 18 y 30 a\u00f1os; el promedio de edad de las v\u00edctimas de 2024 fue de 24 a\u00f1os. Adem\u00e1s, se registraron 26 casos (21%) de menores de edad y la v\u00edctima m\u00e1s joven ten\u00eda 7 a\u00f1os.<\/p>\n<\/div><style type=\"text\/css\">#fusion-chart-2 .fusion-chart-legend-wrap li:nth-child(1) span{color: #ffffff;}#fusion-chart-2 .fusion-chart-legend-wrap li:nth-child(2) span{color: #ffffff;}#fusion-chart-2 .fusion-chart-legend-wrap li:nth-child(3) span{color: #ffffff;}#fusion-chart-2 .fusion-chart-legend-wrap li:nth-child(4) span{color: #ffffff;}#fusion-chart-2 .fusion-chart-legend-wrap li:nth-child(5) span{color: #ffffff;}#fusion-chart-2 .fusion-chart-legend-wrap li:nth-child(6) span{color: #ffffff;}<\/style><div id=\"fusion-chart-2\" class=\"fusion-chart\" data-type=\"horizontalBar\" data-x_axis_labels=\"0 a 10|11 a 20|21 a 30|31 a 40|41 a 50|m\u00e1s de 51\" data-x_axis_label=\"Porcentaje\" data-y_axis_label=\"Edad\" data-show_tooltips=\"yes\" data-bg_colors=\"rgba(252,0,176,1)|rgba(139,195,74,1)|rgba(255,152,0,1)|rgba(0,188,212,1)|rgba(114,0,229,1)|rgba(255,0,0,1)\" data-border_colors=\"rgba(252,0,176,1)|rgba(139,195,74,1)|rgba(255,152,0,1)|rgba(0,188,212,1)|rgba(114,0,229,1)|rgba(255,0,0,1)\" data-border_size=\"1\" data-border_type=\"smooth\" data-chart_fill=\"off\" data-chart_point_style=\"circle\" data-chart_point_size=\"3\" data-chart_axis_text_color=\"rgba(103,103,103,1)\" data-chart_gridline_color=\"rgba(0,0,0,0.1)\"><div class=\"fusion-chart-dataset\" data-label=\"%\" data-values=\"2|44|35|15|2|3\" data-background_color=\"rgba(0,188,212,1)\" data-border_color=\"rgba(0,188,212,1)\"><\/div><h4 class=\"fusion-chart-title\">Personas fallecidas por uso de la fuerza policial, seg\u00fan rango etario, provincia de Buenos Aires, 2024<\/h4><div class=\"fusion-chart-inner\"><div class=\"fusion-chart-wrap\"><canvas><\/canvas><\/div><\/div><\/div><div class=\"fusion-text fusion-text-5 resp-container\"><p><span id=\"imagen\" style=\"font-size: 10pt; font-family: Tahoma, Arial, Helvetica, sans-serif;\"><b>Fuente:<\/b> Registro CPM de muertes por uso de la fuerza policial. <\/span><\/p>\n<\/div><div class=\"fusion-separator fusion-full-width-sep\" style=\"align-self: center;margin-left: auto;margin-right: auto;margin-top:2%;margin-bottom:2%;width:100%;\"><\/div><\/div><\/div><\/div><\/div><div class=\"fusion-fullwidth fullwidth-box fusion-builder-row-3 fusion-flex-container nonhundred-percent-fullwidth non-hundred-percent-height-scrolling\" style=\"--awb-border-radius-top-left:0px;--awb-border-radius-top-right:0px;--awb-border-radius-bottom-right:0px;--awb-border-radius-bottom-left:0px;--awb-flex-wrap:wrap;\" ><div class=\"fusion-builder-row fusion-row fusion-flex-align-items-flex-start fusion-flex-content-wrap\" style=\"max-width:83.2%;margin-left: calc(-4% \/ 2 );margin-right: calc(-4% \/ 2 );\"><div class=\"fusion-layout-column fusion_builder_column fusion-builder-column-3 fusion_builder_column_1_1 1_1 fusion-flex-column\" style=\"--awb-bg-size:cover;--awb-width-large:100%;--awb-margin-top-large:20px;--awb-spacing-right-large:1.92%;--awb-margin-bottom-large:20px;--awb-spacing-left-large:1.92%;--awb-width-medium:100%;--awb-order-medium:0;--awb-spacing-right-medium:1.92%;--awb-spacing-left-medium:1.92%;--awb-width-small:100%;--awb-order-small:0;--awb-spacing-right-small:1.92%;--awb-spacing-left-small:1.92%;\"><div class=\"fusion-column-wrapper fusion-column-has-shadow fusion-flex-justify-content-flex-start fusion-content-layout-column\"><div class=\"fusion-text fusion-text-6\" style=\"--awb-content-alignment:justify;\"><p><strong>Estado policial y desproporci\u00f3n en el uso policial de las armas de fuego<\/strong><\/p>\n<\/div><div class=\"fusion-text fusion-text-7\" style=\"--awb-content-alignment:justify;\"><p>El 57% de las muertes fueron provocadas por polic\u00edas que se encontraban fuera de servicio al momento del hecho (69 casos), m\u00e1s otro 9% que estaba fuera de actividad (11 casos). La CPM viene reclamando desde hace el cese del estado policial, que implica la obligaci\u00f3n de portar el arma e intervenir las 24 horas.<\/p>\n<\/div><style type=\"text\/css\">#fusion-chart-3 .fusion-chart-legend-wrap li:nth-child(1) span{color: #ffffff;}#fusion-chart-3 .fusion-chart-legend-wrap li:nth-child(2) span{color: #ffffff;}#fusion-chart-3 .fusion-chart-legend-wrap li:nth-child(3) span{color: #ffffff;}<\/style><div id=\"fusion-chart-3\" class=\"fusion-chart\" data-type=\"doughnut\" data-x_axis_labels=\"En actividad y en servicio|En actividad y fuera de servicio|Fuera de actividad\" data-x_axis_label=\"Porcentaje\" data-y_axis_label=\"Circunstancia\" data-show_tooltips=\"yes\" data-bg_colors=\"rgba(252,0,176,1)|rgba(139,195,74,1)|rgba(0,188,212,1)\" data-border_colors=\"rgba(252,0,176,1)|rgba(139,195,74,1)|rgba(0,188,212,1)\" data-border_size=\"1\" data-border_type=\"smooth\" data-chart_fill=\"off\" data-chart_point_style=\"circle\" data-chart_point_size=\"3\" data-chart_axis_text_color=\"rgba(103,103,103,1)\" data-chart_gridline_color=\"rgba(0,0,0,0.1)\"><div class=\"fusion-chart-dataset\" data-label=\"%\" data-values=\"34|57|9\" data-background_color=\"rgba(0,188,212,1)\" data-border_color=\"rgba(0,188,212,1)\"><\/div><h4 class=\"fusion-chart-title\">Muertes por uso de la fuerza policial seg\u00fan situaci\u00f3n de actividad y de servicio del\/la polic\u00eda victimario\/a. Provincia de Buenos Aires, 2024<\/h4><div class=\"fusion-chart-inner\"><div class=\"fusion-chart-wrap\"><canvas><\/canvas><\/div><\/div><\/div><div class=\"fusion-text fusion-text-8 resp-container\"><p><span id=\"imagen\" style=\"font-size: 10pt; font-family: Tahoma, Arial, Helvetica, sans-serif;\"><b>Fuente:<\/b> Registro CPM de muertes por uso de la fuerza policial.<br \/>\n<b>Nota:<\/b> El Registro agrupa las circunstancias en que se produce el hecho seg\u00fan lo informado por la fuente en base a las siguientes categor\u00edas: Robo de bienes propios: el\/la agente mat\u00f3 ante un robo o para impedir un robo de sus bienes. Robo de bienes de terceras personas: el\/la agente mat\u00f3 ante el robo o para impedir el robo de otra persona. Riesgo de vida de terceras personas: el\/la agente mat\u00f3 porque hab\u00eda una tercera persona que corr\u00eda riesgo de ser asesinada. Ej.: la persona ya hab\u00eda sido herida f\u00edsicamente por el sujeto que luego es muerto por la polic\u00eda. Orden de allanamiento y\/o detenci\u00f3n: el\/la agente produce una muerte en el marco de un operativo motivado por una orden judicial de allanamiento y\/o detenci\u00f3n. Persecuci\u00f3n: el\/la agente produce una muerte luego de que se produzca la fuga del sujeto. No importa el motivo de la persecuci\u00f3n, sino el contexto. Circunstancia de car\u00e1cter privado: el\/la agente produce una muerte como forma de resolver un conflicto de tipo privado, y por lo tanto ajeno a cualquier marco legal y funci\u00f3n de tipo policial. Femicidio\/Femicidio vinculado: el agente mat\u00f3 por razones vinculadas al g\u00e9nero. Accidente de tr\u00e1nsito con el patrullero: el\/la agente policial protagoniza un accidente de tr\u00e1nsito con el m\u00f3vil policial, fuera del marco de una persecuci\u00f3n. Otra circunstancia de car\u00e1cter policial: cuando el\/la agente produce una muerte en el marco de su funci\u00f3n policial y no se puede incluir en ninguno de los casos previos.<\/span><\/p>\n<\/div><div class=\"fusion-separator fusion-full-width-sep\" style=\"align-self: center;margin-left: auto;margin-right: auto;margin-top:2%;margin-bottom:2%;width:100%;\"><\/div><div class=\"fusion-text fusion-text-9\" style=\"--awb-content-alignment:justify;\"><p>De esos 80 casos, en 75 se trat\u00f3 de intervenciones en circunstancias de robos de bienes propios o de terceros. Este informe de la CPM tiene un apartado especial en donde se analizan las causas judiciales por estas muertes, que evidencian la desproporci\u00f3n en el uso policial de las armas de fuego.<\/p>\n<p>De los expedientes se desprende que la mayor\u00eda de los impactos producidos por los polic\u00edas en el cuerpo de las v\u00edctimas son de atr\u00e1s hacia adelante. Es decir que las muertes se producen mientras los agresores escapan y cuando ya no representan un riesgo para el agente que dispara o un tercero. Sobre 45 casos del 2024 en los que se analizaron las autopsias, se pudo relevar que en 27 de ellos los disparos fueron por la espalda.<\/p>\n<p>A esto se suma que en muchos casos no se encuentran armas de los agresores o las que se encuentran no funcionan o son de utiler\u00eda. S\u00f3lo en 29 casos se secuestr\u00f3 un arma; de esas 29, hasta el momento en que accedimos a la causa, se determin\u00f3 que s\u00f3lo 5 eran aptas para el disparo.<\/p>\n<\/div><\/div><\/div><\/div><\/div><div class=\"fusion-fullwidth fullwidth-box fusion-builder-row-4 fusion-flex-container nonhundred-percent-fullwidth non-hundred-percent-height-scrolling\" style=\"--awb-border-radius-top-left:0px;--awb-border-radius-top-right:0px;--awb-border-radius-bottom-right:0px;--awb-border-radius-bottom-left:0px;--awb-flex-wrap:wrap;\" ><div class=\"fusion-builder-row fusion-row fusion-flex-align-items-flex-start fusion-flex-content-wrap\" style=\"max-width:83.2%;margin-left: calc(-4% \/ 2 );margin-right: calc(-4% \/ 2 );\"><div class=\"fusion-layout-column fusion_builder_column fusion-builder-column-4 fusion_builder_column_1_1 1_1 fusion-flex-column\" style=\"--awb-bg-size:cover;--awb-width-large:100%;--awb-margin-top-large:20px;--awb-spacing-right-large:1.92%;--awb-margin-bottom-large:20px;--awb-spacing-left-large:1.92%;--awb-width-medium:100%;--awb-order-medium:0;--awb-spacing-right-medium:1.92%;--awb-spacing-left-medium:1.92%;--awb-width-small:100%;--awb-order-small:0;--awb-spacing-right-small:1.92%;--awb-spacing-left-small:1.92%;\"><div class=\"fusion-column-wrapper fusion-column-has-shadow fusion-flex-justify-content-flex-start fusion-content-layout-column\"><div class=\"fusion-text fusion-text-10\" style=\"--awb-content-alignment:justify;\"><p>Si analizamos los motivos de la intervenci\u00f3n policial, m\u00e1s de la mitad de los casos (68) se dieron en circunstancia del robo o intento de robo de bienes del\/la agente que mat\u00f3; si se suman los intentos de robos a terceros la cifra asciende a 75, el 61% del total.<\/p>\n<p>Es decir, y tal como se observa si vemos el periodo 2016-2024, la mayor\u00eda de las muertes se produjeron para la preservaci\u00f3n de bienes materiales. Solamente el 0,5% (6 hechos) de los casos fue en circunstancias donde estaba en riesgo la vida de otra persona.<\/p>\n<\/div><style type=\"text\/css\">#fusion-chart-4 .fusion-chart-legend-wrap li:nth-child(1) span{color: #ffffff;}#fusion-chart-4 .fusion-chart-legend-wrap li:nth-child(2) span{color: #ffffff;}#fusion-chart-4 .fusion-chart-legend-wrap li:nth-child(3) span{color: #ffffff;}#fusion-chart-4 .fusion-chart-legend-wrap li:nth-child(4) span{color: #ffffff;}#fusion-chart-4 .fusion-chart-legend-wrap li:nth-child(5) span{color: #ffffff;}#fusion-chart-4 .fusion-chart-legend-wrap li:nth-child(6) span{color: #ffffff;}#fusion-chart-4 .fusion-chart-legend-wrap li:nth-child(7) span{color: #ffffff;}#fusion-chart-4 .fusion-chart-legend-wrap li:nth-child(8) span{color: #ffffff;}<\/style><div id=\"fusion-chart-4\" class=\"fusion-chart\" data-type=\"horizontalBar\" data-x_axis_labels=\"Robo de bienes propios|Robo de bienes de terceros|Persecucion|Circunstancia de car\u00e1cter privado|Femicidio|Otra circunstancia de intervenci\u00f3n policial|Incidente de tr\u00e1nsito con patrullero|Orden de allanamiento y\/o detenci\u00f3n\" data-x_axis_label=\"Porcentaje\" data-y_axis_label=\"Circunstancia\" data-show_tooltips=\"yes\" data-bg_colors=\"rgba(252,0,176,1)|rgba(139,195,74,1)|rgba(255,136,0,1)|rgba(0,188,212,1)|rgba(114,0,229,1)|rgba(255,0,0,1)|rgba(255,208,0,1)|rgba(20,29,201,1)\" data-border_colors=\"rgba(252,0,176,1)|rgba(139,195,74,1)|rgba(255,136,0,1)|rgba(0,188,212,1)|rgba(114,0,229,1)|rgba(255,0,0,1)|rgba(255,208,0,1)|rgba(20,29,201,1)\" data-border_size=\"1\" data-border_type=\"smooth\" data-chart_fill=\"off\" data-chart_point_style=\"circle\" data-chart_point_size=\"3\" data-chart_axis_text_color=\"rgba(103,103,103,1)\" data-chart_gridline_color=\"rgba(0,0,0,0.1)\"><div class=\"fusion-chart-dataset\" data-label=\" \" data-values=\"68|7|24|5|2|8|3|4\" data-background_color=\"rgba(0,188,212,1)\" data-border_color=\"rgba(0,188,212,1)\"><\/div><h4 class=\"fusion-chart-title\">Personas fallecidas por uso de la fuerza policial, seg\u00fan circunstancia en la que se produjo (informada por la fuente), provincia de Buenos Aires, 2024 <\/h4><div class=\"fusion-chart-inner\"><div class=\"fusion-chart-wrap\"><canvas><\/canvas><\/div><\/div><\/div><div class=\"fusion-text fusion-text-11 resp-container\"><p><span id=\"imagen\" style=\"font-size: 10pt; font-family: Tahoma, Arial, Helvetica, sans-serif;\"><b>Fuente:<\/b> Registro CPM de muertes por uso de la fuerza policial.<br \/>\n<b>Nota:<\/b> El Registro agrupa las circunstancias en que se produce el hecho seg\u00fan lo informado por la fuente en base a las siguientes categor\u00edas: . Robo de bienes propios: el\/la agente mat\u00f3 ante un robo o para impedir un robo de sus bienes. . Robo de bienes de terceras personas: el\/la agente mat\u00f3 ante el robo o para impedir el robo de otra persona. . Riesgo de vida de terceras personas: el\/la agente mat\u00f3 porque hab\u00eda una tercera persona que corr\u00eda riesgo de ser asesinada. Ej.: la persona ya hab\u00eda sido herida f\u00edsicamente por el sujeto que luego es muerto por la polic\u00eda. . Orden de allanamiento y\/o detenci\u00f3n: el\/la agente produce una muerte en el marco de un operativo motivado por una orden judicial de allanamiento y\/o detenci\u00f3n. . Persecuci\u00f3n: el\/la agente produce una muerte luego de que se produzca la fuga del sujeto. No importa el motivo de la persecuci\u00f3n, sino el contexto. . Circunstancia de car\u00e1cter privado: el\/la agente produce una muerte como forma de resolver un conflicto de tipo privado, y por lo tanto ajeno a cualquier marco legal y funci\u00f3n de tipo policial. . Femicidio\/Femicidio vinculado: el agente mat\u00f3 por razones vinculadas al g\u00e9nero. . Accidente de tr\u00e1nsito con el patrullero: el\/la agente policial protagoniza un accidente de tr\u00e1nsito con el m\u00f3vil policial, fuera del marco de una persecuci\u00f3n. . Otra circunstancia de car\u00e1cter policial: cuando el\/la agente produce una muerte en el marco de su funci\u00f3n policial y no se puede incluir en ninguno de los casos previos.<\/span><\/p>\n<\/div><div class=\"fusion-separator fusion-full-width-sep\" style=\"align-self: center;margin-left: auto;margin-right: auto;margin-top:2%;margin-bottom:2%;width:100%;\"><\/div><\/div><\/div><\/div><\/div><div class=\"fusion-fullwidth fullwidth-box fusion-builder-row-5 fusion-flex-container nonhundred-percent-fullwidth non-hundred-percent-height-scrolling\" style=\"--awb-border-radius-top-left:0px;--awb-border-radius-top-right:0px;--awb-border-radius-bottom-right:0px;--awb-border-radius-bottom-left:0px;--awb-flex-wrap:wrap;\" ><div class=\"fusion-builder-row fusion-row fusion-flex-align-items-flex-start fusion-flex-content-wrap\" style=\"max-width:83.2%;margin-left: calc(-4% \/ 2 );margin-right: calc(-4% \/ 2 );\"><div class=\"fusion-layout-column fusion_builder_column fusion-builder-column-5 fusion_builder_column_1_1 1_1 fusion-flex-column\" style=\"--awb-bg-size:cover;--awb-width-large:100%;--awb-margin-top-large:20px;--awb-spacing-right-large:1.92%;--awb-margin-bottom-large:20px;--awb-spacing-left-large:1.92%;--awb-width-medium:100%;--awb-order-medium:0;--awb-spacing-right-medium:1.92%;--awb-spacing-left-medium:1.92%;--awb-width-small:100%;--awb-order-small:0;--awb-spacing-right-small:1.92%;--awb-spacing-left-small:1.92%;\"><div class=\"fusion-column-wrapper fusion-column-has-shadow fusion-flex-justify-content-flex-start fusion-content-layout-column\"><div ><a class=\"fusion-button button-flat fusion-button-default-size button-default fusion-button-default button-1 fusion-button-default-span fusion-button-default-type\" target=\"_self\" href=\"https:\/\/www.comisionporlamemoria.org\/datosabiertos\"><i class=\"fa-external-link-alt fas awb-button__icon awb-button__icon--default button-icon-left\" aria-hidden=\"true\"><\/i><span class=\"fusion-button-text awb-button__text awb-button__text--default\">Ver m\u00e1s en el sitio de Datos Abiertos<\/span><\/a><\/div><\/div><\/div><\/div><\/div><\/p>\n","protected":false},"excerpt":{"rendered":"","protected":false},"author":40,"featured_media":3003,"parent":0,"menu_order":0,"comment_status":"closed","ping_status":"closed","template":"","meta":{"footnotes":""},"class_list":["post-2803","page","type-page","status-publish","has-post-thumbnail","hentry"],"_links":{"self":[{"href":"https:\/\/www.comisionporlamemoria.org\/informeanual2025\/wp-json\/wp\/v2\/pages\/2803","targetHints":{"allow":["GET"]}}],"collection":[{"href":"https:\/\/www.comisionporlamemoria.org\/informeanual2025\/wp-json\/wp\/v2\/pages"}],"about":[{"href":"https:\/\/www.comisionporlamemoria.org\/informeanual2025\/wp-json\/wp\/v2\/types\/page"}],"author":[{"embeddable":true,"href":"https:\/\/www.comisionporlamemoria.org\/informeanual2025\/wp-json\/wp\/v2\/users\/40"}],"replies":[{"embeddable":true,"href":"https:\/\/www.comisionporlamemoria.org\/informeanual2025\/wp-json\/wp\/v2\/comments?post=2803"}],"version-history":[{"count":0,"href":"https:\/\/www.comisionporlamemoria.org\/informeanual2025\/wp-json\/wp\/v2\/pages\/2803\/revisions"}],"wp:featuredmedia":[{"embeddable":true,"href":"https:\/\/www.comisionporlamemoria.org\/informeanual2025\/wp-json\/wp\/v2\/media\/3003"}],"wp:attachment":[{"href":"https:\/\/www.comisionporlamemoria.org\/informeanual2025\/wp-json\/wp\/v2\/media?parent=2803"}],"curies":[{"name":"wp","href":"https:\/\/api.w.org\/{rel}","templated":true}]}}