{"id":31107,"date":"2017-02-28T15:08:28","date_gmt":"2017-02-28T15:08:28","guid":{"rendered":"http:\/\/www.comisionporlamemoria.org\/investigacion\/?page_id=31107"},"modified":"2018-07-19T19:58:00","modified_gmt":"2018-07-19T19:58:00","slug":"formacion-y-capacitacion","status":"publish","type":"page","link":"https:\/\/www.comisionporlamemoria.org\/investigacion\/formacion-y-capacitacion\/","title":{"rendered":"Formaci\u00f3n y capacitaci\u00f3n"},"content":{"rendered":"<p>[et_pb_section fb_built=\u00bb1&#8243; _builder_version=\u00bb3.0.75&#8243; background_image=\u00bbhttps:\/\/www.comisionporlamemoria.org\/investigacion\/wp-content\/uploads\/sites\/22\/2017\/02\/bg_cabeceras2.jpg\u00bb custom_padding=\u00bb0px||0px|\u00bb][et_pb_row custom_padding=\u00bb27px|0px|0px|0px\u00bb _builder_version=\u00bb3.0.47&#8243; background_size=\u00bbinitial\u00bb background_position=\u00bbtop_left\u00bb background_repeat=\u00bbrepeat\u00bb][et_pb_column type=\u00bb1_2&#8243; _builder_version=\u00bb3.0.47&#8243; parallax=\u00bboff\u00bb parallax_method=\u00bbon\u00bb][et_pb_post_title meta=\u00bboff\u00bb featured_image=\u00bboff\u00bb _builder_version=\u00bb3.0.82&#8243; title_text_color=\u00bb#ffffff\u00bb title_font_size=\u00bb40&#8243; background_color=\u00bb#424242&#8243; custom_margin=\u00bb80px||10px|\u00bb custom_padding=\u00bb13px|10px||15px\u00bb parallax_effect=\u00bboff\u00bb module_bg_color=\u00bb#424242&#8243;][\/et_pb_post_title][\/et_pb_column][et_pb_column type=\u00bb1_2&#8243; _builder_version=\u00bb3.0.47&#8243; parallax=\u00bboff\u00bb parallax_method=\u00bbon\u00bb][\/et_pb_column][\/et_pb_row][\/et_pb_section][et_pb_section fb_built=\u00bb1&#8243; _builder_version=\u00bb3.0.74&#8243; custom_padding=\u00bb40px|0px|0px|0px\u00bb transparent_background=\u00bboff\u00bb][et_pb_row custom_padding=\u00bb0px|0px|0px|0px\u00bb parallax_method_1=\u00bboff\u00bb _builder_version=\u00bb3.0.47&#8243; background_size=\u00bbinitial\u00bb background_position=\u00bbtop_left\u00bb background_repeat=\u00bbrepeat\u00bb][et_pb_column type=\u00bb4_4&#8243; _builder_version=\u00bb3.0.47&#8243; parallax=\u00bboff\u00bb parallax_method=\u00bboff\u00bb][et_pb_text _builder_version=\u00bb3.0.76&#8243; background_size=\u00bbinitial\u00bb background_position=\u00bbtop_left\u00bb background_repeat=\u00bbrepeat\u00bb module_alignment=\u00bbleft\u00bb custom_margin=\u00bb0px|10%|40px|10%\u00bb custom_padding=\u00bb0px||0px|\u00bb]<\/p>\n<p>El programa de\u00a0<span style=\"color: #00b5e2;\"><strong>Investigaci\u00f3n y Formaci\u00f3n<\/strong><\/span>\u00a0de la CPM organiza y planifica diferentes capacitaciones destinadas a docentes y coordinadores del\u00a0<span><a href=\"https:\/\/www.comisionporlamemoria.org\/jovenesymemoria\/\"><strong>Programa J\u00f3venes y Memoria<\/strong><\/a><\/span>. A trav\u00e9s de las mismas se abordan los ejes tem\u00e1ticos que conforman la agenda actual de derechos humanos, como violencias, g\u00e9neros y diversidad, problemas socioecon\u00f3micos, as\u00ed como de metodolog\u00edas y t\u00e9cnicas para la realizaci\u00f3n de proyectos y entrevistas. A lo largo de todos estos a\u00f1os de trabajo en torno a la pedagog\u00eda de la memoria y los derechos humanos la CPM ha propiciado la producci\u00f3n y elaboraci\u00f3n de bibliograf\u00eda, as\u00ed como otros materiales en diferentes soportes que pueden ser consultados aqu\u00ed.<\/p>\n<p>A trav\u00e9s del programa de\u00a0<span style=\"color: #00b5e2;\"><strong>Investigaci\u00f3n y Formaci\u00f3n<\/strong><\/span>\u00a0 se generan convenios con diferentes instituciones para que otras y otros investigadores puedan acceder al\u00a0<span style=\"color: #00b5e2;\"><strong>Fondo documental DIPPBA<\/strong><\/span>. De esta manera se generan diversas maneras de abordar el gran acervo documental, que se nutre a partir de cada nueva investigaci\u00f3n. Para ver algunas de las publicaciones que se realizaron\u00a0<a href=\"https:\/\/www.comisionporlamemoria.org\/investigacion\/investigacion\/\">ingresar aqu\u00ed<\/a>.\u00a0<\/p>\n<p><span style=\"font-size: 15px;\"><\/span><\/p>\n<p>[\/et_pb_text][\/et_pb_column][\/et_pb_row][\/et_pb_section][et_pb_section fb_built=\u00bb1&#8243; _builder_version=\u00bb3.0.47&#8243; custom_padding=\u00bb24px||17px|\u00bb][et_pb_row custom_padding=\u00bb0px||0px|\u00bb parallax_method_1=\u00bboff\u00bb _builder_version=\u00bb3.0.47&#8243; background_size=\u00bbinitial\u00bb background_position=\u00bbtop_left\u00bb background_repeat=\u00bbrepeat\u00bb][et_pb_column type=\u00bb4_4&#8243; _builder_version=\u00bb3.0.47&#8243; parallax=\u00bboff\u00bb parallax_method=\u00bboff\u00bb][et_pb_image src=\u00bbhttps:\/\/www.comisionporlamemoria.org\/investigacion\/wp-content\/uploads\/sites\/22\/2017\/02\/separador8.jpg\u00bb _builder_version=\u00bb3.0.82&#8243; custom_margin=\u00bb0px||0px|\u00bb animation_direction=\u00bboff\u00bb custom_css_main_element=\u00bbheight: 7px !important;\u00bb animation=\u00bboff\u00bb][\/et_pb_image][\/et_pb_column][\/et_pb_row][\/et_pb_section]<\/p>\n","protected":false},"excerpt":{"rendered":"<p>El programa de\u00a0Investigaci\u00f3n y Formaci\u00f3n\u00a0de la CPM organiza y planifica diferentes capacitaciones destinadas a docentes y coordinadores del\u00a0Programa J\u00f3venes y Memoria. A trav\u00e9s de las mismas se abordan los ejes tem\u00e1ticos que conforman la agenda actual de derechos humanos, como violencias, g\u00e9neros y diversidad, problemas socioecon\u00f3micos, as\u00ed como de metodolog\u00edas y t\u00e9cnicas para la realizaci\u00f3n [&hellip;]<\/p>\n","protected":false},"author":8,"featured_media":33960,"parent":0,"menu_order":0,"comment_status":"closed","ping_status":"closed","template":"","meta":{"_et_pb_use_builder":"on","_et_pb_old_content":"","_et_gb_content_width":"","jetpack_post_was_ever_published":false,"footnotes":""},"class_list":["post-31107","page","type-page","status-publish","has-post-thumbnail","hentry"],"jetpack_sharing_enabled":true,"jetpack_shortlink":"https:\/\/wp.me\/P8ryDx-85J","_links":{"self":[{"href":"https:\/\/www.comisionporlamemoria.org\/investigacion\/wp-json\/wp\/v2\/pages\/31107","targetHints":{"allow":["GET"]}}],"collection":[{"href":"https:\/\/www.comisionporlamemoria.org\/investigacion\/wp-json\/wp\/v2\/pages"}],"about":[{"href":"https:\/\/www.comisionporlamemoria.org\/investigacion\/wp-json\/wp\/v2\/types\/page"}],"author":[{"embeddable":true,"href":"https:\/\/www.comisionporlamemoria.org\/investigacion\/wp-json\/wp\/v2\/users\/8"}],"replies":[{"embeddable":true,"href":"https:\/\/www.comisionporlamemoria.org\/investigacion\/wp-json\/wp\/v2\/comments?post=31107"}],"version-history":[{"count":0,"href":"https:\/\/www.comisionporlamemoria.org\/investigacion\/wp-json\/wp\/v2\/pages\/31107\/revisions"}],"wp:featuredmedia":[{"embeddable":true,"href":"https:\/\/www.comisionporlamemoria.org\/investigacion\/wp-json\/wp\/v2\/media\/33960"}],"wp:attachment":[{"href":"https:\/\/www.comisionporlamemoria.org\/investigacion\/wp-json\/wp\/v2\/media?parent=31107"}],"curies":[{"name":"wp","href":"https:\/\/api.w.org\/{rel}","templated":true}]}}