{"id":32660,"date":"2018-03-13T10:55:27","date_gmt":"2018-03-13T10:55:27","guid":{"rendered":"http:\/\/www.comisionporlamemoria.org\/jovenesymemoria\/?page_id=32660"},"modified":"2018-03-13T12:34:18","modified_gmt":"2018-03-13T12:34:18","slug":"vol-11","status":"publish","type":"page","link":"https:\/\/www.comisionporlamemoria.org\/jovenesymemoria\/colecciones\/vol-11\/","title":{"rendered":"Vol.11 Sitios"},"content":{"rendered":"<p>[et_pb_section fb_built=\u00bb1&#8243; _builder_version=\u00bb3.0.105&#8243; background_image=\u00bbhttps:\/\/www.comisionporlamemoria.org\/jovenesymemoria\/wp-content\/uploads\/sites\/21\/2017\/02\/bg-cabeceras-1.jpg\u00bb custom_padding=\u00bb63px|0px|55px|0px\u00bb][et_pb_row custom_padding=\u00bb15px|0px|0px|0px\u00bb _builder_version=\u00bb3.0.105&#8243; background_size=\u00bbinitial\u00bb background_position=\u00bbtop_left\u00bb background_repeat=\u00bbrepeat\u00bb][et_pb_column type=\u00bb4_4&#8243; _builder_version=\u00bb3.0.47&#8243; parallax=\u00bboff\u00bb parallax_method=\u00bbon\u00bb][et_pb_post_title meta=\u00bboff\u00bb featured_image=\u00bboff\u00bb text_color=\u00bblight\u00bb _builder_version=\u00bb3.0.105&#8243;][\/et_pb_post_title][\/et_pb_column][\/et_pb_row][\/et_pb_section][et_pb_section fb_built=\u00bb1&#8243; _builder_version=\u00bb3.0.47&#8243; custom_padding=\u00bb43px|0px|0px|0px\u00bb][et_pb_row _builder_version=\u00bb3.0.47&#8243; background_size=\u00bbinitial\u00bb background_position=\u00bbtop_left\u00bb background_repeat=\u00bbrepeat\u00bb][et_pb_column type=\u00bb4_4&#8243; _builder_version=\u00bb3.0.47&#8243; parallax=\u00bboff\u00bb parallax_method=\u00bbon\u00bb][et_pb_text _builder_version=\u00bb3.0.105&#8243;]Los Centros Clandestinos de Detenci\u00f3n que funcionaron durante la \u00faltima dictadura c\u00edvico- militar dan cuenta del dispositivo represivo desplegado en el espacio urbano, de la trama cotidiana del terror y sus condiciones de posibilidad. Muchos de ellos fueron recuperados, se\u00f1alizados y conquistados; son lugares de transmisi\u00f3n de la memoria. Las memorias que se imprimen sobre ellos no se encuentran ancladas en el pasado; permanecen activas en las tensiones que sostienen con el presente sobre c\u00f3mo nombrar, qu\u00e9 y por qu\u00e9 recordar.<br \/>\nPresentamos aqu\u00ed el Vol. 11 Sitios, una compilaci\u00f3n de producciones realizadas por j\u00f3venes de la provincia de Buenos Aires que retratan esos conflictos en las memorias del barrio, en su dimensi\u00f3n testimonial, en las luchas por su visibilizaci\u00f3n y en las discusiones por resignificar estos espacios.<br \/>\n[\/et_pb_text][\/et_pb_column][\/et_pb_row][\/et_pb_section][et_pb_section fb_built=\u00bb1&#8243; _builder_version=\u00bb3.0.47&#8243; custom_padding=\u00bb0px|0px|1px|0px\u00bb][et_pb_row custom_padding=\u00bb27px|0px|0px|0px\u00bb _builder_version=\u00bb3.0.47&#8243; background_size=\u00bbinitial\u00bb background_position=\u00bbtop_left\u00bb background_repeat=\u00bbrepeat\u00bb][et_pb_column type=\u00bb4_4&#8243; _builder_version=\u00bb3.0.47&#8243; parallax=\u00bboff\u00bb parallax_method=\u00bbon\u00bb][et_pb_text _builder_version=\u00bb3.0.105&#8243; background_color=\u00bb#f4982e\u00bb custom_padding=\u00bb7px|7px|7px|7px\u00bb]<span style=\"color: #ffffff;\"><strong>PEL\u00cdCULAS\u00a0<\/strong><\/span><br \/>\n[\/et_pb_text][\/et_pb_column][\/et_pb_row][\/et_pb_section][et_pb_section fb_built=\u00bb1&#8243; _builder_version=\u00bb3.0.47&#8243; custom_padding=\u00bb0px|0px|0px|0px\u00bb][et_pb_row custom_padding=\u00bb27px|0px|0px|0px\u00bb _builder_version=\u00bb3.0.47&#8243; background_size=\u00bbinitial\u00bb background_position=\u00bbtop_left\u00bb background_repeat=\u00bbrepeat\u00bb][et_pb_column type=\u00bb4_4&#8243; _builder_version=\u00bb3.0.47&#8243; parallax=\u00bboff\u00bb parallax_method=\u00bbon\u00bb][et_pb_text _builder_version=\u00bb3.0.105&#8243;]<\/p>\n<h5><span style=\"color: #2db2c6;\"><strong>LOS VECINOS DEL POZO DE BANFIELD<\/strong><\/span><\/h5>\n<p>[\/et_pb_text][\/et_pb_column][\/et_pb_row][et_pb_row custom_padding=\u00bb0px|0px|0px|0px\u00bb _builder_version=\u00bb3.0.47&#8243; background_size=\u00bbinitial\u00bb background_position=\u00bbtop_left\u00bb background_repeat=\u00bbrepeat\u00bb][et_pb_column type=\u00bb2_3&#8243; _builder_version=\u00bb3.0.47&#8243; parallax=\u00bboff\u00bb parallax_method=\u00bbon\u00bb][et_pb_text _builder_version=\u00bb3.0.105&#8243;]<span style=\"color: #f4982e;\">Instituto Cat\u00f3lico San Miguel- Las Flores- 2009. 28 min.<\/span><br \/>\n<span style=\"color: #f4982e;\">28 min.<\/span><\/p>\n<p>El documental indaga sobre el funcionamiento de la Brigada de Investigaciones de la polic\u00eda bonaerense en Las Flores como parte del circuito represivo de Azul, Tandil y Olavarr\u00eda.<br \/>\n[\/et_pb_text][\/et_pb_column][et_pb_column type=\u00bb1_3&#8243; _builder_version=\u00bb3.0.47&#8243; parallax=\u00bboff\u00bb parallax_method=\u00bbon\u00bb][et_pb_video src=\u00bbhttps:\/\/www.youtube.com\/watch?v=fKjhGSlxhuI&#038;index=6&#038;list=PL7IcFLoE4iLgZy6hbqYsXrALEDfS2Oxbr\u00bb _builder_version=\u00bb3.0.105&#8243;][\/et_pb_video][\/et_pb_column][\/et_pb_row][et_pb_row custom_padding=\u00bb27px|0px|0px|0px\u00bb _builder_version=\u00bb3.0.47&#8243; background_size=\u00bbinitial\u00bb background_position=\u00bbtop_left\u00bb background_repeat=\u00bbrepeat\u00bb][et_pb_column type=\u00bb4_4&#8243; _builder_version=\u00bb3.0.47&#8243; parallax=\u00bboff\u00bb parallax_method=\u00bbon\u00bb][et_pb_divider color=\u00bb#f4982e\u00bb show_divider=\u00bbon\u00bb divider_style=\u00bbdashed\u00bb _builder_version=\u00bb3.0.105&#8243;][\/et_pb_divider][\/et_pb_column][\/et_pb_row][\/et_pb_section][et_pb_section fb_built=\u00bb1&#8243; _builder_version=\u00bb3.0.47&#8243; custom_padding=\u00bb0px|0px|0px|0px\u00bb][et_pb_row custom_padding=\u00bb8px|0px|0px|0px\u00bb _builder_version=\u00bb3.0.47&#8243; background_size=\u00bbinitial\u00bb background_position=\u00bbtop_left\u00bb background_repeat=\u00bbrepeat\u00bb][et_pb_column type=\u00bb4_4&#8243; _builder_version=\u00bb3.0.47&#8243; parallax=\u00bboff\u00bb parallax_method=\u00bbon\u00bb][et_pb_text _builder_version=\u00bb3.0.105&#8243;]<strong><span style=\"color: #2db2c6;\">AVELLANEDA 705. CENTRO CLANDESTINO DE DETENCI\u00d3N<\/span><\/strong><br \/>\n[\/et_pb_text][\/et_pb_column][\/et_pb_row][et_pb_row custom_padding=\u00bb0px|0px|0px|0px\u00bb _builder_version=\u00bb3.0.47&#8243; background_size=\u00bbinitial\u00bb background_position=\u00bbtop_left\u00bb background_repeat=\u00bbrepeat\u00bb][et_pb_column type=\u00bb2_3&#8243; _builder_version=\u00bb3.0.47&#8243; parallax=\u00bboff\u00bb parallax_method=\u00bbon\u00bb][et_pb_text _builder_version=\u00bb3.0.105&#8243;]<span style=\"color: #f4982e;\">EEMN\u00ba1. Jos\u00e9 C. Paz. 2012.\u00a0<\/span><br \/>\n<span style=\"color: #f4982e;\">14 min.<\/span><\/p>\n<p>El documental presenta los mecanismos que intervienen en la construcci\u00f3n de un otro considerado peligroso para visibilizar la legitimaci\u00f3n de los abusos y la violencia que se ejerce sobre los j\u00f3venes.<br \/>\n[\/et_pb_text][\/et_pb_column][et_pb_column type=\u00bb1_3&#8243; _builder_version=\u00bb3.0.47&#8243; parallax=\u00bboff\u00bb parallax_method=\u00bbon\u00bb][et_pb_video src=\u00bbhttps:\/\/www.youtube.com\/watch?v=S45lEIW_EG0&#038;list=PL7IcFLoE4iLgZy6hbqYsXrALEDfS2Oxbr&#038;index=7&#8243; _builder_version=\u00bb3.0.105&#8243;][\/et_pb_video][\/et_pb_column][\/et_pb_row][et_pb_row custom_padding=\u00bb27px|0px|8px|0px\u00bb _builder_version=\u00bb3.0.47&#8243; background_size=\u00bbinitial\u00bb background_position=\u00bbtop_left\u00bb background_repeat=\u00bbrepeat\u00bb][et_pb_column type=\u00bb4_4&#8243; _builder_version=\u00bb3.0.47&#8243; parallax=\u00bboff\u00bb parallax_method=\u00bbon\u00bb][et_pb_divider color=\u00bb#f4982e\u00bb show_divider=\u00bbon\u00bb divider_style=\u00bbdashed\u00bb _builder_version=\u00bb3.0.105&#8243;][\/et_pb_divider][\/et_pb_column][\/et_pb_row][\/et_pb_section][et_pb_section fb_built=\u00bb1&#8243; _builder_version=\u00bb3.0.47&#8243; custom_padding=\u00bb0px|0px|0px|0px\u00bb][et_pb_row custom_padding=\u00bb8px|0px|0px|0px\u00bb _builder_version=\u00bb3.0.47&#8243; background_size=\u00bbinitial\u00bb background_position=\u00bbtop_left\u00bb background_repeat=\u00bbrepeat\u00bb][et_pb_column type=\u00bb4_4&#8243; _builder_version=\u00bb3.0.47&#8243; parallax=\u00bboff\u00bb parallax_method=\u00bbon\u00bb][et_pb_text _builder_version=\u00bb3.0.105&#8243;]<span style=\"color: #2db2c6;\"><b>CENTROS CLANDESTINOS DE DETENCI\u00d3N, MORENO \u00bfD\u00d3NDE EST\u00c1 TU MEMORIA? (PARTE II)<\/b><\/span><br \/>\n[\/et_pb_text][\/et_pb_column][\/et_pb_row][et_pb_row custom_padding=\u00bb0px|0px|0px|0px\u00bb _builder_version=\u00bb3.0.47&#8243; background_size=\u00bbinitial\u00bb background_position=\u00bbtop_left\u00bb background_repeat=\u00bbrepeat\u00bb][et_pb_column type=\u00bb2_3&#8243; _builder_version=\u00bb3.0.47&#8243; parallax=\u00bboff\u00bb parallax_method=\u00bbon\u00bb][et_pb_text _builder_version=\u00bb3.0.105&#8243;]<span style=\"color: #f4982e;\">EESN\u00ba 21- Moreno- 2013.<\/span><br \/>\n<span style=\"color: #f4982e;\">14 min.<\/span><\/p>\n<p>Esta investigaci\u00f3n cuenta el recorrido por los lugares de detenci\u00f3n en Moreno centrando su relato en el proceso que culmin\u00f3 con la se\u00f1alizaci\u00f3n de una Comisar\u00eda que funcion\u00f3 como centro de detenci\u00f3n ilegal.<br \/>\n[\/et_pb_text][\/et_pb_column][et_pb_column type=\u00bb1_3&#8243; _builder_version=\u00bb3.0.47&#8243; parallax=\u00bboff\u00bb parallax_method=\u00bbon\u00bb][et_pb_video src=\u00bbhttps:\/\/www.youtube.com\/watch?v=7XKhIucb7s0&#038;index=5&#038;list=PL7IcFLoE4iLgZy6hbqYsXrALEDfS2Oxbr\u00bb _builder_version=\u00bb3.0.105&#8243;][\/et_pb_video][et_pb_video src=\u00bbhttps:\/\/www.youtube.com\/watch?v=azsw6O770zQ&#038;index=4&#038;list=PL7IcFLoE4iLgZy6hbqYsXrALEDfS2Oxbr\u00bb _builder_version=\u00bb3.0.105&#8243;][\/et_pb_video][\/et_pb_column][\/et_pb_row][et_pb_row custom_padding=\u00bb27px|0px|0px|0px\u00bb _builder_version=\u00bb3.0.47&#8243; background_size=\u00bbinitial\u00bb background_position=\u00bbtop_left\u00bb background_repeat=\u00bbrepeat\u00bb][et_pb_column type=\u00bb4_4&#8243; _builder_version=\u00bb3.0.47&#8243; parallax=\u00bboff\u00bb parallax_method=\u00bbon\u00bb][et_pb_divider color=\u00bb#f4982e\u00bb show_divider=\u00bbon\u00bb divider_style=\u00bbdashed\u00bb _builder_version=\u00bb3.0.105&#8243;][\/et_pb_divider][\/et_pb_column][\/et_pb_row][\/et_pb_section][et_pb_section fb_built=\u00bb1&#8243; _builder_version=\u00bb3.0.47&#8243; custom_padding=\u00bb0px|0px|0px|0px\u00bb][et_pb_row custom_padding=\u00bb11px|0px|0px|0px\u00bb _builder_version=\u00bb3.0.47&#8243; background_size=\u00bbinitial\u00bb background_position=\u00bbtop_left\u00bb background_repeat=\u00bbrepeat\u00bb][et_pb_column type=\u00bb4_4&#8243; _builder_version=\u00bb3.0.47&#8243; parallax=\u00bboff\u00bb parallax_method=\u00bbon\u00bb][et_pb_text _builder_version=\u00bb3.0.105&#8243;]<span style=\"font-size: 15px;\"><span style=\"color: #2db2c6;\"><b>985<\/b><\/span><\/span><br \/>\n[\/et_pb_text][\/et_pb_column][\/et_pb_row][et_pb_row custom_padding=\u00bb0px|0px|0px|0px\u00bb _builder_version=\u00bb3.0.47&#8243; background_size=\u00bbinitial\u00bb background_position=\u00bbtop_left\u00bb background_repeat=\u00bbrepeat\u00bb][et_pb_column type=\u00bb2_3&#8243; _builder_version=\u00bb3.0.47&#8243; parallax=\u00bboff\u00bb parallax_method=\u00bbon\u00bb][et_pb_text _builder_version=\u00bb3.0.105&#8243;]<span style=\"color: #f4982e;\">Instituto Adveniat- Mor\u00f3n- 2006.<\/span><br \/>\n<span style=\"color: #f4982e;\">18 min.<\/span><\/p>\n<p>La casa de Entre R\u00edos 985 fue Central de Inteligencia y funcion\u00f3 como centro clandestino de detenci\u00f3n. A trav\u00e9s de las entrevistas realizadas a integrantes de organismos de derechos humanos el video aborda las miradas y los conflictos que surgen a la hora de resignificar un espacio como sitio de memoria.<br \/>\n[\/et_pb_text][\/et_pb_column][et_pb_column type=\u00bb1_3&#8243; _builder_version=\u00bb3.0.47&#8243; parallax=\u00bboff\u00bb parallax_method=\u00bbon\u00bb][et_pb_video src=\u00bbhttps:\/\/www.youtube.com\/watch?v=0pOS_fWFJJQ&#038;list=PL7IcFLoE4iLgZy6hbqYsXrALEDfS2Oxbr&#038;index=1&#8243; _builder_version=\u00bb3.0.105&#8243;][\/et_pb_video][\/et_pb_column][\/et_pb_row][et_pb_row custom_padding=\u00bb27px|0px|0px|0px\u00bb _builder_version=\u00bb3.0.47&#8243; background_size=\u00bbinitial\u00bb background_position=\u00bbtop_left\u00bb background_repeat=\u00bbrepeat\u00bb][et_pb_column type=\u00bb4_4&#8243; _builder_version=\u00bb3.0.47&#8243; parallax=\u00bboff\u00bb parallax_method=\u00bbon\u00bb][et_pb_divider color=\u00bb#f4982e\u00bb show_divider=\u00bbon\u00bb divider_style=\u00bbdashed\u00bb _builder_version=\u00bb3.0.105&#8243;][\/et_pb_divider][\/et_pb_column][\/et_pb_row][\/et_pb_section][et_pb_section fb_built=\u00bb1&#8243; _builder_version=\u00bb3.0.47&#8243; custom_padding=\u00bb0px|0px|0px|0px\u00bb][et_pb_row custom_padding=\u00bb27px|0px|0px|0px\u00bb _builder_version=\u00bb3.0.47&#8243; background_size=\u00bbinitial\u00bb background_position=\u00bbtop_left\u00bb background_repeat=\u00bbrepeat\u00bb][et_pb_column type=\u00bb4_4&#8243; _builder_version=\u00bb3.0.47&#8243; parallax=\u00bboff\u00bb parallax_method=\u00bbon\u00bb][et_pb_text _builder_version=\u00bb3.0.105&#8243;]<span style=\"color: #2db2c6;\"><b>MITOS CLANDESTINOS<\/b><\/span><br \/>\n[\/et_pb_text][\/et_pb_column][\/et_pb_row][et_pb_row custom_padding=\u00bb0px|0px|0px|0px\u00bb _builder_version=\u00bb3.0.47&#8243; background_size=\u00bbinitial\u00bb background_position=\u00bbtop_left\u00bb background_repeat=\u00bbrepeat\u00bb][et_pb_column type=\u00bb2_3&#8243; _builder_version=\u00bb3.0.47&#8243; parallax=\u00bboff\u00bb parallax_method=\u00bbon\u00bb][et_pb_text _builder_version=\u00bb3.0.105&#8243;]<span style=\"color: #f4982e;\">EESN\u00ba 11- Mar del plata- 2012.\u00a0<\/span><br \/>\n<span style=\"color: #f4982e;\">15 min.<\/span><\/p>\n<p>La sospecha sobre el posible funcionamiento de una antigua casona denominada \u201cVilla Joyosa\u201d como centro clandestino de detenci\u00f3n es el objeto de esta investigaci\u00f3n que pone en escena, a partir de los testimonios de los vecinos, memorias en tensi\u00f3n.<br \/>\n[\/et_pb_text][\/et_pb_column][et_pb_column type=\u00bb1_3&#8243; _builder_version=\u00bb3.0.47&#8243; parallax=\u00bboff\u00bb parallax_method=\u00bbon\u00bb][et_pb_video src=\u00bbhttps:\/\/www.youtube.com\/watch?v=r905at5ds9E&#038;list=PL7IcFLoE4iLgZy6hbqYsXrALEDfS2Oxbr&#038;index=2&#8243; _builder_version=\u00bb3.0.105&#8243;][\/et_pb_video][\/et_pb_column][\/et_pb_row][et_pb_row custom_padding=\u00bb27px|0px|2px|0px\u00bb _builder_version=\u00bb3.0.47&#8243; background_size=\u00bbinitial\u00bb background_position=\u00bbtop_left\u00bb background_repeat=\u00bbrepeat\u00bb][et_pb_column type=\u00bb4_4&#8243; _builder_version=\u00bb3.0.47&#8243; parallax=\u00bboff\u00bb parallax_method=\u00bbon\u00bb][et_pb_divider color=\u00bb#f4982e\u00bb show_divider=\u00bbon\u00bb divider_style=\u00bbdashed\u00bb _builder_version=\u00bb3.0.105&#8243;][\/et_pb_divider][\/et_pb_column][\/et_pb_row][\/et_pb_section][et_pb_section fb_built=\u00bb1&#8243; _builder_version=\u00bb3.0.47&#8243; custom_padding=\u00bb0px|0px|5px|0px\u00bb][et_pb_row custom_padding=\u00bb27px|0px|0px|0px\u00bb _builder_version=\u00bb3.0.47&#8243; background_size=\u00bbinitial\u00bb background_position=\u00bbtop_left\u00bb background_repeat=\u00bbrepeat\u00bb][et_pb_column type=\u00bb4_4&#8243; _builder_version=\u00bb3.0.47&#8243; parallax=\u00bboff\u00bb parallax_method=\u00bbon\u00bb][et_pb_text _builder_version=\u00bb3.0.105&#8243;]<span style=\"color: #2db2c6;\"><b>MADRE C\u00c1RCEL<\/b><\/span><br \/>\n[\/et_pb_text][\/et_pb_column][\/et_pb_row][et_pb_row custom_padding=\u00bb0px|0px|2px|0px\u00bb _builder_version=\u00bb3.0.47&#8243; background_size=\u00bbinitial\u00bb background_position=\u00bbtop_left\u00bb background_repeat=\u00bbrepeat\u00bb][et_pb_column type=\u00bb2_3&#8243; _builder_version=\u00bb3.0.47&#8243; parallax=\u00bboff\u00bb parallax_method=\u00bbon\u00bb][et_pb_text _builder_version=\u00bb3.0.105&#8243;]<span style=\"color: #f4982e;\">ESB N\u00ba 24- Del Viso- Pilar- 2011.<\/span><br \/>\n<span style=\"color: #f4982e;\">14 min.<\/span><\/p>\n<p>El video presenta las historias de Marta Berra y Eva Orificci, ex detenidas desaparecidas, que fueron secuestradas junto a sus hijos. El relato se centra en aquellas condiciones de detenci\u00f3n ilegal en la Superintendencia Federal y luego, a disposici\u00f3n del Poder Ejecutivo Nacional, en la c\u00e1rcel de Villa Devoto.<br \/>\n[\/et_pb_text][\/et_pb_column][et_pb_column type=\u00bb1_3&#8243; _builder_version=\u00bb3.0.47&#8243; parallax=\u00bboff\u00bb parallax_method=\u00bbon\u00bb][et_pb_video src=\u00bbhttps:\/\/www.youtube.com\/watch?v=dMDIBmQ-UcU&#038;index=3&#038;list=PL7IcFLoE4iLgZy6hbqYsXrALEDfS2Oxbr\u00bb _builder_version=\u00bb3.0.105&#8243;][\/et_pb_video][\/et_pb_column][\/et_pb_row][et_pb_row custom_padding=\u00bb27px|0px|0px|0px\u00bb _builder_version=\u00bb3.0.47&#8243; background_size=\u00bbinitial\u00bb background_position=\u00bbtop_left\u00bb background_repeat=\u00bbrepeat\u00bb][et_pb_column type=\u00bb4_4&#8243; _builder_version=\u00bb3.0.47&#8243; parallax=\u00bboff\u00bb parallax_method=\u00bbon\u00bb][et_pb_divider color=\u00bb#f4982e\u00bb show_divider=\u00bbon\u00bb divider_style=\u00bbdashed\u00bb _builder_version=\u00bb3.0.105&#8243;][\/et_pb_divider][\/et_pb_column][\/et_pb_row][\/et_pb_section][et_pb_section fb_built=\u00bb1&#8243; _builder_version=\u00bb3.0.47&#8243; custom_padding=\u00bb8px|0px|54px|0px\u00bb][et_pb_row custom_padding=\u00bb22px|0px|0px|0px\u00bb _builder_version=\u00bb3.0.47&#8243; background_size=\u00bbinitial\u00bb background_position=\u00bbtop_left\u00bb background_repeat=\u00bbrepeat\u00bb][et_pb_column type=\u00bb2_3&#8243; _builder_version=\u00bb3.0.47&#8243; parallax=\u00bboff\u00bb parallax_method=\u00bbon\u00bb][et_pb_text _builder_version=\u00bb3.0.105&#8243;]<\/p>\n<h2>Ejes sugeridos:<\/h2>\n<p>&#8211; Los mecanismos de la represi\u00f3n: Los centros clandestinos de detenci\u00f3n en el funcionamiento del terrorismo de Estado y la desaparici\u00f3n forzada.<br \/>\n&#8211; El disciplinamiento social y la vida cotidiana alrededor de un centro clandestino de detenci\u00f3n. Las memorias del barrio, la convivencia con el terror, la complicidad y el miedo.<br \/>\n&#8211; La dimensi\u00f3n testimonial de los ex centros clandestinos de detenci\u00f3n y la reconstrucci\u00f3n del horror. Su valor para la b\u00fasqueda de verdad y justicia.<br \/>\n&#8211; Los centros clandestinos y los recorridos de la justicia para juzgar los cr\u00edmenes cometidos durante la \u00faltima dictadura c\u00edvico \u2013militar.<br \/>\n&#8211; Los espacios de represi\u00f3n y su recuperaci\u00f3n, se\u00f1alizaci\u00f3n, apropiaci\u00f3n como sitios para la transmisi\u00f3n de la memoria. Las disputas pol\u00edticas en la construcci\u00f3n de la memoria que se expresan en el territorio.<br \/>\n&#8211; El rol de las nuevas generaciones en la elaboraci\u00f3n del pasado y su intervenci\u00f3n en el espacio p\u00fablico.<br \/>\n[\/et_pb_text][\/et_pb_column][et_pb_column type=\u00bb1_3&#8243; _builder_version=\u00bb3.0.47&#8243; parallax=\u00bboff\u00bb parallax_method=\u00bbon\u00bb][\/et_pb_column][\/et_pb_row][et_pb_row _builder_version=\u00bb3.0.47&#8243; background_size=\u00bbinitial\u00bb background_position=\u00bbtop_left\u00bb background_repeat=\u00bbrepeat\u00bb][et_pb_column type=\u00bb4_4&#8243; _builder_version=\u00bb3.0.47&#8243; parallax=\u00bboff\u00bb parallax_method=\u00bbon\u00bb][et_pb_text _builder_version=\u00bb3.0.105&#8243; background_color=\u00bb#2db2c6&#8243; custom_padding=\u00bb7px|7px|7px|7px\u00bb]<span style=\"color: #ffffff;\"><strong>PARA EL AULA<\/strong><\/span><br \/>\n[\/et_pb_text][\/et_pb_column][\/et_pb_row][et_pb_row custom_padding=\u00bb27px|0px|0px|0px\u00bb _builder_version=\u00bb3.0.47&#8243; background_size=\u00bbinitial\u00bb background_position=\u00bbtop_left\u00bb background_repeat=\u00bbrepeat\u00bb][et_pb_column type=\u00bb2_3&#8243; _builder_version=\u00bb3.0.47&#8243; parallax=\u00bboff\u00bb parallax_method=\u00bbon\u00bb][et_pb_toggle title=\u00bbSugerencia de actividades\u00bb icon_color=\u00bb#f4982e\u00bb _builder_version=\u00bb3.0.105&#8243; title_text_color=\u00bb#2db2c6&#8243;]Presentamos posibles maneras de trabajar los materiales con j\u00f3venes:<\/p>\n<p><strong class=\"tabla\">Propuesta de Taller<\/strong><\/p>\n<p><strong>Objetivo:<\/strong><br \/>\nReflexionar sobre el espacio p\u00fablico como lugar donde se expresan las disputas en la construcci\u00f3n de la memoria. Indagar en los sitios y marcas territoriales como lugares de conmemoraci\u00f3n y transmisi\u00f3n del pasado.<br \/>\nLuego del visionado de alguna de las pel\u00edculas que conforman la colecci\u00f3n el coordinador preguntar\u00e1 al grupo acerca de los espacios, marcaciones o se\u00f1alizaciones que los j\u00f3venes tengan identificados en el barrio, en la escuela, en la localidad, etc.<\/p>\n<p>Una vez que, en peque\u00f1os grupo o entre todos, hayan confeccionado un listado o una grilla se propondr\u00e1 definir y analizar cu\u00e1les son sus caracter\u00edsticas; aquellas cuestiones que estas marcas o sitios tienen en com\u00fan y cu\u00e1les no; si todas tienen que ver con lugares que funcionaron como centros clandestinos de detenci\u00f3n o responden a otros motivos. La propuesta est\u00e1 orientada a poder discutir y reflexionar sobre la funci\u00f3n, la intenci\u00f3n y el sentido de estos espacios; indagar en el debate que se genere qu\u00e9 se recuerda, en qu\u00e9 lugares, cu\u00e1ndo, de qu\u00e9 manera. Qu\u00e9 relaci\u00f3n tienen los j\u00f3venes con esas marcas o lugares tambi\u00e9n. A partir de la manera en que son tramitados por ellos, por el barrio o la escuela, por ejemplo, poder problematizar las memorias que emergen, si entran en conflicto con relatos cristalizados sobre la \u00faltima dictadura, indagar c\u00f3mo intervienen en la elaboraci\u00f3n colectiva del pasado.<\/p>\n<h2>Algunas preguntas para orientar el debate:<\/h2>\n<p>\u00bfCu\u00e1les son los lugares de memoria que conocen en la localidad? \u00bfEst\u00e1n se\u00f1alizados? \u00bfC\u00f3mo son conocidos en el barrio? \u00bfCu\u00e1ndo se coloc\u00f3 o se\u00f1aliz\u00f3? \u00bfC\u00f3mo se muestra o presenta? \u00bfPor qu\u00e9 se se\u00f1aliz\u00f3? \u00bfC\u00f3mo fue recibido por la comunidad? \u00bfLo hab\u00edan visto o lo conoc\u00edan antes? \u00bfCu\u00e1l creen es el sentido de la se\u00f1alizaci\u00f3n? \u00bfPara qu\u00e9 las marcas? \u00bfCu\u00e1l es su prop\u00f3sito? \u00bfQu\u00e9 valor tienen? \u00bfQu\u00e9 rol cumplen estos espacios o marcaciones para la transmisi\u00f3n de la memoria? \u00bfQu\u00e9 actividades les gustar\u00eda se desarrollaran en ese lugar? \u00bfSobre qu\u00e9 otros espacios har\u00edan marcaciones? \u00bfHay marcas sobre casos en el presente?<\/p>\n<h2><strong>Para investigar<\/strong><\/h2>\n<p>Indagar acerca de casos de violencia institucional que est\u00e9n presentes en la localidad. \u00bfC\u00f3mo se manifiestan hoy las demandas sobre la violaci\u00f3n a los DDHH?<br \/>\n[\/et_pb_toggle][\/et_pb_column][et_pb_column type=\u00bb1_3&#8243; _builder_version=\u00bb3.0.47&#8243; parallax=\u00bboff\u00bb parallax_method=\u00bbon\u00bb][et_pb_button button_url=\u00bbhttps:\/\/www.comisionporlamemoria.org\/investigacion\/paisajes-de-la-memoria\/\u00bb button_text=\u00bbIr al sitio paisajes de la memoria \u00bb background_layout=\u00bbdark\u00bb _builder_version=\u00bb3.0.105&#8243; custom_button=\u00bbon\u00bb button_text_size=\u00bb17px\u00bb button_bg_color=\u00bb#f4982e\u00bb button_border_width=\u00bb0px\u00bb button_border_radius=\u00bb0px\u00bb button_font=\u00bb|||on|||||\u00bb button_icon=\u00bb%%20%%\u00bb button_icon_color=\u00bb#2db2c6&#8243; button_bg_color_hover=\u00bb#f48200&#8243;][\/et_pb_button][\/et_pb_column][\/et_pb_row][et_pb_row custom_padding=\u00bb18px|0px|0px|0px\u00bb _builder_version=\u00bb3.0.47&#8243; background_size=\u00bbinitial\u00bb background_position=\u00bbtop_left\u00bb background_repeat=\u00bbrepeat\u00bb][et_pb_column type=\u00bb2_3&#8243; _builder_version=\u00bb3.0.47&#8243; parallax=\u00bboff\u00bb parallax_method=\u00bbon\u00bb][et_pb_toggle title=\u00bbOtras producciones del programa J\u00f3venes y Memoria\u00bb icon_color=\u00bb#f4982e\u00bb _builder_version=\u00bb3.0.105&#8243; title_text_color=\u00bb#2db2c6&#8243;]<strong>\u201cEl faro, una postal del olvido\u201d<\/strong><br \/>\nEESN\u00ba 210- Mar del Plata- 2013.<br \/>\n<a href=\"http:\/\/www.youtube.com\/watch?v=1PhG6LUgzyg\">ver online<\/a><\/p>\n<p><strong>\u201cNorma Arrostito, la inNoMbrable vuelve a la escuela\u201d<\/strong><br \/>\nEemn\u00ba 20- General San Mart\u00edn- 2011.<br \/>\n<a href=\"http:\/\/www.youtube.com\/watch?v=OWn6psp4mjk\">ver online<\/a><\/p>\n<p><strong>\u201cHasta los huesos\u201d\u00a0<\/strong><br \/>\nInstituto America latina- Isidro Casanova- La Matanza- 2012.<br \/>\n<a href=\"http:\/\/www.youtube.com\/watch?v=aILVsvUgmUE\">ver online<\/a><\/p>\n<p><strong>\u201cPedro Pablo Turner. Desmemoria obligada de Lomas de Zamora\u201d\u00a0<\/strong><br \/>\nEesn\u00ba365- Villa Lamadrid- Lomas de zamora- 2011.<br \/>\n<a href=\"http:\/\/www.youtube.com\/watch?v=YRqKeauUvaM\">ver online<\/a><\/p>\n<p><a href=\"http:\/\/catalogo.comisionporlamemoria.org\">Ver m\u00e1s producciones del programa<\/a><br \/>\n[\/et_pb_toggle][\/et_pb_column][et_pb_column type=\u00bb1_3&#8243; _builder_version=\u00bb3.0.47&#8243; parallax=\u00bboff\u00bb parallax_method=\u00bbon\u00bb][et_pb_button button_url=\u00bbhttps:\/\/www.comisionporlamemoria.org\/project\/la-bonaerense-durante-el-terrorismo-de-estado\/\u00bb button_text=\u00bbLa bonaerense durante el terrorismo de Estado\u00bb background_layout=\u00bbdark\u00bb _builder_version=\u00bb3.0.105&#8243; custom_button=\u00bbon\u00bb button_text_size=\u00bb17px\u00bb button_bg_color=\u00bb#f4982e\u00bb button_border_width=\u00bb0px\u00bb button_border_radius=\u00bb0px\u00bb button_font=\u00bb|||on|||||\u00bb button_icon=\u00bb%%20%%\u00bb button_icon_color=\u00bb#2db2c6&#8243; button_bg_color_hover=\u00bb#f48200&#8243;][\/et_pb_button][\/et_pb_column][\/et_pb_row][et_pb_row custom_padding=\u00bb22px|0px|27px|0px\u00bb _builder_version=\u00bb3.0.47&#8243; background_size=\u00bbinitial\u00bb background_position=\u00bbtop_left\u00bb background_repeat=\u00bbrepeat\u00bb][et_pb_column type=\u00bb2_3&#8243; _builder_version=\u00bb3.0.47&#8243; parallax=\u00bboff\u00bb parallax_method=\u00bbon\u00bb][et_pb_toggle title=\u00bbAdem\u00e1s\u2026 Notas period\u00edsticas\u00bb icon_color=\u00bb#f4982e\u00bb _builder_version=\u00bb3.0.105&#8243; title_text_color=\u00bb#2db2c6&#8243;]Acercamos algunas noticias period\u00edsticas vinculadas a los trabajos de investigaci\u00f3n que pueden aportar al debate.<\/p>\n<p><a href=\"http:\/\/www.pagina12.com.ar\/diario\/elpais\/1-186257-2012-01-26.html\" target=\"_blank\" rel=\"noopener\"><strong>\u201cUna placa en Escobar\u201d<\/strong><\/a><br \/>\n<a href=\"https:\/\/www.andaragencia.org\/?p=4546\"><strong>\u201cJuicio por los cr\u00edmenes de La Cacha: las audiencias\u201d<\/strong><\/a><br \/>\n<strong><a href=\"http:\/\/www.pagina12.com.ar\/diario\/elpais\/1-241974-2014-03-17.html\" target=\"_blank\" rel=\"noopener\">\u201cUna confesi\u00f3n y un nuevo grupo de tareas\u201d<\/a><\/strong><br \/>\n<strong><a href=\"http:\/\/www.infobae.com\/2014\/01\/30\/1540340-luciano-arruga-otro-desaparecido-democracia-que-ya-lleva-cinco-anos-esperando-justicia\" target=\"_blank\" rel=\"noopener\">\u201cLuciano Arruga, otro desaparecido en democracia que ya lleva 5 a\u00f1os esperando justicia\u201d<\/a><\/strong><br \/>\n[\/et_pb_toggle][et_pb_toggle title=\u00bbTextos sugeridos disponibles en la web\u00bb icon_color=\u00bb#f4982e\u00bb _builder_version=\u00bb3.0.105&#8243; title_text_color=\u00bb#2db2c6&#8243;]<a href=\"https:\/\/www.comisionporlamemoria.org\/archivos\/investigacion\/paisajes\/01_ponencia_paisajes_de_la_memoria.pdf\">Paisajes de la memoria. Por Samanta Salvatori, Carla Cafasso, Josefina Oliva y Ana Solari.\u00a0<\/a><\/p>\n<p><a href=\"http:\/\/www.jus.gob.ar\/media\/1129199\/48-cuaderno_redes_2.pdf\" target=\"_blank\" rel=\"noopener\">Sitios de memoria. Experiencias y desaf\u00edos (cuaderno II). Red Federal de sitios de memoria<\/a><\/p>\n<p><a href=\"https:\/\/es.scribd.com\/document\/71182917\/Entre-memoria-e-historia-La-problematica-de-los-lugares-Pierre-Nora\" target=\"_blank\" rel=\"noopener\">Entre memoria e historia: La problem\u00e1tica de los lugares. Por Pierre Nora\u00a0<\/a><\/p>\n<p><a href=\"http:\/\/conti.derhuman.jus.gov.ar\/2011\/10\/mesa_17\/schindel_mesa_17.pdf\" target=\"_blank\" rel=\"noopener\">Memorias barriales y derecho a la ciudad: la recuperaci\u00f3n de ex CCD como pr\u00e1ctica de resistencia y reconstituci\u00f3n del tejido social. Por Estela Schindel<\/a><\/p>\n<p><a href=\"http:\/\/www.memoriaabierta.org.ar\/materiales\/pdf\/ciudad_memoria.pdf\" target=\"_blank\" rel=\"noopener\">Ciudad memoria, monumento, lugar y situaci\u00f3n urbana. Por Pablo Sztulwark\u00a0<\/a><\/p>\n<p><a href=\"https:\/\/elsudamericano.wordpress.com\/2017\/09\/12\/poder-y-desaparicion-los-campos-de-concentracion-en-argentina-por-pilar-calveiro\/\" target=\"_blank\" rel=\"noopener\">Poder y desaparici\u00f3n: Los campos de concentraci\u00f3n en la Argentina. Por Pilar Calveiro\u00a0<\/a><br \/>\n[\/et_pb_toggle][\/et_pb_column][et_pb_column type=\u00bb1_3&#8243; _builder_version=\u00bb3.0.47&#8243; parallax=\u00bboff\u00bb parallax_method=\u00bbon\u00bb][\/et_pb_column][\/et_pb_row][et_pb_row _builder_version=\u00bb3.0.47&#8243; background_size=\u00bbinitial\u00bb background_position=\u00bbtop_left\u00bb background_repeat=\u00bbrepeat\u00bb][et_pb_column type=\u00bb4_4&#8243; _builder_version=\u00bb3.0.47&#8243; parallax=\u00bboff\u00bb parallax_method=\u00bbon\u00bb][et_pb_divider color=\u00bb#f4982e\u00bb show_divider=\u00bbon\u00bb divider_style=\u00bbdashed\u00bb _builder_version=\u00bb3.0.105&#8243;][\/et_pb_divider][\/et_pb_column][\/et_pb_row][\/et_pb_section]<\/p>\n","protected":false},"excerpt":{"rendered":"<p>Los Centros Clandestinos de Detenci\u00f3n que funcionaron durante la \u00faltima dictadura c\u00edvico- militar dan cuenta del dispositivo represivo desplegado en el espacio urbano, de la trama cotidiana del terror y sus condiciones de posibilidad. Muchos de ellos fueron recuperados, se\u00f1alizados y conquistados; son lugares de transmisi\u00f3n de la memoria. Las memorias que se imprimen sobre [&hellip;]<\/p>\n","protected":false},"author":52,"featured_media":0,"parent":32140,"menu_order":0,"comment_status":"closed","ping_status":"closed","template":"","meta":{"_et_pb_use_builder":"on","_et_pb_old_content":"","_et_gb_content_width":"","jetpack_post_was_ever_published":false,"footnotes":""},"class_list":["post-32660","page","type-page","status-publish","hentry"],"jetpack_sharing_enabled":true,"jetpack_shortlink":"https:\/\/wp.me\/P8ryIF-8uM","jetpack-related-posts":[],"_links":{"self":[{"href":"https:\/\/www.comisionporlamemoria.org\/jovenesymemoria\/wp-json\/wp\/v2\/pages\/32660","targetHints":{"allow":["GET"]}}],"collection":[{"href":"https:\/\/www.comisionporlamemoria.org\/jovenesymemoria\/wp-json\/wp\/v2\/pages"}],"about":[{"href":"https:\/\/www.comisionporlamemoria.org\/jovenesymemoria\/wp-json\/wp\/v2\/types\/page"}],"author":[{"embeddable":true,"href":"https:\/\/www.comisionporlamemoria.org\/jovenesymemoria\/wp-json\/wp\/v2\/users\/52"}],"replies":[{"embeddable":true,"href":"https:\/\/www.comisionporlamemoria.org\/jovenesymemoria\/wp-json\/wp\/v2\/comments?post=32660"}],"version-history":[{"count":0,"href":"https:\/\/www.comisionporlamemoria.org\/jovenesymemoria\/wp-json\/wp\/v2\/pages\/32660\/revisions"}],"up":[{"embeddable":true,"href":"https:\/\/www.comisionporlamemoria.org\/jovenesymemoria\/wp-json\/wp\/v2\/pages\/32140"}],"wp:attachment":[{"href":"https:\/\/www.comisionporlamemoria.org\/jovenesymemoria\/wp-json\/wp\/v2\/media?parent=32660"}],"curies":[{"name":"wp","href":"https:\/\/api.w.org\/{rel}","templated":true}]}}