{"id":51145,"date":"2024-10-18T11:38:13","date_gmt":"2024-10-18T14:38:13","guid":{"rendered":"https:\/\/www.comisionporlamemoria.org\/jovenesymemoria\/?page_id=51145"},"modified":"2024-12-06T13:35:06","modified_gmt":"2024-12-06T16:35:06","slug":"encuentro-de-cierre-2024-cronogramas","status":"publish","type":"page","link":"https:\/\/www.comisionporlamemoria.org\/jovenesymemoria\/encuentro-de-cierre-2024-cronogramas\/","title":{"rendered":"Encuentro de cierre 2024 &#8211; CRONOGRAMAS"},"content":{"rendered":"<p>[et_pb_section fb_built=\u00bb1&#8243; fullwidth=\u00bbon\u00bb _builder_version=\u00bb4.27.2&#8243; _module_preset=\u00bbdefault\u00bb global_colors_info=\u00bb{}\u00bb][et_pb_fullwidth_image src=\u00bbhttps:\/\/www.comisionporlamemoria.org\/jovenesymemoria\/wp-content\/uploads\/sites\/21\/2024\/10\/paraweb-scaled.jpg\u00bb title_text=\u00bbPIEZAS_PARA_REDES copia\u00bb _builder_version=\u00bb4.27.2&#8243; _module_preset=\u00bbdefault\u00bb global_colors_info=\u00bb{}\u00bb][\/et_pb_fullwidth_image][\/et_pb_section][et_pb_section fb_built=\u00bb1&#8243; _builder_version=\u00bb4.27.2&#8243; _module_preset=\u00bbdefault\u00bb global_colors_info=\u00bb{}\u00bb][et_pb_row column_structure=\u00bb1_5,1_5,1_5,1_5,1_5&#8243; disabled_on=\u00bbon|off|off\u00bb _builder_version=\u00bb4.27.2&#8243; _module_preset=\u00bbdefault\u00bb global_colors_info=\u00bb{}\u00bb][et_pb_column type=\u00bb1_5&#8243; _builder_version=\u00bb4.27.2&#8243; _module_preset=\u00bbdefault\u00bb background_enable_color=\u00bboff\u00bb link_option_url=\u00bb#tanda1&#8243; border_width_all=\u00bb3px\u00bb border_color_all=\u00bb#E02B20&#8243; global_colors_info=\u00bb{}\u00bb][et_pb_text _builder_version=\u00bb4.27.2&#8243; _module_preset=\u00bbdefault\u00bb header_2_font=\u00bb|700|||||||\u00bb header_2_text_color=\u00bb#FFFFFF\u00bb custom_margin=\u00bb8%|2%|2%|2%|false|false\u00bb custom_padding=\u00bb2%|2%|2%|2%|false|false\u00bb global_colors_info=\u00bb{}\u00bb]<\/p>\n<h2 style=\"text-align: center;\"><span style=\"color: #e02b20;\">TANDA 1<\/span><\/h2>\n<p>[\/et_pb_text][\/et_pb_column][et_pb_column type=\u00bb1_5&#8243; _builder_version=\u00bb4.27.2&#8243; _module_preset=\u00bbdefault\u00bb background_enable_color=\u00bboff\u00bb link_option_url=\u00bb#tanda2&#8243; border_width_all=\u00bb3px\u00bb border_color_all=\u00bb#e02b20&#8243; global_colors_info=\u00bb{}\u00bb][et_pb_text _builder_version=\u00bb4.27.2&#8243; _module_preset=\u00bbdefault\u00bb header_2_font=\u00bb|700|||||||\u00bb header_2_text_color=\u00bb#FFFFFF\u00bb custom_margin=\u00bb8%|2%|2%|2%|false|false\u00bb custom_padding=\u00bb2%|2%|2%|2%|false|false\u00bb global_colors_info=\u00bb{}\u00bb]<\/p>\n<h2 style=\"text-align: center;\"><span style=\"color: #e02b20;\">TANDA 2<\/span><\/h2>\n<p>[\/et_pb_text][\/et_pb_column][et_pb_column type=\u00bb1_5&#8243; _builder_version=\u00bb4.27.2&#8243; _module_preset=\u00bbdefault\u00bb background_enable_color=\u00bboff\u00bb link_option_url=\u00bb#tanda3&#8243; border_width_all=\u00bb3px\u00bb border_color_all=\u00bb#e02b20&#8243; global_colors_info=\u00bb{}\u00bb][et_pb_text _builder_version=\u00bb4.27.2&#8243; _module_preset=\u00bbdefault\u00bb header_text_color=\u00bb#000000&#8243; header_2_font=\u00bb|700|||||||\u00bb header_2_text_color=\u00bb#666666&#8243; custom_margin=\u00bb8%|2%|2%|2%|false|false\u00bb custom_padding=\u00bb2%|2%|2%|2%|false|false\u00bb global_colors_info=\u00bb{}\u00bb]<\/p>\n<h2 style=\"text-align: center;\"><span style=\"color: #e02b20;\">TANDA 3<\/span><\/h2>\n<p>[\/et_pb_text][\/et_pb_column][et_pb_column type=\u00bb1_5&#8243; _builder_version=\u00bb4.27.2&#8243; _module_preset=\u00bbdefault\u00bb background_enable_color=\u00bboff\u00bb link_option_url=\u00bb#tanda4&#8243; border_width_all=\u00bb3px\u00bb border_color_all=\u00bb#e02b20&#8243; global_colors_info=\u00bb{}\u00bb][et_pb_text _builder_version=\u00bb4.27.2&#8243; _module_preset=\u00bbdefault\u00bb header_2_font=\u00bb|700|||||||\u00bb header_2_text_color=\u00bb#FFFFFF\u00bb custom_margin=\u00bb8%|2%|2%|2%|false|false\u00bb custom_padding=\u00bb2%|2%|2%|2%|false|false\u00bb global_colors_info=\u00bb{}\u00bb]<\/p>\n<h2 style=\"text-align: center;\"><span style=\"color: #e02b20;\">TANDA 4<\/span><\/h2>\n<p>[\/et_pb_text][\/et_pb_column][et_pb_column type=\u00bb1_5&#8243; _builder_version=\u00bb4.27.2&#8243; _module_preset=\u00bbdefault\u00bb background_enable_color=\u00bboff\u00bb link_option_url=\u00bb#tanda5&#8243; border_width_all=\u00bb3px\u00bb border_color_all=\u00bb#e02b20&#8243; global_colors_info=\u00bb{}\u00bb][et_pb_text _builder_version=\u00bb4.27.2&#8243; _module_preset=\u00bbdefault\u00bb header_2_font=\u00bb|700|||||||\u00bb header_2_text_color=\u00bb#FFFFFF\u00bb custom_margin=\u00bb8%|2%|2%|2%|false|false\u00bb custom_padding=\u00bb2%|2%|2%|2%|false|false\u00bb global_colors_info=\u00bb{}\u00bb]<\/p>\n<h2 style=\"text-align: center;\"><span style=\"color: #e02b20;\">TANDA 5<\/span><\/h2>\n<p>[\/et_pb_text][\/et_pb_column][\/et_pb_row][et_pb_row column_structure=\u00bb1_5,1_5,1_5,1_5,1_5&#8243; disabled_on=\u00bbon|off|off\u00bb _builder_version=\u00bb4.27.2&#8243; _module_preset=\u00bbdefault\u00bb global_colors_info=\u00bb{}\u00bb][et_pb_column type=\u00bb1_5&#8243; _builder_version=\u00bb4.27.2&#8243; _module_preset=\u00bbdefault\u00bb background_enable_color=\u00bboff\u00bb link_option_url=\u00bb#tanda6&#8243; border_width_all=\u00bb3px\u00bb border_color_all=\u00bb#e02b20&#8243; global_colors_info=\u00bb{}\u00bb][et_pb_text _builder_version=\u00bb4.27.2&#8243; _module_preset=\u00bbdefault\u00bb header_2_font=\u00bb|700|||||||\u00bb header_2_text_color=\u00bb#FFFFFF\u00bb custom_margin=\u00bb8%|2%|2%|2%|false|false\u00bb custom_padding=\u00bb2%|2%|2%|2%|false|false\u00bb global_colors_info=\u00bb{}\u00bb]<\/p>\n<h2 style=\"text-align: center;\"><span style=\"color: #e02b20;\">TANDA 6<\/span><\/h2>\n<p>[\/et_pb_text][\/et_pb_column][et_pb_column type=\u00bb1_5&#8243; _builder_version=\u00bb4.27.2&#8243; _module_preset=\u00bbdefault\u00bb background_enable_color=\u00bboff\u00bb link_option_url=\u00bb#tanda7&#8243; border_width_all=\u00bb3px\u00bb border_color_all=\u00bb#e02b20&#8243; global_colors_info=\u00bb{}\u00bb][et_pb_text _builder_version=\u00bb4.27.2&#8243; _module_preset=\u00bbdefault\u00bb header_2_font=\u00bb|700|||||||\u00bb header_2_text_color=\u00bb#FFFFFF\u00bb custom_margin=\u00bb8%|2%|2%|2%|false|false\u00bb custom_padding=\u00bb2%|2%|2%|2%|false|false\u00bb global_colors_info=\u00bb{}\u00bb]<\/p>\n<h2 style=\"text-align: center;\"><span style=\"color: #e02b20;\">TANDA 7<\/span><\/h2>\n<p>[\/et_pb_text][\/et_pb_column][et_pb_column type=\u00bb1_5&#8243; _builder_version=\u00bb4.27.2&#8243; _module_preset=\u00bbdefault\u00bb background_enable_color=\u00bboff\u00bb link_option_url=\u00bb#tanda8&#8243; border_width_all=\u00bb3px\u00bb border_color_all=\u00bb#e02b20&#8243; global_colors_info=\u00bb{}\u00bb][et_pb_text _builder_version=\u00bb4.27.2&#8243; _module_preset=\u00bbdefault\u00bb header_2_font=\u00bb|700|||||||\u00bb header_2_text_color=\u00bb#FFFFFF\u00bb custom_margin=\u00bb8%|2%|2%|2%|false|false\u00bb custom_padding=\u00bb2%|2%|2%|2%|false|false\u00bb global_colors_info=\u00bb{}\u00bb]<\/p>\n<h2 style=\"text-align: center;\"><span style=\"color: #e02b20;\">TANDA 8<\/span><\/h2>\n<p>[\/et_pb_text][\/et_pb_column][et_pb_column type=\u00bb1_5&#8243; _builder_version=\u00bb4.27.2&#8243; _module_preset=\u00bbdefault\u00bb background_enable_color=\u00bboff\u00bb link_option_url=\u00bb#tanda9&#8243; border_width_all=\u00bb3px\u00bb border_color_all=\u00bb#e02b20&#8243; global_colors_info=\u00bb{}\u00bb][et_pb_text _builder_version=\u00bb4.27.2&#8243; _module_preset=\u00bbdefault\u00bb header_2_font=\u00bb|700|||||||\u00bb header_2_text_color=\u00bb#666666&#8243; custom_margin=\u00bb8%|2%|2%|2%|false|false\u00bb custom_padding=\u00bb2%|2%|2%|2%|false|false\u00bb global_colors_info=\u00bb{}\u00bb]<\/p>\n<h2 style=\"text-align: center;\"><span style=\"color: #e02b20;\">TANDA 9<\/span><\/h2>\n<p>[\/et_pb_text][\/et_pb_column][et_pb_column type=\u00bb1_5&#8243; _builder_version=\u00bb4.27.2&#8243; _module_preset=\u00bbdefault\u00bb background_enable_color=\u00bboff\u00bb link_option_url=\u00bb#tanda10&#8243; border_width_all=\u00bb3px\u00bb border_color_all=\u00bb#e02b20&#8243; global_colors_info=\u00bb{}\u00bb][et_pb_text _builder_version=\u00bb4.27.2&#8243; _module_preset=\u00bbdefault\u00bb header_2_font=\u00bb|700|||||||\u00bb header_2_text_color=\u00bb#FFFFFF\u00bb custom_margin=\u00bb8%|2%|2%|2%|false|false\u00bb custom_padding=\u00bb2%|2%|2%|2%|false|false\u00bb global_colors_info=\u00bb{}\u00bb]<\/p>\n<h2 style=\"text-align: center;\"><span style=\"color: #e02b20;\">TANDA 10<\/span><\/h2>\n<p>[\/et_pb_text][\/et_pb_column][\/et_pb_row][et_pb_row column_structure=\u00bb1_5,1_5,1_5,1_5,1_5&#8243; disabled_on=\u00bbon|off|off\u00bb _builder_version=\u00bb4.27.2&#8243; _module_preset=\u00bbdefault\u00bb global_colors_info=\u00bb{}\u00bb][et_pb_column type=\u00bb1_5&#8243; _builder_version=\u00bb4.27.2&#8243; _module_preset=\u00bbdefault\u00bb background_enable_color=\u00bboff\u00bb link_option_url=\u00bb#tanda11&#8243; border_width_all=\u00bb3px\u00bb border_color_all=\u00bb#e02b20&#8243; global_colors_info=\u00bb{}\u00bb][et_pb_text _builder_version=\u00bb4.27.2&#8243; _module_preset=\u00bbdefault\u00bb header_2_font=\u00bb|700|||||||\u00bb header_2_text_color=\u00bb#FFFFFF\u00bb custom_margin=\u00bb8%|2%|2%|2%|false|false\u00bb custom_padding=\u00bb2%|2%|2%|2%|false|false\u00bb global_colors_info=\u00bb{}\u00bb]<\/p>\n<h2 style=\"text-align: center;\"><span style=\"color: #e02b20;\">TANDA 11<\/span><\/h2>\n<p>[\/et_pb_text][\/et_pb_column][et_pb_column type=\u00bb1_5&#8243; _builder_version=\u00bb4.27.2&#8243; _module_preset=\u00bbdefault\u00bb background_enable_color=\u00bboff\u00bb link_option_url=\u00bb#tanda12&#8243; border_width_all=\u00bb3px\u00bb border_color_all=\u00bb#e02b20&#8243; global_colors_info=\u00bb{}\u00bb][et_pb_text _builder_version=\u00bb4.27.2&#8243; _module_preset=\u00bbdefault\u00bb header_2_font=\u00bb|700|||||||\u00bb header_2_text_color=\u00bb#FFFFFF\u00bb custom_margin=\u00bb8%|2%|2%|2%|false|false\u00bb custom_padding=\u00bb2%|2%|2%|2%|false|false\u00bb global_colors_info=\u00bb{}\u00bb]<\/p>\n<h2 style=\"text-align: center;\"><span style=\"color: #e02b20;\">TANDA 12<\/span><\/h2>\n<p>[\/et_pb_text][\/et_pb_column][et_pb_column type=\u00bb1_5&#8243; _builder_version=\u00bb4.27.2&#8243; _module_preset=\u00bbdefault\u00bb background_enable_color=\u00bboff\u00bb link_option_url=\u00bb#tanda13&#8243; border_width_all=\u00bb3px\u00bb border_color_all=\u00bb#e02b20&#8243; global_colors_info=\u00bb{}\u00bb][et_pb_text _builder_version=\u00bb4.27.2&#8243; _module_preset=\u00bbdefault\u00bb header_2_font=\u00bb|700|||||||\u00bb header_2_text_color=\u00bb#FFFFFF\u00bb custom_margin=\u00bb8%|2%|2%|2%|false|false\u00bb custom_padding=\u00bb2%|2%|2%|2%|false|false\u00bb global_colors_info=\u00bb{}\u00bb]<\/p>\n<h2 style=\"text-align: center;\"><span style=\"color: #e02b20;\">TANDA 13<\/span><\/h2>\n<p>[\/et_pb_text][\/et_pb_column][et_pb_column type=\u00bb1_5&#8243; _builder_version=\u00bb4.27.2&#8243; _module_preset=\u00bbdefault\u00bb background_color=\u00bb#FFFFFF\u00bb global_colors_info=\u00bb{}\u00bb][et_pb_code _builder_version=\u00bb4.27.2&#8243; _module_preset=\u00bbdefault\u00bb global_colors_info=\u00bb{}\u00bb]<link rel=\"stylesheet\" href=\"https:\/\/use.fontawesome.com\/releases\/v5.4.1\/css\/all.css\" integrity=\"sha384-5sAR7xN1Nv6T6+dT2mhtzEpVJvfS3NScPQTrOxhwjIuvcA67KV2R5Jz6kr4abQsz\" crossorigin=\"anonymous\"><!-- [et_pb_line_break_holder] --><\/p>\n<style>   .tanda-head {<!-- [et_pb_line_break_holder] -->       padding: 0 60px;<!-- [et_pb_line_break_holder] -->    }<!-- [et_pb_line_break_holder] -->    .tanda-head > .title {<!-- [et_pb_line_break_holder] -->    font-size: 3rem;<!-- [et_pb_line_break_holder] -->      font-family: \"DiloWord\";<!-- [et_pb_line_break_holder] -->    }<!-- [et_pb_line_break_holder] --><!-- [et_pb_line_break_holder] -->    \/*  .tanda-head > .banner {<!-- [et_pb_line_break_holder] -->        min-width: 1200px;<!-- [et_pb_line_break_holder] -->        max-height: 500px;<!-- [et_pb_line_break_holder] -->    }<!-- [et_pb_line_break_holder] -->    *\/<!-- [et_pb_line_break_holder] -->  .tanda-head > .banner > img{<!-- [et_pb_line_break_holder] -->      max-height: -webkit-fill-available;<!-- [et_pb_line_break_holder] -->        max-width: -webkit-fill-available;<!-- [et_pb_line_break_holder] -->    }<!-- [et_pb_line_break_holder] -->    .tanda-head > .duration {<!-- [et_pb_line_break_holder] -->    font-size: 2rem;<!-- [et_pb_line_break_holder] --><!-- [et_pb_line_break_holder] -->    color: #777;<!-- [et_pb_line_break_holder] -->    }<!-- [et_pb_line_break_holder] -->    .tanda-head > .description { <!-- [et_pb_line_break_holder] -->        font-size: 1.5rem;<!-- [et_pb_line_break_holder] -->    }<!-- [et_pb_line_break_holder] -->    .diasTanda > .title { <!-- [et_pb_line_break_holder] -->        font-size: 18pt;<!-- [et_pb_line_break_holder] -->    }<!-- [et_pb_line_break_holder] --><!-- [et_pb_line_break_holder] -->    .bloque > .title , .diasTanda > .title{<!-- [et_pb_line_break_holder] -->\tpadding-left:60px;<!-- [et_pb_line_break_holder] -->        font-size: 16pt;<!-- [et_pb_line_break_holder] -->        padding-top: 30px;        <!-- [et_pb_line_break_holder] -->\ttext-transform: uppercase;<!-- [et_pb_line_break_holder] -->    }<!-- [et_pb_line_break_holder] --><!-- [et_pb_line_break_holder] -->    .bloque .horaInicio {<!-- [et_pb_line_break_holder] -->      color: #008fd8;<!-- [et_pb_line_break_holder] -->    }<!-- [et_pb_line_break_holder] -->    .bloque-con-presentaciones .horaInicio {<!-- [et_pb_line_break_holder] -->      color: #be0000; <!-- [et_pb_line_break_holder] -->    }<!-- [et_pb_line_break_holder] --><!-- [et_pb_line_break_holder] -->    ul.presentaciones {<!-- [et_pb_line_break_holder] -->        margin: 0;<!-- [et_pb_line_break_holder] -->\tpadding-inline-start: 60px;    <!-- [et_pb_line_break_holder] -->\tfont-size: 14pt;<!-- [et_pb_line_break_holder] -->    }<!-- [et_pb_line_break_holder] --><!-- [et_pb_line_break_holder] -->    .presentaciones li {<!-- [et_pb_line_break_holder] -->      list-style-type: none;<!-- [et_pb_line_break_holder] -->    }<!-- [et_pb_line_break_holder] --><!-- [et_pb_line_break_holder] -->    .presentaciones .fa-bullhorn {<!-- [et_pb_line_break_holder] -->\tcolor:#ff6633;<!-- [et_pb_line_break_holder] -->\tleft: 35px;<!-- [et_pb_line_break_holder] -->\tposition: absolute;<!-- [et_pb_line_break_holder] -->\tfont-size: 17px;<!-- [et_pb_line_break_holder] -->    }<!-- [et_pb_line_break_holder] --><!-- [et_pb_line_break_holder] -->    .presentaciones .title {<!-- [et_pb_line_break_holder] -->        color:gray;<!-- [et_pb_line_break_holder] -->\tpadding-top: 11px;<!-- [et_pb_line_break_holder] -->    }<!-- [et_pb_line_break_holder] --><!-- [et_pb_line_break_holder] -->    .presentaciones .detail {<!-- [et_pb_line_break_holder] -->    }<\/style>\n<p>[\/et_pb_code][\/et_pb_column][et_pb_column type=\u00bb1_5&#8243; _builder_version=\u00bb4.27.2&#8243; _module_preset=\u00bbdefault\u00bb background_color=\u00bb#FFFFFF\u00bb global_colors_info=\u00bb{}\u00bb][\/et_pb_column][\/et_pb_row][\/et_pb_section][et_pb_section fb_built=\u00bb1&#8243; module_id=\u00bbtanda1&#8243; _builder_version=\u00bb4.27.2&#8243; _module_preset=\u00bbdefault\u00bb custom_padding=\u00bb0px||0px||false|false\u00bb global_colors_info=\u00bb{}\u00bb][et_pb_row _builder_version=\u00bb4.27.2&#8243; _module_preset=\u00bbdefault\u00bb global_colors_info=\u00bb{}\u00bb][et_pb_column type=\u00bb4_4&#8243; _builder_version=\u00bb4.27.2&#8243; _module_preset=\u00bbdefault\u00bb global_colors_info=\u00bb{}\u00bb][et_pb_toggle title=\u00bbTANDA 1&#8243; open_toggle_background_color=\u00bb#FFFFFF\u00bb closed_toggle_text_color=\u00bb#FFFFFF\u00bb closed_toggle_background_color=\u00bb#E02B20&#8243; icon_color=\u00bb#FFFFFF\u00bb open_icon_color=\u00bb#E02B20&#8243; _builder_version=\u00bb4.27.2&#8243; _module_preset=\u00bbdefault\u00bb title_font=\u00bb|700|||||||\u00bb title_text_align=\u00bbcenter\u00bb title_font_size=\u00bb24px\u00bb closed_title_font=\u00bb|700|||||||\u00bb closed_title_text_align=\u00bbcenter\u00bb closed_title_font_size=\u00bb24px\u00bb border_width_all=\u00bb4px\u00bb border_color_all=\u00bb#E02B20&#8243; global_colors_info=\u00bb{}\u00bb]<\/p>\n<div class=\"tanda\">\n<div class=\"diasTanda listing\">\n<div class=\"title\"><strong>Dia 1<\/strong> <i class=\"fas fa-bolt\"><\/i><\/div>\n<div class=\"bloques listing\">\n<div class=\"bloque listing \">\n<div class=\"title\"><span class=\"horaInicio\"> 09:00 hs. <\/span><span class=\"title\"> Acreditaci\u00f3n (Hall hotel) (HOTEL 5) <\/span><\/div>\n<\/div>\n<div class=\"bloque listing \">\n<div class=\"title\"><span class=\"horaInicio\"> 09:00 hs. <\/span><span class=\"title\"> Acreditaci\u00f3n (Hall hotel) (HOTEL 8) <\/span><\/div>\n<\/div>\n<div class=\"bloque listing \">\n<div class=\"title\"><span class=\"horaInicio\"> 13:00 hs. <\/span><span class=\"title\"> Almuerzo (COMEDOR) <\/span><\/div>\n<\/div>\n<div class=\"bloque listing \">\n<div class=\"title\"><span class=\"horaInicio\"> 15:00 hs. <\/span><span class=\"title\"> Taller de bienvenida para coordinadores (Auditorio) (HOTEL 8) <\/span><\/div>\n<\/div>\n<div class=\"bloque listing \">\n<div class=\"title\"><span class=\"horaInicio\"> 15:00 hs. <\/span><span class=\"title\"> Taller de bienvenida para j\u00f3venes (Explanada) (HOTEL 8) <\/span><\/div>\n<\/div>\n<div class=\"bloque listing \">\n<div class=\"title\"><span class=\"horaInicio\"> 15:00 hs. <\/span><span class=\"title\"> Taller de bienvenida para j\u00f3venes (Explanada) (HOTEL 5) <\/span><\/div>\n<\/div>\n<div class=\"bloque listing bloque-con-presentaciones\">\n<div class=\"title\"><span class=\"horaInicio\"> 17:00 hs. <\/span><span class=\"title\"> Apertura (Auditorio) (HOTEL 8) <\/span><\/div>\n<ul class=\"presentaciones listing\"><\/ul>\n<\/div>\n<div class=\"bloque listing \">\n<div class=\"title\"><span class=\"horaInicio\"> 21:00 hs. <\/span><span class=\"title\"> Cena (COMEDOR) <\/span><\/div>\n<\/div>\n<div class=\"bloque listing bloque-con-presentaciones\">\n<div class=\"title\"><span class=\"horaInicio\"> 22:00 hs. <\/span><span class=\"title\"> Presentaciones (HOTEL 8) <\/span><\/div>\n<ul class=\"presentaciones listing\">\n<li>\n<div class=\"title\"><i class=\"fas fa-bullhorn\"><\/i> Pandeando el destino (video)<\/div>\n<div class=\"detail\">EST No. 3 &#8211; Bah\u00eda Blanca<\/div>\n<\/li>\n<li>\n<div class=\"title\"><i class=\"fas fa-bullhorn\"><\/i> \u00abNo va m\u00e1s\u00bb Apuestas y&#8230; \u00bfFuturo? (teatro)<\/div>\n<div class=\"detail\">EES No. 38 &#8211; El Jag\u00fcel<\/div>\n<\/li>\n<li>\n<div class=\"title\"><i class=\"fas fa-bullhorn\"><\/i> \u00bfD\u00f3nde est\u00e1 tu voz? (teatro)<\/div>\n<div class=\"detail\">EES No. 12 &#8211; San Isidro<\/div>\n<\/li>\n<li>\n<div class=\"title\"><i class=\"fas fa-bullhorn\"><\/i> Trabajo adolescente: hac\u00eda una mirada cr\u00edtica (teatro)<\/div>\n<div class=\"detail\">ESB No. 41 &#8211; El Jag\u00fcel<\/div>\n<\/li>\n<li>\n<div class=\"title\"><i class=\"fas fa-bullhorn\"><\/i> Boulogne: Verde que te quiero verde (video)<\/div>\n<div class=\"detail\">EES No. 14 &#8211; Boulogne Sur Mer<\/div>\n<\/li>\n<\/ul>\n<\/div>\n<\/div>\n<div class=\"title\"><strong>Dia 2<\/strong> <i class=\"fas fa-bolt\"><\/i><\/div>\n<div class=\"bloques listing\">\n<div class=\"bloque listing bloque-con-presentaciones\">\n<div class=\"title\"><span class=\"horaInicio\"> 09:00 hs. <\/span><span class=\"title\"> Presentaciones (HOTEL 8) <\/span><\/div>\n<ul class=\"presentaciones listing\">\n<li>\n<div class=\"title\"><i class=\"fas fa-bullhorn\"><\/i> \u201cLA NOTA DE LAFE\u201d (video)<\/div>\n<div class=\"detail\">OOSS Envion Podes Juntxs a la Par &#8211; Programa Envion Podes &#8211; Gregorio de Laferrere<\/div>\n<\/li>\n<li>\n<div class=\"title\"><i class=\"fas fa-bullhorn\"><\/i> Democracia y comunicaci\u00f3n (video)<\/div>\n<div class=\"detail\">EES No. 25 &#8211; Luis Guill\u00f3n<\/div>\n<\/li>\n<li>\n<div class=\"title\"><i class=\"fas fa-bullhorn\"><\/i> Memorias de Barrio: El Rol de los Comedores. (mural)<\/div>\n<div class=\"detail\">OOSS Sede Santos Vega &#8211; Programa Envi\u00f3n-Pod\u00e9s &#8211; Lomas del Mirador<\/div>\n<\/li>\n<li>\n<div class=\"title\"><i class=\"fas fa-bullhorn\"><\/i> Comedores comunitarios: el trabajo esencial (audio)<\/div>\n<div class=\"detail\">ESB No. 19 &#8211; Villa Adelina<\/div>\n<\/li>\n<li>\n<div class=\"title\"><i class=\"fas fa-bullhorn\"><\/i> Cual es el mejor ambiente para estudiar? (video)<\/div>\n<div class=\"detail\">EES No. 26 &#8211; Canning<\/div>\n<\/li>\n<li>\n<div class=\"title\"><i class=\"fas fa-bullhorn\"><\/i> Ponerse en el lugar de otro.. (video)<\/div>\n<div class=\"detail\">EES No. 4 &#8211; Coronel Su\u00e1rez<\/div>\n<\/li>\n<\/ul>\n<\/div>\n<div class=\"bloque listing bloque-con-presentaciones\">\n<div class=\"title\"><span class=\"horaInicio\"> 10:30 hs. <\/span><span class=\"title\"> Presentaciones (HOTEL 8) <\/span><\/div>\n<ul class=\"presentaciones listing\">\n<li>\n<div class=\"title\"><i class=\"fas fa-bullhorn\"><\/i> Visibilizar para no olvidar. (video)<\/div>\n<div class=\"detail\">EES No. 32 &#8211; Esteban Echeverr\u00eda<\/div>\n<\/li>\n<li>\n<div class=\"title\"><i class=\"fas fa-bullhorn\"><\/i> EL TEMPORAL (video)<\/div>\n<div class=\"detail\">ENS No. 0 &#8211; Bah\u00eda Blanca<\/div>\n<\/li>\n<li>\n<div class=\"title\"><i class=\"fas fa-bullhorn\"><\/i> Mirada interna hacia la pobreza (video)<\/div>\n<div class=\"detail\">EES No. 7 &#8211; Coronel Su\u00e1rez<\/div>\n<\/li>\n<li>\n<div class=\"title\"><i class=\"fas fa-bullhorn\"><\/i> Militando nuestra identidad (gr\u00e1fica)<\/div>\n<div class=\"detail\">OOSS Club La Candela &#8211; Organizaci\u00f3n Social &#8211; Villa Luzuriaga<\/div>\n<\/li>\n<li>\n<div class=\"title\"><i class=\"fas fa-bullhorn\"><\/i> DISTINTOS E IGUALES (multimedia)<\/div>\n<div class=\"detail\">EES No. 7 &#8211; G\u00f3mez<\/div>\n<\/li>\n<li>\n<div class=\"title\"><i class=\"fas fa-bullhorn\"><\/i> Cresta roja en huelga (video)<\/div>\n<div class=\"detail\">EES No. 23 &#8211; Monte Grande<\/div>\n<\/li>\n<li>\n<div class=\"title\"><i class=\"fas fa-bullhorn\"><\/i> HISTORIA EN CADENAS, vida cotidiana en dictad (mural)<\/div>\n<div class=\"detail\">EES No. 1 &#8211; Las Flores<\/div>\n<\/li>\n<li>\n<div class=\"title\"><i class=\"fas fa-bullhorn\"><\/i> Los herederos de tacoyocana (danzas)<\/div>\n<div class=\"detail\">OOSS Los herederos de tacoyocana y Juan Palavecino &#8211; Centro Cultural &#8211; Rafael Castillo<\/div>\n<\/li>\n<\/ul>\n<\/div>\n<div class=\"bloque listing \">\n<div class=\"title\"><span class=\"horaInicio\"> 11:00 hs. <\/span><span class=\"title\"> Talleres de producci\u00f3n (Explanada) (HOTEL 5) <\/span><\/div>\n<\/div>\n<div class=\"bloque listing \">\n<div class=\"title\"><span class=\"horaInicio\"> 13:00 hs. <\/span><span class=\"title\"> Almuerzo (COMEDOR) <\/span><\/div>\n<\/div>\n<div class=\"bloque listing bloque-con-presentaciones\">\n<div class=\"title\"><span class=\"horaInicio\"> 14:00 hs. <\/span><span class=\"title\"> Presentaciones (HOTEL 8) <\/span><\/div>\n<ul class=\"presentaciones listing\">\n<li>\n<div class=\"title\"><i class=\"fas fa-bullhorn\"><\/i> Salud Mental y G\u00e9nero (video)<\/div>\n<div class=\"detail\">OOSS Batall\u00f3n 50 &#8211; Organizaci\u00f3n Social &#8211; Villa Luzuriaga<\/div>\n<\/li>\n<li>\n<div class=\"title\"><i class=\"fas fa-bullhorn\"><\/i> Los derechos que se llev\u00f3 el agua (video)<\/div>\n<div class=\"detail\">EES No. 36 &#8211; 9 de Abril<\/div>\n<\/li>\n<li>\n<div class=\"title\"><i class=\"fas fa-bullhorn\"><\/i> \u201cVIOLENCIA POLICIAL BARRIO STELLA MARIS- (video)<\/div>\n<div class=\"detail\">OOSS ORGANIZACI\u00d3N SOCIO-BARRIAL Y EDUCATIVA \u201dRESPONSABILIDAD SOCIAL COMPARTIDA: ENVI\u00d3N\u201d &#8211; Programa provincial Envion &#8211; Bah\u00eda Blanca<\/div>\n<\/li>\n<li>\n<div class=\"title\"><i class=\"fas fa-bullhorn\"><\/i> Historia, memoria e identidad barrial (video)<\/div>\n<div class=\"detail\">OOSS \u00abLa Capilla\u00bb &#8211; organizaci\u00f3n juvenil &#8211; Villa Luzuriaga<\/div>\n<\/li>\n<li>\n<div class=\"title\"><i class=\"fas fa-bullhorn\"><\/i> Rurales sin derecho (video)<\/div>\n<div class=\"detail\">C-CEPPT No. 1 &#8211; General Belgrano<\/div>\n<\/li>\n<li>\n<div class=\"title\"><i class=\"fas fa-bullhorn\"><\/i> Las desobedientes (danzas)<\/div>\n<div class=\"detail\">OOSS INSIGNIA &#8211; Centro cultural &#8211; El Jag\u00fcel<\/div>\n<\/li>\n<li>\n<div class=\"title\"><i class=\"fas fa-bullhorn\"><\/i> Memoria (video)<\/div>\n<div class=\"detail\">EES No. 16 &#8211; Esteban Echeverr\u00eda<\/div>\n<\/li>\n<\/ul>\n<\/div>\n<div class=\"bloque listing bloque-con-presentaciones\">\n<div class=\"title\"><span class=\"horaInicio\"> 16:00 hs. <\/span><span class=\"title\"> Presentaciones (HOTEL 8) <\/span><\/div>\n<ul class=\"presentaciones listing\">\n<li>\n<div class=\"title\"><i class=\"fas fa-bullhorn\"><\/i> Aula abierta (teatro)<\/div>\n<div class=\"detail\">OOSS Biblioteca del CEMS \u00abH\u00e9ctor Libertella\u00bb &#8211; Biblioteca &#8211; Bah\u00eda Blanca<\/div>\n<\/li>\n<li>\n<div class=\"title\"><i class=\"fas fa-bullhorn\"><\/i> ECOS DEL PASADO (video)<\/div>\n<div class=\"detail\">OOSS Centro Joven Alegria &#8211; Centro Juvenil &#8211; Gonz\u00e1lez Cat\u00e1n<\/div>\n<\/li>\n<li>\n<div class=\"title\"><i class=\"fas fa-bullhorn\"><\/i> Los alumnos de Rodolfo (video)<\/div>\n<div class=\"detail\">EES No. 8 &#8211; Coronel Su\u00e1rez<\/div>\n<\/li>\n<li>\n<div class=\"title\"><i class=\"fas fa-bullhorn\"><\/i> PUENTE (video)<\/div>\n<div class=\"detail\">EES No. 42 &#8211; 9 de Abril<\/div>\n<\/li>\n<li>\n<div class=\"title\"><i class=\"fas fa-bullhorn\"><\/i> \u00bfQu\u00e9 ves? (video)<\/div>\n<div class=\"detail\">OOSS Centro de J\u00f3venes Comunitario Ram\u00f3n Carrillo &#8211; Centro de J\u00f3venes &#8211; Gonz\u00e1lez Cat\u00e1n<\/div>\n<\/li>\n<li>\n<div class=\"title\"><i class=\"fas fa-bullhorn\"><\/i> Croma\u00f1\u00f3n nos pas\u00f3 a todos. 20 a\u00f1os. (video)<\/div>\n<div class=\"detail\">EES No. 5 &#8211; Monte Grande<\/div>\n<\/li>\n<li>\n<div class=\"title\"><i class=\"fas fa-bullhorn\"><\/i> 10 a\u00f1os de \u00abLa Redonda\u00bb (video)<\/div>\n<div class=\"detail\">OOSS \u00abLa Redonda\u00bb &#8211; Organizaci\u00f3n Deportiva Comunitaria &#8211; Villa Luzuriaga<\/div>\n<\/li>\n<li>\n<div class=\"title\"><i class=\"fas fa-bullhorn\"><\/i> En Loma Verde \u00bfno pas\u00f3 nada? (video)<\/div>\n<div class=\"detail\">EES No. 4 &#8211; Loma Verde<\/div>\n<\/li>\n<\/ul>\n<\/div>\n<div class=\"bloque listing bloque-con-presentaciones\">\n<div class=\"title\"><span class=\"horaInicio\"> 18:00 hs. <\/span><span class=\"title\"> Presentaciones (HOTEL 8) <\/span><\/div>\n<ul class=\"presentaciones listing\">\n<li>\n<div class=\"title\"><i class=\"fas fa-bullhorn\"><\/i> Rupturas y continuidades con nuestro pasado r (video)<\/div>\n<div class=\"detail\">EES No. 6 &#8211; Luis Guill\u00f3n<\/div>\n<\/li>\n<li>\n<div class=\"title\"><i class=\"fas fa-bullhorn\"><\/i> MALVINAS EN ECHEVERRIA (video)<\/div>\n<div class=\"detail\">EES No. 12 &#8211; Monte Grande<\/div>\n<\/li>\n<li>\n<div class=\"title\"><i class=\"fas fa-bullhorn\"><\/i> El arte de sanar (video)<\/div>\n<div class=\"detail\">OOSS SER LIBRE &#8211; Envion Podes &#8211; La Matanza<\/div>\n<\/li>\n<li>\n<div class=\"title\"><i class=\"fas fa-bullhorn\"><\/i> los desaparecidos de 9 de Abril (video)<\/div>\n<div class=\"detail\">EES No. 20 &#8211; 9 de Abril<\/div>\n<\/li>\n<li>\n<div class=\"title\"><i class=\"fas fa-bullhorn\"><\/i> Vinculo y relaciones adolescentes hoy (video)<\/div>\n<div class=\"detail\">OOSS Palabra Fiel &#8211; Asociaci\u00f3n Civil &#8211; La Matanza<\/div>\n<\/li>\n<li>\n<div class=\"title\"><i class=\"fas fa-bullhorn\"><\/i> Futbol como herramienta de inclusi\u00f3n social (video)<\/div>\n<div class=\"detail\">OOSS Centro Cultural Kirchner &#8211; Centro Cultural &#8211; Villa Luzuriaga<\/div>\n<\/li>\n<li>\n<div class=\"title\"><i class=\"fas fa-bullhorn\"><\/i> \u00abIslas de la Memoria\u00bb (video)<\/div>\n<div class=\"detail\">EES No. 9 &#8211; Coronel Su\u00e1rez<\/div>\n<\/li>\n<\/ul>\n<\/div>\n<div class=\"bloque listing \">\n<div class=\"title\"><span class=\"horaInicio\"> 18:00 hs. <\/span><span class=\"title\"> Actividades para J\u00f3venes (Explanada) (HOTEL 5) <\/span><\/div>\n<\/div>\n<div class=\"bloque listing \">\n<div class=\"title\"><span class=\"horaInicio\"> 21:00 hs. <\/span><span class=\"title\"> Cena (COMEDOR) <\/span><\/div>\n<\/div>\n<div class=\"bloque listing bloque-con-presentaciones\">\n<div class=\"title\"><span class=\"horaInicio\"> 22:00 hs. <\/span><span class=\"title\"> Presentaciones (HOTEL 8) <\/span><\/div>\n<ul class=\"presentaciones listing\">\n<li>\n<div class=\"title\"><i class=\"fas fa-bullhorn\"><\/i> Croma\u00f1\u00f3n y salud mental. \u00bfSolo 194? (instalaci\u00f3n)<\/div>\n<div class=\"detail\">EES No. 28 &#8211; Esteban Echeverr\u00eda<\/div>\n<\/li>\n<li>\n<div class=\"title\"><i class=\"fas fa-bullhorn\"><\/i> Relatos desde la memoria (teatro)<\/div>\n<div class=\"detail\">ESB No. 13 &#8211; Monte Grande<\/div>\n<\/li>\n<li>\n<div class=\"title\"><i class=\"fas fa-bullhorn\"><\/i> Memorias de la oscuridad (teatro)<\/div>\n<div class=\"detail\">EES No. 33 &#8211; Monte Grande<\/div>\n<\/li>\n<li>\n<div class=\"title\"><i class=\"fas fa-bullhorn\"><\/i> Escribiendo nuestro futuro (video)<\/div>\n<div class=\"detail\">OOSS Sede Villa Luzuriaga \u00abEntramando Caminos\u00bb &#8211; Programa provincial y municipal Envi\u00f3n-Podes La Matanza &#8211; Villa Luzuriaga<\/div>\n<\/li>\n<li>\n<div class=\"title\"><i class=\"fas fa-bullhorn\"><\/i> Cuidemos Pasman (video)<\/div>\n<div class=\"detail\">EES No. 11 &#8211; Coronel Su\u00e1rez<\/div>\n<\/li>\n<\/ul>\n<\/div>\n<\/div>\n<div class=\"title\"><strong>Dia 3<\/strong> <i class=\"fas fa-bolt\"><\/i><\/div>\n<div class=\"bloques listing\">\n<div class=\"bloque listing bloque-con-presentaciones\">\n<div class=\"title\"><span class=\"horaInicio\"> 09:00 hs. <\/span><span class=\"title\"> Presentaciones (HOTEL 8) <\/span><\/div>\n<ul class=\"presentaciones listing\">\n<li>\n<div class=\"title\"><i class=\"fas fa-bullhorn\"><\/i> PUEDO (gr\u00e1fica)<\/div>\n<div class=\"detail\">EA No. 707 &#8211; Monte Grande<\/div>\n<\/li>\n<li>\n<div class=\"title\"><i class=\"fas fa-bullhorn\"><\/i> En San Isidro algo huele mal (video)<\/div>\n<div class=\"detail\">ESA No. 4 &#8211; Boulogne Sur Mer<\/div>\n<\/li>\n<li>\n<div class=\"title\"><i class=\"fas fa-bullhorn\"><\/i> \u201cLa salud en la m\u00e1quina del tiempo\u201d (instalaci\u00f3n)<\/div>\n<div class=\"detail\">EES No. 3 &#8211; Huanguel\u00e9n<\/div>\n<\/li>\n<li>\n<div class=\"title\"><i class=\"fas fa-bullhorn\"><\/i> MURGA PA LXS PIBXS (video)<\/div>\n<div class=\"detail\">OOSS Centro cultural Pa lxs pibes &#8211; CENTRO CULTURAL &#8211; Gregorio de Laferrere<\/div>\n<\/li>\n<li>\n<div class=\"title\"><i class=\"fas fa-bullhorn\"><\/i> Historia de los desaparecidos Belgranenses (video)<\/div>\n<div class=\"detail\">Escuela Privada Escuela de Educaci\u00f3n Secundaria No tiene &#8211; General Belgrano<\/div>\n<\/li>\n<li>\n<div class=\"title\"><i class=\"fas fa-bullhorn\"><\/i> Comunidad Segura (video)<\/div>\n<div class=\"detail\">OOSS Galpon cultural Inventamos o erramos &#8211; Centro cultural &#8211; Villa Eduardo Madero<\/div>\n<\/li>\n<li>\n<div class=\"title\"><i class=\"fas fa-bullhorn\"><\/i> QU\u00c9 VES CUANDO ME VES (video)<\/div>\n<div class=\"detail\">OOSS Club Social y Deportivo Radio Las Antenas &#8211; Club &#8211; Lomas del Mirador<\/div>\n<\/li>\n<\/ul>\n<\/div>\n<div class=\"bloque listing bloque-con-presentaciones\">\n<div class=\"title\"><span class=\"horaInicio\"> 10:30 hs. <\/span><span class=\"title\"> Presentaciones (HOTEL 8) <\/span><\/div>\n<ul class=\"presentaciones listing\">\n<li>\n<div class=\"title\"><i class=\"fas fa-bullhorn\"><\/i> Sin techos no hay derechos (video)<\/div>\n<div class=\"detail\">EST No. 1 &#8211; B\u00e9ccar<\/div>\n<\/li>\n<li>\n<div class=\"title\"><i class=\"fas fa-bullhorn\"><\/i> 12 de Junio (video)<\/div>\n<div class=\"detail\">OOSS Comunitario ONG Ramon Carrillo \u00abSixto Fajardo\u00bb &#8211; Centro Juvenil &#8211; Gregorio de Laferrere<\/div>\n<\/li>\n<li>\n<div class=\"title\"><i class=\"fas fa-bullhorn\"><\/i> EEEEE (fotograf\u00eda)<\/div>\n<div class=\"detail\">EES No. 11232134 &#8211; Arrecifes<\/div>\n<\/li>\n<li>\n<div class=\"title\"><i class=\"fas fa-bullhorn\"><\/i> Los j\u00f3venes y su historia local (video)<\/div>\n<div class=\"detail\">EES No. 14 &#8211; Monte Grande<\/div>\n<\/li>\n<li>\n<div class=\"title\"><i class=\"fas fa-bullhorn\"><\/i> Lxs pibes de la 20 (video)<\/div>\n<div class=\"detail\">OOSS Biblioteca Popular Cava Joven &#8211; Biblioteca Popular &#8211; B\u00e9ccar<\/div>\n<\/li>\n<li>\n<div class=\"title\"><i class=\"fas fa-bullhorn\"><\/i> Ni una menos (m\u00fasica)<\/div>\n<div class=\"detail\">EES No. 3 &#8211; Jeppener<\/div>\n<\/li>\n<li>\n<div class=\"title\"><i class=\"fas fa-bullhorn\"><\/i> Vicente lopez (video)<\/div>\n<div class=\"detail\">OOSS Envi\u00f3n Vicente L\u00f3pez &#8211; Envi\u00f3n Pod\u00e9s Villa Celina &#8211; Ciudad Celina<\/div>\n<\/li>\n<li>\n<div class=\"title\"><i class=\"fas fa-bullhorn\"><\/i> Memorias presentes en Luis Guill\u00f3n (video)<\/div>\n<div class=\"detail\">EES No. 3 &#8211; Luis Guill\u00f3n<\/div>\n<\/li>\n<\/ul>\n<\/div>\n<div class=\"bloque listing \">\n<div class=\"title\"><span class=\"horaInicio\"> 13:00 hs. <\/span><span class=\"title\"> Almuerzo (COMEDOR) <\/span><\/div>\n<\/div>\n<div class=\"bloque listing bloque-con-presentaciones\">\n<div class=\"title\"><span class=\"horaInicio\"> 14:00 hs. <\/span><span class=\"title\"> Presentaciones (HOTEL 8) <\/span><\/div>\n<ul class=\"presentaciones listing\">\n<li>\n<div class=\"title\"><i class=\"fas fa-bullhorn\"><\/i> \u00abQue solo sea Diversi\u00f3n \u00bb (video)<\/div>\n<div class=\"detail\">OOSS Los chicos de la cooperativa &#8211; centro juvenil &#8211; Gonz\u00e1lez Cat\u00e1n<\/div>\n<\/li>\n<li>\n<div class=\"title\"><i class=\"fas fa-bullhorn\"><\/i> El Doble Discurso (video)<\/div>\n<div class=\"detail\">OOSS Los chicos de la cooperativa &#8211; Envion Podes &#8211; Gonz\u00e1lez Cat\u00e1n<\/div>\n<\/li>\n<li>\n<div class=\"title\"><i class=\"fas fa-bullhorn\"><\/i> \u00a8yo y quien soy\u00a8 (video)<\/div>\n<div class=\"detail\">EES No. 21 &#8211; El Jag\u00fcel<\/div>\n<\/li>\n<li>\n<div class=\"title\"><i class=\"fas fa-bullhorn\"><\/i> No tenemos definido (video)<\/div>\n<div class=\"detail\">OOSS Asociaci\u00f3n Civil La Nona De La Cava &#8211; Asociaci\u00f3n Civil sin fines de lucro &#8211; B\u00e9ccar<\/div>\n<\/li>\n<li>\n<div class=\"title\"><i class=\"fas fa-bullhorn\"><\/i> Octubre en Brandsen del 72, (video)<\/div>\n<div class=\"detail\">EES No. 1 &#8211; Coronel Brandsen<\/div>\n<\/li>\n<li>\n<div class=\"title\"><i class=\"fas fa-bullhorn\"><\/i> Memorias Silenciadas (video)<\/div>\n<div class=\"detail\">OOSS Centro Juvenil Joven Alegria &#8211; Centro Juvenil &#8211; Gonz\u00e1lez Cat\u00e1n<\/div>\n<\/li>\n<li>\n<div class=\"title\"><i class=\"fas fa-bullhorn\"><\/i> INFANCIA ? (video)<\/div>\n<div class=\"detail\">OOSS Apoyo Escolar \u00c1ngeles Traviesos &#8211; Apoyo Escolar &#8211; La Matanza<\/div>\n<\/li>\n<li>\n<div class=\"title\"><i class=\"fas fa-bullhorn\"><\/i> Espacio seguro (video)<\/div>\n<div class=\"detail\">OOSS \u00abJuntxs en el Don Juan\u00bb subsede juntxs a la par &#8211; Envion Podes &#8211; Gregorio de Laferrere<\/div>\n<\/li>\n<\/ul>\n<\/div>\n<div class=\"bloque listing bloque-con-presentaciones\">\n<div class=\"title\"><span class=\"horaInicio\"> 16:00 hs. <\/span><span class=\"title\"> Presentaciones (HOTEL 8) <\/span><\/div>\n<ul class=\"presentaciones listing\">\n<li>\n<div class=\"title\"><i class=\"fas fa-bullhorn\"><\/i> Las dos caras de Las Malvinas (video)<\/div>\n<div class=\"detail\">OOSS Biblioteca Popular Club Madres Barrio Sauce &#8211; Biblioteca Popular &#8211; B\u00e9ccar<\/div>\n<\/li>\n<li>\n<div class=\"title\"><i class=\"fas fa-bullhorn\"><\/i> Usurbil: Voces Silenciadas (multimedia)<\/div>\n<div class=\"detail\">EST No. 1 &#8211; Ingeniero White<\/div>\n<\/li>\n<li>\n<div class=\"title\"><i class=\"fas fa-bullhorn\"><\/i> LLORENTE 6219 &#8211; J\u00f3venes Carrillo (video)<\/div>\n<div class=\"detail\">OOSS Centro de Redes Integrales Juventudes Red Arco\u00edris &#8211; Centro de J\u00f3venes &#8211; Gonz\u00e1lez Cat\u00e1n<\/div>\n<\/li>\n<li>\n<div class=\"title\"><i class=\"fas fa-bullhorn\"><\/i> Diversidad de genero y dictadura (video)<\/div>\n<div class=\"detail\">C-CENS No. 453 &#8211; Boulogne Sur Mer<\/div>\n<\/li>\n<li>\n<div class=\"title\"><i class=\"fas fa-bullhorn\"><\/i> El Trabajo Infantil, Derecho y Realidad. (video)<\/div>\n<div class=\"detail\">OOSS Juana Azurduy &#8211; Centro Socioeducativo y Comunitario en Barrios Populares &#8211; Ingeniero White<\/div>\n<\/li>\n<li>\n<div class=\"title\"><i class=\"fas fa-bullhorn\"><\/i> ABRAZO TU CULTURA&#8230; ABRAZO MI CULTURA. (video)<\/div>\n<div class=\"detail\">EES No. 5 &#8211; Oliden<\/div>\n<\/li>\n<li>\n<div class=\"title\"><i class=\"fas fa-bullhorn\"><\/i> MCF: Su lucha, nuestra identidad (video)<\/div>\n<div class=\"detail\">EES No. 29 &#8211; Monte Grande<\/div>\n<\/li>\n<li>\n<div class=\"title\"><i class=\"fas fa-bullhorn\"><\/i> Memorias Migrantes (danzas)<\/div>\n<div class=\"detail\">OOSS Grupo Juvenil Los Gorriones &#8211; Organizacion social &#8211; Villa Eduardo Madero<\/div>\n<\/li>\n<\/ul>\n<\/div>\n<div class=\"bloque listing \">\n<div class=\"title\"><span class=\"horaInicio\"> 18:00 hs. <\/span><span class=\"title\"> Actividades para j\u00f3venes (HOTEL 5) <\/span><\/div>\n<\/div>\n<div class=\"bloque listing \">\n<div class=\"title\"><span class=\"horaInicio\"> 18:00 hs. <\/span><span class=\"title\"> Taller para coordinadores (HOTEL 8) <\/span><\/div>\n<\/div>\n<div class=\"bloque listing \">\n<div class=\"title\"><span class=\"horaInicio\"> 21:00 hs. <\/span><span class=\"title\"> Cena (COMEDOR) <\/span><\/div>\n<\/div>\n<div class=\"bloque listing \">\n<div class=\"title\"><span class=\"horaInicio\"> 22:00 hs. <\/span><span class=\"title\"> Cierre del Encuentro y Fiesta (HOTEL 8) <\/span><\/div>\n<div class=\"title\"><span class=\"title\"><\/span><\/div>\n<\/div>\n<\/div>\n<div class=\"title\"><strong>Dia 4<\/strong> <i class=\"fas fa-bolt\"><\/i><\/div>\n<div class=\"bloques listing\">\n<div class=\"bloque listing \">\n<div class=\"title\"><span class=\"horaInicio\"> 07:00 hs. <\/span><span class=\"title\"> Desayuno y egreso (COMEDOR) <\/span><\/div>\n<\/div>\n<\/div>\n<\/div>\n<\/div>\n<p>[\/et_pb_toggle][\/et_pb_column][\/et_pb_row][\/et_pb_section][et_pb_section fb_built=\u00bb1&#8243; module_id=\u00bbtanda2&#8243; _builder_version=\u00bb4.27.2&#8243; _module_preset=\u00bbdefault\u00bb custom_padding=\u00bb0px||0px||false|false\u00bb global_colors_info=\u00bb{}\u00bb][et_pb_row _builder_version=\u00bb4.27.2&#8243; _module_preset=\u00bbdefault\u00bb global_colors_info=\u00bb{}\u00bb][et_pb_column type=\u00bb4_4&#8243; _builder_version=\u00bb4.27.2&#8243; _module_preset=\u00bbdefault\u00bb global_colors_info=\u00bb{}\u00bb][et_pb_toggle title=\u00bbTANDA 2&#8243; open_toggle_background_color=\u00bb#FFFFFF\u00bb closed_toggle_text_color=\u00bb#FFFFFF\u00bb closed_toggle_background_color=\u00bb#E02B20&#8243; icon_color=\u00bb#FFFFFF\u00bb open_icon_color=\u00bb#E02B20&#8243; _builder_version=\u00bb4.27.2&#8243; _module_preset=\u00bbdefault\u00bb title_font=\u00bb|700|||||||\u00bb title_text_align=\u00bbcenter\u00bb title_font_size=\u00bb24px\u00bb closed_title_font=\u00bb|700|||||||\u00bb closed_title_text_align=\u00bbcenter\u00bb closed_title_font_size=\u00bb24px\u00bb border_width_all=\u00bb4px\u00bb border_color_all=\u00bb#E02B20&#8243; global_colors_info=\u00bb{}\u00bb]<\/p>\n<div class=\"tanda\">\n<div class=\"diasTanda listing\">\n<div class=\"tanda\">\n<div class=\"diasTanda listing\">\n<div class=\"title\"><strong>Dia 1<\/strong> <i class=\"fas fa-bolt\"><\/i><\/div>\n<div class=\"bloques listing\">\n<div class=\"bloque listing \">\n<div class=\"title\"><span class=\"horaInicio\"> 09:00 hs. <\/span><span class=\"title\"> Acreditaci\u00f3n (Hall hotel) (HOTEL 8) <\/span><\/div>\n<\/div>\n<div class=\"bloque listing \">\n<div class=\"title\"><span class=\"horaInicio\"> 09:00 hs. <\/span><span class=\"title\"> Acreditaci\u00f3n (Hall hotel) (HOTEL 5) <\/span><\/div>\n<\/div>\n<div class=\"bloque listing \">\n<div class=\"title\"><span class=\"horaInicio\"> 13:00 hs. <\/span><span class=\"title\"> Almuerzo (COMEDOR) <\/span><\/div>\n<\/div>\n<div class=\"bloque listing bloque-con-presentaciones\">\n<div class=\"title\"><span class=\"horaInicio\"> 14:00 hs. <\/span><span class=\"title\"> Apertura (Auditorio) (HOTEL 8) <\/span><\/div>\n<ul class=\"presentaciones listing\">\n<li>\n<div class=\"title\"><i class=\"fas fa-bullhorn\"><\/i> militarizaci\u00f3n de los barrios (video)<\/div>\n<div class=\"detail\">EES No. 63 &#8211; San Jos\u00e9<\/div>\n<\/li>\n<\/ul>\n<\/div>\n<div class=\"bloque listing \">\n<div class=\"title\"><span class=\"horaInicio\"> 15:30 hs. <\/span><span class=\"title\"> Taller de bienvenida para coordinadores (Al finalizar la Apertura- Auditorio) (HOTEL 8) <\/span><\/div>\n<\/div>\n<div class=\"bloque listing \">\n<div class=\"title\"><span class=\"horaInicio\"> 15:30 hs. <\/span><span class=\"title\"> Taller de bienvenida para j\u00f3venes (al finalizar la Apertura -Explanada) (HOTEL 8) <\/span><\/div>\n<\/div>\n<div class=\"bloque listing bloque-con-presentaciones\">\n<div class=\"title\"><span class=\"horaInicio\"> 18:00 hs. <\/span><span class=\"title\"> Presentaciones (HOTEL 8) <\/span><\/div>\n<ul class=\"presentaciones listing\">\n<li>\n<div class=\"title\"><i class=\"fas fa-bullhorn\"><\/i> Mujeres desaparecidas en democracia (video)<\/div>\n<div class=\"detail\">OOSS Refugio de la esperanza &#8211; Centro Comunitario &#8211; Longchamps<\/div>\n<\/li>\n<li>\n<div class=\"title\"><i class=\"fas fa-bullhorn\"><\/i> Mujeres del barrio (video)<\/div>\n<div class=\"detail\">OOSS Juventud Peronista Organizada &#8211; Organizacion Social &#8211; Merlo<\/div>\n<\/li>\n<li>\n<div class=\"title\"><i class=\"fas fa-bullhorn\"><\/i> De todo un poco Podcast. Organizaci\u00f3n Barrial (video)<\/div>\n<div class=\"detail\">OOSS Nuestra Casa San Pablo &#8211; Centro comunitario &#8211; Bella Vista<\/div>\n<\/li>\n<li>\n<div class=\"title\"><i class=\"fas fa-bullhorn\"><\/i> La salud del ambiente, tambi\u00e9n es un derecho (video)<\/div>\n<div class=\"detail\">EES No. 6 &#8211; Punta Alta (Est Almirante Solier)<\/div>\n<\/li>\n<li>\n<div class=\"title\"><i class=\"fas fa-bullhorn\"><\/i> La Murga en el barrio (video)<\/div>\n<div class=\"detail\">EA No. 708 &#8211; Bella Vista<\/div>\n<\/li>\n<li>\n<div class=\"title\"><i class=\"fas fa-bullhorn\"><\/i> Murga Murga (video)<\/div>\n<div class=\"detail\">OOSS Murga compa\u00f1era 2015 &#8211; Murga Barrial &#8211; Merlo<\/div>\n<\/li>\n<\/ul>\n<\/div>\n<div class=\"bloque listing \">\n<div class=\"title\"><span class=\"horaInicio\"> 21:00 hs. <\/span><span class=\"title\"> Cena (COMEDOR) <\/span><\/div>\n<\/div>\n<div class=\"bloque listing bloque-con-presentaciones\">\n<div class=\"title\"><span class=\"horaInicio\"> 22:00 hs. <\/span><span class=\"title\"> Presentaciones (HOTEL 8) <\/span><\/div>\n<ul class=\"presentaciones listing\">\n<li>\n<div class=\"title\"><i class=\"fas fa-bullhorn\"><\/i> Todos tenemos el mismo derecho (video)<\/div>\n<div class=\"detail\">OOSS La 40 &#8211; Grupo juvenil &#8211; Agust\u00edn Ferrari<\/div>\n<\/li>\n<li>\n<div class=\"title\"><i class=\"fas fa-bullhorn\"><\/i> PUEBLO TRANQUILO (video)<\/div>\n<div class=\"detail\">EES No. 2 &#8211; Coronel Dorrego<\/div>\n<\/li>\n<li>\n<div class=\"title\"><i class=\"fas fa-bullhorn\"><\/i> LO QUE CALLAN LAS PIZARRAS (multimedia)<\/div>\n<div class=\"detail\">I-ISFD No. 79 &#8211; Punta Alta (Est Almirante Solier)<\/div>\n<\/li>\n<li>\n<div class=\"title\"><i class=\"fas fa-bullhorn\"><\/i> La guerra de Malvinas y v\u00ednculos familiares (teatro)<\/div>\n<div class=\"detail\">EES No. 11 &#8211; Bella Vista<\/div>\n<\/li>\n<li>\n<div class=\"title\"><i class=\"fas fa-bullhorn\"><\/i> La lucha es en todas Partes (m\u00fasica)<\/div>\n<div class=\"detail\">EE No. 1 &#8211; Alejandro Korn<\/div>\n<\/li>\n<\/ul>\n<\/div>\n<\/div>\n<div class=\"title\"><strong>Dia 2<\/strong> <i class=\"fas fa-bolt\"><\/i><\/div>\n<div class=\"bloques listing\">\n<div class=\"bloque listing bloque-con-presentaciones\">\n<div class=\"title\"><span class=\"horaInicio\"> 09:00 hs. <\/span><span class=\"title\"> Presentaciones (HOTEL 8) <\/span><\/div>\n<ul class=\"presentaciones listing\">\n<li>\n<div class=\"title\"><i class=\"fas fa-bullhorn\"><\/i> Hablemos de suicidio adolescente (video)<\/div>\n<div class=\"detail\">OOSS Centro Comunitario Infantil Nuestra Se\u00f1ora de La Merced &#8211; Asociaci\u00f3n Civil &#8211; Bella Vista<\/div>\n<\/li>\n<li>\n<div class=\"title\"><i class=\"fas fa-bullhorn\"><\/i> Tendiendo Puentes (video)<\/div>\n<div class=\"detail\">EES No. 1 &#8211; Pedro Luro<\/div>\n<\/li>\n<li>\n<div class=\"title\"><i class=\"fas fa-bullhorn\"><\/i> El estado presente (video)<\/div>\n<div class=\"detail\">EES No. 15 &#8211; Bella Vista<\/div>\n<\/li>\n<li>\n<div class=\"title\"><i class=\"fas fa-bullhorn\"><\/i> JOVENES COMPROMETIDOS (video)<\/div>\n<div class=\"detail\">OOSS SOLANET &#8211; CLUB &#8211; Merlo<\/div>\n<\/li>\n<li>\n<div class=\"title\"><i class=\"fas fa-bullhorn\"><\/i> NUESTROS H\u00c9ROES (video)<\/div>\n<div class=\"detail\">EES No. 4 &#8211; Alejandro Korn<\/div>\n<\/li>\n<li>\n<div class=\"title\"><i class=\"fas fa-bullhorn\"><\/i> El pueblo de las injusticias (video)<\/div>\n<div class=\"detail\">EES No. 2 &#8211; San Vicente<\/div>\n<\/li>\n<\/ul>\n<\/div>\n<div class=\"bloque listing bloque-con-presentaciones\">\n<div class=\"title\"><span class=\"horaInicio\"> 10:30 hs. <\/span><span class=\"title\"> Presentaciones (HOTEL 8) <\/span><\/div>\n<ul class=\"presentaciones listing\">\n<li>\n<div class=\"title\"><i class=\"fas fa-bullhorn\"><\/i> Infancias en dictadura (video)<\/div>\n<div class=\"detail\">OOSS Sociedad de fomento manzana 30 &#8211; Sociedad de fomento. Organizaci\u00f3n social. &#8211; Don Orione<\/div>\n<\/li>\n<li>\n<div class=\"title\"><i class=\"fas fa-bullhorn\"><\/i> A clases sin veneno. (video)<\/div>\n<div class=\"detail\">EES No. 6 &#8211; Domselaar<\/div>\n<\/li>\n<li>\n<div class=\"title\"><i class=\"fas fa-bullhorn\"><\/i> Biografias de militantes desaparecides (video)<\/div>\n<div class=\"detail\">OOSS Jovenes Organizados &#8211; Organizacion Social &#8211; Merlo<\/div>\n<\/li>\n<li>\n<div class=\"title\"><i class=\"fas fa-bullhorn\"><\/i> Historias de militancia (video)<\/div>\n<div class=\"detail\">OOSS Juventud Merlense &#8211; Organizacion Social &#8211; Merlo<\/div>\n<\/li>\n<li>\n<div class=\"title\"><i class=\"fas fa-bullhorn\"><\/i> Amarme para amar (video)<\/div>\n<div class=\"detail\">OOSS La 40 &#8211; Grupo juvenil &#8211; Libertad<\/div>\n<\/li>\n<li>\n<div class=\"title\"><i class=\"fas fa-bullhorn\"><\/i> \u00bfTODOS TENEMOS ACCESO A LA SALUD MENTAL? (video)<\/div>\n<div class=\"detail\">OOSS Nudo a Nudo &#8211; Centro Barrial &#8211; Punta Alta (Est Almirante Solier)<\/div>\n<\/li>\n<li>\n<div class=\"title\"><i class=\"fas fa-bullhorn\"><\/i> Revivir la m\u00fasica (video)<\/div>\n<div class=\"detail\">EES No. 8 &#8211; Carmen de Patagones<\/div>\n<\/li>\n<li>\n<div class=\"title\"><i class=\"fas fa-bullhorn\"><\/i> \u00abPiedra libre Mercedita\u00bb (m\u00fasica)<\/div>\n<div class=\"detail\">CEC No. 13 &#8211; San Vicente<\/div>\n<\/li>\n<\/ul>\n<\/div>\n<div class=\"bloque listing \">\n<div class=\"title\"><span class=\"horaInicio\"> 11:00 hs. <\/span><span class=\"title\"> Talleres de producci\u00f3n (Explanada) (HOTEL 5) <\/span><\/div>\n<\/div>\n<div class=\"bloque listing \">\n<div class=\"title\"><span class=\"horaInicio\"> 13:00 hs. <\/span><span class=\"title\"> Almuerzo (COMEDOR) <\/span><\/div>\n<\/div>\n<div class=\"bloque listing bloque-con-presentaciones\">\n<div class=\"title\"><span class=\"horaInicio\"> 14:00 hs. <\/span><span class=\"title\"> Presentaciones (HOTEL 8) <\/span><\/div>\n<ul class=\"presentaciones listing\">\n<li>\n<div class=\"title\"><i class=\"fas fa-bullhorn\"><\/i> \u00ablos heroes no se olvidan\u00bb (video)<\/div>\n<div class=\"detail\">EES No. 18 &#8211; Jose M\u00e1rmol<\/div>\n<\/li>\n<li>\n<div class=\"title\"><i class=\"fas fa-bullhorn\"><\/i> Tratanos suavemente (video)<\/div>\n<div class=\"detail\">OOSS Envi\u00f3n Alte Brown &#8211; Envi\u00f3n Alte Brown &#8211; Almirante Brown<\/div>\n<\/li>\n<li>\n<div class=\"title\"><i class=\"fas fa-bullhorn\"><\/i> Malvinas y Dictadura (video)<\/div>\n<div class=\"detail\">OOSS Jovenes y Compromiso &#8211; Organizaci\u00f3n Social &#8211; Merlo<\/div>\n<\/li>\n<li>\n<div class=\"title\"><i class=\"fas fa-bullhorn\"><\/i> Artalia por los derechos (teatro)<\/div>\n<div class=\"detail\">OOSS Artalia &#8211; Grupo Juvenil &#8211; Merlo<\/div>\n<\/li>\n<li>\n<div class=\"title\"><i class=\"fas fa-bullhorn\"><\/i> LA BRISA QUE TRAE CAMBIOS (video)<\/div>\n<div class=\"detail\">EES No. 16 &#8211; Bella Vista<\/div>\n<\/li>\n<li>\n<div class=\"title\"><i class=\"fas fa-bullhorn\"><\/i> Esta comunidad es nuestra! (video)<\/div>\n<div class=\"detail\">EEM No. 2 &#8211; Punta Alta (Est Almirante Solier)<\/div>\n<\/li>\n<li>\n<div class=\"title\"><i class=\"fas fa-bullhorn\"><\/i> La sociedad popular rivadaviense (m\u00fasica)<\/div>\n<div class=\"detail\">OOSS Envi\u00f3n Alte. Brown &#8211; Envi\u00f3n Alte. Brown &#8211; Almirante Brown<\/div>\n<\/li>\n<li>\n<div class=\"title\"><i class=\"fas fa-bullhorn\"><\/i> Comprensi\u00f3n y Empat\u00eda en la Salud P\u00fablica (teatro)<\/div>\n<div class=\"detail\">EES No. 9 &#8211; Pedro Luro<\/div>\n<\/li>\n<\/ul>\n<\/div>\n<div class=\"bloque listing bloque-con-presentaciones\">\n<div class=\"title\"><span class=\"horaInicio\"> 16:00 hs. <\/span><span class=\"title\"> Presentaciones (HOTEL 8) <\/span><\/div>\n<ul class=\"presentaciones listing\">\n<li>\n<div class=\"title\"><i class=\"fas fa-bullhorn\"><\/i> Mi plaza 4 h\u00e9roes de Malvinas (video)<\/div>\n<div class=\"detail\">EES No. 12 &#8211; Bella Vista<\/div>\n<\/li>\n<li>\n<div class=\"title\"><i class=\"fas fa-bullhorn\"><\/i> &#8230;y ahora, qu\u00e9? (video)<\/div>\n<div class=\"detail\">EES No. 14 &#8211; Punta Alta (Est Almirante Solier)<\/div>\n<\/li>\n<li>\n<div class=\"title\"><i class=\"fas fa-bullhorn\"><\/i> LOS PROBLEMAS DE SEGURIDAD (video)<\/div>\n<div class=\"detail\">EST No. 1 &#8211; General Alvear<\/div>\n<\/li>\n<li>\n<div class=\"title\"><i class=\"fas fa-bullhorn\"><\/i> M\u00ed vida. M\u00ed voz (video)<\/div>\n<div class=\"detail\">OOSS Grupo Juvenil Merlo &#8211; Grupo juveniles &#8211; Mariano Acosta<\/div>\n<\/li>\n<li>\n<div class=\"title\"><i class=\"fas fa-bullhorn\"><\/i> La Toma de Guernica (multimedia)<\/div>\n<div class=\"detail\">EES No. 3 &#8211; Guernica<\/div>\n<\/li>\n<li>\n<div class=\"title\"><i class=\"fas fa-bullhorn\"><\/i> desparecidos cercanos (video)<\/div>\n<div class=\"detail\">EES No. 74 &#8211; Rafael Calzada<\/div>\n<\/li>\n<li>\n<div class=\"title\"><i class=\"fas fa-bullhorn\"><\/i> Despu\u00e9s de Malvinas (video)<\/div>\n<div class=\"detail\">OOSS Merlo Peronista &#8211; Organizaci\u00f3n Social &#8211; Merlo<\/div>\n<\/li>\n<\/ul>\n<\/div>\n<div class=\"bloque listing bloque-con-presentaciones\">\n<div class=\"title\"><span class=\"horaInicio\"> 18:00 hs. <\/span><span class=\"title\"> Presentaciones (HOTEL 8) <\/span><\/div>\n<ul class=\"presentaciones listing\">\n<li>\n<div class=\"title\"><i class=\"fas fa-bullhorn\"><\/i> Ac\u00e1 se trata de respetar (teatro)<\/div>\n<div class=\"detail\">EES No. 24 &#8211; Burzaco<\/div>\n<\/li>\n<li>\n<div class=\"title\"><i class=\"fas fa-bullhorn\"><\/i> Derecho a la Educaci\u00f3n Superior (video)<\/div>\n<div class=\"detail\">EES No. 25 &#8211; Merlo<\/div>\n<\/li>\n<li>\n<div class=\"title\"><i class=\"fas fa-bullhorn\"><\/i> En defensa de la educacion publica (video)<\/div>\n<div class=\"detail\">OOSS El Barrio en Marcha &#8211; Centro Socioeducativo y Comunitario &#8211; Merlo<\/div>\n<\/li>\n<li>\n<div class=\"title\"><i class=\"fas fa-bullhorn\"><\/i> Historia y puntos de memoria (video)<\/div>\n<div class=\"detail\">OOSS Barrios de pie &#8211; Juventud barrio de pie &#8211; Merlo<\/div>\n<\/li>\n<li>\n<div class=\"title\"><i class=\"fas fa-bullhorn\"><\/i> Condiciones laborales y de vida en el medio r (multimedia)<\/div>\n<div class=\"detail\">C-CEPPT No. 5 &#8211; Rauch<\/div>\n<\/li>\n<li>\n<div class=\"title\"><i class=\"fas fa-bullhorn\"><\/i> Llevo tus marcas en mi piel (video)<\/div>\n<div class=\"detail\">OOSS Envi\u00f3n Alte. Brown &#8211; Envi\u00f3n Alte. Brown &#8211; Burzaco<\/div>\n<\/li>\n<li>\n<div class=\"title\"><i class=\"fas fa-bullhorn\"><\/i> Consumo problem\u00e1tico en Noroeste (video)<\/div>\n<div class=\"detail\">OOSS Casa Maranath\u00e1 &#8211; Centro Barrial &#8211; Bah\u00eda Blanca<\/div>\n<\/li>\n<\/ul>\n<\/div>\n<div class=\"bloque listing \">\n<div class=\"title\"><span class=\"horaInicio\"> 18:00 hs. <\/span><span class=\"title\"> Actividades para J\u00f3venes (Explanada) (HOTEL 5) <\/span><\/div>\n<\/div>\n<div class=\"bloque listing \">\n<div class=\"title\"><span class=\"horaInicio\"> 21:00 hs. <\/span><span class=\"title\"> Cena (COMEDOR) <\/span><\/div>\n<\/div>\n<div class=\"bloque listing bloque-con-presentaciones\">\n<div class=\"title\"><span class=\"horaInicio\"> 22:00 hs. <\/span><span class=\"title\"> Presentaciones (HOTEL 8) <\/span><\/div>\n<ul class=\"presentaciones listing\">\n<li>\n<div class=\"title\"><i class=\"fas fa-bullhorn\"><\/i> La vida sin maquillaje (teatro)<\/div>\n<div class=\"detail\">EES No. 39 &#8211; Almirante Brown<\/div>\n<\/li>\n<li>\n<div class=\"title\"><i class=\"fas fa-bullhorn\"><\/i> Identidad y memoria de la secundaria 21 (video)<\/div>\n<div class=\"detail\">EES No. 21 &#8211; Agust\u00edn Ferrari<\/div>\n<\/li>\n<li>\n<div class=\"title\"><i class=\"fas fa-bullhorn\"><\/i> ENTRE DOS FRONTERAS (video)<\/div>\n<div class=\"detail\">OOSS LA TEJA 2 &#8211; GRUPO DE J\u00d3VENES &#8211; Merlo<\/div>\n<\/li>\n<li>\n<div class=\"title\"><i class=\"fas fa-bullhorn\"><\/i> Miradas de hoy (audio)<\/div>\n<div class=\"detail\">EES No. 2 &#8211; Bella Vista<\/div>\n<\/li>\n<li>\n<div class=\"title\"><i class=\"fas fa-bullhorn\"><\/i> Desechables (teatro)<\/div>\n<div class=\"detail\">EST No. 1 &#8211; Ayacucho<\/div>\n<\/li>\n<\/ul>\n<\/div>\n<\/div>\n<div class=\"title\"><strong>Dia 3<\/strong> <i class=\"fas fa-bolt\"><\/i><\/div>\n<div class=\"bloques listing\">\n<div class=\"bloque listing bloque-con-presentaciones\">\n<div class=\"title\"><span class=\"horaInicio\"> 09:00 hs. <\/span><span class=\"title\"> Presentaciones (HOTEL 8) <\/span><\/div>\n<ul class=\"presentaciones listing\">\n<li>\n<div class=\"title\"><i class=\"fas fa-bullhorn\"><\/i> Historia e identidad local (video)<\/div>\n<div class=\"detail\">EES No. 20 &#8211; Bella Vista<\/div>\n<\/li>\n<li>\n<div class=\"title\"><i class=\"fas fa-bullhorn\"><\/i> La construcci\u00f3n del odio (video)<\/div>\n<div class=\"detail\">EES No. 30 &#8211; Bella Vista<\/div>\n<\/li>\n<li>\n<div class=\"title\"><i class=\"fas fa-bullhorn\"><\/i> Identidad y derechos en la actualidad (video)<\/div>\n<div class=\"detail\">EES No. 12 &#8211; Punta Alta (Est Almirante Solier)<\/div>\n<\/li>\n<li>\n<div class=\"title\"><i class=\"fas fa-bullhorn\"><\/i> Avatares (video)<\/div>\n<div class=\"detail\">EES No. 9 &#8211; Punta Alta (Est Almirante Solier)<\/div>\n<\/li>\n<li>\n<div class=\"title\"><i class=\"fas fa-bullhorn\"><\/i> En Rauch, Tambien (radio)<\/div>\n<div class=\"detail\">OOSS La Pieza &#8211; centro cultural &#8211; Rauch<\/div>\n<\/li>\n<li>\n<div class=\"title\"><i class=\"fas fa-bullhorn\"><\/i> no estamos solos (video)<\/div>\n<div class=\"detail\">ESB No. 2 &#8211; Udaquiola<\/div>\n<\/li>\n<\/ul>\n<\/div>\n<div class=\"bloque listing bloque-con-presentaciones\">\n<div class=\"title\"><span class=\"horaInicio\"> 10:30 hs. <\/span><span class=\"title\"> Presentaciones (HOTEL 8) <\/span><\/div>\n<ul class=\"presentaciones listing\">\n<li>\n<div class=\"title\"><i class=\"fas fa-bullhorn\"><\/i> Flores para la memoria (video)<\/div>\n<div class=\"detail\">Escuela Privada Escuela de Educaci\u00f3n Secundaria Instituto Amancio Alcorta &#8211; Burzaco<\/div>\n<\/li>\n<li>\n<div class=\"title\"><i class=\"fas fa-bullhorn\"><\/i> Lugares de Memoria. Plaza Poblete-Hlaczi (video)<\/div>\n<div class=\"detail\">EES No. 11 &#8211; Guernica<\/div>\n<\/li>\n<li>\n<div class=\"title\"><i class=\"fas fa-bullhorn\"><\/i> Murga ayer y hoy (video)<\/div>\n<div class=\"detail\">OOSS Murga por los derechos &#8211; Murga &#8211; Merlo<\/div>\n<\/li>\n<li>\n<div class=\"title\"><i class=\"fas fa-bullhorn\"><\/i> El caso de H en el barrio (video)<\/div>\n<div class=\"detail\">C-C-PA No. 2 &#8211; Bella Vista<\/div>\n<\/li>\n<li>\n<div class=\"title\"><i class=\"fas fa-bullhorn\"><\/i> Desterrando mitos sobre la Salud Mental (video)<\/div>\n<div class=\"detail\">EES No. 5 &#8211; Ayacucho<\/div>\n<\/li>\n<li>\n<div class=\"title\"><i class=\"fas fa-bullhorn\"><\/i> La Colonia y el Derecho a la Educaci\u00f3n (video)<\/div>\n<div class=\"detail\">EES No. 2 &#8211; Mayor Buratovich<\/div>\n<\/li>\n<li>\n<div class=\"title\"><i class=\"fas fa-bullhorn\"><\/i> la escuela nuestra comunidad (video)<\/div>\n<div class=\"detail\">EES No. 3 &#8211; San Miguel<\/div>\n<\/li>\n<\/ul>\n<\/div>\n<div class=\"bloque listing \">\n<div class=\"title\"><span class=\"horaInicio\"> 13:00 hs. <\/span><span class=\"title\"> Almuerzo (COMEDOR) <\/span><\/div>\n<\/div>\n<div class=\"bloque listing bloque-con-presentaciones\">\n<div class=\"title\"><span class=\"horaInicio\"> 14:00 hs. <\/span><span class=\"title\"> Presentaciones (HOTEL 8) <\/span><\/div>\n<ul class=\"presentaciones listing\">\n<li>\n<div class=\"title\"><i class=\"fas fa-bullhorn\"><\/i> La cultura en la identidad longchanense (video)<\/div>\n<div class=\"detail\">Escuela Privada Escuela de Educaci\u00f3n Secundaria INSTITUTO DEL SUR &#8211; Almirante Brown<\/div>\n<\/li>\n<li>\n<div class=\"title\"><i class=\"fas fa-bullhorn\"><\/i> El ser y la nada (teatro)<\/div>\n<div class=\"detail\">OOSS Envi\u00f3n Alte. Brown &#8211; Envi\u00f3n Alte. Brown &#8211; Longchamps<\/div>\n<\/li>\n<li>\n<div class=\"title\"><i class=\"fas fa-bullhorn\"><\/i> Gatillo F\u00e1cil (video)<\/div>\n<div class=\"detail\">OOSS Peronismo Joven Merlense &#8211; Organizaci\u00f3n Social &#8211; Merlo<\/div>\n<\/li>\n<li>\n<div class=\"title\"><i class=\"fas fa-bullhorn\"><\/i> Reconstruyendo la historia de Envi\u00f3n Spurr (video)<\/div>\n<div class=\"detail\">OOSS Envi\u00f3n sede Spurr &#8211; Programa Envi\u00f3n &#8211; Bah\u00eda Blanca<\/div>\n<\/li>\n<li>\n<div class=\"title\"><i class=\"fas fa-bullhorn\"><\/i> Ataque a la cultura y escritura en Punta (video)<\/div>\n<div class=\"detail\">EES No. 15 &#8211; Punta Alta (Est Almirante Solier)<\/div>\n<\/li>\n<li>\n<div class=\"title\"><i class=\"fas fa-bullhorn\"><\/i> Malvinas, el despues (video)<\/div>\n<div class=\"detail\">ESA No. 1 &#8211; General Alvear<\/div>\n<\/li>\n<li>\n<div class=\"title\"><i class=\"fas fa-bullhorn\"><\/i> El rol de la mujer militante &#8230;. (video)<\/div>\n<div class=\"detail\">EES No. 57 &#8211; Ministro Rivadavia<\/div>\n<\/li>\n<\/ul>\n<\/div>\n<div class=\"bloque listing bloque-con-presentaciones\">\n<div class=\"title\"><span class=\"horaInicio\"> 16:00 hs. <\/span><span class=\"title\"> Presentaciones (HOTEL 8) <\/span><\/div>\n<ul class=\"presentaciones listing\">\n<li>\n<div class=\"title\"><i class=\"fas fa-bullhorn\"><\/i> El Estado a bala y a bala resuelve. (danzas)<\/div>\n<div class=\"detail\">EES No. 56 &#8211; Burzaco<\/div>\n<\/li>\n<li>\n<div class=\"title\"><i class=\"fas fa-bullhorn\"><\/i> Desigualdad y exclusi\u00f3n social (video)<\/div>\n<div class=\"detail\">OOSS Los murgueros &#8211; Murga &#8211; Agust\u00edn Ferrari<\/div>\n<\/li>\n<li>\n<div class=\"title\"><i class=\"fas fa-bullhorn\"><\/i> RESONANCIA DEL SILENCIO (video)<\/div>\n<div class=\"detail\">OOSS LA TEJA 1 &#8211; GRUPO DE J\u00d3VENES &#8211; Merlo<\/div>\n<\/li>\n<li>\n<div class=\"title\"><i class=\"fas fa-bullhorn\"><\/i> Estereotipos (video)<\/div>\n<div class=\"detail\">OOSS Peronismo Barrial &#8211; Organizaci\u00f3n Social &#8211; Merlo<\/div>\n<\/li>\n<li>\n<div class=\"title\"><i class=\"fas fa-bullhorn\"><\/i> Cunas Vac\u00edas (video)<\/div>\n<div class=\"detail\">EES No. 10 &#8211; Mu\u00f1iz<\/div>\n<\/li>\n<li>\n<div class=\"title\"><i class=\"fas fa-bullhorn\"><\/i> 50 a\u00f1os en un libro. (teatro)<\/div>\n<div class=\"detail\">EES No. 1 &#8211; Punta Alta (Est Almirante Solier)<\/div>\n<\/li>\n<\/ul>\n<\/div>\n<div class=\"bloque listing \">\n<div class=\"title\"><span class=\"horaInicio\"> 18:00 hs. <\/span><span class=\"title\"> Actividades para j\u00f3venes (HOTEL 5) <\/span><\/div>\n<\/div>\n<div class=\"bloque listing \">\n<div class=\"title\"><span class=\"horaInicio\"> 18:00 hs. <\/span><span class=\"title\"> Taller para coordinadores (HOTEL 8) <\/span><\/div>\n<\/div>\n<div class=\"bloque listing \">\n<div class=\"title\"><span class=\"horaInicio\"> 21:00 hs. <\/span><span class=\"title\"> Cena (COMEDOR) <\/span><\/div>\n<\/div>\n<div class=\"bloque listing \">\n<div class=\"title\"><span class=\"horaInicio\"> 22:00 hs. <\/span><span class=\"title\"> Cierre del Encuentro y Fiesta (HOTEL 8) <\/span><\/div>\n<\/div>\n<\/div>\n<div class=\"title\"><strong>Dia 4<\/strong> <i class=\"fas fa-bolt\"><\/i><\/div>\n<div class=\"bloques listing\">\n<div class=\"bloque listing \">\n<div class=\"title\"><span class=\"horaInicio\"> 07:00 hs. <\/span><span class=\"title\"> Desayuno y egreso (COMEDOR) <\/span><\/div>\n<\/div>\n<\/div>\n<\/div>\n<\/div>\n<\/div>\n<\/div>\n<p>[\/et_pb_toggle][\/et_pb_column][\/et_pb_row][\/et_pb_section][et_pb_section fb_built=\u00bb1&#8243; module_id=\u00bbtanda3&#8243; _builder_version=\u00bb4.27.2&#8243; _module_preset=\u00bbdefault\u00bb custom_padding=\u00bb0px||0px||false|false\u00bb global_colors_info=\u00bb{}\u00bb][et_pb_row _builder_version=\u00bb4.27.2&#8243; _module_preset=\u00bbdefault\u00bb global_colors_info=\u00bb{}\u00bb][et_pb_column type=\u00bb4_4&#8243; _builder_version=\u00bb4.27.2&#8243; _module_preset=\u00bbdefault\u00bb global_colors_info=\u00bb{}\u00bb][et_pb_toggle title=\u00bbTANDA 3&#8243; open_toggle_background_color=\u00bb#FFFFFF\u00bb closed_toggle_text_color=\u00bb#FFFFFF\u00bb closed_toggle_background_color=\u00bb#E02B20&#8243; icon_color=\u00bb#FFFFFF\u00bb open_icon_color=\u00bb#E02B20&#8243; _builder_version=\u00bb4.27.2&#8243; _module_preset=\u00bbdefault\u00bb title_font=\u00bb|700|||||||\u00bb title_text_align=\u00bbcenter\u00bb title_font_size=\u00bb24px\u00bb closed_title_font=\u00bb|700|||||||\u00bb closed_title_text_align=\u00bbcenter\u00bb closed_title_font_size=\u00bb24px\u00bb border_width_all=\u00bb4px\u00bb border_color_all=\u00bb#E02B20&#8243; global_colors_info=\u00bb{}\u00bb]<\/p>\n<div class=\"tanda\">\n<div class=\"diasTanda listing\">\n<div class=\"tanda\">\n<div class=\"diasTanda listing\">\n<div class=\"tanda\">\n<div class=\"diasTanda listing\">\n<div class=\"title\">Dia 1 <i class=\"fas fa-bolt\"><\/i><\/div>\n<div class=\"bloques listing\">\n<div class=\"bloque listing \">\n<div class=\"title\"><span class=\"horaInicio\"> 09:00 hs. <\/span><span class=\"title\"> Acreditaci\u00f3n (Hall hotel) (HOTEL 5) <\/span><\/div>\n<\/div>\n<div class=\"bloque listing \">\n<div class=\"title\"><span class=\"horaInicio\"> 09:00 hs. <\/span><span class=\"title\"> Acreditaci\u00f3n (Hall hotel) (HOTEL 8) <\/span><\/div>\n<\/div>\n<div class=\"bloque listing \">\n<div class=\"title\"><span class=\"horaInicio\"> 12:30 hs. <\/span><span class=\"title\"> Almuerzo (COMEDOR) <\/span><\/div>\n<\/div>\n<div class=\"bloque listing bloque-con-presentaciones\">\n<div class=\"title\"><span class=\"horaInicio\"> 15:00 hs. <\/span><span class=\"title\"> Apertura (Auditorio) (HOTEL 8) <\/span><\/div>\n<ul class=\"presentaciones listing\"><\/ul>\n<\/div>\n<div class=\"bloque listing \">\n<div class=\"title\"><span class=\"horaInicio\"> 16:00 hs. <\/span><span class=\"title\"> Taller de bienvenida j\u00f3venes (Explanada- inmediatamente despues de la Apertura) (HOTEL 8) <\/span><\/div>\n<\/div>\n<div class=\"bloque listing \">\n<div class=\"title\"><span class=\"horaInicio\"> 16:00 hs. <\/span><span class=\"title\"> Taller de bienvenida para coordinadores (Auditorio) (HOTEL 8) <\/span><\/div>\n<\/div>\n<div class=\"bloque listing \">\n<div class=\"title\"><span class=\"horaInicio\"> 21:00 hs. <\/span><span class=\"title\"> Cena (COMEDOR) <\/span><\/div>\n<\/div>\n<div class=\"bloque listing bloque-con-presentaciones\">\n<div class=\"title\"><span class=\"horaInicio\"> 22:00 hs. <\/span><span class=\"title\"> Presentaciones (HOTEL 8) <\/span><\/div>\n<ul class=\"presentaciones listing\">\n<li>\n<div class=\"title\"><i class=\"fas fa-bullhorn\"><\/i> Sponsor Oficial de tu adicci\u00f3n (video)<\/div>\n<div class=\"detail\">EES No. 86 &#8211; Temperley<\/div>\n<\/li>\n<li>\n<div class=\"title\"><i class=\"fas fa-bullhorn\"><\/i> Desde las cenizas (video)<\/div>\n<div class=\"detail\">EST No. 42089366 &#8211; Lanus<\/div>\n<\/li>\n<li>\n<div class=\"title\"><i class=\"fas fa-bullhorn\"><\/i> Identidades de nuestra comunidad educativa (video)<\/div>\n<div class=\"detail\">EES No. 7 &#8211; Lan\u00fas Este<\/div>\n<\/li>\n<li>\n<div class=\"title\"><i class=\"fas fa-bullhorn\"><\/i> Todo preso es pol\u00edtico (video)<\/div>\n<div class=\"detail\">EES No. 8 &#8211; Trenque Lauquen<\/div>\n<\/li>\n<li>\n<div class=\"title\"><i class=\"fas fa-bullhorn\"><\/i> Resignificar la lucha por los ddhh (multimedia)<\/div>\n<div class=\"detail\">C-CENS No. 467 &#8211; Banfield<\/div>\n<\/li>\n<\/ul>\n<\/div>\n<\/div>\n<div class=\"title\">Dia 2 <i class=\"fas fa-bolt\"><\/i><\/div>\n<div class=\"bloques listing\">\n<div class=\"bloque listing bloque-con-presentaciones\">\n<div class=\"title\"><span class=\"horaInicio\"> 09:00 hs. <\/span><span class=\"title\"> Presentaciones (HOTEL 8) <\/span><\/div>\n<ul class=\"presentaciones listing\">\n<li>\n<div class=\"title\"><i class=\"fas fa-bullhorn\"><\/i> 2001\u00bfQu\u00e9 pas\u00f3? (audio)<\/div>\n<div class=\"detail\">EES No. 66 &#8211; Temperley<\/div>\n<\/li>\n<li>\n<div class=\"title\"><i class=\"fas fa-bullhorn\"><\/i> Reconstruyendo Memoria (video)<\/div>\n<div class=\"detail\">OOSS Sociedad de Fomento y Biblioteca Popular Sarmiento &#8211; Biblioteca Popular &#8211; Valent\u00edn Alsina<\/div>\n<\/li>\n<li>\n<div class=\"title\"><i class=\"fas fa-bullhorn\"><\/i> \u201cNuestro presidente; \u00bfNos representa?\u201d (video)<\/div>\n<div class=\"detail\">OOSS CASA DE LA UNIDAD POPULAR LA BARRERA &#8211; FRENTE POPULAR LANUSENSE &#8211; Organizaci\u00f3n pol\u00edtica &#8211; Lan\u00fas Este<\/div>\n<\/li>\n<li>\n<div class=\"title\"><i class=\"fas fa-bullhorn\"><\/i> Sin IVE &#8211; ILE no hay derecho a la salud (video)<\/div>\n<div class=\"detail\">OOSS Estudiantes de Enfermer\u00eda del 158 &#8211; Agrupaci\u00f3n estudiantil &#8211; Coronel Pringles (Est. Pringles)<\/div>\n<\/li>\n<li>\n<div class=\"title\"><i class=\"fas fa-bullhorn\"><\/i> Identidad en Cuartel V (video)<\/div>\n<div class=\"detail\">EES No. 57 &#8211; Cuartel V<\/div>\n<\/li>\n<li>\n<div class=\"title\"><i class=\"fas fa-bullhorn\"><\/i> Escuela y espacios comunitarios (video)<\/div>\n<div class=\"detail\">OOSS Jovenes yakatistas &#8211; Grupo de jovenes &#8211; Moreno<\/div>\n<\/li>\n<\/ul>\n<\/div>\n<div class=\"bloque listing bloque-con-presentaciones\">\n<div class=\"title\"><span class=\"horaInicio\"> 10:30 hs. <\/span><span class=\"title\"> Presentaciones (HOTEL 8) <\/span><\/div>\n<ul class=\"presentaciones listing\">\n<li>\n<div class=\"title\"><i class=\"fas fa-bullhorn\"><\/i> \u00bfPor que algunes quedan en el camino? (video)<\/div>\n<div class=\"detail\">OOSS Centro Socioeducativo y Comunitario Villa Independenia &#8211; Centro Socioeducativo \/Club &#8211; Monte Chingolo<\/div>\n<\/li>\n<li>\n<div class=\"title\"><i class=\"fas fa-bullhorn\"><\/i> La Nave del Olvido (video)<\/div>\n<div class=\"detail\">OOSS Mejor Futuro &#8211; Asociacion Civil &#8211; Valent\u00edn Alsina<\/div>\n<\/li>\n<li>\n<div class=\"title\"><i class=\"fas fa-bullhorn\"><\/i> Mujeres en las Org. Armadas Revolucionarias (video)<\/div>\n<div class=\"detail\">Escuela Privada Escuela de Educaci\u00f3n Secundaria Amuyen &#8211; Mar del Plata<\/div>\n<\/li>\n<li>\n<div class=\"title\"><i class=\"fas fa-bullhorn\"><\/i> Casa comun (video)<\/div>\n<div class=\"detail\">OOSS Hormigas de barrio &#8211; Grupo de jovenes &#8211; Moreno<\/div>\n<\/li>\n<li>\n<div class=\"title\"><i class=\"fas fa-bullhorn\"><\/i> El barrio y la organizaci\u00f3n (murga)<\/div>\n<div class=\"detail\">OOSS Centro murga Los Sobrinos de Trompetin &#8211; Murga &#8211; Coronel Pringles (Est. Pringles)<\/div>\n<\/li>\n<li>\n<div class=\"title\"><i class=\"fas fa-bullhorn\"><\/i> As\u00ed soy yo (audio)<\/div>\n<div class=\"detail\">ESB No. 3 &#8211; Coronel Pringles (Est. Pringles)<\/div>\n<\/li>\n<\/ul>\n<\/div>\n<div class=\"bloque listing \">\n<div class=\"title\"><span class=\"horaInicio\"> 11:00 hs. <\/span><span class=\"title\"> Talleres de producci\u00f3n (Explanada) (HOTEL 5) <\/span><\/div>\n<\/div>\n<div class=\"bloque listing \">\n<div class=\"title\"><span class=\"horaInicio\"> 13:00 hs. <\/span><span class=\"title\"> Almuerzo (COMEDOR) <\/span><\/div>\n<\/div>\n<div class=\"bloque listing bloque-con-presentaciones\">\n<div class=\"title\"><span class=\"horaInicio\"> 14:00 hs. <\/span><span class=\"title\"> Presentaciones (HOTEL 8) <\/span><\/div>\n<ul class=\"presentaciones listing\">\n<li>\n<div class=\"title\"><i class=\"fas fa-bullhorn\"><\/i> Atravezados por las Memorias narrativa Colect (video)<\/div>\n<div class=\"detail\">EES No. 89 &#8211; Banfield<\/div>\n<\/li>\n<li>\n<div class=\"title\"><i class=\"fas fa-bullhorn\"><\/i> Secuestradxs en La Piloto (video)<\/div>\n<div class=\"detail\">EES No. 1 &#8211; Mar del Plata<\/div>\n<\/li>\n<li>\n<div class=\"title\"><i class=\"fas fa-bullhorn\"><\/i> \u00abEl tongui\u00bb (video)<\/div>\n<div class=\"detail\">EES No. 30 &#8211; Lomas de Zamora<\/div>\n<\/li>\n<li>\n<div class=\"title\"><i class=\"fas fa-bullhorn\"><\/i> LA SALUD Y EL CUIDADO DE NUESTRO BARRIO (video)<\/div>\n<div class=\"detail\">OOSS MERENDERO LA PORTE\u00d1A &#8211; MOVIMIENTO EVITA &#8211; Moreno<\/div>\n<\/li>\n<li>\n<div class=\"title\"><i class=\"fas fa-bullhorn\"><\/i> La otra cara de la moneda (video)<\/div>\n<div class=\"detail\">OOSS Jovenes tchitan&#8217;hi &#8211; Club &#8211; Moreno<\/div>\n<\/li>\n<li>\n<div class=\"title\"><i class=\"fas fa-bullhorn\"><\/i> ESTA ES MI HISTORIA (video)<\/div>\n<div class=\"detail\">EE No. 1 &#8211; Coronel Pringles (Est. Pringles)<\/div>\n<\/li>\n<\/ul>\n<\/div>\n<div class=\"bloque listing bloque-con-presentaciones\">\n<div class=\"title\"><span class=\"horaInicio\"> 16:00 hs. <\/span><span class=\"title\"> Presentaciones (HOTEL 8) <\/span><\/div>\n<ul class=\"presentaciones listing\">\n<li>\n<div class=\"title\"><i class=\"fas fa-bullhorn\"><\/i> Barrio 3 de Enero: Historias de ayer y hoy. (video)<\/div>\n<div class=\"detail\">C-CENS No. 459 &#8211; Villa Fiorito<\/div>\n<\/li>\n<li>\n<div class=\"title\"><i class=\"fas fa-bullhorn\"><\/i> SECUNDARIA 59 (video)<\/div>\n<div class=\"detail\">EES No. 59 &#8211; Lomas de Zamora<\/div>\n<\/li>\n<li>\n<div class=\"title\"><i class=\"fas fa-bullhorn\"><\/i> \u00a1Geno Vive! (video)<\/div>\n<div class=\"detail\">EST No. 1 &#8211; Lanus<\/div>\n<\/li>\n<li>\n<div class=\"title\"><i class=\"fas fa-bullhorn\"><\/i> Mundo arcoris (mural)<\/div>\n<div class=\"detail\">OOSS Centro comunitario yakacuaha &#8211; Centro comunitario &#8211; Moreno<\/div>\n<\/li>\n<li>\n<div class=\"title\"><i class=\"fas fa-bullhorn\"><\/i> De Derechos y Diversidades (video)<\/div>\n<div class=\"detail\">OOSS Nido Chingolo &#8211; Grupo Invernando &#8211; Monte Chingolo<\/div>\n<\/li>\n<li>\n<div class=\"title\"><i class=\"fas fa-bullhorn\"><\/i> Crisis\u00bfQu\u00e9Crisis? (video)<\/div>\n<div class=\"detail\">EES No. 12 &#8211; Valent\u00edn Alsina<\/div>\n<\/li>\n<\/ul>\n<\/div>\n<div class=\"bloque listing bloque-con-presentaciones\">\n<div class=\"title\"><span class=\"horaInicio\"> 18:00 hs. <\/span><span class=\"title\"> Presentaciones (HOTEL 8) <\/span><\/div>\n<ul class=\"presentaciones listing\">\n<li>\n<div class=\"title\"><i class=\"fas fa-bullhorn\"><\/i> RECORDAR PARA NO OLVIDAR (video)<\/div>\n<div class=\"detail\">EA No. 703 &#8211; Banfield<\/div>\n<\/li>\n<li>\n<div class=\"title\"><i class=\"fas fa-bullhorn\"><\/i> Mi escuela, mi derecho (video)<\/div>\n<div class=\"detail\">EES No. 29 &#8211; Lan\u00fas Oeste<\/div>\n<\/li>\n<li>\n<div class=\"title\"><i class=\"fas fa-bullhorn\"><\/i> Caminando con memoria (video)<\/div>\n<div class=\"detail\">EES No. 48 &#8211; Lan\u00fas Oeste<\/div>\n<\/li>\n<li>\n<div class=\"title\"><i class=\"fas fa-bullhorn\"><\/i> construyendo comunicacion (video)<\/div>\n<div class=\"detail\">OOSS Envi\u00f3n Sede La Antena &#8211; Envi\u00f3n Escalada &#8211; Remedios de Escalada de San Mart\u00edn<\/div>\n<\/li>\n<li>\n<div class=\"title\"><i class=\"fas fa-bullhorn\"><\/i> Y MI VOUCHER? (video)<\/div>\n<div class=\"detail\">OOSS Envion Villa Pora &#8211; Programa Envion &#8211; Lanus<\/div>\n<\/li>\n<li>\n<div class=\"title\"><i class=\"fas fa-bullhorn\"><\/i> Pornografia en la adolescencia (teatro)<\/div>\n<div class=\"detail\">EES No. 9 &#8211; Lanus<\/div>\n<\/li>\n<\/ul>\n<\/div>\n<div class=\"bloque listing \">\n<div class=\"title\"><span class=\"horaInicio\"> 18:00 hs. <\/span><span class=\"title\"> Actividades para J\u00f3venes (Explanada) (HOTEL 5) <\/span><\/div>\n<\/div>\n<div class=\"bloque listing \">\n<div class=\"title\"><span class=\"horaInicio\"> 21:00 hs. <\/span><span class=\"title\"> Cena (COMEDOR) <\/span><\/div>\n<\/div>\n<div class=\"bloque listing bloque-con-presentaciones\">\n<div class=\"title\"><span class=\"horaInicio\"> 22:00 hs. <\/span><span class=\"title\"> Presentaciones (HOTEL 8) <\/span><\/div>\n<ul class=\"presentaciones listing\">\n<li>\n<div class=\"title\"><i class=\"fas fa-bullhorn\"><\/i> El Lanusazo (1982), cr\u00f3nica de un vecinazo (video)<\/div>\n<div class=\"detail\">EES No. 23 &#8211; Valent\u00edn Alsina<\/div>\n<\/li>\n<li>\n<div class=\"title\"><i class=\"fas fa-bullhorn\"><\/i> Caminando con memoria (video)<\/div>\n<div class=\"detail\">EES No. 19 &#8211; Lanus<\/div>\n<\/li>\n<li>\n<div class=\"title\"><i class=\"fas fa-bullhorn\"><\/i> \u00abAusencia en lo profundo\u00bb (video)<\/div>\n<div class=\"detail\">EES No. 5 &#8211; Pig\u00fc\u00e9<\/div>\n<\/li>\n<li>\n<div class=\"title\"><i class=\"fas fa-bullhorn\"><\/i> And\u00e1 a estudiar (video)<\/div>\n<div class=\"detail\">EES No. 6 &#8211; Mar del Plata<\/div>\n<\/li>\n<li>\n<div class=\"title\"><i class=\"fas fa-bullhorn\"><\/i> La nueva versi\u00f3n (teatro)<\/div>\n<div class=\"detail\">EES No. 9 &#8211; Banfield<\/div>\n<\/li>\n<\/ul>\n<\/div>\n<\/div>\n<div class=\"title\">Dia 3 <i class=\"fas fa-bolt\"><\/i><\/div>\n<div class=\"bloques listing\">\n<div class=\"bloque listing bloque-con-presentaciones\">\n<div class=\"title\"><span class=\"horaInicio\"> 09:00 hs. <\/span><span class=\"title\"> Presentaciones (HOTEL 8) <\/span><\/div>\n<ul class=\"presentaciones listing\">\n<li>\n<div class=\"title\"><i class=\"fas fa-bullhorn\"><\/i> \u00bfEl hambre puede esperar? (instalaci\u00f3n)<\/div>\n<div class=\"detail\">Escuela Privada Escuela de Educaci\u00f3n Secundaria Instituto Lomas de Zamora Ccop Ltda de Ense\u00f1anza &#8211; Temperley<\/div>\n<\/li>\n<li>\n<div class=\"title\"><i class=\"fas fa-bullhorn\"><\/i> Mujeres En la Historia Local (video)<\/div>\n<div class=\"detail\">Escuela Privada Escuela de Educaci\u00f3n Secundaria Colegio Del Monte &#8211; Monte Chingolo<\/div>\n<\/li>\n<li>\n<div class=\"title\"><i class=\"fas fa-bullhorn\"><\/i> LOS PROBLEMAS AMBIENTALES Y EL CUERPO (mural)<\/div>\n<div class=\"detail\">EES No. 57 &#8211; Lan\u00fas Oeste<\/div>\n<\/li>\n<li>\n<div class=\"title\"><i class=\"fas fa-bullhorn\"><\/i> CONSECUENCIAS DEL DESEMPLEO EN LOS ADOLESCENT (gr\u00e1fica)<\/div>\n<div class=\"detail\">ESB No. 40 &#8211; Monte Chingolo<\/div>\n<\/li>\n<li>\n<div class=\"title\"><i class=\"fas fa-bullhorn\"><\/i> Miradas desde el territorio (video)<\/div>\n<div class=\"detail\">C-CENS No. 461 &#8211; Monte Chingolo<\/div>\n<\/li>\n<li>\n<div class=\"title\"><i class=\"fas fa-bullhorn\"><\/i> Vida en dictadura (video)<\/div>\n<div class=\"detail\">OOSS Envion Monte Chingolo &#8211; Envion Monte Chingolo &#8211; Lanus<\/div>\n<\/li>\n<\/ul>\n<\/div>\n<div class=\"bloque listing bloque-con-presentaciones\">\n<div class=\"title\"><span class=\"horaInicio\"> 10:30 hs. <\/span><span class=\"title\"> Presentaciones (HOTEL 8) <\/span><\/div>\n<ul class=\"presentaciones listing\">\n<li>\n<div class=\"title\"><i class=\"fas fa-bullhorn\"><\/i> encontrARTE con el otro (video)<\/div>\n<div class=\"detail\">EES No. 14 &#8211; Temperley<\/div>\n<\/li>\n<li>\n<div class=\"title\"><i class=\"fas fa-bullhorn\"><\/i> Juventud en la Oscuridad (video)<\/div>\n<div class=\"detail\">C-CENS No. 454 &#8211; Lomas de Zamora<\/div>\n<\/li>\n<li>\n<div class=\"title\"><i class=\"fas fa-bullhorn\"><\/i> Desmemoria y democracia (video)<\/div>\n<div class=\"detail\">EES No. 30 &#8211; Valent\u00edn Alsina<\/div>\n<\/li>\n<li>\n<div class=\"title\"><i class=\"fas fa-bullhorn\"><\/i> Abuso de autoridad (video)<\/div>\n<div class=\"detail\">OOSS Prograna Envion Villa Talleres &#8211; Programa Envi\u00f3n &#8211; Remedios de Escalada de San Mart\u00edn<\/div>\n<\/li>\n<li>\n<div class=\"title\"><i class=\"fas fa-bullhorn\"><\/i> MEMORIA FABRIQUERA (video)<\/div>\n<div class=\"detail\">Escuela Privada Escuela Secundaria Agropecuaria Instituto Agrot\u00e8cnico Padre Castellaro &#8211; Berutti<\/div>\n<\/li>\n<li>\n<div class=\"title\"><i class=\"fas fa-bullhorn\"><\/i> \u00abNUESTRAS VOCES\u00bb (video)<\/div>\n<div class=\"detail\">EES No. 60 &#8211; Mar del Plata<\/div>\n<\/li>\n<\/ul>\n<\/div>\n<div class=\"bloque listing \">\n<div class=\"title\"><span class=\"horaInicio\"> 13:00 hs. <\/span><span class=\"title\"> Almuerzo (COMEDOR) <\/span><\/div>\n<\/div>\n<div class=\"bloque listing bloque-con-presentaciones\">\n<div class=\"title\"><span class=\"horaInicio\"> 14:00 hs. <\/span><span class=\"title\"> Presentaciones (HOTEL 8) <\/span><\/div>\n<ul class=\"presentaciones listing\">\n<li>\n<div class=\"title\"><i class=\"fas fa-bullhorn\"><\/i> Descubriendo nuevas experiencias (mural)<\/div>\n<div class=\"detail\">EES No. 5 &#8211; Lan\u00fas Este<\/div>\n<\/li>\n<li>\n<div class=\"title\"><i class=\"fas fa-bullhorn\"><\/i> Derecho a ser ni\u00f1os (video)<\/div>\n<div class=\"detail\">EES No. 11 &#8211; Trenque Lauquen<\/div>\n<\/li>\n<li>\n<div class=\"title\"><i class=\"fas fa-bullhorn\"><\/i> \u00abCallate y puja\u00bb (audio)<\/div>\n<div class=\"detail\">EES No. 2 &#8211; Pig\u00fc\u00e9<\/div>\n<\/li>\n<li>\n<div class=\"title\"><i class=\"fas fa-bullhorn\"><\/i> Campomar &#8211; ex centro clandestino (video)<\/div>\n<div class=\"detail\">EES No. 33 &#8211; Lanus<\/div>\n<\/li>\n<li>\n<div class=\"title\"><i class=\"fas fa-bullhorn\"><\/i> \u00bfY a nosotros qui\u00e9n nos cuida? (video)<\/div>\n<div class=\"detail\">EES No. 41 &#8211; Turdera<\/div>\n<\/li>\n<li>\n<div class=\"title\"><i class=\"fas fa-bullhorn\"><\/i> Para no olvidar (video)<\/div>\n<div class=\"detail\">ESB No. 18 &#8211; Nicanor Olivera (Est. La Dulce)<\/div>\n<\/li>\n<\/ul>\n<\/div>\n<div class=\"bloque listing bloque-con-presentaciones\">\n<div class=\"title\"><span class=\"horaInicio\"> 16:00 hs. <\/span><span class=\"title\"> Presentaciones (HOTEL 8) <\/span><\/div>\n<ul class=\"presentaciones listing\">\n<li>\n<div class=\"title\"><i class=\"fas fa-bullhorn\"><\/i> Historia de militancia (video)<\/div>\n<div class=\"detail\">C-CENS No. 461 &#8211; Lomas de Zamora<\/div>\n<\/li>\n<li>\n<div class=\"title\"><i class=\"fas fa-bullhorn\"><\/i> Derechos ambientales: trabajo en comunidad (multimedia)<\/div>\n<div class=\"detail\">EES No. 1 &#8211; Miramar<\/div>\n<\/li>\n<li>\n<div class=\"title\"><i class=\"fas fa-bullhorn\"><\/i> La Educaci\u00f3n Como Bandera (audio)<\/div>\n<div class=\"detail\">OOSS Consejo Barrial de J\u00f3venes: La Junta &#8211; Asociaci\u00f3n civil Madre Tierra &#8211; Cuartel V<\/div>\n<\/li>\n<li>\n<div class=\"title\"><i class=\"fas fa-bullhorn\"><\/i> Identidad (video)<\/div>\n<div class=\"detail\">EST No. 2 &#8211; Valent\u00edn Alsina<\/div>\n<\/li>\n<li>\n<div class=\"title\"><i class=\"fas fa-bullhorn\"><\/i> Memoria Activa (video)<\/div>\n<div class=\"detail\">OOSS Club Popular El Dari &#8211; Espacio de Ni\u00f1ez y Adolescencia &#8211; Monte Chingolo<\/div>\n<\/li>\n<li>\n<div class=\"title\"><i class=\"fas fa-bullhorn\"><\/i> mujer, derechos y educacion (video)<\/div>\n<div class=\"detail\">C-CENS No. 464 &#8211; Lomas de Zamora<\/div>\n<\/li>\n<\/ul>\n<\/div>\n<div class=\"bloque listing \">\n<div class=\"title\"><span class=\"horaInicio\"> 18:00 hs. <\/span><span class=\"title\"> Actividades para j\u00f3venes (HOTEL 5) <\/span><\/div>\n<\/div>\n<div class=\"bloque listing \">\n<div class=\"title\"><span class=\"horaInicio\"> 18:00 hs. <\/span><span class=\"title\"> Taller para coordinadores (HOTEL 8) <\/span><\/div>\n<\/div>\n<div class=\"bloque listing \">\n<div class=\"title\"><span class=\"horaInicio\"> 21:00 hs. <\/span><span class=\"title\"> Cena (COMEDOR) <\/span><\/div>\n<\/div>\n<div class=\"bloque listing \">\n<div class=\"title\"><span class=\"horaInicio\"> 22:00 hs. <\/span><span class=\"title\"> Cierre del Encuentro y Fiesta (HOTEL 8) <\/span><\/div>\n<\/div>\n<\/div>\n<div class=\"title\">Dia 4 <i class=\"fas fa-bolt\"><\/i><\/div>\n<div class=\"bloques listing\">\n<div class=\"bloque listing \">\n<div class=\"title\"><span class=\"horaInicio\"> 07:00 hs. <\/span><span class=\"title\"> Desayuno y egreso (COMEDOR) <\/span><\/div>\n<\/div>\n<\/div>\n<\/div>\n<\/div>\n<\/div>\n<\/div>\n<\/div>\n<\/div>\n<p>[\/et_pb_toggle][\/et_pb_column][\/et_pb_row][\/et_pb_section][et_pb_section fb_built=\u00bb1&#8243; module_id=\u00bbtanda4&#8243; _builder_version=\u00bb4.27.2&#8243; _module_preset=\u00bbdefault\u00bb custom_padding=\u00bb0px||0px||false|false\u00bb global_colors_info=\u00bb{}\u00bb][et_pb_row _builder_version=\u00bb4.27.2&#8243; _module_preset=\u00bbdefault\u00bb global_colors_info=\u00bb{}\u00bb][et_pb_column type=\u00bb4_4&#8243; _builder_version=\u00bb4.27.2&#8243; _module_preset=\u00bbdefault\u00bb global_colors_info=\u00bb{}\u00bb][et_pb_toggle title=\u00bbTANDA 4&#8243; open_toggle_background_color=\u00bb#FFFFFF\u00bb closed_toggle_text_color=\u00bb#FFFFFF\u00bb closed_toggle_background_color=\u00bb#E02B20&#8243; icon_color=\u00bb#FFFFFF\u00bb open_icon_color=\u00bb#E02B20&#8243; _builder_version=\u00bb4.27.2&#8243; _module_preset=\u00bbdefault\u00bb title_font=\u00bb|700|||||||\u00bb title_text_align=\u00bbcenter\u00bb title_font_size=\u00bb24px\u00bb closed_title_font=\u00bb|700|||||||\u00bb closed_title_text_align=\u00bbcenter\u00bb closed_title_font_size=\u00bb24px\u00bb border_width_all=\u00bb4px\u00bb border_color_all=\u00bb#E02B20&#8243; global_colors_info=\u00bb{}\u00bb]<\/p>\n<div class=\"tanda\">\n<div class=\"diasTanda listing\">\n<div class=\"tanda\">\n<div class=\"diasTanda listing\">\n<div class=\"tanda\">\n<div class=\"diasTanda listing\">\n<div class=\"title\">\n<div class=\"tanda\">\n<div class=\"diasTanda listing\">\n<div class=\"title\" style=\"text-align: left;\">Dia 1 <i class=\"fas fa-bolt\"><\/i><\/div>\n<div class=\"bloques listing\" style=\"text-align: left;\">\n<div class=\"bloque listing \">\n<div class=\"title\"><span class=\"horaInicio\"> 09:00 hs. <\/span><span class=\"title\"> Acreditaci\u00f3n (Hall hotel) (HOTEL 8) <\/span><\/div>\n<\/div>\n<div class=\"bloque listing \">\n<div class=\"title\"><span class=\"horaInicio\"> 09:00 hs. <\/span><span class=\"title\"> Acreditaci\u00f3n (Hall hotel) (HOTEL 5) <\/span><\/div>\n<\/div>\n<div class=\"bloque listing \">\n<div class=\"title\"><span class=\"horaInicio\"> 13:00 hs. <\/span><span class=\"title\"> Almuerzo (COMEDOR) <\/span><\/div>\n<\/div>\n<div class=\"bloque listing bloque-con-presentaciones\">\n<div class=\"title\"><span class=\"horaInicio\"> 15:00 hs. <\/span><span class=\"title\"> Apertura (Auditorio) (HOTEL 8) <\/span><\/div>\n<ul class=\"presentaciones listing\">\n<li>\n<div class=\"title\"><i class=\"fas fa-bullhorn\"><\/i> La historia de m\u00ed barrio (video)<\/div>\n<div class=\"detail\">OOSS centro comunitario Las Vias &#8211; red de centros comunitarios Monse\u00f1or Enrique Angelelli &#8211; Gobernador Julio A. Costa<\/div>\n<\/li>\n<\/ul>\n<\/div>\n<div class=\"bloque listing \">\n<div class=\"title\"><span class=\"horaInicio\"> 16:00 hs. <\/span><span class=\"title\"> Taller de bienvenida para coordinadores (Auditorio) (HOTEL 8) <\/span><\/div>\n<\/div>\n<div class=\"bloque listing \">\n<div class=\"title\"><span class=\"horaInicio\"> 16:00 hs. <\/span><span class=\"title\"> Taller de bienvenida para j\u00f3venes &#8211; Explanada (Inmediatamente despu\u00e9s de la Apertura) (HOTEL 8) <\/span><\/div>\n<\/div>\n<div class=\"bloque listing bloque-con-presentaciones\">\n<div class=\"title\"><span class=\"horaInicio\"> 18:00 hs. <\/span><span class=\"title\"> Presentaciones (HOTEL 8) <\/span><\/div>\n<ul class=\"presentaciones listing\">\n<li>\n<div class=\"title\"><i class=\"fas fa-bullhorn\"><\/i> Por todas! Por todos, por todes! (video)<\/div>\n<div class=\"detail\">OOSS La Nueva Esperanza &#8211; Centro Comunitario &#8211; Centro Juvenil &#8211; Bosques<\/div>\n<\/li>\n<li>\n<div class=\"title\"><i class=\"fas fa-bullhorn\"><\/i> Feriantes de Ezpeleta, Historias de Vida (video)<\/div>\n<div class=\"detail\">EES No. 43 &#8211; Ezpeleta<\/div>\n<\/li>\n<li>\n<div class=\"title\"><i class=\"fas fa-bullhorn\"><\/i> Derechos humanos y las nuevas realidades (video)<\/div>\n<div class=\"detail\">EES No. 134 &#8211; Gregorio de Laferrere<\/div>\n<\/li>\n<li>\n<div class=\"title\"><i class=\"fas fa-bullhorn\"><\/i> Cierre del Pro Huerta (video)<\/div>\n<div class=\"detail\">C-CEPPT No. 33 &#8211; Ca\u00f1uelas<\/div>\n<\/li>\n<li>\n<div class=\"title\"><i class=\"fas fa-bullhorn\"><\/i> QUEMAR LOS BARCOS (video)<\/div>\n<div class=\"detail\">EES No. 1 &#8211; Pellegrini<\/div>\n<\/li>\n<li>\n<div class=\"title\"><i class=\"fas fa-bullhorn\"><\/i> Defendiendo derechos (video)<\/div>\n<div class=\"detail\">OOSS Centro comunitario la casita de la cava &#8211; Organizaci\u00f3n social &#8211; Bernal Este<\/div>\n<\/li>\n<\/ul>\n<\/div>\n<div class=\"bloque listing \">\n<div class=\"title\"><span class=\"horaInicio\"> 21:00 hs. <\/span><span class=\"title\"> Cena (COMEDOR) <\/span><\/div>\n<\/div>\n<div class=\"bloque listing bloque-con-presentaciones\">\n<div class=\"title\"><span class=\"horaInicio\"> 22:00 hs. <\/span><span class=\"title\"> Presentaciones (HOTEL 8) <\/span><\/div>\n<ul class=\"presentaciones listing\">\n<li>\n<div class=\"title\"><i class=\"fas fa-bullhorn\"><\/i> El futuro es nuestro invento? (video)<\/div>\n<div class=\"detail\">EES No. 10 &#8211; Barrio Obrero<\/div>\n<\/li>\n<li>\n<div class=\"title\"><i class=\"fas fa-bullhorn\"><\/i> Uniendo Fronteras (video)<\/div>\n<div class=\"detail\">OOSS Envion Esperanza en Damian &#8211; Envion &#8211; Virrey del Pino<\/div>\n<\/li>\n<li>\n<div class=\"title\"><i class=\"fas fa-bullhorn\"><\/i> Que la distancia no te lo impida (video)<\/div>\n<div class=\"detail\">EST No. 1 &#8211; Parada Robles<\/div>\n<\/li>\n<li>\n<div class=\"title\"><i class=\"fas fa-bullhorn\"><\/i> De esto si se habla!!! Recreaci\u00f3n para la sal (teatro)<\/div>\n<div class=\"detail\">EES No. 16 &#8211; Gobernador Udaondo<\/div>\n<\/li>\n<li>\n<div class=\"title\"><i class=\"fas fa-bullhorn\"><\/i> Plaza Tob\u00edas (video)<\/div>\n<div class=\"detail\">EES No. 91 &#8211; Virrey del Pino<\/div>\n<\/li>\n<li>\n<div class=\"title\"><i class=\"fas fa-bullhorn\"><\/i> Por favor :salud.gracias (video)<\/div>\n<div class=\"detail\">EES No. 3 &#8211; Adolfo Gonzales Chaves (Est. Chaves)<\/div>\n<\/li>\n<li>\n<div class=\"title\"><i class=\"fas fa-bullhorn\"><\/i> EL HEROE COLECTIVO (video)<\/div>\n<div class=\"detail\">OOSS El Eternauta &#8211; Centro Juvenil &#8211; Virrey del Pino<\/div>\n<\/li>\n<\/ul>\n<\/div>\n<\/div>\n<div class=\"title\" style=\"text-align: left;\">Dia 2 <i class=\"fas fa-bolt\"><\/i><\/div>\n<div class=\"bloques listing\" style=\"text-align: left;\">\n<div class=\"bloque listing bloque-con-presentaciones\">\n<div class=\"title\"><span class=\"horaInicio\"> 09:00 hs. <\/span><span class=\"title\"> Presentaciones (HOTEL 8) <\/span><\/div>\n<ul class=\"presentaciones listing\">\n<li>\n<div class=\"title\"><i class=\"fas fa-bullhorn\"><\/i> Malvinas, la decisi\u00f3n m\u00e1s importa en mi vida (video)<\/div>\n<div class=\"detail\">EES No. 17 &#8211; Ingeniero Juan Allan<\/div>\n<\/li>\n<li>\n<div class=\"title\"><i class=\"fas fa-bullhorn\"><\/i> La educaci\u00f3n p\u00fablica, a diez a\u00f1os de ESET UNQ (video)<\/div>\n<div class=\"detail\">EST No. &#8211; Ezpeleta<\/div>\n<\/li>\n<li>\n<div class=\"title\"><i class=\"fas fa-bullhorn\"><\/i> Trabajo infantil como vulneraci\u00f3n de derechos (video)<\/div>\n<div class=\"detail\">OOSS El Colmenar II Centro de Jovenes Mar\u00eda Eva &#8211; Envi\u00f3n Comunitario &#8211; Gregorio de Laferrere<\/div>\n<\/li>\n<li>\n<div class=\"title\"><i class=\"fas fa-bullhorn\"><\/i> Catacumba (video)<\/div>\n<div class=\"detail\">OOSS Envi\u00f3n Comunitario \u00abMedalla Milagrosa\u00bb de la Fundaci\u00f3n Padre Miguel &#8211; Grupo de Teatro \u00abLes Crokelades\u00bb &#8211; Florencio Varela<\/div>\n<\/li>\n<li>\n<div class=\"title\"><i class=\"fas fa-bullhorn\"><\/i> El pasado es presente (video)<\/div>\n<div class=\"detail\">OOSS Colectivo de a Pie &#8211; Asociaci\u00f3n Civil &#8211; Quilmes Oeste<\/div>\n<\/li>\n<li>\n<div class=\"title\"><i class=\"fas fa-bullhorn\"><\/i> Salud mental \u00bfun derecho? (video)<\/div>\n<div class=\"detail\">EES No. 8 &#8211; Tandil<\/div>\n<\/li>\n<li>\n<div class=\"title\"><i class=\"fas fa-bullhorn\"><\/i> Cr\u00f3nicas De Lxs Pibxs (gr\u00e1fica)<\/div>\n<div class=\"detail\">OOSS Casa Dorrego &#8211; Centro Comunitario &#8211; Gonz\u00e1lez Cat\u00e1n<\/div>\n<\/li>\n<\/ul>\n<\/div>\n<div class=\"bloque listing bloque-con-presentaciones\">\n<div class=\"title\"><span class=\"horaInicio\"> 10:30 hs. <\/span><span class=\"title\"> Presentaciones (HOTEL 8) <\/span><\/div>\n<ul class=\"presentaciones listing\">\n<li>\n<div class=\"title\"><i class=\"fas fa-bullhorn\"><\/i> Trabajo adolescente, derecho a la educaci\u00f3n (video)<\/div>\n<div class=\"detail\">EES No. 19 &#8211; Ingeniero Juan Allan<\/div>\n<\/li>\n<li>\n<div class=\"title\"><i class=\"fas fa-bullhorn\"><\/i> Nada muy alejado de la realidad (video)<\/div>\n<div class=\"detail\">OOSS Calles matanceras &#8211; Organizacion social &#8211; Virrey del Pino<\/div>\n<\/li>\n<li>\n<div class=\"title\"><i class=\"fas fa-bullhorn\"><\/i> El Reglamento (video)<\/div>\n<div class=\"detail\">OOSS Por Nuestros Hijxs &#8211; Centro Comunitario &#8211; Virrey del Pino<\/div>\n<\/li>\n<li>\n<div class=\"title\"><i class=\"fas fa-bullhorn\"><\/i> Abriendo puertas hacia la diversidad (video)<\/div>\n<div class=\"detail\">EES No. 6 &#8211; Bernal Oeste<\/div>\n<\/li>\n<li>\n<div class=\"title\"><i class=\"fas fa-bullhorn\"><\/i> Nuestra Casa (video)<\/div>\n<div class=\"detail\">OOSS Compa\u00f1era Maria Eva &#8211; Centro Cultural &#8211; Gonz\u00e1lez Cat\u00e1n<\/div>\n<\/li>\n<li>\n<div class=\"title\"><i class=\"fas fa-bullhorn\"><\/i> El silencio nos mata dos veces (video)<\/div>\n<div class=\"detail\">EES No. 3 &#8211; Ca\u00f1uelas<\/div>\n<\/li>\n<li>\n<div class=\"title\"><i class=\"fas fa-bullhorn\"><\/i> Memoria historica (video)<\/div>\n<div class=\"detail\">OOSS Centro de participaci\u00f3n popular Monse\u00f1or Enrique Angelelli &#8211; Centro comunitario &#8211; Gobernador Julio A. Costa<\/div>\n<\/li>\n<\/ul>\n<\/div>\n<div class=\"bloque listing \">\n<div class=\"title\"><span class=\"horaInicio\"> 11:00 hs. <\/span><span class=\"title\"> Talleres de producci\u00f3n (Explanada) (HOTEL 5) <\/span><\/div>\n<\/div>\n<div class=\"bloque listing \">\n<div class=\"title\"><span class=\"horaInicio\"> 13:00 hs. <\/span><span class=\"title\"> Almuerzo (COMEDOR) <\/span><\/div>\n<\/div>\n<div class=\"bloque listing bloque-con-presentaciones\">\n<div class=\"title\"><span class=\"horaInicio\"> 14:00 hs. <\/span><span class=\"title\"> Presentaciones (HOTEL 8) <\/span><\/div>\n<ul class=\"presentaciones listing\">\n<li>\n<div class=\"title\"><i class=\"fas fa-bullhorn\"><\/i> Ra\u00edces e Identidades (video)<\/div>\n<div class=\"detail\">ESA No. 1 &#8211; Pellegrini<\/div>\n<\/li>\n<li>\n<div class=\"title\"><i class=\"fas fa-bullhorn\"><\/i> S.O.S Educaci\u00f3n (video)<\/div>\n<div class=\"detail\">EES No. 24 &#8211; Florencio Varela<\/div>\n<\/li>\n<li>\n<div class=\"title\"><i class=\"fas fa-bullhorn\"><\/i> Una historia en Malvinas (video)<\/div>\n<div class=\"detail\">EES No. 3 &#8211; Quenum\u00e1<\/div>\n<\/li>\n<li>\n<div class=\"title\"><i class=\"fas fa-bullhorn\"><\/i> LA MEMORIA DEL PUEBLO (video)<\/div>\n<div class=\"detail\">OOSS SO\u00d1ADORES VERDES &#8211; MURGA &#8211; Virrey del Pino<\/div>\n<\/li>\n<li>\n<div class=\"title\"><i class=\"fas fa-bullhorn\"><\/i> DERECHO A LA EDUCACION (video)<\/div>\n<div class=\"detail\">EES No. 2 &#8211; Tandil<\/div>\n<\/li>\n<li>\n<div class=\"title\"><i class=\"fas fa-bullhorn\"><\/i> Espacio comunitario: Casa de abrigo NS (video)<\/div>\n<div class=\"detail\">OOSS Un Nuevo Sol &#8211; Centro Juvenil &#8211; Gonz\u00e1lez Cat\u00e1n<\/div>\n<\/li>\n<li>\n<div class=\"title\"><i class=\"fas fa-bullhorn\"><\/i> El empleo en las pol\u00edticas de desinversion (video)<\/div>\n<div class=\"detail\">EES No. 63 &#8211; Bosques<\/div>\n<\/li>\n<li>\n<div class=\"title\"><i class=\"fas fa-bullhorn\"><\/i> LO QUE NADIE VE DEL CAMPO (video)<\/div>\n<div class=\"detail\">EES No. 13 &#8211; De la Canal<\/div>\n<\/li>\n<\/ul>\n<\/div>\n<div class=\"bloque listing bloque-con-presentaciones\">\n<div class=\"title\"><span class=\"horaInicio\"> 16:00 hs. <\/span><span class=\"title\"> Presentaciones (HOTEL 8) <\/span><\/div>\n<ul class=\"presentaciones listing\">\n<li>\n<div class=\"title\"><i class=\"fas fa-bullhorn\"><\/i> Episodios de violencia institucioal en Tandil (gr\u00e1fica)<\/div>\n<div class=\"detail\">EES No. 14 &#8211; Tandil<\/div>\n<\/li>\n<li>\n<div class=\"title\"><i class=\"fas fa-bullhorn\"><\/i> La Justina: entre el ayer y el ma\u00f1ana (video)<\/div>\n<div class=\"detail\">OOSS VIEJOS AMIGOS &#8211; CENTRO COMUNITARIO &#8211; Gonz\u00e1lez Cat\u00e1n<\/div>\n<\/li>\n<li>\n<div class=\"title\"><i class=\"fas fa-bullhorn\"><\/i> # Edificio propio ya (video)<\/div>\n<div class=\"detail\">EST No. 3 &#8211; Tandil<\/div>\n<\/li>\n<li>\n<div class=\"title\"><i class=\"fas fa-bullhorn\"><\/i> Visita al pasado (video)<\/div>\n<div class=\"detail\">EES No. 1 &#8211; Los Cardales<\/div>\n<\/li>\n<li>\n<div class=\"title\"><i class=\"fas fa-bullhorn\"><\/i> memoria verdad y justicia (video)<\/div>\n<div class=\"detail\">OOSS envion comunitario cosquillas &#8211; envion comunitario &#8211; Gonz\u00e1lez Cat\u00e1n<\/div>\n<\/li>\n<li>\n<div class=\"title\"><i class=\"fas fa-bullhorn\"><\/i> Inseguridad Vial en el barrio (video)<\/div>\n<div class=\"detail\">EES No. 14 &#8211; Alejandro Peti\u00f3n<\/div>\n<\/li>\n<li>\n<div class=\"title\"><i class=\"fas fa-bullhorn\"><\/i> El arte que te incomoda (m\u00fasica)<\/div>\n<div class=\"detail\">OOSS Envi\u00f3n Podes Nuevos Pasos &#8211; Envi\u00f3n Podes Nuevos Pasos &#8211; Virrey del Pino<\/div>\n<\/li>\n<li>\n<div class=\"title\"><i class=\"fas fa-bullhorn\"><\/i> La Identidad Marr\u00f3n y su legado cultural (teatro)<\/div>\n<div class=\"detail\">EES No. 54 &#8211; Florencio Varela<\/div>\n<\/li>\n<\/ul>\n<\/div>\n<div class=\"bloque listing bloque-con-presentaciones\">\n<div class=\"title\"><span class=\"horaInicio\"> 18:00 hs. <\/span><span class=\"title\"> Presentaciones (HOTEL 8) <\/span><\/div>\n<ul class=\"presentaciones listing\">\n<li>\n<div class=\"title\"><i class=\"fas fa-bullhorn\"><\/i> Profesor de Historia (multimedia)<\/div>\n<div class=\"detail\">EES No. 1 &#8211; M\u00e1ximo Paz<\/div>\n<\/li>\n<li>\n<div class=\"title\"><i class=\"fas fa-bullhorn\"><\/i> JUSTICIA POR NAHUEL (video)<\/div>\n<div class=\"detail\">OOSS CENTRO COMUNITARIO ANGELELLI &#8211; Centro comunitario El apoyo &#8211; Bosques<\/div>\n<\/li>\n<li>\n<div class=\"title\"><i class=\"fas fa-bullhorn\"><\/i> El derecho a comer (video)<\/div>\n<div class=\"detail\">EES No. 9 &#8211; Estanislao Severo Zeballos<\/div>\n<\/li>\n<li>\n<div class=\"title\"><i class=\"fas fa-bullhorn\"><\/i> Calidad educativa, en nuestros tiempos (video)<\/div>\n<div class=\"detail\">OOSS CENTRO EDUCATIVO LOS MOCOSOS &#8211; comunitaria &#8211; Gobernador Julio A. Costa<\/div>\n<\/li>\n<li>\n<div class=\"title\"><i class=\"fas fa-bullhorn\"><\/i> protagonistas en Malvinas desde Maximo Paz (teatro)<\/div>\n<div class=\"detail\">EES No. 11 &#8211; M\u00e1ximo Paz<\/div>\n<\/li>\n<li>\n<div class=\"title\"><i class=\"fas fa-bullhorn\"><\/i> Las voces, los silencios, los gritos (video)<\/div>\n<div class=\"detail\">EES No. 39 &#8211; Florencio Varela<\/div>\n<\/li>\n<\/ul>\n<\/div>\n<div class=\"bloque listing \">\n<div class=\"title\"><span class=\"horaInicio\"> 18:00 hs. <\/span><span class=\"title\"> Actividades para J\u00f3venes (Explanada) (HOTEL 5) <\/span><\/div>\n<\/div>\n<div class=\"bloque listing \">\n<div class=\"title\"><span class=\"horaInicio\"> 21:00 hs. <\/span><span class=\"title\"> Cena (COMEDOR) <\/span><\/div>\n<\/div>\n<div class=\"bloque listing bloque-con-presentaciones\">\n<div class=\"title\"><span class=\"horaInicio\"> 22:00 hs. <\/span><span class=\"title\"> Presentaciones (HOTEL 8) <\/span><\/div>\n<ul class=\"presentaciones listing\">\n<li>\n<div class=\"title\"><i class=\"fas fa-bullhorn\"><\/i> El negacionismo&#8230; \u00bfTambi\u00e9n en la juventud? (video)<\/div>\n<div class=\"detail\">Escuela Privada Escuela de Educaci\u00f3n Secundaria REN\u00c9 FAVALORO &#8211; Villa Arguello<\/div>\n<\/li>\n<li>\n<div class=\"title\"><i class=\"fas fa-bullhorn\"><\/i> Memoria de Virrey del Pino (video)<\/div>\n<div class=\"detail\">OOSS Nestor Kirchner &#8211; Centro Cultural &#8211; Virrey del Pino<\/div>\n<\/li>\n<li>\n<div class=\"title\"><i class=\"fas fa-bullhorn\"><\/i> Adultocentrismo (video)<\/div>\n<div class=\"detail\">OOSS Casita solidaria san jose &#8211; Envion Comunitario &#8211; Virrey del Pino<\/div>\n<\/li>\n<li>\n<div class=\"title\"><i class=\"fas fa-bullhorn\"><\/i> Sombras de la dignidad (teatro)<\/div>\n<div class=\"detail\">EES No. 18 &#8211; Florencio Varela<\/div>\n<\/li>\n<li>\n<div class=\"title\"><i class=\"fas fa-bullhorn\"><\/i> Cada familia es un mundo aparte (teatro)<\/div>\n<div class=\"detail\">EES No. 2 &#8211; Salliquel\u00f3<\/div>\n<\/li>\n<li>\n<div class=\"title\"><i class=\"fas fa-bullhorn\"><\/i> Revoluci\u00f3n con olor a jazm\u00edn (danzas)<\/div>\n<div class=\"detail\">OOSS RODOLFO KUSCH &#8211; BIBLIOTECA &#8211; Virrey del Pino<\/div>\n<\/li>\n<\/ul>\n<\/div>\n<\/div>\n<div class=\"title\" style=\"text-align: left;\">Dia 3 <i class=\"fas fa-bolt\"><\/i><\/div>\n<div class=\"bloques listing\" style=\"text-align: left;\">\n<div class=\"bloque listing bloque-con-presentaciones\">\n<div class=\"title\"><span class=\"horaInicio\"> 09:00 hs. <\/span><span class=\"title\"> Presentaciones (HOTEL 8) <\/span><\/div>\n<ul class=\"presentaciones listing\">\n<li>\n<div class=\"title\"><i class=\"fas fa-bullhorn\"><\/i> pensar la democracia (danzas)<\/div>\n<div class=\"detail\">EES No. 3 &#8211; Ca\u00f1uelas<\/div>\n<\/li>\n<li>\n<div class=\"title\"><i class=\"fas fa-bullhorn\"><\/i> Les adolescentes durante la dictadura (video)<\/div>\n<div class=\"detail\">EES No. 1 &#8211; Tres Lomas<\/div>\n<\/li>\n<li>\n<div class=\"title\"><i class=\"fas fa-bullhorn\"><\/i> CUIDAR CUIDANDONOS (video)<\/div>\n<div class=\"detail\">Escuela Privada CFI &#8211; Centro de Formaci\u00f3n Integral ATAD &#8211; Tandil<\/div>\n<\/li>\n<li>\n<div class=\"title\"><i class=\"fas fa-bullhorn\"><\/i> La nueva York ayer y hoy (video)<\/div>\n<div class=\"detail\">EES No. 6 &#8211; Berisso<\/div>\n<\/li>\n<li>\n<div class=\"title\"><i class=\"fas fa-bullhorn\"><\/i> Las Malvinas son y ser\u00e1n nuestras (video)<\/div>\n<div class=\"detail\">OOSS EL \u00c1RBOL DE LAS COSQUILLAS &#8211; Asociacion civil y centro de fomentoAsociacion civil y centro de fomento el \u00e1rbol de las cosquillas &#8211; Gonz\u00e1lez Cat\u00e1n<\/div>\n<\/li>\n<li>\n<div class=\"title\"><i class=\"fas fa-bullhorn\"><\/i> DECIME C\u00d3MO TE VESTIS Y TE DIGO QUI\u00c9N SOS (video)<\/div>\n<div class=\"detail\">OOSS Envi\u00f3n Capilla &#8211; Programa Envi\u00f3n &#8211; Capilla del Se\u00f1or (Est. Capilla)<\/div>\n<\/li>\n<li>\n<div class=\"title\"><i class=\"fas fa-bullhorn\"><\/i> Memorias Docentes Varelenses (gr\u00e1fica)<\/div>\n<div class=\"detail\">I-ISFD No. 54 &#8211; Estanislao Severo Zeballos<\/div>\n<\/li>\n<\/ul>\n<\/div>\n<div class=\"bloque listing bloque-con-presentaciones\">\n<div class=\"title\"><span class=\"horaInicio\"> 10:30 hs. <\/span><span class=\"title\"> Presentaciones (HOTEL 8) <\/span><\/div>\n<ul class=\"presentaciones listing\">\n<li>\n<div class=\"title\"><i class=\"fas fa-bullhorn\"><\/i> \u201cTejiendo Memorias\u00bb (gr\u00e1fica)<\/div>\n<div class=\"detail\">EES No. 62 &#8211; Bosques<\/div>\n<\/li>\n<li>\n<div class=\"title\"><i class=\"fas fa-bullhorn\"><\/i> Mal No Educados (video)<\/div>\n<div class=\"detail\">ESB No. 6 &#8211; Ca\u00f1uelas<\/div>\n<\/li>\n<li>\n<div class=\"title\"><i class=\"fas fa-bullhorn\"><\/i> \u00abMirada a la salud mental despu\u00e9s del covid\u00bb (video)<\/div>\n<div class=\"detail\">EES No. 13 &#8211; Alejandro Peti\u00f3n<\/div>\n<\/li>\n<li>\n<div class=\"title\"><i class=\"fas fa-bullhorn\"><\/i> El Sacerdote del Pueblo (video)<\/div>\n<div class=\"detail\">Escuela Privada Escuela de Ense\u00f1anza Media Colegio Privado Bernal &#8211; Bernal Este<\/div>\n<\/li>\n<li>\n<div class=\"title\"><i class=\"fas fa-bullhorn\"><\/i> M\u00e1s que un nombre (video)<\/div>\n<div class=\"detail\">EES No. 12 &#8211; Ca\u00f1uelas<\/div>\n<\/li>\n<li>\n<div class=\"title\"><i class=\"fas fa-bullhorn\"><\/i> La electricidad es un derecho humano (mural)<\/div>\n<div class=\"detail\">EES No. 4 &#8211; Berisso<\/div>\n<\/li>\n<li>\n<div class=\"title\"><i class=\"fas fa-bullhorn\"><\/i> Queremos una Salita M\u00e9dica (video)<\/div>\n<div class=\"detail\">EES No. 18 &#8211; Alejandro Peti\u00f3n<\/div>\n<\/li>\n<li>\n<div class=\"title\"><i class=\"fas fa-bullhorn\"><\/i> La inclusi\u00f3n en adultos \u00bfIncluye? (teatro)<\/div>\n<div class=\"detail\">C-CENS No. 451 &#8211; Capilla del Se\u00f1or (Est. Capilla)<\/div>\n<\/li>\n<\/ul>\n<\/div>\n<div class=\"bloque listing \">\n<div class=\"title\"><span class=\"horaInicio\"> 13:00 hs. <\/span><span class=\"title\"> Almuerzo (COMEDOR) <\/span><\/div>\n<\/div>\n<div class=\"bloque listing bloque-con-presentaciones\">\n<div class=\"title\"><span class=\"horaInicio\"> 14:00 hs. <\/span><span class=\"title\"> Presentaciones (HOTEL 8) <\/span><\/div>\n<ul class=\"presentaciones listing\">\n<li>\n<div class=\"title\"><i class=\"fas fa-bullhorn\"><\/i> MURGA PURGA (murga)<\/div>\n<div class=\"detail\">OOSS El Colmenar &#8211; Murga &#8211; Gonz\u00e1lez Cat\u00e1n<\/div>\n<\/li>\n<li>\n<div class=\"title\"><i class=\"fas fa-bullhorn\"><\/i> Defendiendo nuestros derechos (video)<\/div>\n<div class=\"detail\">OOSS centro comunitario una luz de esperanza &#8211; colectivo de a pie &#8211; Quilmes<\/div>\n<\/li>\n<li>\n<div class=\"title\"><i class=\"fas fa-bullhorn\"><\/i> \u00bfQu\u00e9 comemos? (video)<\/div>\n<div class=\"detail\">OOSS ENVI\u00d3N LA SIDRERA &#8211; PROGRAMA ENVI\u00d3N &#8211; Pav\u00f3n<\/div>\n<\/li>\n<li>\n<div class=\"title\"><i class=\"fas fa-bullhorn\"><\/i> Nunca mas (video)<\/div>\n<div class=\"detail\">OOSS Los j\u00f3venes del arbol &#8211; Centro comunitario &#8211; Gonz\u00e1lez Cat\u00e1n<\/div>\n<\/li>\n<li>\n<div class=\"title\"><i class=\"fas fa-bullhorn\"><\/i> aMATE para toda la vida (video)<\/div>\n<div class=\"detail\">OOSS La Flor del Ceibo &#8211; Centro Comunitario &#8211; Gonz\u00e1lez Cat\u00e1n<\/div>\n<\/li>\n<li>\n<div class=\"title\"><i class=\"fas fa-bullhorn\"><\/i> \u00bfVIO?Lencia institucional. Pueblo chico&#8230; (video)<\/div>\n<div class=\"detail\">EES No. &#8211; Adolfo Gonzales Chaves (Est. Chaves)<\/div>\n<\/li>\n<li>\n<div class=\"title\"><i class=\"fas fa-bullhorn\"><\/i> Tierra y techo un derecho&#8230; (video)<\/div>\n<div class=\"detail\">OOSS Esperanza en Damian Envion Comunitario &#8211; Envion Comunitario &#8211; Virrey del Pino<\/div>\n<\/li>\n<\/ul>\n<\/div>\n<div class=\"bloque listing bloque-con-presentaciones\">\n<div class=\"title\"><span class=\"horaInicio\"> 16:00 hs. <\/span><span class=\"title\"> Presentaciones (HOTEL 8) <\/span><\/div>\n<ul class=\"presentaciones listing\">\n<li>\n<div class=\"title\"><i class=\"fas fa-bullhorn\"><\/i> Las sombras del pasado (video)<\/div>\n<div class=\"detail\">OOSS J\u00f3venes unidos Ca\u00f1uelas &#8211; Grupo de investigaci\u00f3n &#8211; Ca\u00f1uelas<\/div>\n<\/li>\n<li>\n<div class=\"title\"><i class=\"fas fa-bullhorn\"><\/i> Malvinas, Mujeres en la historia. (video)<\/div>\n<div class=\"detail\">OOSS Envi\u00f3n Podes Nuevos Pasos &#8211; Barrio Golf &#8211; Envi\u00f3n Podes Nuevos Pasos &#8211; Barrio Golf &#8211; Virrey del Pino<\/div>\n<\/li>\n<li>\n<div class=\"title\"><i class=\"fas fa-bullhorn\"><\/i> Derechos vulnerados hoy en nuestra comunidad (video)<\/div>\n<div class=\"detail\">EES No. 6 &#8211; Florencio Varela<\/div>\n<\/li>\n<li>\n<div class=\"title\"><i class=\"fas fa-bullhorn\"><\/i> Salud mental en los jovenes del medio rural (video)<\/div>\n<div class=\"detail\">C-CEPPT No. 19 &#8211; Juan E. Barra<\/div>\n<\/li>\n<li>\n<div class=\"title\"><i class=\"fas fa-bullhorn\"><\/i> PROFETA EN MI TIERRA (multimedia)<\/div>\n<div class=\"detail\">EES No. 4 &#8211; Adolfo Gonzales Chaves (Est. Chaves)<\/div>\n<\/li>\n<li>\n<div class=\"title\"><i class=\"fas fa-bullhorn\"><\/i> \u00c1mbar (video)<\/div>\n<div class=\"detail\">OOSS Los Desplazados &#8211; Grupo juvenil &#8211; Ca\u00f1uelas<\/div>\n<\/li>\n<\/ul>\n<\/div>\n<div class=\"bloque listing \">\n<div class=\"title\"><span class=\"horaInicio\"> 18:00 hs. <\/span><span class=\"title\"> Actividades para j\u00f3venes (HOTEL 5) <\/span><\/div>\n<\/div>\n<div class=\"bloque listing \">\n<div class=\"title\"><span class=\"horaInicio\"> 18:00 hs. <\/span><span class=\"title\"> Taller para coordinadores (HOTEL 8) <\/span><\/div>\n<\/div>\n<div class=\"bloque listing \">\n<div class=\"title\"><span class=\"horaInicio\"> 21:00 hs. <\/span><span class=\"title\"> Cena (COMEDOR) <\/span><\/div>\n<\/div>\n<div class=\"bloque listing \">\n<div class=\"title\"><span class=\"horaInicio\"> 22:00 hs. <\/span><span class=\"title\"> Cierre del Encuentro y Fiesta (HOTEL 8) <\/span><\/div>\n<\/div>\n<\/div>\n<div class=\"title\" style=\"text-align: left;\">Dia 4 <i class=\"fas fa-bolt\"><\/i><\/div>\n<div class=\"bloques listing\">\n<div class=\"bloque listing \">\n<div class=\"title\" style=\"text-align: left;\"><span class=\"horaInicio\"> 07:00 hs. <\/span><span class=\"title\"> Desayuno y egreso (COMEDOR) <\/span><\/div>\n<\/div>\n<\/div>\n<\/div>\n<\/div>\n<\/div>\n<\/div>\n<\/div>\n<\/div>\n<\/div>\n<\/div>\n<\/div>\n<p>[\/et_pb_toggle][\/et_pb_column][\/et_pb_row][\/et_pb_section][et_pb_section fb_built=\u00bb1&#8243; module_id=\u00bbtanda5&#8243; _builder_version=\u00bb4.27.2&#8243; _module_preset=\u00bbdefault\u00bb custom_padding=\u00bb0px||0px||false|false\u00bb global_colors_info=\u00bb{}\u00bb][et_pb_row _builder_version=\u00bb4.27.2&#8243; _module_preset=\u00bbdefault\u00bb global_colors_info=\u00bb{}\u00bb][et_pb_column type=\u00bb4_4&#8243; _builder_version=\u00bb4.27.2&#8243; _module_preset=\u00bbdefault\u00bb global_colors_info=\u00bb{}\u00bb][et_pb_toggle title=\u00bbTANDA 5&#8243; open_toggle_background_color=\u00bb#FFFFFF\u00bb closed_toggle_text_color=\u00bb#FFFFFF\u00bb closed_toggle_background_color=\u00bb#E02B20&#8243; icon_color=\u00bb#FFFFFF\u00bb open_icon_color=\u00bb#E02B20&#8243; _builder_version=\u00bb4.27.2&#8243; _module_preset=\u00bbdefault\u00bb title_font=\u00bb|700|||||||\u00bb title_text_align=\u00bbcenter\u00bb title_font_size=\u00bb24px\u00bb closed_title_font=\u00bb|700|||||||\u00bb closed_title_text_align=\u00bbcenter\u00bb closed_title_font_size=\u00bb24px\u00bb border_width_all=\u00bb4px\u00bb border_color_all=\u00bb#E02B20&#8243; global_colors_info=\u00bb{}\u00bb]<\/p>\n<div class=\"tanda\">\n<div class=\"diasTanda listing\">\n<div class=\"tanda\">\n<div class=\"diasTanda listing\">\n<div class=\"tanda\">\n<div class=\"diasTanda listing\">\n<div class=\"tanda\">\n<div class=\"tanda-head\">\n<div class=\"duration\"><\/div>\n<\/div>\n<div class=\"diasTanda listing\">\n<div class=\"title\">Dia 1 <i class=\"fas fa-bolt\"><\/i><\/div>\n<div class=\"bloques listing\">\n<div class=\"bloque listing \">\n<div class=\"title\"><span class=\"horaInicio\"> 09:00 hs. <\/span><span class=\"title\"> Acreditaci\u00f3n (Hall hotel) (HOTEL 5) <\/span><\/div>\n<\/div>\n<div class=\"bloque listing \">\n<div class=\"title\"><span class=\"horaInicio\"> 09:00 hs. <\/span><span class=\"title\"> Acreditaci\u00f3n (Hall hotel) (HOTEL 8) <\/span><\/div>\n<\/div>\n<div class=\"bloque listing \">\n<div class=\"title\"><span class=\"horaInicio\"> 13:00 hs. <\/span><span class=\"title\"> Almuerzo (COMEDOR) <\/span><\/div>\n<\/div>\n<div class=\"bloque listing \">\n<div class=\"title\"><span class=\"horaInicio\"> 15:00 hs. <\/span><span class=\"title\"> Apertura (Auditorio) (HOTEL 8) <\/span><\/div>\n<\/div>\n<div class=\"bloque listing \">\n<div class=\"title\"><span class=\"horaInicio\"> 16:00 hs. <\/span><span class=\"title\"> Taller de bienvenida para j\u00f3venes (Inmediatamente despues de la Apertura- Explanada) (HOTEL 8) <\/span><\/div>\n<\/div>\n<div class=\"bloque listing \">\n<div class=\"title\"><span class=\"horaInicio\"> 16:00 hs. <\/span><span class=\"title\"> Taller de bienvenida para coordinadores (Auditorio) (HOTEL 8) <\/span><\/div>\n<\/div>\n<div class=\"bloque listing \">\n<div class=\"title\"><span class=\"horaInicio\"> 21:00 hs. <\/span><span class=\"title\"> Cena (COMEDOR) <\/span><\/div>\n<\/div>\n<div class=\"bloque listing bloque-con-presentaciones\">\n<div class=\"title\"><span class=\"horaInicio\"> 22:00 hs. <\/span><span class=\"title\"> Presentaciones (HOTEL 8) <\/span><\/div>\n<ul class=\"presentaciones listing\">\n<li>\n<div class=\"title\"><i class=\"fas fa-bullhorn\"><\/i> Conociendo a un Loberense (video)<\/div>\n<div class=\"detail\">EST No. 1 &#8211; Lober\u00eda<\/div>\n<\/li>\n<li>\n<div class=\"title\"><i class=\"fas fa-bullhorn\"><\/i> El desafio de la revinculaci\u00f3n (video)<\/div>\n<div class=\"detail\">OOSS Juventudes en Movimiento &#8211; Peronismo en Marcha &#8211; Mariano Acosta<\/div>\n<\/li>\n<li>\n<div class=\"title\"><i class=\"fas fa-bullhorn\"><\/i> La masacre del grupo PROA en Marcos Paz (video)<\/div>\n<div class=\"detail\">EST No. 1 &#8211; Marcos Paz<\/div>\n<\/li>\n<li>\n<div class=\"title\"><i class=\"fas fa-bullhorn\"><\/i> Problem\u00e1tica Lechera (video)<\/div>\n<div class=\"detail\">ESA No. 1 &#8211; Fort\u00edn Olavarr\u00eda<\/div>\n<\/li>\n<li>\n<div class=\"title\"><i class=\"fas fa-bullhorn\"><\/i> Sembrando Memoria Local (video)<\/div>\n<div class=\"detail\">EES No. 5 &#8211; Parque San Mart\u00edn<\/div>\n<\/li>\n<\/ul>\n<\/div>\n<\/div>\n<div class=\"title\">Dia 2 <i class=\"fas fa-bolt\"><\/i><\/div>\n<div class=\"bloques listing\">\n<div class=\"bloque listing bloque-con-presentaciones\">\n<div class=\"title\"><span class=\"horaInicio\"> 09:00 hs. <\/span><span class=\"title\"> Presentaciones (HOTEL 8) <\/span><\/div>\n<ul class=\"presentaciones listing\">\n<li>\n<div class=\"title\"><i class=\"fas fa-bullhorn\"><\/i> Memorias silenciadas. Desaparecidxs detras de (video)<\/div>\n<div class=\"detail\">EES No. 1 &#8211; La Plata<\/div>\n<\/li>\n<li>\n<div class=\"title\"><i class=\"fas fa-bullhorn\"><\/i> La Dictadura hoy (video)<\/div>\n<div class=\"detail\">OOSS Raices &#8211; Centro Socioeducativo y Comunitario &#8211; General Rodr\u00edguez<\/div>\n<\/li>\n<li>\n<div class=\"title\"><i class=\"fas fa-bullhorn\"><\/i> Las historias que quedan por contar (video)<\/div>\n<div class=\"detail\">OOSS Casita de les Pibes de Arturo Segu\u00ed &#8211; Envi\u00f3n Comunitario &#8211; Arturo Segu\u00ed<\/div>\n<\/li>\n<li>\n<div class=\"title\"><i class=\"fas fa-bullhorn\"><\/i> La 18 anda diciendo (video)<\/div>\n<div class=\"detail\">EES No. 18 &#8211; General Rodr\u00edguez<\/div>\n<\/li>\n<li>\n<div class=\"title\"><i class=\"fas fa-bullhorn\"><\/i> \u00abEl rio anda enojado \u00bb (video)<\/div>\n<div class=\"detail\">CEC No. 803 &#8211; Ensenada<\/div>\n<\/li>\n<li>\n<div class=\"title\"><i class=\"fas fa-bullhorn\"><\/i> Clubes de Barrio y su aporte a la inclusion (video)<\/div>\n<div class=\"detail\">EES No. 11 &#8211; Tolosa<\/div>\n<\/li>\n<\/ul>\n<\/div>\n<div class=\"bloque listing bloque-con-presentaciones\">\n<div class=\"title\"><span class=\"horaInicio\"> 10:30 hs. <\/span><span class=\"title\"> Presentaciones (HOTEL 8) <\/span><\/div>\n<ul class=\"presentaciones listing\">\n<li>\n<div class=\"title\"><i class=\"fas fa-bullhorn\"><\/i> Nuestra identidad, nuestro barrio (radio)<\/div>\n<div class=\"detail\">OOSS Cuidadores de la Casa Com\u00fan &#8211; La Casita de Les Pibes Centro Socio Educativo y Socio Comunitario (CSC) de Arturo Segu\u00ed &#8211; Arturo Segu\u00ed<\/div>\n<\/li>\n<li>\n<div class=\"title\"><i class=\"fas fa-bullhorn\"><\/i> \u00abEvita, guardada por su pueblo\u00bb (video)<\/div>\n<div class=\"detail\">EES No. 1 &#8211; Lincoln<\/div>\n<\/li>\n<li>\n<div class=\"title\"><i class=\"fas fa-bullhorn\"><\/i> La Cultura hace Memoria (video)<\/div>\n<div class=\"detail\">EES No. 47 &#8211; Benavidez<\/div>\n<\/li>\n<li>\n<div class=\"title\"><i class=\"fas fa-bullhorn\"><\/i> La evoluci\u00f3n educativa (multimedia)<\/div>\n<div class=\"detail\">EES No. 2 &#8211; Daireaux<\/div>\n<\/li>\n<li>\n<div class=\"title\"><i class=\"fas fa-bullhorn\"><\/i> \u00abLos Remolinos\u00bb una pibada organizada (video)<\/div>\n<div class=\"detail\">OOSS Los Remolinos &#8211; Murga barrial &#8211; Ensenada<\/div>\n<\/li>\n<\/ul>\n<\/div>\n<div class=\"bloque listing \">\n<div class=\"title\"><span class=\"horaInicio\"> 11:00 hs. <\/span><span class=\"title\"> Talleres de producci\u00f3n (Explanada) (HOTEL 5) <\/span><\/div>\n<\/div>\n<div class=\"bloque listing \">\n<div class=\"title\"><span class=\"horaInicio\"> 13:00 hs. <\/span><span class=\"title\"> Almuerzo (COMEDOR) <\/span><\/div>\n<\/div>\n<div class=\"bloque listing bloque-con-presentaciones\">\n<div class=\"title\"><span class=\"horaInicio\"> 14:00 hs. <\/span><span class=\"title\"> Presentaciones (HOTEL 8) <\/span><\/div>\n<ul class=\"presentaciones listing\">\n<li>\n<div class=\"title\"><i class=\"fas fa-bullhorn\"><\/i> Memorias de excombatientes (radio)<\/div>\n<div class=\"detail\">OOSS cuervo tolosa &#8211; centro de estudiantes &#8211; Jos\u00e9 Melchor Romero<\/div>\n<\/li>\n<li>\n<div class=\"title\"><i class=\"fas fa-bullhorn\"><\/i> Adolescencias en la Media 2 durante los &#8217;80 (video)<\/div>\n<div class=\"detail\">EEM No. 2 &#8211; General Pacheco<\/div>\n<\/li>\n<li>\n<div class=\"title\"><i class=\"fas fa-bullhorn\"><\/i> El recuerdo del ferrocarril (video)<\/div>\n<div class=\"detail\">EES No. 3 &#8211; San Manuel<\/div>\n<\/li>\n<li>\n<div class=\"title\"><i class=\"fas fa-bullhorn\"><\/i> Pedro Horacio Vojkovic presente (gr\u00e1fica)<\/div>\n<div class=\"detail\">OOSS Envion Gorina, la casita de colores &#8211; Centro sociocomunitario &#8211; Joaqu\u00edn Gorina<\/div>\n<\/li>\n<li>\n<div class=\"title\"><i class=\"fas fa-bullhorn\"><\/i> Mujeres en la Agro? (video)<\/div>\n<div class=\"detail\">ESA No. 1 &#8211; Lincoln<\/div>\n<\/li>\n<li>\n<div class=\"title\"><i class=\"fas fa-bullhorn\"><\/i> Benavidez con memoria (multimedia)<\/div>\n<div class=\"detail\">EES No. 21 &#8211; Benavidez<\/div>\n<\/li>\n<li>\n<div class=\"title\"><i class=\"fas fa-bullhorn\"><\/i> \u00bfQu\u00e9 es la Agroecolog\u00eda? (video)<\/div>\n<div class=\"detail\">EES No. 91 &#8211; Lisandro Olmos &#8211; C\u00e1rcel de Olmos<\/div>\n<\/li>\n<\/ul>\n<\/div>\n<div class=\"bloque listing bloque-con-presentaciones\">\n<div class=\"title\"><span class=\"horaInicio\"> 16:00 hs. <\/span><span class=\"title\"> Presentaciones (HOTEL 8) <\/span><\/div>\n<ul class=\"presentaciones listing\">\n<li>\n<div class=\"title\"><i class=\"fas fa-bullhorn\"><\/i> Todos Kape (video)<\/div>\n<div class=\"detail\">OOSS Centro Comunitario Rayito de Sol &#8211; Taller de j\u00f3venes &#8211; Jos\u00e9 Melchor Romero<\/div>\n<\/li>\n<li>\n<div class=\"title\"><i class=\"fas fa-bullhorn\"><\/i> Cuidemos el ambiente no hay un planeta B (video)<\/div>\n<div class=\"detail\">EEM No. 6 &#8211; Fort\u00edn Olavarr\u00eda<\/div>\n<\/li>\n<li>\n<div class=\"title\"><i class=\"fas fa-bullhorn\"><\/i> Centros clandestinos (video)<\/div>\n<div class=\"detail\">OOSS Comedor popular Delia de Freitas &#8211; Comedor &#8211; Los Troncos del Talar<\/div>\n<\/li>\n<li>\n<div class=\"title\"><i class=\"fas fa-bullhorn\"><\/i> OFA, rol de la mujer y trabajo en la f\u00e1brica (video)<\/div>\n<div class=\"detail\">EST No. 2 &#8211; Villa Elisa<\/div>\n<\/li>\n<li>\n<div class=\"title\"><i class=\"fas fa-bullhorn\"><\/i> No me escondas (video)<\/div>\n<div class=\"detail\">Escuela Privada Escuela de Educaci\u00f3n Secundaria INSTITUTO MARIANO MORENO &#8211; Rivera<\/div>\n<\/li>\n<li>\n<div class=\"title\"><i class=\"fas fa-bullhorn\"><\/i> Basurales, el derecho a un ambiente sano (video)<\/div>\n<div class=\"detail\">EES No. 4 &#8211; Sansinena<\/div>\n<\/li>\n<li>\n<div class=\"title\"><i class=\"fas fa-bullhorn\"><\/i> El camino negro (video)<\/div>\n<div class=\"detail\">EES No. 88 &#8211; Villa Elisa<\/div>\n<\/li>\n<\/ul>\n<\/div>\n<div class=\"bloque listing bloque-con-presentaciones\">\n<div class=\"title\"><span class=\"horaInicio\"> 18:00 hs. <\/span><span class=\"title\"> Presentaciones (HOTEL 8) <\/span><\/div>\n<ul class=\"presentaciones listing\">\n<li>\n<div class=\"title\"><i class=\"fas fa-bullhorn\"><\/i> As\u00ed somos (gr\u00e1fica)<\/div>\n<div class=\"detail\">OOSS Aldea j\u00f3venes para la paz &#8211; Servicio paz y justicia &#8211; General Rodr\u00edguez<\/div>\n<\/li>\n<li>\n<div class=\"title\"><i class=\"fas fa-bullhorn\"><\/i> Vuelve RenovAr (gr\u00e1fica)<\/div>\n<div class=\"detail\">EST No. 1 &#8211; Lincoln<\/div>\n<\/li>\n<li>\n<div class=\"title\"><i class=\"fas fa-bullhorn\"><\/i> Nuestra memoria sin fronteras (video)<\/div>\n<div class=\"detail\">OOSS Centro Educativo Comunitario Marista Hermano Isla &#8211; Centro Educativo Comunitario &#8211; Jos\u00e9 Hern\u00e1ndez<\/div>\n<\/li>\n<li>\n<div class=\"title\"><i class=\"fas fa-bullhorn\"><\/i> 21+ (multimedia)<\/div>\n<div class=\"detail\">EES No. 2 &#8211; Arenaza<\/div>\n<\/li>\n<li>\n<div class=\"title\"><i class=\"fas fa-bullhorn\"><\/i> Caminando derechos (gr\u00e1fica)<\/div>\n<div class=\"detail\">EES No. 5 &#8211; Arboledas<\/div>\n<\/li>\n<li>\n<div class=\"title\"><i class=\"fas fa-bullhorn\"><\/i> La Desmalvinizacion en Tolosa (video)<\/div>\n<div class=\"detail\">EES No. 5 &#8211; Tolosa<\/div>\n<\/li>\n<li>\n<div class=\"title\"><i class=\"fas fa-bullhorn\"><\/i> Alimentaci\u00f3n libre de agrot\u00f3xicos (video)<\/div>\n<div class=\"detail\">OOSS Comunidad Mapuche &#8211; Comunidad Mapuche &#8211; Lincoln<\/div>\n<\/li>\n<\/ul>\n<\/div>\n<div class=\"bloque listing \">\n<div class=\"title\"><span class=\"horaInicio\"> 18:00 hs. <\/span><span class=\"title\"> Actividades para J\u00f3venes (Explanada) (HOTEL 5) <\/span><\/div>\n<\/div>\n<div class=\"bloque listing \">\n<div class=\"title\"><span class=\"horaInicio\"> 21:00 hs. <\/span><span class=\"title\"> Cena (COMEDOR) <\/span><\/div>\n<\/div>\n<div class=\"bloque listing bloque-con-presentaciones\">\n<div class=\"title\"><span class=\"horaInicio\"> 22:00 hs. <\/span><span class=\"title\"> Presentaciones (HOTEL 8) <\/span><\/div>\n<ul class=\"presentaciones listing\">\n<li>\n<div class=\"title\"><i class=\"fas fa-bullhorn\"><\/i> Desconectadxs (video)<\/div>\n<div class=\"detail\">OOSS Centro socioeducativo y comunitario Los Aromos &#8211; Centro socioeducativo y comunitario &#8211; General Rodr\u00edguez<\/div>\n<\/li>\n<li>\n<div class=\"title\"><i class=\"fas fa-bullhorn\"><\/i> No al gatillo facil (video)<\/div>\n<div class=\"detail\">OOSS Centro cultural de lxs trabajadores &#8211; CCT &#8211; Los Troncos del Talar<\/div>\n<\/li>\n<li>\n<div class=\"title\"><i class=\"fas fa-bullhorn\"><\/i> La vida de Olga (teatro)<\/div>\n<div class=\"detail\">EES No. 2 &#8211; Marcos Paz<\/div>\n<\/li>\n<li>\n<div class=\"title\"><i class=\"fas fa-bullhorn\"><\/i> Memorias de la Guerra (teatro)<\/div>\n<div class=\"detail\">EES No. 12 &#8211; Islas<\/div>\n<\/li>\n<li>\n<div class=\"title\"><i class=\"fas fa-bullhorn\"><\/i> Identidad de mi barrio (video)<\/div>\n<div class=\"detail\">CEC No. &#8211; General Rodr\u00edguez<\/div>\n<\/li>\n<\/ul>\n<\/div>\n<\/div>\n<div class=\"title\">Dia 3 <i class=\"fas fa-bolt\"><\/i><\/div>\n<div class=\"bloques listing\">\n<div class=\"bloque listing bloque-con-presentaciones\">\n<div class=\"title\"><span class=\"horaInicio\"> 09:00 hs. <\/span><span class=\"title\"> Presentaciones (HOTEL 8) <\/span><\/div>\n<ul class=\"presentaciones listing\">\n<li>\n<div class=\"title\"><i class=\"fas fa-bullhorn\"><\/i> Basurales a cielo abierto y Cooperativa (multimedia)<\/div>\n<div class=\"detail\">C-CENS No. 451 &#8211; Lincoln<\/div>\n<\/li>\n<li>\n<div class=\"title\"><i class=\"fas fa-bullhorn\"><\/i> Jun\u00edn del Recuerdo (multimedia)<\/div>\n<div class=\"detail\">OOSS Envi\u00f3n Jun\u00edn &#8211; Programa Provincial Juvenil &#8211; Jun\u00edn<\/div>\n<\/li>\n<li>\n<div class=\"title\"><i class=\"fas fa-bullhorn\"><\/i> La educaci\u00f3n como bandera (video)<\/div>\n<div class=\"detail\">OOSS Estudiantes en Marcha &#8211; Parque San Mart\u00edn &#8211; Organizaci\u00f3n estudiantil &#8211; Parque San Mart\u00edn<\/div>\n<\/li>\n<li>\n<div class=\"title\"><i class=\"fas fa-bullhorn\"><\/i> La vida cotidiana en Democracia (video)<\/div>\n<div class=\"detail\">ESB No. 45 &#8211; La Plata<\/div>\n<\/li>\n<li>\n<div class=\"title\"><i class=\"fas fa-bullhorn\"><\/i> Derechos humanos (video)<\/div>\n<div class=\"detail\">OOSS Centro Socioeducativo y Comunitario Marab\u00f3 &#8211; Centro Socioeducativo y Comunitario &#8211; General Rodr\u00edguez<\/div>\n<\/li>\n<li>\n<div class=\"title\"><i class=\"fas fa-bullhorn\"><\/i> Construyamos memoria (radio)<\/div>\n<div class=\"detail\">Escuela de Educaci\u00f3n Secundaria N\u00b0 14 MIMI TARDIVO &#8211; General Rodr\u00edguez<\/div>\n<\/li>\n<\/ul>\n<\/div>\n<div class=\"bloque listing bloque-con-presentaciones\">\n<div class=\"title\"><span class=\"horaInicio\"> 10:30 hs. <\/span><span class=\"title\"> Presentaciones (HOTEL 8) <\/span><\/div>\n<ul class=\"presentaciones listing\">\n<li>\n<div class=\"title\"><i class=\"fas fa-bullhorn\"><\/i> Conquistas Logradas .(Secundaria de adultos) (video)<\/div>\n<div class=\"detail\">C-CENS No. 457 &#8211; El Talar<\/div>\n<\/li>\n<li>\n<div class=\"title\"><i class=\"fas fa-bullhorn\"><\/i> Futboleras (video)<\/div>\n<div class=\"detail\">OOSS La casita de los chicos de gorina &#8211; Centro socioeducativo &#8211; Joaqu\u00edn Gorina<\/div>\n<\/li>\n<li>\n<div class=\"title\"><i class=\"fas fa-bullhorn\"><\/i> Malvinas en Am\u00e9rica, partido de Rivadavia (video)<\/div>\n<div class=\"detail\">EES No. 1 &#8211; Am\u00e9rica<\/div>\n<\/li>\n<li>\n<div class=\"title\"><i class=\"fas fa-bullhorn\"><\/i> Biograf\u00eda Carolina Al\u00f3 (mural)<\/div>\n<div class=\"detail\">EEM No. 15 &#8211; General Pacheco<\/div>\n<\/li>\n<li>\n<div class=\"title\"><i class=\"fas fa-bullhorn\"><\/i> Lxs pibes pueden trabajar y estudiar? (video)<\/div>\n<div class=\"detail\">EES No. 92 &#8211; Tolosa<\/div>\n<\/li>\n<li>\n<div class=\"title\"><i class=\"fas fa-bullhorn\"><\/i> Maternidades clandestinas en La Cacha (gr\u00e1fica)<\/div>\n<div class=\"detail\">OOSS UNLP &#8211; Grupo Juvenil &#8211; Lisandro Olmos &#8211; C\u00e1rcel de Olmos<\/div>\n<\/li>\n<li>\n<div class=\"title\"><i class=\"fas fa-bullhorn\"><\/i> En la calle (video)<\/div>\n<div class=\"detail\">CAJ &#8211; CAI &#8211; Patios Abiertos N\u00b0 120 Herminia Brumana &#8211; La Plata<\/div>\n<\/li>\n<\/ul>\n<\/div>\n<div class=\"bloque listing \">\n<div class=\"title\"><span class=\"horaInicio\"> 13:00 hs. <\/span><span class=\"title\"> Almuerzo (COMEDOR) <\/span><\/div>\n<\/div>\n<div class=\"bloque listing bloque-con-presentaciones\">\n<div class=\"title\"><span class=\"horaInicio\"> 14:00 hs. <\/span><span class=\"title\"> Presentaciones (HOTEL 8) <\/span><\/div>\n<ul class=\"presentaciones listing\">\n<li>\n<div class=\"title\"><i class=\"fas fa-bullhorn\"><\/i> Reconstrucci\u00f3n de la memoria del barrio (video)<\/div>\n<div class=\"detail\">EES No. 17 &#8211; Ricardo Rojas<\/div>\n<\/li>\n<li>\n<div class=\"title\"><i class=\"fas fa-bullhorn\"><\/i> Identidades trans en el puenlo (video)<\/div>\n<div class=\"detail\">EES No. 6 &#8211; Daireaux<\/div>\n<\/li>\n<li>\n<div class=\"title\"><i class=\"fas fa-bullhorn\"><\/i> La Salud como un Derecho (video)<\/div>\n<div class=\"detail\">EES No. 3771 &#8211; Barrio El Carmen (Oeste)<\/div>\n<\/li>\n<li>\n<div class=\"title\"><i class=\"fas fa-bullhorn\"><\/i> Impacto de la ESI en la escuela y la sociedad (video)<\/div>\n<div class=\"detail\">EES No. 53 &#8211; Mariano Acosta<\/div>\n<\/li>\n<li>\n<div class=\"title\"><i class=\"fas fa-bullhorn\"><\/i> Ra\u00edces (multimedia)<\/div>\n<div class=\"detail\">OOSS Ra\u00edces &#8211; Organizaci\u00f3n Barrial &#8211; General Pacheco<\/div>\n<\/li>\n<li>\n<div class=\"title\"><i class=\"fas fa-bullhorn\"><\/i> \u00abBuscando Identidades\u00bb (video)<\/div>\n<div class=\"detail\">OOSS Centro Socioeducativo y Comunitario Santa Catalina &#8211; Movimiento Evita Merlo &#8211; Parque San Mart\u00edn<\/div>\n<\/li>\n<\/ul>\n<\/div>\n<div class=\"bloque listing bloque-con-presentaciones\">\n<div class=\"title\"><span class=\"horaInicio\"> 16:00 hs. <\/span><span class=\"title\"> Presentaciones (HOTEL 8) <\/span><\/div>\n<ul class=\"presentaciones listing\">\n<li>\n<div class=\"title\"><i class=\"fas fa-bullhorn\"><\/i> Nuestro medio ambiente (video)<\/div>\n<div class=\"detail\">OOSS Centro Juvenil Lxs del Fondo &#8211; Centro Juvenil &#8211; General Pacheco<\/div>\n<\/li>\n<li>\n<div class=\"title\"><i class=\"fas fa-bullhorn\"><\/i> La historia de \u00abEl sue\u00f1o\u00bb (video)<\/div>\n<div class=\"detail\">OOSS Centro Educativo Comunitario Hermano Miguel Angel Isla &#8211; Centro Educativo Comunitario (CEC) &#8211; Jos\u00e9 Hern\u00e1ndez<\/div>\n<\/li>\n<li>\n<div class=\"title\"><i class=\"fas fa-bullhorn\"><\/i> La falta del ferrocarril y sus consecuencias (audio)<\/div>\n<div class=\"detail\">EES No. 6 &#8211; Bayauca<\/div>\n<\/li>\n<li>\n<div class=\"title\"><i class=\"fas fa-bullhorn\"><\/i> NO QUEREMOS OLVIDAR (mural)<\/div>\n<div class=\"detail\">EST No. 1 &#8211; Am\u00e9rica<\/div>\n<\/li>\n<li>\n<div class=\"title\"><i class=\"fas fa-bullhorn\"><\/i> Discursos de odio y resistencias (video)<\/div>\n<div class=\"detail\">EES No. &#8211; La Plata<\/div>\n<\/li>\n<\/ul>\n<\/div>\n<div class=\"bloque listing \">\n<div class=\"title\"><span class=\"horaInicio\"> 18:00 hs. <\/span><span class=\"title\"> Actividades para j\u00f3venes (HOTEL 5) <\/span><\/div>\n<\/div>\n<div class=\"bloque listing \">\n<div class=\"title\"><span class=\"horaInicio\"> 18:00 hs. <\/span><span class=\"title\"> Taller para coordinadores (HOTEL 8) <\/span><\/div>\n<\/div>\n<div class=\"bloque listing \">\n<div class=\"title\"><span class=\"horaInicio\"> 21:00 hs. <\/span><span class=\"title\"> Cena (COMEDOR) <\/span><\/div>\n<\/div>\n<div class=\"bloque listing \">\n<div class=\"title\"><span class=\"horaInicio\"> 22:00 hs. <\/span><span class=\"title\"> Cierre del Encuentro y Fiesta (HOTEL 8) <\/span><\/div>\n<\/div>\n<\/div>\n<div class=\"title\">Dia 4 <i class=\"fas fa-bolt\"><\/i><\/div>\n<div class=\"bloques listing\">\n<div class=\"bloque listing \">\n<div class=\"title\"><span class=\"horaInicio\"> 07:00 hs. <\/span><span class=\"title\"> Desayuno y egreso (COMEDOR) <\/span><\/div>\n<\/div>\n<\/div>\n<\/div>\n<\/div>\n<\/div>\n<\/div>\n<\/div>\n<\/div>\n<\/div>\n<\/div>\n<p>[\/et_pb_toggle][\/et_pb_column][\/et_pb_row][\/et_pb_section][et_pb_section fb_built=\u00bb1&#8243; module_id=\u00bbtanda6&#8243; _builder_version=\u00bb4.27.3&#8243; _module_preset=\u00bbdefault\u00bb custom_padding=\u00bb0px||0px||false|false\u00bb global_colors_info=\u00bb{}\u00bb][et_pb_row _builder_version=\u00bb4.27.2&#8243; _module_preset=\u00bbdefault\u00bb global_colors_info=\u00bb{}\u00bb][et_pb_column type=\u00bb4_4&#8243; _builder_version=\u00bb4.27.2&#8243; _module_preset=\u00bbdefault\u00bb global_colors_info=\u00bb{}\u00bb][et_pb_toggle title=\u00bbTANDA 6&#8243; open_toggle_background_color=\u00bb#FFFFFF\u00bb closed_toggle_text_color=\u00bb#FFFFFF\u00bb closed_toggle_background_color=\u00bb#E02B20&#8243; icon_color=\u00bb#FFFFFF\u00bb open_icon_color=\u00bb#E02B20&#8243; _builder_version=\u00bb4.27.3&#8243; _module_preset=\u00bbdefault\u00bb title_font=\u00bb|700|||||||\u00bb title_text_align=\u00bbcenter\u00bb title_font_size=\u00bb24px\u00bb closed_title_font=\u00bb|700|||||||\u00bb closed_title_text_align=\u00bbcenter\u00bb closed_title_font_size=\u00bb24px\u00bb border_width_all=\u00bb4px\u00bb border_color_all=\u00bb#E02B20&#8243; global_colors_info=\u00bb{}\u00bb]<\/p>\n<div class=\"tanda\">\n<div class=\"diasTanda listing\">\n<div class=\"tanda\">\n<div class=\"diasTanda listing\">\n<div class=\"tanda\">\n<div class=\"diasTanda listing\">\n<div class=\"tanda\">\n<div class=\"title\">\n<div class=\"tanda\">\n<div class=\"diasTanda listing\">\n<div class=\"title\" style=\"text-align: left;\">Dia 1 <i class=\"fas fa-bolt\"><\/i><\/div>\n<div class=\"bloques listing\" style=\"text-align: left;\">\n<div class=\"bloque listing \">\n<div class=\"title\"><span class=\"horaInicio\"> 09:00 hs. <\/span><span class=\"title\"> Acreditaci\u00f3n (Hall hotel) (HOTEL 8) <\/span><\/div>\n<\/div>\n<div class=\"bloque listing \">\n<div class=\"title\"><span class=\"horaInicio\"> 09:00 hs. <\/span><span class=\"title\"> Acreditaci\u00f3n (Hall hotel) (HOTEL 5) <\/span><\/div>\n<\/div>\n<div class=\"bloque listing \">\n<div class=\"title\"><span class=\"horaInicio\"> 13:00 hs. <\/span><span class=\"title\"> Almuerzo (COMEDOR) <\/span><\/div>\n<\/div>\n<div class=\"bloque listing bloque-con-presentaciones\">\n<div class=\"title\"><span class=\"horaInicio\"> 15:00 hs. <\/span><span class=\"title\"> Apertura (Auditorio) (HOTEL 8) <\/span><\/div>\n<ul class=\"presentaciones listing\">\n<li>\n<div class=\"title\"><i class=\"fas fa-bullhorn\"><\/i> Estaci\u00f3n Espigas: Memorias de una clausura (video)<\/div>\n<div class=\"detail\">EES No. 15 &#8211; Espigas<\/div>\n<\/li>\n<\/ul>\n<\/div>\n<div class=\"bloque listing \">\n<div class=\"title\"><span class=\"horaInicio\"> 16:00 hs. <\/span><span class=\"title\"> Taller de bienvenida para coordinadores (Auditorio) (HOTEL 8) <\/span><\/div>\n<\/div>\n<div class=\"bloque listing \">\n<div class=\"title\"><span class=\"horaInicio\"> 16:00 hs. <\/span><span class=\"title\"> Taller de bienvenida para j\u00f3venes (Explanada) (HOTEL 8) <\/span><\/div>\n<\/div>\n<div class=\"bloque listing bloque-con-presentaciones\">\n<div class=\"title\"><span class=\"horaInicio\"> 18:00 hs. <\/span><span class=\"title\"> Presentaciones (HOTEL 8) <\/span><\/div>\n<ul class=\"presentaciones listing\">\n<li>\n<div class=\"title\"><i class=\"fas fa-bullhorn\"><\/i> Memoria y libertad (video)<\/div>\n<div class=\"detail\">EES No. &#8211; Paso del Rey<\/div>\n<\/li>\n<li>\n<div class=\"title\"><i class=\"fas fa-bullhorn\"><\/i> trabajo juvenil. (video)<\/div>\n<div class=\"detail\">EES No. 4 &#8211; Lobos<\/div>\n<\/li>\n<li>\n<div class=\"title\"><i class=\"fas fa-bullhorn\"><\/i> Los fusilados de Jos\u00e9 Le\u00f3n Su\u00e1rez (video)<\/div>\n<div class=\"detail\">EES No. &#8211; Villa Jos\u00e9 Le\u00f3n Su\u00e1rez<\/div>\n<\/li>\n<li>\n<div class=\"title\"><i class=\"fas fa-bullhorn\"><\/i> Nunca m\u00e1s para siempre (video)<\/div>\n<div class=\"detail\">EES No. 3 &#8211; Carlos Casares<\/div>\n<\/li>\n<li>\n<div class=\"title\"><i class=\"fas fa-bullhorn\"><\/i> La Escuelita dice (radio)<\/div>\n<div class=\"detail\">OOSS J\u00f3venes Escuelita &#8211; J\u00f3venes grupo C Escuelita &#8211; La Lucila<\/div>\n<\/li>\n<li>\n<div class=\"title\"><i class=\"fas fa-bullhorn\"><\/i> Rol Social de los Clubes de Barrio (audio)<\/div>\n<div class=\"detail\">Escuela Privada Escuela de Educaci\u00f3n Secundaria Colegio \u00abFray Mamerto Esquiu\u00bb &#8211; Olavarr\u00eda<\/div>\n<\/li>\n<\/ul>\n<\/div>\n<div class=\"bloque listing \">\n<div class=\"title\"><span class=\"horaInicio\"> 21:00 hs. <\/span><span class=\"title\"> Cena (COMEDOR) <\/span><\/div>\n<\/div>\n<div class=\"bloque listing bloque-con-presentaciones\">\n<div class=\"title\"><span class=\"horaInicio\"> 22:00 hs. <\/span><span class=\"title\"> Presentaciones (HOTEL 8) <\/span><\/div>\n<ul class=\"presentaciones listing\">\n<li>\n<div class=\"title\"><i class=\"fas fa-bullhorn\"><\/i> \u00abMalvinas, la herida que no cierra\u00bb (video)<\/div>\n<div class=\"detail\">Escuela Privada Escuela de Educaci\u00f3n Secundaria Instituto Privado Jose Manuel Estrada &#8211; Olavarr\u00eda<\/div>\n<\/li>\n<li>\n<div class=\"title\"><i class=\"fas fa-bullhorn\"><\/i> Las calles son nuestras (mural)<\/div>\n<div class=\"detail\">OOSS Centro La Loma &#8211; Centro barrial de apoyo escolar &#8211; Florida Oeste<\/div>\n<\/li>\n<li>\n<div class=\"title\"><i class=\"fas fa-bullhorn\"><\/i> F\u00e1brica cerrada y construcci\u00f3n de nuevos sue\u00f1 (video)<\/div>\n<div class=\"detail\">OOSS la Escondida de cortajarena &#8211; Centro socio educativo &#8211; La Reja<\/div>\n<\/li>\n<li>\n<div class=\"title\"><i class=\"fas fa-bullhorn\"><\/i> PA\u00d1UELOS CON IDENTIDAD (video)<\/div>\n<div class=\"detail\">EA No. 703 &#8211; Villa Jos\u00e9 Le\u00f3n Su\u00e1rez<\/div>\n<\/li>\n<li>\n<div class=\"title\"><i class=\"fas fa-bullhorn\"><\/i> M\u00e1s que un grito (danzas)<\/div>\n<div class=\"detail\">EES No. 30 &#8211; Villa Ballester<\/div>\n<\/li>\n<li>\n<div class=\"title\"><i class=\"fas fa-bullhorn\"><\/i> Historia de nuestro barrio: Cortinas Esteban (video)<\/div>\n<div class=\"detail\">OOSS CSC La escondida de Cortejarena &#8211; Centro Socioeducativo &#8211; La Reja<\/div>\n<\/li>\n<\/ul>\n<\/div>\n<\/div>\n<div class=\"title\" style=\"text-align: left;\">Dia 2 <i class=\"fas fa-bolt\"><\/i><\/div>\n<div class=\"bloques listing\" style=\"text-align: left;\">\n<div class=\"bloque listing bloque-con-presentaciones\">\n<div class=\"title\"><span class=\"horaInicio\"> 09:00 hs. <\/span><span class=\"title\"> Presentaciones (HOTEL 8) <\/span><\/div>\n<ul class=\"presentaciones listing\">\n<li>\n<div class=\"title\"><i class=\"fas fa-bullhorn\"><\/i> Multiplicando pa\u00f1uelos (multimedia)<\/div>\n<div class=\"detail\">Escuela Privada Escuela de Educaci\u00f3n Secundaria Instituto Jos\u00e9 Hern\u00e1ndez &#8211; Villa Ballester<\/div>\n<\/li>\n<li>\n<div class=\"title\"><i class=\"fas fa-bullhorn\"><\/i> Un lugar para nosotros (fotograf\u00eda)<\/div>\n<div class=\"detail\">OOSS \u00abLa Estaci\u00f3n\u00bb &#8211; Club Estudiantil &#8211; Colonia Ser\u00e9<\/div>\n<\/li>\n<li>\n<div class=\"title\"><i class=\"fas fa-bullhorn\"><\/i> La escuela como refugio: 2001 en la escuela (radio)<\/div>\n<div class=\"detail\">EST No. 1 &#8211; Olavarr\u00eda<\/div>\n<\/li>\n<li>\n<div class=\"title\"><i class=\"fas fa-bullhorn\"><\/i> Que soplen vientos a favor (video)<\/div>\n<div class=\"detail\">Escuela Privada Escuela de Educaci\u00f3n Secundaria Instituto San Antonio &#8211; Olavarr\u00eda<\/div>\n<\/li>\n<li>\n<div class=\"title\"><i class=\"fas fa-bullhorn\"><\/i> Masacre de Carcova (video)<\/div>\n<div class=\"detail\">OOSS Rebeldes de Carcova &#8211; Espacio de participaci\u00f3n social y pol\u00edtica de Ni\u00f1eces y Juventudes &#8211; Villa Jos\u00e9 Le\u00f3n Su\u00e1rez<\/div>\n<\/li>\n<li>\n<div class=\"title\"><i class=\"fas fa-bullhorn\"><\/i> La verdadera cara de la justicia (multimedia)<\/div>\n<div class=\"detail\">EES No. 22 &#8211; Olavarr\u00eda<\/div>\n<\/li>\n<\/ul>\n<\/div>\n<div class=\"bloque listing bloque-con-presentaciones\">\n<div class=\"title\"><span class=\"horaInicio\"> 10:30 hs. <\/span><span class=\"title\"> Presentaciones (HOTEL 8) <\/span><\/div>\n<ul class=\"presentaciones listing\">\n<li>\n<div class=\"title\"><i class=\"fas fa-bullhorn\"><\/i> Archivo de memorias callejeras (video)<\/div>\n<div class=\"detail\">OOSS Centro Juvenil 9 de Julio &#8211; Centro Juvenil &#8211; Villa Jos\u00e9 Le\u00f3n Su\u00e1rez<\/div>\n<\/li>\n<li>\n<div class=\"title\"><i class=\"fas fa-bullhorn\"><\/i> \u00bfTenemos una ciudad con memoria? (video)<\/div>\n<div class=\"detail\">EES No. 10 &#8211; Olavarr\u00eda<\/div>\n<\/li>\n<li>\n<div class=\"title\"><i class=\"fas fa-bullhorn\"><\/i> Protagonistas (video)<\/div>\n<div class=\"detail\">ESB No. 4 &#8211; Carlos Casares<\/div>\n<\/li>\n<li>\n<div class=\"title\"><i class=\"fas fa-bullhorn\"><\/i> AULAS SILENCIADAS (multimedia)<\/div>\n<div class=\"detail\">C-CENS No. 465 &#8211; Barrio Parque General San Mart\u00edn<\/div>\n<\/li>\n<li>\n<div class=\"title\"><i class=\"fas fa-bullhorn\"><\/i> La salud mental la cuidamos entre todes (video)<\/div>\n<div class=\"detail\">OOSS SUM HARAS TRUJUI &#8211; Organizaci\u00f3n social &#8211; Truju\u00ed<\/div>\n<\/li>\n<li>\n<div class=\"title\"><i class=\"fas fa-bullhorn\"><\/i> el iceberg de las drogas (multimedia)<\/div>\n<div class=\"detail\">EES No. 44 &#8211; General San Mart\u00edn<\/div>\n<\/li>\n<li>\n<div class=\"title\"><i class=\"fas fa-bullhorn\"><\/i> Los jubilados de nuestro Barrio (video)<\/div>\n<div class=\"detail\">EES No. 13 &#8211; General San Mart\u00edn<\/div>\n<\/li>\n<\/ul>\n<\/div>\n<div class=\"bloque listing \">\n<div class=\"title\"><span class=\"horaInicio\"> 11:00 hs. <\/span><span class=\"title\"> Talleres de producci\u00f3n (Explanada) (HOTEL 5) <\/span><\/div>\n<\/div>\n<div class=\"bloque listing \">\n<div class=\"title\"><span class=\"horaInicio\"> 13:00 hs. <\/span><span class=\"title\"> Almuerzo (COMEDOR) <\/span><\/div>\n<\/div>\n<div class=\"bloque listing bloque-con-presentaciones\">\n<div class=\"title\"><span class=\"horaInicio\"> 14:00 hs. <\/span><span class=\"title\"> Presentaciones (HOTEL 8) <\/span><\/div>\n<ul class=\"presentaciones listing\">\n<li>\n<div class=\"title\"><i class=\"fas fa-bullhorn\"><\/i> Territorio Migrante (video)<\/div>\n<div class=\"detail\">OOSS Centro Juvenil Villa Hidalgo &#8211; Centro Juvenil &#8211; Villa Jos\u00e9 Le\u00f3n Su\u00e1rez<\/div>\n<\/li>\n<li>\n<div class=\"title\"><i class=\"fas fa-bullhorn\"><\/i> Abrir los ojos , abiertos! (video)<\/div>\n<div class=\"detail\">EES No. 7 &#8211; Chivilcoy<\/div>\n<\/li>\n<li>\n<div class=\"title\"><i class=\"fas fa-bullhorn\"><\/i> Los clubes del barrio 9 de Julio y Lanzone (fotograf\u00eda)<\/div>\n<div class=\"detail\">OOSS Centro Socioeducativo y Comunitario Biblioteca Guadalupana &#8211; Centro Socioeducativo y Comunitario &#8211; General San Mart\u00edn<\/div>\n<\/li>\n<li>\n<div class=\"title\"><i class=\"fas fa-bullhorn\"><\/i> Historia del colectivo LGTBIQ+ de Monte (video)<\/div>\n<div class=\"detail\">EES No. 1 &#8211; San Miguel del Monte (Est. Monte)<\/div>\n<\/li>\n<li>\n<div class=\"title\"><i class=\"fas fa-bullhorn\"><\/i> Todo Impreso es Politico (video)<\/div>\n<div class=\"detail\">OOSS UNSAM en el complejo penitenciario JLsuarez &#8211; centro universitario &#8211; Villa Jos\u00e9 Le\u00f3n Su\u00e1rez<\/div>\n<\/li>\n<li>\n<div class=\"title\"><i class=\"fas fa-bullhorn\"><\/i> ARTE Y CULTURA DE LA HISTORIA ARGENTINA (video)<\/div>\n<div class=\"detail\">EES No. 11 &#8211; General San Mart\u00edn<\/div>\n<\/li>\n<\/ul>\n<\/div>\n<div class=\"bloque listing bloque-con-presentaciones\">\n<div class=\"title\"><span class=\"horaInicio\"> 16:00 hs. <\/span><span class=\"title\"> Presentaciones (HOTEL 8) <\/span><\/div>\n<ul class=\"presentaciones listing\">\n<li>\n<div class=\"title\"><i class=\"fas fa-bullhorn\"><\/i> Ambiente Saludable: hac\u00eda un barrio limpio (mural)<\/div>\n<div class=\"detail\">EES No. 46 &#8211; Villa Jos\u00e9 Le\u00f3n Su\u00e1rez<\/div>\n<\/li>\n<li>\n<div class=\"title\"><i class=\"fas fa-bullhorn\"><\/i> Malvinas en el Barrio (multimedia)<\/div>\n<div class=\"detail\">Escuela Privada Escuela de Educaci\u00f3n Secundaria Colegio Parroquial Virgen del Carmen &#8211; Olivos<\/div>\n<\/li>\n<li>\n<div class=\"title\"><i class=\"fas fa-bullhorn\"><\/i> PROFES PARA LA MEMORIA III (video)<\/div>\n<div class=\"detail\">ISFDYT No. 22 &#8211; Olavarr\u00eda<\/div>\n<\/li>\n<li>\n<div class=\"title\"><i class=\"fas fa-bullhorn\"><\/i> Deficiencia de Servicios P\u00fablicos B\u00e1sicos (video)<\/div>\n<div class=\"detail\">OOSS Merendero 2 de abril &#8211; FOL Oeste &#8211; Paso del Rey<\/div>\n<\/li>\n<li>\n<div class=\"title\"><i class=\"fas fa-bullhorn\"><\/i> Maravillas de nuestro barrio (video)<\/div>\n<div class=\"detail\">OOSS SUE\u00d1ERO &#8211; Espacio Comunitario &#8211; Truju\u00ed<\/div>\n<\/li>\n<li>\n<div class=\"title\"><i class=\"fas fa-bullhorn\"><\/i> Mi barrio (video)<\/div>\n<div class=\"detail\">EES No. 39 &#8211; General San Mart\u00edn<\/div>\n<\/li>\n<\/ul>\n<\/div>\n<div class=\"bloque listing bloque-con-presentaciones\">\n<div class=\"title\"><span class=\"horaInicio\"> 18:00 hs. <\/span><span class=\"title\"> Presentaciones (HOTEL 8) <\/span><\/div>\n<ul class=\"presentaciones listing\">\n<li>\n<div class=\"title\"><i class=\"fas fa-bullhorn\"><\/i> \u201cLa esperanza de j\u00f3venes flexibles\u201d (video)<\/div>\n<div class=\"detail\">EES No. 24 &#8211; Barrio Parque General San Mart\u00edn<\/div>\n<\/li>\n<li>\n<div class=\"title\"><i class=\"fas fa-bullhorn\"><\/i> Memorias de Abbott (video)<\/div>\n<div class=\"detail\">EES No. 3 &#8211; Abbott<\/div>\n<\/li>\n<li>\n<div class=\"title\"><i class=\"fas fa-bullhorn\"><\/i> El impacto de la dictadura en Rivas (video)<\/div>\n<div class=\"detail\">EES No. 3 &#8211; General Rivas<\/div>\n<\/li>\n<li>\n<div class=\"title\"><i class=\"fas fa-bullhorn\"><\/i> Perderse tambi\u00e9n es un camino (murga)<\/div>\n<div class=\"detail\">EES No. 2 &#8211; Bellocq<\/div>\n<\/li>\n<li>\n<div class=\"title\"><i class=\"fas fa-bullhorn\"><\/i> Urbanidad y discapacidad (video)<\/div>\n<div class=\"detail\">Escuela Privada Escuela de Educaci\u00f3n Secundaria Colegio Privado Libertas &#8211; Olavarr\u00eda<\/div>\n<\/li>\n<li>\n<div class=\"title\"><i class=\"fas fa-bullhorn\"><\/i> Viviendo en los Aldeanos del Ceamse (multimedia)<\/div>\n<div class=\"detail\">EES No. 38 &#8211; General San Mart\u00edn<\/div>\n<\/li>\n<\/ul>\n<\/div>\n<div class=\"bloque listing \">\n<div class=\"title\"><span class=\"horaInicio\"> 18:00 hs. <\/span><span class=\"title\"> Actividades para J\u00f3venes (Explanada) (HOTEL 5) <\/span><\/div>\n<\/div>\n<div class=\"bloque listing \">\n<div class=\"title\"><span class=\"horaInicio\"> 21:00 hs. <\/span><span class=\"title\"> Cena (COMEDOR) <\/span><\/div>\n<\/div>\n<div class=\"bloque listing bloque-con-presentaciones\">\n<div class=\"title\"><span class=\"horaInicio\"> 22:00 hs. <\/span><span class=\"title\"> Presentaciones (HOTEL 8) <\/span><\/div>\n<ul class=\"presentaciones listing\">\n<li>\n<div class=\"title\"><i class=\"fas fa-bullhorn\"><\/i> crisis 2001 (teatro)<\/div>\n<div class=\"detail\">EES No. 75 &#8211; Francisco \u00c1lvarez<\/div>\n<\/li>\n<li>\n<div class=\"title\"><i class=\"fas fa-bullhorn\"><\/i> RECETARIO DE LOS AFECTOS (gr\u00e1fica)<\/div>\n<div class=\"detail\">C-CFI No. 1 &#8211; Florida<\/div>\n<\/li>\n<li>\n<div class=\"title\"><i class=\"fas fa-bullhorn\"><\/i> Malvinizar la Escuela (placa, baldosa)<\/div>\n<div class=\"detail\">EES No. &#8211; Olavarr\u00eda<\/div>\n<\/li>\n<li>\n<div class=\"title\"><i class=\"fas fa-bullhorn\"><\/i> \u00bfCu\u00e1nto vale tu salud? (teatro)<\/div>\n<div class=\"detail\">EES No. 36 &#8211; Paso del Rey<\/div>\n<\/li>\n<li>\n<div class=\"title\"><i class=\"fas fa-bullhorn\"><\/i> Nosotres queremos salud mental (teatro)<\/div>\n<div class=\"detail\">OOSS Centro Socioeducativo La Casona &#8211; Moreno<\/div>\n<\/li>\n<li>\n<div class=\"title\"><i class=\"fas fa-bullhorn\"><\/i> centro de estudiantes (teatro)<\/div>\n<div class=\"detail\">OOSS ESCUELA SECUNDARIA N\u00ba 75 &#8211; patios abiertos &#8211; Francisco \u00c1lvarez<\/div>\n<\/li>\n<\/ul>\n<\/div>\n<\/div>\n<div class=\"title\" style=\"text-align: left;\">Dia 3 <i class=\"fas fa-bolt\"><\/i><\/div>\n<div class=\"bloques listing\" style=\"text-align: left;\">\n<div class=\"bloque listing bloque-con-presentaciones\">\n<div class=\"title\"><span class=\"horaInicio\"> 09:00 hs. <\/span><span class=\"title\"> Presentaciones (HOTEL 8) <\/span><\/div>\n<ul class=\"presentaciones listing\">\n<li>\n<div class=\"title\"><i class=\"fas fa-bullhorn\"><\/i> Acceso a la Cultura en Villa Zagala (video)<\/div>\n<div class=\"detail\">EES No. 33 &#8211; General San Mart\u00edn<\/div>\n<\/li>\n<li>\n<div class=\"title\"><i class=\"fas fa-bullhorn\"><\/i> Tatiana, identidad, memoria y Lucha (video)<\/div>\n<div class=\"detail\">C-CENS No. 453 &#8211; General San Mart\u00edn<\/div>\n<\/li>\n<li>\n<div class=\"title\"><i class=\"fas fa-bullhorn\"><\/i> Derechos, ambiente y memorias en torno al R\u00edo (video)<\/div>\n<div class=\"detail\">Escuela Privada Escuela de Educaci\u00f3n Secundaria Escuela Tercer Milenio &#8211; Paso del Rey<\/div>\n<\/li>\n<li>\n<div class=\"title\"><i class=\"fas fa-bullhorn\"><\/i> \u00bfQu\u00e9 importa cuantos? (video)<\/div>\n<div class=\"detail\">ESB No. 6 &#8211; Hortensia<\/div>\n<\/li>\n<li>\n<div class=\"title\"><i class=\"fas fa-bullhorn\"><\/i> Educaci\u00f3n como posibilidad (video)<\/div>\n<div class=\"detail\">EEM No. 37 &#8211; Villa Ballester<\/div>\n<\/li>\n<\/ul>\n<\/div>\n<div class=\"bloque listing bloque-con-presentaciones\">\n<div class=\"title\"><span class=\"horaInicio\"> 10:30 hs. <\/span><span class=\"title\"> Presentaciones (HOTEL 8) <\/span><\/div>\n<ul class=\"presentaciones listing\">\n<li>\n<div class=\"title\"><i class=\"fas fa-bullhorn\"><\/i> Vulnerabilidad de derechos humanos (video)<\/div>\n<div class=\"detail\">EES No. 12 &#8211; General San Mart\u00edn<\/div>\n<\/li>\n<li>\n<div class=\"title\"><i class=\"fas fa-bullhorn\"><\/i> Jorge, una historia de Malvinas (video)<\/div>\n<div class=\"detail\">OOSS J\u00f3venes El Ceibo &#8211; Espacio de J\u00f3venes de el Ceibo &#8211; La Lucila<\/div>\n<\/li>\n<li>\n<div class=\"title\"><i class=\"fas fa-bullhorn\"><\/i> Escuela p\u00fablica y privada y derecho a la educ (video)<\/div>\n<div class=\"detail\">Escuela Privada Escuela de Educaci\u00f3n Secundaria Colegio San Juan Bautista &#8211; Paso del Rey<\/div>\n<\/li>\n<li>\n<div class=\"title\"><i class=\"fas fa-bullhorn\"><\/i> No te va a gustar (video)<\/div>\n<div class=\"detail\">OOSS Centro Juvenil la Rana &#8211; Centro Juvenil &#8211; Villa Jos\u00e9 Le\u00f3n Su\u00e1rez<\/div>\n<\/li>\n<li>\n<div class=\"title\"><i class=\"fas fa-bullhorn\"><\/i> ARTE Y MEMORIA (video)<\/div>\n<div class=\"detail\">EES No. 38 &#8211; Paso del Rey<\/div>\n<\/li>\n<li>\n<div class=\"title\"><i class=\"fas fa-bullhorn\"><\/i> La vida y la basura en Jos\u00e9 Le\u00f3n Suarez (video)<\/div>\n<div class=\"detail\">EST No. 401 &#8211; Villa Lynch<\/div>\n<\/li>\n<\/ul>\n<\/div>\n<div class=\"bloque listing \">\n<div class=\"title\"><span class=\"horaInicio\"> 13:00 hs. <\/span><span class=\"title\"> Almuerzo (COMEDOR) <\/span><\/div>\n<\/div>\n<div class=\"bloque listing bloque-con-presentaciones\">\n<div class=\"title\"><span class=\"horaInicio\"> 14:00 hs. <\/span><span class=\"title\"> Presentaciones (HOTEL 8) <\/span><\/div>\n<ul class=\"presentaciones listing\">\n<li>\n<div class=\"title\"><i class=\"fas fa-bullhorn\"><\/i> Pueblos rurales en peligro (video)<\/div>\n<div class=\"detail\">EES No. 2060 &#8211; Ordoqui<\/div>\n<\/li>\n<li>\n<div class=\"title\"><i class=\"fas fa-bullhorn\"><\/i> Tiempo de memoria obligatoria (video)<\/div>\n<div class=\"detail\">OOSS Centro Socioeducativo Haras Trujui &#8211; Centro Socioeducativo y Comunitario &#8211; Truju\u00ed<\/div>\n<\/li>\n<li>\n<div class=\"title\"><i class=\"fas fa-bullhorn\"><\/i> 50 a\u00f1os despues, las mismas luchas presentes (mural)<\/div>\n<div class=\"detail\">OOSS El Ranchito &#8211; merendero &#8211; Villa General Eugenio Necochea<\/div>\n<\/li>\n<li>\n<div class=\"title\"><i class=\"fas fa-bullhorn\"><\/i> C\u00e1psula del Tiempo (audio)<\/div>\n<div class=\"detail\">OOSS Casa de Juventudes y Diversidades &#8211; Espacio de Juventudes &#8211; General San Mart\u00edn<\/div>\n<\/li>\n<li>\n<div class=\"title\"><i class=\"fas fa-bullhorn\"><\/i> Incendio al margen (gr\u00e1fica)<\/div>\n<div class=\"detail\">EES No. 8 &#8211; Moctezuma<\/div>\n<\/li>\n<li>\n<div class=\"title\"><i class=\"fas fa-bullhorn\"><\/i> Educaci\u00f3n como derecho social (video)<\/div>\n<div class=\"detail\">C-CENS No. 460 &#8211; General San Mart\u00edn<\/div>\n<\/li>\n<li>\n<div class=\"title\"><i class=\"fas fa-bullhorn\"><\/i> 1974-2024 50 A\u00f1os realizando utop\u00edas (video)<\/div>\n<div class=\"detail\">C-CENS No. 451 &#8211; General San Mart\u00edn<\/div>\n<\/li>\n<\/ul>\n<\/div>\n<div class=\"bloque listing bloque-con-presentaciones\">\n<div class=\"title\"><span class=\"horaInicio\"> 16:00 hs. <\/span><span class=\"title\"> Presentaciones (HOTEL 8) <\/span><\/div>\n<ul class=\"presentaciones listing\">\n<li>\n<div class=\"title\"><i class=\"fas fa-bullhorn\"><\/i> Archivo habia una vez la democracia (video)<\/div>\n<div class=\"detail\">OOSS Centro Juvenil Casa Elena y Salvador &#8211; Centro Juvenil &#8211; General San Mart\u00edn<\/div>\n<\/li>\n<li>\n<div class=\"title\"><i class=\"fas fa-bullhorn\"><\/i> Mirta Aguilar Una vida entregada a sus ideale (video)<\/div>\n<div class=\"detail\">EST No. 1 &#8211; Carlos Casares<\/div>\n<\/li>\n<li>\n<div class=\"title\"><i class=\"fas fa-bullhorn\"><\/i> \u00abCorre, barre, limpia&#8230;\u00bb (video)<\/div>\n<div class=\"detail\">EES No. 16 &#8211; Moreno<\/div>\n<\/li>\n<li>\n<div class=\"title\"><i class=\"fas fa-bullhorn\"><\/i> Cantamos lo que nos pasa (video)<\/div>\n<div class=\"detail\">OOSS EL Ceibo &#8211; Apoyo escolar &#8211; La Lucila<\/div>\n<\/li>\n<li>\n<div class=\"title\"><i class=\"fas fa-bullhorn\"><\/i> Nuetra escuela (video)<\/div>\n<div class=\"detail\">EES No. 20 &#8211; General San Mart\u00edn<\/div>\n<\/li>\n<li>\n<div class=\"title\"><i class=\"fas fa-bullhorn\"><\/i> En los zapatos de los veteranos (m\u00fasica)<\/div>\n<div class=\"detail\">EES No. 2040 &#8211; Carlos Casares<\/div>\n<\/li>\n<li>\n<div class=\"title\"><i class=\"fas fa-bullhorn\"><\/i> La patria es mi barrio (teatro)<\/div>\n<div class=\"detail\">OOSS La Morena &#8211; Organizaci\u00f3n Pol\u00edtica &#8211; Truju\u00ed<\/div>\n<\/li>\n<\/ul>\n<\/div>\n<div class=\"bloque listing \">\n<div class=\"title\"><span class=\"horaInicio\"> 18:00 hs. <\/span><span class=\"title\"> Actividades para j\u00f3venes (HOTEL 5) <\/span><\/div>\n<\/div>\n<div class=\"bloque listing \">\n<div class=\"title\"><span class=\"horaInicio\"> 18:00 hs. <\/span><span class=\"title\"> Taller para coordinadores (HOTEL 8) <\/span><\/div>\n<\/div>\n<div class=\"bloque listing \">\n<div class=\"title\"><span class=\"horaInicio\"> 21:00 hs. <\/span><span class=\"title\"> Cena (COMEDOR) <\/span><\/div>\n<\/div>\n<div class=\"bloque listing \">\n<div class=\"title\"><span class=\"horaInicio\"> 22:00 hs. <\/span><span class=\"title\"> Cierre del Encuentro y Fiesta (HOTEL 8) <\/span><\/div>\n<\/div>\n<\/div>\n<div class=\"title\" style=\"text-align: left;\">Dia 4 <i class=\"fas fa-bolt\"><\/i><\/div>\n<div class=\"bloques listing\">\n<div class=\"bloque listing \">\n<div class=\"title\" style=\"text-align: left;\"><span class=\"horaInicio\"> 07:00 hs. <\/span><span class=\"title\"> Desayuno y egreso (COMEDOR) <\/span><\/div>\n<\/div>\n<\/div>\n<\/div>\n<\/div>\n<\/div>\n<\/div>\n<\/div>\n<\/div>\n<\/div>\n<\/div>\n<\/div>\n<\/div>\n<p>[\/et_pb_toggle][\/et_pb_column][\/et_pb_row][\/et_pb_section][et_pb_section fb_built=\u00bb1&#8243; module_id=\u00bbtanda7&#8243; _builder_version=\u00bb4.27.3&#8243; _module_preset=\u00bbdefault\u00bb custom_padding=\u00bb0px||0px||false|false\u00bb global_colors_info=\u00bb{}\u00bb][et_pb_row _builder_version=\u00bb4.27.2&#8243; _module_preset=\u00bbdefault\u00bb global_colors_info=\u00bb{}\u00bb][et_pb_column type=\u00bb4_4&#8243; _builder_version=\u00bb4.27.2&#8243; _module_preset=\u00bbdefault\u00bb global_colors_info=\u00bb{}\u00bb][et_pb_toggle title=\u00bbTANDA 7&#8243; open_toggle_background_color=\u00bb#FFFFFF\u00bb closed_toggle_text_color=\u00bb#FFFFFF\u00bb closed_toggle_background_color=\u00bb#E02B20&#8243; icon_color=\u00bb#FFFFFF\u00bb open_icon_color=\u00bb#E02B20&#8243; _builder_version=\u00bb4.27.3&#8243; _module_preset=\u00bbdefault\u00bb title_font=\u00bb|700|||||||\u00bb title_text_align=\u00bbcenter\u00bb title_font_size=\u00bb24px\u00bb closed_title_font=\u00bb|700|||||||\u00bb closed_title_text_align=\u00bbcenter\u00bb closed_title_font_size=\u00bb24px\u00bb border_width_all=\u00bb4px\u00bb border_color_all=\u00bb#E02B20&#8243; global_colors_info=\u00bb{}\u00bb]<\/p>\n<div class=\"tanda\">\n<div class=\"diasTanda listing\">\n<div class=\"tanda\">\n<div class=\"diasTanda listing\">\n<div class=\"tanda\">\n<div class=\"diasTanda listing\">\n<div class=\"tanda\">\n<div class=\"title\">\n<div class=\"tanda\">\n<div class=\"diasTanda listing\">\n<div class=\"title\" style=\"text-align: left;\">\n<div class=\"title\">\n<div class=\"tanda\">\n<div class=\"diasTanda listing\">\n<div class=\"title\" style=\"text-align: left;\">Dia 1 <i class=\"fas fa-bolt\"><\/i><\/div>\n<div class=\"bloques listing\" style=\"text-align: left;\">\n<div class=\"bloque listing \">\n<div class=\"title\"><span class=\"horaInicio\"> 09:00 hs. <\/span><span class=\"title\"> Acreditaci\u00f3n (Hall hotel) (HOTEL 5) <\/span><\/div>\n<\/div>\n<div class=\"bloque listing \">\n<div class=\"title\"><span class=\"horaInicio\"> 09:00 hs. <\/span><span class=\"title\"> Acreditaci\u00f3n (Hall hotel) (HOTEL 8) <\/span><\/div>\n<\/div>\n<div class=\"bloque listing \">\n<div class=\"title\"><span class=\"horaInicio\"> 13:00 hs. <\/span><span class=\"title\"> Almuerzo (COMEDOR) <\/span><\/div>\n<\/div>\n<div class=\"bloque listing bloque-con-presentaciones\">\n<div class=\"title\"><span class=\"horaInicio\"> 15:00 hs. <\/span><span class=\"title\"> Apertura (Auditorio) (HOTEL 8) <\/span><\/div>\n<ul class=\"presentaciones listing\">\n<li>\n<div class=\"title\"><i class=\"fas fa-bullhorn\"><\/i> Los derechos Humanos y las infancias (video)<\/div>\n<div class=\"detail\">EES No. 33 &#8211; La Plata<\/div>\n<\/li>\n<\/ul>\n<\/div>\n<div class=\"bloque listing \">\n<div class=\"title\"><span class=\"horaInicio\"> 16:00 hs. <\/span><span class=\"title\"> Taller de bienvenida para j\u00f3venes (Explanada) (HOTEL 8) <\/span><\/div>\n<\/div>\n<div class=\"bloque listing \">\n<div class=\"title\"><span class=\"horaInicio\"> 16:00 hs. <\/span><span class=\"title\"> Taller de bienvenida para coordinadores (Auditorio) (HOTEL 8) <\/span><\/div>\n<\/div>\n<div class=\"bloque listing bloque-con-presentaciones\">\n<div class=\"title\"><span class=\"horaInicio\"> 18:00 hs. <\/span><span class=\"title\"> Presentaciones (HOTEL 8) <\/span><\/div>\n<ul class=\"presentaciones listing\">\n<li>\n<div class=\"title\"><i class=\"fas fa-bullhorn\"><\/i> Terminan los chicos el ciclo&#8230;\u00bfY despu\u00e9s qu\u00e9 (video)<\/div>\n<div class=\"detail\">EES No. 1 &#8211; Lezama<\/div>\n<\/li>\n<li>\n<div class=\"title\"><i class=\"fas fa-bullhorn\"><\/i> Les pibes de Tablada (video)<\/div>\n<div class=\"detail\">OOSS Envion Podes Tablada &#8211; Envion-Podes SIPPD &#8211; Programa &#8211; La Tablada<\/div>\n<\/li>\n<li>\n<div class=\"title\"><i class=\"fas fa-bullhorn\"><\/i> Deporte para todxs (video)<\/div>\n<div class=\"detail\">OOSS Asociacion civil los lobitos, comedor materno infantil, deportivo social y cultural &#8211; organizacion social &#8211; Isidro Casanova<\/div>\n<\/li>\n<li>\n<div class=\"title\"><i class=\"fas fa-bullhorn\"><\/i> NUESTRO ESPACIO DE MEMORIA: EL MONUMASTIL (multimedia)<\/div>\n<div class=\"detail\">EES No. 6 &#8211; Chascom\u00fas<\/div>\n<\/li>\n<li>\n<div class=\"title\"><i class=\"fas fa-bullhorn\"><\/i> Kosteki y Santill\u00e1n: Lucha y muerte (video)<\/div>\n<div class=\"detail\">OOSS J\u00f3venes Investigadores de Villa Corina &#8211; Agrupaci\u00f3n juvenil &#8211; Avellaneda<\/div>\n<\/li>\n<li>\n<div class=\"title\"><i class=\"fas fa-bullhorn\"><\/i> UNA historia (video)<\/div>\n<div class=\"detail\">OOSS ASOCIACI\u00d3N CIVIL FLOR NO ME OLVIDES ORGANIZACI\u00d3N BARRIAL &#8211; asociaci\u00f3n civil &#8211; La Plata<\/div>\n<\/li>\n<\/ul>\n<\/div>\n<div class=\"bloque listing \">\n<div class=\"title\"><span class=\"horaInicio\"> 21:00 hs. <\/span><span class=\"title\"> Cena (COMEDOR) <\/span><\/div>\n<\/div>\n<div class=\"bloque listing bloque-con-presentaciones\">\n<div class=\"title\"><span class=\"horaInicio\"> 22:00 hs. <\/span><span class=\"title\"> Presentaciones (HOTEL 8) <\/span><\/div>\n<ul class=\"presentaciones listing\">\n<li>\n<div class=\"title\"><i class=\"fas fa-bullhorn\"><\/i> La Memoria de mi pueblo (video)<\/div>\n<div class=\"detail\">EES No. 3 &#8211; La Colina<\/div>\n<\/li>\n<li>\n<div class=\"title\"><i class=\"fas fa-bullhorn\"><\/i> Tendr\u00edan que estar en la escuela (video)<\/div>\n<div class=\"detail\">EES No. 143 &#8211; La Matanza<\/div>\n<\/li>\n<li>\n<div class=\"title\"><i class=\"fas fa-bullhorn\"><\/i> MANTENGAMOS VIVA LA MEMORIA (video)<\/div>\n<div class=\"detail\">EES No. 24 &#8211; Isidro Casanova<\/div>\n<\/li>\n<li>\n<div class=\"title\"><i class=\"fas fa-bullhorn\"><\/i> Trascender de la memoria (teatro)<\/div>\n<div class=\"detail\">EES No. 1 &#8211; Chascom\u00fas<\/div>\n<\/li>\n<li>\n<div class=\"title\"><i class=\"fas fa-bullhorn\"><\/i> Historias del barrio (video)<\/div>\n<div class=\"detail\">EE No. 514 &#8211; La Plata<\/div>\n<\/li>\n<li>\n<div class=\"title\"><i class=\"fas fa-bullhorn\"><\/i> Vivir en Inflamable (video)<\/div>\n<div class=\"detail\">OOSS Fines Villa Inflamable &#8211; Universidad Popular Avellaneda &#8211; Dock sud<\/div>\n<\/li>\n<\/ul>\n<\/div>\n<\/div>\n<div class=\"title\" style=\"text-align: left;\">Dia 2 <i class=\"fas fa-bolt\"><\/i><\/div>\n<div class=\"bloques listing\" style=\"text-align: left;\">\n<div class=\"bloque listing bloque-con-presentaciones\">\n<div class=\"title\"><span class=\"horaInicio\"> 08:30 hs. <\/span><span class=\"title\"> Presentaciones (HOTEL 8) <\/span><\/div>\n<ul class=\"presentaciones listing\">\n<li>\n<div class=\"title\"><i class=\"fas fa-bullhorn\"><\/i> Desaparecidos en Hurlingham (video)<\/div>\n<div class=\"detail\">EES No. 2 &#8211; Hurlingham<\/div>\n<\/li>\n<li>\n<div class=\"title\"><i class=\"fas fa-bullhorn\"><\/i> Nuevas miradas sobre la dictadura (multimedia)<\/div>\n<div class=\"detail\">EST No. 6 &#8211; La Matanza<\/div>\n<\/li>\n<li>\n<div class=\"title\"><i class=\"fas fa-bullhorn\"><\/i> Derecho a la educacion (video)<\/div>\n<div class=\"detail\">EES No. 7 &#8211; Villa Santos Tesei<\/div>\n<\/li>\n<li>\n<div class=\"title\"><i class=\"fas fa-bullhorn\"><\/i> Casa Joven (video)<\/div>\n<div class=\"detail\">OOSS Casa Joven,Obra del Padre Cajade &#8211; organizacion sociocomunitaria &#8211; La Plata<\/div>\n<\/li>\n<li>\n<div class=\"title\"><i class=\"fas fa-bullhorn\"><\/i> Patada de canguro en la 82 (video)<\/div>\n<div class=\"detail\">I-ISFD No. 82 &#8211; Isidro Casanova<\/div>\n<\/li>\n<li>\n<div class=\"title\"><i class=\"fas fa-bullhorn\"><\/i> Lxs Jovenes en el Centro (multimedia)<\/div>\n<div class=\"detail\">EES No. 37 &#8211; Isidro Casanova<\/div>\n<\/li>\n<li>\n<div class=\"title\"><i class=\"fas fa-bullhorn\"><\/i> Ni\u00f1ez y exclusi\u00f3n en el barrio 17 de marzo (video)<\/div>\n<div class=\"detail\">Escuela Privada Escuela de Educaci\u00f3n Secundaria Proyecto Educativo San Jos\u00e9 &#8211; Isidro Casanova<\/div>\n<\/li>\n<\/ul>\n<\/div>\n<div class=\"bloque listing bloque-con-presentaciones\">\n<div class=\"title\"><span class=\"horaInicio\"> 10:30 hs. <\/span><span class=\"title\"> Presentaciones (HOTEL 8) <\/span><\/div>\n<ul class=\"presentaciones listing\">\n<li>\n<div class=\"title\"><i class=\"fas fa-bullhorn\"><\/i> DEFENDAMOS NUESTRA SOBERANIA (video)<\/div>\n<div class=\"detail\">EES No. 34 &#8211; La Matanza<\/div>\n<\/li>\n<li>\n<div class=\"title\"><i class=\"fas fa-bullhorn\"><\/i> Casanova por la memoria (video)<\/div>\n<div class=\"detail\">OOSS Envi\u00f3n Podes Casanova Sur &#8211; Programa Envi\u00f3n Podes &#8211; Isidro Casanova<\/div>\n<\/li>\n<li>\n<div class=\"title\"><i class=\"fas fa-bullhorn\"><\/i> Seguridad y Derechos Humanos (video)<\/div>\n<div class=\"detail\">OOSS Servicio de Paz y Justicia &#8211; Organismo de DD.HH &#8211; Avellaneda<\/div>\n<\/li>\n<li>\n<div class=\"title\"><i class=\"fas fa-bullhorn\"><\/i> La Plata, Cuidad de la Memoria (multimedia)<\/div>\n<div class=\"detail\">EES No. 8 &#8211; La Plata<\/div>\n<\/li>\n<li>\n<div class=\"title\"><i class=\"fas fa-bullhorn\"><\/i> Veteranos de Malvinas Tresarroyenses (video)<\/div>\n<div class=\"detail\">Escuela Privada Escuela de Educaci\u00f3n Secundaria Colegio Hogar San Jos\u00e9 &#8211; Tres Arroyos<\/div>\n<\/li>\n<li>\n<div class=\"title\"><i class=\"fas fa-bullhorn\"><\/i> Los recuerdos que quedaron en el pasado (gr\u00e1fica)<\/div>\n<div class=\"detail\">EES No. 76 &#8211; Isidro Casanova<\/div>\n<\/li>\n<li>\n<div class=\"title\"><i class=\"fas fa-bullhorn\"><\/i> La memoria sigue viva \u00bfQui\u00e9n fue Patulo Rave? (video)<\/div>\n<div class=\"detail\">OOSS Unidad B\u00e1sica Patulo Rave &#8211; FinES &#8211; La Plata<\/div>\n<\/li>\n<\/ul>\n<\/div>\n<div class=\"bloque listing \">\n<div class=\"title\"><span class=\"horaInicio\"> 11:00 hs. <\/span><span class=\"title\"> Talleres de producci\u00f3n (Explanada) (HOTEL 5) <\/span><\/div>\n<\/div>\n<div class=\"bloque listing \">\n<div class=\"title\"><span class=\"horaInicio\"> 13:00 hs. <\/span><span class=\"title\"> Almuerzo (COMEDOR) <\/span><\/div>\n<\/div>\n<div class=\"bloque listing bloque-con-presentaciones\">\n<div class=\"title\"><span class=\"horaInicio\"> 14:00 hs. <\/span><span class=\"title\"> Presentaciones (HOTEL 8) <\/span><\/div>\n<ul class=\"presentaciones listing\">\n<li>\n<div class=\"title\"><i class=\"fas fa-bullhorn\"><\/i> Memoria viva en avellaneda (video)<\/div>\n<div class=\"detail\">Escuela Privada Escuela de Educaci\u00f3n Secundaria InstItuto Padre Berisso &#8211; Avellaneda<\/div>\n<\/li>\n<li>\n<div class=\"title\"><i class=\"fas fa-bullhorn\"><\/i> Memoria Activa Memoria (video)<\/div>\n<div class=\"detail\">OOSS Centro Cultural Diego Rodriguez &#8211; Taller de adolescente, Murga &#8211; Ringuelet<\/div>\n<\/li>\n<li>\n<div class=\"title\"><i class=\"fas fa-bullhorn\"><\/i> CensurArte (video)<\/div>\n<div class=\"detail\">EES No. 6941 &#8211; Chascom\u00fas<\/div>\n<\/li>\n<li>\n<div class=\"title\"><i class=\"fas fa-bullhorn\"><\/i> Prohibido Prohibir: ser joven en Dictadura (video)<\/div>\n<div class=\"detail\">EES No. 14 &#8211; La Plata<\/div>\n<\/li>\n<li>\n<div class=\"title\"><i class=\"fas fa-bullhorn\"><\/i> \u00bfNo pas\u00f3 nada? Vida cotidiana en la dictadura (radio)<\/div>\n<div class=\"detail\">EES No. 8 &#8211; Orense<\/div>\n<\/li>\n<li>\n<div class=\"title\"><i class=\"fas fa-bullhorn\"><\/i> Calles que hablan (video)<\/div>\n<div class=\"detail\">EES No. 9 &#8211; Chascom\u00fas<\/div>\n<\/li>\n<li>\n<div class=\"title\"><i class=\"fas fa-bullhorn\"><\/i> Echeverriando la Memoria (teatro)<\/div>\n<div class=\"detail\">EES No. 1 &#8211; Hurlingham<\/div>\n<\/li>\n<li>\n<div class=\"title\"><i class=\"fas fa-bullhorn\"><\/i> La Tota Guede: Historia de una Abuela (video)<\/div>\n<div class=\"detail\">EES No. 3 &#8211; Sarand\u00ed<\/div>\n<\/li>\n<\/ul>\n<\/div>\n<div class=\"bloque listing bloque-con-presentaciones\">\n<div class=\"title\"><span class=\"horaInicio\"> 16:00 hs. <\/span><span class=\"title\"> Presentaciones (HOTEL 8) <\/span><\/div>\n<ul class=\"presentaciones listing\">\n<li>\n<div class=\"title\"><i class=\"fas fa-bullhorn\"><\/i> Basura Cero, el cambio comienza en casa (video)<\/div>\n<div class=\"detail\">EES No. 11 &#8211; San Francisco de Bellocq<\/div>\n<\/li>\n<li>\n<div class=\"title\"><i class=\"fas fa-bullhorn\"><\/i> ARTE CULTURA Y PARTICIPACI\u00d3N (multimedia)<\/div>\n<div class=\"detail\">OOSS El Hornero &#8211; Casa de cultura &#8211; Ciudad Evita<\/div>\n<\/li>\n<li>\n<div class=\"title\"><i class=\"fas fa-bullhorn\"><\/i> Resabios de la dictadura (video)<\/div>\n<div class=\"detail\">ESB No. 6 &#8211; Avellaneda<\/div>\n<\/li>\n<li>\n<div class=\"title\"><i class=\"fas fa-bullhorn\"><\/i> La memoria desentierra (video)<\/div>\n<div class=\"detail\">OOSS General Pico &#8211; Sociedad de Fomento &#8211; Villa Dom\u00ednico<\/div>\n<\/li>\n<li>\n<div class=\"title\"><i class=\"fas fa-bullhorn\"><\/i> Salud mental juvenil: una falla en el sistema (teatro)<\/div>\n<div class=\"detail\">EES No. 9 &#8211; William C. Morris<\/div>\n<\/li>\n<li>\n<div class=\"title\"><i class=\"fas fa-bullhorn\"><\/i> La masacre de Micaela Cascallares (video)<\/div>\n<div class=\"detail\">ESA No. 2 &#8211; Micaela Cascallares (Est. Cascallares)<\/div>\n<\/li>\n<li>\n<div class=\"title\"><i class=\"fas fa-bullhorn\"><\/i> A quien corresponda&#8230; (video)<\/div>\n<div class=\"detail\">EES No. 4 &#8211; Tres Arroyos<\/div>\n<\/li>\n<li>\n<div class=\"title\"><i class=\"fas fa-bullhorn\"><\/i> Comunidad Organizada (video)<\/div>\n<div class=\"detail\">EST No. 2 &#8211; Ciudad Evita<\/div>\n<\/li>\n<\/ul>\n<\/div>\n<div class=\"bloque listing bloque-con-presentaciones\">\n<div class=\"title\"><span class=\"horaInicio\"> 18:00 hs. <\/span><span class=\"title\"> Presentaciones (HOTEL 8) <\/span><\/div>\n<ul class=\"presentaciones listing\">\n<li>\n<div class=\"title\"><i class=\"fas fa-bullhorn\"><\/i> \u00bfMito en el rancho? (video)<\/div>\n<div class=\"detail\">EES No. 12 &#8211; Crucesita<\/div>\n<\/li>\n<li>\n<div class=\"title\"><i class=\"fas fa-bullhorn\"><\/i> El acceso al trabajo en nuestro barrio (radio)<\/div>\n<div class=\"detail\">EST No. 1 &#8211; Villa Santos Tesei<\/div>\n<\/li>\n<li>\n<div class=\"title\"><i class=\"fas fa-bullhorn\"><\/i> Ella, una luchadora (audio)<\/div>\n<div class=\"detail\">EES No. 18 &#8211; Hurlingham<\/div>\n<\/li>\n<li>\n<div class=\"title\"><i class=\"fas fa-bullhorn\"><\/i> De la Curva a los M\u00e9danos (teatro)<\/div>\n<div class=\"detail\">EES No. 10 &#8211; Claromec\u00f3<\/div>\n<\/li>\n<li>\n<div class=\"title\"><i class=\"fas fa-bullhorn\"><\/i> Enemigo invisible (video)<\/div>\n<div class=\"detail\">ESA No. 1 &#8211; Hurlingham<\/div>\n<\/li>\n<li>\n<div class=\"title\"><i class=\"fas fa-bullhorn\"><\/i> Cuidar es trabajo (video)<\/div>\n<div class=\"detail\">OOSS Arco Iris &#8211; Centro Comunitario &#8211; Dock sud<\/div>\n<\/li>\n<li>\n<div class=\"title\"><i class=\"fas fa-bullhorn\"><\/i> Militante, defensor y voz de su Barrio (video)<\/div>\n<div class=\"detail\">EES No. 98 &#8211; Isidro Casanova<\/div>\n<\/li>\n<li>\n<div class=\"title\"><i class=\"fas fa-bullhorn\"><\/i> Promotores de DDHH (video)<\/div>\n<div class=\"detail\">OOSS SERPAJ &#8211; Organismo de DDHH &#8211; Avellaneda<\/div>\n<\/li>\n<\/ul>\n<\/div>\n<div class=\"bloque listing \">\n<div class=\"title\"><span class=\"horaInicio\"> 18:00 hs. <\/span><span class=\"title\"> Actividades para J\u00f3venes (Explanada) (HOTEL 5) <\/span><\/div>\n<\/div>\n<div class=\"bloque listing \">\n<div class=\"title\"><span class=\"horaInicio\"> 21:00 hs. <\/span><span class=\"title\"> Cena (COMEDOR) <\/span><\/div>\n<\/div>\n<div class=\"bloque listing bloque-con-presentaciones\">\n<div class=\"title\"><span class=\"horaInicio\"> 22:00 hs. <\/span><span class=\"title\"> Presentaciones (HOTEL 8) <\/span><\/div>\n<ul class=\"presentaciones listing\">\n<li>\n<div class=\"title\"><i class=\"fas fa-bullhorn\"><\/i> El Centro Cultural Favero (video)<\/div>\n<div class=\"detail\">EEM No. 3141 &#8211; La Plata<\/div>\n<\/li>\n<li>\n<div class=\"title\"><i class=\"fas fa-bullhorn\"><\/i> Memorias del pasado de Gral. La Madrid (video)<\/div>\n<div class=\"detail\">EES No. 1 &#8211; General La Madrid<\/div>\n<\/li>\n<li>\n<div class=\"title\"><i class=\"fas fa-bullhorn\"><\/i> \u00bfLos a\u00f1os felices?: militancia y subjetividades en los a\u00f1os 70 (video)<\/div>\n<div class=\"detail\">Taller de J\u00f3venes y Memoria &#8211; FaHCE &#8211; UNLP &#8211; La Plata<\/div>\n<\/li>\n<li>\n<div class=\"title\"><i class=\"fas fa-bullhorn\"><\/i> \u00abJ\u00f3venes en acci\u00f3n\u00bb (video)<\/div>\n<div class=\"detail\">EE No. 512 &#8211; Isidro Casanova<\/div>\n<\/li>\n<li>\n<div class=\"title\"><i class=\"fas fa-bullhorn\"><\/i> #haz tu parte (teatro)<\/div>\n<div class=\"detail\">OOSS SIPPD &#8211; Envion Podes Monoblock &#8211; Ciudad Evita<\/div>\n<\/li>\n<li>\n<div class=\"title\"><i class=\"fas fa-bullhorn\"><\/i> Pibes del Isauro: entre la calle y la escuela (teatro)<\/div>\n<div class=\"detail\">EA No. &#8211; Avellaneda<\/div>\n<\/li>\n<\/ul>\n<\/div>\n<\/div>\n<div class=\"title\" style=\"text-align: left;\">Dia 3 <i class=\"fas fa-bolt\"><\/i><\/div>\n<div class=\"bloques listing\" style=\"text-align: left;\">\n<div class=\"bloque listing bloque-con-presentaciones\">\n<div class=\"title\"><span class=\"horaInicio\"> 08:30 hs. <\/span><span class=\"title\"> Presentaciones (HOTEL 8) <\/span><\/div>\n<ul class=\"presentaciones listing\">\n<li>\n<div class=\"title\"><i class=\"fas fa-bullhorn\"><\/i> El f\u00fatbol de las pibas (video)<\/div>\n<div class=\"detail\">OOSS Envi\u00f3n Pod\u00e9s El Torero &#8211; Envi\u00f3n Pod\u00e9s &#8211; Rafael Castillo<\/div>\n<\/li>\n<li>\n<div class=\"title\"><i class=\"fas fa-bullhorn\"><\/i> No es casualidad si as\u00ed estamos (instalaci\u00f3n)<\/div>\n<div class=\"detail\">OOSS merendero 1 de mayo &#8211; jovenes envion ph &#8211; Isidro Casanova<\/div>\n<\/li>\n<li>\n<div class=\"title\"><i class=\"fas fa-bullhorn\"><\/i> El valor de las palabras (video)<\/div>\n<div class=\"detail\">ESEA No. 1 &#8211; Tres Arroyos<\/div>\n<\/li>\n<li>\n<div class=\"title\"><i class=\"fas fa-bullhorn\"><\/i> Somos ell@s y nosotr@s (video)<\/div>\n<div class=\"detail\">EES No. 31 &#8211; Isidro Casanova<\/div>\n<\/li>\n<li>\n<div class=\"title\"><i class=\"fas fa-bullhorn\"><\/i> La ni\u00f1ez de Majo (video)<\/div>\n<div class=\"detail\">EES No. 8 &#8211; Chascom\u00fas<\/div>\n<\/li>\n<li>\n<div class=\"title\"><i class=\"fas fa-bullhorn\"><\/i> Al educar se adoctrina? (gr\u00e1fica)<\/div>\n<div class=\"detail\">EES No. 32 &#8211; La Plata<\/div>\n<\/li>\n<\/ul>\n<\/div>\n<div class=\"bloque listing bloque-con-presentaciones\">\n<div class=\"title\"><span class=\"horaInicio\"> 10:30 hs. <\/span><span class=\"title\"> Presentaciones (HOTEL 8) <\/span><\/div>\n<ul class=\"presentaciones listing\">\n<li>\n<div class=\"title\"><i class=\"fas fa-bullhorn\"><\/i> Caidos del Almanaque, del Barrio pa el Barrio (video)<\/div>\n<div class=\"detail\">OOSS Caidos del Almanaque &#8211; Murga &#8211; Sarand\u00ed<\/div>\n<\/li>\n<li>\n<div class=\"title\"><i class=\"fas fa-bullhorn\"><\/i> \u00abIdentidad Puerta de Hierro\u00bb (video)<\/div>\n<div class=\"detail\">OOSS centro comunitario renacer PH &#8211; centro comunitario renacer PH &#8211; Isidro Casanova<\/div>\n<\/li>\n<li>\n<div class=\"title\"><i class=\"fas fa-bullhorn\"><\/i> Visibilidad de personas trans (radio)<\/div>\n<div class=\"detail\">EES No. 20 &#8211; William C. Morris<\/div>\n<\/li>\n<li>\n<div class=\"title\"><i class=\"fas fa-bullhorn\"><\/i> Se hace camino al andar (video)<\/div>\n<div class=\"detail\">OOSS Dock Sud &#8211; Polo Productivo &#8211; Dock sud<\/div>\n<\/li>\n<li>\n<div class=\"title\"><i class=\"fas fa-bullhorn\"><\/i> Desenterrando el pasado (gr\u00e1fica)<\/div>\n<div class=\"detail\">Escuela Privada Escuela de Educaci\u00f3n Secundaria Instituto Bivongi &#8211; La Plata<\/div>\n<\/li>\n<li>\n<div class=\"title\"><i class=\"fas fa-bullhorn\"><\/i> Vida cotidiana en Benito Ju\u00e1rez ( 1976-1990) (video)<\/div>\n<div class=\"detail\">EES No. 3 &#8211; Benito Ju\u00e1rez (Est. Ju\u00e1rez)<\/div>\n<\/li>\n<li>\n<div class=\"title\"><i class=\"fas fa-bullhorn\"><\/i> Los que quedamos (gr\u00e1fica)<\/div>\n<div class=\"detail\">ESB No. 2 &#8211; Tres Arroyos<\/div>\n<\/li>\n<\/ul>\n<\/div>\n<div class=\"bloque listing \">\n<div class=\"title\"><span class=\"horaInicio\"> 13:00 hs. <\/span><span class=\"title\"> Almuerzo (COMEDOR) <\/span><\/div>\n<\/div>\n<div class=\"bloque listing bloque-con-presentaciones\">\n<div class=\"title\"><span class=\"horaInicio\"> 14:00 hs. <\/span><span class=\"title\"> Presentaciones (HOTEL 8) <\/span><\/div>\n<ul class=\"presentaciones listing\">\n<li>\n<div class=\"title\"><i class=\"fas fa-bullhorn\"><\/i> La Resi abrazos necesarios (video)<\/div>\n<div class=\"detail\">OOSS La Resistencia &#8211; Envi\u00f3n Podes (SIPPD) &#8211; Ciudad Evita<\/div>\n<\/li>\n<li>\n<div class=\"title\"><i class=\"fas fa-bullhorn\"><\/i> Siempre Malvinas (video)<\/div>\n<div class=\"detail\">EES No. 30 &#8211; Gonz\u00e1lez Cat\u00e1n<\/div>\n<\/li>\n<li>\n<div class=\"title\"><i class=\"fas fa-bullhorn\"><\/i> Derechos de trabajadores vulnerados (video)<\/div>\n<div class=\"detail\">EES No. 7 &#8211; Tres Arroyos<\/div>\n<\/li>\n<li>\n<div class=\"title\"><i class=\"fas fa-bullhorn\"><\/i> Memorias del Exilio (video)<\/div>\n<div class=\"detail\">Escuela Privada Escuela Especial Escuela Especial Hurlingham &#8211; Hurlingham<\/div>\n<\/li>\n<li>\n<div class=\"title\"><i class=\"fas fa-bullhorn\"><\/i> Malvinas y Dictadura (video)<\/div>\n<div class=\"detail\">EES No. 56 &#8211; La Plata<\/div>\n<\/li>\n<li>\n<div class=\"title\"><i class=\"fas fa-bullhorn\"><\/i> Casta al territorio! (video)<\/div>\n<div class=\"detail\">Escuela Privada Escuela de Educaci\u00f3n Secundaria CEF Padre Casta\u00f1eda &#8211; La Plata<\/div>\n<\/li>\n<li>\n<div class=\"title\"><i class=\"fas fa-bullhorn\"><\/i> Memorias del presente (fotograf\u00eda)<\/div>\n<div class=\"detail\">C-CFI No. 512 &#8211; La Matanza<\/div>\n<\/li>\n<li>\n<div class=\"title\"><i class=\"fas fa-bullhorn\"><\/i> \u00abDock Sud: presente y pasado. Indentidades\u00bb (video)<\/div>\n<div class=\"detail\">EEM No. 22 &#8211; Dock sud<\/div>\n<\/li>\n<\/ul>\n<\/div>\n<div class=\"bloque listing bloque-con-presentaciones\">\n<div class=\"title\"><span class=\"horaInicio\"> 16:00 hs. <\/span><span class=\"title\"> Presentaciones (HOTEL 8) <\/span><\/div>\n<ul class=\"presentaciones listing\">\n<li>\n<div class=\"title\"><i class=\"fas fa-bullhorn\"><\/i> Historias de vida de victimas de dictadura (gr\u00e1fica)<\/div>\n<div class=\"detail\">EES No. 92 &#8211; La Plata<\/div>\n<\/li>\n<li>\n<div class=\"title\"><i class=\"fas fa-bullhorn\"><\/i> La educaci\u00f3n secundaria en el \u00e1mbito rural (video)<\/div>\n<div class=\"detail\">EES No. 4 &#8211; L\u00edbano<\/div>\n<\/li>\n<li>\n<div class=\"title\"><i class=\"fas fa-bullhorn\"><\/i> jovenes fol (video)<\/div>\n<div class=\"detail\">OOSS JOVENES FOL &#8211; Organizacion social &#8211; La Plata<\/div>\n<\/li>\n<li>\n<div class=\"title\"><i class=\"fas fa-bullhorn\"><\/i> Vivir en Hurlingham; igualdad y desigualdad (video)<\/div>\n<div class=\"detail\">C-CENS No. 452 &#8211; Hurlingham<\/div>\n<\/li>\n<li>\n<div class=\"title\"><i class=\"fas fa-bullhorn\"><\/i> La mirada del otro (video)<\/div>\n<div class=\"detail\">EES No. 53 &#8211; Isidro Casanova<\/div>\n<\/li>\n<li>\n<div class=\"title\"><i class=\"fas fa-bullhorn\"><\/i> De la escuela al club (video)<\/div>\n<div class=\"detail\">EES No. 86 &#8211; Colonia Urquiza<\/div>\n<\/li>\n<li>\n<div class=\"title\"><i class=\"fas fa-bullhorn\"><\/i> Memoria viva (video)<\/div>\n<div class=\"detail\">ESEA No. 1 &#8211; William C. Morris<\/div>\n<\/li>\n<li>\n<div class=\"title\"><i class=\"fas fa-bullhorn\"><\/i> ESTO ES LO QUE PENSAMOS (video)<\/div>\n<div class=\"detail\">OOSS JOVENES FOL &#8211; FRENTE DE ORGANIZACIONES EN LUCHA &#8211; FOL &#8211; La Plata<\/div>\n<\/li>\n<\/ul>\n<\/div>\n<div class=\"bloque listing \">\n<div class=\"title\"><span class=\"horaInicio\"> 18:00 hs. <\/span><span class=\"title\"> Taller para coordinadores (HOTEL 8) <\/span><\/div>\n<\/div>\n<div class=\"bloque listing \">\n<div class=\"title\"><span class=\"horaInicio\"> 18:00 hs. <\/span><span class=\"title\"> Actividades para j\u00f3venes (HOTEL 5) <\/span><\/div>\n<\/div>\n<div class=\"bloque listing \">\n<div class=\"title\"><span class=\"horaInicio\"> 21:00 hs. <\/span><span class=\"title\"> Cena (COMEDOR) <\/span><\/div>\n<\/div>\n<div class=\"bloque listing \">\n<div class=\"title\"><span class=\"horaInicio\"> 22:00 hs. <\/span><span class=\"title\"> Cierre del Encuentro y Fiesta (HOTEL 8) <\/span><\/div>\n<\/div>\n<\/div>\n<div class=\"title\" style=\"text-align: left;\">Dia 4 <i class=\"fas fa-bolt\"><\/i><\/div>\n<div class=\"bloques listing\">\n<div class=\"bloque listing \">\n<div class=\"title\" style=\"text-align: left;\"><span class=\"horaInicio\"> 07:00 hs. <\/span><span class=\"title\"> Desayuno y egreso (COMEDOR) <\/span><\/div>\n<\/div>\n<\/div>\n<\/div>\n<\/div>\n<\/div>\n<\/div>\n<\/div>\n<\/div>\n<\/div>\n<\/div>\n<\/div>\n<\/div>\n<\/div>\n<\/div>\n<\/div>\n<\/div>\n<p>[\/et_pb_toggle][\/et_pb_column][\/et_pb_row][\/et_pb_section][et_pb_section fb_built=\u00bb1&#8243; module_id=\u00bbtanda8&#8243; _builder_version=\u00bb4.27.3&#8243; _module_preset=\u00bbdefault\u00bb custom_padding=\u00bb0px||0px||false|false\u00bb global_colors_info=\u00bb{}\u00bb][et_pb_row _builder_version=\u00bb4.27.2&#8243; _module_preset=\u00bbdefault\u00bb global_colors_info=\u00bb{}\u00bb][et_pb_column type=\u00bb4_4&#8243; _builder_version=\u00bb4.27.2&#8243; _module_preset=\u00bbdefault\u00bb global_colors_info=\u00bb{}\u00bb][et_pb_toggle title=\u00bbTANDA 8&#8243; open_toggle_background_color=\u00bb#FFFFFF\u00bb closed_toggle_text_color=\u00bb#FFFFFF\u00bb closed_toggle_background_color=\u00bb#E02B20&#8243; icon_color=\u00bb#FFFFFF\u00bb open_icon_color=\u00bb#E02B20&#8243; _builder_version=\u00bb4.27.3&#8243; _module_preset=\u00bbdefault\u00bb title_font=\u00bb|700|||||||\u00bb title_text_align=\u00bbcenter\u00bb title_font_size=\u00bb24px\u00bb closed_title_font=\u00bb|700|||||||\u00bb closed_title_text_align=\u00bbcenter\u00bb closed_title_font_size=\u00bb24px\u00bb border_width_all=\u00bb4px\u00bb border_color_all=\u00bb#E02B20&#8243; global_colors_info=\u00bb{}\u00bb]<\/p>\n<div class=\"tanda\">\n<div class=\"diasTanda listing\">\n<div class=\"tanda\">\n<div class=\"diasTanda listing\">\n<div class=\"tanda\">\n<div class=\"diasTanda listing\">\n<div class=\"tanda\">\n<div class=\"title\">\n<div class=\"tanda\">\n<div class=\"diasTanda listing\">\n<div class=\"title\" style=\"text-align: left;\">\n<div class=\"title\">\n<div class=\"tanda\">\n<div class=\"diasTanda listing\">\n<div class=\"title\" style=\"text-align: left;\">\n<div class=\"tanda-head\">\n<div class=\"duration\" style=\"text-align: left;\"><\/div>\n<\/div>\n<div class=\"diasTanda listing\">\n<div class=\"title\" style=\"text-align: left;\">Dia 1<span>\u00a0<\/span><i class=\"fas fa-bolt\"><\/i><\/div>\n<div class=\"bloques listing\" style=\"text-align: left;\">\n<div class=\"bloque listing \">\n<div class=\"title\"><span class=\"horaInicio\">09:00 hs.<span>\u00a0<\/span><\/span><span class=\"title\">Acreditaci\u00f3n (Hall hotel) (HOTEL 5)<\/span><\/div>\n<\/div>\n<div class=\"bloque listing \">\n<div class=\"title\"><span class=\"horaInicio\">09:00 hs.<span>\u00a0<\/span><\/span><span class=\"title\">Acreditaci\u00f3n (Hall hotel) (HOTEL 8)<\/span><\/div>\n<\/div>\n<div class=\"bloque listing \">\n<div class=\"title\"><span class=\"horaInicio\">13:00 hs.<span>\u00a0<\/span><\/span><span class=\"title\">Almuerzo (COMEDOR)<\/span><\/div>\n<\/div>\n<div class=\"bloque listing bloque-con-presentaciones\">\n<div class=\"title\"><span class=\"horaInicio\">15:00 hs.<span>\u00a0<\/span><\/span><span class=\"title\">Apertura (Auditorio) (HOTEL 8)<\/span><\/div>\n<ul class=\"presentaciones listing\">\n<li>\n<div class=\"title\"><i class=\"fas fa-bullhorn\"><\/i>Acerc\u00e1ndonos al maestro alberdino Elvio Bel (video)<\/div>\n<div class=\"detail\">ESA No. &#8211; Entre R\u00edos<\/div>\n<\/li>\n<\/ul>\n<\/div>\n<div class=\"bloque listing \">\n<div class=\"title\"><span class=\"horaInicio\">16:00 hs.<span>\u00a0<\/span><\/span><span class=\"title\">Taller de bienvenida para j\u00f3venes (Explanada) (HOTEL 8)<\/span><\/div>\n<\/div>\n<div class=\"bloque listing \">\n<div class=\"title\"><span class=\"horaInicio\">16:00 hs.<span>\u00a0<\/span><\/span><span class=\"title\">Taller de bienvenida para coordinadores (Auditorio) (HOTEL 8)<\/span><\/div>\n<\/div>\n<div class=\"bloque listing bloque-con-presentaciones\">\n<div class=\"title\"><span class=\"horaInicio\">18:00 hs.<span>\u00a0<\/span><\/span><span class=\"title\">Presentaciones (HOTEL 8)<\/span><\/div>\n<ul class=\"presentaciones listing\">\n<li>\n<div class=\"title\"><i class=\"fas fa-bullhorn\"><\/i>EL CAMINO DEL ORGULLO (video)<\/div>\n<div class=\"detail\">EES No. 4 &#8211; Tandil<\/div>\n<\/li>\n<li>\n<div class=\"title\"><i class=\"fas fa-bullhorn\"><\/i>RECONOCIENDOME (video)<\/div>\n<div class=\"detail\">EES No. 23 &#8211; Moreno<\/div>\n<\/li>\n<li>\n<div class=\"title\"><i class=\"fas fa-bullhorn\"><\/i>Sinchi warmi (video)<\/div>\n<div class=\"detail\">OOSS Club juvenil si avanzo, seguime &#8211; Club &#8211; Moreno<\/div>\n<\/li>\n<li>\n<div class=\"title\"><i class=\"fas fa-bullhorn\"><\/i>Acciones colectivas y j\u00f3venes (video)<\/div>\n<div class=\"detail\">C-CENS No. 453 &#8211; Ensenada<\/div>\n<\/li>\n<li>\n<div class=\"title\"><i class=\"fas fa-bullhorn\"><\/i>Derechos laborales en la Movediza (gr\u00e1fica)<\/div>\n<div class=\"detail\">OOSS Barrial Movediza &#8211; Vientos de Libertad &#8211; Centro Barrial &#8211; Tandil<\/div>\n<\/li>\n<li>\n<div class=\"title\"><i class=\"fas fa-bullhorn\"><\/i>Los jovenes alzan la voz (video)<\/div>\n<div class=\"detail\">OOSS La casona de Cuartel V &#8211; Centro socioeducativo &#8211; Cuartel V<\/div>\n<\/li>\n<li>\n<div class=\"title\"><i class=\"fas fa-bullhorn\"><\/i>Verdad y Democracia (video)<\/div>\n<div class=\"detail\">EES No. 7 &#8211; Jos\u00e9 C. Paz<\/div>\n<\/li>\n<li>\n<div class=\"title\"><i class=\"fas fa-bullhorn\"><\/i>Violencia de g\u00e9nero verbal callejero (video)<\/div>\n<div class=\"detail\">EES No. 32 &#8211; Gar\u00edn<\/div>\n<\/li>\n<\/ul>\n<\/div>\n<div class=\"bloque listing \">\n<div class=\"title\"><span class=\"horaInicio\">21:00 hs.<span>\u00a0<\/span><\/span><span class=\"title\">Cena (COMEDOR)<\/span><\/div>\n<\/div>\n<div class=\"bloque listing bloque-con-presentaciones\">\n<div class=\"title\"><span class=\"horaInicio\">22:00 hs.<span>\u00a0<\/span><\/span><span class=\"title\">Presentaciones (HOTEL 8)<\/span><\/div>\n<ul class=\"presentaciones listing\">\n<li>\n<div class=\"title\"><i class=\"fas fa-bullhorn\"><\/i>Historias de vida (video)<\/div>\n<div class=\"detail\">EES No. 63 &#8211; Lomas de Zamora<\/div>\n<\/li>\n<li>\n<div class=\"title\"><i class=\"fas fa-bullhorn\"><\/i>Las invisibles.Memoriadel terrorismo deestado (video)<\/div>\n<div class=\"detail\">EES No. 19 &#8211; Bel\u00e9n de Escobar<\/div>\n<\/li>\n<li>\n<div class=\"title\"><i class=\"fas fa-bullhorn\"><\/i>LA MEMORIA SE CONSTRUYE!!!! (murga)<\/div>\n<div class=\"detail\">OOSS Centro Comunitario Providencia ( Gastasuela ) &#8211; Centro Cultural\/murga &#8211; Jos\u00e9 C. Paz<\/div>\n<\/li>\n<li>\n<div class=\"title\"><i class=\"fas fa-bullhorn\"><\/i>Cloacas en el Partido de Jose C. Paz (video)<\/div>\n<div class=\"detail\">EES No. 2 &#8211; Jos\u00e9 C. Paz<\/div>\n<\/li>\n<li>\n<div class=\"title\"><i class=\"fas fa-bullhorn\"><\/i>Salud Mental y Consumo Problem\u00e1tico (audio)<\/div>\n<div class=\"detail\">OOSS Vientos de Libertad &#8211; Casita Dar\u00edo Santill\u00e1n &#8211; Casa Comunitaria &#8211; Tandil<\/div>\n<\/li>\n<li>\n<div class=\"title\"><i class=\"fas fa-bullhorn\"><\/i>Malvinas: Relatos de ayer, hoy y siempre (audio)<\/div>\n<div class=\"detail\">OOSS ENVION ALBERTINA &#8211; PROGRAMA ENVION SEDE ALBERTINA &#8211; Lomas de Zamora<\/div>\n<\/li>\n<li>\n<div class=\"title\"><i class=\"fas fa-bullhorn\"><\/i>\u00bfEn qu\u00e9 contexto aprendemos y ense\u00f1amos? (teatro)<\/div>\n<div class=\"detail\">EES No. 35 &#8211; La Reja<\/div>\n<\/li>\n<\/ul>\n<\/div>\n<\/div>\n<div class=\"title\" style=\"text-align: left;\">Dia 2<span>\u00a0<\/span><i class=\"fas fa-bolt\"><\/i><\/div>\n<div class=\"bloques listing\" style=\"text-align: left;\">\n<div class=\"bloque listing bloque-con-presentaciones\">\n<div class=\"title\"><span class=\"horaInicio\">09:00 hs.<span>\u00a0<\/span><\/span><span class=\"title\">Presentaciones (HOTEL 8)<\/span><\/div>\n<ul class=\"presentaciones listing\">\n<li>\n<div class=\"title\"><i class=\"fas fa-bullhorn\"><\/i>Tekoh\u00e1 argentina (video)<\/div>\n<div class=\"detail\">EES No. 33 &#8211; Truju\u00ed<\/div>\n<\/li>\n<li>\n<div class=\"title\"><i class=\"fas fa-bullhorn\"><\/i>Defensores del tongui (video)<\/div>\n<div class=\"detail\">OOSS Defensores del tongui &#8211; Club deportivo de barrio &#8211; Banfield<\/div>\n<\/li>\n<li>\n<div class=\"title\"><i class=\"fas fa-bullhorn\"><\/i>Contaminaci\u00f3n ambiental (video)<\/div>\n<div class=\"detail\">EES No. 78 &#8211; Lomas de Zamora<\/div>\n<\/li>\n<li>\n<div class=\"title\"><i class=\"fas fa-bullhorn\"><\/i>CULTURA DE RESISTENCIA DURANTE LA DICTADURA M (video)<\/div>\n<div class=\"detail\">EES No. &#8211; Entre R\u00edos<\/div>\n<\/li>\n<li>\n<div class=\"title\"><i class=\"fas fa-bullhorn\"><\/i>J\u00f3venes y Trabajo (audio)<\/div>\n<div class=\"detail\">OOSS Envion Villa Aguirre &#8211; Programa Envion &#8211; Tandil<\/div>\n<\/li>\n<li>\n<div class=\"title\"><i class=\"fas fa-bullhorn\"><\/i>Los caminos de Zelaray\u00e1n (video)<\/div>\n<div class=\"detail\">EES No. 48 &#8211; Lomas de Zamora<\/div>\n<\/li>\n<li>\n<div class=\"title\"><i class=\"fas fa-bullhorn\"><\/i>J\u00f3venes y medios de comunicaci\u00f3n (video)<\/div>\n<div class=\"detail\">OOSS Puertas Abiertas &#8211; Centro de D\u00eda &#8211; Tandil<\/div>\n<\/li>\n<\/ul>\n<\/div>\n<div class=\"bloque listing bloque-con-presentaciones\">\n<div class=\"title\"><span class=\"horaInicio\">10:30 hs.<span>\u00a0<\/span><\/span><span class=\"title\">Presentaciones (HOTEL 8)<\/span><\/div>\n<ul class=\"presentaciones listing\">\n<li>\n<div class=\"title\"><i class=\"fas fa-bullhorn\"><\/i>Sembrando a los Cuatro Vientos (video)<\/div>\n<div class=\"detail\">EES No. 81 &#8211; Truju\u00ed<\/div>\n<\/li>\n<li>\n<div class=\"title\"><i class=\"fas fa-bullhorn\"><\/i>Experiencias y memorias de la crisis del 2001 (video)<\/div>\n<div class=\"detail\">EES No. 0 &#8211; Tandil<\/div>\n<\/li>\n<li>\n<div class=\"title\"><i class=\"fas fa-bullhorn\"><\/i>Todos seguimos en Malvinas (video)<\/div>\n<div class=\"detail\">OOSS E.E.S.N\u00b0 7 HEROINAS DE MALVINAS &#8211; PATIOS ABIERTOS 7Hero\u00ednas de Malvinas &#8211; Moreno<\/div>\n<\/li>\n<li>\n<div class=\"title\"><i class=\"fas fa-bullhorn\"><\/i>Arquitectura y comunicaci\u00f3n de los CCDT (video)<\/div>\n<div class=\"detail\">EES No. 83 &#8211; Banfield<\/div>\n<\/li>\n<li>\n<div class=\"title\"><i class=\"fas fa-bullhorn\"><\/i>Salud mental (video)<\/div>\n<div class=\"detail\">EES No. 14 &#8211; Ingeniero Maschwitz<\/div>\n<\/li>\n<li>\n<div class=\"title\"><i class=\"fas fa-bullhorn\"><\/i>centro comunitario belen (video)<\/div>\n<div class=\"detail\">OOSS belen &#8211; centro comunitario &#8211; Jos\u00e9 C. Paz<\/div>\n<\/li>\n<li>\n<div class=\"title\"><i class=\"fas fa-bullhorn\"><\/i>El Consumo Problem\u00e1tico en Tunitas (gr\u00e1fica)<\/div>\n<div class=\"detail\">OOSS Envi\u00f3n Tunitas &#8211; programa de responsabilidad social compartida &#8211; Tandil<\/div>\n<\/li>\n<\/ul>\n<\/div>\n<div class=\"bloque listing \">\n<div class=\"title\"><span class=\"horaInicio\">11:00 hs.<span>\u00a0<\/span><\/span><span class=\"title\">Talleres de producci\u00f3n (Explanada) (HOTEL 5)<\/span><\/div>\n<\/div>\n<div class=\"bloque listing \">\n<div class=\"title\"><span class=\"horaInicio\">13:00 hs.<span>\u00a0<\/span><\/span><span class=\"title\">Almuerzo (COMEDOR)<\/span><\/div>\n<\/div>\n<div class=\"bloque listing bloque-con-presentaciones\">\n<div class=\"title\"><span class=\"horaInicio\">14:00 hs.<span>\u00a0<\/span><\/span><span class=\"title\">Presentaciones (HOTEL 8)<\/span><\/div>\n<ul class=\"presentaciones listing\">\n<li>\n<div class=\"title\"><i class=\"fas fa-bullhorn\"><\/i>La universidad p\u00fablica, mi derecho. (video)<\/div>\n<div class=\"detail\">EES No. 55 &#8211; Truju\u00ed<\/div>\n<\/li>\n<li>\n<div class=\"title\"><i class=\"fas fa-bullhorn\"><\/i>Cuentos de terror territoriales (video)<\/div>\n<div class=\"detail\">OOSS El Ceibo &#8211; Centro Comunitario &#8211; Jos\u00e9 C. Paz<\/div>\n<\/li>\n<li>\n<div class=\"title\"><i class=\"fas fa-bullhorn\"><\/i>Memoria de un pueblo (video)<\/div>\n<div class=\"detail\">OOSS Unidad Basica Eva Duarte &#8211; Organizaci\u00f3n Politica &#8211; Ingeniero Maschwitz<\/div>\n<\/li>\n<li>\n<div class=\"title\"><i class=\"fas fa-bullhorn\"><\/i>Maldita Nota (radio)<\/div>\n<div class=\"detail\">EST No. 5 &#8211; Tandil<\/div>\n<\/li>\n<li>\n<div class=\"title\"><i class=\"fas fa-bullhorn\"><\/i>\u00bfMemoria visual o construcci\u00f3n de la memoria? (video)<\/div>\n<div class=\"detail\">EES No. 12 &#8211; Truju\u00ed<\/div>\n<\/li>\n<li>\n<div class=\"title\"><i class=\"fas fa-bullhorn\"><\/i>\u00abSolo se que no se nada\u00bb (video)<\/div>\n<div class=\"detail\">EES No. 31 &#8211; Matheu<\/div>\n<\/li>\n<li>\n<div class=\"title\"><i class=\"fas fa-bullhorn\"><\/i>Escuelas vouchers (video)<\/div>\n<div class=\"detail\">EES No. 7 &#8211; Moreno<\/div>\n<\/li>\n<li>\n<div class=\"title\"><i class=\"fas fa-bullhorn\"><\/i>Voces de Malvinas (video)<\/div>\n<div class=\"detail\">EES No. 792 &#8211; Chubut &#8211; Trelew<\/div>\n<\/li>\n<\/ul>\n<\/div>\n<div class=\"bloque listing bloque-con-presentaciones\">\n<div class=\"title\"><span class=\"horaInicio\">16:00 hs.<span>\u00a0<\/span><\/span><span class=\"title\">Presentaciones (HOTEL 8)<\/span><\/div>\n<ul class=\"presentaciones listing\">\n<li>\n<div class=\"title\"><i class=\"fas fa-bullhorn\"><\/i>La Cultura es la Sonrisa. (video)<\/div>\n<div class=\"detail\">EES No. 17 &#8211; Puerto Paran\u00e1<\/div>\n<\/li>\n<li>\n<div class=\"title\"><i class=\"fas fa-bullhorn\"><\/i>paulo freire (video)<\/div>\n<div class=\"detail\">OOSS paulo freire &#8211; biblioteca popular &#8211; Jos\u00e9 C. Paz<\/div>\n<\/li>\n<li>\n<div class=\"title\"><i class=\"fas fa-bullhorn\"><\/i>los cuentos de la buena memoria (video)<\/div>\n<div class=\"detail\">OOSS centro cultural oveja negra &#8211; centro cultural oveja negra &#8211; Truju\u00ed<\/div>\n<\/li>\n<li>\n<div class=\"title\"><i class=\"fas fa-bullhorn\"><\/i>Madygraf,lucha y aprendizaje 10 a\u00f1os despu\u00e9s (radio)<\/div>\n<div class=\"detail\">EA No. 454 &#8211; Ingeniero Maschwitz<\/div>\n<\/li>\n<li>\n<div class=\"title\"><i class=\"fas fa-bullhorn\"><\/i>Dignidad y rebeldia (video)<\/div>\n<div class=\"detail\">OOSS FRACTAL (Frente Cultural Lago Puelo) &#8211; Frente cultural y biblioteca popular &#8211; Chubut &#8211; Trelew<\/div>\n<\/li>\n<li>\n<div class=\"title\"><i class=\"fas fa-bullhorn\"><\/i>Mi tierra, mi barrio Villanueva (video)<\/div>\n<div class=\"detail\">OOSS Centro Socioeducativo y Comunitario Villanueva Villanueva &#8211; Centro Socioeducativo y comunitario &#8211; Truju\u00ed<\/div>\n<\/li>\n<li>\n<div class=\"title\"><i class=\"fas fa-bullhorn\"><\/i>Espacios seguros (murga)<\/div>\n<div class=\"detail\">OOSS Murguita de 7 Colores &#8211; Murga &#8211; Tandil<\/div>\n<\/li>\n<li>\n<div class=\"title\"><i class=\"fas fa-bullhorn\"><\/i>Viajeros (teatro)<\/div>\n<div class=\"detail\">EES No. 32 &#8211; Truju\u00ed<\/div>\n<\/li>\n<\/ul>\n<\/div>\n<div class=\"bloque listing bloque-con-presentaciones\">\n<div class=\"title\"><span class=\"horaInicio\">18:00 hs.<span>\u00a0<\/span><\/span><span class=\"title\">Presentaciones (HOTEL 8)<\/span><\/div>\n<ul class=\"presentaciones listing\">\n<li>\n<div class=\"title\"><i class=\"fas fa-bullhorn\"><\/i>De-Construyendo el g\u00e9nero en el deporte (video)<\/div>\n<div class=\"detail\">ESB No. 22 &#8211; Jos\u00e9 C. Paz<\/div>\n<\/li>\n<li>\n<div class=\"title\"><i class=\"fas fa-bullhorn\"><\/i>LAS VIAS QUE NOS MATAN (video)<\/div>\n<div class=\"detail\">OOSS centro comunitario Providencia &#8211; centro comunitario &#8211; Jos\u00e9 C. Paz<\/div>\n<\/li>\n<li>\n<div class=\"title\"><i class=\"fas fa-bullhorn\"><\/i>Arte y cultura (danzas)<\/div>\n<div class=\"detail\">OOSS Centro Creativo Cultural Comunitario El Encuentro. &#8211; Taller de Acrobacia a\u00e9rea y piso, Swuing &#8211; Truju\u00ed<\/div>\n<\/li>\n<li>\n<div class=\"title\"><i class=\"fas fa-bullhorn\"><\/i>El Barrio de las flores (video)<\/div>\n<div class=\"detail\">OOSS San Agustin &#8211; Centro Comunitario &#8211; Jos\u00e9 C. Paz<\/div>\n<\/li>\n<li>\n<div class=\"title\"><i class=\"fas fa-bullhorn\"><\/i>Trujui. Vivienda digna (teatro)<\/div>\n<div class=\"detail\">EES No. 68 &#8211; Truju\u00ed<\/div>\n<\/li>\n<li>\n<div class=\"title\"><i class=\"fas fa-bullhorn\"><\/i>Soberania en nuestrxs cuerpxs (video)<\/div>\n<div class=\"detail\">OOSS Centro Comunitario Abriendo las Alas &#8211; Centro Comunitario y Educativo &#8211; Jos\u00e9 C. Paz<\/div>\n<\/li>\n<li>\n<div class=\"title\"><i class=\"fas fa-bullhorn\"><\/i>Huellas de Ausencia (teatro)<\/div>\n<div class=\"detail\">EES No. 11 &#8211; Francisco \u00c1lvarez<\/div>\n<\/li>\n<li>\n<div class=\"title\"><i class=\"fas fa-bullhorn\"><\/i>UNA MARCA POR LA MEMORIA EN LA ESCUELA (video)<\/div>\n<div class=\"detail\">EES No. 10 &#8211; Bel\u00e9n de Escobar<\/div>\n<\/li>\n<\/ul>\n<\/div>\n<div class=\"bloque listing \">\n<div class=\"title\"><span class=\"horaInicio\">18:00 hs.<span>\u00a0<\/span><\/span><span class=\"title\">Actividades para J\u00f3venes (Explanada) (HOTEL 5)<\/span><\/div>\n<\/div>\n<div class=\"bloque listing \">\n<div class=\"title\"><span class=\"horaInicio\">21:00 hs.<span>\u00a0<\/span><\/span><span class=\"title\">Cena (COMEDOR)<\/span><\/div>\n<\/div>\n<div class=\"bloque listing bloque-con-presentaciones\">\n<div class=\"title\"><span class=\"horaInicio\">22:00 hs.<span>\u00a0<\/span><\/span><span class=\"title\">Presentaciones (HOTEL 8)<\/span><\/div>\n<ul class=\"presentaciones listing\">\n<li>\n<div class=\"title\"><i class=\"fas fa-bullhorn\"><\/i>Escenario de resistencia (video)<\/div>\n<div class=\"detail\">EES No. 44 &#8211; Temperley<\/div>\n<\/li>\n<li>\n<div class=\"title\"><i class=\"fas fa-bullhorn\"><\/i>Malvinas: Vista desde la E.S.N\u00ba 67 (video)<\/div>\n<div class=\"detail\">EES No. 67 &#8211; Villa Fiorito<\/div>\n<\/li>\n<li>\n<div class=\"title\"><i class=\"fas fa-bullhorn\"><\/i>Ense\u00f1ar ayer y hoy (teatro)<\/div>\n<div class=\"detail\">OOSS Instituto Superior n\u00b08034 Luis Alberto Spinetta &#8211; Instituto de Formaci\u00f3n Docente &#8211; Ingeniero Maschwitz<\/div>\n<\/li>\n<li>\n<div class=\"title\"><i class=\"fas fa-bullhorn\"><\/i>DERECHO A LA EDUCACION (teatro)<\/div>\n<div class=\"detail\">EES No. 32 &#8211; Banfield<\/div>\n<\/li>\n<li>\n<div class=\"title\"><i class=\"fas fa-bullhorn\"><\/i>Memoria resistencia. Discursos. (teatro)<\/div>\n<div class=\"detail\">EES No. 4 &#8211; Ingeniero Maschwitz<\/div>\n<\/li>\n<li>\n<div class=\"title\"><i class=\"fas fa-bullhorn\"><\/i>Murga en la escuela como pr\u00e1ctica democr\u00e1tica (video)<\/div>\n<div class=\"detail\">EES No. 5 &#8211; Jos\u00e9 C. Paz<\/div>\n<\/li>\n<\/ul>\n<\/div>\n<\/div>\n<div class=\"title\" style=\"text-align: left;\">Dia 3<span>\u00a0<\/span><i class=\"fas fa-bolt\"><\/i><\/div>\n<div class=\"bloques listing\" style=\"text-align: left;\">\n<div class=\"bloque listing bloque-con-presentaciones\">\n<div class=\"title\"><span class=\"horaInicio\">08:30 hs.<span>\u00a0<\/span><\/span><span class=\"title\">Presentaciones (HOTEL 8)<\/span><\/div>\n<ul class=\"presentaciones listing\">\n<li>\n<div class=\"title\"><i class=\"fas fa-bullhorn\"><\/i>GUARDIANES DE LA MEMORIA: J\u00d3VENES Y DICATDURA (video)<\/div>\n<div class=\"detail\">EES No. &#8211; San Luis<\/div>\n<\/li>\n<li>\n<div class=\"title\"><i class=\"fas fa-bullhorn\"><\/i>Universidad p\u00fablica y gratuita siempre! (video)<\/div>\n<div class=\"detail\">EES No. 21 &#8211; Moreno<\/div>\n<\/li>\n<li>\n<div class=\"title\"><i class=\"fas fa-bullhorn\"><\/i>Graciela Birutes, una historia entre las30000 (video)<\/div>\n<div class=\"detail\">EES No. 52 &#8211; Lavallol<\/div>\n<\/li>\n<li>\n<div class=\"title\"><i class=\"fas fa-bullhorn\"><\/i>Hacia otro rumbo, dejando huellas (video)<\/div>\n<div class=\"detail\">OOSS Asociaci\u00f3n Civil de Coraz\u00f3n Tandilense &#8211; Comedor &#8211; Tandil<\/div>\n<\/li>\n<li>\n<div class=\"title\"><i class=\"fas fa-bullhorn\"><\/i>La patria la construimos con memoria (video)<\/div>\n<div class=\"detail\">OOSS Villa Albertina &#8211; Centro socio educativo comunitario &#8211; Lomas de Zamora<\/div>\n<\/li>\n<li>\n<div class=\"title\"><i class=\"fas fa-bullhorn\"><\/i>Humilde, de Barrio. (video)<\/div>\n<div class=\"detail\">OOSS ku\u00f1a cakuaa &#8211; centro comunitario &#8211; Moreno<\/div>\n<\/li>\n<li>\n<div class=\"title\"><i class=\"fas fa-bullhorn\"><\/i>Jugando (mural)<\/div>\n<div class=\"detail\">OOSS El encuentro &#8211; Merendero &#8211; Truju\u00ed<\/div>\n<\/li>\n<li>\n<div class=\"title\"><i class=\"fas fa-bullhorn\"><\/i>Vivir con miedo (teatro)<\/div>\n<div class=\"detail\">EES No. 8 &#8211; Gar\u00edn<\/div>\n<\/li>\n<\/ul>\n<\/div>\n<div class=\"bloque listing bloque-con-presentaciones\">\n<div class=\"title\"><span class=\"horaInicio\">10:30 hs.<span>\u00a0<\/span><\/span><span class=\"title\">Presentaciones (HOTEL 8)<\/span><\/div>\n<ul class=\"presentaciones listing\">\n<li>\n<div class=\"title\"><i class=\"fas fa-bullhorn\"><\/i>Violencias en democraocia (video)<\/div>\n<div class=\"detail\">EST No. &#8211; Gar\u00edn<\/div>\n<\/li>\n<li>\n<div class=\"title\"><i class=\"fas fa-bullhorn\"><\/i>La Qu\u00edmica como Construcci\u00f3n Social (video)<\/div>\n<div class=\"detail\">EST No. 9 &#8211; Banfield<\/div>\n<\/li>\n<li>\n<div class=\"title\"><i class=\"fas fa-bullhorn\"><\/i>Crisis econ\u00f3mica actual (video)<\/div>\n<div class=\"detail\">EES No. 10 &#8211; Tandil<\/div>\n<\/li>\n<li>\n<div class=\"title\"><i class=\"fas fa-bullhorn\"><\/i>El arte en el barrio (video)<\/div>\n<div class=\"detail\">OOSS Centro Comunitario Creciendo &#8211; Centro comunitario &#8211; Truju\u00ed<\/div>\n<\/li>\n<li>\n<div class=\"title\"><i class=\"fas fa-bullhorn\"><\/i>Los universitarios tienen la palabra (video)<\/div>\n<div class=\"detail\">OOSS La Unidad &#8211; Organizaci\u00f3n Social &#8211; Escobar<\/div>\n<\/li>\n<li>\n<div class=\"title\"><i class=\"fas fa-bullhorn\"><\/i>mural por la memoria (mural)<\/div>\n<div class=\"detail\">OOSS Ayni &#8211; descamisados &#8211; Francisco \u00c1lvarez<\/div>\n<\/li>\n<li>\n<div class=\"title\"><i class=\"fas fa-bullhorn\"><\/i>Violencia institucional en nuestro barrio (multimedia)<\/div>\n<div class=\"detail\">OOSS Las Suricatas &#8211; Centro Comunitario &#8211; Jos\u00e9 C. Paz<\/div>\n<\/li>\n<\/ul>\n<\/div>\n<div class=\"bloque listing \">\n<div class=\"title\"><span class=\"horaInicio\">13:00 hs.<span>\u00a0<\/span><\/span><span class=\"title\">Almuerzo (COMEDOR)<\/span><\/div>\n<\/div>\n<div class=\"bloque listing bloque-con-presentaciones\">\n<div class=\"title\"><span class=\"horaInicio\">14:00 hs.<span>\u00a0<\/span><\/span><span class=\"title\">Presentaciones (HOTEL 8)<\/span><\/div>\n<ul class=\"presentaciones listing\">\n<li>\n<div class=\"title\"><i class=\"fas fa-bullhorn\"><\/i>AUTOS CLANDESTINOS (video)<\/div>\n<div class=\"detail\">OOSS la memoria de los nadies &#8211; organizacion social &#8211; Gar\u00edn<\/div>\n<\/li>\n<li>\n<div class=\"title\"><i class=\"fas fa-bullhorn\"><\/i>J\u00f3venes Recordando Nuestra Historia . (video)<\/div>\n<div class=\"detail\">EE No. 502 &#8211; Jos\u00e9 C. Paz<\/div>\n<\/li>\n<li>\n<div class=\"title\"><i class=\"fas fa-bullhorn\"><\/i>Resignificacion Visual Ex Pozo de Banfield (video)<\/div>\n<div class=\"detail\">EES No. 49 &#8211; Banfield<\/div>\n<\/li>\n<li>\n<div class=\"title\"><i class=\"fas fa-bullhorn\"><\/i>El Trabajo, el estudio y lxs jovenes (video)<\/div>\n<div class=\"detail\">EES No. 12 &#8211; Tandil<\/div>\n<\/li>\n<li>\n<div class=\"title\"><i class=\"fas fa-bullhorn\"><\/i>Los Ajustes que Matan (video)<\/div>\n<div class=\"detail\">OOSS Unidos por el barrio. Sum San carlos &#8211; Merendero &#8211; Truju\u00ed<\/div>\n<\/li>\n<li>\n<div class=\"title\"><i class=\"fas fa-bullhorn\"><\/i>Basura en mi barrio Nunca M\u00e1s. (video)<\/div>\n<div class=\"detail\">EEM No. 36 &#8211; Jos\u00e9 C. Paz<\/div>\n<\/li>\n<li>\n<div class=\"title\"><i class=\"fas fa-bullhorn\"><\/i>Memorias, jovenes y cultura en Tandil (audio)<\/div>\n<div class=\"detail\">ESA No. 1 &#8211; Tandil<\/div>\n<\/li>\n<\/ul>\n<\/div>\n<div class=\"bloque listing bloque-con-presentaciones\">\n<div class=\"title\"><span class=\"horaInicio\">16:00 hs.<span>\u00a0<\/span><\/span><span class=\"title\">Presentaciones (HOTEL 8)<\/span><\/div>\n<ul class=\"presentaciones listing\">\n<li>\n<div class=\"title\"><i class=\"fas fa-bullhorn\"><\/i>UN DESAPARECIDO DE NUESTRA PLAZA (placa, baldosa)<\/div>\n<div class=\"detail\">ESB No. 13 &#8211; Jos\u00e9 C. Paz<\/div>\n<\/li>\n<li>\n<div class=\"title\"><i class=\"fas fa-bullhorn\"><\/i>No perdamos la memoria (video)<\/div>\n<div class=\"detail\">OOSS RAYUELA &#8211; Centro cultural &#8211; Cuartel V<\/div>\n<\/li>\n<li>\n<div class=\"title\"><i class=\"fas fa-bullhorn\"><\/i>Memoria para resistir (mural)<\/div>\n<div class=\"detail\">OOSS Club Social y Deportivo LA 14 &#8211; club &#8211; Cuartel V<\/div>\n<\/li>\n<li>\n<div class=\"title\"><i class=\"fas fa-bullhorn\"><\/i>Realidades (video)<\/div>\n<div class=\"detail\">OOSS Camino Solidario &#8211; Centro Cultural y Comunitario &#8211; Moreno<\/div>\n<\/li>\n<li>\n<div class=\"title\"><i class=\"fas fa-bullhorn\"><\/i>Pozo de Banfield: horror y memoria (video)<\/div>\n<div class=\"detail\">EES No. 37 &#8211; Banfield<\/div>\n<\/li>\n<li>\n<div class=\"title\"><i class=\"fas fa-bullhorn\"><\/i>Centro Cultural Eva (video)<\/div>\n<div class=\"detail\">OOSS Centro Cultural Eva &#8211; Centro cultural &#8211; Moreno<\/div>\n<\/li>\n<\/ul>\n<\/div>\n<div class=\"bloque listing \">\n<div class=\"title\"><span class=\"horaInicio\">18:00 hs.<span>\u00a0<\/span><\/span><span class=\"title\">Taller para coordinadores (HOTEL 8)<\/span><\/div>\n<\/div>\n<div class=\"bloque listing \">\n<div class=\"title\"><span class=\"horaInicio\">18:00 hs.<span>\u00a0<\/span><\/span><span class=\"title\">Actividades para j\u00f3venes (HOTEL 5)<\/span><\/div>\n<\/div>\n<div class=\"bloque listing \">\n<div class=\"title\"><span class=\"horaInicio\">21:00 hs.<span>\u00a0<\/span><\/span><span class=\"title\">Cena (COMEDOR)<\/span><\/div>\n<\/div>\n<div class=\"bloque listing \">\n<div class=\"title\"><span class=\"horaInicio\">22:00 hs.<span>\u00a0<\/span><\/span><span class=\"title\">Cierre del Encuentro y Fiesta (HOTEL 8)<\/span><\/div>\n<\/div>\n<\/div>\n<div class=\"title\" style=\"text-align: left;\">Dia 4<span>\u00a0<\/span><i class=\"fas fa-bolt\"><\/i><\/div>\n<div class=\"bloques listing\">\n<div class=\"bloque listing \">\n<div class=\"title\" style=\"text-align: left;\"><span class=\"horaInicio\">07:00 hs.<span>\u00a0<\/span><\/span><span class=\"title\">Desayuno y egreso (COMEDOR)<\/span><\/div>\n<\/div>\n<\/div>\n<\/div>\n<\/div>\n<\/div>\n<\/div>\n<\/div>\n<\/div>\n<\/div>\n<\/div>\n<\/div>\n<\/div>\n<\/div>\n<\/div>\n<\/div>\n<\/div>\n<\/div>\n<\/div>\n<p>[\/et_pb_toggle][\/et_pb_column][\/et_pb_row][\/et_pb_section][et_pb_section fb_built=\u00bb1&#8243; disabled_on=\u00bboff|off|off\u00bb module_id=\u00bbtanda9&#8243; _builder_version=\u00bb4.27.3&#8243; _module_preset=\u00bbdefault\u00bb custom_padding=\u00bb0px||0px||false|false\u00bb global_colors_info=\u00bb{}\u00bb][et_pb_row _builder_version=\u00bb4.27.2&#8243; _module_preset=\u00bbdefault\u00bb global_colors_info=\u00bb{}\u00bb][et_pb_column type=\u00bb4_4&#8243; _builder_version=\u00bb4.27.2&#8243; _module_preset=\u00bbdefault\u00bb global_colors_info=\u00bb{}\u00bb][et_pb_toggle title=\u00bbTANDA 9&#8243; open_toggle_background_color=\u00bb#FFFFFF\u00bb closed_toggle_text_color=\u00bb#FFFFFF\u00bb closed_toggle_background_color=\u00bb#E02B20&#8243; icon_color=\u00bb#FFFFFF\u00bb open_icon_color=\u00bb#E02B20&#8243; _builder_version=\u00bb4.27.3&#8243; _module_preset=\u00bbdefault\u00bb title_font=\u00bb|700|||||||\u00bb title_text_align=\u00bbcenter\u00bb title_font_size=\u00bb24px\u00bb closed_title_font=\u00bb|700|||||||\u00bb closed_title_text_align=\u00bbcenter\u00bb closed_title_font_size=\u00bb24px\u00bb border_width_all=\u00bb4px\u00bb border_color_all=\u00bb#E02B20&#8243; global_colors_info=\u00bb{}\u00bb]<\/p>\n<div class=\"tanda\">\n<div class=\"diasTanda listing\">\n<div class=\"tanda\">\n<div class=\"diasTanda listing\">\n<div class=\"tanda\">\n<div class=\"diasTanda listing\">\n<div class=\"tanda\">\n<div class=\"title\">\n<div class=\"tanda\">\n<div class=\"diasTanda listing\">\n<div class=\"title\" style=\"text-align: left;\">\n<div class=\"title\">\n<div class=\"tanda\">\n<div class=\"diasTanda listing\">\n<div class=\"title\" style=\"text-align: left;\">\n<div class=\"tanda-head\">\n<div class=\"duration\" style=\"text-align: left;\">\n<div class=\"diasTanda listing\">\n<div class=\"title\" style=\"text-align: left;\">Dia 1<span>\u00a0<\/span><i class=\"fas fa-bolt\"><\/i><\/div>\n<div class=\"bloques listing\" style=\"text-align: left;\">\n<div class=\"bloque listing \">\n<div class=\"title\"><span class=\"horaInicio\">09:00 hs.<span>\u00a0<\/span><\/span><span class=\"title\">Acreditaci\u00f3n (Hall hotel) (HOTEL 5)<\/span><\/div>\n<\/div>\n<div class=\"bloque listing \">\n<div class=\"title\"><span class=\"horaInicio\">09:00 hs.<span>\u00a0<\/span><\/span><span class=\"title\">Acreditaci\u00f3n (Hall hotel) (HOTEL 8)<\/span><\/div>\n<\/div>\n<div class=\"bloque listing \">\n<div class=\"title\"><span class=\"horaInicio\">13:00 hs.<span>\u00a0<\/span><\/span><span class=\"title\">Almuerzo (COMEDOR)<\/span><\/div>\n<\/div>\n<div class=\"bloque listing bloque-con-presentaciones\">\n<div class=\"title\"><span class=\"horaInicio\">15:00 hs.<span>\u00a0<\/span><\/span><span class=\"title\">Apertura (Auditorio) (HOTEL 8)<\/span><\/div>\n<ul class=\"presentaciones listing\">\n<li>\n<div class=\"title\"><i class=\"fas fa-bullhorn\"><\/i>VEO REPETIR EL PASADO (video)<\/div>\n<div class=\"detail\">EES No. 451 &#8211; Virreyes<\/div>\n<\/li>\n<\/ul>\n<\/div>\n<div class=\"bloque listing \">\n<div class=\"title\"><span class=\"horaInicio\">16:00 hs.<span>\u00a0<\/span><\/span><span class=\"title\">Taller de bienvenida para j\u00f3venes (Explanada) (HOTEL 8)<\/span><\/div>\n<\/div>\n<div class=\"bloque listing \">\n<div class=\"title\"><span class=\"horaInicio\">16:00 hs.<span>\u00a0<\/span><\/span><span class=\"title\">Taller de bienvenida para coordinadores (Auditorio) (HOTEL 8)<\/span><\/div>\n<\/div>\n<div class=\"bloque listing \">\n<div class=\"title\"><span class=\"horaInicio\">21:00 hs.<span>\u00a0<\/span><\/span><span class=\"title\">Cena (COMEDOR)<\/span><\/div>\n<\/div>\n<div class=\"bloque listing bloque-con-presentaciones\">\n<div class=\"title\"><span class=\"horaInicio\">22:00 hs.<span>\u00a0<\/span><\/span><span class=\"title\">Presentaciones (HOTEL 8)<\/span><\/div>\n<ul class=\"presentaciones listing\">\n<li>\n<div class=\"title\"><i class=\"fas fa-bullhorn\"><\/i>Las Malvinas son Argentinas? (video)<\/div>\n<div class=\"detail\">EES No. 12 &#8211; 9 de Julio<\/div>\n<\/li>\n<li>\n<div class=\"title\"><i class=\"fas fa-bullhorn\"><\/i>Malvinas: entre la Historia y la Memoria (video)<\/div>\n<div class=\"detail\">EES No. 31 &#8211; Ingeniero Adolfo Sourdeaux<\/div>\n<\/li>\n<li>\n<div class=\"title\"><i class=\"fas fa-bullhorn\"><\/i>Memorias emotivas del TAFS (video)<\/div>\n<div class=\"detail\">EES No. 5 &#8211; Rojas<\/div>\n<\/li>\n<li>\n<div class=\"title\"><i class=\"fas fa-bullhorn\"><\/i>Historias de vida (video)<\/div>\n<div class=\"detail\">OOSS centro comunitario crecer &#8211; centro comunitario &#8211; San Fernando<\/div>\n<\/li>\n<li>\n<div class=\"title\"><i class=\"fas fa-bullhorn\"><\/i>Soy del Centro de Estudiantes (teatro)<\/div>\n<div class=\"detail\">EES No. 15 &#8211; Berazategui<\/div>\n<\/li>\n<\/ul>\n<\/div>\n<\/div>\n<div class=\"title\" style=\"text-align: left;\">Dia 2<span>\u00a0<\/span><i class=\"fas fa-bolt\"><\/i><\/div>\n<div class=\"bloques listing\" style=\"text-align: left;\">\n<div class=\"bloque listing bloque-con-presentaciones\">\n<div class=\"title\"><span class=\"horaInicio\">09:00 hs.<span>\u00a0<\/span><\/span><span class=\"title\">Presentaciones (HOTEL 8)<\/span><\/div>\n<ul class=\"presentaciones listing\">\n<li>\n<div class=\"title\"><i class=\"fas fa-bullhorn\"><\/i>Un lugar para todos (video)<\/div>\n<div class=\"detail\">EES No. 24 &#8211; Berazategui<\/div>\n<\/li>\n<li>\n<div class=\"title\"><i class=\"fas fa-bullhorn\"><\/i>Puesta en valor de testimonios de Malvinas (video)<\/div>\n<div class=\"detail\">OOSS Envi\u00f3n &#8211; Programa Social &#8211; Olavarr\u00eda<\/div>\n<\/li>\n<li>\n<div class=\"title\"><i class=\"fas fa-bullhorn\"><\/i>Los Pueblos Tambi\u00e9n Existen (video)<\/div>\n<div class=\"detail\">EES No. 11 &#8211; Alfredo Demarchi (Est. Facundo Quiroga)<\/div>\n<\/li>\n<li>\n<div class=\"title\"><i class=\"fas fa-bullhorn\"><\/i>YO SOY (video)<\/div>\n<div class=\"detail\">EES No. 16 &#8211; Centro Agr\u00edcola El Pato<\/div>\n<\/li>\n<li>\n<div class=\"title\"><i class=\"fas fa-bullhorn\"><\/i>LO QUE EL PUEBLO PERDIO, EN DERECHOS SOCIALES (video)<\/div>\n<div class=\"detail\">EES No. 35 &#8211; Grand Bourg<\/div>\n<\/li>\n<li>\n<div class=\"title\"><i class=\"fas fa-bullhorn\"><\/i>S\u00e9 un buen ciudadano digital (video)<\/div>\n<div class=\"detail\">EES No. 18 &#8211; Berazategui<\/div>\n<\/li>\n<\/ul>\n<\/div>\n<div class=\"bloque listing bloque-con-presentaciones\">\n<div class=\"title\"><span class=\"horaInicio\">10:30 hs.<span>\u00a0<\/span><\/span><span class=\"title\">Presentaciones (HOTEL 8)<\/span><\/div>\n<ul class=\"presentaciones listing\">\n<li>\n<div class=\"title\"><i class=\"fas fa-bullhorn\"><\/i>Pinceladas de identidad (video)<\/div>\n<div class=\"detail\">EES No. 42 &#8211; Berazategui<\/div>\n<\/li>\n<li>\n<div class=\"title\"><i class=\"fas fa-bullhorn\"><\/i>el arte como derecho de expresi\u00f3n (video)<\/div>\n<div class=\"detail\">EES No. 38 &#8211; Area de Promoci\u00f3n El Tri\u00e1ngulo<\/div>\n<\/li>\n<li>\n<div class=\"title\"><i class=\"fas fa-bullhorn\"><\/i>La importancia de la memoria (video)<\/div>\n<div class=\"detail\">EES No. 7 &#8211; San Fernando<\/div>\n<\/li>\n<li>\n<div class=\"title\"><i class=\"fas fa-bullhorn\"><\/i>Cuidamos el presente, hacemos el futuro&#8230; (video)<\/div>\n<div class=\"detail\">EES No. 12 &#8211; Berazategui<\/div>\n<\/li>\n<li>\n<div class=\"title\"><i class=\"fas fa-bullhorn\"><\/i>Las cartas est\u00e1n echadas (video)<\/div>\n<div class=\"detail\">EES No. 33 &#8211; Merlo<\/div>\n<\/li>\n<li>\n<div class=\"title\"><i class=\"fas fa-bullhorn\"><\/i>DESPERTAR (multimedia)<\/div>\n<div class=\"detail\">Escuela Privada Escuela de Educaci\u00f3n Secundaria Instituto Santa Cecilia &#8211; Berazategui<\/div>\n<\/li>\n<li>\n<div class=\"title\"><i class=\"fas fa-bullhorn\"><\/i>Mi barrio Bustillo (video)<\/div>\n<div class=\"detail\">EES No. 30 &#8211; Pl\u00e1tanos<\/div>\n<\/li>\n<\/ul>\n<\/div>\n<div class=\"bloque listing \">\n<div class=\"title\"><span class=\"horaInicio\">11:00 hs.<span>\u00a0<\/span><\/span><span class=\"title\">Talleres de producci\u00f3n (Explanada) (HOTEL 5)<\/span><\/div>\n<\/div>\n<div class=\"bloque listing \">\n<div class=\"title\"><span class=\"horaInicio\">13:00 hs.<span>\u00a0<\/span><\/span><span class=\"title\">Almuerzo (COMEDOR)<\/span><\/div>\n<\/div>\n<div class=\"bloque listing bloque-con-presentaciones\">\n<div class=\"title\"><span class=\"horaInicio\">14:00 hs.<span>\u00a0<\/span><\/span><span class=\"title\">Presentaciones (HOTEL 8)<\/span><\/div>\n<ul class=\"presentaciones listing\">\n<li>\n<div class=\"title\"><i class=\"fas fa-bullhorn\"><\/i>Problemas ambientales locales (video)<\/div>\n<div class=\"detail\">EES No. 39 &#8211; Grand Bourg<\/div>\n<\/li>\n<li>\n<div class=\"title\"><i class=\"fas fa-bullhorn\"><\/i>Malvinas en los medios (gr\u00e1fica)<\/div>\n<div class=\"detail\">ISFDYT No. 4 &#8211; 9 de Julio<\/div>\n<\/li>\n<li>\n<div class=\"title\"><i class=\"fas fa-bullhorn\"><\/i>Ser deportistas de barrios populares (video)<\/div>\n<div class=\"detail\">OOSS Gukgi do kwan &#8211; Escuela de taekwondo &#8211; 9 de Julio<\/div>\n<\/li>\n<li>\n<div class=\"title\"><i class=\"fas fa-bullhorn\"><\/i>Horacio Vital Pedraza (placa, baldosa)<\/div>\n<div class=\"detail\">EES No. 2 &#8211; Saladillo<\/div>\n<\/li>\n<li>\n<div class=\"title\"><i class=\"fas fa-bullhorn\"><\/i>MALVINAS EN PRIMERA PERSONA (video)<\/div>\n<div class=\"detail\">EE No. 501 &#8211; Merlo<\/div>\n<\/li>\n<li>\n<div class=\"title\"><i class=\"fas fa-bullhorn\"><\/i>2001: Ni olvid\u00f3, ni perd\u00f3n (video)<\/div>\n<div class=\"detail\">EES No. 1 &#8211; Dolores<\/div>\n<\/li>\n<li>\n<div class=\"title\"><i class=\"fas fa-bullhorn\"><\/i>Sobre dictaduras y democracias negacionistas (teatro)<\/div>\n<div class=\"detail\">EST No. 3 &#8211; Berazategui<\/div>\n<\/li>\n<\/ul>\n<\/div>\n<div class=\"bloque listing bloque-con-presentaciones\">\n<div class=\"title\"><span class=\"horaInicio\">16:00 hs.<span>\u00a0<\/span><\/span><span class=\"title\">Presentaciones (HOTEL 8)<\/span><\/div>\n<ul class=\"presentaciones listing\">\n<li>\n<div class=\"title\"><i class=\"fas fa-bullhorn\"><\/i>\u00abTodos pueden cantar\u00bb (1984-1990)&#8230; (video)<\/div>\n<div class=\"detail\">EES No. 2 &#8211; Las Carabelas<\/div>\n<\/li>\n<li>\n<div class=\"title\"><i class=\"fas fa-bullhorn\"><\/i>Construyendo nuestra identidad (video)<\/div>\n<div class=\"detail\">EES No. 3 &#8211; Magdalena<\/div>\n<\/li>\n<li>\n<div class=\"title\"><i class=\"fas fa-bullhorn\"><\/i>Historias entre escombros (video)<\/div>\n<div class=\"detail\">EES No. 25 &#8211; San Fernando<\/div>\n<\/li>\n<li>\n<div class=\"title\"><i class=\"fas fa-bullhorn\"><\/i>Aire (gr\u00e1fica)<\/div>\n<div class=\"detail\">EES No. 6 &#8211; Rojas<\/div>\n<\/li>\n<li>\n<div class=\"title\"><i class=\"fas fa-bullhorn\"><\/i>Historias cercanas (video)<\/div>\n<div class=\"detail\">EES No. 16 &#8211; Villa de Mayo<\/div>\n<\/li>\n<li>\n<div class=\"title\"><i class=\"fas fa-bullhorn\"><\/i>\u00abLa ni\u00f1a que fue Cyrano\u00bb de Guillermo Baldo (teatro)<\/div>\n<div class=\"detail\">OOSS Envi\u00f3n &#8211; Programa Envi\u00f3n &#8211; Balcarce<\/div>\n<\/li>\n<li>\n<div class=\"title\"><i class=\"fas fa-bullhorn\"><\/i>Volver a empezar&#8230; (teatro)<\/div>\n<div class=\"detail\">Escuela Privada Escuela de Ense\u00f1anza Media Centro Educativo Rosario Vera Pe\u00f1aloza &#8211; Berazategui Oeste<\/div>\n<\/li>\n<\/ul>\n<\/div>\n<div class=\"bloque listing bloque-con-presentaciones\">\n<div class=\"title\"><span class=\"horaInicio\">18:00 hs.<span>\u00a0<\/span><\/span><span class=\"title\">Presentaciones (HOTEL 8)<\/span><\/div>\n<ul class=\"presentaciones listing\">\n<li>\n<div class=\"title\"><i class=\"fas fa-bullhorn\"><\/i>LA HISTORIA DE UN PUEBLO OLVIDADO (video)<\/div>\n<div class=\"detail\">EES No. 10 &#8211; Santa Regina<\/div>\n<\/li>\n<li>\n<div class=\"title\"><i class=\"fas fa-bullhorn\"><\/i>Rastros del territorismo de Estado en Cachar\u00ed (video)<\/div>\n<div class=\"detail\">EES No. 2 &#8211; Cachar\u00ed<\/div>\n<\/li>\n<li>\n<div class=\"title\"><i class=\"fas fa-bullhorn\"><\/i>Memoria de una crisis (video)<\/div>\n<div class=\"detail\">EES No. 13 &#8211; 9 de Julio<\/div>\n<\/li>\n<li>\n<div class=\"title\"><i class=\"fas fa-bullhorn\"><\/i>hola seno eloisa (video)<\/div>\n<div class=\"detail\">EES No. 76 &#8211; Libertad<\/div>\n<\/li>\n<li>\n<div class=\"title\"><i class=\"fas fa-bullhorn\"><\/i>El Sendero de los arboles (video)<\/div>\n<div class=\"detail\">Escuela Privada Escuela de Educaci\u00f3n Secundaria Maria Teresa &#8211; Berazategui<\/div>\n<\/li>\n<li>\n<div class=\"title\"><i class=\"fas fa-bullhorn\"><\/i>In memorian (teatro)<\/div>\n<div class=\"detail\">EES No. 7 &#8211; Berazategui<\/div>\n<\/li>\n<li>\n<div class=\"title\"><i class=\"fas fa-bullhorn\"><\/i>Como sobre-vivir en la escuela (teatro)<\/div>\n<div class=\"detail\">EES No. 3 &#8211; Rojas<\/div>\n<\/li>\n<\/ul>\n<\/div>\n<div class=\"bloque listing \">\n<div class=\"title\"><span class=\"horaInicio\">18:00 hs.<span>\u00a0<\/span><\/span><span class=\"title\">Actividades para J\u00f3venes (Explanada) (HOTEL 5)<\/span><\/div>\n<\/div>\n<div class=\"bloque listing \">\n<div class=\"title\"><span class=\"horaInicio\">21:00 hs.<span>\u00a0<\/span><\/span><span class=\"title\">Cena (COMEDOR)<\/span><\/div>\n<\/div>\n<div class=\"bloque listing bloque-con-presentaciones\">\n<div class=\"title\"><span class=\"horaInicio\">22:00 hs.<span>\u00a0<\/span><\/span><span class=\"title\">Presentaciones (HOTEL 8)<\/span><\/div>\n<ul class=\"presentaciones listing\">\n<li>\n<div class=\"title\"><i class=\"fas fa-bullhorn\"><\/i>Historias de compromiso e identidad (multimedia)<\/div>\n<div class=\"detail\">Escuela Privada Escuela de Educaci\u00f3n Secundaria Escuela secundaria San Jos\u00e9 &#8211; Libertad<\/div>\n<\/li>\n<li>\n<div class=\"title\"><i class=\"fas fa-bullhorn\"><\/i>La historia de los inmigrantes (gr\u00e1fica)<\/div>\n<div class=\"detail\">C-CENS No. 451 &#8211; 9 de Julio<\/div>\n<\/li>\n<li>\n<div class=\"title\"><i class=\"fas fa-bullhorn\"><\/i>NUESTRA ESCUELA, NUESTRA HISTORIA (video)<\/div>\n<div class=\"detail\">EES No. 23 &#8211; Area de Promoci\u00f3n El Tri\u00e1ngulo<\/div>\n<\/li>\n<li>\n<div class=\"title\"><i class=\"fas fa-bullhorn\"><\/i>Violencia de g\u00e9nero en Merlo (video)<\/div>\n<div class=\"detail\">C-CENS No. 455 &#8211; Pontevedra<\/div>\n<\/li>\n<li>\n<div class=\"title\"><i class=\"fas fa-bullhorn\"><\/i>Mujeres rurales. Trabajo y desigualdades. (teatro)<\/div>\n<div class=\"detail\">C-CEPPT No. 31 &#8211; Paraje Pablo Acosta<\/div>\n<\/li>\n<li>\n<div class=\"title\"><i class=\"fas fa-bullhorn\"><\/i>Somos diversidad (teatro)<\/div>\n<div class=\"detail\">EES No. 46 &#8211; Centro Agr\u00edcola El Pato<\/div>\n<\/li>\n<\/ul>\n<\/div>\n<\/div>\n<div class=\"title\" style=\"text-align: left;\">Dia 3<span>\u00a0<\/span><i class=\"fas fa-bolt\"><\/i><\/div>\n<div class=\"bloques listing\" style=\"text-align: left;\">\n<div class=\"bloque listing bloque-con-presentaciones\">\n<div class=\"title\"><span class=\"horaInicio\">09:00 hs.<span>\u00a0<\/span><\/span><span class=\"title\">Presentaciones (HOTEL 8)<\/span><\/div>\n<ul class=\"presentaciones listing\">\n<li>\n<div class=\"title\"><i class=\"fas fa-bullhorn\"><\/i>DEL CAMPO A LA MESA (video)<\/div>\n<div class=\"detail\">EES No. 6 &#8211; Saladillo<\/div>\n<\/li>\n<li>\n<div class=\"title\"><i class=\"fas fa-bullhorn\"><\/i>nuestra identidad (video)<\/div>\n<div class=\"detail\">EES No. 9 &#8211; Patricios<\/div>\n<\/li>\n<li>\n<div class=\"title\"><i class=\"fas fa-bullhorn\"><\/i>\u00abHISTORIAS QUE MARCAN\u00bb (audio)<\/div>\n<div class=\"detail\">EES No. &#8211; Sierra Chica<\/div>\n<\/li>\n<li>\n<div class=\"title\"><i class=\"fas fa-bullhorn\"><\/i>INTERCULTURALIDAD: REFLEXIONES DEL EXILIO (video)<\/div>\n<div class=\"detail\">EES No. 58 &#8211; Merlo<\/div>\n<\/li>\n<li>\n<div class=\"title\"><i class=\"fas fa-bullhorn\"><\/i>Con nombre (video)<\/div>\n<div class=\"detail\">EES No. 19 &#8211; Virreyes<\/div>\n<\/li>\n<\/ul>\n<\/div>\n<div class=\"bloque listing bloque-con-presentaciones\">\n<div class=\"title\"><span class=\"horaInicio\">10:30 hs.<span>\u00a0<\/span><\/span><span class=\"title\">Presentaciones (HOTEL 8)<\/span><\/div>\n<ul class=\"presentaciones listing\">\n<li>\n<div class=\"title\"><i class=\"fas fa-bullhorn\"><\/i>En primera persona,yo sobreviviente (video)<\/div>\n<div class=\"detail\">EES No. 33 &#8211; Los Polvorines<\/div>\n<\/li>\n<li>\n<div class=\"title\"><i class=\"fas fa-bullhorn\"><\/i>QUEMANDOAIREPUROsupervivencia y contaminaci\u00f3n (instalaci\u00f3n)<\/div>\n<div class=\"detail\">OOSS Isaac Sulkes &#8211; Centro socioeducativo y comunitario &#8211; Libertad<\/div>\n<\/li>\n<li>\n<div class=\"title\"><i class=\"fas fa-bullhorn\"><\/i>Salud local (video)<\/div>\n<div class=\"detail\">EES No. 9 &#8211; Villa Saboya<\/div>\n<\/li>\n<li>\n<div class=\"title\"><i class=\"fas fa-bullhorn\"><\/i>Escuelas cerradas, nunca m\u00e1s. (video)<\/div>\n<div class=\"detail\">C-CEPPT No. 15 &#8211; Manuel B. Gonnet (Est. French)<\/div>\n<\/li>\n<li>\n<div class=\"title\"><i class=\"fas fa-bullhorn\"><\/i>EL MAYOR DERRAME DE PETROLEO EN AGUA DULCE. (video)<\/div>\n<div class=\"detail\">EES No. 5 &#8211; Atalaya<\/div>\n<\/li>\n<li>\n<div class=\"title\"><i class=\"fas fa-bullhorn\"><\/i>Un h\u00e9roe que vive (video)<\/div>\n<div class=\"detail\">EES No. 7 &#8211; 9 de Julio<\/div>\n<\/li>\n<li>\n<div class=\"title\"><i class=\"fas fa-bullhorn\"><\/i>La Esperanza Habla (radio)<\/div>\n<div class=\"detail\">OOSS Centro Comunitario Crecer &#8211; Centro Comunitario Crecer &#8211; San Fernando<\/div>\n<\/li>\n<li>\n<div class=\"title\"><i class=\"fas fa-bullhorn\"><\/i>Posta, te va a gustar conocer Arditi (video)<\/div>\n<div class=\"detail\">EES No. 1 &#8211; Magdalena<\/div>\n<\/li>\n<\/ul>\n<\/div>\n<div class=\"bloque listing \">\n<div class=\"title\"><span class=\"horaInicio\">13:00 hs.<span>\u00a0<\/span><\/span><span class=\"title\">Almuerzo (COMEDOR)<\/span><\/div>\n<\/div>\n<div class=\"bloque listing bloque-con-presentaciones\">\n<div class=\"title\"><span class=\"horaInicio\">14:00 hs.<span>\u00a0<\/span><\/span><span class=\"title\">Presentaciones (HOTEL 8)<\/span><\/div>\n<ul class=\"presentaciones listing\">\n<li>\n<div class=\"title\"><i class=\"fas fa-bullhorn\"><\/i>Memoria Artigas (video)<\/div>\n<div class=\"detail\">EES No. 6 &#8211; San Fernando<\/div>\n<\/li>\n<li>\n<div class=\"title\"><i class=\"fas fa-bullhorn\"><\/i>Diversidades en marcha (video)<\/div>\n<div class=\"detail\">OOSS Diversxs En marcha &#8211; Peronismo en marcha &#8211; Libertad<\/div>\n<\/li>\n<li>\n<div class=\"title\"><i class=\"fas fa-bullhorn\"><\/i>DESAFIANDO A LOS VERSEROS SEGUNDA TEMPRADA (audio)<\/div>\n<div class=\"detail\">EES No. 4 &#8211; Ca\u00f1ada Seca<\/div>\n<\/li>\n<li>\n<div class=\"title\"><i class=\"fas fa-bullhorn\"><\/i>ESPECTADORES DE LA CENSURA (instalaci\u00f3n)<\/div>\n<div class=\"detail\">EES No. 1 &#8211; Azul<\/div>\n<\/li>\n<li>\n<div class=\"title\"><i class=\"fas fa-bullhorn\"><\/i>De ESI.. Se Habla? (video)<\/div>\n<div class=\"detail\">EES No. 2 &#8211; Salto<\/div>\n<\/li>\n<li>\n<div class=\"title\"><i class=\"fas fa-bullhorn\"><\/i>\u201cMemorias de un Hijo Cautivo: Entre Silencios (video)<\/div>\n<div class=\"detail\">EES No. 4 &#8211; Rojas<\/div>\n<\/li>\n<li>\n<div class=\"title\"><i class=\"fas fa-bullhorn\"><\/i>Plaza inclusiva de la memoria (video)<\/div>\n<div class=\"detail\">OOSS Mujeresyterritorio &#8211; Organizaci\u00f3n barrial &#8211; 9 de Julio<\/div>\n<\/li>\n<\/ul>\n<\/div>\n<div class=\"bloque listing bloque-con-presentaciones\">\n<div class=\"title\"><span class=\"horaInicio\">16:00 hs.<span>\u00a0<\/span><\/span><span class=\"title\">Presentaciones (HOTEL 8)<\/span><\/div>\n<ul class=\"presentaciones listing\">\n<li>\n<div class=\"title\"><i class=\"fas fa-bullhorn\"><\/i>\u00c9xodo Rural (video)<\/div>\n<div class=\"detail\">EES No. 16 &#8211; Alfredo Demarchi (Est. Facundo Quiroga)<\/div>\n<\/li>\n<li>\n<div class=\"title\"><i class=\"fas fa-bullhorn\"><\/i>J\u00d3VENES EXCLUIDOS DE LAS AGENDAS POL\u00cdTICAS (video)<\/div>\n<div class=\"detail\">EES No. 39 &#8211; Pontevedra<\/div>\n<\/li>\n<li>\n<div class=\"title\"><i class=\"fas fa-bullhorn\"><\/i>Aqui estamos!<\/div>\n<div class=\"detail\">EE No. 501 &#8211; Grand Bourg<\/div>\n<\/li>\n<li>\n<div class=\"title\"><i class=\"fas fa-bullhorn\"><\/i>Espacios de libertad y memoria (gr\u00e1fica)<\/div>\n<div class=\"detail\">EES No. 81 &#8211; Merlo<\/div>\n<\/li>\n<li>\n<div class=\"title\"><i class=\"fas fa-bullhorn\"><\/i>Discapacidad y la vulnerabilidad actual<\/div>\n<div class=\"detail\">OOSS Manos diferentes &#8211; Organizaci\u00f3n barrial &#8211; 9 de Julio<\/div>\n<\/li>\n<li>\n<div class=\"title\"><i class=\"fas fa-bullhorn\"><\/i>Infancias desiguales:experienysubjetividades (danzas)<\/div>\n<div class=\"detail\">EA No. &#8211; Balcarce<\/div>\n<\/li>\n<\/ul>\n<\/div>\n<div class=\"bloque listing \">\n<div class=\"title\"><span class=\"horaInicio\">18:00 hs.<span>\u00a0<\/span><\/span><span class=\"title\">Actividades para j\u00f3venes (HOTEL 5)<\/span><\/div>\n<\/div>\n<div class=\"bloque listing \">\n<div class=\"title\"><span class=\"horaInicio\">18:00 hs.<span>\u00a0<\/span><\/span><span class=\"title\">Taller para coordinadores (HOTEL 8)<\/span><\/div>\n<\/div>\n<div class=\"bloque listing \">\n<div class=\"title\"><span class=\"horaInicio\">21:00 hs.<span>\u00a0<\/span><\/span><span class=\"title\">Cena (COMEDOR)<\/span><\/div>\n<\/div>\n<div class=\"bloque listing \">\n<div class=\"title\"><span class=\"horaInicio\">22:00 hs.<span>\u00a0<\/span><\/span><span class=\"title\">Cierre del Encuentro y Fiesta (HOTEL 8)<\/span><\/div>\n<\/div>\n<\/div>\n<div class=\"title\" style=\"text-align: left;\">Dia 4<span>\u00a0<\/span><i class=\"fas fa-bolt\"><\/i><\/div>\n<div class=\"bloques listing\">\n<div class=\"bloque listing \">\n<div class=\"title\" style=\"text-align: left;\"><span class=\"horaInicio\">07:00 hs.<span>\u00a0<\/span><\/span><span class=\"title\">Desayuno y egreso (COMEDOR)<\/span><\/div>\n<\/div>\n<\/div>\n<\/div>\n<\/div>\n<\/div>\n<\/div>\n<\/div>\n<\/div>\n<\/div>\n<\/div>\n<\/div>\n<\/div>\n<\/div>\n<\/div>\n<\/div>\n<\/div>\n<\/div>\n<\/div>\n<\/div>\n<\/div>\n<p>[\/et_pb_toggle][\/et_pb_column][\/et_pb_row][\/et_pb_section][et_pb_section fb_built=\u00bb1&#8243; disabled_on=\u00bboff|off|off\u00bb module_id=\u00bbtanda10&#8243; _builder_version=\u00bb4.27.3&#8243; _module_preset=\u00bbdefault\u00bb custom_padding=\u00bb0px||0px||false|false\u00bb global_colors_info=\u00bb{}\u00bb][et_pb_row _builder_version=\u00bb4.27.2&#8243; _module_preset=\u00bbdefault\u00bb global_colors_info=\u00bb{}\u00bb][et_pb_column type=\u00bb4_4&#8243; _builder_version=\u00bb4.27.2&#8243; _module_preset=\u00bbdefault\u00bb global_colors_info=\u00bb{}\u00bb][et_pb_toggle title=\u00bbTANDA 10&#8243; open_toggle_background_color=\u00bb#FFFFFF\u00bb closed_toggle_text_color=\u00bb#FFFFFF\u00bb closed_toggle_background_color=\u00bb#E02B20&#8243; icon_color=\u00bb#FFFFFF\u00bb open_icon_color=\u00bb#E02B20&#8243; _builder_version=\u00bb4.27.3&#8243; _module_preset=\u00bbdefault\u00bb title_font=\u00bb|700|||||||\u00bb title_text_align=\u00bbcenter\u00bb title_font_size=\u00bb24px\u00bb closed_title_font=\u00bb|700|||||||\u00bb closed_title_text_align=\u00bbcenter\u00bb closed_title_font_size=\u00bb24px\u00bb border_width_all=\u00bb4px\u00bb border_color_all=\u00bb#E02B20&#8243; global_colors_info=\u00bb{}\u00bb]<\/p>\n<div class=\"tanda\">\n<div class=\"diasTanda listing\">\n<div class=\"tanda\">\n<div class=\"diasTanda listing\">\n<div class=\"tanda\">\n<div class=\"diasTanda listing\">\n<div class=\"tanda\">\n<div class=\"title\">\n<div class=\"tanda\">\n<div class=\"diasTanda listing\">\n<div class=\"title\" style=\"text-align: left;\">\n<div class=\"title\">\n<div class=\"tanda\">\n<div class=\"diasTanda listing\">\n<div class=\"title\" style=\"text-align: left;\">\n<div class=\"tanda-head\">\n<div class=\"duration\" style=\"text-align: left;\">\n<div class=\"diasTanda listing\">\n<div class=\"tanda-head\">\n<div class=\"duration\" style=\"text-align: left;\"><\/div>\n<\/div>\n<div class=\"diasTanda listing\">\n<div class=\"title\" style=\"text-align: left;\">Dia 1<span>\u00a0<\/span><i class=\"fas fa-bolt\"><\/i><\/div>\n<div class=\"bloques listing\" style=\"text-align: left;\">\n<div class=\"bloque listing \">\n<div class=\"title\"><span class=\"horaInicio\">09:00 hs.<span>\u00a0<\/span><\/span><span class=\"title\">Acreditaci\u00f3n (Hall hotel) (HOTEL 5)<\/span><\/div>\n<\/div>\n<div class=\"bloque listing \">\n<div class=\"title\"><span class=\"horaInicio\">09:00 hs.<span>\u00a0<\/span><\/span><span class=\"title\">Acreditaci\u00f3n (Hall hotel) (HOTEL 8)<\/span><\/div>\n<\/div>\n<div class=\"bloque listing \">\n<div class=\"title\"><span class=\"horaInicio\">13:00 hs.<span>\u00a0<\/span><\/span><span class=\"title\">Almuerzo (COMEDOR)<\/span><\/div>\n<\/div>\n<div class=\"bloque listing bloque-con-presentaciones\">\n<div class=\"title\"><span class=\"horaInicio\">15:00 hs.<span>\u00a0<\/span><\/span><span class=\"title\">Apertura (Auditorio) (HOTEL 8)<\/span><\/div>\n<ul class=\"presentaciones listing\">\n<li>\n<div class=\"title\"><i class=\"fas fa-bullhorn\"><\/i>Ana no duerme (video)<\/div>\n<div class=\"detail\">C-CEPPT No. 2 &#8211; San Andr\u00e9s de Giles<\/div>\n<\/li>\n<\/ul>\n<\/div>\n<div class=\"bloque listing \">\n<div class=\"title\"><span class=\"horaInicio\">16:00 hs.<span>\u00a0<\/span><\/span><span class=\"title\">Taller de bienvenida para j\u00f3venes (Explanada) (HOTEL 8)<\/span><\/div>\n<\/div>\n<div class=\"bloque listing \">\n<div class=\"title\"><span class=\"horaInicio\">16:00 hs.<span>\u00a0<\/span><\/span><span class=\"title\">Taller de bienvenida para coordinadores (Auditorio) (HOTEL 8)<\/span><\/div>\n<\/div>\n<div class=\"bloque listing bloque-con-presentaciones\">\n<div class=\"title\"><span class=\"horaInicio\">18:00 hs.<span>\u00a0<\/span><\/span><span class=\"title\">Presentaciones (HOTEL 8)<\/span><\/div>\n<ul class=\"presentaciones listing\">\n<li>\n<div class=\"title\"><i class=\"fas fa-bullhorn\"><\/i>Barrio ej. de los andes y segregaci\u00f3n urbana (video)<\/div>\n<div class=\"detail\">EES No. 5 &#8211; Jos\u00e9 Ingenieros<\/div>\n<\/li>\n<li>\n<div class=\"title\"><i class=\"fas fa-bullhorn\"><\/i>De la crisis del 2001 al presente: postales d (video)<\/div>\n<div class=\"detail\">EES No. 2 &#8211; Ciudad Jard\u00edn Lomas del Palomar<\/div>\n<\/li>\n<li>\n<div class=\"title\"><i class=\"fas fa-bullhorn\"><\/i>Abuso de poder (audio)<\/div>\n<div class=\"detail\">EES No. 20 &#8211; Tres de Febrero<\/div>\n<\/li>\n<li>\n<div class=\"title\"><i class=\"fas fa-bullhorn\"><\/i>\u00bfInfluencias de odio? (video)<\/div>\n<div class=\"detail\">OOSS Casa Pueblo El Libertador, Tres de Febrero &#8211; C. A. A. C &#8211; El Libertador<\/div>\n<\/li>\n<li>\n<div class=\"title\"><i class=\"fas fa-bullhorn\"><\/i>EL ROCK COMO RESISTENCIA SOCIOCULTURAL (radio)<\/div>\n<div class=\"detail\">EES No. 33 &#8211; Villa Bosch (Est. Juan Mar\u00eda Bosch)<\/div>\n<\/li>\n<li>\n<div class=\"title\"><i class=\"fas fa-bullhorn\"><\/i>Percepciones de la dictadura:Labard\u00e9n (video)<\/div>\n<div class=\"detail\">EEM No. 2 &#8211; Labarden<\/div>\n<\/li>\n<li>\n<div class=\"title\"><i class=\"fas fa-bullhorn\"><\/i>PADRES DE PLAZA DE MAYO (video)<\/div>\n<div class=\"detail\">C-CENS No. 456 &#8211; Caseros<\/div>\n<\/li>\n<\/ul>\n<\/div>\n<div class=\"bloque listing \">\n<div class=\"title\"><span class=\"horaInicio\">21:00 hs.<span>\u00a0<\/span><\/span><span class=\"title\">Cena (COMEDOR)<\/span><\/div>\n<\/div>\n<div class=\"bloque listing bloque-con-presentaciones\">\n<div class=\"title\"><span class=\"horaInicio\">22:00 hs.<span>\u00a0<\/span><\/span><span class=\"title\">Presentaciones (HOTEL 8)<\/span><\/div>\n<ul class=\"presentaciones listing\">\n<li>\n<div class=\"title\"><i class=\"fas fa-bullhorn\"><\/i>\u00abLa historia se sigue escribiendo\u00bb (video)<\/div>\n<div class=\"detail\">EES No. 4 &#8211; San Andr\u00e9s de Giles<\/div>\n<\/li>\n<li>\n<div class=\"title\"><i class=\"fas fa-bullhorn\"><\/i>LIBRES E IGUALES (video)<\/div>\n<div class=\"detail\">OOSS CENTRO COMUNITARIO PINAZO &#8211; CENTRO COMUNITARIO &#8211; Del Viso<\/div>\n<\/li>\n<li>\n<div class=\"title\"><i class=\"fas fa-bullhorn\"><\/i>Nuestra identidad (gr\u00e1fica)<\/div>\n<div class=\"detail\">EES No. 3 &#8211; Cucull\u00fa<\/div>\n<\/li>\n<li>\n<div class=\"title\"><i class=\"fas fa-bullhorn\"><\/i>IntercambiaARTE (video)<\/div>\n<div class=\"detail\">EE No. 519 &#8211; La Matanza<\/div>\n<\/li>\n<li>\n<div class=\"title\"><i class=\"fas fa-bullhorn\"><\/i>nos miramos (video)<\/div>\n<div class=\"detail\">EES No. 1 &#8211; Castelli<\/div>\n<\/li>\n<li>\n<div class=\"title\"><i class=\"fas fa-bullhorn\"><\/i>Discursos antiderechos hoy, problema de todos (video)<\/div>\n<div class=\"detail\">EES No. 33 &#8211; Los Cachorros<\/div>\n<\/li>\n<\/ul>\n<\/div>\n<\/div>\n<div class=\"title\" style=\"text-align: left;\">Dia 2<span>\u00a0<\/span><i class=\"fas fa-bolt\"><\/i><\/div>\n<div class=\"bloques listing\" style=\"text-align: left;\">\n<div class=\"bloque listing bloque-con-presentaciones\">\n<div class=\"title\"><span class=\"horaInicio\">09:00 hs.<span>\u00a0<\/span><\/span><span class=\"title\">Presentaciones (HOTEL 8)<\/span><\/div>\n<ul class=\"presentaciones listing\">\n<li>\n<div class=\"title\"><i class=\"fas fa-bullhorn\"><\/i>Pol\u00edtica y Econom\u00eda. \u00bfQue nos importa? (video)<\/div>\n<div class=\"detail\">C-CENS No. 458 &#8211; Caseros<\/div>\n<\/li>\n<li>\n<div class=\"title\"><i class=\"fas fa-bullhorn\"><\/i>El grito de los silenciados (video)<\/div>\n<div class=\"detail\">EES No. 17 &#8211; Ciudad Jard\u00edn Lomas del Palomar<\/div>\n<\/li>\n<li>\n<div class=\"title\"><i class=\"fas fa-bullhorn\"><\/i>Malvinas, por siempre nuestras (mural)<\/div>\n<div class=\"detail\">EES No. 6 &#8211; Franklin<\/div>\n<\/li>\n<li>\n<div class=\"title\"><i class=\"fas fa-bullhorn\"><\/i>Nada sobre nosotrxs sin nosotrxs (video)<\/div>\n<div class=\"detail\">Escuela Privada Escuela Especial Portal del Sol &#8211; Tapiales<\/div>\n<\/li>\n<li>\n<div class=\"title\"><i class=\"fas fa-bullhorn\"><\/i>La Intolerancia (m\u00fasica)<\/div>\n<div class=\"detail\">EES No. 2 &#8211; Ver\u00f3nica<\/div>\n<\/li>\n<li>\n<div class=\"title\"><i class=\"fas fa-bullhorn\"><\/i>Identidad (video)<\/div>\n<div class=\"detail\">EES No. 4 &#8211; Arrecifes<\/div>\n<\/li>\n<li>\n<div class=\"title\"><i class=\"fas fa-bullhorn\"><\/i>Una mente sana, Si importa (video)<\/div>\n<div class=\"detail\">EES No. 4 &#8211; Ciudadela<\/div>\n<\/li>\n<\/ul>\n<\/div>\n<div class=\"bloque listing bloque-con-presentaciones\">\n<div class=\"title\"><span class=\"horaInicio\">10:30 hs.<span>\u00a0<\/span><\/span><span class=\"title\">Presentaciones (HOTEL 8)<\/span><\/div>\n<ul class=\"presentaciones listing\">\n<li>\n<div class=\"title\"><i class=\"fas fa-bullhorn\"><\/i>La vida en contexto de encierro (video)<\/div>\n<div class=\"detail\">OOSS Ra\u00edces compa\u00f1eras &#8211; Centro cultural &#8211; Pablo Podest\u00e1<\/div>\n<\/li>\n<li>\n<div class=\"title\"><i class=\"fas fa-bullhorn\"><\/i>COMUNIDAD EN LUCHA (video)<\/div>\n<div class=\"detail\">EEM No. 3 &#8211; Del Viso<\/div>\n<\/li>\n<li>\n<div class=\"title\"><i class=\"fas fa-bullhorn\"><\/i>Memoria en voz alta (audio)<\/div>\n<div class=\"detail\">OOSS Fosde (CSC Huellas) &#8211; Centro Socioeducativo Comunitario &#8211; Del Viso<\/div>\n<\/li>\n<li>\n<div class=\"title\"><i class=\"fas fa-bullhorn\"><\/i>\u00bfQu\u00e9 ven cuando nos ven? (video)<\/div>\n<div class=\"detail\">Escuela Privada Escuela de Educaci\u00f3n Secundaria Instituto Nicol\u00e1s Repetto &#8211; Tapiales<\/div>\n<\/li>\n<li>\n<div class=\"title\"><i class=\"fas fa-bullhorn\"><\/i>j\u00f3venes y la educaci\u00f3n derecho e identidad (video)<\/div>\n<div class=\"detail\">EES No. 66 &#8211; Gonz\u00e1lez Cat\u00e1n<\/div>\n<\/li>\n<li>\n<div class=\"title\"><i class=\"fas fa-bullhorn\"><\/i>Adolfo para la Aldea y la Aldea para el mundo (video)<\/div>\n<div class=\"detail\">OOSS Aldea J\u00f3venes para la Paz (SERPAJ) &#8211; Centro educativo &#8211; Villa Rosa<\/div>\n<\/li>\n<li>\n<div class=\"title\"><i class=\"fas fa-bullhorn\"><\/i>LA lucha docente, una hostoria para compartir (video)<\/div>\n<div class=\"detail\">OOSS SUTEBA &#8211; Grupo Jubiladxs en lucha &#8211; Tres de Febrero<\/div>\n<\/li>\n<\/ul>\n<\/div>\n<div class=\"bloque listing \">\n<div class=\"title\"><span class=\"horaInicio\">11:00 hs.<span>\u00a0<\/span><\/span><span class=\"title\">Talleres de producci\u00f3n (Explanada) (HOTEL 5)<\/span><\/div>\n<\/div>\n<div class=\"bloque listing \">\n<div class=\"title\"><span class=\"horaInicio\">13:00 hs.<span>\u00a0<\/span><\/span><span class=\"title\">Almuerzo (COMEDOR)<\/span><\/div>\n<\/div>\n<div class=\"bloque listing bloque-con-presentaciones\">\n<div class=\"title\"><span class=\"horaInicio\">14:00 hs.<span>\u00a0<\/span><\/span><span class=\"title\">Presentaciones (HOTEL 8)<\/span><\/div>\n<ul class=\"presentaciones listing\">\n<li>\n<div class=\"title\"><i class=\"fas fa-bullhorn\"><\/i>La Agrope hace memoria (video)<\/div>\n<div class=\"detail\">ESA No. 1 &#8211; Arrecifes<\/div>\n<\/li>\n<li>\n<div class=\"title\"><i class=\"fas fa-bullhorn\"><\/i>Relatos del exilio en dictadura (video)<\/div>\n<div class=\"detail\">EES No. 173 &#8211; Gonz\u00e1lez Cat\u00e1n<\/div>\n<\/li>\n<li>\n<div class=\"title\"><i class=\"fas fa-bullhorn\"><\/i>Los silencios y la Guerra de Malvinas (video)<\/div>\n<div class=\"detail\">EES No. 35 &#8211; La Matanza<\/div>\n<\/li>\n<li>\n<div class=\"title\"><i class=\"fas fa-bullhorn\"><\/i>Adolescentes en accion (video)<\/div>\n<div class=\"detail\">ESB No. 102 &#8211; Gonz\u00e1lez Cat\u00e1n<\/div>\n<\/li>\n<li>\n<div class=\"title\"><i class=\"fas fa-bullhorn\"><\/i>La ni\u00f1ez es pol\u00edtica (video)<\/div>\n<div class=\"detail\">OOSS Envi\u00f3n El Libertador &#8211; Programa de Responsabilidad Social Compartida Envi\u00f3n &#8211; Tres de Febrero<\/div>\n<\/li>\n<li>\n<div class=\"title\"><i class=\"fas fa-bullhorn\"><\/i>Pos guerra y Salud mental (video)<\/div>\n<div class=\"detail\">EES No. 22 &#8211; Caseros<\/div>\n<\/li>\n<li>\n<div class=\"title\"><i class=\"fas fa-bullhorn\"><\/i>Memorias de Malvinas (instalaci\u00f3n)<\/div>\n<div class=\"detail\">C-CENS No. 451 &#8211; Castelli<\/div>\n<\/li>\n<li>\n<div class=\"title\"><i class=\"fas fa-bullhorn\"><\/i>Nosotros no queremos ser los pr\u00f3ximos (video)<\/div>\n<div class=\"detail\">OOSS Envi\u00f3n barrio Evita &#8211; Programa de Responsabilidad Social Compartida Envi\u00f3n &#8211; Caseros<\/div>\n<\/li>\n<\/ul>\n<\/div>\n<div class=\"bloque listing bloque-con-presentaciones\">\n<div class=\"title\"><span class=\"horaInicio\">16:00 hs.<span>\u00a0<\/span><\/span><span class=\"title\">Presentaciones (HOTEL 8)<\/span><\/div>\n<ul class=\"presentaciones listing\">\n<li>\n<div class=\"title\"><i class=\"fas fa-bullhorn\"><\/i>Derechos a la Vivienda Digna (video)<\/div>\n<div class=\"detail\">EES No. 30 &#8211; Pablo Podest\u00e1<\/div>\n<\/li>\n<li>\n<div class=\"title\"><i class=\"fas fa-bullhorn\"><\/i>Huellas Del Dolor- Voces que marcan historias (video)<\/div>\n<div class=\"detail\">Escuela Privada Escuela de Ense\u00f1anza Media Nueva Visi\u00f3n &#8211; Tres de Febrero<\/div>\n<\/li>\n<li>\n<div class=\"title\"><i class=\"fas fa-bullhorn\"><\/i>Churruca dice (video)<\/div>\n<div class=\"detail\">ESB No. 35 &#8211; Churruca<\/div>\n<\/li>\n<li>\n<div class=\"title\"><i class=\"fas fa-bullhorn\"><\/i>no establecido todav\u00eda (video)<\/div>\n<div class=\"detail\">EES No. 30 &#8211; Del Viso<\/div>\n<\/li>\n<li>\n<div class=\"title\"><i class=\"fas fa-bullhorn\"><\/i>La malvinidad al palo (video)<\/div>\n<div class=\"detail\">EES No. 1 &#8211; San Andr\u00e9s de Giles<\/div>\n<\/li>\n<li>\n<div class=\"title\"><i class=\"fas fa-bullhorn\"><\/i>Voces de resistencia (audio)<\/div>\n<div class=\"detail\">EES No. 6 &#8211; Arrecifes<\/div>\n<\/li>\n<li>\n<div class=\"title\"><i class=\"fas fa-bullhorn\"><\/i>Adicci\u00f3n y Vulneraci\u00f3n de Derechos (video)<\/div>\n<div class=\"detail\">OOSS Aldea J\u00f3venes para la Paz (SERPAJ) Pilar &#8211; Centro educativo &#8211; Villa Rosa<\/div>\n<\/li>\n<li>\n<div class=\"title\"><i class=\"fas fa-bullhorn\"><\/i>Relatos de Malvinas (video)<\/div>\n<div class=\"detail\">C-CENS No. 451 &#8211; Remedios de Escalada<\/div>\n<\/li>\n<\/ul>\n<\/div>\n<div class=\"bloque listing bloque-con-presentaciones\">\n<div class=\"title\"><span class=\"horaInicio\">18:00 hs.<span>\u00a0<\/span><\/span><span class=\"title\">Presentaciones (HOTEL 8)<\/span><\/div>\n<ul class=\"presentaciones listing\">\n<li>\n<div class=\"title\"><i class=\"fas fa-bullhorn\"><\/i>contexto social (radio)<\/div>\n<div class=\"detail\">EES No. 10 &#8211; Loma Hermosa<\/div>\n<\/li>\n<li>\n<div class=\"title\"><i class=\"fas fa-bullhorn\"><\/i>EN B\u00daSQUEDA DE NO CAER (video)<\/div>\n<div class=\"detail\">EES No. 24 &#8211; Villa Rosa<\/div>\n<\/li>\n<li>\n<div class=\"title\"><i class=\"fas fa-bullhorn\"><\/i>Un Centro para Ca\u00f1ada (video)<\/div>\n<div class=\"detail\">EES No. 3061 &#8211; Arrecifes<\/div>\n<\/li>\n<li>\n<div class=\"title\"><i class=\"fas fa-bullhorn\"><\/i>La dictadura seg\u00fan nuestra comunidad (teatro)<\/div>\n<div class=\"detail\">EES No. 9 &#8211; Pablo Podest\u00e1<\/div>\n<\/li>\n<li>\n<div class=\"title\"><i class=\"fas fa-bullhorn\"><\/i>Dictadura y Guerra de Malvinas (video)<\/div>\n<div class=\"detail\">EES No. 59 &#8211; 20 de Junio<\/div>\n<\/li>\n<li>\n<div class=\"title\"><i class=\"fas fa-bullhorn\"><\/i>\u00abBarrios Silenciados\u00bb (teatro)<\/div>\n<div class=\"detail\">EES No. 36 &#8211; Loma Hermosa<\/div>\n<\/li>\n<li>\n<div class=\"title\"><i class=\"fas fa-bullhorn\"><\/i>J\u00f3venes y memoria (video)<\/div>\n<div class=\"detail\">EES No. 25 &#8211; Ciudadela<\/div>\n<\/li>\n<li>\n<div class=\"title\"><i class=\"fas fa-bullhorn\"><\/i>La noche de los l\u00e1pices (m\u00fasica)<\/div>\n<div class=\"detail\">EES No. 101 &#8211; La Matanza<\/div>\n<\/li>\n<\/ul>\n<\/div>\n<div class=\"bloque listing \">\n<div class=\"title\"><span class=\"horaInicio\">18:00 hs.<span>\u00a0<\/span><\/span><span class=\"title\">Actividades para J\u00f3venes (Explanada) (HOTEL 5)<\/span><\/div>\n<\/div>\n<div class=\"bloque listing \">\n<div class=\"title\"><span class=\"horaInicio\">21:00 hs.<span>\u00a0<\/span><\/span><span class=\"title\">Cena (COMEDOR)<\/span><\/div>\n<\/div>\n<div class=\"bloque listing bloque-con-presentaciones\">\n<div class=\"title\"><span class=\"horaInicio\">22:00 hs.<span>\u00a0<\/span><\/span><span class=\"title\">Presentaciones (HOTEL 8)<\/span><\/div>\n<ul class=\"presentaciones listing\">\n<li>\n<div class=\"title\"><i class=\"fas fa-bullhorn\"><\/i>Desnaturalizar lo natural (video)<\/div>\n<div class=\"detail\">ESB No. 15 &#8211; Del Viso<\/div>\n<\/li>\n<li>\n<div class=\"title\"><i class=\"fas fa-bullhorn\"><\/i>Lo cotidiano en la dictadura (video)<\/div>\n<div class=\"detail\">EES No. 190 &#8211; Gonz\u00e1lez Cat\u00e1n<\/div>\n<\/li>\n<li>\n<div class=\"title\"><i class=\"fas fa-bullhorn\"><\/i>Es una se\u00f1o. (teatro)<\/div>\n<div class=\"detail\">ESB No. 136 &#8211; Virrey del Pino<\/div>\n<\/li>\n<li>\n<div class=\"title\"><i class=\"fas fa-bullhorn\"><\/i>Nunca es tarde: oportunidades y retos&#8230; (video)<\/div>\n<div class=\"detail\">EA No. 454 &#8211; Villa Rosa<\/div>\n<\/li>\n<li>\n<div class=\"title\"><i class=\"fas fa-bullhorn\"><\/i>Los sobrevivientes (teatro)<\/div>\n<div class=\"detail\">EST No. 14 &#8211; Gonz\u00e1lez Cat\u00e1n<\/div>\n<\/li>\n<li>\n<div class=\"title\"><i class=\"fas fa-bullhorn\"><\/i>El futuro somos nosotrxs. (video)<\/div>\n<div class=\"detail\">EES No. 1 &#8211; Carmen de Areco<\/div>\n<\/li>\n<\/ul>\n<\/div>\n<\/div>\n<div class=\"title\" style=\"text-align: left;\">Dia 3<span>\u00a0<\/span><i class=\"fas fa-bolt\"><\/i><\/div>\n<div class=\"bloques listing\" style=\"text-align: left;\">\n<div class=\"bloque listing bloque-con-presentaciones\">\n<div class=\"title\"><span class=\"horaInicio\">09:00 hs.<span>\u00a0<\/span><\/span><span class=\"title\">Presentaciones (HOTEL 8)<\/span><\/div>\n<ul class=\"presentaciones listing\">\n<li>\n<div class=\"title\"><i class=\"fas fa-bullhorn\"><\/i>Negacionismo en Ciudadela (video)<\/div>\n<div class=\"detail\">EES No. 16 &#8211; Caseros<\/div>\n<\/li>\n<li>\n<div class=\"title\"><i class=\"fas fa-bullhorn\"><\/i>Ollas populares (video)<\/div>\n<div class=\"detail\">C-CENS No. &#8211; Ciudadela<\/div>\n<\/li>\n<li>\n<div class=\"title\"><i class=\"fas fa-bullhorn\"><\/i>DEMOCRACIA PARA LA MEMORIA (video)<\/div>\n<div class=\"detail\">C-CENS No. 453 &#8211; Del Viso<\/div>\n<\/li>\n<li>\n<div class=\"title\"><i class=\"fas fa-bullhorn\"><\/i>El formato escolar y la inclusi\u00f3n (gr\u00e1fica)<\/div>\n<div class=\"detail\">EES No. 27 &#8211; Gonz\u00e1lez Cat\u00e1n<\/div>\n<\/li>\n<li>\n<div class=\"title\"><i class=\"fas fa-bullhorn\"><\/i>Historias de vida (audio)<\/div>\n<div class=\"detail\">EES No. 2 &#8211; Juan Bautista Alberdi (Est. Alberdi)<\/div>\n<\/li>\n<li>\n<div class=\"title\"><i class=\"fas fa-bullhorn\"><\/i>La ense\u00f1anza de la danza en dictadura (danzas)<\/div>\n<div class=\"detail\">EES No. 31 &#8211; Caseros<\/div>\n<\/li>\n<li>\n<div class=\"title\"><i class=\"fas fa-bullhorn\"><\/i>\u00abLa pacha se defiende\u00bb (video)<\/div>\n<div class=\"detail\">C-CFI No. 518 &#8211; Virrey del Pino<\/div>\n<\/li>\n<\/ul>\n<\/div>\n<div class=\"bloque listing bloque-con-presentaciones\">\n<div class=\"title\"><span class=\"horaInicio\">10:30 hs.<span>\u00a0<\/span><\/span><span class=\"title\">Presentaciones (HOTEL 8)<\/span><\/div>\n<ul class=\"presentaciones listing\">\n<li>\n<div class=\"title\"><i class=\"fas fa-bullhorn\"><\/i>FAKE NEWS EN LA GUERRA DE MALVINAS (video)<\/div>\n<div class=\"detail\">C-CENS No. 455 &#8211; Ciudadela<\/div>\n<\/li>\n<li>\n<div class=\"title\"><i class=\"fas fa-bullhorn\"><\/i>\u00abRecicladores de Sue\u00f1os\u00bb (video)<\/div>\n<div class=\"detail\">EES No. 37 &#8211; Maquinista F. Savio (Oeste)<\/div>\n<\/li>\n<li>\n<div class=\"title\"><i class=\"fas fa-bullhorn\"><\/i>Las represi\u00f3n y resistencia en nuestra ciudad (video)<\/div>\n<div class=\"detail\">EES No. 10 &#8211; Azcu\u00e9naga<\/div>\n<\/li>\n<li>\n<div class=\"title\"><i class=\"fas fa-bullhorn\"><\/i>\u00abRAICES Y SUE\u00d1OS\u00bb (danzas)<\/div>\n<div class=\"detail\">EA No. 3 &#8211; Virrey del Pino<\/div>\n<\/li>\n<li>\n<div class=\"title\"><i class=\"fas fa-bullhorn\"><\/i>confesiones la 15 dos (video)<\/div>\n<div class=\"detail\">EES No. 15 &#8211; Virrey del Pino<\/div>\n<\/li>\n<li>\n<div class=\"title\"><i class=\"fas fa-bullhorn\"><\/i>Politicas publicas (video)<\/div>\n<div class=\"detail\">EES No. 5 &#8211; Alberdi Viejo<\/div>\n<\/li>\n<li>\n<div class=\"title\"><i class=\"fas fa-bullhorn\"><\/i>La resistencia de la cultura (video)<\/div>\n<div class=\"detail\">EES No. 8 &#8211; San Andr\u00e9s de Giles<\/div>\n<\/li>\n<\/ul>\n<\/div>\n<div class=\"bloque listing \">\n<div class=\"title\"><span class=\"horaInicio\">13:00 hs.<span>\u00a0<\/span><\/span><span class=\"title\">Almuerzo (COMEDOR)<\/span><\/div>\n<\/div>\n<div class=\"bloque listing bloque-con-presentaciones\">\n<div class=\"title\"><span class=\"horaInicio\">14:00 hs.<span>\u00a0<\/span><\/span><span class=\"title\">Presentaciones (HOTEL 8)<\/span><\/div>\n<ul class=\"presentaciones listing\">\n<li>\n<div class=\"title\"><i class=\"fas fa-bullhorn\"><\/i>#qu\u00e9 sea Universidad! (video)<\/div>\n<div class=\"detail\">EST No. 3 &#8211; Del Viso<\/div>\n<\/li>\n<li>\n<div class=\"title\"><i class=\"fas fa-bullhorn\"><\/i>J\u00d3VENES DESAPARECIDOS DE PIRAN (multimedia)<\/div>\n<div class=\"detail\">EES No. 3 &#8211; General Pir\u00e1n<\/div>\n<\/li>\n<li>\n<div class=\"title\"><i class=\"fas fa-bullhorn\"><\/i>La educaci\u00f3n, un derecho universal (video)<\/div>\n<div class=\"detail\">EES No. 123 &#8211; Gonz\u00e1lez Cat\u00e1n<\/div>\n<\/li>\n<li>\n<div class=\"title\"><i class=\"fas fa-bullhorn\"><\/i>Crisis de 2001 (mural)<\/div>\n<div class=\"detail\">EES No. 2510 &#8211; Gonz\u00e1lez Cat\u00e1n<\/div>\n<\/li>\n<li>\n<div class=\"title\"><i class=\"fas fa-bullhorn\"><\/i>Distintxs e Iguales (video)<\/div>\n<div class=\"detail\">OOSS EP N\u00b0 3 \u00abJos\u00e9 de San Mart\u00edn\u00bb &#8211; Patios AbiertosJos\u00e9 de San Mart\u00edn &#8211; San Andr\u00e9s de Giles<\/div>\n<\/li>\n<li>\n<div class=\"title\"><i class=\"fas fa-bullhorn\"><\/i>En mente cerrada, no entra memoria (placa, baldosa)<\/div>\n<div class=\"detail\">Escuela Privada Escuela de Educaci\u00f3n Secundaria Colegio Nuestra Se\u00f1ora de Lourdes &#8211; Loma Hermosa<\/div>\n<\/li>\n<li>\n<div class=\"title\"><i class=\"fas fa-bullhorn\"><\/i>Los h\u00e9roes de Malvinas (video)<\/div>\n<div class=\"detail\">EES No. 110 &#8211; La Tablada<\/div>\n<\/li>\n<li>\n<div class=\"title\"><i class=\"fas fa-bullhorn\"><\/i>Ramos Mej\u00eda quiere justicia (video)<\/div>\n<div class=\"detail\">EES No. 42 &#8211; Ramos Mej\u00eda<\/div>\n<\/li>\n<\/ul>\n<\/div>\n<div class=\"bloque listing bloque-con-presentaciones\">\n<div class=\"title\"><span class=\"horaInicio\">16:00 hs.<span>\u00a0<\/span><\/span><span class=\"title\">Presentaciones (HOTEL 8)<\/span><\/div>\n<ul class=\"presentaciones listing\">\n<li>\n<div class=\"title\"><i class=\"fas fa-bullhorn\"><\/i>Memorias de democracia (video)<\/div>\n<div class=\"detail\">EES No. 153 &#8211; La Matanza<\/div>\n<\/li>\n<li>\n<div class=\"title\"><i class=\"fas fa-bullhorn\"><\/i>Nosotros y el trabajo infantil&#8230; (video)<\/div>\n<div class=\"detail\">EES No. 26 &#8211; Tres de Febrero<\/div>\n<\/li>\n<li>\n<div class=\"title\"><i class=\"fas fa-bullhorn\"><\/i>\u00bfQuien nos cuida en nuestros barrios? (video)<\/div>\n<div class=\"detail\">EES No. 25 &#8211; Del Viso<\/div>\n<\/li>\n<li>\n<div class=\"title\"><i class=\"fas fa-bullhorn\"><\/i>La ESI nuestro Derecho (video)<\/div>\n<div class=\"detail\">EES No. 185 &#8211; Lomas del Mirador<\/div>\n<\/li>\n<li>\n<div class=\"title\"><i class=\"fas fa-bullhorn\"><\/i>Un nombre para mi escuela (video)<\/div>\n<div class=\"detail\">EES No. 28 &#8211; Ciudadela<\/div>\n<\/li>\n<li>\n<div class=\"title\"><i class=\"fas fa-bullhorn\"><\/i>Estigma estructural: \u201cLos de abajo\u201d (video)<\/div>\n<div class=\"detail\">EES No. 18 &#8211; Ramos Mej\u00eda<\/div>\n<\/li>\n<li>\n<div class=\"title\"><i class=\"fas fa-bullhorn\"><\/i>Biograf\u00eda (revisar t\u00edtulo)No lo decidimos a\u00fan (placa, baldosa)<\/div>\n<div class=\"detail\">Escuela Privada Escuela de Educaci\u00f3n Secundaria Instituto Padre Elizalde &#8211; Ciudadela<\/div>\n<\/li>\n<\/ul>\n<\/div>\n<div class=\"bloque listing bloque-con-presentaciones\">\n<div class=\"title\"><span class=\"horaInicio\">18:00 hs.<span>\u00a0<\/span><\/span><span class=\"title\">Presentaciones (HOTEL 8)<\/span><\/div>\n<ul class=\"presentaciones listing\">\n<li>\n<div class=\"title\"><i class=\"fas fa-bullhorn\"><\/i>Mi\u00e9rcoles por la tarde (audio)<\/div>\n<div class=\"detail\">EES No. 35 &#8211; Villa Rosa<\/div>\n<\/li>\n<li>\n<div class=\"title\"><i class=\"fas fa-bullhorn\"><\/i>Sin derechos no hay futuro (video)<\/div>\n<div class=\"detail\">EES No. 74 &#8211; La Matanza<\/div>\n<\/li>\n<li>\n<div class=\"title\"><i class=\"fas fa-bullhorn\"><\/i>A definir (multimedia)<\/div>\n<div class=\"detail\">OOSS Envion, sede Barrio Ejercito de los Andes &#8211; Programa de responsabilidad social compartida Envion &#8211; Ciudadela<\/div>\n<\/li>\n<li>\n<div class=\"title\"><i class=\"fas fa-bullhorn\"><\/i>Identidad (video)<\/div>\n<div class=\"detail\">EES No. 174 &#8211; Virrey del Pino<\/div>\n<\/li>\n<li>\n<div class=\"title\"><i class=\"fas fa-bullhorn\"><\/i>Cuando la crisis nos une (video)<\/div>\n<div class=\"detail\">EES No. 10 &#8211; Del Viso<\/div>\n<\/li>\n<\/ul>\n<\/div>\n<div class=\"bloque listing \">\n<div class=\"title\"><span class=\"horaInicio\">18:00 hs.<span>\u00a0<\/span><\/span><span class=\"title\">Actividades para j\u00f3venes (HOTEL 5)<\/span><\/div>\n<\/div>\n<div class=\"bloque listing \">\n<div class=\"title\"><span class=\"horaInicio\">18:00 hs.<span>\u00a0<\/span><\/span><span class=\"title\">Taller para coordinadores (HOTEL 8)<\/span><\/div>\n<\/div>\n<div class=\"bloque listing \">\n<div class=\"title\"><span class=\"horaInicio\">21:00 hs.<span>\u00a0<\/span><\/span><span class=\"title\">Cena (COMEDOR)<\/span><\/div>\n<\/div>\n<div class=\"bloque listing \">\n<div class=\"title\"><span class=\"horaInicio\">22:00 hs.<span>\u00a0<\/span><\/span><span class=\"title\">Cierre del Encuentro y Fiesta (HOTEL 8)<\/span><\/div>\n<\/div>\n<\/div>\n<div class=\"title\" style=\"text-align: left;\">Dia 4<span>\u00a0<\/span><i class=\"fas fa-bolt\"><\/i><\/div>\n<div class=\"bloques listing\">\n<div class=\"bloque listing \">\n<div class=\"title\" style=\"text-align: left;\"><span class=\"horaInicio\">07:00 hs.<span>\u00a0<\/span><\/span><span class=\"title\">Desayuno y egreso (COMEDOR)<\/span><\/div>\n<\/div>\n<\/div>\n<\/div>\n<\/div>\n<\/div>\n<\/div>\n<\/div>\n<\/div>\n<\/div>\n<\/div>\n<\/div>\n<\/div>\n<\/div>\n<\/div>\n<\/div>\n<\/div>\n<\/div>\n<\/div>\n<\/div>\n<\/div>\n<\/div>\n<p>[\/et_pb_toggle][\/et_pb_column][\/et_pb_row][\/et_pb_section][et_pb_section fb_built=\u00bb1&#8243; disabled_on=\u00bboff|off|off\u00bb module_id=\u00bbtanda11&#8243; _builder_version=\u00bb4.27.3&#8243; _module_preset=\u00bbdefault\u00bb custom_padding=\u00bb0px||0px||false|false\u00bb global_colors_info=\u00bb{}\u00bb][et_pb_row _builder_version=\u00bb4.27.2&#8243; _module_preset=\u00bbdefault\u00bb global_colors_info=\u00bb{}\u00bb][et_pb_column type=\u00bb4_4&#8243; _builder_version=\u00bb4.27.2&#8243; _module_preset=\u00bbdefault\u00bb global_colors_info=\u00bb{}\u00bb][et_pb_toggle title=\u00bbTANDA 11&#8243; open_toggle_background_color=\u00bb#FFFFFF\u00bb closed_toggle_text_color=\u00bb#FFFFFF\u00bb closed_toggle_background_color=\u00bb#E02B20&#8243; icon_color=\u00bb#FFFFFF\u00bb open_icon_color=\u00bb#E02B20&#8243; _builder_version=\u00bb4.27.3&#8243; _module_preset=\u00bbdefault\u00bb title_font=\u00bb|700|||||||\u00bb title_text_align=\u00bbcenter\u00bb title_font_size=\u00bb24px\u00bb closed_title_font=\u00bb|700|||||||\u00bb closed_title_text_align=\u00bbcenter\u00bb closed_title_font_size=\u00bb24px\u00bb border_width_all=\u00bb4px\u00bb border_color_all=\u00bb#E02B20&#8243; global_colors_info=\u00bb{}\u00bb]<\/p>\n<div class=\"tanda\">\n<div class=\"diasTanda listing\">\n<div class=\"tanda\">\n<div class=\"diasTanda listing\">\n<div class=\"tanda\">\n<div class=\"diasTanda listing\">\n<div class=\"tanda\">\n<div class=\"title\">\n<div class=\"tanda\">\n<div class=\"diasTanda listing\">\n<div class=\"title\" style=\"text-align: left;\">\n<div class=\"title\">\n<div class=\"tanda\">\n<div class=\"diasTanda listing\">\n<div class=\"title\" style=\"text-align: left;\">\n<div class=\"tanda-head\">\n<div class=\"duration\" style=\"text-align: left;\">\n<div class=\"diasTanda listing\">\n<div class=\"title\">\n<div class=\"tanda\">\n<div class=\"diasTanda listing\">\n<div class=\"title\" style=\"text-align: left;\">Dia 1 <i class=\"fas fa-bolt\"><\/i><\/div>\n<div class=\"bloques listing\" style=\"text-align: left;\">\n<div class=\"bloque listing \">\n<div class=\"title\"><span class=\"horaInicio\"> 09:00 hs. <\/span><span class=\"title\"> Acreditaci\u00f3n (Hall hotel) (HOTEL 5) <\/span><\/div>\n<\/div>\n<div class=\"bloque listing \">\n<div class=\"title\"><span class=\"horaInicio\"> 09:00 hs. <\/span><span class=\"title\"> Acreditaci\u00f3n (Hall hotel) (HOTEL 8) <\/span><\/div>\n<\/div>\n<div class=\"bloque listing \">\n<div class=\"title\"><span class=\"horaInicio\"> 12:30 hs. <\/span><span class=\"title\"> Almuerzo (COMEDOR) <\/span><\/div>\n<\/div>\n<div class=\"bloque listing \">\n<div class=\"title\"><span class=\"horaInicio\"> 15:00 hs. <\/span><span class=\"title\"> Taller de bienvenida para coordinadores (Bar del Hotel) (HOTEL 8) <\/span><\/div>\n<\/div>\n<div class=\"bloque listing \">\n<div class=\"title\"><span class=\"horaInicio\"> 15:00 hs. <\/span><span class=\"title\"> Talleres de bienvenida para j\u00f3venes (HOTEL 8) <\/span><\/div>\n<\/div>\n<div class=\"bloque listing \">\n<div class=\"title\"><span class=\"horaInicio\"> 15:00 hs. <\/span><span class=\"title\"> Taller de bienvenida para coordinadores ( Comedor del Hotel) (HOTEL 5) <\/span><\/div>\n<\/div>\n<div class=\"bloque listing \">\n<div class=\"title\"><span class=\"horaInicio\"> 15:00 hs. <\/span><span class=\"title\"> Talleres de bienvenida para jovenes (HOTEL 5) <\/span><\/div>\n<\/div>\n<div class=\"bloque listing bloque-con-presentaciones\">\n<div class=\"title\"><span class=\"horaInicio\"> 16:00 hs. <\/span><span class=\"title\"> Apertura (Auditorio) (HOTEL 8) <\/span><\/div>\n<ul class=\"presentaciones listing\">\n<li>\n<div class=\"title\"><i class=\"fas fa-bullhorn\"><\/i> barajar de nuevo. Cooperativa Cimarr\u00f3n (video)<\/div>\n<div class=\"detail\">EES No. 3 &#8211; Trist\u00e1n Su\u00e1rez<\/div>\n<\/li>\n<\/ul>\n<\/div>\n<div class=\"bloque listing bloque-con-presentaciones\">\n<div class=\"title\"><span class=\"horaInicio\"> 18:30 hs. <\/span><span class=\"title\"> Presentaciones (HOTEL 8) <\/span><\/div>\n<ul class=\"presentaciones listing\">\n<li>\n<div class=\"title\"><i class=\"fas fa-bullhorn\"><\/i> Ni una menos: \u00abBajo su control\u00bb (video)<\/div>\n<div class=\"detail\">EEM No. 4 &#8211; Ezeiza<\/div>\n<\/li>\n<li>\n<div class=\"title\"><i class=\"fas fa-bullhorn\"><\/i> Nosotros (video)<\/div>\n<div class=\"detail\">Escuela Privada Escuela Especial Los buenos hijos &#8211; Pergamino<\/div>\n<\/li>\n<li>\n<div class=\"title\"><i class=\"fas fa-bullhorn\"><\/i> BARRIO, IDENTIDAD Y MEMORIA (video)<\/div>\n<div class=\"detail\">OOSS Centro Socioeducativo Novak &#8211; Centro Socioeducativo &#8211; Quilmes Oeste<\/div>\n<\/li>\n<li>\n<div class=\"title\"><i class=\"fas fa-bullhorn\"><\/i> nuestro barrio, nuestra voz: Una mirada del P (video)<\/div>\n<div class=\"detail\">OOSS Programa Envion Padre Varela &#8211; Programa Envion &#8211; Luj\u00e1n<\/div>\n<\/li>\n<li>\n<div class=\"title\"><i class=\"fas fa-bullhorn\"><\/i> Memoria en barrio La guarida (video)<\/div>\n<div class=\"detail\">EES No. 37 &#8211; San Miguel<\/div>\n<\/li>\n<li>\n<div class=\"title\"><i class=\"fas fa-bullhorn\"><\/i> La ESI en Merlo (video)<\/div>\n<div class=\"detail\">OOSS J\u00f3venes FOL &#8211; Envi\u00f3n Merlo &#8211; Envi\u00f3n &#8211; Merlo<\/div>\n<\/li>\n<\/ul>\n<\/div>\n<div class=\"bloque listing \">\n<div class=\"title\"><span class=\"horaInicio\"> 20:30 hs. <\/span><span class=\"title\"> Cena (COMEDOR) <\/span><\/div>\n<\/div>\n<div class=\"bloque listing bloque-con-presentaciones\">\n<div class=\"title\"><span class=\"horaInicio\"> 22:00 hs. <\/span><span class=\"title\"> Presentaciones (HOTEL 8) <\/span><\/div>\n<ul class=\"presentaciones listing\">\n<li>\n<div class=\"title\"><i class=\"fas fa-bullhorn\"><\/i> Consumo problem\u00e1tico (video)<\/div>\n<div class=\"detail\">OOSS J\u00f3venes FOL &#8211; Ferrari &#8211; Merendero &#8211; Merlo<\/div>\n<\/li>\n<li>\n<div class=\"title\"><i class=\"fas fa-bullhorn\"><\/i> las mujeres que no fueron a malvinas (video)<\/div>\n<div class=\"detail\">OOSS Cahuin cumpa &#8211; Ballet folcl\u00f3rico &#8211; Chacabuco<\/div>\n<\/li>\n<li>\n<div class=\"title\"><i class=\"fas fa-bullhorn\"><\/i> VisibilizAR (teatro)<\/div>\n<div class=\"detail\">OOSS Estudiantes en Marcha- Merlo Norte &#8211; Organizaci\u00f3n Estudiantil &#8211; Merlo<\/div>\n<\/li>\n<li>\n<div class=\"title\"><i class=\"fas fa-bullhorn\"><\/i> Entre silencios: Ecosde la Educaci\u00f3n (video)<\/div>\n<div class=\"detail\">EES No. 7 &#8211; San Miguel<\/div>\n<\/li>\n<li>\n<div class=\"title\"><i class=\"fas fa-bullhorn\"><\/i> Memoria (video)<\/div>\n<div class=\"detail\">OOSS J\u00f3venes de Parque San Mart\u00edn &#8211; organizaci\u00f3n de j\u00f3venes &#8211; San Antonio de Padua<\/div>\n<\/li>\n<\/ul>\n<\/div>\n<\/div>\n<div class=\"title\" style=\"text-align: left;\">Dia 2 <i class=\"fas fa-bolt\"><\/i><\/div>\n<div class=\"bloques listing\" style=\"text-align: left;\">\n<div class=\"bloque listing bloque-con-presentaciones\">\n<div class=\"title\"><span class=\"horaInicio\"> 09:00 hs. <\/span><span class=\"title\"> Presentaciones (HOTEL 8) <\/span><\/div>\n<ul class=\"presentaciones listing\">\n<li>\n<div class=\"title\"><i class=\"fas fa-bullhorn\"><\/i> La vulneraci\u00f3n de la salud en Ezeiza (video)<\/div>\n<div class=\"detail\">EES No. 11 &#8211; Trist\u00e1n Su\u00e1rez<\/div>\n<\/li>\n<li>\n<div class=\"title\"><i class=\"fas fa-bullhorn\"><\/i> memoria de una guerra (video)<\/div>\n<div class=\"detail\">EES No. 35 &#8211; San Miguel<\/div>\n<\/li>\n<li>\n<div class=\"title\"><i class=\"fas fa-bullhorn\"><\/i> Reconstruyendo voces: Maria Torres en Luj\u00e1n. (video)<\/div>\n<div class=\"detail\">ESB No. 19 &#8211; Luj\u00e1n<\/div>\n<\/li>\n<li>\n<div class=\"title\"><i class=\"fas fa-bullhorn\"><\/i> Reconstruyendo memoria con lxs pibxs de Ruca (video)<\/div>\n<div class=\"detail\">OOSS Ruca Hueney &#8211; Organizaci\u00f3n social &#8211; Lezica y Torrezuri<\/div>\n<\/li>\n<li>\n<div class=\"title\"><i class=\"fas fa-bullhorn\"><\/i> Historia de mi escuela (video)<\/div>\n<div class=\"detail\">EES No. 10 &#8211; Pergamino<\/div>\n<\/li>\n<li>\n<div class=\"title\"><i class=\"fas fa-bullhorn\"><\/i> MEMORIAS DE CAMPO DE MAYO (teatro)<\/div>\n<div class=\"detail\">OOSS Universidad nacional de General Sarmiento &#8211; UNIVERSIDAD &#8211; San Miguel<\/div>\n<\/li>\n<li>\n<div class=\"title\"><i class=\"fas fa-bullhorn\"><\/i> Libertad y Democracia: Ayer y Hoy (murga)<\/div>\n<div class=\"detail\">OOSS ENVION 2 DE ABRIL &#8211; ENVION &#8211; Ezpeleta Oeste<\/div>\n<\/li>\n<\/ul>\n<\/div>\n<div class=\"bloque listing bloque-con-presentaciones\">\n<div class=\"title\"><span class=\"horaInicio\"> 10:30 hs. <\/span><span class=\"title\"> Presentaciones (HOTEL 8) <\/span><\/div>\n<ul class=\"presentaciones listing\">\n<li>\n<div class=\"title\"><i class=\"fas fa-bullhorn\"><\/i> San Miguel tiene Memoria (placa, baldosa)<\/div>\n<div class=\"detail\">EES No. 21 &#8211; San Miguel<\/div>\n<\/li>\n<li>\n<div class=\"title\"><i class=\"fas fa-bullhorn\"><\/i> LOS MANDATOS SOCIALES (video)<\/div>\n<div class=\"detail\">EES No. 17 &#8211; Merlo<\/div>\n<\/li>\n<li>\n<div class=\"title\"><i class=\"fas fa-bullhorn\"><\/i> Redescubriendo el arte en Pergamino (video)<\/div>\n<div class=\"detail\">EES No. 13 &#8211; Pergamino<\/div>\n<\/li>\n<li>\n<div class=\"title\"><i class=\"fas fa-bullhorn\"><\/i> Saliendo de las sombras (video)<\/div>\n<div class=\"detail\">EE No. 517 &#8211; Virrey del Pino<\/div>\n<\/li>\n<li>\n<div class=\"title\"><i class=\"fas fa-bullhorn\"><\/i> Trabajo Infantil y Adolescente. (video)<\/div>\n<div class=\"detail\">EES No. 3061 &#8211; Pergamino<\/div>\n<\/li>\n<li>\n<div class=\"title\"><i class=\"fas fa-bullhorn\"><\/i> \u00bfPor qu\u00e9 yo? (teatro)<\/div>\n<div class=\"detail\">EES No. 28 &#8211; San Miguel<\/div>\n<\/li>\n<li>\n<div class=\"title\"><i class=\"fas fa-bullhorn\"><\/i> Historias de desaparecidos en nuestros barrio (video)<\/div>\n<div class=\"detail\">EES No. 14 &#8211; San Miguel<\/div>\n<\/li>\n<li>\n<div class=\"title\"><i class=\"fas fa-bullhorn\"><\/i> La comunicaci\u00f3n no se vende (video)<\/div>\n<div class=\"detail\">OOSS Estudiantes en Marcha &#8211; Libertad &#8211; Organizaci\u00f3n estudiantil &#8211; Merlo<\/div>\n<\/li>\n<\/ul>\n<\/div>\n<div class=\"bloque listing \">\n<div class=\"title\"><span class=\"horaInicio\"> 11:00 hs. <\/span><span class=\"title\"> Talleres de producci\u00f3n (Explanada) (HOTEL 5) <\/span><\/div>\n<\/div>\n<div class=\"bloque listing \">\n<div class=\"title\"><span class=\"horaInicio\"> 12:30 hs. <\/span><span class=\"title\"> Almuerzo (COMEDOR) <\/span><\/div>\n<\/div>\n<div class=\"bloque listing bloque-con-presentaciones\">\n<div class=\"title\"><span class=\"horaInicio\"> 14:00 hs. <\/span><span class=\"title\"> Presentaciones (HOTEL 8) <\/span><\/div>\n<ul class=\"presentaciones listing\">\n<li>\n<div class=\"title\"><i class=\"fas fa-bullhorn\"><\/i> Nada sin nosotrxs (video)<\/div>\n<div class=\"detail\">EE No. 1 &#8211; San Miguel<\/div>\n<\/li>\n<li>\n<div class=\"title\"><i class=\"fas fa-bullhorn\"><\/i> Nuestra historia (video)<\/div>\n<div class=\"detail\">EE No. 503 &#8211; San Miguel<\/div>\n<\/li>\n<li>\n<div class=\"title\"><i class=\"fas fa-bullhorn\"><\/i> Emilio Mignone: Sitios de memoria lujanense (video)<\/div>\n<div class=\"detail\">EST No. 1 &#8211; Luj\u00e1n<\/div>\n<\/li>\n<li>\n<div class=\"title\"><i class=\"fas fa-bullhorn\"><\/i> Nuestras costumbres (video)<\/div>\n<div class=\"detail\">OOSS Agitando pa\u00f1uelos\/ Alma de rezabaile &#8211; Ballet de folklore &#8211; Jos\u00e9 Mar\u00eda J\u00e1uregui<\/div>\n<\/li>\n<li>\n<div class=\"title\"><i class=\"fas fa-bullhorn\"><\/i> La poes\u00eda como resistencia a la dictadura (video)<\/div>\n<div class=\"detail\">OOSS Orquesta Ameghino &#8211; Orquesta Escuela &#8211; Luj\u00e1n<\/div>\n<\/li>\n<li>\n<div class=\"title\"><i class=\"fas fa-bullhorn\"><\/i> Fracturados y procrastinados. (video)<\/div>\n<div class=\"detail\">EES No. 5 &#8211; Pergamino<\/div>\n<\/li>\n<li>\n<div class=\"title\"><i class=\"fas fa-bullhorn\"><\/i> Una historia de travas (video)<\/div>\n<div class=\"detail\">EES No. 6 &#8211; Pergamino<\/div>\n<\/li>\n<\/ul>\n<\/div>\n<div class=\"bloque listing bloque-con-presentaciones\">\n<div class=\"title\"><span class=\"horaInicio\"> 16:00 hs. <\/span><span class=\"title\"> Presentaciones (HOTEL 8) <\/span><\/div>\n<ul class=\"presentaciones listing\">\n<li>\n<div class=\"title\"><i class=\"fas fa-bullhorn\"><\/i> Basural o planta de tratamiento: adaptaci\u00f3n o (multimedia)<\/div>\n<div class=\"detail\">EES No. 10 &#8211; Luj\u00e1n<\/div>\n<\/li>\n<li>\n<div class=\"title\"><i class=\"fas fa-bullhorn\"><\/i> La joven Democracia lograda (video)<\/div>\n<div class=\"detail\">EES No. 1 &#8211; 25 de Mayo<\/div>\n<\/li>\n<li>\n<div class=\"title\"><i class=\"fas fa-bullhorn\"><\/i> Desapariciones en la Ribera de Quilmes (video)<\/div>\n<div class=\"detail\">EES No. 58 &#8211; Quilmes<\/div>\n<\/li>\n<li>\n<div class=\"title\"><i class=\"fas fa-bullhorn\"><\/i> Los Forti y la Luna Tucumana (audio)<\/div>\n<div class=\"detail\">EES No. 52 &#8211; Bernal Oeste<\/div>\n<\/li>\n<li>\n<div class=\"title\"><i class=\"fas fa-bullhorn\"><\/i> Aprendiendo a amar (video)<\/div>\n<div class=\"detail\">OOSS envi\u00f3n open door &#8211; programa envi\u00f3n &#8211; Open Door<\/div>\n<\/li>\n<li>\n<div class=\"title\"><i class=\"fas fa-bullhorn\"><\/i> Educar en la Memoria,Construir Nuestro Futuro (video)<\/div>\n<div class=\"detail\">C-CFI No. 1 &#8211; San Antonio de Padua<\/div>\n<\/li>\n<li>\n<div class=\"title\"><i class=\"fas fa-bullhorn\"><\/i> Militancias tercermundistas (video)<\/div>\n<div class=\"detail\">Escuela Privada Escuela de Educaci\u00f3n Secundaria Instituto Luis F Leloir &#8211; San Miguel<\/div>\n<\/li>\n<\/ul>\n<\/div>\n<div class=\"bloque listing bloque-con-presentaciones\">\n<div class=\"title\"><span class=\"horaInicio\"> 18:00 hs. <\/span><span class=\"title\"> Presentaciones (HOTEL 8) <\/span><\/div>\n<ul class=\"presentaciones listing\">\n<li>\n<div class=\"title\"><i class=\"fas fa-bullhorn\"><\/i> Explotaci\u00f3n infantil (video)<\/div>\n<div class=\"detail\">EEM No. 24 &#8211; Quilmes<\/div>\n<\/li>\n<li>\n<div class=\"title\"><i class=\"fas fa-bullhorn\"><\/i> 2818 DIAS (video)<\/div>\n<div class=\"detail\">EES No. 4 &#8211; Chacabuco<\/div>\n<\/li>\n<li>\n<div class=\"title\"><i class=\"fas fa-bullhorn\"><\/i> Defendamos la orquesta del barrio! (teatro)<\/div>\n<div class=\"detail\">C-CENS No. 454 &#8211; Pergamino<\/div>\n<\/li>\n<li>\n<div class=\"title\"><i class=\"fas fa-bullhorn\"><\/i> Las identidades en la memoria (video)<\/div>\n<div class=\"detail\">I-ISFD No. 109 &#8211; San Antonio de Padua<\/div>\n<\/li>\n<li>\n<div class=\"title\"><i class=\"fas fa-bullhorn\"><\/i> Consumo problematico (video)<\/div>\n<div class=\"detail\">EES No. 34 &#8211; San Miguel<\/div>\n<\/li>\n<li>\n<div class=\"title\"><i class=\"fas fa-bullhorn\"><\/i> Migracion (teatro)<\/div>\n<div class=\"detail\">EES No. 4 &#8211; San Miguel<\/div>\n<\/li>\n<li>\n<div class=\"title\"><i class=\"fas fa-bullhorn\"><\/i> Los J\u00f3venes est\u00e1n, Chapa (video)<\/div>\n<div class=\"detail\">EES No. 2 &#8211; San Francisco Solano<\/div>\n<\/li>\n<\/ul>\n<\/div>\n<div class=\"bloque listing \">\n<div class=\"title\"><span class=\"horaInicio\"> 18:00 hs. <\/span><span class=\"title\"> Actividades para J\u00f3venes (Explanada) (HOTEL 5) <\/span><\/div>\n<\/div>\n<div class=\"bloque listing \">\n<div class=\"title\"><span class=\"horaInicio\"> 20:30 hs. <\/span><span class=\"title\"> Cena (COMEDOR) <\/span><\/div>\n<\/div>\n<div class=\"bloque listing bloque-con-presentaciones\">\n<div class=\"title\"><span class=\"horaInicio\"> 22:00 hs. <\/span><span class=\"title\"> Presentaciones (HOTEL 8) <\/span><\/div>\n<ul class=\"presentaciones listing\">\n<li>\n<div class=\"title\"><i class=\"fas fa-bullhorn\"><\/i> Nuestro BARRIO. (video)<\/div>\n<div class=\"detail\">EES No. 11 &#8211; Luj\u00e1n<\/div>\n<\/li>\n<li>\n<div class=\"title\"><i class=\"fas fa-bullhorn\"><\/i> Sobeviviente de la ultima dictadura (video)<\/div>\n<div class=\"detail\">EES No. 5 &#8211; Ezpeleta<\/div>\n<\/li>\n<li>\n<div class=\"title\"><i class=\"fas fa-bullhorn\"><\/i> Durazno (teatro)<\/div>\n<div class=\"detail\">EE No. 1 &#8211; San Antonio de Padua<\/div>\n<\/li>\n<li>\n<div class=\"title\"><i class=\"fas fa-bullhorn\"><\/i> Mi escuela tiene Memoria (teatro)<\/div>\n<div class=\"detail\">EES No. 25 &#8211; San Miguel<\/div>\n<\/li>\n<li>\n<div class=\"title\"><i class=\"fas fa-bullhorn\"><\/i> \u00b4F\u00c1BRICAS, GREMIOS Y POL\u00cdTICA: LA RESISTENCIA (teatro)<\/div>\n<div class=\"detail\">ESA No. &#8211; Carlos Spegazzini<\/div>\n<\/li>\n<li>\n<div class=\"title\"><i class=\"fas fa-bullhorn\"><\/i> El Estado como garante del derecho a la salud (video)<\/div>\n<div class=\"detail\">EES No. 17 &#8211; San Miguel<\/div>\n<\/li>\n<\/ul>\n<\/div>\n<\/div>\n<div class=\"title\" style=\"text-align: left;\">Dia 3 <i class=\"fas fa-bolt\"><\/i><\/div>\n<div class=\"bloques listing\" style=\"text-align: left;\">\n<div class=\"bloque listing bloque-con-presentaciones\">\n<div class=\"title\"><span class=\"horaInicio\"> 08:30 hs. <\/span><span class=\"title\"> Presentaciones (HOTEL 8) <\/span><\/div>\n<ul class=\"presentaciones listing\">\n<li>\n<div class=\"title\"><i class=\"fas fa-bullhorn\"><\/i> Identidad y memoria (video)<\/div>\n<div class=\"detail\">EES No. 78 &#8211; Quilmes Oeste<\/div>\n<\/li>\n<li>\n<div class=\"title\"><i class=\"fas fa-bullhorn\"><\/i> Bachi La Grieta y su referencia barrial (video)<\/div>\n<div class=\"detail\">OOSS Envi\u00f3n Hern\u00e1ndez &#8211; Programa de Responsabilidad Social Compartida &#8211; Pergamino<\/div>\n<\/li>\n<li>\n<div class=\"title\"><i class=\"fas fa-bullhorn\"><\/i> Rosita, gracias. (video)<\/div>\n<div class=\"detail\">OOSS Cecilia Grierson &#8211; Comunidad Scout &#8211; Merlo<\/div>\n<\/li>\n<li>\n<div class=\"title\"><i class=\"fas fa-bullhorn\"><\/i> jovenes presentes (video)<\/div>\n<div class=\"detail\">EE No. 503 &#8211; San Miguel<\/div>\n<\/li>\n<li>\n<div class=\"title\"><i class=\"fas fa-bullhorn\"><\/i> Dictadura en Luj\u00e1n ayer y hoy (mural)<\/div>\n<div class=\"detail\">OOSS Sede San Fermin &#8211; Programa Envi\u00f3n &#8211; Luj\u00e1n<\/div>\n<\/li>\n<li>\n<div class=\"title\"><i class=\"fas fa-bullhorn\"><\/i> Memorias de la dictadura (video)<\/div>\n<div class=\"detail\">OOSS Envi\u00f3n Agust\u00edn Ram\u00edrez &#8211; Programa Envi\u00f3n &#8211; Quilmes Oeste<\/div>\n<\/li>\n<li>\n<div class=\"title\"><i class=\"fas fa-bullhorn\"><\/i> J\u00f3venes y civiles (video)<\/div>\n<div class=\"detail\">EES No. 29 &#8211; San Miguel<\/div>\n<\/li>\n<\/ul>\n<\/div>\n<div class=\"bloque listing bloque-con-presentaciones\">\n<div class=\"title\"><span class=\"horaInicio\"> 10:30 hs. <\/span><span class=\"title\"> Presentaciones (HOTEL 8) <\/span><\/div>\n<ul class=\"presentaciones listing\">\n<li>\n<div class=\"title\"><i class=\"fas fa-bullhorn\"><\/i> Emprender con valores (video)<\/div>\n<div class=\"detail\">EES No. 13 &#8211; Trist\u00e1n Su\u00e1rez<\/div>\n<\/li>\n<li>\n<div class=\"title\"><i class=\"fas fa-bullhorn\"><\/i> Memoria en Lujan (video)<\/div>\n<div class=\"detail\">OOSS Lealtad &#8211; organizaci\u00f3n politica &#8211; Luj\u00e1n<\/div>\n<\/li>\n<li>\n<div class=\"title\"><i class=\"fas fa-bullhorn\"><\/i> Jovenes por el ambiente (video)<\/div>\n<div class=\"detail\">OOSS Centro de Gestion Comunitaria Santa Maria &#8211; Centro de Gestion Comunitaria Santa Maria &#8211; Bella Vista<\/div>\n<\/li>\n<li>\n<div class=\"title\"><i class=\"fas fa-bullhorn\"><\/i> Malvinas en las Orquestas. Relatos de Hoy (video)<\/div>\n<div class=\"detail\">OOSS Orquesta Ameghino &amp; Lasa Juvenil Luj\u00e1n &#8211; Orquesta Escuela &#8211; Luj\u00e1n<\/div>\n<\/li>\n<li>\n<div class=\"title\"><i class=\"fas fa-bullhorn\"><\/i> La presencia de las ausencias (fotograf\u00eda)<\/div>\n<div class=\"detail\">Escuela Privada Escuela de Educaci\u00f3n Secundaria COLEGIO SAN AGUSTIN &#8211; Pergamino<\/div>\n<\/li>\n<li>\n<div class=\"title\"><i class=\"fas fa-bullhorn\"><\/i> El sol sale para todes (video)<\/div>\n<div class=\"detail\">EES No. 38 &#8211; San Miguel<\/div>\n<\/li>\n<li>\n<div class=\"title\"><i class=\"fas fa-bullhorn\"><\/i> \u00a8Realidades\u00a8 (video)<\/div>\n<div class=\"detail\">OOSS Estudiantes en Marcha- Merlo &#8211; Organizaci\u00f3n Estudiantil &#8211; Merlo<\/div>\n<\/li>\n<li>\n<div class=\"title\"><i class=\"fas fa-bullhorn\"><\/i> Educaci\u00f3n para igualar. (video)<\/div>\n<div class=\"detail\">Escuela Privada Escuela de Educaci\u00f3n Secundaria Instituto Juan Anchorena &#8211; Juan Anchorena (Est. Urquiza)<\/div>\n<\/li>\n<\/ul>\n<\/div>\n<div class=\"bloque listing \">\n<div class=\"title\"><span class=\"horaInicio\"> 12:30 hs. <\/span><span class=\"title\"> Almuerzo (COMEDOR) <\/span><\/div>\n<\/div>\n<div class=\"bloque listing bloque-con-presentaciones\">\n<div class=\"title\"><span class=\"horaInicio\"> 14:00 hs. <\/span><span class=\"title\"> Presentaciones (HOTEL 8) <\/span><\/div>\n<ul class=\"presentaciones listing\">\n<li>\n<div class=\"title\"><i class=\"fas fa-bullhorn\"><\/i> Un nuevo hogar (video)<\/div>\n<div class=\"detail\">Escuela Privada Escuela de Educaci\u00f3n Secundaria Instituto Comercial Rancagua &#8211; Rancagua<\/div>\n<\/li>\n<li>\n<div class=\"title\"><i class=\"fas fa-bullhorn\"><\/i> Democracia: juicio a las juntas (video)<\/div>\n<div class=\"detail\">EES No. 2 &#8211; Carlos Spegazzini<\/div>\n<\/li>\n<li>\n<div class=\"title\"><i class=\"fas fa-bullhorn\"><\/i> \u00abEcos en la historia\u00bb (m\u00fasica)<\/div>\n<div class=\"detail\">OOSS Sede Arco Iris &#8211; Envi\u00f3n &#8211; Programa de Responsabilidad Compartida Envi\u00f3n &#8211; Merlo<\/div>\n<\/li>\n<li>\n<div class=\"title\"><i class=\"fas fa-bullhorn\"><\/i> Jovenes por la Salud Mental (video)<\/div>\n<div class=\"detail\">OOSS Jovenes por la Salud &#8211; Jovenes por la Salud &#8211; Chacabuco<\/div>\n<\/li>\n<li>\n<div class=\"title\"><i class=\"fas fa-bullhorn\"><\/i> Cambiando Mentes, Construyendo Puentes (m\u00fasica)<\/div>\n<div class=\"detail\">ESB No. 5 &#8211; Luj\u00e1n<\/div>\n<\/li>\n<li>\n<div class=\"title\"><i class=\"fas fa-bullhorn\"><\/i> Un pap\u00e1, una vida, una historia (teatro)<\/div>\n<div class=\"detail\">EES No. 2280 &#8211; San Miguel<\/div>\n<\/li>\n<\/ul>\n<\/div>\n<div class=\"bloque listing bloque-con-presentaciones\">\n<div class=\"title\"><span class=\"horaInicio\"> 16:00 hs. <\/span><span class=\"title\"> Presentaciones (HOTEL 8) <\/span><\/div>\n<ul class=\"presentaciones listing\">\n<li>\n<div class=\"title\"><i class=\"fas fa-bullhorn\"><\/i> Memorias de vidas: Rosa y Rodolfo (video)<\/div>\n<div class=\"detail\">EES No. 20 &#8211; Quilmes<\/div>\n<\/li>\n<li>\n<div class=\"title\"><i class=\"fas fa-bullhorn\"><\/i> Defensa y Lucha de los Trabajadores (video)<\/div>\n<div class=\"detail\">OOSS J\u00f3venes de Barrio Nuevo &#8211; Organizacion de jovenes &#8211; Merlo<\/div>\n<\/li>\n<li>\n<div class=\"title\"><i class=\"fas fa-bullhorn\"><\/i> Pensar, sentir, resistir? (video)<\/div>\n<div class=\"detail\">OOSS EES N\u00b019 &#8211; Centro de estudiantes \u00abLa Guada\u00bb &#8211; Luj\u00e1n<\/div>\n<\/li>\n<li>\n<div class=\"title\"><i class=\"fas fa-bullhorn\"><\/i> Militancia y cultura en los &#8217;70 (video)<\/div>\n<div class=\"detail\">OOSS Espacio J\u00f3venes y Memoria Chacabuco &#8211; espacio J\u00f3venes y Memoria Chacabuco &#8211; Chacabuco<\/div>\n<\/li>\n<li>\n<div class=\"title\"><i class=\"fas fa-bullhorn\"><\/i> La educaci\u00f3n p\u00fablica no se vende se defiende (video)<\/div>\n<div class=\"detail\">OOSS Envi\u00f3n sede La Matera &#8211; Envi\u00f3n &#8211; San Francisco Solano<\/div>\n<\/li>\n<li>\n<div class=\"title\"><i class=\"fas fa-bullhorn\"><\/i> Identidad barrial y migraciones (video)<\/div>\n<div class=\"detail\">OOSS Al Comp\u00e1s De La Locura &#8211; Murga &#8211; Open Door<\/div>\n<\/li>\n<\/ul>\n<\/div>\n<div class=\"bloque listing bloque-con-presentaciones\">\n<div class=\"title\"><span class=\"horaInicio\"> 17:30 hs. <\/span><span class=\"title\"> Presentaciones (HOTEL 8) <\/span><\/div>\n<ul class=\"presentaciones listing\">\n<li>\n<div class=\"title\"><i class=\"fas fa-bullhorn\"><\/i> Huellas imborrables (teatro)<\/div>\n<div class=\"detail\">OOSS Primero La Patria- Chacabuco- &#8211; Organizaci\u00f3n social y pol\u00edtica &#8211; Chacabuco<\/div>\n<\/li>\n<li>\n<div class=\"title\"><i class=\"fas fa-bullhorn\"><\/i> Construimos nuestra historia con la memoria d (video)<\/div>\n<div class=\"detail\">OOSS Centro Barrial San Cayetano Padre Galli &#8211; Centro Barrial &#8211; Pergamino<\/div>\n<\/li>\n<li>\n<div class=\"title\"><i class=\"fas fa-bullhorn\"><\/i> La Historia en Nuestras Voces (teatro)<\/div>\n<div class=\"detail\">Escuela Privada Escuela de Educaci\u00f3n Secundaria San Jos\u00e9 Obrero &#8211; Villa La Florida<\/div>\n<\/li>\n<li>\n<div class=\"title\"><i class=\"fas fa-bullhorn\"><\/i> La educaci\u00f3n en tiempos de dictadura (video)<\/div>\n<div class=\"detail\">OOSS Juventud de Barrio Nuevo &#8211; Organizacion de jovenes &#8211; Merlo<\/div>\n<\/li>\n<li>\n<div class=\"title\"><i class=\"fas fa-bullhorn\"><\/i> Tras los pasos de Cagnola (mural)<\/div>\n<div class=\"detail\">EES No. 3052 &#8211; Chacabuco<\/div>\n<\/li>\n<li>\n<div class=\"title\"><i class=\"fas fa-bullhorn\"><\/i> El Campito de la Memoria (video)<\/div>\n<div class=\"detail\">EES No. 19 &#8211; San Miguel<\/div>\n<\/li>\n<\/ul>\n<\/div>\n<div class=\"bloque listing \">\n<div class=\"title\"><span class=\"horaInicio\"> 18:00 hs. <\/span><span class=\"title\"> Actividades para j\u00f3venes (HOTEL 5) <\/span><\/div>\n<\/div>\n<div class=\"bloque listing \">\n<div class=\"title\"><span class=\"horaInicio\"> 20:30 hs. <\/span><span class=\"title\"> Cena (COMEDOR) <\/span><\/div>\n<\/div>\n<div class=\"bloque listing \">\n<div class=\"title\"><span class=\"horaInicio\"> 22:00 hs. <\/span><span class=\"title\"> Cierre del Encuentro y Fiesta (HOTEL 8) <\/span><\/div>\n<\/div>\n<\/div>\n<div class=\"title\" style=\"text-align: left;\">Dia 4 <i class=\"fas fa-bolt\"><\/i><\/div>\n<div class=\"bloques listing\">\n<div class=\"bloque listing \">\n<div class=\"title\" style=\"text-align: left;\"><span class=\"horaInicio\"> 07:00 hs. <\/span><span class=\"title\"> Desayuno y egreso (COMEDOR) <\/span><\/div>\n<\/div>\n<\/div>\n<\/div>\n<\/div>\n<\/div>\n<\/div>\n<\/div>\n<\/div>\n<\/div>\n<\/div>\n<\/div>\n<\/div>\n<\/div>\n<\/div>\n<\/div>\n<\/div>\n<\/div>\n<\/div>\n<\/div>\n<\/div>\n<\/div>\n<\/div>\n<\/div>\n<p>[\/et_pb_toggle][\/et_pb_column][\/et_pb_row][\/et_pb_section][et_pb_section fb_built=\u00bb1&#8243; module_id=\u00bbtanda12&#8243; _builder_version=\u00bb4.27.2&#8243; _module_preset=\u00bbdefault\u00bb global_colors_info=\u00bb{}\u00bb][et_pb_row _builder_version=\u00bb4.27.2&#8243; _module_preset=\u00bbdefault\u00bb background_color=\u00bb#e02b20&#8243; global_colors_info=\u00bb{}\u00bb][et_pb_column type=\u00bb4_4&#8243; _builder_version=\u00bb4.27.2&#8243; _module_preset=\u00bbdefault\u00bb global_colors_info=\u00bb{}\u00bb][et_pb_text _builder_version=\u00bb4.27.2&#8243; _module_preset=\u00bbdefault\u00bb header_2_font=\u00bb|700|||||||\u00bb header_2_text_color=\u00bb#FFFFFF\u00bb global_colors_info=\u00bb{}\u00bb]<\/p>\n<h2 style=\"text-align: center;\"><strong>TANDA 12<\/strong><\/h2>\n<p>[\/et_pb_text][\/et_pb_column][\/et_pb_row][et_pb_row _builder_version=\u00bb4.27.2&#8243; _module_preset=\u00bbdefault\u00bb border_radii=\u00bbon|2px|2px|2px|2px\u00bb border_width_all=\u00bb4px\u00bb border_color_all=\u00bb#e02b20&#8243; global_colors_info=\u00bb{}\u00bb][et_pb_column type=\u00bb4_4&#8243; _builder_version=\u00bb4.27.2&#8243; _module_preset=\u00bbdefault\u00bb global_colors_info=\u00bb{}\u00bb][et_pb_text _builder_version=\u00bb4.27.3&#8243; _module_preset=\u00bbdefault\u00bb text_font=\u00bb|600|||||||\u00bb text_font_size=\u00bb27px\u00bb text_orientation=\u00bbcenter\u00bb custom_margin=\u00bb|2%||2%|false|false\u00bb locked=\u00bboff\u00bb global_colors_info=\u00bb{}\u00bb]<\/p>\n<div class=\"title\">\n<div class=\"tanda\">\n<div class=\"tanda-head\">\n<div class=\"duration\" style=\"text-align: left;\"><\/div>\n<\/div>\n<div class=\"diasTanda listing\">\n<div class=\"title\" style=\"text-align: left;\">Dia 1 <i class=\"fas fa-bolt\"><\/i><\/div>\n<div class=\"bloques listing\" style=\"text-align: left;\">\n<div class=\"bloque listing \">\n<div class=\"title\"><span class=\"horaInicio\"> 09:00 hs. <\/span><span class=\"title\"> Acreditaci\u00f3n (Hall hotel) (HOTEL 5) <\/span><\/div>\n<\/div>\n<div class=\"bloque listing \">\n<div class=\"title\"><span class=\"horaInicio\"> 09:00 hs. <\/span><span class=\"title\"> Acreditaci\u00f3n (Hall hotel) (HOTEL 8) <\/span><\/div>\n<\/div>\n<div class=\"bloque listing \">\n<div class=\"title\"><span class=\"horaInicio\"> 13:00 hs. <\/span><span class=\"title\"> Almuerzo (COMEDOR) <\/span><\/div>\n<\/div>\n<div class=\"bloque listing bloque-con-presentaciones\">\n<div class=\"title\"><span class=\"horaInicio\"> 15:00 hs. <\/span><span class=\"title\"> Apertura (Auditorio) (HOTEL 8) <\/span><\/div>\n<ul class=\"presentaciones listing\"><\/ul>\n<\/div>\n<div class=\"bloque listing \">\n<div class=\"title\"><span class=\"horaInicio\"> 16:00 hs. <\/span><span class=\"title\"> Taller de bienvenida para j\u00f3venes (Explanada) (HOTEL 8) <\/span><\/div>\n<\/div>\n<div class=\"bloque listing \">\n<div class=\"title\"><span class=\"horaInicio\"> 16:00 hs. <\/span><span class=\"title\"> Taller de bienvenida para coordinadores (Auditorio) (HOTEL 8) <\/span><\/div>\n<\/div>\n<div class=\"bloque listing bloque-con-presentaciones\">\n<div class=\"title\"><span class=\"horaInicio\"> 18:00 hs. <\/span><span class=\"title\"> Presentaciones (HOTEL 8) <\/span><\/div>\n<ul class=\"presentaciones listing\">\n<li>\n<div class=\"title\"><i class=\"fas fa-bullhorn\"><\/i> DDHH en las Infancias (video)<\/div>\n<div class=\"detail\">OOSS Espacio de juventudes &#8211; Espacio de juventudes del municipio de Mor\u00f3n &#8211; Mor\u00f3n<\/div>\n<\/li>\n<li>\n<div class=\"title\"><i class=\"fas fa-bullhorn\"><\/i> ESI (video)<\/div>\n<div class=\"detail\">OOSS Agust\u00edn tosco &#8211; J\u00f3venes fol merendero Agust\u00edn tosco &#8211; Moreno<\/div>\n<\/li>\n<li>\n<div class=\"title\"><i class=\"fas fa-bullhorn\"><\/i> Pensando Cosas (video)<\/div>\n<div class=\"detail\">EES No. 8 &#8211; La Emilia<\/div>\n<\/li>\n<li>\n<div class=\"title\"><i class=\"fas fa-bullhorn\"><\/i> \u00abArea 400\u00bb (video)<\/div>\n<div class=\"detail\">EES No. 12 &#8211; Campana<\/div>\n<\/li>\n<li>\n<div class=\"title\"><i class=\"fas fa-bullhorn\"><\/i> Dulce Alegr\u00eda: una elecci\u00f3n de vida (video)<\/div>\n<div class=\"detail\">I-ISFD No. 110 &#8211; Moreno<\/div>\n<\/li>\n<li>\n<div class=\"title\"><i class=\"fas fa-bullhorn\"><\/i> \u00bfHASTA D\u00d3NDE LLEGA EL ODIO II? SOFI FERNANDEZ (gr\u00e1fica)<\/div>\n<div class=\"detail\">C-CENS No. 456 &#8211; Villa Astolfi<\/div>\n<\/li>\n<li>\n<div class=\"title\"><i class=\"fas fa-bullhorn\"><\/i> Jovenes y Memoria (multimedia)<\/div>\n<div class=\"detail\">Museo de la Memoria de Rosario &#8211; Rosario<\/div>\n<\/li>\n<\/ul>\n<\/div>\n<div class=\"bloque listing \">\n<div class=\"title\"><span class=\"horaInicio\"> 21:00 hs. <\/span><span class=\"title\"> Cena (COMEDOR) <\/span><\/div>\n<\/div>\n<div class=\"bloque listing bloque-con-presentaciones\">\n<div class=\"title\"><span class=\"horaInicio\"> 22:00 hs. <\/span><span class=\"title\"> Presentaciones (HOTEL 8) <\/span><\/div>\n<ul class=\"presentaciones listing\">\n<li>\n<div class=\"title\"><i class=\"fas fa-bullhorn\"><\/i> \u00bfD\u00f3nde ir? (audio)<\/div>\n<div class=\"detail\">C-CENS No. 451 &#8211; Ver\u00f3nica<\/div>\n<\/li>\n<li>\n<div class=\"title\"><i class=\"fas fa-bullhorn\"><\/i> Sistema penintenciario argentino (video)<\/div>\n<div class=\"detail\">OOSS Espacio de Juventudes Castelar Norte &#8211; Espacio de Juventudes &#8211; Castelar<\/div>\n<\/li>\n<li>\n<div class=\"title\"><i class=\"fas fa-bullhorn\"><\/i> \u00abPadres al trabajo,\u00bfchicos a la escuela?\u00bb (video)<\/div>\n<div class=\"detail\">EES No. 6 &#8211; Campana<\/div>\n<\/li>\n<li>\n<div class=\"title\"><i class=\"fas fa-bullhorn\"><\/i> La memoria sigue viva (video)<\/div>\n<div class=\"detail\">OOSS Club Argentinos de Del Viso (CSC ACTIVANDO PROTAGONISMO) &#8211; Club social y deportivo &#8211; Del Viso<\/div>\n<\/li>\n<li>\n<div class=\"title\"><i class=\"fas fa-bullhorn\"><\/i> Secundaria para todos (video)<\/div>\n<div class=\"detail\">EES No. 29 &#8211; Campana<\/div>\n<\/li>\n<li>\n<div class=\"title\"><i class=\"fas fa-bullhorn\"><\/i> El fantasma de la politica (teatro)<\/div>\n<div class=\"detail\">EES No. 31 &#8211; Mor\u00f3n<\/div>\n<\/li>\n<\/ul>\n<\/div>\n<\/div>\n<div class=\"title\" style=\"text-align: left;\">Dia 2 <i class=\"fas fa-bolt\"><\/i><\/div>\n<div class=\"bloques listing\" style=\"text-align: left;\">\n<div class=\"bloque listing bloque-con-presentaciones\">\n<div class=\"title\"><span class=\"horaInicio\"> 09:00 hs. <\/span><span class=\"title\"> Presentaciones (HOTEL 8) <\/span><\/div>\n<ul class=\"presentaciones listing\">\n<li>\n<div class=\"title\"><i class=\"fas fa-bullhorn\"><\/i> AUTOPISTA ACCESO OESTE (gr\u00e1fica)<\/div>\n<div class=\"detail\">OOSS El encuentro &#8211; Espacio cultural &#8211; El Palomar<\/div>\n<\/li>\n<li>\n<div class=\"title\"><i class=\"fas fa-bullhorn\"><\/i> Solo por hoy&#8230; \u00bfy ma\u00f1ana? (radio)<\/div>\n<div class=\"detail\">OOSS Encontrarte &#8211; Centro SOCIOEDUCATIVO &#8211; Presidente Derqui<\/div>\n<\/li>\n<li>\n<div class=\"title\"><i class=\"fas fa-bullhorn\"><\/i> La vida despu\u00e9s del terror (video)<\/div>\n<div class=\"detail\">EES No. 19 &#8211; San Nicol\u00e1s<\/div>\n<\/li>\n<li>\n<div class=\"title\"><i class=\"fas fa-bullhorn\"><\/i> Orient\u00e1ndonos. Nuestras escuelas y los EOE (video)<\/div>\n<div class=\"detail\">EES No. 34 &#8211; Castelar<\/div>\n<\/li>\n<li>\n<div class=\"title\"><i class=\"fas fa-bullhorn\"><\/i> La Intolerancia (m\u00fasica)<\/div>\n<div class=\"detail\">EES No. 2 &#8211; Ver\u00f3nica<\/div>\n<\/li>\n<li>\n<div class=\"title\"><i class=\"fas fa-bullhorn\"><\/i> Continuamos en la lucha (video)<\/div>\n<div class=\"detail\">OOSS Direccion de Juventudes &#8211; Municipio de Moron &#8211; Espacio de Juventudes UGC 14 &#8211; Municipio de Moron &#8211; Castelar<\/div>\n<\/li>\n<\/ul>\n<\/div>\n<div class=\"bloque listing bloque-con-presentaciones\">\n<div class=\"title\"><span class=\"horaInicio\"> 10:30 hs. <\/span><span class=\"title\"> Presentaciones (HOTEL 8) <\/span><\/div>\n<ul class=\"presentaciones listing\">\n<li>\n<div class=\"title\"><i class=\"fas fa-bullhorn\"><\/i> Violencia en el Barrio (multimedia)<\/div>\n<div class=\"detail\">OOSS Che Joven &#8211; Centro Socioeducativo y Comunitario &#8211; El Palomar<\/div>\n<\/li>\n<li>\n<div class=\"title\"><i class=\"fas fa-bullhorn\"><\/i> La vida sin derechos vs la vida en libertad (audio)<\/div>\n<div class=\"detail\">EES No. 48 &#8211; Mor\u00f3n<\/div>\n<\/li>\n<li>\n<div class=\"title\"><i class=\"fas fa-bullhorn\"><\/i> El ruido del silencio. (video)<\/div>\n<div class=\"detail\">EES No. 14 &#8211; Castelar<\/div>\n<\/li>\n<li>\n<div class=\"title\"><i class=\"fas fa-bullhorn\"><\/i> Adultos mayores. Cuidado o descarte. (video)<\/div>\n<div class=\"detail\">EST No. 1 &#8211; Pilar<\/div>\n<\/li>\n<li>\n<div class=\"title\"><i class=\"fas fa-bullhorn\"><\/i> QUINTA LA PASTORIL, otras memorias (video)<\/div>\n<div class=\"detail\">OOSS Moreno por la memoria &#8211; Asociaci\u00f3n Civil &#8211; Moreno<\/div>\n<\/li>\n<li>\n<div class=\"title\"><i class=\"fas fa-bullhorn\"><\/i> Realidades (video)<\/div>\n<div class=\"detail\">OOSS Centro comunitario casita feliz &#8211; Organizacion comunitaria &#8211; Moreno<\/div>\n<\/li>\n<li>\n<div class=\"title\"><i class=\"fas fa-bullhorn\"><\/i> \u201cRecuperaci\u00f3n de La Pastoril como E.M.\u201d (video)<\/div>\n<div class=\"detail\">OOSS \u00abCasa de memoria Quinta La Pastoril\u00bb &#8211; Asociaci\u00f3n civil &#8211; La Reja<\/div>\n<\/li>\n<\/ul>\n<\/div>\n<div class=\"bloque listing \">\n<div class=\"title\"><span class=\"horaInicio\"> 11:00 hs. <\/span><span class=\"title\"> Talleres de producci\u00f3n (Explanada) (HOTEL 5) <\/span><\/div>\n<\/div>\n<div class=\"bloque listing \">\n<div class=\"title\"><span class=\"horaInicio\"> 13:00 hs. <\/span><span class=\"title\"> Almuerzo (COMEDOR) <\/span><\/div>\n<\/div>\n<div class=\"bloque listing bloque-con-presentaciones\">\n<div class=\"title\"><span class=\"horaInicio\"> 14:00 hs. <\/span><span class=\"title\"> Presentaciones (HOTEL 8) <\/span><\/div>\n<ul class=\"presentaciones listing\">\n<li>\n<div class=\"title\"><i class=\"fas fa-bullhorn\"><\/i> En tiempos oscuros\u00bfQu\u00e9 pas\u00f3 con nosotros\/as? (video)<\/div>\n<div class=\"detail\">EE No. 503 &#8211; Moreno<\/div>\n<\/li>\n<li>\n<div class=\"title\"><i class=\"fas fa-bullhorn\"><\/i> Luis Garello (video)<\/div>\n<div class=\"detail\">EES No. 15 &#8211; Campana<\/div>\n<\/li>\n<li>\n<div class=\"title\"><i class=\"fas fa-bullhorn\"><\/i> Radio rebelde, los derechos de las personas (radio)<\/div>\n<div class=\"detail\">EE No. 504 &#8211; Moreno<\/div>\n<\/li>\n<li>\n<div class=\"title\"><i class=\"fas fa-bullhorn\"><\/i> Relatos palomarenses (video)<\/div>\n<div class=\"detail\">OOSS Espacio de Juventudes de la UGC 3 de El Palomar &#8211; Espacio de Juventudes &#8211; El Palomar<\/div>\n<\/li>\n<li>\n<div class=\"title\"><i class=\"fas fa-bullhorn\"><\/i> No se olvida (video)<\/div>\n<div class=\"detail\">OOSS El amanecer de la esperanza &#8211; Asociaci\u00f3n Civil &#8211; Moreno<\/div>\n<\/li>\n<li>\n<div class=\"title\"><i class=\"fas fa-bullhorn\"><\/i> Radiograf\u00edas de nuestros derechos (multimedia)<\/div>\n<div class=\"detail\">ESB No. 5 &#8211; San Nicol\u00e1s<\/div>\n<\/li>\n<li>\n<div class=\"title\"><i class=\"fas fa-bullhorn\"><\/i> L\u00e1pices armados (teatro)<\/div>\n<div class=\"detail\">I-ISFD No. 1 &#8211; Mor\u00f3n<\/div>\n<\/li>\n<\/ul>\n<\/div>\n<div class=\"bloque listing bloque-con-presentaciones\">\n<div class=\"title\"><span class=\"horaInicio\"> 16:00 hs. <\/span><span class=\"title\"> Presentaciones (HOTEL 8) <\/span><\/div>\n<ul class=\"presentaciones listing\">\n<li>\n<div class=\"title\"><i class=\"fas fa-bullhorn\"><\/i> MORENO CLANDESTINO (teatro)<\/div>\n<div class=\"detail\">Escuela Privada Escuela de Educaci\u00f3n Secundaria San Francisco de Asis &#8211; Francisco \u00c1lvarez<\/div>\n<\/li>\n<li>\n<div class=\"title\"><i class=\"fas fa-bullhorn\"><\/i> dictadura en moreno (teatro)<\/div>\n<div class=\"detail\">OOSS MES(movimiento estudiantil secuandario) &#8211; organizacion estudiantil &#8211; Moreno<\/div>\n<\/li>\n<li>\n<div class=\"title\"><i class=\"fas fa-bullhorn\"><\/i> No quiero tu piropo, quiero tu respeto. (video)<\/div>\n<div class=\"detail\">OOSS Especio de juventudes EJES5 &#8211; Direcci\u00f3n De Juventudes del Municipio De Moron &#8211; Castelar<\/div>\n<\/li>\n<li>\n<div class=\"title\"><i class=\"fas fa-bullhorn\"><\/i> la inclusion en nuestra escuela secundaria (video)<\/div>\n<div class=\"detail\">EES No. 5 &#8211; Villa Rosa<\/div>\n<\/li>\n<li>\n<div class=\"title\"><i class=\"fas fa-bullhorn\"><\/i> LA CRISIS NO CESA (video)<\/div>\n<div class=\"detail\">OOSS El Colmenar &#8211; Centro comunitario &#8211; Cuartel V<\/div>\n<\/li>\n<li>\n<div class=\"title\"><i class=\"fas fa-bullhorn\"><\/i> por vos (video)<\/div>\n<div class=\"detail\">OOSS grupo independiente de teatro &#8211; grupo juvenil &#8211; San Nicol\u00e1s<\/div>\n<\/li>\n<li>\n<div class=\"title\"><i class=\"fas fa-bullhorn\"><\/i> Promocion de los DDHH en los EJES (video)<\/div>\n<div class=\"detail\">OOSS Direccion de politicas para las juventudes &#8211; Grupalidad joven parte del municipio de Moron &#8211; Mor\u00f3n<\/div>\n<\/li>\n<\/ul>\n<\/div>\n<div class=\"bloque listing bloque-con-presentaciones\">\n<div class=\"title\"><span class=\"horaInicio\"> 18:00 hs. <\/span><span class=\"title\"> Presentaciones (HOTEL 8) <\/span><\/div>\n<ul class=\"presentaciones listing\">\n<li>\n<div class=\"title\"><i class=\"fas fa-bullhorn\"><\/i> TURROS VS CHETOS II (gr\u00e1fica)<\/div>\n<div class=\"detail\">EES No. 11 &#8211; Pilar<\/div>\n<\/li>\n<li>\n<div class=\"title\"><i class=\"fas fa-bullhorn\"><\/i> El caballo de Troya del sistema patriarcal \u201cN (mural)<\/div>\n<div class=\"detail\">EST No. 4 &#8211; San Nicol\u00e1s<\/div>\n<\/li>\n<li>\n<div class=\"title\"><i class=\"fas fa-bullhorn\"><\/i> Adolecentes 2024 (video)<\/div>\n<div class=\"detail\">OOSS Movimiento Evita San Nicolas &#8211; Organizacion &#8211; San Nicol\u00e1s<\/div>\n<\/li>\n<li>\n<div class=\"title\"><i class=\"fas fa-bullhorn\"><\/i> La juventud tiene Memoria. (video)<\/div>\n<div class=\"detail\">OOSS N&#8217;deroga de lxs pibes &#8211; Centro juvenil &#8211; Cuartel V<\/div>\n<\/li>\n<li>\n<div class=\"title\"><i class=\"fas fa-bullhorn\"><\/i> Mirada morenense sobre el negacionismo. (teatro)<\/div>\n<div class=\"detail\">EES No. 6 &#8211; Moreno<\/div>\n<\/li>\n<li>\n<div class=\"title\"><i class=\"fas fa-bullhorn\"><\/i> Mart\u00edn Mauricio Ricarte y las Islas Malvinas (teatro)<\/div>\n<div class=\"detail\">ESB No. 1 &#8211; General Rojo<\/div>\n<\/li>\n<li>\n<div class=\"title\"><i class=\"fas fa-bullhorn\"><\/i> Noviazgo violento en la adolescencia (video)<\/div>\n<div class=\"detail\">EES No. 32 &#8211; Santa Teresa<\/div>\n<\/li>\n<\/ul>\n<\/div>\n<div class=\"bloque listing \">\n<div class=\"title\"><span class=\"horaInicio\"> 18:00 hs. <\/span><span class=\"title\"> Actividades para J\u00f3venes (Explanada) (HOTEL 5) <\/span><\/div>\n<\/div>\n<div class=\"bloque listing \">\n<div class=\"title\"><span class=\"horaInicio\"> 21:00 hs. <\/span><span class=\"title\"> Cena (COMEDOR) <\/span><\/div>\n<\/div>\n<div class=\"bloque listing bloque-con-presentaciones\">\n<div class=\"title\"><span class=\"horaInicio\"> 22:00 hs. <\/span><span class=\"title\"> Presentaciones (HOTEL 8) <\/span><\/div>\n<ul class=\"presentaciones listing\">\n<li>\n<div class=\"title\"><i class=\"fas fa-bullhorn\"><\/i> Malvinas y Campana (video)<\/div>\n<div class=\"detail\">EES No. 13 &#8211; Campana<\/div>\n<\/li>\n<li>\n<div class=\"title\"><i class=\"fas fa-bullhorn\"><\/i> Nosotres y la ESI en nuestra escuela 8 (video)<\/div>\n<div class=\"detail\">ESB No. 8 &#8211; Mor\u00f3n<\/div>\n<\/li>\n<li>\n<div class=\"title\"><i class=\"fas fa-bullhorn\"><\/i> Arte y discapacidad. (video)<\/div>\n<div class=\"detail\">OOSS Semillas de mi pueblo ( ex- Centro de actividades Juveniles) &#8211; Elenco de Danzas folkl\u00f3ricas &#8211; Pilar<\/div>\n<\/li>\n<li>\n<div class=\"title\"><i class=\"fas fa-bullhorn\"><\/i> Politicas neoliberales y zona norte en los 90 (video)<\/div>\n<div class=\"detail\">C-CENS No. 455 &#8211; San Nicol\u00e1s<\/div>\n<\/li>\n<li>\n<div class=\"title\"><i class=\"fas fa-bullhorn\"><\/i> Como cuando la tarea se embarra (teatro)<\/div>\n<div class=\"detail\">EES No. 5 &#8211; La Viruta<\/div>\n<\/li>\n<li>\n<div class=\"title\"><i class=\"fas fa-bullhorn\"><\/i> Pibes del Isauro: entre la calle y la escuela (teatro)<\/div>\n<div class=\"detail\">EA No. &#8211; Avellaneda<\/div>\n<\/li>\n<\/ul>\n<\/div>\n<\/div>\n<div class=\"title\" style=\"text-align: left;\">Dia 3 <i class=\"fas fa-bolt\"><\/i><\/div>\n<div class=\"bloques listing\" style=\"text-align: left;\">\n<div class=\"bloque listing bloque-con-presentaciones\">\n<div class=\"title\"><span class=\"horaInicio\"> 09:00 hs. <\/span><span class=\"title\"> Presentaciones (HOTEL 8) <\/span><\/div>\n<ul class=\"presentaciones listing\">\n<li>\n<div class=\"title\"><i class=\"fas fa-bullhorn\"><\/i> Adolescentes y salud mental pos pandemia (video)<\/div>\n<div class=\"detail\">EES No. 9 &#8211; Pilar<\/div>\n<\/li>\n<li>\n<div class=\"title\"><i class=\"fas fa-bullhorn\"><\/i> La otra cara de ser pitufo. (video)<\/div>\n<div class=\"detail\">C-CENS No. 451 &#8211; San Nicol\u00e1s de los Arroyos<\/div>\n<\/li>\n<li>\n<div class=\"title\"><i class=\"fas fa-bullhorn\"><\/i> El mundo desde otra mirada (audio)<\/div>\n<div class=\"detail\">OOSS Espacio de Juventudes UGC N\u00b0 9 &#8211; Espacio de Juventudes &#8211; Mor\u00f3n<\/div>\n<\/li>\n<li>\n<div class=\"title\"><i class=\"fas fa-bullhorn\"><\/i> El profe de Literatura tenia Historia&#8230; (video)<\/div>\n<div class=\"detail\">EES No. 25 &#8211; San Nicol\u00e1s<\/div>\n<\/li>\n<li>\n<div class=\"title\"><i class=\"fas fa-bullhorn\"><\/i> Chaparrillo (j\u00f3venes en acci\u00f3n) (multimedia)<\/div>\n<div class=\"detail\">EE No. &#8211; Haedo<\/div>\n<\/li>\n<li>\n<div class=\"title\"><i class=\"fas fa-bullhorn\"><\/i> \u00abSTOP VIOLECIA\u00bb \u00abEN NUESTRA ESCUELA\u00bb (video)<\/div>\n<div class=\"detail\">EES No. 18 &#8211; Pilar<\/div>\n<\/li>\n<\/ul>\n<\/div>\n<div class=\"bloque listing bloque-con-presentaciones\">\n<div class=\"title\"><span class=\"horaInicio\"> 10:30 hs. <\/span><span class=\"title\"> Presentaciones (HOTEL 8) <\/span><\/div>\n<ul class=\"presentaciones listing\">\n<li>\n<div class=\"title\"><i class=\"fas fa-bullhorn\"><\/i> La vida (video)<\/div>\n<div class=\"detail\">EES No. 26 &#8211; San Nicol\u00e1s<\/div>\n<\/li>\n<li>\n<div class=\"title\"><i class=\"fas fa-bullhorn\"><\/i> Centros clandestinos de detenci\u00f3n (video)<\/div>\n<div class=\"detail\">EES No. 42 &#8211; Castelar<\/div>\n<\/li>\n<li>\n<div class=\"title\"><i class=\"fas fa-bullhorn\"><\/i> Historias de vida que cruzan fronteras (video)<\/div>\n<div class=\"detail\">OOSS Negrito Manuel &#8211; Centro comunitario &#8211; Cuartel V<\/div>\n<\/li>\n<li>\n<div class=\"title\"><i class=\"fas fa-bullhorn\"><\/i> Las diversidades en dictadura y en democracia (video)<\/div>\n<div class=\"detail\">OOSS La casa de las Juventudes &#8211; Municipio de Moron &#8211; El Palomar<\/div>\n<\/li>\n<li>\n<div class=\"title\"><i class=\"fas fa-bullhorn\"><\/i> Malvinas, historias de vida (video)<\/div>\n<div class=\"detail\">C-CFI No. 2 &#8211; Mor\u00f3n<\/div>\n<\/li>\n<li>\n<div class=\"title\"><i class=\"fas fa-bullhorn\"><\/i> Y un d\u00eda ATANOR explot\u00f3&#8230; (video)<\/div>\n<div class=\"detail\">EES No. 6 &#8211; San Nicol\u00e1s<\/div>\n<\/li>\n<li>\n<div class=\"title\"><i class=\"fas fa-bullhorn\"><\/i> HISTORIAS. . . (video)<\/div>\n<div class=\"detail\">EES No. 56 &#8211; Castelar<\/div>\n<\/li>\n<\/ul>\n<\/div>\n<div class=\"bloque listing \">\n<div class=\"title\"><span class=\"horaInicio\"> 13:00 hs. <\/span><span class=\"title\"> Almuerzo (COMEDOR) <\/span><\/div>\n<\/div>\n<div class=\"bloque listing bloque-con-presentaciones\">\n<div class=\"title\"><span class=\"horaInicio\"> 14:00 hs. <\/span><span class=\"title\"> Presentaciones (HOTEL 8) <\/span><\/div>\n<ul class=\"presentaciones listing\">\n<li>\n<div class=\"title\"><i class=\"fas fa-bullhorn\"><\/i> NUESTRA CAMPANA DE LA REALIDAD (video)<\/div>\n<div class=\"detail\">EST No. 2 &#8211; Campana<\/div>\n<\/li>\n<li>\n<div class=\"title\"><i class=\"fas fa-bullhorn\"><\/i> resistencia cultural (video)<\/div>\n<div class=\"detail\">OOSS la gardel &#8211; centro cultural &#8211; El Palomar<\/div>\n<\/li>\n<li>\n<div class=\"title\"><i class=\"fas fa-bullhorn\"><\/i> Inmigraciones en R\u00edo Luj\u00e1n (video)<\/div>\n<div class=\"detail\">EES No. 8 &#8211; Lomas del R\u00edo Luj\u00e1n (Est. R\u00edo Luj\u00e1n)<\/div>\n<\/li>\n<li>\n<div class=\"title\"><i class=\"fas fa-bullhorn\"><\/i> Nuestras historias (video)<\/div>\n<div class=\"detail\">OOSS Organizaci\u00f3n juvenil para el arte &#8211; Grupo de j\u00f3venes &#8211; San Nicol\u00e1s de los Arroyos<\/div>\n<\/li>\n<li>\n<div class=\"title\"><i class=\"fas fa-bullhorn\"><\/i> Defendiendo la ESI (gr\u00e1fica)<\/div>\n<div class=\"detail\">EES No. 51 &#8211; Truju\u00ed<\/div>\n<\/li>\n<li>\n<div class=\"title\"><i class=\"fas fa-bullhorn\"><\/i> Hogar de Menor de Mor\u00f3n \u00bfRefugio o infierno? (video)<\/div>\n<div class=\"detail\">OOSS Cable a Tierra &#8211; Organizaci\u00f3n Social &#8211; Mor\u00f3n<\/div>\n<\/li>\n<li>\n<div class=\"title\"><i class=\"fas fa-bullhorn\"><\/i> Trabajar durante la secundaria (video)<\/div>\n<div class=\"detail\">EES No. 26 &#8211; Moreno<\/div>\n<\/li>\n<\/ul>\n<\/div>\n<div class=\"bloque listing bloque-con-presentaciones\">\n<div class=\"title\"><span class=\"horaInicio\"> 16:00 hs. <\/span><span class=\"title\"> Presentaciones (HOTEL 8) <\/span><\/div>\n<ul class=\"presentaciones listing\">\n<li>\n<div class=\"title\"><i class=\"fas fa-bullhorn\"><\/i> Mar\u00eda Martina. Esto Tambi\u00e9n pas\u00f3 (video)<\/div>\n<div class=\"detail\">EES No. 11 &#8211; Mor\u00f3n<\/div>\n<\/li>\n<li>\n<div class=\"title\"><i class=\"fas fa-bullhorn\"><\/i> La patria grande (video)<\/div>\n<div class=\"detail\">EES No. 55 &#8211; Merlo<\/div>\n<\/li>\n<li>\n<div class=\"title\"><i class=\"fas fa-bullhorn\"><\/i> Adolescencia Rural (video)<\/div>\n<div class=\"detail\">OOSS Festival Cultural Punta Indio. Espacio Cultural: La Escondida &#8211; Organizaci\u00f3n social &#8211; Punta Indio<\/div>\n<\/li>\n<li>\n<div class=\"title\"><i class=\"fas fa-bullhorn\"><\/i> Un centro de vida convertido en lugar ce muer (video)<\/div>\n<div class=\"detail\">EES No. 2 &#8211; Haedo<\/div>\n<\/li>\n<li>\n<div class=\"title\"><i class=\"fas fa-bullhorn\"><\/i> Construyendo Identidades (audio)<\/div>\n<div class=\"detail\">OOSS Fol El Jaguel &#8211; Merendero &#8211; Paso del Rey<\/div>\n<\/li>\n<li>\n<div class=\"title\"><i class=\"fas fa-bullhorn\"><\/i> Vida escolar en Campana durante la dictadura (video)<\/div>\n<div class=\"detail\">EES No. 3 &#8211; Campana<\/div>\n<\/li>\n<li>\n<div class=\"title\"><i class=\"fas fa-bullhorn\"><\/i> Memoria Activa (video)<\/div>\n<div class=\"detail\">OOSS Casa de las Juventudes Mor\u00f3n centro &#8211; Espacio municipal &#8211; Mor\u00f3n<\/div>\n<\/li>\n<\/ul>\n<\/div>\n<div class=\"bloque listing \">\n<div class=\"title\"><span class=\"horaInicio\"> 18:00 hs. <\/span><span class=\"title\"> Actividades para j\u00f3venes (HOTEL 5) <\/span><\/div>\n<\/div>\n<div class=\"bloque listing \">\n<div class=\"title\"><span class=\"horaInicio\"> 18:00 hs. <\/span><span class=\"title\"> Taller para coordinadores (HOTEL 8) <\/span><\/div>\n<\/div>\n<div class=\"bloque listing \">\n<div class=\"title\"><span class=\"horaInicio\"> 21:00 hs. <\/span><span class=\"title\"> Cena (COMEDOR) <\/span><\/div>\n<\/div>\n<div class=\"bloque listing \">\n<div class=\"title\"><span class=\"horaInicio\"> 22:00 hs. <\/span><span class=\"title\"> Cierre del Encuentro y Fiesta (HOTEL 8) <\/span><\/div>\n<\/div>\n<\/div>\n<div class=\"title\" style=\"text-align: left;\">Dia 4 <i class=\"fas fa-bolt\"><\/i><\/div>\n<div class=\"bloques listing\">\n<div class=\"bloque listing \">\n<div class=\"title\" style=\"text-align: left;\"><span class=\"horaInicio\"> 07:00 hs. <\/span><span class=\"title\"> Desayuno y egreso (COMEDOR) <\/span><\/div>\n<\/div>\n<\/div>\n<\/div>\n<\/div>\n<\/div>\n<p>[\/et_pb_text][\/et_pb_column][\/et_pb_row][\/et_pb_section][et_pb_section fb_built=\u00bb1&#8243; module_id=\u00bbtanda13&#8243; _builder_version=\u00bb4.27.2&#8243; _module_preset=\u00bbdefault\u00bb global_colors_info=\u00bb{}\u00bb][et_pb_row _builder_version=\u00bb4.27.2&#8243; _module_preset=\u00bbdefault\u00bb background_color=\u00bb#E02B20&#8243; global_colors_info=\u00bb{}\u00bb][et_pb_column type=\u00bb4_4&#8243; _builder_version=\u00bb4.27.2&#8243; _module_preset=\u00bbdefault\u00bb global_colors_info=\u00bb{}\u00bb][et_pb_text _builder_version=\u00bb4.27.2&#8243; _module_preset=\u00bbdefault\u00bb header_2_font=\u00bb|700|||||||\u00bb header_2_text_color=\u00bb#FFFFFF\u00bb global_colors_info=\u00bb{}\u00bb]<\/p>\n<h2 style=\"text-align: center;\"><strong>TANDA 13<\/strong><\/h2>\n<p>[\/et_pb_text][\/et_pb_column][\/et_pb_row][et_pb_row _builder_version=\u00bb4.27.2&#8243; _module_preset=\u00bbdefault\u00bb border_radii=\u00bbon|2px|2px|2px|2px\u00bb border_width_all=\u00bb4px\u00bb border_color_all=\u00bb#E02B20&#8243; global_colors_info=\u00bb{}\u00bb][et_pb_column type=\u00bb4_4&#8243; _builder_version=\u00bb4.27.2&#8243; _module_preset=\u00bbdefault\u00bb global_colors_info=\u00bb{}\u00bb][et_pb_text _builder_version=\u00bb4.27.3&#8243; _module_preset=\u00bbdefault\u00bb text_font=\u00bb|600|||||||\u00bb text_font_size=\u00bb27px\u00bb text_orientation=\u00bbcenter\u00bb custom_margin=\u00bb|2%||2%|false|false\u00bb hover_enabled=\u00bb0&#8243; locked=\u00bboff\u00bb global_colors_info=\u00bb{}\u00bb sticky_enabled=\u00bb0&#8243;]<\/p>\n<div class=\"tanda\">\n<div class=\"tanda-head\">\n<div class=\"banner\" style=\"text-align: left;\"><\/div>\n<div class=\"duration\" style=\"text-align: left;\"><\/div>\n<\/div>\n<div class=\"diasTanda listing\">\n<div class=\"title\" style=\"text-align: left;\">Dia 1 <i class=\"fas fa-bolt\"><\/i><\/div>\n<div class=\"bloques listing\" style=\"text-align: left;\">\n<div class=\"bloque listing \">\n<div class=\"title\"><span class=\"horaInicio\"> 09:00 hs. <\/span><span class=\"title\"> Acreditaci\u00f3n (Hall hotel) (HOTEL 5) <\/span><\/div>\n<\/div>\n<div class=\"bloque listing \">\n<div class=\"title\"><span class=\"horaInicio\"> 09:00 hs. <\/span><span class=\"title\"> Acreditaci\u00f3n (Hall hotel) (HOTEL 8) <\/span><\/div>\n<\/div>\n<div class=\"bloque listing \">\n<div class=\"title\"><span class=\"horaInicio\"> 13:00 hs. <\/span><span class=\"title\"> Almuerzo (COMEDOR) <\/span><\/div>\n<\/div>\n<div class=\"bloque listing bloque-con-presentaciones\">\n<div class=\"title\"><span class=\"horaInicio\"> 15:00 hs. <\/span><span class=\"title\"> Apertura (Auditorio) (HOTEL 8) <\/span><\/div>\n<ul class=\"presentaciones listing\">\n<li>\n<div class=\"title\"><i class=\"fas fa-bullhorn\"><\/i> El aula en n\u00fameros. Ausencias que cuentan (video)<\/div>\n<div class=\"detail\">I-ISFD No. 6393 &#8211; Mar del Plata<\/div>\n<\/li>\n<\/ul>\n<\/div>\n<div class=\"bloque listing \">\n<div class=\"title\"><span class=\"horaInicio\"> 16:00 hs. <\/span><span class=\"title\"> Taller de bienvenida para j\u00f3venes (Explanada) (HOTEL 8) <\/span><\/div>\n<\/div>\n<div class=\"bloque listing \">\n<div class=\"title\"><span class=\"horaInicio\"> 16:00 hs. <\/span><span class=\"title\"> Taller de bienvenida para coordinadores (Auditorio) (HOTEL 8) <\/span><\/div>\n<\/div>\n<div class=\"bloque listing bloque-con-presentaciones\">\n<div class=\"title\"><span class=\"horaInicio\"> 18:00 hs. <\/span><span class=\"title\"> Presentaciones (HOTEL 8) <\/span><\/div>\n<ul class=\"presentaciones listing\">\n<li>\n<div class=\"title\"><i class=\"fas fa-bullhorn\"><\/i> De maestro a soldado la historia de Julio Cao (video)<\/div>\n<div class=\"detail\">EES No. 67 &#8211; Gonz\u00e1lez Cat\u00e1n<\/div>\n<\/li>\n<li>\n<div class=\"title\"><i class=\"fas fa-bullhorn\"><\/i> jovenes haciendo memoria (video)<\/div>\n<div class=\"detail\">EES No. 11 &#8211; Ituzaing\u00f3<\/div>\n<\/li>\n<li>\n<div class=\"title\"><i class=\"fas fa-bullhorn\"><\/i> Arte, participaci\u00f3n y resistencia (video)<\/div>\n<div class=\"detail\">C-CEBPA No. 16 &#8211; Banfield<\/div>\n<\/li>\n<li>\n<div class=\"title\"><i class=\"fas fa-bullhorn\"><\/i> Derechos humanos y las nuevas realidades (video)<\/div>\n<div class=\"detail\">EES No. 134 &#8211; Gregorio de Laferrere<\/div>\n<\/li>\n<li>\n<div class=\"title\"><i class=\"fas fa-bullhorn\"><\/i> Violencia de G\u00e9nero (video)<\/div>\n<div class=\"detail\">EES No. 5 &#8211; Baradero<\/div>\n<\/li>\n<li>\n<div class=\"title\"><i class=\"fas fa-bullhorn\"><\/i> La desigualdad, derechos y oportunidades (video)<\/div>\n<div class=\"detail\">EES No. 7 &#8211; San Pedro<\/div>\n<\/li>\n<li>\n<div class=\"title\"><i class=\"fas fa-bullhorn\"><\/i> Croma\u00f1on 20 A\u00f1os (video)<\/div>\n<div class=\"detail\">OOSS Los Las Les Que Quedamos &#8211; Murga &#8211; Ituzaing\u00f3<\/div>\n<\/li>\n<\/ul>\n<\/div>\n<div class=\"bloque listing \">\n<div class=\"title\"><span class=\"horaInicio\"> 21:00 hs. <\/span><span class=\"title\"> Cena (COMEDOR) <\/span><\/div>\n<\/div>\n<div class=\"bloque listing bloque-con-presentaciones\">\n<div class=\"title\"><span class=\"horaInicio\"> 22:00 hs. <\/span><span class=\"title\"> Presentaciones (HOTEL 8) <\/span><\/div>\n<ul class=\"presentaciones listing\">\n<li>\n<div class=\"title\"><i class=\"fas fa-bullhorn\"><\/i> El regreso (t\u00edtulo provisorio) (video)<\/div>\n<div class=\"detail\">EES No. 55 &#8211; Banfield<\/div>\n<\/li>\n<li>\n<div class=\"title\"><i class=\"fas fa-bullhorn\"><\/i> Sobrevivir al dolor (video)<\/div>\n<div class=\"detail\">EES No. 3 &#8211; General Juan Madariaga<\/div>\n<\/li>\n<li>\n<div class=\"title\"><i class=\"fas fa-bullhorn\"><\/i> Ocultar mostrando (video)<\/div>\n<div class=\"detail\">EES No. 2 &#8211; Ostende<\/div>\n<\/li>\n<li>\n<div class=\"title\"><i class=\"fas fa-bullhorn\"><\/i> Vidas militantes (radio)<\/div>\n<div class=\"detail\">ESB No. 77 &#8211; Temperley<\/div>\n<\/li>\n<li>\n<div class=\"title\"><i class=\"fas fa-bullhorn\"><\/i> En busca de la memoria: Zoraida martin (video)<\/div>\n<div class=\"detail\">EES No. 6 &#8211; Ituzaing\u00f3<\/div>\n<\/li>\n<li>\n<div class=\"title\"><i class=\"fas fa-bullhorn\"><\/i> Unidos por Malvinas (video)<\/div>\n<div class=\"detail\">EA No. 718 &#8211; Banfield<\/div>\n<\/li>\n<\/ul>\n<\/div>\n<\/div>\n<div class=\"title\" style=\"text-align: left;\">Dia 2 <i class=\"fas fa-bolt\"><\/i><\/div>\n<div class=\"bloques listing\" style=\"text-align: left;\">\n<div class=\"bloque listing bloque-con-presentaciones\">\n<div class=\"title\"><span class=\"horaInicio\"> 09:00 hs. <\/span><span class=\"title\"> Presentaciones (HOTEL 8) <\/span><\/div>\n<ul class=\"presentaciones listing\">\n<li>\n<div class=\"title\"><i class=\"fas fa-bullhorn\"><\/i> centros clandestinos en La Matanza (video)<\/div>\n<div class=\"detail\">EES No. 187 &#8211; San Justo<\/div>\n<\/li>\n<li>\n<div class=\"title\"><i class=\"fas fa-bullhorn\"><\/i> LA SOCIEDAD BONAERENSE CON EL REGRESO (video)<\/div>\n<div class=\"detail\">EES No. 5 &#8211; Ituzaing\u00f3<\/div>\n<\/li>\n<li>\n<div class=\"title\"><i class=\"fas fa-bullhorn\"><\/i> Memoria s\u00ec (video)<\/div>\n<div class=\"detail\">EES No. 188 &#8211; San Justo<\/div>\n<\/li>\n<li>\n<div class=\"title\"><i class=\"fas fa-bullhorn\"><\/i> La casa de la barranca. (video)<\/div>\n<div class=\"detail\">EES No. 8 &#8211; Barrio Saavedra<\/div>\n<\/li>\n<li>\n<div class=\"title\"><i class=\"fas fa-bullhorn\"><\/i> Rosita y la resistencia de las caricias (video)<\/div>\n<div class=\"detail\">EES No. 5 &#8211; Villa General Savio (Est. S\u00e1nchez)<\/div>\n<\/li>\n<li>\n<div class=\"title\"><i class=\"fas fa-bullhorn\"><\/i> Memorias barriales de la operaci\u00f3n Viejobueno (video)<\/div>\n<div class=\"detail\">EES No. 82 &#8211; Banfield<\/div>\n<\/li>\n<\/ul>\n<\/div>\n<div class=\"bloque listing bloque-con-presentaciones\">\n<div class=\"title\"><span class=\"horaInicio\"> 10:30 hs. <\/span><span class=\"title\"> Presentaciones (HOTEL 8) <\/span><\/div>\n<ul class=\"presentaciones listing\">\n<li>\n<div class=\"title\"><i class=\"fas fa-bullhorn\"><\/i> Organizacion Juvenil (video)<\/div>\n<div class=\"detail\">OOSS envion el pilar &#8211; Programa envion &#8211; Ituzaing\u00f3<\/div>\n<\/li>\n<li>\n<div class=\"title\"><i class=\"fas fa-bullhorn\"><\/i> Sin definir (video)<\/div>\n<div class=\"detail\">OOSS Espacio de pibas territorial &#8211; Espacio de pibas territorial &#8211; Gonz\u00e1lez Cat\u00e1n<\/div>\n<\/li>\n<li>\n<div class=\"title\"><i class=\"fas fa-bullhorn\"><\/i> Festival de M\u00fasica Folcl\u00f3rica en Baradero (video)<\/div>\n<div class=\"detail\">EES No. 8 &#8211; Baradero<\/div>\n<\/li>\n<li>\n<div class=\"title\"><i class=\"fas fa-bullhorn\"><\/i> Toda una vida sin ellos (video)<\/div>\n<div class=\"detail\">EES No. 22 &#8211; Banfield<\/div>\n<\/li>\n<li>\n<div class=\"title\"><i class=\"fas fa-bullhorn\"><\/i> \u00abEst\u00e1n desaparecidos\u00bb (video)<\/div>\n<div class=\"detail\">EES No. 26 &#8211; Rafael Castillo<\/div>\n<\/li>\n<li>\n<div class=\"title\"><i class=\"fas fa-bullhorn\"><\/i> ACUFINES (video)<\/div>\n<div class=\"detail\">OOSS El Bajo &#8211; FINES &#8211; Banfield<\/div>\n<\/li>\n<li>\n<div class=\"title\"><i class=\"fas fa-bullhorn\"><\/i> Un pueblo sin basura (multimedia)<\/div>\n<div class=\"detail\">EES No. 18 &#8211; Pueblo Doyle<\/div>\n<\/li>\n<\/ul>\n<\/div>\n<div class=\"bloque listing \">\n<div class=\"title\"><span class=\"horaInicio\"> 11:00 hs. <\/span><span class=\"title\"> Talleres de producci\u00f3n (Explanada) (HOTEL 5) <\/span><\/div>\n<\/div>\n<div class=\"bloque listing \">\n<div class=\"title\"><span class=\"horaInicio\"> 13:00 hs. <\/span><span class=\"title\"> Almuerzo (COMEDOR) <\/span><\/div>\n<\/div>\n<div class=\"bloque listing bloque-con-presentaciones\">\n<div class=\"title\"><span class=\"horaInicio\"> 14:00 hs. <\/span><span class=\"title\"> Presentaciones (HOTEL 8) <\/span><\/div>\n<ul class=\"presentaciones listing\">\n<li>\n<div class=\"title\"><i class=\"fas fa-bullhorn\"><\/i> Malvinas (video)<\/div>\n<div class=\"detail\">OOSS Envion Barrio Nuevo &#8211; Envion &#8211; Villa Gobernador Udaondo<\/div>\n<\/li>\n<li>\n<div class=\"title\"><i class=\"fas fa-bullhorn\"><\/i> LA MATERNIDAD \u00bfUN DESAF\u00cdO? (mural)<\/div>\n<div class=\"detail\">OOSS Envi\u00f3n &#8211; Pod\u00e9s sede Lasalle &#8211; Sede Lasalle programa Envi\u00f3n-Pod\u00e9s &#8211; Gonz\u00e1lez Cat\u00e1n<\/div>\n<\/li>\n<li>\n<div class=\"title\"><i class=\"fas fa-bullhorn\"><\/i> Historias de vida. Desaparecidos de San Pedro (gr\u00e1fica)<\/div>\n<div class=\"detail\">EES No. 16 &#8211; San Pedro<\/div>\n<\/li>\n<li>\n<div class=\"title\"><i class=\"fas fa-bullhorn\"><\/i> Los l\u00e1pices siguen escribiendo (video)<\/div>\n<div class=\"detail\">EST No. 1142920764 &#8211; Lomas de Zamora<\/div>\n<\/li>\n<li>\n<div class=\"title\"><i class=\"fas fa-bullhorn\"><\/i> DERECHO A LA EDUCACION (video)<\/div>\n<div class=\"detail\">EES No. 12 &#8211; Ituzaing\u00f3<\/div>\n<\/li>\n<li>\n<div class=\"title\"><i class=\"fas fa-bullhorn\"><\/i> Violencia de g\u00e9nero y organizaci\u00f3n popular (video)<\/div>\n<div class=\"detail\">OOSS Man\u00e1 del cielo. &#8211; Comedor y Merendero. &#8211; Gonz\u00e1lez Cat\u00e1n<\/div>\n<\/li>\n<li>\n<div class=\"title\"><i class=\"fas fa-bullhorn\"><\/i> Representaci\u00f2n de la masacre de Budge (video)<\/div>\n<div class=\"detail\">CEC No. 804 &#8211; Lomas de Zamora<\/div>\n<\/li>\n<\/ul>\n<\/div>\n<div class=\"bloque listing bloque-con-presentaciones\">\n<div class=\"title\"><span class=\"horaInicio\"> 16:00 hs. <\/span><span class=\"title\"> Presentaciones (HOTEL 8) <\/span><\/div>\n<ul class=\"presentaciones listing\">\n<li>\n<div class=\"title\"><i class=\"fas fa-bullhorn\"><\/i> El pueblo unido jam\u00e1s ser\u00e1 vencido (video)<\/div>\n<div class=\"detail\">OOSS Envi\u00f2n San Alberto-Ituzaingo &#8211; Programa Envi\u00f3n Ituzaing\u00f3 &#8211; Ituzaing\u00f3<\/div>\n<\/li>\n<li>\n<div class=\"title\"><i class=\"fas fa-bullhorn\"><\/i> \u00abde mi casa\u00bb (video)<\/div>\n<div class=\"detail\">ESA No. 1 &#8211; Z\u00e1rate<\/div>\n<\/li>\n<li>\n<div class=\"title\"><i class=\"fas fa-bullhorn\"><\/i> La guerra de Malvinas (video)<\/div>\n<div class=\"detail\">EES No. 11 &#8211; San Justo<\/div>\n<\/li>\n<li>\n<div class=\"title\"><i class=\"fas fa-bullhorn\"><\/i> FINES INTERSECCIONAL (video)<\/div>\n<div class=\"detail\">OOSS Club Social y Deportivo Sarmiento &#8211; Club Social y Deportivo &#8211; Lomas de Zamora<\/div>\n<\/li>\n<li>\n<div class=\"title\"><i class=\"fas fa-bullhorn\"><\/i> Veteranos de Malvinas de Ituzaing\u00f3 (video)<\/div>\n<div class=\"detail\">EES No. 9 &#8211; Ituzaing\u00f3<\/div>\n<\/li>\n<li>\n<div class=\"title\"><i class=\"fas fa-bullhorn\"><\/i> La crisis del 2001 en San Pedro (video)<\/div>\n<div class=\"detail\">EES No. 5 &#8211; San Pedro<\/div>\n<\/li>\n<li>\n<div class=\"title\"><i class=\"fas fa-bullhorn\"><\/i> Plantando Ciudadan\u00eda (video)<\/div>\n<div class=\"detail\">ESB No. 404 &#8211; Gregorio de Laferrere<\/div>\n<\/li>\n<\/ul>\n<\/div>\n<div class=\"bloque listing bloque-con-presentaciones\">\n<div class=\"title\"><span class=\"horaInicio\"> 18:00 hs. <\/span><span class=\"title\"> Presentaciones (HOTEL 8) <\/span><\/div>\n<ul class=\"presentaciones listing\">\n<li>\n<div class=\"title\"><i class=\"fas fa-bullhorn\"><\/i> Estudia y Trabaja (video)<\/div>\n<div class=\"detail\">EES No. 21 &#8211; Banfield<\/div>\n<\/li>\n<li>\n<div class=\"title\"><i class=\"fas fa-bullhorn\"><\/i> Escalando a la Salud (video)<\/div>\n<div class=\"detail\">EES No. 6 &#8211; Escalada<\/div>\n<\/li>\n<li>\n<div class=\"title\"><i class=\"fas fa-bullhorn\"><\/i> Memorias (video)<\/div>\n<div class=\"detail\">Escuela de Educaci\u00f3n Secundaria Instituto Educativo del Oeste (IEDO) &#8211; Ituzaing\u00f3<\/div>\n<\/li>\n<li>\n<div class=\"title\"><i class=\"fas fa-bullhorn\"><\/i> Tras los pasos de Nuestras Madres de Lomas 2 (video)<\/div>\n<div class=\"detail\">EES No. 71 &#8211; Lomas de Zamora<\/div>\n<\/li>\n<li>\n<div class=\"title\"><i class=\"fas fa-bullhorn\"><\/i> Barrio en crisis (video)<\/div>\n<div class=\"detail\">EES No. 10 &#8211; Ituzaing\u00f3<\/div>\n<\/li>\n<li>\n<div class=\"title\"><i class=\"fas fa-bullhorn\"><\/i> Vistos bien de cerca&#8230;Nadie es tan Normal&#8230; (video)<\/div>\n<div class=\"detail\">EE No. 508 &#8211; Ciudad Evita<\/div>\n<\/li>\n<li>\n<div class=\"title\"><i class=\"fas fa-bullhorn\"><\/i> \u00abInformar desinformando\u00bb (gr\u00e1fica)<\/div>\n<div class=\"detail\">EES No. 10 &#8211; San Pedro<\/div>\n<\/li>\n<\/ul>\n<\/div>\n<div class=\"bloque listing \">\n<div class=\"title\"><span class=\"horaInicio\"> 18:00 hs. <\/span><span class=\"title\"> Actividades para J\u00f3venes (Explanada) (HOTEL 5) <\/span><\/div>\n<\/div>\n<div class=\"bloque listing \">\n<div class=\"title\"><span class=\"horaInicio\"> 21:00 hs. <\/span><span class=\"title\"> Cena (COMEDOR) <\/span><\/div>\n<\/div>\n<div class=\"bloque listing bloque-con-presentaciones\">\n<div class=\"title\"><span class=\"horaInicio\"> 22:00 hs. <\/span><span class=\"title\"> Presentaciones (HOTEL 8) <\/span><\/div>\n<ul class=\"presentaciones listing\">\n<li>\n<div class=\"title\"><i class=\"fas fa-bullhorn\"><\/i> Los desafios de educarse en Santa Catalina (video)<\/div>\n<div class=\"detail\">EES No. 35 &#8211; Lomas de Zamora<\/div>\n<\/li>\n<li>\n<div class=\"title\"><i class=\"fas fa-bullhorn\"><\/i> El final y un nuevo comienzo (video)<\/div>\n<div class=\"detail\">EES No. 1 &#8211; General Juan Madariaga<\/div>\n<\/li>\n<li>\n<div class=\"title\"><i class=\"fas fa-bullhorn\"><\/i> Barrio La Tosquera: \u00ablo hecho y lo pendiente\u00bb (audio)<\/div>\n<div class=\"detail\">OOSS Movimiento de Trabajadores Excluidos &#8211; Organizaci\u00f3n social &#8211; San Pedro<\/div>\n<\/li>\n<li>\n<div class=\"title\"><i class=\"fas fa-bullhorn\"><\/i> j\u00f3venes y trabajo en un mundo capitalista (video)<\/div>\n<div class=\"detail\">OOSS Escuela intercultural \u00d1a\u00f1&#8217;ee-Rimasujn-Arwsi\u00f1a-Yvy mar\u00e3e&#8217;e &#8211; Escuela intercultural Plurilingue &#8211; Villa Gesell<\/div>\n<\/li>\n<li>\n<div class=\"title\"><i class=\"fas fa-bullhorn\"><\/i> La resistencia, lucha de los trabajadores (video)<\/div>\n<div class=\"detail\">EES No. 3 &#8211; Pinamar<\/div>\n<\/li>\n<li>\n<div class=\"title\"><i class=\"fas fa-bullhorn\"><\/i> Resistir, insistir, nunca desistir (video)<\/div>\n<div class=\"detail\">OOSS Envi\u00f3n Fiorito Norte &#8211; Programa Envi\u00f3n &#8211; Villa Fiorito<\/div>\n<\/li>\n<li>\n<div class=\"title\"><i class=\"fas fa-bullhorn\"><\/i> Femicidio en Ramos Mejia (teatro)<\/div>\n<div class=\"detail\">EES No. 99 &#8211; Ramos Mej\u00eda<\/div>\n<\/li>\n<\/ul>\n<\/div>\n<\/div>\n<div class=\"title\" style=\"text-align: left;\">Dia 3 <i class=\"fas fa-bolt\"><\/i><\/div>\n<div class=\"bloques listing\" style=\"text-align: left;\">\n<div class=\"bloque listing bloque-con-presentaciones\">\n<div class=\"title\"><span class=\"horaInicio\"> 09:00 hs. <\/span><span class=\"title\"> Presentaciones (HOTEL 8) <\/span><\/div>\n<ul class=\"presentaciones listing\">\n<li>\n<div class=\"title\"><i class=\"fas fa-bullhorn\"><\/i> La escuela es del barrio (video)<\/div>\n<div class=\"detail\">EES No. 15 &#8211; San Pedro<\/div>\n<\/li>\n<li>\n<div class=\"title\"><i class=\"fas fa-bullhorn\"><\/i> Barrio Tongui 2 (video)<\/div>\n<div class=\"detail\">EES No. 87 &#8211; Villa Centenario<\/div>\n<\/li>\n<li>\n<div class=\"title\"><i class=\"fas fa-bullhorn\"><\/i> La noche de los l\u00e1pices de zona oeste (video)<\/div>\n<div class=\"detail\">EES No. 8 &#8211; Ituzaing\u00f3<\/div>\n<\/li>\n<li>\n<div class=\"title\"><i class=\"fas fa-bullhorn\"><\/i> Caso Lucas Acosta (video)<\/div>\n<div class=\"detail\">ESB No. 155 &#8211; Gregorio de Laferrere<\/div>\n<\/li>\n<li>\n<div class=\"title\"><i class=\"fas fa-bullhorn\"><\/i> Podcast Derecho a la Identidad (video)<\/div>\n<div class=\"detail\">C-CENS No. 468 &#8211; Lomas de Zamora<\/div>\n<\/li>\n<li>\n<div class=\"title\"><i class=\"fas fa-bullhorn\"><\/i> Pr\u00e1cticas culturales &#8230; (video)<\/div>\n<div class=\"detail\">I-ISFD No. &#8211; San Justo<\/div>\n<\/li>\n<li>\n<div class=\"title\"><i class=\"fas fa-bullhorn\"><\/i> \u00bfENTRELAZANDO CULTURAS? (mural)<\/div>\n<div class=\"detail\">EES No. 8 &#8211; Mar de Aj\u00f3 Norte<\/div>\n<\/li>\n<\/ul>\n<\/div>\n<div class=\"bloque listing bloque-con-presentaciones\">\n<div class=\"title\"><span class=\"horaInicio\"> 10:30 hs. <\/span><span class=\"title\"> Presentaciones (HOTEL 8) <\/span><\/div>\n<ul class=\"presentaciones listing\">\n<li>\n<div class=\"title\"><i class=\"fas fa-bullhorn\"><\/i> Equidad de G\u00e9nero: Promoviendo Igualdad (video)<\/div>\n<div class=\"detail\">ESB No. 70 &#8211; Lomas de Zamora<\/div>\n<\/li>\n<li>\n<div class=\"title\"><i class=\"fas fa-bullhorn\"><\/i> Viaje a la Memoria (video)<\/div>\n<div class=\"detail\">Escuela Privada Escuela de Ense\u00f1anza Media Escuela Municipal de ense\u00f1anza Media Bellas artes &#8211; San Clemente del Tuy\u00fa<\/div>\n<\/li>\n<li>\n<div class=\"title\"><i class=\"fas fa-bullhorn\"><\/i> Memoria y teatro: una escena de realidad (video)<\/div>\n<div class=\"detail\">EES No. 4 &#8211; Z\u00e1rate<\/div>\n<\/li>\n<li>\n<div class=\"title\"><i class=\"fas fa-bullhorn\"><\/i> Nuestro ambiente, nuestra acci\u00f3n. (video)<\/div>\n<div class=\"detail\">EES No. 4 &#8211; San Pedro<\/div>\n<\/li>\n<li>\n<div class=\"title\"><i class=\"fas fa-bullhorn\"><\/i> No hay plata (video)<\/div>\n<div class=\"detail\">EES No. 95 &#8211; San Justo<\/div>\n<\/li>\n<li>\n<div class=\"title\"><i class=\"fas fa-bullhorn\"><\/i> Podcast Derecho a la Educacion (video)<\/div>\n<div class=\"detail\">C-CENS No. 458 &#8211; Lomas de Zamora<\/div>\n<\/li>\n<li>\n<div class=\"title\"><i class=\"fas fa-bullhorn\"><\/i> La memoria de las mujeres (video)<\/div>\n<div class=\"detail\">EES No. 14 &#8211; San Pedro<\/div>\n<\/li>\n<li>\n<div class=\"title\"><i class=\"fas fa-bullhorn\"><\/i> \u00bfEst\u00e1n todos, todas y todes en la T\u00e9cnica? (video)<\/div>\n<div class=\"detail\">EST No. 2 &#8211; Ituzaing\u00f3<\/div>\n<\/li>\n<\/ul>\n<\/div>\n<div class=\"bloque listing \">\n<div class=\"title\"><span class=\"horaInicio\"> 13:00 hs. <\/span><span class=\"title\"> Almuerzo (COMEDOR) <\/span><\/div>\n<\/div>\n<div class=\"bloque listing bloque-con-presentaciones\">\n<div class=\"title\"><span class=\"horaInicio\"> 14:00 hs. <\/span><span class=\"title\"> Presentaciones (HOTEL 8) <\/span><\/div>\n<ul class=\"presentaciones listing\">\n<li>\n<div class=\"title\"><i class=\"fas fa-bullhorn\"><\/i> No caen del cielo (video)<\/div>\n<div class=\"detail\">OOSS Envion Villa Angela &#8211; Programa Social de inclusion &#8211; Ituzaing\u00f3<\/div>\n<\/li>\n<li>\n<div class=\"title\"><i class=\"fas fa-bullhorn\"><\/i> Las calles andan diciendo (video)<\/div>\n<div class=\"detail\">C-CFI No. 1 &#8211; Temperley<\/div>\n<\/li>\n<li>\n<div class=\"title\"><i class=\"fas fa-bullhorn\"><\/i> Cristianismo Revolucionario (video)<\/div>\n<div class=\"detail\">EES No. 18 &#8211; Z\u00e1rate<\/div>\n<\/li>\n<li>\n<div class=\"title\"><i class=\"fas fa-bullhorn\"><\/i> Germaiz&#8230; una oportunidad perdida (video)<\/div>\n<div class=\"detail\">EES No. 10 &#8211; Baradero<\/div>\n<\/li>\n<li>\n<div class=\"title\"><i class=\"fas fa-bullhorn\"><\/i> masculinidades (video)<\/div>\n<div class=\"detail\">EE No. 508 &#8211; Banfield<\/div>\n<\/li>\n<li>\n<div class=\"title\"><i class=\"fas fa-bullhorn\"><\/i> Producci\u00f3n visual (video)<\/div>\n<div class=\"detail\">OOSS Envion vitacal &#8211; ENVI\u00d3N &#8211; Ituzaing\u00f3<\/div>\n<\/li>\n<\/ul>\n<\/div>\n<div class=\"bloque listing bloque-con-presentaciones\">\n<div class=\"title\"><span class=\"horaInicio\"> 16:00 hs. <\/span><span class=\"title\"> Presentaciones (HOTEL 8) <\/span><\/div>\n<ul class=\"presentaciones listing\">\n<li>\n<div class=\"title\"><i class=\"fas fa-bullhorn\"><\/i> Las deudas de la democracia (video)<\/div>\n<div class=\"detail\">EES No. 18 &#8211; Ituzaing\u00f3<\/div>\n<\/li>\n<li>\n<div class=\"title\"><i class=\"fas fa-bullhorn\"><\/i> Fiorito Libre (radio)<\/div>\n<div class=\"detail\">CEC No. 805 &#8211; Villa Fiorito<\/div>\n<\/li>\n<li>\n<div class=\"title\"><i class=\"fas fa-bullhorn\"><\/i> J\u00d3VENES DESAPARECIDOS DE PIRAN (multimedia)<\/div>\n<div class=\"detail\">EES No. 3 &#8211; General Pir\u00e1n<\/div>\n<\/li>\n<li>\n<div class=\"title\"><i class=\"fas fa-bullhorn\"><\/i> Salud mental en la escuela (video)<\/div>\n<div class=\"detail\">EES No. 3 &#8211; San Clemente del Tuy\u00fa<\/div>\n<\/li>\n<li>\n<div class=\"title\"><i class=\"fas fa-bullhorn\"><\/i> Resistencia (video)<\/div>\n<div class=\"detail\">OOSS IZQUIERDA LATINOAMERICANA &#8211; ORGANIZACION SOCIAL &#8211; Lomas de Zamora<\/div>\n<\/li>\n<li>\n<div class=\"title\"><i class=\"fas fa-bullhorn\"><\/i> tambien somos (video)<\/div>\n<div class=\"detail\">EE No. 501 &#8211; Ituzaing\u00f3<\/div>\n<\/li>\n<\/ul>\n<\/div>\n<div class=\"bloque listing \">\n<div class=\"title\"><span class=\"horaInicio\"> 18:00 hs. <\/span><span class=\"title\"> Actividades para j\u00f3venes (HOTEL 5) <\/span><\/div>\n<\/div>\n<div class=\"bloque listing \">\n<div class=\"title\"><span class=\"horaInicio\"> 18:00 hs. <\/span><span class=\"title\"> Taller para coordinadores (HOTEL 8) <\/span><\/div>\n<\/div>\n<div class=\"bloque listing \">\n<div class=\"title\"><span class=\"horaInicio\"> 21:00 hs. <\/span><span class=\"title\"> Cena (COMEDOR) <\/span><\/div>\n<\/div>\n<div class=\"bloque listing \">\n<div class=\"title\"><span class=\"horaInicio\"> 22:00 hs. <\/span><span class=\"title\"> Cierre del Encuentro y Fiesta (HOTEL 8) <\/span><\/div>\n<\/div>\n<\/div>\n<div class=\"title\" style=\"text-align: left;\">Dia 4 <i class=\"fas fa-bolt\"><\/i><\/div>\n<div class=\"bloques listing\">\n<div class=\"bloque listing \">\n<div class=\"title\" style=\"text-align: left;\"><span class=\"horaInicio\"> 07:00 hs. <\/span><span class=\"title\"> Desayuno y egreso (COMEDOR) <\/span><\/div>\n<\/div>\n<\/div>\n<\/div>\n<\/div>\n<p>[\/et_pb_text][\/et_pb_column][\/et_pb_row][\/et_pb_section]<\/p>\n","protected":false},"excerpt":{"rendered":"<p>TANDA 1TANDA 2TANDA 3TANDA 4TANDA 5TANDA 6TANDA 7TANDA 8TANDA 9TANDA 10TANDA 11TANDA 12TANDA 13 Dia 1 09:00 hs. Acreditaci\u00f3n (Hall hotel) (HOTEL 5) 09:00 hs. Acreditaci\u00f3n (Hall hotel) (HOTEL 8) 13:00 hs. Almuerzo (COMEDOR) 15:00 hs. Taller de bienvenida para coordinadores (Auditorio) (HOTEL 8) 15:00 hs. Taller de bienvenida para j\u00f3venes (Explanada) (HOTEL 8) 15:00 [&hellip;]<\/p>\n","protected":false},"author":40,"featured_media":51251,"parent":0,"menu_order":0,"comment_status":"closed","ping_status":"closed","template":"","meta":{"_et_pb_use_builder":"on","_et_pb_old_content":"","_et_gb_content_width":"","jetpack_post_was_ever_published":false,"footnotes":""},"class_list":["post-51145","page","type-page","status-publish","has-post-thumbnail","hentry"],"jetpack_sharing_enabled":true,"jetpack_shortlink":"https:\/\/wp.me\/P8ryIF-diV","jetpack-related-posts":[],"_links":{"self":[{"href":"https:\/\/www.comisionporlamemoria.org\/jovenesymemoria\/wp-json\/wp\/v2\/pages\/51145","targetHints":{"allow":["GET"]}}],"collection":[{"href":"https:\/\/www.comisionporlamemoria.org\/jovenesymemoria\/wp-json\/wp\/v2\/pages"}],"about":[{"href":"https:\/\/www.comisionporlamemoria.org\/jovenesymemoria\/wp-json\/wp\/v2\/types\/page"}],"author":[{"embeddable":true,"href":"https:\/\/www.comisionporlamemoria.org\/jovenesymemoria\/wp-json\/wp\/v2\/users\/40"}],"replies":[{"embeddable":true,"href":"https:\/\/www.comisionporlamemoria.org\/jovenesymemoria\/wp-json\/wp\/v2\/comments?post=51145"}],"version-history":[{"count":0,"href":"https:\/\/www.comisionporlamemoria.org\/jovenesymemoria\/wp-json\/wp\/v2\/pages\/51145\/revisions"}],"wp:featuredmedia":[{"embeddable":true,"href":"https:\/\/www.comisionporlamemoria.org\/jovenesymemoria\/wp-json\/wp\/v2\/media\/51251"}],"wp:attachment":[{"href":"https:\/\/www.comisionporlamemoria.org\/jovenesymemoria\/wp-json\/wp\/v2\/media?parent=51145"}],"curies":[{"name":"wp","href":"https:\/\/api.w.org\/{rel}","templated":true}]}}