{"id":31471,"date":"2017-05-08T09:24:11","date_gmt":"2017-05-08T09:24:11","guid":{"rendered":"http:\/\/www.comisionporlamemoria.org\/museo-nuevo\/?post_type=project&#038;p=31471"},"modified":"2025-10-09T19:47:54","modified_gmt":"2025-10-09T19:47:54","slug":"buena-memoria","status":"publish","type":"project","link":"https:\/\/www.comisionporlamemoria.org\/museo\/project\/buena-memoria\/","title":{"rendered":"Buena memoria"},"content":{"rendered":"\n[et_pb_section fb_built=\u00bb1&#8243; admin_label=\u00bbsection\u00bb _builder_version=\u00bb4.16&#8243; background_image=\u00bbhttps:\/\/www.comisionporlamemoria.org\/museo-nuevo\/wp-content\/uploads\/sites\/18\/2017\/01\/COLOURlovers.com-Thin_lines_2.png\u00bb custom_padding=\u00bb0px||0px|\u00bb transparent_background=\u00bboff\u00bb global_colors_info=\u00bb{}\u00bb][et_pb_row column_structure=\u00bb1_2,1_2&#8243; admin_label=\u00bbrow\u00bb _builder_version=\u00bb4.16&#8243; background_size=\u00bbinitial\u00bb background_position=\u00bbtop_left\u00bb background_repeat=\u00bbrepeat\u00bb custom_margin=\u00bb0px||0px|\u00bb custom_padding=\u00bb0px||0px|\u00bb global_colors_info=\u00bb{}\u00bb][et_pb_column type=\u00bb1_2&#8243; _builder_version=\u00bb4.16&#8243; custom_padding=\u00bb|||\u00bb global_colors_info=\u00bb{}\u00bb custom_padding__hover=\u00bb|||\u00bb][et_pb_post_title meta=\u00bboff\u00bb featured_image=\u00bboff\u00bb text_color=\u00bblight\u00bb admin_label=\u00bbT\u00edtulo de publicaci\u00f3n\u00bb _builder_version=\u00bb4.16&#8243; title_font=\u00bb|on||on|\u00bb background_color=\u00bb#00cf9c\u00bb custom_margin=\u00bb70px||0px|\u00bb custom_padding=\u00bb13px||0px|13px\u00bb parallax_effect=\u00bboff\u00bb module_bg_color=\u00bb#00cf9c\u00bb use_border_color=\u00bboff\u00bb border_color=\u00bb#ffffff\u00bb border_style=\u00bbsolid\u00bb global_colors_info=\u00bb{}\u00bb][\/et_pb_post_title][\/et_pb_column][et_pb_column type=\u00bb1_2&#8243; _builder_version=\u00bb4.16&#8243; custom_padding=\u00bb|||\u00bb global_colors_info=\u00bb{}\u00bb custom_padding__hover=\u00bb|||\u00bb][\/et_pb_column][\/et_pb_row][\/et_pb_section][et_pb_section fb_built=\u00bb1&#8243; admin_label=\u00bbSecci\u00f3n\u00bb _builder_version=\u00bb4.16&#8243; custom_padding=\u00bb30px||30px|\u00bb transparent_background=\u00bboff\u00bb global_colors_info=\u00bb{}\u00bb][et_pb_row column_structure=\u00bb2_3,1_3&#8243; use_custom_gutter=\u00bbon\u00bb gutter_width=\u00bb2&#8243; admin_label=\u00bbFila\u00bb _builder_version=\u00bb4.16&#8243; background_size=\u00bbinitial\u00bb background_position=\u00bbtop_left\u00bb background_repeat=\u00bbrepeat\u00bb custom_padding=\u00bb0px||0px|\u00bb global_colors_info=\u00bb{}\u00bb][et_pb_column type=\u00bb2_3&#8243; _builder_version=\u00bb4.16&#8243; custom_padding=\u00bb|||\u00bb global_colors_info=\u00bb{}\u00bb custom_padding__hover=\u00bb|||\u00bb][et_pb_text admin_label=\u00bbTexto\u00bb _builder_version=\u00bb4.24.0&#8243; text_font_size=\u00bb16&#8243; background_size=\u00bbinitial\u00bb background_position=\u00bbtop_left\u00bb background_repeat=\u00bbrepeat\u00bb custom_margin=\u00bb0px||0px|\u00bb custom_padding=\u00bb0px|0px|0px|0px\u00bb hover_enabled=\u00bb0&#8243; use_border_color=\u00bboff\u00bb border_color=\u00bb#ffffff\u00bb border_style=\u00bbsolid\u00bb global_colors_info=\u00bb{}\u00bb sticky_enabled=\u00bb0&#8243;]<p style=\"text-align: justify;\"><strong><span style=\"color: #00cf9c;\">Composici\u00f3n de la muestra:<\/span><\/strong><\/p>\n<ul style=\"text-align: justify;\">\n<li>Fotograf\u00edas de homenaje a ex alumnos del Colegio Nacional de Buenos Aires. \u00a0Ensayo fotogr\u00e1fico de Marcelo Brodsky.<\/li>\n<li>Una foto de 1 metro por 70 cm. (La foto del colegio nacional, escolar) (sin vidrio)<\/li>\n<li>11 cuadros (retratos) de 40 x 60.<\/li>\n<li>4 cuadros de 50 x 70 (los reflejos: fotos actuales tomadas en la muestra cuando vieron las otros fotos en el Colegio).<\/li>\n<li>1 cuadro de 1 mt x 70 (jugando a morir, va acompa\u00f1ado por un video).<\/li>\n<li>1 cuadro de 30 x 30 \u00abFernando en la ESMA\u00bb (\u00faltima foto de Fernando, su hermano desaparecido).<\/li>\n<li>1 cuadro de 30 x 50 Fernando en La Boca<\/li>\n<li>1 cuadro de 30 x 50 Fernando en la pieza<\/li>\n<li>1 foto 1 metro x 70 (tres en el bote: los tres hermanos navegando en el r\u00edo).<\/li>\n<li>2 cuadros 1 metro x 70 (prohibido permanecer en este lugar y \u00abt\u00edo Salom\u00f3n\u00bb: tienen que ir cerca del r\u00edo).<\/li>\n<li>Una foto de 50 por 70 (foto del r\u00edo). (sin vidrio)<\/li>\n<\/ul>\n<p style=\"text-align: justify;\"><strong><span style=\"color: #00cf9c;\">Acerca de la muestra:<\/span><\/strong><\/p>\n<p style=\"text-align: justify;\">\u00abBuena memoria\u00bb\u00a0 propone reflexionar sobre la experiencia de una generaci\u00f3n y sobre las ausencias que la marcaron. El autor recorre a trav\u00e9s de fotograf\u00edas, videos y textos la evoluci\u00f3n personal y colectiva de un curso de alumnos del Colegio Nacional de Buenos Aires, signado por las desapariciones y la violencia del terrorismo de estado durante la \u00faltima dictadura militar. Marcelo Brodsky toma como punto de partida de su trabajo una foto grupal de su divisi\u00f3n de primer a\u00f1o del Colegio Nacional de Buenos Aires, tomada en 1967. Luego interviene pl\u00e1sticamente esa foto con inscripciones sobre el destino de sus compa\u00f1eros, a quienes adem\u00e1s retrata en la actualidad.<\/p>\n<p style=\"text-align: justify;\">\u00abCuando regres\u00e9 a la Argentina despu\u00e9s de muchos a\u00f1os de vivir en Espa\u00f1a acababa de cumplir 40 a\u00f1os y quer\u00eda trabajar sobre mi identidad\u00bb, explica Brodsky. \u00abEmpec\u00e9 a revisar mis fotos familiares, las de la juventud, las del Colegio. As\u00ed fue que encontr\u00e9 el retrato de nuestra divisi\u00f3n del Nacional y sent\u00ed la necesidad de saber qu\u00e9 hab\u00eda sido de la vida de cada uno de ellos\u00bb. El artista convoc\u00f3 a una reuni\u00f3n a sus ex compa\u00f1eros del Nacional y les propuso adem\u00e1s hacer un retrato de cada uno. \u00abAmpli\u00e9 a un gran formato la foto del 67 para que sirviera de fondo a los retratos individuales y ped\u00ed a cada uno que llevara consigo un elemento de su vida actual\u00bb. Brodsky se propuso completar la tarea retratando a los compa\u00f1eros del curso que no hab\u00edan asistido a aquella primera reuni\u00f3n. Algunas de esas fotos fueron hechas en Espa\u00f1a y Nueva York. Poco tiempo despu\u00e9s en octubre de 1996 la Fundaci\u00f3n Memoria Hist\u00f3rica y Social Argentina, Madres de Plaza de Mayo L\u00ednea Fundadora junto con el Centro de Estudiantes del Colegio Nacional y un grupo de ex alumnos organizaron un acto para recordar a los alumnos que desaparecieron o fueron asesinados durante la \u00faltima dictadura militar.\u00bb Despu\u00e9s de 20 a\u00f1os las autoridades del Colegio aceptaron por primera vez que record\u00e1ramos a los que faltan. Fue un hecho hist\u00f3rico\u00bb afirma el fot\u00f3grafo. Lo cierto es que los retratos en los que Brodsky ven\u00eda trabajando fueron exhibidos en el Colegio Nacional Buenos Aires como parte de ese acto homenaje a los 98 alumnos y ex alumnos desaparecidos y muertos en los a\u00f1os 70. El reflejo de las caras de los actuales estudiantes del colegio sobre el vidrio que cubr\u00eda las im\u00e1genes expuestas fue registrado por la c\u00e1mara de Brodsky y constituye otra parte fundamental de \u00abBuena memoria\u00bb, representando el momento de la transmisi\u00f3n de la experiencia entre generaciones. La muestra se completa con otros dos cap\u00edtulos donde la biograf\u00eda del autor se cruza con la memoria colectiva: \u00abMart\u00edn, mi amigo\u00bb y \u00abNando, mi hermano\u00bb.<\/p>\n<p style=\"text-align: justify;\">Esta muestra se ha expuesto en Argentina, Brasil, Per\u00fa, Italia, Alemania, Suecia, Chile, Uruguay, Espa\u00f1a, Israel, B\u00e9lgica, Holanda, Rep\u00fablica Checa y EEUU entre 1997 y el 2003.<\/p>[\/et_pb_text][\/et_pb_column][et_pb_column type=\u00bb1_3&#8243; _builder_version=\u00bb4.16&#8243; custom_padding=\u00bb|||\u00bb global_colors_info=\u00bb{}\u00bb custom_padding__hover=\u00bb|||\u00bb][et_pb_image src=\u00bbhttps:\/\/www.comisionporlamemoria.org\/museo-nuevo\/wp-content\/uploads\/sites\/18\/2017\/05\/buena-memoria.jpg\u00bb align=\u00bbcenter\u00bb force_fullwidth=\u00bbon\u00bb align_tablet=\u00bbcenter\u00bb align_phone=\u00bbcenter\u00bb align_last_edited=\u00bbon|desktop\u00bb admin_label=\u00bbImagen\u00bb _builder_version=\u00bb4.16&#8243; custom_margin=\u00bb||0px|\u00bb use_border_color=\u00bboff\u00bb border_color=\u00bb#ffffff\u00bb border_style=\u00bbsolid\u00bb animation=\u00bboff\u00bb sticky=\u00bboff\u00bb global_colors_info=\u00bb{}\u00bb][\/et_pb_image][et_pb_button button_url=\u00bb\/\/cpm-aec3.kxcdn.com\/wp-content\/uploads\/sites\/18\/2017\/05\/buena-memoria.pdf\u00bb url_new_window=\u00bbon\u00bb button_text=\u00bbIm\u00e1genes de la muestra\u00bb button_alignment=\u00bbleft\u00bb admin_label=\u00bbBot\u00f3n\u00bb _builder_version=\u00bb4.16&#8243; custom_button=\u00bbon\u00bb button_text_size=\u00bb16&#8243; button_text_color=\u00bb#ffffff\u00bb button_bg_color=\u00bb#00cf9c\u00bb button_border_width=\u00bb0&#8243; button_border_radius=\u00bb0&#8243; button_font=\u00bb|||on|\u00bb button_icon=\u00bb&#x3d;||divi||400&#8243; button_icon_color=\u00bb#ffffff\u00bb global_colors_info=\u00bb{}\u00bb button_text_size__hover_enabled=\u00bboff\u00bb button_one_text_size__hover_enabled=\u00bboff\u00bb button_two_text_size__hover_enabled=\u00bboff\u00bb button_text_color__hover_enabled=\u00bboff\u00bb button_one_text_color__hover_enabled=\u00bboff\u00bb button_two_text_color__hover_enabled=\u00bboff\u00bb button_border_width__hover_enabled=\u00bboff\u00bb button_one_border_width__hover_enabled=\u00bboff\u00bb button_two_border_width__hover_enabled=\u00bboff\u00bb button_border_color__hover_enabled=\u00bboff\u00bb button_one_border_color__hover_enabled=\u00bboff\u00bb button_two_border_color__hover_enabled=\u00bboff\u00bb button_border_radius__hover_enabled=\u00bboff\u00bb button_one_border_radius__hover_enabled=\u00bboff\u00bb button_two_border_radius__hover_enabled=\u00bboff\u00bb button_letter_spacing__hover_enabled=\u00bboff\u00bb button_one_letter_spacing__hover_enabled=\u00bboff\u00bb button_two_letter_spacing__hover_enabled=\u00bboff\u00bb button_bg_color__hover_enabled=\u00bboff\u00bb button_one_bg_color__hover_enabled=\u00bboff\u00bb button_two_bg_color__hover_enabled=\u00bboff\u00bb][\/et_pb_button][\/et_pb_column][\/et_pb_row][\/et_pb_section][et_pb_section fb_built=\u00bb1&#8243; disabled_on=\u00bboff|off|off\u00bb _builder_version=\u00bb4.16&#8243; custom_padding=\u00bb0px|0px|0px|0px\u00bb global_module=\u00bb45896&#8243; global_colors_info=\u00bb{}\u00bb][et_pb_row column_structure=\u00bb2_3,1_3&#8243; _builder_version=\u00bb4.16&#8243; background_color=\u00bb#eeeeee\u00bb background_size=\u00bbinitial\u00bb background_position=\u00bbtop_left\u00bb background_repeat=\u00bbrepeat\u00bb custom_padding=\u00bb27px|0px|13px|0px\u00bb global_colors_info=\u00bb{}\u00bb][et_pb_column type=\u00bb2_3&#8243; _builder_version=\u00bb4.16&#8243; custom_padding=\u00bb|||\u00bb global_colors_info=\u00bb{}\u00bb custom_padding__hover=\u00bb|||\u00bb][et_pb_button button_url=\u00bbmailto:museo@comisionporlamemoria.org\u00bb url_new_window=\u00bbon\u00bb button_text=\u00bbSolicit\u00e1 la muestra\u00bb button_alignment=\u00bbleft\u00bb _builder_version=\u00bb4.16&#8243; custom_button=\u00bbon\u00bb button_text_size=\u00bb16&#8243; button_text_color=\u00bb#ffffff\u00bb button_bg_color=\u00bb#ff3f8e\u00bb button_border_width=\u00bb0&#8243; button_border_radius=\u00bb0&#8243; button_font=\u00bb|||on|||||\u00bb button_icon=\u00bb&#x3d;||divi||400&#8243; button_icon_color=\u00bb#ffffff\u00bb custom_margin=\u00bb|||\u00bb custom_padding=\u00bb|||\u00bb global_colors_info=\u00bb{}\u00bb button_text_size__hover_enabled=\u00bboff\u00bb button_text_size__hover=\u00bbnull\u00bb button_one_text_size__hover_enabled=\u00bboff\u00bb button_one_text_size__hover=\u00bbnull\u00bb button_two_text_size__hover_enabled=\u00bboff\u00bb button_two_text_size__hover=\u00bbnull\u00bb button_text_color__hover_enabled=\u00bboff\u00bb button_text_color__hover=\u00bbnull\u00bb button_one_text_color__hover_enabled=\u00bboff\u00bb button_one_text_color__hover=\u00bbnull\u00bb button_two_text_color__hover_enabled=\u00bboff\u00bb button_two_text_color__hover=\u00bbnull\u00bb button_border_width__hover_enabled=\u00bboff\u00bb button_border_width__hover=\u00bbnull\u00bb button_one_border_width__hover_enabled=\u00bboff\u00bb button_one_border_width__hover=\u00bbnull\u00bb button_two_border_width__hover_enabled=\u00bboff\u00bb button_two_border_width__hover=\u00bbnull\u00bb button_border_color__hover_enabled=\u00bboff\u00bb button_border_color__hover=\u00bbnull\u00bb button_one_border_color__hover_enabled=\u00bboff\u00bb button_one_border_color__hover=\u00bbnull\u00bb button_two_border_color__hover_enabled=\u00bboff\u00bb button_two_border_color__hover=\u00bbnull\u00bb button_border_radius__hover_enabled=\u00bboff\u00bb button_border_radius__hover=\u00bbnull\u00bb button_one_border_radius__hover_enabled=\u00bboff\u00bb button_one_border_radius__hover=\u00bbnull\u00bb button_two_border_radius__hover_enabled=\u00bboff\u00bb button_two_border_radius__hover=\u00bbnull\u00bb button_letter_spacing__hover_enabled=\u00bboff\u00bb button_letter_spacing__hover=\u00bbnull\u00bb button_one_letter_spacing__hover_enabled=\u00bboff\u00bb button_one_letter_spacing__hover=\u00bbnull\u00bb button_two_letter_spacing__hover_enabled=\u00bboff\u00bb button_two_letter_spacing__hover=\u00bbnull\u00bb button_bg_color__hover_enabled=\u00bboff\u00bb button_bg_color__hover=\u00bbnull\u00bb button_one_bg_color__hover_enabled=\u00bboff\u00bb button_one_bg_color__hover=\u00bbnull\u00bb button_two_bg_color__hover_enabled=\u00bboff\u00bb button_two_bg_color__hover=\u00bbnull\u00bb]<p>&nbsp;<\/p>[\/et_pb_button][et_pb_text _builder_version=\u00bb4.17.6&#8243; custom_margin=\u00bb|||20px\u00bb global_colors_info=\u00bb{}\u00bb]<blockquote>\n<p>Para m\u00e1s informaci\u00f3n comunicate con el MAM:<\/p>\n<p>Tel.: <span style=\"font-size: medium;\">(0221) 426-2984<\/span><\/p>\n<p>E-mail:\u00a0<a href=\"mailto:museo@comisionporlamemoria.org\">museo@comisionporlamemoria.org<\/a><\/p>\n<\/blockquote>[\/et_pb_text][\/et_pb_column][et_pb_column type=\u00bb1_3&#8243; _builder_version=\u00bb4.16&#8243; custom_padding=\u00bb|||\u00bb global_colors_info=\u00bb{}\u00bb custom_padding__hover=\u00bb|||\u00bb][\/et_pb_column][\/et_pb_row][\/et_pb_section][et_pb_section fb_built=\u00bb1&#8243; admin_label=\u00bbSecci\u00f3n\u00bb _builder_version=\u00bb4.16&#8243; custom_padding=\u00bb0px||0px|\u00bb transparent_background=\u00bboff\u00bb global_colors_info=\u00bb{}\u00bb][et_pb_row admin_label=\u00bbFila\u00bb _builder_version=\u00bb4.16&#8243; background_size=\u00bbinitial\u00bb background_position=\u00bbtop_left\u00bb background_repeat=\u00bbrepeat\u00bb custom_margin=\u00bb0px||0px|\u00bb custom_padding=\u00bb0px||0px|\u00bb global_colors_info=\u00bb{}\u00bb][et_pb_column type=\u00bb4_4&#8243; _builder_version=\u00bb4.16&#8243; custom_padding=\u00bb|||\u00bb global_colors_info=\u00bb{}\u00bb custom_padding__hover=\u00bb|||\u00bb][et_pb_divider color=\u00bb#00cf9c\u00bb divider_position=\u00bbcenter\u00bb disabled_on=\u00bbon|on|off\u00bb admin_label=\u00bbSeparador\u00bb _builder_version=\u00bb4.16&#8243; hide_on_mobile=\u00bbon\u00bb global_colors_info=\u00bb{}\u00bb][\/et_pb_divider][\/et_pb_column][\/et_pb_row][\/et_pb_section]\n","protected":false},"excerpt":{"rendered":"<p>Composici\u00f3n de la muestra: Fotograf\u00edas de homenaje a ex alumnos del Colegio Nacional de Buenos Aires. \u00a0Ensayo fotogr\u00e1fico de Marcelo Brodsky. Una foto de 1 metro por 70 cm. (La foto del colegio nacional, escolar) (sin vidrio) 11 cuadros (retratos) de 40 x 60. 4 cuadros de 50 x 70 (los reflejos: fotos actuales tomadas [&hellip;]<\/p>\n","protected":false},"author":8,"featured_media":31474,"comment_status":"open","ping_status":"closed","template":"","meta":{"_et_pb_use_builder":"on","_et_pb_old_content":"","_et_gb_content_width":"","jetpack_post_was_ever_published":false,"footnotes":""},"project_category":[],"project_tag":[],"class_list":["post-31471","project","type-project","status-publish","has-post-thumbnail","hentry"],"jetpack_sharing_enabled":true,"_links":{"self":[{"href":"https:\/\/www.comisionporlamemoria.org\/museo\/wp-json\/wp\/v2\/project\/31471","targetHints":{"allow":["GET"]}}],"collection":[{"href":"https:\/\/www.comisionporlamemoria.org\/museo\/wp-json\/wp\/v2\/project"}],"about":[{"href":"https:\/\/www.comisionporlamemoria.org\/museo\/wp-json\/wp\/v2\/types\/project"}],"author":[{"embeddable":true,"href":"https:\/\/www.comisionporlamemoria.org\/museo\/wp-json\/wp\/v2\/users\/8"}],"replies":[{"embeddable":true,"href":"https:\/\/www.comisionporlamemoria.org\/museo\/wp-json\/wp\/v2\/comments?post=31471"}],"version-history":[{"count":0,"href":"https:\/\/www.comisionporlamemoria.org\/museo\/wp-json\/wp\/v2\/project\/31471\/revisions"}],"wp:featuredmedia":[{"embeddable":true,"href":"https:\/\/www.comisionporlamemoria.org\/museo\/wp-json\/wp\/v2\/media\/31474"}],"wp:attachment":[{"href":"https:\/\/www.comisionporlamemoria.org\/museo\/wp-json\/wp\/v2\/media?parent=31471"}],"wp:term":[{"taxonomy":"project_category","embeddable":true,"href":"https:\/\/www.comisionporlamemoria.org\/museo\/wp-json\/wp\/v2\/project_category?post=31471"},{"taxonomy":"project_tag","embeddable":true,"href":"https:\/\/www.comisionporlamemoria.org\/museo\/wp-json\/wp\/v2\/project_tag?post=31471"}],"curies":[{"name":"wp","href":"https:\/\/api.w.org\/{rel}","templated":true}]}}