{"id":31781,"date":"2017-08-11T15:02:45","date_gmt":"2017-08-11T15:02:45","guid":{"rendered":"http:\/\/www.comisionporlamemoria.org\/museo-nuevo\/?post_type=project&#038;p=31781"},"modified":"2017-08-25T11:34:22","modified_gmt":"2017-08-25T11:34:22","slug":"la-credibilidad-de-lo-fantastic","status":"publish","type":"project","link":"https:\/\/www.comisionporlamemoria.org\/museo\/project\/la-credibilidad-de-lo-fantastic\/","title":{"rendered":"La credibilidad de lo fant\u00e1stico"},"content":{"rendered":"<p>[et_pb_section bb_built=\u00bb1&#8243; admin_label=\u00bbsection\u00bb background_image=\u00bbhttps:\/\/www.comisionporlamemoria.org\/museo-nuevo\/wp-content\/uploads\/sites\/18\/2017\/01\/COLOURlovers.com-Thin_lines_2.png\u00bb custom_padding=\u00bb0px||0px|\u00bb][et_pb_row admin_label=\u00bbrow\u00bb custom_padding=\u00bb0px||0px|\u00bb custom_margin=\u00bb0px||0px|\u00bb background_position=\u00bbtop_left\u00bb background_repeat=\u00bbrepeat\u00bb background_size=\u00bbinitial\u00bb][et_pb_column type=\u00bb1_2&#8243;][et_pb_post_title meta=\u00bboff\u00bb featured_image=\u00bboff\u00bb text_color=\u00bblight\u00bb module_bg_color=\u00bb#424242&#8243; title_font=\u00bb|on||on|\u00bb custom_margin=\u00bb70px||0px|\u00bb custom_padding=\u00bb13px||0px|13px\u00bb \/][\/et_pb_column][et_pb_column type=\u00bb1_2&#8243;][\/et_pb_column][\/et_pb_row][\/et_pb_section][et_pb_section bb_built=\u00bb1&#8243; custom_padding=\u00bb30px||30px|\u00bb][et_pb_row custom_padding=\u00bb0px||0px|20px\u00bb background_color=\u00bb#00cf9c\u00bb parallax_method_1=\u00bboff\u00bb parallax_method_2=\u00bboff\u00bb background_position=\u00bbtop_left\u00bb background_repeat=\u00bbrepeat\u00bb background_size=\u00bbinitial\u00bb][et_pb_column type=\u00bb2_3&#8243;][et_pb_text text_orientation=\u00bbjustified\u00bb text_font_size=\u00bb16&#8243; text_text_color=\u00bb#ffffff\u00bb custom_margin=\u00bb20px||20px|\u00bb custom_padding=\u00bb0px||0px|\u00bb background_position=\u00bbtop_left\u00bb background_repeat=\u00bbrepeat\u00bb background_size=\u00bbinitial\u00bb _builder_version=\u00bb3.0.67&#8243; background_layout=\u00bblight\u00bb border_style=\u00bbsolid\u00bb]<\/p>\n<p><strong>Septiembre \u2013 Diciembre 2006<\/strong><\/p>\n<p>Fotograf\u00eda intervenida de Liliana Parra<\/p>\n<p>En su obra la mano del dibujante y el oficio del fot\u00f3grafo se entremezclan para liberar a la fotograf\u00eda de todo tipo de convencionalismos. Una propuesta visual situada en la intersecci\u00f3n de lo imaginario y lo real visto desde el punto de vista de lo hist\u00f3rico, en donde, desnuda la palabra, la obra sugiere. Im\u00e1genes inocentes, singulares o pavorosas que buscan romper el silencio.<\/p>\n<p>[\/et_pb_text][\/et_pb_column][et_pb_column type=\u00bb1_3&#8243;][et_pb_image src=\u00bbhttps:\/\/www.comisionporlamemoria.org\/museo-nuevo\/wp-content\/uploads\/sites\/18\/2017\/08\/Liliana-Parra.-De-la-serie-Conurbano.-2000.-Fotograf\u00eda-en-bl.jpg\u00bb animation=\u00bboff\u00bb align=\u00bbcenter\u00bb force_fullwidth=\u00bbon\u00bb \/][\/et_pb_column][\/et_pb_row][\/et_pb_section][et_pb_section bb_built=\u00bb1&#8243; background_image=\u00bbhttps:\/\/www.comisionporlamemoria.org\/museo-nuevo\/wp-content\/uploads\/sites\/18\/2017\/01\/COLOURlovers.com-Thin_lines_2.png\u00bb custom_padding=\u00bb0px|0px|0px|0px\u00bb][et_pb_row background_position=\u00bbtop_left\u00bb background_repeat=\u00bbrepeat\u00bb background_size=\u00bbinitial\u00bb][et_pb_column type=\u00bb4_4&#8243;][et_pb_image src=\u00bbhttps:\/\/www.comisionporlamemoria.org\/museo-nuevo\/wp-content\/uploads\/sites\/18\/2017\/08\/bg_lacredibilidaddelofantastic.jpg\u00bb \/][\/et_pb_column][\/et_pb_row][\/et_pb_section][et_pb_section bb_built=\u00bb1&#8243; custom_padding=\u00bb0px||0px|\u00bb][et_pb_row custom_padding=\u00bb0px||0px|\u00bb custom_margin=\u00bb0px||0px|\u00bb parallax_method_1=\u00bboff\u00bb background_position=\u00bbtop_left\u00bb background_repeat=\u00bbrepeat\u00bb background_size=\u00bbinitial\u00bb][et_pb_column type=\u00bb4_4&#8243;][et_pb_divider color=\u00bb#00cf9c\u00bb show_divider=\u00bbon\u00bb divider_style=\u00bbsolid\u00bb divider_position=\u00bbcenter\u00bb \/][\/et_pb_column][\/et_pb_row][\/et_pb_section]<\/p>\n","protected":false},"excerpt":{"rendered":"<p>Septiembre \u2013 Diciembre 2006 Fotograf\u00eda intervenida de Liliana Parra En su obra la mano del dibujante y el oficio del fot\u00f3grafo se entremezclan para liberar a la fotograf\u00eda de todo tipo de convencionalismos. Una propuesta visual situada en la intersecci\u00f3n de lo imaginario y lo real visto desde el punto de vista de lo hist\u00f3rico, [&hellip;]<\/p>\n","protected":false},"author":32,"featured_media":31782,"comment_status":"open","ping_status":"closed","template":"","meta":{"_et_pb_use_builder":"on","_et_pb_old_content":"","_et_gb_content_width":"","jetpack_post_was_ever_published":false,"footnotes":""},"project_category":[16],"project_tag":[],"class_list":["post-31781","project","type-project","status-publish","has-post-thumbnail","hentry","project_category-16"],"jetpack_sharing_enabled":true,"_links":{"self":[{"href":"https:\/\/www.comisionporlamemoria.org\/museo\/wp-json\/wp\/v2\/project\/31781","targetHints":{"allow":["GET"]}}],"collection":[{"href":"https:\/\/www.comisionporlamemoria.org\/museo\/wp-json\/wp\/v2\/project"}],"about":[{"href":"https:\/\/www.comisionporlamemoria.org\/museo\/wp-json\/wp\/v2\/types\/project"}],"author":[{"embeddable":true,"href":"https:\/\/www.comisionporlamemoria.org\/museo\/wp-json\/wp\/v2\/users\/32"}],"replies":[{"embeddable":true,"href":"https:\/\/www.comisionporlamemoria.org\/museo\/wp-json\/wp\/v2\/comments?post=31781"}],"version-history":[{"count":0,"href":"https:\/\/www.comisionporlamemoria.org\/museo\/wp-json\/wp\/v2\/project\/31781\/revisions"}],"wp:featuredmedia":[{"embeddable":true,"href":"https:\/\/www.comisionporlamemoria.org\/museo\/wp-json\/wp\/v2\/media\/31782"}],"wp:attachment":[{"href":"https:\/\/www.comisionporlamemoria.org\/museo\/wp-json\/wp\/v2\/media?parent=31781"}],"wp:term":[{"taxonomy":"project_category","embeddable":true,"href":"https:\/\/www.comisionporlamemoria.org\/museo\/wp-json\/wp\/v2\/project_category?post=31781"},{"taxonomy":"project_tag","embeddable":true,"href":"https:\/\/www.comisionporlamemoria.org\/museo\/wp-json\/wp\/v2\/project_tag?post=31781"}],"curies":[{"name":"wp","href":"https:\/\/api.w.org\/{rel}","templated":true}]}}