{"id":31939,"date":"2017-08-14T16:55:32","date_gmt":"2017-08-14T16:55:32","guid":{"rendered":"http:\/\/www.comisionporlamemoria.org\/museo-nuevo\/?post_type=project&#038;p=31939"},"modified":"2017-08-23T10:10:03","modified_gmt":"2017-08-23T10:10:03","slug":"para-la-libertad-carcel-y-politica-1955-1973","status":"publish","type":"project","link":"https:\/\/www.comisionporlamemoria.org\/museo\/project\/para-la-libertad-carcel-y-politica-1955-1973\/","title":{"rendered":"Para la libertad. C\u00e1rcel y pol\u00edtica, 1955\u20131973"},"content":{"rendered":"<p>[et_pb_section fb_built=\u00bb1&#8243; custom_padding=\u00bb0px||0px|\u00bb admin_label=\u00bbsection\u00bb _builder_version=\u00bb3.0.47&#8243; background_image=\u00bbhttps:\/\/www.comisionporlamemoria.org\/museo-nuevo\/wp-content\/uploads\/sites\/18\/2017\/01\/COLOURlovers.com-Thin_lines_2.png\u00bb][et_pb_row custom_padding=\u00bb0px||0px|\u00bb custom_margin=\u00bb0px||0px|\u00bb admin_label=\u00bbrow\u00bb _builder_version=\u00bb3.0.47&#8243; background_size=\u00bbinitial\u00bb background_position=\u00bbtop_left\u00bb background_repeat=\u00bbrepeat\u00bb][et_pb_column type=\u00bb1_2&#8243; _builder_version=\u00bb3.0.47&#8243; parallax=\u00bboff\u00bb parallax_method=\u00bbon\u00bb][et_pb_post_title meta=\u00bboff\u00bb featured_image=\u00bboff\u00bb text_color=\u00bblight\u00bb module_bg_color=\u00bb#424242&#8243; _builder_version=\u00bb3.0.47&#8243; title_font=\u00bb|on||on|\u00bb custom_margin=\u00bb70px||0px|\u00bb custom_padding=\u00bb13px||0px|13px\u00bb][\/et_pb_post_title][\/et_pb_column][et_pb_column type=\u00bb1_2&#8243; _builder_version=\u00bb3.0.47&#8243; parallax=\u00bboff\u00bb parallax_method=\u00bbon\u00bb][\/et_pb_column][\/et_pb_row][\/et_pb_section][et_pb_section fb_built=\u00bb1&#8243; custom_padding=\u00bb30px||30px|\u00bb _builder_version=\u00bb3.0.47&#8243;][et_pb_row custom_padding=\u00bb0px||0px|20px\u00bb background_color=\u00bb#00cf9c\u00bb parallax_method_1=\u00bboff\u00bb parallax_method_2=\u00bboff\u00bb _builder_version=\u00bb3.0.47&#8243; background_size=\u00bbinitial\u00bb background_position=\u00bbtop_left\u00bb background_repeat=\u00bbrepeat\u00bb][et_pb_column type=\u00bb2_3&#8243; _builder_version=\u00bb3.0.47&#8243; parallax=\u00bboff\u00bb parallax_method=\u00bboff\u00bb][et_pb_text text_orientation=\u00bbjustified\u00bb _builder_version=\u00bb3.0.67&#8243; text_font_size=\u00bb16&#8243; text_text_color=\u00bb#ffffff\u00bb custom_margin=\u00bb20px||20px|\u00bb custom_padding=\u00bb0px||0px|\u00bb]<\/p>\n<p><strong>Agosto &#8211; Diciembre 2008<\/strong><\/p>\n<p>Una mirada sobre los presos pol\u00edticos argentinos, el Estado y la sociedad civil. La muestra colectiva est\u00e1 compuesta por documentos, pinturas, fotograf\u00edas y testimonios.<br \/>\nEn la Argentina, el per\u00edodo 1955-1976 estuvo signado por la violencia pol\u00edtica. Un rasgo central fue la sanci\u00f3n de leyes especiales destinadas a reprimir las diversas formas de oposici\u00f3n pol\u00edtica y que, en consecuencia, gran cantidad de militantes terminaran en prisi\u00f3n. Ya desde 1955, algunos estados excepcionales incluyeron la existencia de c\u00e1rceles especiales o de m\u00e1xima seguridad, para los\u00a0saboteadores, los\u00a0agitadores, los\u00a0terroristas, los\u00a0delincuentes subversivos. El propio Estado fue definiendo as\u00ed la figura social del\u00a0preso pol\u00edtico.<br \/>\nLa legislaci\u00f3n de excepci\u00f3n puede funcionar, entonces, como un hilo conductor de estos a\u00f1os. Pero ese hilo enhebra otro: progresivamente la c\u00e1rcel pol\u00edtica se fue transformando en un espacio de aprendizaje y de sociabilidad. Muchos testimonios relatan c\u00f3mo la prisi\u00f3n termin\u00f3 siendo una \u201cescuela de cuadros revolucionarios\u201d; un sitio de encuentro entre militantes de distintas organizaciones; un lugar de estudio, de discusi\u00f3n, de resistencia.<br \/>\nY el hilo conduce tambi\u00e9n a otra experiencia: el nacimiento de las organizaciones de solidaridad con los presos. Grupos de familiares, de abogados, o vinculados con las organizaciones pol\u00edticas y pol\u00edtico\u2013militares funcionaron como nexos entre el afuera y el adentro.<\/p>\n<p>Alicia Sanguinetti, presa pol\u00edtica en la c\u00e1rcel de Devoto, pudo capturar los instantes previos a la amnist\u00eda otorgada por el gobierno camporista, gracias a que su familia logr\u00f3 ingresar a la c\u00e1rcel una c\u00e1mara fotogr\u00e1fica.<br \/>\nRaquel Camps prest\u00f3 para esta muestra documentos de sus padres, Alberto Camps (sobreviviente de la Masacre de Trelew) y Rosa Mar\u00eda Pargas (detenida-desaparecida): fotograf\u00edas, cartas, poemas. Tambi\u00e9n pueden verse las fotograf\u00edas donadas por el Museo de la Memoria de Trelew, que dan cuenta de los momentos previos a la Masacre y de la pueblada posterior.<br \/>\nLos papeles y documentos que guard\u00f3 la madre de Jorge Rulli (preso CONINTES) sobre el trabajo de la organizaci\u00f3n COFADE (Comisi\u00f3n Familiares de Detenidos- 1960) relatan la resistencia peronista.<br \/>\nAdem\u00e1s, los cuadros del artista pl\u00e1stico Germ\u00e1n Gargano, los documentos recuperados de la DIPPBA, y la legislaci\u00f3n de excepci\u00f3n sancionada por el Estado que funciona, en este caso, como hilo conductor del relato.<\/p>\n<p>[\/et_pb_text][\/et_pb_column][et_pb_column type=\u00bb1_3&#8243; _builder_version=\u00bb3.0.47&#8243; parallax=\u00bboff\u00bb parallax_method=\u00bboff\u00bb][et_pb_image src=\u00bbhttps:\/\/www.comisionporlamemoria.org\/museo-nuevo\/wp-content\/uploads\/sites\/18\/2017\/08\/escanear0001.jpg\u00bb animation=\u00bboff\u00bb align=\u00bbcenter\u00bb force_fullwidth=\u00bbon\u00bb _builder_version=\u00bb3.0.67&#8243;][\/et_pb_image][et_pb_image src=\u00bbhttps:\/\/www.comisionporlamemoria.org\/museo-nuevo\/wp-content\/uploads\/sites\/18\/2017\/08\/para-la-libertad.jpg\u00bb animation=\u00bboff\u00bb align=\u00bbcenter\u00bb force_fullwidth=\u00bbon\u00bb _builder_version=\u00bb3.0.67&#8243;][\/et_pb_image][\/et_pb_column][\/et_pb_row][\/et_pb_section][et_pb_section fb_built=\u00bb1&#8243; custom_padding=\u00bb0px||0px|\u00bb _builder_version=\u00bb3.0.47&#8243;][et_pb_row custom_padding=\u00bb0px||0px|\u00bb custom_margin=\u00bb0px||0px|\u00bb parallax_method_1=\u00bboff\u00bb _builder_version=\u00bb3.0.47&#8243; background_size=\u00bbinitial\u00bb background_position=\u00bbtop_left\u00bb background_repeat=\u00bbrepeat\u00bb][et_pb_column type=\u00bb4_4&#8243; _builder_version=\u00bb3.0.47&#8243; parallax=\u00bboff\u00bb parallax_method=\u00bboff\u00bb][et_pb_divider color=\u00bb#00cf9c\u00bb show_divider=\u00bbon\u00bb divider_style=\u00bbsolid\u00bb divider_position=\u00bbcenter\u00bb _builder_version=\u00bb3.0.47&#8243;][\/et_pb_divider][\/et_pb_column][\/et_pb_row][\/et_pb_section]<\/p>\n","protected":false},"excerpt":{"rendered":"<p>Agosto &#8211; Diciembre 2008 Una mirada sobre los presos pol\u00edticos argentinos, el Estado y la sociedad civil. La muestra colectiva est\u00e1 compuesta por documentos, pinturas, fotograf\u00edas y testimonios. En la Argentina, el per\u00edodo 1955-1976 estuvo signado por la violencia pol\u00edtica. Un rasgo central fue la sanci\u00f3n de leyes especiales destinadas a reprimir las diversas formas [&hellip;]<\/p>\n","protected":false},"author":32,"featured_media":32217,"comment_status":"open","ping_status":"closed","template":"","meta":{"_et_pb_use_builder":"on","_et_pb_old_content":"","_et_gb_content_width":"","jetpack_post_was_ever_published":false,"footnotes":""},"project_category":[18],"project_tag":[],"class_list":["post-31939","project","type-project","status-publish","has-post-thumbnail","hentry","project_category-18"],"jetpack_sharing_enabled":true,"_links":{"self":[{"href":"https:\/\/www.comisionporlamemoria.org\/museo\/wp-json\/wp\/v2\/project\/31939","targetHints":{"allow":["GET"]}}],"collection":[{"href":"https:\/\/www.comisionporlamemoria.org\/museo\/wp-json\/wp\/v2\/project"}],"about":[{"href":"https:\/\/www.comisionporlamemoria.org\/museo\/wp-json\/wp\/v2\/types\/project"}],"author":[{"embeddable":true,"href":"https:\/\/www.comisionporlamemoria.org\/museo\/wp-json\/wp\/v2\/users\/32"}],"replies":[{"embeddable":true,"href":"https:\/\/www.comisionporlamemoria.org\/museo\/wp-json\/wp\/v2\/comments?post=31939"}],"version-history":[{"count":0,"href":"https:\/\/www.comisionporlamemoria.org\/museo\/wp-json\/wp\/v2\/project\/31939\/revisions"}],"wp:featuredmedia":[{"embeddable":true,"href":"https:\/\/www.comisionporlamemoria.org\/museo\/wp-json\/wp\/v2\/media\/32217"}],"wp:attachment":[{"href":"https:\/\/www.comisionporlamemoria.org\/museo\/wp-json\/wp\/v2\/media?parent=31939"}],"wp:term":[{"taxonomy":"project_category","embeddable":true,"href":"https:\/\/www.comisionporlamemoria.org\/museo\/wp-json\/wp\/v2\/project_category?post=31939"},{"taxonomy":"project_tag","embeddable":true,"href":"https:\/\/www.comisionporlamemoria.org\/museo\/wp-json\/wp\/v2\/project_tag?post=31939"}],"curies":[{"name":"wp","href":"https:\/\/api.w.org\/{rel}","templated":true}]}}