{"id":32181,"date":"2017-08-16T15:43:43","date_gmt":"2017-08-16T15:43:43","guid":{"rendered":"http:\/\/www.comisionporlamemoria.org\/museo-nuevo\/?post_type=project&#038;p=32181"},"modified":"2017-08-16T15:51:48","modified_gmt":"2017-08-16T15:51:48","slug":"modos-de-nombrar-y-no-nombrar","status":"publish","type":"project","link":"https:\/\/www.comisionporlamemoria.org\/museo\/project\/modos-de-nombrar-y-no-nombrar\/","title":{"rendered":"MODOS DE NOMBRAR Y NO NOMBRAR"},"content":{"rendered":"<p>[et_pb_section bb_built=\u00bb1&#8243; admin_label=\u00bbsection\u00bb custom_padding=\u00bb0px||0px|\u00bb _builder_version=\u00bb3.0.47&#8243; background_image=\u00bbhttps:\/\/www.comisionporlamemoria.org\/museo-nuevo\/wp-content\/uploads\/sites\/18\/2017\/01\/COLOURlovers.com-Thin_lines_2.png\u00bb][et_pb_row admin_label=\u00bbrow\u00bb custom_padding=\u00bb0px||0px|\u00bb custom_margin=\u00bb0px||0px|\u00bb _builder_version=\u00bb3.0.47&#8243; background_size=\u00bbinitial\u00bb background_position=\u00bbtop_left\u00bb background_repeat=\u00bbrepeat\u00bb][et_pb_column type=\u00bb1_2&#8243;][et_pb_post_title meta=\u00bboff\u00bb featured_image=\u00bboff\u00bb text_color=\u00bblight\u00bb module_bg_color=\u00bb#424242&#8243; _builder_version=\u00bb3.0.47&#8243; title_font=\u00bb|on||on|\u00bb custom_margin=\u00bb70px||0px|\u00bb custom_padding=\u00bb13px||0px|13px\u00bb \/][\/et_pb_column][et_pb_column type=\u00bb1_2&#8243;][\/et_pb_column][\/et_pb_row][\/et_pb_section][et_pb_section bb_built=\u00bb1&#8243; custom_padding=\u00bb30px||30px|\u00bb _builder_version=\u00bb3.0.47&#8243;][et_pb_row custom_padding=\u00bb0px||0px|20px\u00bb background_color=\u00bb#00cf9c\u00bb parallax_method_1=\u00bboff\u00bb parallax_method_2=\u00bboff\u00bb _builder_version=\u00bb3.0.47&#8243; background_size=\u00bbinitial\u00bb background_position=\u00bbtop_left\u00bb background_repeat=\u00bbrepeat\u00bb][et_pb_column type=\u00bb2_3&#8243;][et_pb_text text_orientation=\u00bbjustified\u00bb _builder_version=\u00bb3.0.67&#8243; text_font_size=\u00bb16&#8243; text_text_color=\u00bb#ffffff\u00bb background_size=\u00bbinitial\u00bb background_position=\u00bbtop_left\u00bb background_repeat=\u00bbrepeat\u00bb custom_margin=\u00bb20px||20px|\u00bb custom_padding=\u00bb0px||0px|\u00bb background_layout=\u00bblight\u00bb border_style=\u00bbsolid\u00bb]<\/p>\n<p>A 40 a\u00f1os del Golpe del \u00b476<\/p>\n<p>Una instalaci\u00f3n interactiva de Andrea Su\u00e1rez C\u00f3rica que llama a la reflexi\u00f3n sobre la memoria y los diferentes modos con que usamos las palabras al recordar. Una investigaci\u00f3n que recopila las solicitadas de P\u00e1gina\/12, publicadas desde 1988, en las se recuerdan a las v\u00edctimas de la represi\u00f3n pol\u00edtica en los \u00b470,\u00a0 y que forman un gran texto que pone en evidencia c\u00f3mo se nombra a los victimarios y en definitiva, cu\u00e1les son las condiciones de posibilidad que cada \u00e9poca ofrece a quienes construyen la (s) memoria (s) de nuestra historia reciente.<\/p>\n<p>[\/et_pb_text][\/et_pb_column][et_pb_column type=\u00bb1_3&#8243;][et_pb_image src=\u00bbhttps:\/\/www.comisionporlamemoria.org\/museo-nuevo\/wp-content\/uploads\/sites\/18\/2017\/08\/9.jpg\u00bb animation=\u00bboff\u00bb align=\u00bbcenter\u00bb force_fullwidth=\u00bbon\u00bb _builder_version=\u00bb3.0.67&#8243; show_in_lightbox=\u00bboff\u00bb url_new_window=\u00bboff\u00bb use_overlay=\u00bboff\u00bb sticky=\u00bboff\u00bb always_center_on_mobile=\u00bbon\u00bb border_style=\u00bbsolid\u00bb \/][\/et_pb_column][\/et_pb_row][\/et_pb_section][et_pb_section bb_built=\u00bb1&#8243; _builder_version=\u00bb3.0.67&#8243; background_image=\u00bbhttps:\/\/www.comisionporlamemoria.org\/museo-nuevo\/wp-content\/uploads\/sites\/18\/2017\/01\/COLOURlovers.com-Thin_lines_2.png\u00bb custom_padding=\u00bb0px|0px|0px|0px\u00bb][et_pb_row _builder_version=\u00bb3.0.47&#8243; background_size=\u00bbinitial\u00bb background_position=\u00bbtop_left\u00bb background_repeat=\u00bbrepeat\u00bb][et_pb_column type=\u00bb4_4&#8243;][et_pb_image _builder_version=\u00bb3.0.67&#8243; src=\u00bbhttps:\/\/www.comisionporlamemoria.org\/museo-nuevo\/wp-content\/uploads\/sites\/18\/2017\/08\/bg_formas_de_nombrar.jpg\u00bb show_in_lightbox=\u00bboff\u00bb url_new_window=\u00bboff\u00bb use_overlay=\u00bboff\u00bb sticky=\u00bboff\u00bb align=\u00bbleft\u00bb always_center_on_mobile=\u00bbon\u00bb border_style=\u00bbsolid\u00bb force_fullwidth=\u00bboff\u00bb \/][\/et_pb_column][\/et_pb_row][\/et_pb_section][et_pb_section bb_built=\u00bb1&#8243; custom_padding=\u00bb0px||0px|\u00bb _builder_version=\u00bb3.0.47&#8243;][et_pb_row custom_padding=\u00bb0px||0px|\u00bb custom_margin=\u00bb0px||0px|\u00bb parallax_method_1=\u00bboff\u00bb _builder_version=\u00bb3.0.47&#8243; background_size=\u00bbinitial\u00bb background_position=\u00bbtop_left\u00bb background_repeat=\u00bbrepeat\u00bb][et_pb_column type=\u00bb4_4&#8243;][et_pb_divider color=\u00bb#00cf9c\u00bb show_divider=\u00bbon\u00bb divider_style=\u00bbsolid\u00bb divider_position=\u00bbcenter\u00bb _builder_version=\u00bb3.0.47&#8243; \/][\/et_pb_column][\/et_pb_row][\/et_pb_section]<\/p>\n","protected":false},"excerpt":{"rendered":"<p>A 40 a\u00f1os del Golpe del \u00b476 Una instalaci\u00f3n interactiva de Andrea Su\u00e1rez C\u00f3rica que llama a la reflexi\u00f3n sobre la memoria y los diferentes modos con que usamos las palabras al recordar. Una investigaci\u00f3n que recopila las solicitadas de P\u00e1gina\/12, publicadas desde 1988, en las se recuerdan a las v\u00edctimas de la represi\u00f3n pol\u00edtica [&hellip;]<\/p>\n","protected":false},"author":32,"featured_media":32184,"comment_status":"open","ping_status":"closed","template":"","meta":{"_et_pb_use_builder":"on","_et_pb_old_content":"","_et_gb_content_width":"","jetpack_post_was_ever_published":false,"footnotes":""},"project_category":[26],"project_tag":[],"class_list":["post-32181","project","type-project","status-publish","has-post-thumbnail","hentry","project_category-26"],"jetpack_sharing_enabled":true,"_links":{"self":[{"href":"https:\/\/www.comisionporlamemoria.org\/museo\/wp-json\/wp\/v2\/project\/32181","targetHints":{"allow":["GET"]}}],"collection":[{"href":"https:\/\/www.comisionporlamemoria.org\/museo\/wp-json\/wp\/v2\/project"}],"about":[{"href":"https:\/\/www.comisionporlamemoria.org\/museo\/wp-json\/wp\/v2\/types\/project"}],"author":[{"embeddable":true,"href":"https:\/\/www.comisionporlamemoria.org\/museo\/wp-json\/wp\/v2\/users\/32"}],"replies":[{"embeddable":true,"href":"https:\/\/www.comisionporlamemoria.org\/museo\/wp-json\/wp\/v2\/comments?post=32181"}],"version-history":[{"count":0,"href":"https:\/\/www.comisionporlamemoria.org\/museo\/wp-json\/wp\/v2\/project\/32181\/revisions"}],"wp:featuredmedia":[{"embeddable":true,"href":"https:\/\/www.comisionporlamemoria.org\/museo\/wp-json\/wp\/v2\/media\/32184"}],"wp:attachment":[{"href":"https:\/\/www.comisionporlamemoria.org\/museo\/wp-json\/wp\/v2\/media?parent=32181"}],"wp:term":[{"taxonomy":"project_category","embeddable":true,"href":"https:\/\/www.comisionporlamemoria.org\/museo\/wp-json\/wp\/v2\/project_category?post=32181"},{"taxonomy":"project_tag","embeddable":true,"href":"https:\/\/www.comisionporlamemoria.org\/museo\/wp-json\/wp\/v2\/project_tag?post=32181"}],"curies":[{"name":"wp","href":"https:\/\/api.w.org\/{rel}","templated":true}]}}