{"id":32511,"date":"2017-09-01T10:21:13","date_gmt":"2017-09-01T10:21:13","guid":{"rendered":"http:\/\/www.comisionporlamemoria.org\/museo-nuevo\/?post_type=project&#038;p=32511"},"modified":"2017-09-28T10:45:44","modified_gmt":"2017-09-28T10:45:44","slug":"catalogo-2011","status":"publish","type":"project","link":"https:\/\/www.comisionporlamemoria.org\/museo\/project\/catalogo-2011\/","title":{"rendered":"A\u00f1o 2011"},"content":{"rendered":"<p>[et_pb_section bb_built=\u00bb1&#8243; admin_label=\u00bbsection\u00bb background_image=\u00bbhttps:\/\/www.comisionporlamemoria.org\/museo-nuevo\/wp-content\/uploads\/sites\/18\/2017\/01\/COLOURlovers.com-Thin_lines_2.png\u00bb transparent_background=\u00bboff\u00bb allow_player_pause=\u00bboff\u00bb inner_shadow=\u00bboff\u00bb parallax=\u00bboff\u00bb parallax_method=\u00bbon\u00bb custom_padding=\u00bb0px||0px|\u00bb make_fullwidth=\u00bboff\u00bb use_custom_width=\u00bboff\u00bb width_unit=\u00bbon\u00bb make_equal=\u00bboff\u00bb use_custom_gutter=\u00bboff\u00bb _builder_version=\u00bb3.0.71&#8243;][et_pb_row admin_label=\u00bbrow\u00bb custom_padding=\u00bb3%||0px|\u00bb custom_margin=\u00bb0px||0px|\u00bb background_position=\u00bbtop_left\u00bb background_repeat=\u00bbrepeat\u00bb background_size=\u00bbinitial\u00bb _builder_version=\u00bb3.0.71&#8243; background_repeat_1=\u00bbno-repeat\u00bb background_repeat_2=\u00bbno-repeat\u00bb background_repeat_3=\u00bbno-repeat\u00bb gutter_width=\u00bb1&#8243;][et_pb_column type=\u00bb1_2&#8243;][et_pb_text _builder_version=\u00bb3.0.71&#8243; background_color=\u00bb#606060&#8243; background_layout=\u00bbdark\u00bb text_orientation=\u00bbleft\u00bb border_style=\u00bbsolid\u00bb custom_padding=\u00bb12px||0px|15px\u00bb header_font=\u00bb|on||on|\u00bb header_font_size=\u00bb32px\u00bb]<\/p>\n<h1>CAT\u00c1LOGO DEL MAM<\/h1>\n<p>[\/et_pb_text][\/et_pb_column][et_pb_column type=\u00bb1_2&#8243;][\/et_pb_column][\/et_pb_row][et_pb_row admin_label=\u00bbrow\u00bb use_custom_gutter=\u00bbon\u00bb custom_padding=\u00bb0px||0px|\u00bb custom_margin=\u00bb0px||0px|\u00bb background_position=\u00bbtop_left\u00bb background_repeat=\u00bbrepeat\u00bb background_size=\u00bbinitial\u00bb _builder_version=\u00bb3.0.71&#8243; background_repeat_1=\u00bbno-repeat\u00bb background_repeat_2=\u00bbno-repeat\u00bb background_repeat_3=\u00bbno-repeat\u00bb gutter_width=\u00bb1&#8243;][et_pb_column type=\u00bb1_4&#8243;][et_pb_post_title title=\u00bbon\u00bb meta=\u00bboff\u00bb author=\u00bbon\u00bb date=\u00bbon\u00bb categories=\u00bbon\u00bb comments=\u00bbon\u00bb featured_image=\u00bboff\u00bb featured_placement=\u00bbbelow\u00bb parallax_method=\u00bbon\u00bb text_orientation=\u00bbleft\u00bb text_color=\u00bblight\u00bb text_background=\u00bboff\u00bb module_bg_color=\u00bb#b9187a\u00bb title_font=\u00bb|on||on|\u00bb border_style=\u00bbsolid\u00bb custom_margin=\u00bb4px||10px|\u00bb custom_padding=\u00bb12px||0px|15px\u00bb _builder_version=\u00bb3.0.71&#8243; title_font_size=\u00bb30px\u00bb \/][\/et_pb_column][et_pb_column type=\u00bb1_4&#8243;][\/et_pb_column][et_pb_column type=\u00bb1_4&#8243;][\/et_pb_column][et_pb_column type=\u00bb1_4&#8243;][\/et_pb_column][\/et_pb_row][\/et_pb_section][et_pb_section bb_built=\u00bb1&#8243; custom_padding=\u00bb0px|0px|0px|0px\u00bb _builder_version=\u00bb3.0.47&#8243;][et_pb_row _builder_version=\u00bb3.0.47&#8243; background_size=\u00bbinitial\u00bb background_position=\u00bbtop_left\u00bb background_repeat=\u00bbrepeat\u00bb custom_padding=\u00bb27px|0px|8px|0px\u00bb][et_pb_column type=\u00bb4_4&#8243;][et_pb_testimonial background_color=\u00bb#ededed\u00bb background_layout=\u00bblight\u00bb quote_icon_color=\u00bb#333000&#8243; _builder_version=\u00bb3.0.71&#8243; url_new_window=\u00bboff\u00bb quote_icon=\u00bbon\u00bb use_background_color=\u00bbon\u00bb quote_icon_background_color=\u00bb#f5f5f5&#8243; text_orientation=\u00bbleft\u00bb border_style=\u00bbsolid\u00bb]<\/p>\n<p><em><strong>Superar la calidad anestesiante de la belleza de las im\u00e1genes y las palabras es el desaf\u00edo de la diversidad de muestras exhibidas a lo largo del a\u00f1o en el Museo. Tragedias evitables, mutilaciones materiales y simb\u00f3licas, represi\u00f3n, ausencia, dolor y p\u00e9rdida, son presentados a trav\u00e9s de una est\u00e9tica que aviva y despierta, que sacude y compromete. Las urgencias del arte confluyen en una perfecta articulaci\u00f3n entre el fondo y la forma que, lejos de anestesiar, revive.<\/strong><\/em><\/p>\n<p>[\/et_pb_testimonial][\/et_pb_column][\/et_pb_row][\/et_pb_section][et_pb_section bb_built=\u00bb1&#8243; fullwidth=\u00bboff\u00bb specialty=\u00bboff\u00bb parallax_method=\u00bboff\u00bb custom_padding=\u00bb30px||0px|\u00bb _builder_version=\u00bb3.0.67&#8243;][et_pb_row make_fullwidth=\u00bboff\u00bb use_custom_width=\u00bboff\u00bb width_unit=\u00bbon\u00bb use_custom_gutter=\u00bboff\u00bb custom_padding=\u00bb0px||0px|\u00bb allow_player_pause=\u00bboff\u00bb parallax=\u00bboff\u00bb parallax_method=\u00bboff\u00bb make_equal=\u00bboff\u00bb parallax_1=\u00bboff\u00bb parallax_method_1=\u00bboff\u00bb background_position=\u00bbtop_left\u00bb background_repeat=\u00bbrepeat\u00bb background_size=\u00bbinitial\u00bb][et_pb_column type=\u00bb4_4&#8243;][et_pb_image src=\u00bbhttps:\/\/www.comisionporlamemoria.org\/museo-nuevo\/wp-content\/uploads\/sites\/18\/2017\/01\/linea_rayada-1.jpg\u00bb show_in_lightbox=\u00bboff\u00bb url_new_window=\u00bboff\u00bb use_overlay=\u00bboff\u00bb animation=\u00bboff\u00bb sticky=\u00bboff\u00bb align=\u00bbleft\u00bb force_fullwidth=\u00bboff\u00bb always_center_on_mobile=\u00bbon\u00bb use_border_color=\u00bboff\u00bb border_color=\u00bb#ffffff\u00bb border_style=\u00bbsolid\u00bb custom_css_main_element=\u00bbheight: 15px !important;\u00bb custom_margin=\u00bb0px||0px|\u00bb _builder_version=\u00bb3.0.71&#8243; \/][\/et_pb_column][\/et_pb_row][\/et_pb_section][et_pb_section bb_built=\u00bb1&#8243; fullwidth=\u00bboff\u00bb specialty=\u00bboff\u00bb _builder_version=\u00bb3.0.67&#8243; custom_padding=\u00bb30px||0px|\u00bb][et_pb_row _builder_version=\u00bb3.0.71&#8243; background_image=\u00bbhttps:\/\/www.comisionporlamemoria.org\/museo-nuevo\/wp-content\/uploads\/sites\/18\/2017\/08\/exilio_circular.jpg\u00bb background_position_1=\u00bbtop_left\u00bb background_repeat_1=\u00bbno-repeat\u00bb background_position_2=\u00bbtop_left\u00bb background_repeat_2=\u00bbno-repeat\u00bb background_position_3=\u00bbtop_left\u00bb background_repeat_3=\u00bbno-repeat\u00bb custom_margin=\u00bb0px||0px|\u00bb custom_padding=\u00bb0px|0px|0px|0px\u00bb][et_pb_column type=\u00bb4_4&#8243;][et_pb_text _builder_version=\u00bb3.0.71&#8243; background_layout=\u00bbdark\u00bb text_orientation=\u00bbcenter\u00bb border_style=\u00bbsolid\u00bb background_color=\u00bbrgba(96,96,96,0.82)\u00bb custom_margin=\u00bb60px|60px|60px|60px\u00bb custom_padding=\u00bb40px|40px|40px|40px\u00bb text_text_color=\u00bb#ffffff\u00bb module_class=\u00bbcatalogo\u00bb]<\/p>\n<h2>muestras exhibidas<\/h2>\n<h4>Formas de vida<\/h4>\n<p>de Gabriel D\u00edaz<\/p>\n<h4>Revista Hex\u00e1gono `71. Una revista, m\u00faltiples \u00e1ngulos<\/h4>\n<p>editada por Edgardo Antonio Vigo<\/p>\n<h4>Memoria y olvido<\/h4>\n<p>con Mar\u00eda Rosa Andreotti, Oscar Elissamburu, N\u00e9lida Vald\u00e9s y Javier del Olmo<\/p>\n<h4>El exilio circular<\/h4>\n<p>producci\u00f3n colectiva coordinada por el MAM<\/p>\n<p>[\/et_pb_text][\/et_pb_column][\/et_pb_row][\/et_pb_section][et_pb_section bb_built=\u00bb1&#8243; fullwidth=\u00bboff\u00bb specialty=\u00bboff\u00bb parallax_method=\u00bboff\u00bb custom_padding=\u00bb30px||0px|\u00bb _builder_version=\u00bb3.0.67&#8243;][et_pb_row make_fullwidth=\u00bboff\u00bb use_custom_width=\u00bboff\u00bb width_unit=\u00bbon\u00bb use_custom_gutter=\u00bboff\u00bb custom_padding=\u00bb0px||0px|\u00bb allow_player_pause=\u00bboff\u00bb parallax=\u00bboff\u00bb parallax_method=\u00bboff\u00bb make_equal=\u00bboff\u00bb parallax_1=\u00bboff\u00bb parallax_method_1=\u00bboff\u00bb background_position=\u00bbtop_left\u00bb background_repeat=\u00bbrepeat\u00bb background_size=\u00bbinitial\u00bb][et_pb_column type=\u00bb4_4&#8243;][et_pb_image src=\u00bbhttps:\/\/www.comisionporlamemoria.org\/museo-nuevo\/wp-content\/uploads\/sites\/18\/2017\/01\/linea_rayada-1.jpg\u00bb show_in_lightbox=\u00bboff\u00bb url_new_window=\u00bboff\u00bb use_overlay=\u00bboff\u00bb animation=\u00bboff\u00bb sticky=\u00bboff\u00bb align=\u00bbleft\u00bb force_fullwidth=\u00bboff\u00bb always_center_on_mobile=\u00bbon\u00bb use_border_color=\u00bboff\u00bb border_color=\u00bb#ffffff\u00bb border_style=\u00bbsolid\u00bb custom_css_main_element=\u00bbheight: 15px !important;\u00bb custom_margin=\u00bb0px||0px|\u00bb \/][\/et_pb_column][\/et_pb_row][\/et_pb_section][et_pb_section bb_built=\u00bb1&#8243; fullwidth=\u00bboff\u00bb specialty=\u00bboff\u00bb _builder_version=\u00bb3.0.67&#8243; custom_padding=\u00bb40px||0px|\u00bb][et_pb_row][et_pb_column type=\u00bb4_4&#8243;][et_pb_text _builder_version=\u00bb3.0.71&#8243; background_layout=\u00bblight\u00bb text_orientation=\u00bbjustified\u00bb border_style=\u00bbsolid\u00bb custom_padding=\u00bb|10%||10%\u00bb]<\/p>\n<p>El a\u00f1o 2011 comenz\u00f3 en el Museo con la muestra fotogr\u00e1fica de Gabriel D\u00edaz, <span style=\"color: #00cf9c\"><strong>Formas de vida<\/strong><\/span>, constituida por im\u00e1genes agrupadas en tres series. La primera es la llamada <em>Muertes menores <\/em>y retrata a ni\u00f1os desamparados en los pasillos subterr\u00e1neos de la estaci\u00f3n de trenes Constituci\u00f3n en Buenos Aires en los a\u00f1os 91 y 92. Una segunda serie muestra im\u00e1genes de chicos calvos despu\u00e9s de la tragedia en Chernobyl que est\u00e1n recibiendo tratamiento en La Habana, Cuba, tomadas en 1995, 1997 y 2003. Finalmente, la serie <em>Formas de vida<\/em> <strong>muestra lugares con viviendas muy diferentes en la Capital Federal. Estas im\u00e1genes nos hablan de un desfasaje entre las diversas condiciones en las que viven los hombres, del contraste entre lujosos edificios y las casas precarias armadas con cart\u00f3n y madera, del uso que se le puede dar a una chapa armando una choza al borde de la autopista, de la apropiaci\u00f3n de terrenos para asentar viviendas.<\/strong><\/p>\n<p><strong>Posteriormente, se present\u00f3 en el Museo una exposici\u00f3n sobre la <span style=\"color: #00cf9c\">revista <\/span><\/strong><span style=\"color: #00cf9c\"><strong>Hex\u00e1gono<\/strong><\/span><strong>, realizada por <\/strong>un equipo curatorial del Centro de Arte Experimental Vigo.<\/p>\n<p>La Revista hab\u00eda sido editada por Edgardo Antonio Vigo en La Plata entre los a\u00f1os 1971 y 1975, con la publicaci\u00f3n de 13 ejemplares, y desarroll\u00f3 un pensamiento cr\u00edtico respecto de las nuevas tendencias del arte contempor\u00e1neo y los rumbos que el artista latinoamericano deb\u00eda tomar.<\/p>\n<p>A diferencia de las revistas anteriores editadas por Vigo, en Hex\u00e1gono los conflictos pol\u00edticos, la represi\u00f3n y la amenaza imperialista se colaban entre sus p\u00e1ginas como parte de las urgencias del discurso art\u00edstico. Por ello, a 40 a\u00f1os de la publicaci\u00f3n del primer n\u00famero, esta exposici\u00f3n en el Museo se plante\u00f3 como una forma de mostrar c\u00f3mo los debates y las obras editadas nos siguen interpelando, no s\u00f3lo por la revulsi\u00f3n de sus formas pl\u00e1sticas sino por las preguntas que Vigo esbozaba y las respuestas que auditaba en sus p\u00e1ginas. La mirada retrospectiva y la lectura en diacron\u00eda pod\u00edan transfigurar esta exposici\u00f3n en un acto de memoria sobre nuestro pasado reciente.<\/p>\n<p>La siguiente muestra exhibida fue <span style=\"color: #00cf9c\"><strong>Memoria y olvido<\/strong><\/span>, organizada por Juan Carlos Romero y en la que participaron los artistas Mar\u00eda Rosa Andreotti, Oscar Elissamburu, N\u00e9lida Vald\u00e9s y Javier del Olmo. Ellos encaran en sus obras pl\u00e1sticas la memoria con diversas visiones y acciones contadas desde la ausencia y del dolor de la p\u00e9rdida. Los tres primeros narran acerca de los destinos de los desaparecidos durante la \u00faltima dictadura y el otro, Javier del Olmo, nos pone frente a las secuelas de los castigos a los part\u00edcipes de las aberraciones en los lugares de tortura y sus tr\u00e1gicas consecuencias: la desaparici\u00f3n de Julio L\u00f3pez, principal testigo de la condena de Miguel Etchecolatz en la ciudad de La Plata.<\/p>\n<p>Ante esta muestra, dif\u00edcil fue no sentir c\u00f3mo el pasado duele desde las m\u00e1s \u00edntimas fibras y la memoria se encarga de producir el recuerdo. La memoria es un acontecimiento que lleva a revivir el pasado desde donde qued\u00f3 congelado en cada uno en su devenir. En cada circunstancia la memoria se evidencia en lugares, acciones, cosas, vestidos, gestos, papeles y otras referencias que acercan desde los recuerdos a los seres queridos desaparecidos o muertos. As\u00ed cada historia personal se hace presente con toda la fuerza.<\/p>\n<p>La muestra que continu\u00f3,<span style=\"color: #00cf9c\"><strong> El exilio circular<\/strong><\/span>, fue una propuesta curatorial que dispar\u00f3 la reflexi\u00f3n sobre las distintas dimensiones del exilio como fen\u00f3meno pol\u00edtico que contin\u00faa signando al mundo contempor\u00e1neo.\u00a0Fotos, objetos e instalaciones conviven en esta muestra que propone una triangulaci\u00f3n entre chilenos, argentinos y catalanes.<\/p>\n<p>El origen de la misma toma como disparador la historia de un barco carguero llamado Winnipeg que, en agosto de 1939, parti\u00f3 de Francia con m\u00e1s de 2.000 republicanos que hu\u00edan hacia el exilio para salvar su vida tras la victoria del franquismo en Espa\u00f1a. Llegaron a Chile gracias al soporte econ\u00f3mico y pol\u00edtico de las solidaridades del Frente Popular chileno con Pablo Neruda y las asociaciones pro-republicanas de Argentina y Uruguay. Cuarenta a\u00f1os m\u00e1s tarde, chilenos, argentinos y uruguayos cruzaban el oc\u00e9ano hacia el exilio europeo cuando se impon\u00edan en el cono sur las dictaduras de la seguridad nacional. Los trayectos de los exilios trazaban en el tiempo un c\u00edrculo. \u201cEl destierro es redondo\u201d hab\u00eda escrito Neruda y esos versos adquir\u00edan una renovada resonancia a la luz de la realidad latinoamericana en los \u201870 y \u201880.<\/p>\n<p>De este modo, la muestra propone un di\u00e1logo temporal donde las im\u00e1genes de los campos de prisioneros del franquismo conectan con los centros clandestinos de detenci\u00f3n de las dictaduras argentina o chilena y abren nuevamente el c\u00edrculo para evocar e interrogar la actualidad de los campos de refugiados, los desplazamientos y las migraciones. En ella se expone la vida cotidiana en el exilio; las redes de solidaridad que se conformaron a trav\u00e9s de organismos de derechos humanos, iglesias, organismos internacionales, organizaciones sociales y pol\u00edticas; el activismo y la resistencia a las dictaduras en el exilio. Sin embargo, un n\u00facleo especialmente significativo de la muestra es el constituido por los documentos de la Direcci\u00f3n de Inteligencia de la Polic\u00eda de la Provincia (archivo DIPPBA). El legajo titulado COMACHI (Comit\u00e9 de Ayuda a Chile) contiene informaci\u00f3n de residentes chilenos y latinoamericanos que ingresaron al pa\u00eds en 1973 buscando asilo pol\u00edtico luego del golpe que derroc\u00f3 a Salvador Allende. En estos documentos se inscribe una singular paradoja: el mismo pa\u00eds que los acog\u00eda, les daba asilo y los proteg\u00eda generaba desde sus organismos de seguridad una ficha personal que relevaba datos y antecedentes profesionales e ideol\u00f3gicos que luego formar\u00edan parte de los archivos de inteligencia policial y se convertir\u00edan en herramienta para la persecuci\u00f3n. Si la solidaridad aparec\u00eda como t\u00e9rmino relacionado con el exilio, los documentos de la inteligencia policial revelaban la contracara de la vigilancia por parte del Estado. Quien llega es siempre un otro al que hay que vigilar. Y esto vale tanto para quienes llegaron a Chile en 1939, para quienes entraron a la Argentina en 1973, para quienes llegaron a Espa\u00f1a en 1976 y tambi\u00e9n para quienes ingresaron a Europa desde el norte de \u00c1frica. Ayer y hoy. O ahora mismo.<\/p>\n<p>[\/et_pb_text][\/et_pb_column][\/et_pb_row][\/et_pb_section][et_pb_section bb_built=\u00bb1&#8243; fullwidth=\u00bboff\u00bb specialty=\u00bboff\u00bb transparent_background=\u00bboff\u00bb allow_player_pause=\u00bboff\u00bb inner_shadow=\u00bboff\u00bb parallax=\u00bboff\u00bb parallax_method=\u00bbon\u00bb custom_padding=\u00bb0px||0px|\u00bb make_fullwidth=\u00bboff\u00bb use_custom_width=\u00bboff\u00bb width_unit=\u00bbon\u00bb make_equal=\u00bboff\u00bb use_custom_gutter=\u00bboff\u00bb][et_pb_row make_fullwidth=\u00bboff\u00bb use_custom_width=\u00bboff\u00bb width_unit=\u00bbon\u00bb use_custom_gutter=\u00bboff\u00bb custom_padding=\u00bb0px||0px|\u00bb custom_margin=\u00bb0px||0px|\u00bb allow_player_pause=\u00bboff\u00bb parallax=\u00bboff\u00bb parallax_method=\u00bbon\u00bb make_equal=\u00bboff\u00bb parallax_1=\u00bboff\u00bb parallax_method_1=\u00bboff\u00bb background_position=\u00bbtop_left\u00bb background_repeat=\u00bbrepeat\u00bb background_size=\u00bbinitial\u00bb][et_pb_column type=\u00bb4_4&#8243;][et_pb_divider color=\u00bb#00cf9c\u00bb show_divider=\u00bbon\u00bb divider_style=\u00bbsolid\u00bb divider_position=\u00bbcenter\u00bb hide_on_mobile=\u00bbon\u00bb _builder_version=\u00bb3.0.71&#8243; \/][\/et_pb_column][\/et_pb_row][\/et_pb_section]<\/p>\n","protected":false},"excerpt":{"rendered":"<p>CAT\u00c1LOGO DEL MAM Superar la calidad anestesiante de la belleza de las im\u00e1genes y las palabras es el desaf\u00edo de la diversidad de muestras exhibidas a lo largo del a\u00f1o en el Museo. Tragedias evitables, mutilaciones materiales y simb\u00f3licas, represi\u00f3n, ausencia, dolor y p\u00e9rdida, son presentados a trav\u00e9s de una est\u00e9tica que aviva y despierta, [&hellip;]<\/p>\n","protected":false},"author":8,"featured_media":0,"comment_status":"open","ping_status":"closed","template":"","meta":{"_et_pb_use_builder":"on","_et_pb_old_content":"","_et_gb_content_width":"","jetpack_post_was_ever_published":false,"footnotes":""},"project_category":[28],"project_tag":[],"class_list":["post-32511","project","type-project","status-publish","hentry","project_category-catalogo-del-mam"],"jetpack_sharing_enabled":true,"_links":{"self":[{"href":"https:\/\/www.comisionporlamemoria.org\/museo\/wp-json\/wp\/v2\/project\/32511","targetHints":{"allow":["GET"]}}],"collection":[{"href":"https:\/\/www.comisionporlamemoria.org\/museo\/wp-json\/wp\/v2\/project"}],"about":[{"href":"https:\/\/www.comisionporlamemoria.org\/museo\/wp-json\/wp\/v2\/types\/project"}],"author":[{"embeddable":true,"href":"https:\/\/www.comisionporlamemoria.org\/museo\/wp-json\/wp\/v2\/users\/8"}],"replies":[{"embeddable":true,"href":"https:\/\/www.comisionporlamemoria.org\/museo\/wp-json\/wp\/v2\/comments?post=32511"}],"version-history":[{"count":0,"href":"https:\/\/www.comisionporlamemoria.org\/museo\/wp-json\/wp\/v2\/project\/32511\/revisions"}],"wp:attachment":[{"href":"https:\/\/www.comisionporlamemoria.org\/museo\/wp-json\/wp\/v2\/media?parent=32511"}],"wp:term":[{"taxonomy":"project_category","embeddable":true,"href":"https:\/\/www.comisionporlamemoria.org\/museo\/wp-json\/wp\/v2\/project_category?post=32511"},{"taxonomy":"project_tag","embeddable":true,"href":"https:\/\/www.comisionporlamemoria.org\/museo\/wp-json\/wp\/v2\/project_tag?post=32511"}],"curies":[{"name":"wp","href":"https:\/\/api.w.org\/{rel}","templated":true}]}}