{"id":32520,"date":"2017-09-01T10:26:09","date_gmt":"2017-09-01T10:26:09","guid":{"rendered":"http:\/\/www.comisionporlamemoria.org\/museo-nuevo\/?post_type=project&#038;p=32520"},"modified":"2017-09-28T11:00:31","modified_gmt":"2017-09-28T11:00:31","slug":"catalogo-2007","status":"publish","type":"project","link":"https:\/\/www.comisionporlamemoria.org\/museo\/project\/catalogo-2007\/","title":{"rendered":"A\u00f1o 2007"},"content":{"rendered":"<p>[et_pb_section fb_built=\u00bb1&#8243; admin_label=\u00bbsection\u00bb _builder_version=\u00bb3.0.71&#8243; background_image=\u00bbhttps:\/\/www.comisionporlamemoria.org\/museo-nuevo\/wp-content\/uploads\/sites\/18\/2017\/01\/COLOURlovers.com-Thin_lines_2.png\u00bb custom_padding=\u00bb0px||0px|\u00bb transparent_background=\u00bboff\u00bb][et_pb_row custom_padding=\u00bb3%||0px|\u00bb custom_margin=\u00bb0px||0px|\u00bb background_repeat_1=\u00bbno-repeat\u00bb background_repeat_2=\u00bbno-repeat\u00bb background_repeat_3=\u00bbno-repeat\u00bb admin_label=\u00bbrow\u00bb _builder_version=\u00bb3.0.71&#8243; background_size=\u00bbinitial\u00bb background_position=\u00bbtop_left\u00bb background_repeat=\u00bbrepeat\u00bb][et_pb_column type=\u00bb1_2&#8243; _builder_version=\u00bb3.0.47&#8243; parallax=\u00bboff\u00bb parallax_method=\u00bbon\u00bb background_repeat=\u00bbno-repeat\u00bb][et_pb_text background_layout=\u00bbdark\u00bb _builder_version=\u00bb3.0.71&#8243; header_font=\u00bb|on||on|\u00bb header_font_size=\u00bb32px\u00bb background_color=\u00bb#606060&#8243; custom_padding=\u00bb12px||0px|15px\u00bb]<\/p>\n<h1>CAT\u00c1LOGO DEL MAM<\/h1>\n<p>[\/et_pb_text][\/et_pb_column][et_pb_column type=\u00bb1_2&#8243; _builder_version=\u00bb3.0.47&#8243; parallax=\u00bboff\u00bb parallax_method=\u00bbon\u00bb background_repeat=\u00bbno-repeat\u00bb][\/et_pb_column][\/et_pb_row][et_pb_row use_custom_gutter=\u00bbon\u00bb gutter_width=\u00bb1&#8243; custom_padding=\u00bb0px||0px|\u00bb custom_margin=\u00bb0px||0px|\u00bb background_repeat_1=\u00bbno-repeat\u00bb background_repeat_2=\u00bbno-repeat\u00bb background_repeat_3=\u00bbno-repeat\u00bb admin_label=\u00bbrow\u00bb _builder_version=\u00bb3.0.71&#8243; background_size=\u00bbinitial\u00bb background_position=\u00bbtop_left\u00bb background_repeat=\u00bbrepeat\u00bb][et_pb_column type=\u00bb1_4&#8243; _builder_version=\u00bb3.0.47&#8243; parallax=\u00bboff\u00bb parallax_method=\u00bbon\u00bb background_repeat=\u00bbno-repeat\u00bb][et_pb_post_title meta=\u00bboff\u00bb featured_image=\u00bboff\u00bb text_color=\u00bblight\u00bb _builder_version=\u00bb3.0.71&#8243; title_font=\u00bb|on||on|\u00bb title_font_size=\u00bb30px\u00bb background_color=\u00bb#63bba2&#8243; custom_margin=\u00bb4px||10px|\u00bb custom_padding=\u00bb12px||0px|15px\u00bb module_bg_color=\u00bb#63bba2&#8243;][\/et_pb_post_title][\/et_pb_column][et_pb_column type=\u00bb1_4&#8243; _builder_version=\u00bb3.0.47&#8243; parallax=\u00bboff\u00bb parallax_method=\u00bbon\u00bb background_repeat=\u00bbno-repeat\u00bb][\/et_pb_column][et_pb_column type=\u00bb1_4&#8243; _builder_version=\u00bb3.0.47&#8243; parallax=\u00bboff\u00bb parallax_method=\u00bbon\u00bb background_repeat=\u00bbno-repeat\u00bb][\/et_pb_column][et_pb_column type=\u00bb1_4&#8243; _builder_version=\u00bb3.0.47&#8243; parallax=\u00bboff\u00bb parallax_method=\u00bbon\u00bb][\/et_pb_column][\/et_pb_row][\/et_pb_section][et_pb_section fb_built=\u00bb1&#8243; _builder_version=\u00bb3.0.47&#8243; custom_padding=\u00bb0px|0px|0px|0px\u00bb][et_pb_row custom_padding=\u00bb27px|0px|8px|0px\u00bb _builder_version=\u00bb3.0.47&#8243; background_size=\u00bbinitial\u00bb background_position=\u00bbtop_left\u00bb background_repeat=\u00bbrepeat\u00bb _i=\u00bb0&#8243; _address=\u00bb1.0&#8243;][et_pb_column type=\u00bb4_4&#8243; _builder_version=\u00bb3.0.47&#8243; parallax=\u00bboff\u00bb parallax_method=\u00bbon\u00bb][et_pb_testimonial background_color=\u00bb#ededed\u00bb background_layout=\u00bblight\u00bb quote_icon_color=\u00bb#333000&#8243; _builder_version=\u00bb3.0.71&#8243;]<\/p>\n<p><em><strong>Im\u00e1genes que profundizan, develan y cuestionan. Desde los atroces rostros de represores hasta los desgarradores retratos de las v\u00edctimas de la guerra de Malvinas y la desaparici\u00f3n. Las muestras fueron exponiendo historias colectivas pero tambi\u00e9n personales, la de las infancias en el exilio, la de la familia Oesterheld, la de la cotidianeidad de los presos en la c\u00e1rcel.<\/strong><\/em><\/p>\n<p>[\/et_pb_testimonial][\/et_pb_column][\/et_pb_row][\/et_pb_section][et_pb_section fb_built=\u00bb1&#8243; _builder_version=\u00bb3.0.67&#8243; custom_padding=\u00bb30px||0px|\u00bb][et_pb_row custom_padding=\u00bb0px||0px|\u00bb parallax_method_1=\u00bboff\u00bb _builder_version=\u00bb3.0.47&#8243; background_size=\u00bbinitial\u00bb background_position=\u00bbtop_left\u00bb background_repeat=\u00bbrepeat\u00bb _i=\u00bb0&#8243; _address=\u00bb2.0&#8243;][et_pb_column type=\u00bb4_4&#8243; _builder_version=\u00bb3.0.47&#8243; parallax=\u00bboff\u00bb parallax_method=\u00bboff\u00bb][et_pb_image src=\u00bbhttps:\/\/www.comisionporlamemoria.org\/museo-nuevo\/wp-content\/uploads\/sites\/18\/2017\/01\/linea_rayada-1.jpg\u00bb _builder_version=\u00bb3.0.71&#8243; custom_margin=\u00bb0px||0px|\u00bb custom_css_main_element=\u00bbheight: 15px !important;\u00bb animation=\u00bboff\u00bb sticky=\u00bboff\u00bb _i=\u00bb0&#8243; _address=\u00bb2.0.0.0&#8243;][\/et_pb_image][\/et_pb_column][\/et_pb_row][\/et_pb_section][et_pb_section fb_built=\u00bb1&#8243; _builder_version=\u00bb3.0.71&#8243; custom_padding=\u00bb30px||0px|\u00bb][et_pb_row custom_padding=\u00bb0px|0px|0px|0px\u00bb custom_margin=\u00bb0px||0px|\u00bb background_position_1=\u00bbtop_left\u00bb background_position_2=\u00bbtop_left\u00bb background_position_3=\u00bbtop_left\u00bb background_repeat_1=\u00bbno-repeat\u00bb background_repeat_2=\u00bbno-repeat\u00bb background_repeat_3=\u00bbno-repeat\u00bb _builder_version=\u00bb3.0.76&#8243; background_image=\u00bbhttps:\/\/www.comisionporlamemoria.org\/museo\/wp-content\/uploads\/sites\/18\/2017\/09\/ares3.jpg\u00bb][et_pb_column type=\u00bb4_4&#8243; _builder_version=\u00bb3.0.47&#8243; parallax=\u00bboff\u00bb parallax_method=\u00bbon\u00bb background_position=\u00bbtop_left\u00bb background_repeat=\u00bbno-repeat\u00bb][et_pb_text background_layout=\u00bbdark\u00bb module_class=\u00bbcatalogo\u00bb _builder_version=\u00bb3.0.71&#8243; text_text_color=\u00bb#ffffff\u00bb background_color=\u00bbrgba(96,96,96,0.82)\u00bb text_orientation=\u00bbcenter\u00bb module_alignment=\u00bbcenter\u00bb custom_margin=\u00bb60px|60px|60px|60px\u00bb custom_padding=\u00bb40px|40px|40px|40px\u00bb]<\/p>\n<h2>muestras exhibidas<\/h2>\n<h4>Rostros, fotos \u2018sacadas\u2019 de la ESMA<\/h4>\n<p>de V\u00edctor Basterra<\/p>\n<h4>Cruces, idas y vueltas de Malvinas<\/h4>\n<p>de Mar\u00eda Laura Guembe y Federico Lorenz<\/p>\n<h4>Desexiliando historietas<\/h4>\n<p>producida por hijas e hijos de exiliados pol\u00edticos de la \u00faltima dictadura militar<\/p>\n<h4>Heridas y Prisi\u00f3n Vantaa<\/h4>\n<p>de Alfredo Srur<\/p>\n<h4>Memoria y olvido de la guerra civil espa\u00f1ola<\/h4>\n<p>de Eduardo Arreyseigor<\/p>\n<h4>La aventura contin\u00faa (Homenaje a H. Oesterheld)<\/h4>\n<p>con Juan Sasturain, Sebasti\u00e1n D\u00edaz Morales, Alfredo Srur, Gian Paolo Minelli, Guillermo Saccomano,<br \/>\nTom\u00e1s Sarraceno, Mauro Koliva, Alberto Heredia, Norberto G\u00f3mez, Rafael y Enrique Landea,<br \/>\nFrancisco Solano L\u00f3pez, Mart\u00edn M\u00e1rtola Oesterheld y Fernando Arati Oesterheld y el Galp\u00f3n Sur.<\/p>\n<h4>M\u00e1rgenes y confines<\/h4>\n<p>de Mariano Sapia<\/p>\n<p>[\/et_pb_text][\/et_pb_column][\/et_pb_row][\/et_pb_section][et_pb_section fb_built=\u00bb1&#8243; _builder_version=\u00bb3.0.67&#8243; custom_padding=\u00bb30px||0px|\u00bb][et_pb_row custom_padding=\u00bb0px||0px|\u00bb parallax_method_1=\u00bboff\u00bb _builder_version=\u00bb3.0.71&#8243; background_size=\u00bbinitial\u00bb background_position=\u00bbtop_left\u00bb background_repeat=\u00bbrepeat\u00bb][et_pb_column type=\u00bb4_4&#8243; _builder_version=\u00bb3.0.47&#8243; parallax=\u00bboff\u00bb parallax_method=\u00bboff\u00bb][et_pb_image src=\u00bbhttps:\/\/www.comisionporlamemoria.org\/museo-nuevo\/wp-content\/uploads\/sites\/18\/2017\/01\/linea_rayada-1.jpg\u00bb _builder_version=\u00bb3.0.47&#8243; custom_margin=\u00bb0px||0px|\u00bb custom_css_main_element=\u00bbheight: 15px !important;\u00bb animation=\u00bboff\u00bb sticky=\u00bboff\u00bb _i=\u00bb0&#8243; _address=\u00bb4.0.0.0&#8243;][\/et_pb_image][\/et_pb_column][\/et_pb_row][\/et_pb_section][et_pb_section fb_built=\u00bb1&#8243; _builder_version=\u00bb3.0.67&#8243; custom_padding=\u00bb40px||0px|\u00bb][et_pb_row _builder_version=\u00bb3.0.47&#8243; background_size=\u00bbinitial\u00bb background_position=\u00bbtop_left\u00bb background_repeat=\u00bbrepeat\u00bb _i=\u00bb0&#8243; _address=\u00bb5.0&#8243;][et_pb_column type=\u00bb4_4&#8243; _builder_version=\u00bb3.0.47&#8243; parallax=\u00bboff\u00bb parallax_method=\u00bbon\u00bb][et_pb_text _builder_version=\u00bb3.0.71&#8243; text_orientation=\u00bbjustified\u00bb custom_padding=\u00bb|10%||10%\u00bb]<\/p>\n<p>La primera muestra del a\u00f1o 2007 fue<span style=\"color: #00cf9c\"><strong> Rostros, fotos \u2018sacadas\u2019 de la ESMA<\/strong><\/span>, de V\u00edctor Basterra, compuesta por fotos emblem\u00e1ticas por su origen. El conjunto es uno de los pocos testimonios en imagen que han quedado de los centros clandestinos de detenci\u00f3n de la dictadura. Basterra trabaj\u00f3 all\u00ed, sirviendo a los represores; estuvo detenido en la ESMA (Escuela de Mec\u00e1nica de la Armada) hasta el fin de la dictadura, tom\u00e1ndoles fotos que luego estar\u00edan en documentos falsos (carnets, pasaportes, etc.). Con mucha valent\u00eda, guard\u00f3 copias de esas fotos y las sac\u00f3 del centro clandestino. Esas fotograf\u00edas, junto a los nombres falsos y sos\u00edas con los que Basterra conoc\u00eda a los represores, fueron mostradas en el Museo al lado de 12 retratos de personas desaparecidas impresas a partir de negativos que Basterra encontr\u00f3 casualmente en la ESMA.<\/p>\n<p>A continuaci\u00f3n, se present\u00f3 en el MAM la muestra <span style=\"color: #00cf9c\"><strong>Cruces, idas y vueltas de Malvinas<\/strong><\/span>, de Mar\u00eda Laura Guembe y Federico Lorenz. Para la Comisi\u00f3n por la Memoria, Malvinas siempre fue un tema por esclarecer y reelaborar, una causa pendiente con la historia y las v\u00edctimas directas de esa guerra. El libro que dio nombre a la muestra y que sus autores acercaron al Museo viabiliz\u00f3 una forma de abordar los acontecimientos de un modo testimonial. A partir de una selecci\u00f3n y ampliaci\u00f3n de los documentos presentes en el libro (fotos in\u00e9ditas sacadas por los mismos soldados durante la guerra, junto a otras capturadas por los brit\u00e1nicos, cartas y testimonios), se elabor\u00f3 una muestra que puso en superficie que lo que aconteci\u00f3 fue una guerra, con trincheras, aviones, barcos hundidos, soldados muertos, prisioneros y un centenar de v\u00edctimas que sobrevivieron a la tragedia.<\/p>\n<p>Avanzado el a\u00f1o 2007, se exhibi\u00f3 en el Museo <span style=\"color: #00cf9c\"><strong>Desexiliando historietas<\/strong><\/span>, una muestra producida con documentos fotogr\u00e1ficos, cartas de exiliados y relatos de los protagonistas del grupo <em>Los hijos del exilio, <\/em>nombre que utilizan para nombrarse un grupo de hijos de personas exiliadas por razones pol\u00edticas en los a\u00f1os 70, quienes se encuentran en una carta colectiva en la que se cuentan como protagonistas de una historia que a veces los hace sentir inseguros e inestables en su identidad.<\/p>\n<p>La muestra que sigui\u00f3 fue <span style=\"color: #00cf9c\"><strong>Heridas<\/strong><\/span> de Alfredo Srur, un ensayo fotogr\u00e1fico de extraordinaria calidad est\u00e9tica que aborda las problem\u00e1ticas vinculadas a la villa como h\u00e1bitat, los <em>pibes chorros<\/em>, su contacto con las armas y su particular valoraci\u00f3n de la vida. Las fotos exhiben la vida de un grupo de amigos del Frente Vital, un chico que mat\u00f3 la polic\u00eda, un caso de gatillo f\u00e1cil. Se trata de un acercamiento categ\u00f3rico a la exclusi\u00f3n, a la relatividad de los valores \u00e9ticos seg\u00fan como sea la realidad que le toque vivir a cada ni\u00f1o, a cada madre, a los amigos de las v\u00edctimas del gatillo f\u00e1cil.<\/p>\n<p>Escribe Osvaldo Bayer sobre esta muestra: \u201cLa villa. Los mismos sentimientos que la ciudad, pero con sombras, dolores, el intenso dolor de lo injusto. La violencia de arriba con la violencia de abajo. Al Frente Vital lo mat\u00f3 la polic\u00eda por villero. Por villero de mierda. Y se acab\u00f3. Las fotos de la realidad. Sombras. Fr\u00edo. Desde ni\u00f1os, sombra y fr\u00edo. El padre, o no, en el suelo. El suelo, la basura, la constante humillaci\u00f3n. Del amanecer y el atardecer. Y la noche sin amparo. Las autodefensas del miedo y de la rabia. La sociedad enemiga de los villeros. El racismo de la condici\u00f3n\u201d.<\/p>\n<p>Acompa\u00f1ando a Heridas, el Museo exhibi\u00f3 <span style=\"color: #00cf9c\"><strong>Prisi\u00f3n Vantaa<\/strong><\/span>, tambi\u00e9n de Alfredo Srur. Este conjunto de fotos fueron registradas por el fot\u00f3grafo en 2006, en una prisi\u00f3n de Finlandia, la Prisi\u00f3n Vantaa de Helsinki, pensada para que los presos tuvieran una buena reinserci\u00f3n social al salir en libertad. Srur registr\u00f3 con su c\u00e1mara toda la c\u00e1rcel, sus lugares de trabajo, esparcimiento, muebles, patios. Todo construido con mucho confort, pero con el inevitable sentimiento de ahogo, similar al que se percibe en cualquier otra prisi\u00f3n.<\/p>\n<p>Cristina Feijoo se refiere a la muestra de esta manera: \u201cNo estuve en la c\u00e1rcel de Vantaa, pero habit\u00e9 seis c\u00e1rceles argentinas y s\u00e9 que cuanto m\u00e1s inhumana y degradante es una c\u00e1rcel, m\u00e1s intensa es la lucha del preso por sobrevivir. En las c\u00e1rceles los sentidos, la energ\u00eda y la inteligencia, la capacidad de observar, saber, decidir y actuar est\u00e1n orientados a obtener lo que el cuerpo necesita. No hay m\u00e1s meta que seguir con vida, con el menor costo. (\u2026) Tubo, buz\u00f3n, celda de castigo, piso helado, fr\u00edo hambre, soledad, silencio. Oscuridad y una cabeza que se va de viaje. Ni d\u00eda ni noche, tiempo marcado en otras marcas en la pared. Cu\u00e1les mis marcas, cu\u00e1ntos d\u00edas rayados a cuchara. Hambre, ganas de mear, \u00a1celadora! A lo lejos, pisos m\u00e1s abajo rejas que se cierran, candados, ruedas de carros de comida. Cerca, nada. En tus muros con mi acero yo grab\u00e9 nombres que quiero. Mear en el jarro de la sopa. Tratar de recordar qu\u00e9 d\u00eda, cu\u00e1ndo\u201d.<\/p>\n<p>Posteriormente, se present\u00f3 en el MAM <span style=\"color: #00cf9c\"><strong>Memoria y olvido de la guerra civil espa\u00f1ola<\/strong><\/span>, fotograf\u00edas intervenidas de Eduardo Arreseygor que intentan recrear el conocido bombardeo de la ciudad vasca de Gernika, junto a otros episodios de la guerra menos conocidos en nuestro pa\u00eds: la destrucci\u00f3n de pueblo de Belchite por las tropas franquistas -hoy en d\u00eda un pueblo fantasma- y la vida en el fuerte prisi\u00f3n de San Crist\u00f3bal. Esta muestra nos acerca a los or\u00edgenes espa\u00f1oles, europeos, a esa guerra que dej\u00f3 tantas v\u00edctimas y heridas que en vano cada gobierno espa\u00f1ol trata de acallar. Esta guerra provoc\u00f3 el exilio de muchas v\u00edctimas y protagonistas hacia Latinoam\u00e9rica que, a su vez, fueron abriendo caminos en la militancia pol\u00edtica en los nuevos pa\u00edses, tratando de hacer florecer aquellos ideales republicanos nacidos y tempranamente frustrados en Espa\u00f1a.<\/p>\n<p>Este mismo a\u00f1o, al cumplirse 30 a\u00f1os de la desaparici\u00f3n de H\u00e9ctor Germ\u00e1n Oesterheld y 50 de la primera publicaci\u00f3n de <em>El Eternauta<\/em>, la Comisi\u00f3n Provincial por la Memoria produjo una muestra homenaje como una deuda al gran creador de la historieta argentina y a toda su familia, v\u00edctima de la dictadura. Participaron de ella importantes escritores y artistas pl\u00e1sticos: Juan Sasturain, Sebasti\u00e1n D\u00edaz Morales, Alfredo Srur, Gian Paolo Minelli, Guillermo Saccomano, Tom\u00e1s Sarraceno, Mauro Koliva, Alberto Heredia y Norberto G\u00f3mez, entre otros. Algunos de ellos hab\u00edan tenido una participaci\u00f3n en las publicaciones de las historietas como dibujantes o editores y otros adhirieron a la propuesta de traer a H\u00e9ctor al presente. De ah\u00ed que la muestra se llam\u00f3 <span style=\"color: #00cf9c\"><strong>La aventura contin\u00faa<\/strong><\/span>.<\/p>\n<p>La edici\u00f3n se hizo con el aporte de sus nietos, Mart\u00edn y Fernando, quienes acercaron material entra\u00f1able de la familia, como diferentes ediciones de historietas, figuritas o libros. A estos materiales se agregaron fotos familiares, originales de guiones e historietas, esculturas y videos, elegidos y realizados en base a sus propios guiones y principales personajes. La muestra fue tambi\u00e9n un recorrido por la militancia pol\u00edtica de Oesterheld y las circunstancias de la desaparici\u00f3n en manos de la \u00faltima dictadura militar.<\/p>\n<p>Recordamos que H\u00e9ctor Oesterheld naci\u00f3 en el a\u00f1o 1919 y estudi\u00f3 y se gradu\u00f3 en la carrera de geolog\u00eda. A partir de 1950, comenz\u00f3 a escribir guiones de historietas y relatos de aventuras.\u00a0Public\u00f3 en las revistas Misterix, Hora Cero y Frontera, entre otras. Sus personajes m\u00e1s conocidos son Sargento Kirk, Bull Rocket, Ernie Pike, Sherlock Time y Mort Cinder. Pero fue sin dudas <em>El Eternauta<\/em> la creaci\u00f3n que le ha dado un lugar entre los maestros de la historieta, y le permiti\u00f3 superar ampliamente el g\u00e9nero. A principios de la d\u00e9cada del setenta se incorpor\u00f3, junto a sus hijas, a la organizaci\u00f3n Montoneros, de la que fue jefe de prensa; m\u00e1s adelante pas\u00f3 a la clandestinidad hasta que fue secuestrado y desaparecido el 27 de abril de 1977. Estuvo detenido en Campo de Mayo y en una c\u00e1rcel clandestina de La Tablada. Se cree que fue asesinado en Mercedes. Sus cuatro hijas tambi\u00e9n est\u00e1n desaparecidas.<\/p>\n<p>\u201cEl viejo anda por las diagonales\u201d, escribi\u00f3 Juan Duizeide como parte del texto introductorio de la muestra -porque Oesterheld pudo haber estado en La Plata al momento de su desaparici\u00f3n- \u201cy los habitantes de esta ciudad todav\u00eda tenemos la sensaci\u00f3n de que la sigue transitando\u201d.<\/p>\n<p>Para cerrar el a\u00f1o, el Museo present\u00f3<span style=\"color: #00cf9c\"><strong> M\u00e1rgenes y confines<\/strong><\/span>, de Mariano Sapia, una de las figuras de la pintura argentina actual, disc\u00edpulo de Carlos Gorriarena y cuya obra se enmarca en los temas del cotidiano y lo popular. En esta muestra, el artista expone un conjunto de pinturas que hacen foco en el paisaje urbano, en el entorno y los m\u00e1rgenes de las grandes ciudades, con sus movimientos migratorios, sus desarraigos y marginalidad social. Pinturas que evocan melancol\u00edas y sufrimientos, tristezas y alegr\u00edas de quienes, de traslado en traslado, se desplazan en su permanente esperanza de cambiar de condici\u00f3n.<\/p>\n<p>Revisando este serie, Sapia reflexiona en voz alta y dice: \u00abHoy me doy cuenta que en realidad lo que hab\u00eda estado pintando era el barrio de mi infancia. Un Lugano que ya no existe, de cielos anchos y calles de tierra, camiones de hacienda y paredones.\u201d<\/p>\n<p>[\/et_pb_text][\/et_pb_column][\/et_pb_row][\/et_pb_section][et_pb_section fb_built=\u00bb1&#8243; _builder_version=\u00bb3.0.47&#8243; custom_padding=\u00bb0px||0px|\u00bb transparent_background=\u00bboff\u00bb][et_pb_row custom_padding=\u00bb0px||0px|\u00bb custom_margin=\u00bb0px||0px|\u00bb parallax_method_1=\u00bboff\u00bb _builder_version=\u00bb3.0.47&#8243; background_size=\u00bbinitial\u00bb background_position=\u00bbtop_left\u00bb background_repeat=\u00bbrepeat\u00bb _i=\u00bb0&#8243; _address=\u00bb6.0&#8243;][et_pb_column type=\u00bb4_4&#8243; _builder_version=\u00bb3.0.47&#8243; parallax=\u00bboff\u00bb parallax_method=\u00bboff\u00bb][et_pb_divider color=\u00bb#00cf9c\u00bb show_divider=\u00bbon\u00bb divider_style=\u00bbsolid\u00bb divider_position=\u00bbcenter\u00bb disabled_on=\u00bbon|on|off\u00bb _builder_version=\u00bb3.0.71&#8243; hide_on_mobile=\u00bbon\u00bb][\/et_pb_divider][\/et_pb_column][\/et_pb_row][\/et_pb_section]<\/p>\n","protected":false},"excerpt":{"rendered":"<p>CAT\u00c1LOGO DEL MAM Im\u00e1genes que profundizan, develan y cuestionan. Desde los atroces rostros de represores hasta los desgarradores retratos de las v\u00edctimas de la guerra de Malvinas y la desaparici\u00f3n. Las muestras fueron exponiendo historias colectivas pero tambi\u00e9n personales, la de las infancias en el exilio, la de la familia Oesterheld, la de la cotidianeidad [&hellip;]<\/p>\n","protected":false},"author":8,"featured_media":0,"comment_status":"open","ping_status":"closed","template":"","meta":{"_et_pb_use_builder":"on","_et_pb_old_content":"","_et_gb_content_width":"","jetpack_post_was_ever_published":false,"footnotes":""},"project_category":[28],"project_tag":[],"class_list":["post-32520","project","type-project","status-publish","hentry","project_category-catalogo-del-mam"],"jetpack_sharing_enabled":true,"_links":{"self":[{"href":"https:\/\/www.comisionporlamemoria.org\/museo\/wp-json\/wp\/v2\/project\/32520","targetHints":{"allow":["GET"]}}],"collection":[{"href":"https:\/\/www.comisionporlamemoria.org\/museo\/wp-json\/wp\/v2\/project"}],"about":[{"href":"https:\/\/www.comisionporlamemoria.org\/museo\/wp-json\/wp\/v2\/types\/project"}],"author":[{"embeddable":true,"href":"https:\/\/www.comisionporlamemoria.org\/museo\/wp-json\/wp\/v2\/users\/8"}],"replies":[{"embeddable":true,"href":"https:\/\/www.comisionporlamemoria.org\/museo\/wp-json\/wp\/v2\/comments?post=32520"}],"version-history":[{"count":0,"href":"https:\/\/www.comisionporlamemoria.org\/museo\/wp-json\/wp\/v2\/project\/32520\/revisions"}],"wp:attachment":[{"href":"https:\/\/www.comisionporlamemoria.org\/museo\/wp-json\/wp\/v2\/media?parent=32520"}],"wp:term":[{"taxonomy":"project_category","embeddable":true,"href":"https:\/\/www.comisionporlamemoria.org\/museo\/wp-json\/wp\/v2\/project_category?post=32520"},{"taxonomy":"project_tag","embeddable":true,"href":"https:\/\/www.comisionporlamemoria.org\/museo\/wp-json\/wp\/v2\/project_tag?post=32520"}],"curies":[{"name":"wp","href":"https:\/\/api.w.org\/{rel}","templated":true}]}}