{"id":45749,"date":"2022-10-27T17:45:32","date_gmt":"2022-10-27T17:45:32","guid":{"rendered":"https:\/\/www.comisionporlamemoria.org\/museo\/?post_type=project&#038;p=45749"},"modified":"2022-10-27T17:46:23","modified_gmt":"2022-10-27T17:46:23","slug":"catalogo-2021","status":"publish","type":"project","link":"https:\/\/www.comisionporlamemoria.org\/museo\/project\/catalogo-2021\/","title":{"rendered":"A\u00f1o 2021"},"content":{"rendered":"<p>[et_pb_section fb_built=\u00bb1&#8243; admin_label=\u00bbsection\u00bb _builder_version=\u00bb4.16&#8243; background_image=\u00bbhttps:\/\/www.comisionporlamemoria.org\/museo-nuevo\/wp-content\/uploads\/sites\/18\/2017\/01\/COLOURlovers.com-Thin_lines_2.png\u00bb custom_padding=\u00bb0px||0px|\u00bb global_colors_info=\u00bb{}\u00bb theme_builder_area=\u00bbpost_content\u00bb][et_pb_row admin_label=\u00bbrow\u00bb _builder_version=\u00bb4.16&#8243; background_size=\u00bbinitial\u00bb background_position=\u00bbtop_left\u00bb background_repeat=\u00bbrepeat\u00bb custom_margin=\u00bb0px||0px|\u00bb custom_padding=\u00bb3%||0px|\u00bb global_colors_info=\u00bb{}\u00bb column_structure=\u00bb1_2,1_2&#8243; theme_builder_area=\u00bbpost_content\u00bb][et_pb_column type=\u00bb1_2&#8243; _builder_version=\u00bb4.16&#8243; custom_padding=\u00bb|||\u00bb global_colors_info=\u00bb{}\u00bb custom_padding__hover=\u00bb|||\u00bb theme_builder_area=\u00bbpost_content\u00bb][et_pb_text _builder_version=\u00bb4.16&#8243; header_font=\u00bb|on||on|\u00bb header_font_size=\u00bb32px\u00bb background_color=\u00bb#606060&#8243; background_layout=\u00bbdark\u00bb custom_padding=\u00bb12px||0px|15px\u00bb global_colors_info=\u00bb{}\u00bb theme_builder_area=\u00bbpost_content\u00bb]<\/p>\n<h1>CAT\u00c1LOGO DEL MAM<\/h1>\n<p>[\/et_pb_text][\/et_pb_column][et_pb_column type=\u00bb1_2&#8243; _builder_version=\u00bb4.16&#8243; custom_padding=\u00bb|||\u00bb global_colors_info=\u00bb{}\u00bb custom_padding__hover=\u00bb|||\u00bb theme_builder_area=\u00bbpost_content\u00bb][\/et_pb_column][\/et_pb_row][et_pb_row use_custom_gutter=\u00bbon\u00bb gutter_width=\u00bb1&#8243; admin_label=\u00bbrow\u00bb _builder_version=\u00bb4.16&#8243; background_size=\u00bbinitial\u00bb background_position=\u00bbtop_left\u00bb background_repeat=\u00bbrepeat\u00bb custom_margin=\u00bb0px||0px|\u00bb custom_padding=\u00bb0px||0px|\u00bb global_colors_info=\u00bb{}\u00bb column_structure=\u00bb1_4,1_4,1_4,1_4&#8243; theme_builder_area=\u00bbpost_content\u00bb][et_pb_column type=\u00bb1_4&#8243; _builder_version=\u00bb4.16&#8243; custom_padding=\u00bb|||\u00bb global_colors_info=\u00bb{}\u00bb custom_padding__hover=\u00bb|||\u00bb theme_builder_area=\u00bbpost_content\u00bb][et_pb_post_title meta=\u00bboff\u00bb featured_image=\u00bboff\u00bb text_color=\u00bblight\u00bb _builder_version=\u00bb4.16&#8243; title_font=\u00bb|on||on|\u00bb title_font_size=\u00bb30px\u00bb background_color=\u00bb#2e0237&#8243; custom_margin=\u00bb4px||10px|\u00bb custom_padding=\u00bb12px||0px|15px\u00bb module_bg_color=\u00bb#2e0237&#8243; global_colors_info=\u00bb{}\u00bb theme_builder_area=\u00bbpost_content\u00bb][\/et_pb_post_title][\/et_pb_column][et_pb_column type=\u00bb1_4&#8243; _builder_version=\u00bb4.16&#8243; custom_padding=\u00bb|||\u00bb global_colors_info=\u00bb{}\u00bb custom_padding__hover=\u00bb|||\u00bb theme_builder_area=\u00bbpost_content\u00bb][\/et_pb_column][et_pb_column type=\u00bb1_4&#8243; _builder_version=\u00bb4.16&#8243; custom_padding=\u00bb|||\u00bb global_colors_info=\u00bb{}\u00bb custom_padding__hover=\u00bb|||\u00bb theme_builder_area=\u00bbpost_content\u00bb][\/et_pb_column][et_pb_column type=\u00bb1_4&#8243; _builder_version=\u00bb4.16&#8243; custom_padding=\u00bb|||\u00bb global_colors_info=\u00bb{}\u00bb custom_padding__hover=\u00bb|||\u00bb theme_builder_area=\u00bbpost_content\u00bb][\/et_pb_column][\/et_pb_row][\/et_pb_section][et_pb_section fb_built=\u00bb1&#8243; _builder_version=\u00bb4.16&#8243; custom_padding=\u00bb0px|0px|0px|0px\u00bb global_colors_info=\u00bb{}\u00bb theme_builder_area=\u00bbpost_content\u00bb][et_pb_row _builder_version=\u00bb4.16&#8243; background_size=\u00bbinitial\u00bb background_position=\u00bbtop_left\u00bb background_repeat=\u00bbrepeat\u00bb custom_padding=\u00bb27px|0px|8px|0px\u00bb global_colors_info=\u00bb{}\u00bb theme_builder_area=\u00bbpost_content\u00bb][et_pb_column type=\u00bb4_4&#8243; _builder_version=\u00bb4.16&#8243; custom_padding=\u00bb|||\u00bb global_colors_info=\u00bb{}\u00bb custom_padding__hover=\u00bb|||\u00bb theme_builder_area=\u00bbpost_content\u00bb][et_pb_testimonial quote_icon_color=\u00bb#333000&#8243; _builder_version=\u00bb4.18.0&#8243; background_color=\u00bb#ededed\u00bb hover_enabled=\u00bb0&#8243; global_colors_info=\u00bb{}\u00bb theme_builder_area=\u00bbpost_content\u00bb sticky_enabled=\u00bb0&#8243;]<\/p>\n<p style=\"text-align: justify;\"><strong><em><\/em><\/strong><strong><em><b>Las muestras de este a\u00f1o se cruzan en un punto, en todos los casos nacen de una historia de resistencia y organizaci\u00f3n. La lucha de una vida por la paz, el pedido de justicia de una familia ante un femicidio, las batallas por desestigmatizar y hacer valer los derechos de las personas que viven con VIH.<\/b><\/em><\/strong><\/p>\n<p>[\/et_pb_testimonial][\/et_pb_column][\/et_pb_row][\/et_pb_section][et_pb_section fb_built=\u00bb1&#8243; _builder_version=\u00bb4.16&#8243; custom_padding=\u00bb30px||0px|\u00bb global_colors_info=\u00bb{}\u00bb theme_builder_area=\u00bbpost_content\u00bb][et_pb_row _builder_version=\u00bb4.16&#8243; background_size=\u00bbinitial\u00bb background_position=\u00bbtop_left\u00bb background_repeat=\u00bbrepeat\u00bb custom_padding=\u00bb0px||0px|\u00bb global_colors_info=\u00bb{}\u00bb theme_builder_area=\u00bbpost_content\u00bb][et_pb_column type=\u00bb4_4&#8243; _builder_version=\u00bb4.16&#8243; custom_padding=\u00bb|||\u00bb global_colors_info=\u00bb{}\u00bb custom_padding__hover=\u00bb|||\u00bb theme_builder_area=\u00bbpost_content\u00bb][et_pb_image src=\u00bbhttps:\/\/www.comisionporlamemoria.org\/museo-nuevo\/wp-content\/uploads\/sites\/18\/2017\/01\/linea_rayada-1.jpg\u00bb align_tablet=\u00bbcenter\u00bb align_last_edited=\u00bbon|desktop\u00bb _builder_version=\u00bb4.16&#8243; custom_margin=\u00bb0px||0px|\u00bb custom_css_main_element=\u00bbheight: 15px !important;\u00bb animation=\u00bboff\u00bb global_colors_info=\u00bb{}\u00bb theme_builder_area=\u00bbpost_content\u00bb align_phone=\u00bbcenter\u00bb][\/et_pb_image][\/et_pb_column][\/et_pb_row][\/et_pb_section][et_pb_section fb_built=\u00bb1&#8243; _builder_version=\u00bb4.16&#8243; custom_padding=\u00bb30px||0px|\u00bb global_colors_info=\u00bb{}\u00bb theme_builder_area=\u00bbpost_content\u00bb][et_pb_row _builder_version=\u00bb4.18.0&#8243; background_image=\u00bbhttps:\/\/www.comisionporlamemoria.org\/museo\/wp-content\/uploads\/sites\/18\/2021\/04\/portada-una-vida-por-la-paz.jpg\u00bb custom_margin=\u00bb0px||0px|\u00bb custom_padding=\u00bb0px|0px|0px|0px\u00bb hover_enabled=\u00bb0&#8243; global_colors_info=\u00bb{}\u00bb theme_builder_area=\u00bbpost_content\u00bb title_text=\u00bbportada-una-vida-por-la-paz\u00bb sticky_enabled=\u00bb0&#8243;][et_pb_column type=\u00bb4_4&#8243; _builder_version=\u00bb4.16&#8243; background_position=\u00bbtop_left\u00bb custom_padding=\u00bb|||\u00bb global_colors_info=\u00bb{}\u00bb custom_padding__hover=\u00bb|||\u00bb theme_builder_area=\u00bbpost_content\u00bb][et_pb_text module_class=\u00bbcatalogo\u00bb _builder_version=\u00bb4.18.0&#8243; text_text_color=\u00bb#ffffff\u00bb background_color=\u00bbrgba(96,96,96,0.82)\u00bb text_orientation=\u00bbcenter\u00bb background_layout=\u00bbdark\u00bb module_alignment=\u00bbcenter\u00bb custom_margin=\u00bb60px|60px|60px|60px\u00bb custom_padding=\u00bb40px|40px|40px|40px\u00bb hover_enabled=\u00bb0&#8243; global_colors_info=\u00bb{}\u00bb theme_builder_area=\u00bbpost_content\u00bb sticky_enabled=\u00bb0&#8243;]<\/p>\n<h2>muestras exhibidas<\/h2>\n<p>&nbsp;<\/p>\n<h4>40 a\u00f1os \u00abUna vida por la paz\u00bb sobre la vida y lucha de Adolfo P\u00e9rez Esquivel.<\/h4>\n<p>&nbsp;<\/p>\n<h4>El cuarto de Luc\u00eda \u00a0<\/h4>\n<p>&nbsp;<\/p>\n<ul><\/ul>\n<h4>Vihsibles. 40 a\u00f1os de activismo, organizaci\u00f3n y resistencias<span style=\"font-weight: 400;\">.<\/span><\/h4>\n<p>&nbsp;<\/p>\n<p>[\/et_pb_text][\/et_pb_column][\/et_pb_row][\/et_pb_section][et_pb_section fb_built=\u00bb1&#8243; _builder_version=\u00bb4.16&#8243; custom_padding=\u00bb30px||0px|\u00bb global_colors_info=\u00bb{}\u00bb theme_builder_area=\u00bbpost_content\u00bb][et_pb_row _builder_version=\u00bb4.16&#8243; background_size=\u00bbinitial\u00bb background_position=\u00bbtop_left\u00bb background_repeat=\u00bbrepeat\u00bb custom_padding=\u00bb0px||0px|\u00bb global_colors_info=\u00bb{}\u00bb theme_builder_area=\u00bbpost_content\u00bb][et_pb_column type=\u00bb4_4&#8243; _builder_version=\u00bb4.16&#8243; custom_padding=\u00bb|||\u00bb global_colors_info=\u00bb{}\u00bb custom_padding__hover=\u00bb|||\u00bb theme_builder_area=\u00bbpost_content\u00bb][et_pb_image src=\u00bbhttps:\/\/www.comisionporlamemoria.org\/museo-nuevo\/wp-content\/uploads\/sites\/18\/2017\/01\/linea_rayada-1.jpg\u00bb align_tablet=\u00bbcenter\u00bb align_last_edited=\u00bbon|desktop\u00bb _builder_version=\u00bb4.16&#8243; custom_margin=\u00bb0px||0px|\u00bb custom_css_main_element=\u00bbheight: 15px !important;\u00bb animation=\u00bboff\u00bb global_colors_info=\u00bb{}\u00bb theme_builder_area=\u00bbpost_content\u00bb align_phone=\u00bbcenter\u00bb][\/et_pb_image][\/et_pb_column][\/et_pb_row][\/et_pb_section][et_pb_section fb_built=\u00bb1&#8243; _builder_version=\u00bb4.16&#8243; custom_padding=\u00bb40px||0px|\u00bb global_colors_info=\u00bb{}\u00bb theme_builder_area=\u00bbpost_content\u00bb][et_pb_row _builder_version=\u00bb4.16&#8243; background_size=\u00bbinitial\u00bb background_position=\u00bbtop_left\u00bb background_repeat=\u00bbrepeat\u00bb global_colors_info=\u00bb{}\u00bb theme_builder_area=\u00bbpost_content\u00bb][et_pb_column type=\u00bb4_4&#8243; _builder_version=\u00bb4.16&#8243; custom_padding=\u00bb|||\u00bb global_colors_info=\u00bb{}\u00bb custom_padding__hover=\u00bb|||\u00bb theme_builder_area=\u00bbpost_content\u00bb][et_pb_text _builder_version=\u00bb4.18.0&#8243; text_orientation=\u00bbjustified\u00bb custom_padding=\u00bb|10%||10%\u00bb hover_enabled=\u00bb0&#8243; global_colors_info=\u00bb{}\u00bb theme_builder_area=\u00bbpost_content\u00bb sticky_enabled=\u00bb0&#8243;]<\/p>\n<p style=\"text-align: justify;\"><span style=\"font-weight: 400;\">Desde 2020 a 2021, se realiz\u00f3 el montaje en salas de las obras donadas a la CPM. Junto a estas obras se inaugur\u00f3 la instalaci\u00f3n interactiva permanente dise\u00f1ada y realizada por el grupo Biopus junto a otros artistas.<\/span> <b><i>Se revelan, se rebelan<\/i><\/b><span style=\"font-weight: 400;\">, se trata de un fichero que, mediante la t\u00e9cnica de videomapping, despliega sobre las paredes de la sala distintas fotograf\u00edas, afiches, recortes de prensa y otras im\u00e1genes que se encuentran en el archivo de la DIPPBA. Estas salas cuentan con audio gu\u00edas (digitalizadas en c\u00f3digos QR) para ni\u00f1os y adultos que facilitan a los visitantes realizar el recorrido del gui\u00f3n de las muestras, a trav\u00e9s de sus dispositivos celulares.<\/span><\/p>\n<p style=\"text-align: justify;\"><span style=\"font-weight: 400;\">La agenda de exhibici\u00f3n del museo estuvo marcada por las siguientes muestras temporales:\u00a0<\/span><\/p>\n<p style=\"text-align: justify;\"><b><i>40 a\u00f1os \u00abUna vida por la paz\u00bb sobre la vida y lucha de Adolfo P\u00e9rez Esquivel. <\/i><\/b><span style=\"font-weight: 400;\">La muestra recorre las m\u00faltiples dimensiones de su vida de lucha junto a los pueblos latinoamericanos y por la vigencia de los derechos humanos.\u00a0<\/span><\/p>\n<p style=\"text-align: justify;\"><b><i>El cuarto de Luc\u00eda <\/i><\/b><span style=\"font-weight: 400;\">una instalaci\u00f3n que reproduce la habitaci\u00f3n de la joven de 16 a\u00f1os, asesinada en Mar del Plata en 2016. La muestra, con los objetos personales de Luc\u00eda, fue creada por su madre Marta Montero y la escritora Claudia Acu\u00f1a e inaugurada en febrero de este a\u00f1o.<\/span><span style=\"font-weight: 400;\"> La muestra fue presentada <\/span><span style=\"font-weight: 400;\">Junto a la Campa\u00f1a nacional <\/span><i><span style=\"font-weight: 400;\">Somos Luc\u00eda<\/span><\/i><span style=\"font-weight: 400;\">, la revista Mu y el Ministerio de mujeres, pol\u00edticas de g\u00e9nero y diversidad sexual de Buenos Aires.<\/span><\/p>\n<p style=\"text-align: justify;\"><b><i>Vihsibles. 40 a\u00f1os de activismo, organizaci\u00f3n y resistencias<\/i><\/b><span style=\"font-weight: 400;\">. Realizada a 40 a\u00f1os del inicio de la pandemia del VIH, junto a organizaciones de personas que viven con VIH y el Ministerio de Salud bonaerense.\u00a0 Participaron la Fundaci\u00f3n GEP, la Red Bonaerense de Personas Viviendo con VIH, Chesida Facso, Ser humano +, Conciencia Joven, Red Argentina de J\u00f3venes y Adolescentes Positivos, FUNDAMIND y la C\u00e1tedra Libre Sexualidades, g\u00e9nero y derechos Humanos. Facultad de Ciencias Sociales. UNICEN<\/span><\/p>\n<p>[\/et_pb_text][\/et_pb_column][\/et_pb_row][\/et_pb_section][et_pb_section fb_built=\u00bb1&#8243; _builder_version=\u00bb4.16&#8243; custom_padding=\u00bb0px||0px|\u00bb global_colors_info=\u00bb{}\u00bb theme_builder_area=\u00bbpost_content\u00bb][et_pb_row _builder_version=\u00bb4.16&#8243; background_size=\u00bbinitial\u00bb background_position=\u00bbtop_left\u00bb background_repeat=\u00bbrepeat\u00bb custom_margin=\u00bb0px||0px|\u00bb custom_padding=\u00bb0px||0px|\u00bb global_colors_info=\u00bb{}\u00bb theme_builder_area=\u00bbpost_content\u00bb][et_pb_column type=\u00bb4_4&#8243; _builder_version=\u00bb4.16&#8243; custom_padding=\u00bb|||\u00bb global_colors_info=\u00bb{}\u00bb custom_padding__hover=\u00bb|||\u00bb theme_builder_area=\u00bbpost_content\u00bb][et_pb_divider color=\u00bb#00cf9c\u00bb divider_position=\u00bbcenter\u00bb disabled_on=\u00bbon|on|off\u00bb _builder_version=\u00bb4.16&#8243; global_colors_info=\u00bb{}\u00bb theme_builder_area=\u00bbpost_content\u00bb][\/et_pb_divider][\/et_pb_column][\/et_pb_row][\/et_pb_section]<\/p>\n","protected":false},"excerpt":{"rendered":"<p>CAT\u00c1LOGO DEL MAM Las muestras de este a\u00f1o se cruzan en un punto, en todos los casos nacen de una historia de resistencia y organizaci\u00f3n. La lucha de una vida por la paz, el pedido de justicia de una familia ante un femicidio, las batallas por desestigmatizar y hacer valer los derechos de las personas [&hellip;]<\/p>\n","protected":false},"author":40,"featured_media":0,"comment_status":"open","ping_status":"closed","template":"","meta":{"_et_pb_use_builder":"on","_et_pb_old_content":"","_et_gb_content_width":"","jetpack_post_was_ever_published":false,"footnotes":""},"project_category":[28],"project_tag":[],"class_list":["post-45749","project","type-project","status-publish","hentry","project_category-catalogo-del-mam"],"jetpack_sharing_enabled":true,"_links":{"self":[{"href":"https:\/\/www.comisionporlamemoria.org\/museo\/wp-json\/wp\/v2\/project\/45749","targetHints":{"allow":["GET"]}}],"collection":[{"href":"https:\/\/www.comisionporlamemoria.org\/museo\/wp-json\/wp\/v2\/project"}],"about":[{"href":"https:\/\/www.comisionporlamemoria.org\/museo\/wp-json\/wp\/v2\/types\/project"}],"author":[{"embeddable":true,"href":"https:\/\/www.comisionporlamemoria.org\/museo\/wp-json\/wp\/v2\/users\/40"}],"replies":[{"embeddable":true,"href":"https:\/\/www.comisionporlamemoria.org\/museo\/wp-json\/wp\/v2\/comments?post=45749"}],"version-history":[{"count":0,"href":"https:\/\/www.comisionporlamemoria.org\/museo\/wp-json\/wp\/v2\/project\/45749\/revisions"}],"wp:attachment":[{"href":"https:\/\/www.comisionporlamemoria.org\/museo\/wp-json\/wp\/v2\/media?parent=45749"}],"wp:term":[{"taxonomy":"project_category","embeddable":true,"href":"https:\/\/www.comisionporlamemoria.org\/museo\/wp-json\/wp\/v2\/project_category?post=45749"},{"taxonomy":"project_tag","embeddable":true,"href":"https:\/\/www.comisionporlamemoria.org\/museo\/wp-json\/wp\/v2\/project_tag?post=45749"}],"curies":[{"name":"wp","href":"https:\/\/api.w.org\/{rel}","templated":true}]}}