{"id":47010,"date":"2023-06-13T14:21:09","date_gmt":"2023-06-13T14:21:09","guid":{"rendered":"https:\/\/www.comisionporlamemoria.org\/museo\/?post_type=project&#038;p=47010"},"modified":"2026-03-26T12:30:20","modified_gmt":"2026-03-26T12:30:20","slug":"violencias-2","status":"publish","type":"project","link":"https:\/\/www.comisionporlamemoria.org\/museo\/project\/violencias-2\/","title":{"rendered":"Violencias"},"content":{"rendered":"<p>[et_pb_section fb_built=\u00bb1&#8243; admin_label=\u00bbsection\u00bb _builder_version=\u00bb4.16&#8243; background_image=\u00bbhttps:\/\/www.comisionporlamemoria.org\/museo-nuevo\/wp-content\/uploads\/sites\/18\/2017\/01\/COLOURlovers.com-Thin_lines_2.png\u00bb custom_padding=\u00bb0px||0px|\u00bb transparent_background=\u00bboff\u00bb global_colors_info=\u00bb{}\u00bb][et_pb_row column_structure=\u00bb1_2,1_2&#8243; admin_label=\u00bbrow\u00bb _builder_version=\u00bb4.16&#8243; background_size=\u00bbinitial\u00bb background_position=\u00bbtop_left\u00bb background_repeat=\u00bbrepeat\u00bb custom_margin=\u00bb0px||0px|\u00bb custom_padding=\u00bb0px||0px|\u00bb global_colors_info=\u00bb{}\u00bb][et_pb_column type=\u00bb1_2&#8243; _builder_version=\u00bb4.16&#8243; custom_padding=\u00bb|||\u00bb global_colors_info=\u00bb{}\u00bb custom_padding__hover=\u00bb|||\u00bb][et_pb_post_title meta=\u00bboff\u00bb featured_image=\u00bboff\u00bb text_color=\u00bblight\u00bb _builder_version=\u00bb4.16&#8243; title_font=\u00bb|on||on|\u00bb background_color=\u00bb#00cf9c\u00bb custom_margin=\u00bb70px||0px|\u00bb custom_padding=\u00bb13px||0px|13px\u00bb parallax_effect=\u00bboff\u00bb module_bg_color=\u00bb#00cf9c\u00bb use_border_color=\u00bboff\u00bb border_color=\u00bb#ffffff\u00bb border_style=\u00bbsolid\u00bb global_colors_info=\u00bb{}\u00bb][\/et_pb_post_title][et_pb_text _builder_version=\u00bb4.21.0&#8243; _module_preset=\u00bbdefault\u00bb text_font=\u00bb|600||on|||||\u00bb text_text_color=\u00bb#FFFFFF\u00bb text_font_size=\u00bb20px\u00bb background_color=\u00bb#6B6B6B\u00bb custom_padding=\u00bb2%|2%|2%|2%|false|false\u00bb global_colors_info=\u00bb{}\u00bb]Argentina 1980-2003[\/et_pb_text][\/et_pb_column][et_pb_column type=\u00bb1_2&#8243; _builder_version=\u00bb4.16&#8243; custom_padding=\u00bb|||\u00bb global_colors_info=\u00bb{}\u00bb custom_padding__hover=\u00bb|||\u00bb][\/et_pb_column][\/et_pb_row][\/et_pb_section][et_pb_section fb_built=\u00bb1&#8243; _builder_version=\u00bb4.16&#8243; custom_padding=\u00bb30px||30px|\u00bb transparent_background=\u00bboff\u00bb global_colors_info=\u00bb{}\u00bb][et_pb_row column_structure=\u00bb2_3,1_3&#8243; use_custom_gutter=\u00bbon\u00bb gutter_width=\u00bb2&#8243; _builder_version=\u00bb4.16&#8243; background_size=\u00bbinitial\u00bb background_position=\u00bbtop_left\u00bb background_repeat=\u00bbrepeat\u00bb custom_padding=\u00bb0px||0px|\u00bb global_colors_info=\u00bb{}\u00bb][et_pb_column type=\u00bb2_3&#8243; _builder_version=\u00bb4.16&#8243; custom_padding=\u00bb|||\u00bb global_colors_info=\u00bb{}\u00bb custom_padding__hover=\u00bb|||\u00bb][et_pb_text _builder_version=\u00bb4.27.4&#8243; custom_margin=\u00bb0px||0px|\u00bb custom_padding=\u00bb0px|0px|0px|0px\u00bb hover_enabled=\u00bb0&#8243; z_index_tablet=\u00bb500&#8243; use_border_color=\u00bboff\u00bb border_color=\u00bb#ffffff\u00bb border_style=\u00bbsolid\u00bb global_colors_info=\u00bb{}\u00bb sticky_enabled=\u00bb0&#8243;]<\/p>\n<p style=\"text-align: justify;\"><strong>Violencias<\/strong> es una muestra fotogr\u00e1fica de Eduardo Longoni, un ensayo que fluye en el devenir de la violencia institucional.<\/p>\n<p style=\"text-align: justify;\">El instante preciso donde la mirada se detiene en un acontecimiento, lo capta con la c\u00e1mara, y convierte a la obra en testimonio de la innombrable brutalidad.<\/p>\n<p style=\"text-align: justify;\">En la arquitectura del relato que realiza Longoni, se visualizan los sucesos m\u00e1s relevantes de violencia padecidos en el transcurso de la \u00faltima dictadura militar hasta la crisis del 2001, el tiempo de una historia colectiva marcada por el horror.<\/p>\n<p style=\"text-align: justify;\">La muestra expone la violencia expl\u00edcita ejercida sobre las v\u00edctimas a trav\u00e9s de la represi\u00f3n y el asesinato, y la violencia subrepticia de las miradas, los uniformes y la postura de poder de los genocidas; violencia producida a trav\u00e9s de las pol\u00edticas econ\u00f3micas perpetradoras del hambre; la guerra de Malvinas, la impunidad de los atentados a la Embajada de Israel y la AMIA; el dolor de la v\u00edctima que vuelve a recorrer los Centros Clandestinos de Detenci\u00f3n donde padeci\u00f3 la tortura.<\/p>\n<p style=\"text-align: justify;\">Una obra para sensibilizarnos, para observar las m\u00faltiples dimensiones de la violencia, para manifestar -no hay lugar para el olvido.<\/p>\n<p><span style=\"color: #00cf9c;\"><strong>COMPOSICI\u00d3N DE LA MUESTRA<\/strong><\/span><\/p>\n<p><strong>Versi\u00f3n PVC enmarcada<\/strong><\/p>\n<ul>\n<li style=\"font-weight: 400;\" aria-level=\"1\"><span style=\"font-weight: 400;\">16 fotograf\u00edas\u00a0 en blanco y negro montadas sobre PVC enmarcado de 62 x 41 cm<\/span><\/li>\n<li style=\"font-weight: 400;\" aria-level=\"1\"><span style=\"font-weight: 400;\">5 fotograf\u00edas en blanco y negro montadas sobre PVC enmarcado de 51 x 41 cm<\/span><\/li>\n<li style=\"font-weight: 400;\" aria-level=\"1\"><span style=\"font-weight: 400;\">Texto curatorial sobre foamboard PVC\u00a0 21 x 30 cm\u00a0<\/span><\/li>\n<li style=\"font-weight: 400;\" aria-level=\"1\"><span style=\"font-weight: 400;\">Ep\u00edgrafes en foamboard\u00a0<\/span><\/li>\n<li style=\"font-weight: 400;\" aria-level=\"1\"><span style=\"font-weight: 400;\">Texto institucional CPM en PVC<\/span><\/li>\n<\/ul>\n<p><span style=\"font-weight: 400;\">Total: 21 fotograf\u00edas<\/span><\/p>\n<p><span style=\"font-weight: 400;\"><\/span><\/p>\n<p><strong>Versi\u00f3n Impresi\u00f3n Vinilo sobre PVC<\/strong><\/p>\n<ul>\n<li style=\"font-weight: 400;\" aria-level=\"1\"><span style=\"font-weight: 400;\">21 fotograf\u00edas impresas en vinilo montado en PVC de 10 mm.\u00a0<\/span><\/li>\n<li style=\"font-weight: 400;\" aria-level=\"1\"><span style=\"font-weight: 400;\">Tama\u00f1o de cada pieza: 40 x 50 cm<\/span><\/li>\n<li style=\"font-weight: 400;\" aria-level=\"1\"><span style=\"font-weight: 400;\">Texto Curatorial<\/span><\/li>\n<li style=\"font-weight: 400;\" aria-level=\"1\"><span style=\"font-weight: 400;\">Texto Institucional<\/span><\/li>\n<\/ul>\n<p>&nbsp;<\/p>\n<p>&nbsp;<\/p>\n<p>[\/et_pb_text][\/et_pb_column][et_pb_column type=\u00bb1_3&#8243; _builder_version=\u00bb4.16&#8243; custom_padding=\u00bb|||\u00bb global_colors_info=\u00bb{}\u00bb custom_padding__hover=\u00bb|||\u00bb][et_pb_image src=\u00bbhttps:\/\/www.comisionporlamemoria.org\/museo\/wp-content\/uploads\/sites\/18\/2023\/06\/Militares.jpg\u00bb alt=\u00bbMilitares &#8211; Eduardo Longoni\u00bb title_text=\u00bbMilitares\u00bb align=\u00bbcenter\u00bb force_fullwidth=\u00bbon\u00bb align_tablet=\u00bbcenter\u00bb align_phone=\u00bbcenter\u00bb align_last_edited=\u00bbon|desktop\u00bb _builder_version=\u00bb4.20.4&#8243; custom_margin=\u00bb||0px|\u00bb z_index_tablet=\u00bb500&#8243; use_border_color=\u00bboff\u00bb border_color=\u00bb#ffffff\u00bb border_style=\u00bbsolid\u00bb animation=\u00bboff\u00bb sticky=\u00bboff\u00bb global_colors_info=\u00bb{}\u00bb][\/et_pb_image][et_pb_button button_url=\u00bbhttps:\/\/www.comisionporlamemoria.org\/museo\/project\/violencias\/\u00bb url_new_window=\u00bbon\u00bb button_text=\u00bbVer muestra digital\u00bb button_alignment=\u00bbleft\u00bb admin_label=\u00bbBot\u00f3n\u00bb _builder_version=\u00bb4.21.0&#8243; custom_button=\u00bbon\u00bb button_text_size=\u00bb16&#8243; button_text_color=\u00bb#ffffff\u00bb button_bg_color=\u00bb#00cf9c\u00bb button_border_width=\u00bb0&#8243; button_border_radius=\u00bb0&#8243; button_font=\u00bb|||on|\u00bb button_icon=\u00bb&#x3d;||divi||400&#8243; button_icon_color=\u00bb#ffffff\u00bb button_letter_spacing_hover=\u00bb0&#8243; saved_tabs=\u00bball\u00bb global_colors_info=\u00bb{}\u00bb button_text_size__hover_enabled=\u00bboff\u00bb button_one_text_size__hover_enabled=\u00bboff\u00bb button_two_text_size__hover_enabled=\u00bboff\u00bb button_text_color__hover_enabled=\u00bboff\u00bb button_one_text_color__hover_enabled=\u00bboff\u00bb button_two_text_color__hover_enabled=\u00bboff\u00bb button_border_width__hover_enabled=\u00bboff\u00bb button_one_border_width__hover_enabled=\u00bboff\u00bb button_two_border_width__hover_enabled=\u00bboff\u00bb button_border_color__hover_enabled=\u00bboff\u00bb button_one_border_color__hover_enabled=\u00bboff\u00bb button_two_border_color__hover_enabled=\u00bboff\u00bb button_border_radius__hover_enabled=\u00bboff\u00bb button_one_border_radius__hover_enabled=\u00bboff\u00bb button_two_border_radius__hover_enabled=\u00bboff\u00bb button_letter_spacing__hover_enabled=\u00bbon\u00bb button_letter_spacing__hover=\u00bb0&#8243; button_one_letter_spacing__hover_enabled=\u00bboff\u00bb button_two_letter_spacing__hover_enabled=\u00bboff\u00bb button_bg_color__hover_enabled=\u00bboff\u00bb button_one_bg_color__hover_enabled=\u00bboff\u00bb button_two_bg_color__hover_enabled=\u00bboff\u00bb][\/et_pb_button][\/et_pb_column][\/et_pb_row][\/et_pb_section][et_pb_section fb_built=\u00bb1&#8243; disabled_on=\u00bboff|off|off\u00bb _builder_version=\u00bb4.16&#8243; custom_padding=\u00bb0px|0px|0px|0px\u00bb global_module=\u00bb45896&#8243; global_colors_info=\u00bb{}\u00bb][et_pb_row column_structure=\u00bb2_3,1_3&#8243; _builder_version=\u00bb4.16&#8243; background_color=\u00bb#eeeeee\u00bb background_size=\u00bbinitial\u00bb background_position=\u00bbtop_left\u00bb background_repeat=\u00bbrepeat\u00bb custom_padding=\u00bb27px|0px|13px|0px\u00bb global_colors_info=\u00bb{}\u00bb][et_pb_column type=\u00bb2_3&#8243; _builder_version=\u00bb4.16&#8243; custom_padding=\u00bb|||\u00bb global_colors_info=\u00bb{}\u00bb custom_padding__hover=\u00bb|||\u00bb][et_pb_button button_url=\u00bbmailto:museo@comisionporlamemoria.org\u00bb url_new_window=\u00bbon\u00bb button_text=\u00bbSolicit\u00e1 la muestra\u00bb button_alignment=\u00bbleft\u00bb _builder_version=\u00bb4.16&#8243; custom_button=\u00bbon\u00bb button_text_size=\u00bb16&#8243; button_text_color=\u00bb#ffffff\u00bb button_bg_color=\u00bb#ff3f8e\u00bb button_border_width=\u00bb0&#8243; button_border_radius=\u00bb0&#8243; button_font=\u00bb|||on|||||\u00bb button_icon=\u00bb&#x3d;||divi||400&#8243; button_icon_color=\u00bb#ffffff\u00bb custom_margin=\u00bb|||\u00bb custom_padding=\u00bb|||\u00bb global_colors_info=\u00bb{}\u00bb button_text_size__hover_enabled=\u00bboff\u00bb button_text_size__hover=\u00bbnull\u00bb button_one_text_size__hover_enabled=\u00bboff\u00bb button_one_text_size__hover=\u00bbnull\u00bb button_two_text_size__hover_enabled=\u00bboff\u00bb button_two_text_size__hover=\u00bbnull\u00bb button_text_color__hover_enabled=\u00bboff\u00bb button_text_color__hover=\u00bbnull\u00bb button_one_text_color__hover_enabled=\u00bboff\u00bb button_one_text_color__hover=\u00bbnull\u00bb button_two_text_color__hover_enabled=\u00bboff\u00bb button_two_text_color__hover=\u00bbnull\u00bb button_border_width__hover_enabled=\u00bboff\u00bb button_border_width__hover=\u00bbnull\u00bb button_one_border_width__hover_enabled=\u00bboff\u00bb button_one_border_width__hover=\u00bbnull\u00bb button_two_border_width__hover_enabled=\u00bboff\u00bb button_two_border_width__hover=\u00bbnull\u00bb button_border_color__hover_enabled=\u00bboff\u00bb button_border_color__hover=\u00bbnull\u00bb button_one_border_color__hover_enabled=\u00bboff\u00bb button_one_border_color__hover=\u00bbnull\u00bb button_two_border_color__hover_enabled=\u00bboff\u00bb button_two_border_color__hover=\u00bbnull\u00bb button_border_radius__hover_enabled=\u00bboff\u00bb button_border_radius__hover=\u00bbnull\u00bb button_one_border_radius__hover_enabled=\u00bboff\u00bb button_one_border_radius__hover=\u00bbnull\u00bb button_two_border_radius__hover_enabled=\u00bboff\u00bb button_two_border_radius__hover=\u00bbnull\u00bb button_letter_spacing__hover_enabled=\u00bboff\u00bb button_letter_spacing__hover=\u00bbnull\u00bb button_one_letter_spacing__hover_enabled=\u00bboff\u00bb button_one_letter_spacing__hover=\u00bbnull\u00bb button_two_letter_spacing__hover_enabled=\u00bboff\u00bb button_two_letter_spacing__hover=\u00bbnull\u00bb button_bg_color__hover_enabled=\u00bboff\u00bb button_bg_color__hover=\u00bbnull\u00bb button_one_bg_color__hover_enabled=\u00bboff\u00bb button_one_bg_color__hover=\u00bbnull\u00bb button_two_bg_color__hover_enabled=\u00bboff\u00bb button_two_bg_color__hover=\u00bbnull\u00bb]<\/p>\n<p>&nbsp;<\/p>\n<p>[\/et_pb_button][et_pb_text _builder_version=\u00bb4.17.6&#8243; custom_margin=\u00bb|||20px\u00bb global_colors_info=\u00bb{}\u00bb]<\/p>\n<blockquote>\n<p>Para m\u00e1s informaci\u00f3n comunicate con el MAM:<\/p>\n<p>Tel.: <span style=\"font-size: medium;\">(0221) 426-2983<\/span><\/p>\n<p>E-mail:\u00a0<a href=\"mailto:museo@comisionporlamemoria.org\">museo@comisionporlamemoria.org<\/a><\/p>\n<\/blockquote>\n<p>[\/et_pb_text][\/et_pb_column][et_pb_column type=\u00bb1_3&#8243; _builder_version=\u00bb4.16&#8243; custom_padding=\u00bb|||\u00bb global_colors_info=\u00bb{}\u00bb custom_padding__hover=\u00bb|||\u00bb][\/et_pb_column][\/et_pb_row][\/et_pb_section]<\/p>\n","protected":false},"excerpt":{"rendered":"<p>Argentina 1980-2003<\/p>\n","protected":false},"author":40,"featured_media":47027,"comment_status":"open","ping_status":"closed","template":"","meta":{"_et_pb_use_builder":"on","_et_pb_old_content":"","_et_gb_content_width":"","jetpack_post_was_ever_published":false,"footnotes":""},"project_category":[12],"project_tag":[],"class_list":["post-47010","project","type-project","status-publish","has-post-thumbnail","hentry","project_category-muestras-itinerantes"],"jetpack_sharing_enabled":true,"_links":{"self":[{"href":"https:\/\/www.comisionporlamemoria.org\/museo\/wp-json\/wp\/v2\/project\/47010","targetHints":{"allow":["GET"]}}],"collection":[{"href":"https:\/\/www.comisionporlamemoria.org\/museo\/wp-json\/wp\/v2\/project"}],"about":[{"href":"https:\/\/www.comisionporlamemoria.org\/museo\/wp-json\/wp\/v2\/types\/project"}],"author":[{"embeddable":true,"href":"https:\/\/www.comisionporlamemoria.org\/museo\/wp-json\/wp\/v2\/users\/40"}],"replies":[{"embeddable":true,"href":"https:\/\/www.comisionporlamemoria.org\/museo\/wp-json\/wp\/v2\/comments?post=47010"}],"version-history":[{"count":0,"href":"https:\/\/www.comisionporlamemoria.org\/museo\/wp-json\/wp\/v2\/project\/47010\/revisions"}],"wp:featuredmedia":[{"embeddable":true,"href":"https:\/\/www.comisionporlamemoria.org\/museo\/wp-json\/wp\/v2\/media\/47027"}],"wp:attachment":[{"href":"https:\/\/www.comisionporlamemoria.org\/museo\/wp-json\/wp\/v2\/media?parent=47010"}],"wp:term":[{"taxonomy":"project_category","embeddable":true,"href":"https:\/\/www.comisionporlamemoria.org\/museo\/wp-json\/wp\/v2\/project_category?post=47010"},{"taxonomy":"project_tag","embeddable":true,"href":"https:\/\/www.comisionporlamemoria.org\/museo\/wp-json\/wp\/v2\/project_tag?post=47010"}],"curies":[{"name":"wp","href":"https:\/\/api.w.org\/{rel}","templated":true}]}}