{"id":49132,"date":"2025-03-11T17:14:44","date_gmt":"2025-03-11T17:14:44","guid":{"rendered":"https:\/\/www.comisionporlamemoria.org\/museo\/?post_type=project&#038;p=49132"},"modified":"2025-06-26T14:42:59","modified_gmt":"2025-06-26T14:42:59","slug":"antes-y-despues-de-la-ausencia-p-o-d-e-m-o-s-c-o-n-t-a-r-l-a-s","status":"publish","type":"project","link":"https:\/\/www.comisionporlamemoria.org\/museo\/project\/antes-y-despues-de-la-ausencia-p-o-d-e-m-o-s-c-o-n-t-a-r-l-a-s\/","title":{"rendered":"Antes y despu\u00e9s de la ausencia P O D E M O S  C O N\u00a0T\u00a0A\u00a0R\u00a0L\u00a0A\u00a0S"},"content":{"rendered":"<p>[et_pb_section fb_built=\u00bb1&#8243; _builder_version=\u00bb4.27.4&#8243; _module_preset=\u00bbdefault\u00bb background_enable_image=\u00bboff\u00bb custom_margin=\u00bb0px|0px|0px|0px|false|false\u00bb custom_padding=\u00bb0px|0px|0px|0px|false|false\u00bb global_colors_info=\u00bb{}\u00bb][et_pb_row use_custom_gutter=\u00bbon\u00bb gutter_width=\u00bb1&#8243; _builder_version=\u00bb4.27.4&#8243; _module_preset=\u00bbdefault\u00bb width=\u00bb100%\u00bb max_width=\u00bb100%\u00bb custom_margin=\u00bb0px|0px|0px|0px|false|false\u00bb custom_padding=\u00bb0px|0px|0px|0px|false|false\u00bb global_colors_info=\u00bb{}\u00bb][et_pb_column type=\u00bb4_4&#8243; _builder_version=\u00bb4.27.4&#8243; _module_preset=\u00bbdefault\u00bb global_colors_info=\u00bb{}\u00bb][et_pb_image src=\u00bbhttps:\/\/www.comisionporlamemoria.org\/museo\/wp-content\/uploads\/sites\/18\/2025\/03\/podemos-contarlas-scaled.jpg\u00bb title_text=\u00bbpodemos contarlas\u00bb _builder_version=\u00bb4.27.4&#8243; _module_preset=\u00bbdefault\u00bb custom_margin=\u00bb0px|0px|0px|0px|false|false\u00bb custom_padding=\u00bb0px|0px|0px|0px|false|false\u00bb global_colors_info=\u00bb{}\u00bb][\/et_pb_image][\/et_pb_column][\/et_pb_row][\/et_pb_section][et_pb_section fb_built=\u00bb1&#8243; _builder_version=\u00bb4.16&#8243; custom_padding=\u00bb30px||30px|\u00bb global_colors_info=\u00bb{}\u00bb][et_pb_row _builder_version=\u00bb4.27.4&#8243; background_color=\u00bb#355584&#8243; background_size=\u00bbinitial\u00bb background_position=\u00bbtop_left\u00bb background_repeat=\u00bbrepeat\u00bb custom_padding=\u00bb2%|2%|2%|2%|false|false\u00bb global_colors_info=\u00bb{}\u00bb][et_pb_column type=\u00bb4_4&#8243; _builder_version=\u00bb4.16&#8243; custom_padding=\u00bb|||\u00bb global_colors_info=\u00bb{}\u00bb custom_padding__hover=\u00bb|||\u00bb][et_pb_tabs active_tab_text_color=\u00bb#355584&#8243; _builder_version=\u00bb4.27.4&#8243; _module_preset=\u00bbdefault\u00bb tab_text_color=\u00bb#355584&#8243; hover_enabled=\u00bb0&#8243; global_colors_info=\u00bb{}\u00bb sticky_enabled=\u00bb0&#8243;][et_pb_tab title=\u00bbESPA\u00d1OL\u00bb _builder_version=\u00bb4.27.4&#8243; _module_preset=\u00bbdefault\u00bb hover_enabled=\u00bb0&#8243; global_colors_info=\u00bb{}\u00bb sticky_enabled=\u00bb0&#8243;]<\/p>\n<p style=\"text-align: justify;\"><strong>MARZO &#8211; ACTUALIDAD<\/strong><\/p>\n<p style=\"text-align: justify;\"><strong><\/strong><\/p>\n<p>\u00bfQui\u00e9nes eran? \u00bfC\u00f3mo llegaron a ser lo que fueron?<\/p>\n<p>\u00bfC\u00f3mo se definen los contornos de la identidad y sus contenidos? \u00bfC\u00f3mo se registra la transformaci\u00f3n de una vida? \u00bfQu\u00e9 queda de lo que fuimos? \u00bfC\u00f3mo nos constituyen las miradas de los dem\u00e1s que nos condenan? \u00bfC\u00f3mo nos configuran los que se nos parecen? \u00bfEs la historia la que nos condiciona o somos quienes hacemos la historia?<\/p>\n<p>Fueron las \u201clocas de la Plaza\u201d, las \u201cmadres y familiares de terroristas\u201d, las responsables de una \u201ccampa\u00f1a anti argentina\u201d, las que no hab\u00edan cuidado a sus hijos. Fueron tambi\u00e9n las abrazadas por el pueblo, legitimadas oficialmente y reconocidas por distintas generaciones. Hoy vuelven a sufrir el embate de una mirada que intenta ponerlas en el lado oscuro de la historia, son \u201cchorras\u201d, \u201cmentirosas\u201d, tergiversadoras de la historia. Pero ellas son lo que fueron, lo que hicieron de su vida, atravesadas por la violencia pero tambi\u00e9n por la solidaridad, el amor y la capacidad de hacer con los dem\u00e1s. Cruzaron la frontera y fueron parte de la historia, la mejor de nuestras historias, la de la resistencia, la de la lucha colectiva, la de so\u00f1ar y trabajar para un mundo m\u00e1s justo.<\/p>\n<p><strong>El mundo camina\u00a0<\/strong><\/p>\n<p>\u00bfEn qu\u00e9 momento el boceto torpe de un poema se convierte en el \u00faltimo escrito y en documento hist\u00f3rico?<\/p>\n<p>\u00bfPor qu\u00e9 cobra inmensidad un telegrama que s\u00f3lo dice \u201cllegamos bien\u201d?<\/p>\n<p>\u00bfQu\u00e9 tipo de belleza recubre el molde de un corpi\u00f1o trazado a mano, un tablero con n\u00fameros del sorteo de una camisola de jean bordado, o libros de viaje con anotaciones de ideas, gastos, itinerarios, preguntas?<\/p>\n<p>\u00bfQu\u00e9 instantes de dolor, de lucha, de alegr\u00eda quedaron atrapados en esas fotos caseras?<\/p>\n<p><em>Podemos contarlas<\/em> est\u00e1 integrada por archivos de mujeres atravesadas por la desaparici\u00f3n de un familiar durante la \u00faltima dictadura militar. Mujeres que dejaron en suspenso parte de su vida para transformarse en otras.<\/p>\n<p>Mujeres que eran estudiantes, trabajadoras, profesionales, amas de casa, madres, hermanas, compa\u00f1eras, abuelas, ni\u00f1as, costureras, cocineras, creyentes, agn\u00f3sticas, dibujantes, actrices, militantes. Y tambi\u00e9n fueron viajeras, escribientes, comunicadoras, detectives, caminantes. Se organizaron y transformaron su reclamo individual en una lucha colectiva.<\/p>\n<p>En el camino del reclamo fueron atesorando cartas, escritos, fotos, afiches, volantes y notas period\u00edsticas que dan cuenta de la b\u00fasqueda personal pero tambi\u00e9n de sus vidas pasadas y de sus acciones posteriores a la desaparici\u00f3n. Los documentos nos dicen acerca de los modos de mirar, de contarse, de indagar, de callar, de ocultar, de gritar, de amar.<\/p>\n<p>\u00bfQu\u00e9 guardaron y para qui\u00e9n? \u00bfQu\u00e9 objetos y documentos narran la existencia del trauma? \u00bfQu\u00e9 dimensiones pol\u00edticas habitan lo dom\u00e9stico? \u00bfC\u00f3mo lo privado ti\u00f1e lo p\u00fablico?<\/p>\n<p>Estos archivos personales muestran la minuciosidad con la que guardaron copias de las cartas enviadas, las respuestas siempre insuficientes, las presentaciones judiciales, las anotaciones en trozos de papel, los reclamos a la dictadura primero y a los gobiernos democr\u00e1ticos despu\u00e9s. Desde el grito desesperado, <em>d\u00f3nde est\u00e1n<\/em> y <em>aparici\u00f3n con vida,<\/em> hasta la b\u00fasqueda persistente de verdad, justicia y memoria.<\/p>\n<p>&nbsp;<\/p>\n<p><strong><em>Podemos contarlas<\/em><\/strong> exhibe documentos de los archivos personales de:<\/p>\n<p><strong>Nora Morales de Corti\u00f1as <\/strong>(hijo: Gustavo Corti\u00f1as, desaparecido el 15\/04\/1977).<\/p>\n<p><strong>Mabel Penette de Guti\u00e9rrez<\/strong> (hijo: Alejandro Guti\u00e9rrez, desaparecido el 24\/07\/1978).<\/p>\n<p><strong>Rosa Tarlovsky de Roisinblit<\/strong> (hija: Patricia Roisinblit, desaparecida el 8\/10\/1978 y su nieto nacido en cautiverio, Guillermo Rodolfo Fernando P\u00e9rez Roisinblit, y recuperado en 2004).<\/p>\n<p><strong>Isabel \u201cChicha\u201d Chorobik de Mariani<\/strong> (nieta: Clara Anah\u00ed Mariani, desaparecida el 24\/11\/1976)<\/p>\n<p><strong>Matilde \u201cSacha\u201d Artes Company<\/strong> (hija: Graciela desaparecida el 2\/4\/1976 junto a su hija Carla Rutila Art\u00e9s, restituida en 1985).<\/p>\n<p><strong>Olga Martegani de Garc\u00eda<\/strong> (hijo: Alejandro Garc\u00eda, desaparecido el 16\/3\/1977).<\/p>\n<p><strong>Mercedes Lagrava de Mart\u00ednez, <\/strong>(hijo: Atilio Mart\u00ednez Lagrava, desaparecido el 21\/6\/1977).<\/p>\n<p><strong>Mar\u00eda Isabel Catt\u00e1neo de Gonz\u00e1lez<\/strong> (hermano: Atilio Jorge Catt\u00e1neo, desaparecido el 4\/01\/1977).<\/p>\n<p><strong>Adelina Dematti de Alaye<\/strong> (hijo: Carlos Esteban Alaye, desaparecido el 5\/5\/1977).<\/p>\n<p>&nbsp;<\/p>\n<p>[\/et_pb_tab][et_pb_tab title=\u00bbENGLISH\u00bb _builder_version=\u00bb4.27.4&#8243; _module_preset=\u00bbdefault\u00bb hover_enabled=\u00bb0&#8243; global_colors_info=\u00bb{}\u00bb sticky_enabled=\u00bb0&#8243;]<\/p>\n<p style=\"text-align: justify;\"><strong>MARCH &#8211; CURRENTLY<\/strong><\/p>\n<p style=\"text-align: justify;\"><strong><\/strong><\/p>\n<p><span style=\"font-weight: 400;\">Who were they? How did they become what they were? How are the contours of identity and its contents defined? How is the transformation of a life recorded? What remains of what we were? How do the gazes of others who condemn us constitute us? How do those who look like us shape us? Does history condition us, or are we the ones who make history?<\/span><\/p>\n<p>&nbsp;<\/p>\n<p><span style=\"font-weight: 400;\">They were the \u201ccrazy women of the plaza,\u201d the \u201cmothers and relatives of terrorists,\u201d those responsible for an \u201cAnti-Argentine\u201d campaign, those who had failed to care for their children. They were also embraced by the people, officially legitimized and recognized by different generations. Today they once again suffer the onslaught of a gaze that attempts to cast them on the dark side of history; they are \u201cthieves,\u201d \u201cliars,\u201d distorters of history. But they are what they were, what they made of their lives, marked by violence, but also by solidarity, love, and the ability to do good for others. They crossed the border and became part of history, the best of our stories, one of resistance, of collective struggle, of dreaming and working for a more just world.<\/span><\/p>\n<p>&nbsp;<\/p>\n<p><b>The World Moves On<\/b><\/p>\n<p><span style=\"font-weight: 400;\">At what point does the clumsy outline of a poem become \u201cthe last piece of writing\u201d and a historical document? Why does a telegram that only says \u201cwe arrived safely\u201d take on immensity? What kind of beauty cloaks the pattern of a hand-drawn bra, or a board with numbers from a lottery for an embroidered denim camisole, or travel books with notes of ideas, expenses, itineraries, questions? What moments of pain, struggle, and joy were captured in those homemade photos?<\/span><\/p>\n<p>&nbsp;<\/p>\n<p><span style=\"font-weight: 400;\">The exhibit is made up of archives of women affected by the disappearance of a family member during the last military dictatorship. Women who put part of their lives and their daily lives on hold to transform themselves into others. Women who were students, workers, mothers, sisters, companions, grandmothers, seamstresses, cooks, children, believers, agnostics, cartoonists, actresses, activists. And they were also travelers, writers, communicators, detectives, walkers. They organized and transformed their individual demands into a collective struggle.<\/span><\/p>\n<p>&nbsp;<\/p>\n<p><span style=\"font-weight: 400;\">Along the path of their demands, they collected letters, writings, photos, posters, flyers, and newspaper articles that recount their personal search, but also their past lives and their actions after their disappearances. The documents tell us about their ways of seeing, of telling stories, of investigating, of keeping silent, of hiding, of shouting, of loving\u2026<\/span><\/p>\n<p>&nbsp;<\/p>\n<p><span style=\"font-weight: 400;\">What did they keep and for whom? What objects and documents narrate the existence of trauma? What political dimensions inhabit the domestic sphere? How does the private color the public?<\/span><\/p>\n<p>&nbsp;<\/p>\n<p><span style=\"font-weight: 400;\">Their personal archives show the meticulousness with which they kept copies of the letters they sent, the always insufficient replies, the court filings, the notes on scraps of paper, the demands first to the dictatorship and then to the democratic governments. From the desperate cry of where they are and their return alive to the persistent search for truth, justice, and memory.<\/span><\/p>\n<p>&nbsp;<\/p>\n<p><i><span style=\"font-weight: 400;\">Before and After the Absence<\/span><\/i><span style=\"font-weight: 400;\"> displays documents from the personal archives of:<\/span><\/p>\n<p>&nbsp;<\/p>\n<p><b>Nora Morales de Corti\u00f1as <\/b><span style=\"font-weight: 400;\">(mother of Gustavo Corti\u00f1as, disappeared on April 15, 1977).<\/span><\/p>\n<p><b>Mabel Penette de Guti\u00e9rrez<\/b><span style=\"font-weight: 400;\"> (mother of Alejandro Guti\u00e9rrez, disappeared on July 24, 1978).<\/span><\/p>\n<p><b>Rosa Tarlovsky de Roisinblit <\/b><span style=\"font-weight: 400;\">(mother of Patricia Roisinblit, disappeared on October 8, 1978), and grandmother of Guillermo Rodolfo Fernando P\u00e9rez Roisinblit, born in captivity and recovered in 2004).<\/span><\/p>\n<p><b>Isabel \u201cChicha\u201d Chorobik de Mariani<\/b><span style=\"font-weight: 400;\"> (grandmother of Clara Anah\u00ed Mariani, disappeared on November 24, 1976)<\/span><\/p>\n<p><b>Matilde \u201cSacha\u201d Artes Company<\/b><span style=\"font-weight: 400;\"> (mother of Graciela, disappeared on April 2, 1976, along with her daughter Carla Rutila Art\u00e9s, returned to her in 1985).<\/span><\/p>\n<p><b>Olga Martegani de Garc\u00eda<\/b><span style=\"font-weight: 400;\"> (mother of Alejandro Garc\u00eda, disappeared on March 16, 1977).<\/span><\/p>\n<p><b>Mercedes Lagrava de Mart\u00ednez<\/b><span style=\"font-weight: 400;\"> (mother of Atilio Mart\u00ednez Lagrava, disappeared on June 21, 1977).<\/span><\/p>\n<p><b>Mar\u00eda Isabel Catt\u00e1neo<\/b><span style=\"font-weight: 400;\"> de Gonz\u00e1lez (sister of Atilio Jorge, disappeared on January 4, 1977).<\/span><\/p>\n<p><b>Adelina Dematti de Alaye<\/b><span style=\"font-weight: 400;\"> (mother of Carlos Esteban Alaye, disappeared on May 5, 1977).<\/span><\/p>\n<p>&nbsp;<\/p>\n<p>&nbsp;<\/p>\n<p>[\/et_pb_tab][\/et_pb_tabs][\/et_pb_column][\/et_pb_row][et_pb_row column_structure=\u00bb1_3,1_3,1_3&#8243; _builder_version=\u00bb4.27.4&#8243; _module_preset=\u00bbdefault\u00bb global_colors_info=\u00bb{}\u00bb][et_pb_column type=\u00bb1_3&#8243; _builder_version=\u00bb4.27.4&#8243; _module_preset=\u00bbdefault\u00bb global_colors_info=\u00bb{}\u00bb][et_pb_button button_url=\u00bbhttp:\/\/cpm-aec3.kxcdn.com\/archivos\/mam\/muestras-digitales\/Podemos-contarlas-Material-primaria.pdf\u00bb button_text=\u00bbMateriales para trabajar la muestra en primaria\u00bb button_alignment=\u00bbleft\u00bb _builder_version=\u00bb4.27.4&#8243; _module_preset=\u00bbdefault\u00bb custom_button=\u00bbon\u00bb button_text_color=\u00bb#d10054&#8243; button_border_color=\u00bb#d10054&#8243; button_font=\u00bb|700|||||||\u00bb button_icon=\u00bb&#x33;||divi||400&#8243; button_icon_placement=\u00bbleft\u00bb global_colors_info=\u00bb{}\u00bb][\/et_pb_button][\/et_pb_column][et_pb_column type=\u00bb1_3&#8243; _builder_version=\u00bb4.27.4&#8243; _module_preset=\u00bbdefault\u00bb global_colors_info=\u00bb{}\u00bb][et_pb_button button_url=\u00bbhttp:\/\/cpm-aec3.kxcdn.com\/archivos\/mam\/muestras-digitales\/Podemos-contarlas-Material-secundaria.pdf\u00bb button_text=\u00bbMateriales para trabajar la muestra en secundaria\u00bb button_alignment=\u00bbleft\u00bb _builder_version=\u00bb4.27.4&#8243; _module_preset=\u00bbdefault\u00bb custom_button=\u00bbon\u00bb button_text_color=\u00bb#d10054&#8243; button_border_color=\u00bb#d10054&#8243; button_font=\u00bb|700|||||||\u00bb button_icon=\u00bb&#x33;||divi||400&#8243; button_icon_placement=\u00bbleft\u00bb global_colors_info=\u00bb{}\u00bb][\/et_pb_button][\/et_pb_column][et_pb_column type=\u00bb1_3&#8243; _builder_version=\u00bb4.27.4&#8243; _module_preset=\u00bbdefault\u00bb global_colors_info=\u00bb{}\u00bb][et_pb_button button_url=\u00bbhttp:\/\/cpm-aec3.kxcdn.com\/archivos\/mam\/muestras-digitales\/Podemos-contarlas-Material-secundaria-ingles.pdf\u00bb button_text=\u00bbMateriales para trabajar la muestra en ingl\u00e9s\u00bb button_alignment=\u00bbleft\u00bb _builder_version=\u00bb4.27.4&#8243; _module_preset=\u00bbdefault\u00bb custom_button=\u00bbon\u00bb button_text_color=\u00bb#d10054&#8243; button_border_color=\u00bb#d10054&#8243; button_font=\u00bb|700|||||||\u00bb global_colors_info=\u00bb{}\u00bb][\/et_pb_button][\/et_pb_column][\/et_pb_row][\/et_pb_section][et_pb_section fb_built=\u00bb1&#8243; _builder_version=\u00bb4.16&#8243; background_image=\u00bbhttps:\/\/www.comisionporlamemoria.org\/museo-nuevo\/wp-content\/uploads\/sites\/18\/2017\/01\/COLOURlovers.com-Thin_lines_2.png\u00bb custom_padding=\u00bb0px|0px|0px|0px\u00bb global_colors_info=\u00bb{}\u00bb][et_pb_row column_structure=\u00bb1_3,1_3,1_3&#8243; use_custom_gutter=\u00bbon\u00bb gutter_width=\u00bb1&#8243; _builder_version=\u00bb4.18.0&#8243; background_size=\u00bbinitial\u00bb background_position=\u00bbtop_left\u00bb background_repeat=\u00bbrepeat\u00bb global_colors_info=\u00bb{}\u00bb][et_pb_column type=\u00bb1_3&#8243; _builder_version=\u00bb4.16&#8243; custom_padding=\u00bb|||\u00bb global_colors_info=\u00bb{}\u00bb custom_padding__hover=\u00bb|||\u00bb][et_pb_image src=\u00bbhttps:\/\/www.comisionporlamemoria.org\/museo\/wp-content\/uploads\/sites\/18\/2025\/03\/Sin-titulo-2.jpg\u00bb title_text=\u00bbSin t\u00edtulo-2&#8243; _builder_version=\u00bb4.27.4&#8243; _module_preset=\u00bbdefault\u00bb global_colors_info=\u00bb{}\u00bb][\/et_pb_image][\/et_pb_column][et_pb_column type=\u00bb1_3&#8243; _builder_version=\u00bb4.16&#8243; custom_padding=\u00bb|||\u00bb global_colors_info=\u00bb{}\u00bb custom_padding__hover=\u00bb|||\u00bb][et_pb_image src=\u00bbhttps:\/\/www.comisionporlamemoria.org\/museo\/wp-content\/uploads\/sites\/18\/2025\/03\/Sin-titulo-1.jpg\u00bb title_text=\u00bbSin t\u00edtulo-1&#8243; _builder_version=\u00bb4.27.4&#8243; global_colors_info=\u00bb{}\u00bb][\/et_pb_image][\/et_pb_column][et_pb_column type=\u00bb1_3&#8243; _builder_version=\u00bb4.16&#8243; custom_padding=\u00bb|||\u00bb global_colors_info=\u00bb{}\u00bb custom_padding__hover=\u00bb|||\u00bb][et_pb_image src=\u00bbhttps:\/\/www.comisionporlamemoria.org\/museo\/wp-content\/uploads\/sites\/18\/2025\/03\/Sin-titulo-3.jpg\u00bb title_text=\u00bbSin t\u00edtulo-3&#8243; _builder_version=\u00bb4.27.4&#8243; _module_preset=\u00bbdefault\u00bb global_colors_info=\u00bb{}\u00bb][\/et_pb_image][\/et_pb_column][\/et_pb_row][\/et_pb_section][et_pb_section fb_built=\u00bb1&#8243; disabled_on=\u00bbon|on|on\u00bb _builder_version=\u00bb4.27.4&#8243; _module_preset=\u00bbdefault\u00bb disabled=\u00bbon\u00bb collapsed=\u00bbon\u00bb global_colors_info=\u00bb{}\u00bb][et_pb_row module_id=\u00bbalaye\u00bb _builder_version=\u00bb4.27.4&#8243; _module_preset=\u00bbdefault\u00bb global_colors_info=\u00bb{}\u00bb][et_pb_column type=\u00bb4_4&#8243; _builder_version=\u00bb4.27.4&#8243; _module_preset=\u00bbdefault\u00bb global_colors_info=\u00bb{}\u00bb][et_pb_heading title=\u00bbAdelina Dematti de Alaye\u00bb _builder_version=\u00bb4.27.4&#8243; _module_preset=\u00bbdefault\u00bb title_font_size=\u00bb26px\u00bb global_colors_info=\u00bb{}\u00bb][\/et_pb_heading][et_pb_audio audio=\u00bbhttps:\/\/www.comisionporlamemoria.org\/museo\/wp-content\/uploads\/sites\/18\/2025\/03\/1-Alaye.mp3&#8243; _builder_version=\u00bb4.27.4&#8243; _module_preset=\u00bbdefault\u00bb background_color=\u00bb#DFB758&#8243; global_colors_info=\u00bb{}\u00bb][\/et_pb_audio][et_pb_divider color=\u00bb#d10054&#8243; divider_weight=\u00bb2px\u00bb _builder_version=\u00bb4.27.4&#8243; _module_preset=\u00bbdefault\u00bb global_colors_info=\u00bb{}\u00bb][\/et_pb_divider][\/et_pb_column][\/et_pb_row][et_pb_row module_id=\u00bbpenette\u00bb _builder_version=\u00bb4.27.4&#8243; _module_preset=\u00bbdefault\u00bb global_colors_info=\u00bb{}\u00bb][et_pb_column type=\u00bb4_4&#8243; _builder_version=\u00bb4.27.4&#8243; _module_preset=\u00bbdefault\u00bb global_colors_info=\u00bb{}\u00bb][et_pb_heading title=\u00bbMabel Penette de Guti\u00e9rrez\u00bb _builder_version=\u00bb4.27.4&#8243; _module_preset=\u00bbdefault\u00bb title_font_size=\u00bb26px\u00bb global_colors_info=\u00bb{}\u00bb][\/et_pb_heading][et_pb_audio audio=\u00bbhttps:\/\/www.comisionporlamemoria.org\/museo\/wp-content\/uploads\/sites\/18\/2025\/03\/2-Pennette.mp3&#8243; _builder_version=\u00bb4.27.4&#8243; _module_preset=\u00bbdefault\u00bb background_color=\u00bb#DFB758&#8243; global_colors_info=\u00bb{}\u00bb][\/et_pb_audio][et_pb_divider color=\u00bb#d10054&#8243; divider_weight=\u00bb2px\u00bb _builder_version=\u00bb4.27.4&#8243; _module_preset=\u00bbdefault\u00bb global_colors_info=\u00bb{}\u00bb][\/et_pb_divider][\/et_pb_column][\/et_pb_row][et_pb_row module_id=\u00bbsacha\u00bb _builder_version=\u00bb4.27.4&#8243; _module_preset=\u00bbdefault\u00bb global_colors_info=\u00bb{}\u00bb][et_pb_column type=\u00bb4_4&#8243; _builder_version=\u00bb4.27.4&#8243; _module_preset=\u00bbdefault\u00bb global_colors_info=\u00bb{}\u00bb][et_pb_heading title=\u00bbMatilde \u201cSacha\u201d Artes Company\u00bb _builder_version=\u00bb4.27.4&#8243; _module_preset=\u00bbdefault\u00bb title_font_size=\u00bb26px\u00bb global_colors_info=\u00bb{}\u00bb][\/et_pb_heading][et_pb_audio audio=\u00bbhttps:\/\/www.comisionporlamemoria.org\/museo\/wp-content\/uploads\/sites\/18\/2025\/03\/3-Sacha-Artes.mp3&#8243; _builder_version=\u00bb4.27.4&#8243; _module_preset=\u00bbdefault\u00bb background_color=\u00bb#DFB758&#8243; global_colors_info=\u00bb{}\u00bb][\/et_pb_audio][et_pb_divider color=\u00bb#d10054&#8243; divider_weight=\u00bb2px\u00bb _builder_version=\u00bb4.27.4&#8243; _module_preset=\u00bbdefault\u00bb global_colors_info=\u00bb{}\u00bb][\/et_pb_divider][\/et_pb_column][\/et_pb_row][et_pb_row module_id=\u00bbnorita\u00bb _builder_version=\u00bb4.27.4&#8243; _module_preset=\u00bbdefault\u00bb global_colors_info=\u00bb{}\u00bb][et_pb_column type=\u00bb4_4&#8243; _builder_version=\u00bb4.27.4&#8243; _module_preset=\u00bbdefault\u00bb global_colors_info=\u00bb{}\u00bb][et_pb_heading title=\u00bbNora Morales de Corti\u00f1as\u00bb _builder_version=\u00bb4.27.4&#8243; _module_preset=\u00bbdefault\u00bb title_font_size=\u00bb26px\u00bb global_colors_info=\u00bb{}\u00bb][\/et_pb_heading][et_pb_audio audio=\u00bbhttps:\/\/www.comisionporlamemoria.org\/museo\/wp-content\/uploads\/sites\/18\/2025\/03\/4-Cortinas.mp3&#8243; _builder_version=\u00bb4.27.4&#8243; _module_preset=\u00bbdefault\u00bb background_color=\u00bb#DFB758&#8243; global_colors_info=\u00bb{}\u00bb][\/et_pb_audio][et_pb_divider color=\u00bb#d10054&#8243; divider_weight=\u00bb2px\u00bb _builder_version=\u00bb4.27.4&#8243; _module_preset=\u00bbdefault\u00bb global_colors_info=\u00bb{}\u00bb][\/et_pb_divider][\/et_pb_column][\/et_pb_row][et_pb_row module_id=\u00bbroisinblit\u00bb _builder_version=\u00bb4.27.4&#8243; _module_preset=\u00bbdefault\u00bb global_colors_info=\u00bb{}\u00bb][et_pb_column type=\u00bb4_4&#8243; _builder_version=\u00bb4.27.4&#8243; _module_preset=\u00bbdefault\u00bb global_colors_info=\u00bb{}\u00bb][et_pb_heading title=\u00bbRosa Tarlovsky de Roisinblit\u00bb _builder_version=\u00bb4.27.4&#8243; _module_preset=\u00bbdefault\u00bb title_font_size=\u00bb26px\u00bb global_colors_info=\u00bb{}\u00bb][\/et_pb_heading][et_pb_audio audio=\u00bbhttps:\/\/www.comisionporlamemoria.org\/museo\/wp-content\/uploads\/sites\/18\/2025\/03\/5-Roisinblit.mp3&#8243; _builder_version=\u00bb4.27.4&#8243; _module_preset=\u00bbdefault\u00bb background_color=\u00bb#DFB758&#8243; global_colors_info=\u00bb{}\u00bb][\/et_pb_audio][et_pb_divider color=\u00bb#d10054&#8243; divider_weight=\u00bb2px\u00bb _builder_version=\u00bb4.27.4&#8243; _module_preset=\u00bbdefault\u00bb global_colors_info=\u00bb{}\u00bb][\/et_pb_divider][\/et_pb_column][\/et_pb_row][et_pb_row module_id=\u00bbchicha\u00bb _builder_version=\u00bb4.27.4&#8243; _module_preset=\u00bbdefault\u00bb global_colors_info=\u00bb{}\u00bb][et_pb_column type=\u00bb4_4&#8243; _builder_version=\u00bb4.27.4&#8243; _module_preset=\u00bbdefault\u00bb global_colors_info=\u00bb{}\u00bb][et_pb_heading title=\u00bbIsabel \u201cChicha\u201d Chorobik de Mariani \u00bb _builder_version=\u00bb4.27.4&#8243; _module_preset=\u00bbdefault\u00bb title_font_size=\u00bb26px\u00bb global_colors_info=\u00bb{}\u00bb][\/et_pb_heading][et_pb_audio audio=\u00bbhttps:\/\/www.comisionporlamemoria.org\/museo\/wp-content\/uploads\/sites\/18\/2025\/03\/6-Mariani.mp3&#8243; _builder_version=\u00bb4.27.4&#8243; _module_preset=\u00bbdefault\u00bb background_color=\u00bb#DFB758&#8243; global_colors_info=\u00bb{}\u00bb][\/et_pb_audio][et_pb_divider color=\u00bb#d10054&#8243; divider_weight=\u00bb2px\u00bb _builder_version=\u00bb4.27.4&#8243; _module_preset=\u00bbdefault\u00bb global_colors_info=\u00bb{}\u00bb][\/et_pb_divider][\/et_pb_column][\/et_pb_row][et_pb_row module_id=\u00bbcattaneo\u00bb _builder_version=\u00bb4.27.4&#8243; _module_preset=\u00bbdefault\u00bb global_colors_info=\u00bb{}\u00bb][et_pb_column type=\u00bb4_4&#8243; _builder_version=\u00bb4.27.4&#8243; _module_preset=\u00bbdefault\u00bb global_colors_info=\u00bb{}\u00bb][et_pb_heading title=\u00bbMar\u00eda Isabel Catt\u00e1neo de Gonz\u00e1lez\u00bb _builder_version=\u00bb4.27.4&#8243; _module_preset=\u00bbdefault\u00bb title_font_size=\u00bb26px\u00bb global_colors_info=\u00bb{}\u00bb][\/et_pb_heading][et_pb_audio audio=\u00bbhttps:\/\/www.comisionporlamemoria.org\/museo\/wp-content\/uploads\/sites\/18\/2025\/03\/7-Cattaneo.mp3&#8243; _builder_version=\u00bb4.27.4&#8243; _module_preset=\u00bbdefault\u00bb background_color=\u00bb#DFB758&#8243; global_colors_info=\u00bb{}\u00bb][\/et_pb_audio][et_pb_divider color=\u00bb#d10054&#8243; divider_weight=\u00bb2px\u00bb _builder_version=\u00bb4.27.4&#8243; _module_preset=\u00bbdefault\u00bb global_colors_info=\u00bb{}\u00bb][\/et_pb_divider][\/et_pb_column][\/et_pb_row][et_pb_row module_id=\u00bblagrava\u00bb _builder_version=\u00bb4.27.4&#8243; _module_preset=\u00bbdefault\u00bb global_colors_info=\u00bb{}\u00bb][et_pb_column type=\u00bb4_4&#8243; _builder_version=\u00bb4.27.4&#8243; _module_preset=\u00bbdefault\u00bb global_colors_info=\u00bb{}\u00bb][et_pb_heading title=\u00bbMercedes Lagrava de Mart\u00ednez\u00bb _builder_version=\u00bb4.27.4&#8243; _module_preset=\u00bbdefault\u00bb title_font_size=\u00bb26px\u00bb global_colors_info=\u00bb{}\u00bb][\/et_pb_heading][et_pb_audio audio=\u00bbhttps:\/\/www.comisionporlamemoria.org\/museo\/wp-content\/uploads\/sites\/18\/2025\/03\/8-Lagrava.mp3&#8243; _builder_version=\u00bb4.27.4&#8243; _module_preset=\u00bbdefault\u00bb background_color=\u00bb#DFB758&#8243; global_colors_info=\u00bb{}\u00bb][\/et_pb_audio][et_pb_divider color=\u00bb#d10054&#8243; divider_weight=\u00bb2px\u00bb _builder_version=\u00bb4.27.4&#8243; _module_preset=\u00bbdefault\u00bb global_colors_info=\u00bb{}\u00bb][\/et_pb_divider][\/et_pb_column][\/et_pb_row][et_pb_row module_id=\u00bbmartegani\u00bb _builder_version=\u00bb4.27.4&#8243; _module_preset=\u00bbdefault\u00bb global_colors_info=\u00bb{}\u00bb][et_pb_column type=\u00bb4_4&#8243; _builder_version=\u00bb4.27.4&#8243; _module_preset=\u00bbdefault\u00bb global_colors_info=\u00bb{}\u00bb][et_pb_heading title=\u00bbOlga Martegani de Garc\u00eda\u00bb _builder_version=\u00bb4.27.4&#8243; _module_preset=\u00bbdefault\u00bb title_font_size=\u00bb26px\u00bb global_colors_info=\u00bb{}\u00bb][\/et_pb_heading][et_pb_audio audio=\u00bbhttps:\/\/www.comisionporlamemoria.org\/museo\/wp-content\/uploads\/sites\/18\/2025\/03\/9-Martegani.mp3&#8243; _builder_version=\u00bb4.27.4&#8243; _module_preset=\u00bbdefault\u00bb background_color=\u00bb#DFB758&#8243; global_colors_info=\u00bb{}\u00bb][\/et_pb_audio][et_pb_divider color=\u00bb#d10054&#8243; divider_weight=\u00bb2px\u00bb _builder_version=\u00bb4.27.4&#8243; _module_preset=\u00bbdefault\u00bb global_colors_info=\u00bb{}\u00bb][\/et_pb_divider][\/et_pb_column][\/et_pb_row][\/et_pb_section][et_pb_section fb_built=\u00bb1&#8243; disabled_on=\u00bboff|off|off\u00bb _builder_version=\u00bb4.27.4&#8243; _module_preset=\u00bbdefault\u00bb collapsed=\u00bbon\u00bb global_colors_info=\u00bb{}\u00bb][et_pb_row column_structure=\u00bb3_4,1_4&#8243; module_id=\u00bbalaye\u00bb _builder_version=\u00bb4.27.4&#8243; _module_preset=\u00bbdefault\u00bb global_colors_info=\u00bb{}\u00bb][et_pb_column type=\u00bb3_4&#8243; _builder_version=\u00bb4.27.4&#8243; _module_preset=\u00bbdefault\u00bb global_colors_info=\u00bb{}\u00bb][et_pb_heading title=\u00bbAdelina Dematti de Alaye\u00bb url=\u00bbhttps:\/\/www.comisionporlamemoria.org\/museo\/project\/adelina\/\u00bb _builder_version=\u00bb4.27.4&#8243; _module_preset=\u00bbdefault\u00bb title_font_size=\u00bb26px\u00bb global_colors_info=\u00bb{}\u00bb][\/et_pb_heading][\/et_pb_column][et_pb_column type=\u00bb1_4&#8243; _builder_version=\u00bb4.27.4&#8243; _module_preset=\u00bbdefault\u00bb global_colors_info=\u00bb{}\u00bb][et_pb_button button_url=\u00bbhttps:\/\/www.comisionporlamemoria.org\/museo\/project\/adelina\/\u00bb button_text=\u00bbVer m\u00e1s\u00bb button_alignment=\u00bbleft\u00bb _builder_version=\u00bb4.27.4&#8243; _module_preset=\u00bbdefault\u00bb custom_button=\u00bbon\u00bb button_text_color=\u00bb#d10054&#8243; button_border_color=\u00bb#d10054&#8243; button_font=\u00bb|700|||||||\u00bb global_colors_info=\u00bb{}\u00bb][\/et_pb_button][\/et_pb_column][\/et_pb_row][et_pb_row _builder_version=\u00bb4.27.4&#8243; _module_preset=\u00bbdefault\u00bb global_colors_info=\u00bb{}\u00bb][et_pb_column type=\u00bb4_4&#8243; _builder_version=\u00bb4.27.4&#8243; _module_preset=\u00bbdefault\u00bb global_colors_info=\u00bb{}\u00bb][et_pb_divider color=\u00bb#d10054&#8243; divider_weight=\u00bb2px\u00bb _builder_version=\u00bb4.27.4&#8243; _module_preset=\u00bbdefault\u00bb global_colors_info=\u00bb{}\u00bb][\/et_pb_divider][\/et_pb_column][\/et_pb_row][et_pb_row column_structure=\u00bb3_4,1_4&#8243; module_id=\u00bbpenette\u00bb _builder_version=\u00bb4.27.4&#8243; _module_preset=\u00bbdefault\u00bb global_colors_info=\u00bb{}\u00bb][et_pb_column type=\u00bb3_4&#8243; _builder_version=\u00bb4.27.4&#8243; _module_preset=\u00bbdefault\u00bb global_colors_info=\u00bb{}\u00bb][et_pb_heading title=\u00bbMabel Penette de Guti\u00e9rrez\u00bb url=\u00bbhttps:\/\/www.comisionporlamemoria.org\/museo\/project\/mabel\/\u00bb _builder_version=\u00bb4.27.4&#8243; _module_preset=\u00bbdefault\u00bb title_font_size=\u00bb26px\u00bb global_colors_info=\u00bb{}\u00bb][\/et_pb_heading][\/et_pb_column][et_pb_column type=\u00bb1_4&#8243; _builder_version=\u00bb4.27.4&#8243; _module_preset=\u00bbdefault\u00bb global_colors_info=\u00bb{}\u00bb][et_pb_button button_url=\u00bbhttps:\/\/www.comisionporlamemoria.org\/museo\/project\/mabel\/\u00bb button_text=\u00bbVer m\u00e1s\u00bb button_alignment=\u00bbleft\u00bb _builder_version=\u00bb4.27.4&#8243; _module_preset=\u00bbdefault\u00bb custom_button=\u00bbon\u00bb button_text_color=\u00bb#d10054&#8243; button_border_color=\u00bb#d10054&#8243; button_font=\u00bb|700|||||||\u00bb global_colors_info=\u00bb{}\u00bb][\/et_pb_button][\/et_pb_column][\/et_pb_row][et_pb_row _builder_version=\u00bb4.27.4&#8243; _module_preset=\u00bbdefault\u00bb global_colors_info=\u00bb{}\u00bb][et_pb_column type=\u00bb4_4&#8243; _builder_version=\u00bb4.27.4&#8243; _module_preset=\u00bbdefault\u00bb global_colors_info=\u00bb{}\u00bb][et_pb_divider color=\u00bb#d10054&#8243; divider_weight=\u00bb2px\u00bb _builder_version=\u00bb4.27.4&#8243; _module_preset=\u00bbdefault\u00bb global_colors_info=\u00bb{}\u00bb][\/et_pb_divider][\/et_pb_column][\/et_pb_row][et_pb_row column_structure=\u00bb3_4,1_4&#8243; module_id=\u00bbsacha\u00bb _builder_version=\u00bb4.27.4&#8243; _module_preset=\u00bbdefault\u00bb global_colors_info=\u00bb{}\u00bb][et_pb_column type=\u00bb3_4&#8243; _builder_version=\u00bb4.27.4&#8243; _module_preset=\u00bbdefault\u00bb global_colors_info=\u00bb{}\u00bb][et_pb_heading title=\u00bbMatilde \u201cSacha\u201d Artes Company\u00bb url=\u00bbhttps:\/\/www.comisionporlamemoria.org\/museo\/project\/matilde\/\u00bb _builder_version=\u00bb4.27.4&#8243; _module_preset=\u00bbdefault\u00bb title_font_size=\u00bb26px\u00bb global_colors_info=\u00bb{}\u00bb][\/et_pb_heading][\/et_pb_column][et_pb_column type=\u00bb1_4&#8243; _builder_version=\u00bb4.27.4&#8243; _module_preset=\u00bbdefault\u00bb global_colors_info=\u00bb{}\u00bb][et_pb_button button_url=\u00bbhttps:\/\/www.comisionporlamemoria.org\/museo\/project\/matilde\/\u00bb button_text=\u00bbVer m\u00e1s\u00bb button_alignment=\u00bbleft\u00bb _builder_version=\u00bb4.27.4&#8243; _module_preset=\u00bbdefault\u00bb custom_button=\u00bbon\u00bb button_text_color=\u00bb#d10054&#8243; button_border_color=\u00bb#d10054&#8243; button_font=\u00bb|700|||||||\u00bb global_colors_info=\u00bb{}\u00bb][\/et_pb_button][\/et_pb_column][\/et_pb_row][et_pb_row _builder_version=\u00bb4.27.4&#8243; _module_preset=\u00bbdefault\u00bb global_colors_info=\u00bb{}\u00bb][et_pb_column type=\u00bb4_4&#8243; _builder_version=\u00bb4.27.4&#8243; _module_preset=\u00bbdefault\u00bb global_colors_info=\u00bb{}\u00bb][et_pb_divider color=\u00bb#d10054&#8243; divider_weight=\u00bb2px\u00bb _builder_version=\u00bb4.27.4&#8243; _module_preset=\u00bbdefault\u00bb global_colors_info=\u00bb{}\u00bb][\/et_pb_divider][\/et_pb_column][\/et_pb_row][et_pb_row column_structure=\u00bb3_4,1_4&#8243; module_id=\u00bbnorita\u00bb _builder_version=\u00bb4.27.4&#8243; _module_preset=\u00bbdefault\u00bb global_colors_info=\u00bb{}\u00bb][et_pb_column type=\u00bb3_4&#8243; _builder_version=\u00bb4.27.4&#8243; _module_preset=\u00bbdefault\u00bb global_colors_info=\u00bb{}\u00bb][et_pb_heading title=\u00bbNora Morales de Corti\u00f1as\u00bb url=\u00bbhttps:\/\/www.comisionporlamemoria.org\/museo\/project\/norita\/\u00bb _builder_version=\u00bb4.27.4&#8243; _module_preset=\u00bbdefault\u00bb title_font_size=\u00bb26px\u00bb global_colors_info=\u00bb{}\u00bb][\/et_pb_heading][\/et_pb_column][et_pb_column type=\u00bb1_4&#8243; _builder_version=\u00bb4.27.4&#8243; _module_preset=\u00bbdefault\u00bb global_colors_info=\u00bb{}\u00bb][et_pb_button button_url=\u00bbhttps:\/\/www.comisionporlamemoria.org\/museo\/project\/norita\/\u00bb button_text=\u00bbVer m\u00e1s\u00bb button_alignment=\u00bbleft\u00bb _builder_version=\u00bb4.27.4&#8243; _module_preset=\u00bbdefault\u00bb custom_button=\u00bbon\u00bb button_text_color=\u00bb#d10054&#8243; button_border_color=\u00bb#d10054&#8243; button_font=\u00bb|700|||||||\u00bb global_colors_info=\u00bb{}\u00bb][\/et_pb_button][\/et_pb_column][\/et_pb_row][et_pb_row _builder_version=\u00bb4.27.4&#8243; _module_preset=\u00bbdefault\u00bb global_colors_info=\u00bb{}\u00bb][et_pb_column type=\u00bb4_4&#8243; _builder_version=\u00bb4.27.4&#8243; _module_preset=\u00bbdefault\u00bb global_colors_info=\u00bb{}\u00bb][et_pb_divider color=\u00bb#d10054&#8243; divider_weight=\u00bb2px\u00bb _builder_version=\u00bb4.27.4&#8243; _module_preset=\u00bbdefault\u00bb global_colors_info=\u00bb{}\u00bb][\/et_pb_divider][\/et_pb_column][\/et_pb_row][et_pb_row column_structure=\u00bb3_4,1_4&#8243; module_id=\u00bbroisinblit\u00bb _builder_version=\u00bb4.27.4&#8243; _module_preset=\u00bbdefault\u00bb global_colors_info=\u00bb{}\u00bb][et_pb_column type=\u00bb3_4&#8243; _builder_version=\u00bb4.27.4&#8243; _module_preset=\u00bbdefault\u00bb global_colors_info=\u00bb{}\u00bb][et_pb_heading title=\u00bbRosa Tarlovsky de Roisinblit\u00bb url=\u00bbhttps:\/\/www.comisionporlamemoria.org\/museo\/project\/rosa\/\u00bb _builder_version=\u00bb4.27.4&#8243; _module_preset=\u00bbdefault\u00bb title_font_size=\u00bb26px\u00bb global_colors_info=\u00bb{}\u00bb][\/et_pb_heading][\/et_pb_column][et_pb_column type=\u00bb1_4&#8243; _builder_version=\u00bb4.27.4&#8243; _module_preset=\u00bbdefault\u00bb global_colors_info=\u00bb{}\u00bb][et_pb_button button_url=\u00bbhttps:\/\/www.comisionporlamemoria.org\/museo\/project\/rosa\/\u00bb button_text=\u00bbVer m\u00e1s\u00bb button_alignment=\u00bbleft\u00bb _builder_version=\u00bb4.27.4&#8243; _module_preset=\u00bbdefault\u00bb custom_button=\u00bbon\u00bb button_text_color=\u00bb#d10054&#8243; button_border_color=\u00bb#d10054&#8243; button_font=\u00bb|700|||||||\u00bb global_colors_info=\u00bb{}\u00bb][\/et_pb_button][\/et_pb_column][\/et_pb_row][et_pb_row _builder_version=\u00bb4.27.4&#8243; _module_preset=\u00bbdefault\u00bb global_colors_info=\u00bb{}\u00bb][et_pb_column type=\u00bb4_4&#8243; _builder_version=\u00bb4.27.4&#8243; _module_preset=\u00bbdefault\u00bb global_colors_info=\u00bb{}\u00bb][et_pb_divider color=\u00bb#d10054&#8243; divider_weight=\u00bb2px\u00bb _builder_version=\u00bb4.27.4&#8243; _module_preset=\u00bbdefault\u00bb global_colors_info=\u00bb{}\u00bb][\/et_pb_divider][\/et_pb_column][\/et_pb_row][et_pb_row column_structure=\u00bb3_4,1_4&#8243; module_id=\u00bbchicha\u00bb _builder_version=\u00bb4.27.4&#8243; _module_preset=\u00bbdefault\u00bb global_colors_info=\u00bb{}\u00bb][et_pb_column type=\u00bb3_4&#8243; _builder_version=\u00bb4.27.4&#8243; _module_preset=\u00bbdefault\u00bb global_colors_info=\u00bb{}\u00bb][et_pb_heading title=\u00bbIsabel \u201cChicha\u201d Chorobik de Mariani \u00bb url=\u00bbhttps:\/\/www.comisionporlamemoria.org\/museo\/project\/chicha\/\u00bb _builder_version=\u00bb4.27.4&#8243; _module_preset=\u00bbdefault\u00bb title_font_size=\u00bb26px\u00bb global_colors_info=\u00bb{}\u00bb][\/et_pb_heading][\/et_pb_column][et_pb_column type=\u00bb1_4&#8243; _builder_version=\u00bb4.27.4&#8243; _module_preset=\u00bbdefault\u00bb global_colors_info=\u00bb{}\u00bb][et_pb_button button_url=\u00bbhttps:\/\/www.comisionporlamemoria.org\/museo\/project\/chicha\/\u00bb button_text=\u00bbVer m\u00e1s\u00bb button_alignment=\u00bbleft\u00bb _builder_version=\u00bb4.27.4&#8243; _module_preset=\u00bbdefault\u00bb custom_button=\u00bbon\u00bb button_text_color=\u00bb#d10054&#8243; button_border_color=\u00bb#d10054&#8243; button_font=\u00bb|700|||||||\u00bb global_colors_info=\u00bb{}\u00bb][\/et_pb_button][\/et_pb_column][\/et_pb_row][et_pb_row _builder_version=\u00bb4.27.4&#8243; _module_preset=\u00bbdefault\u00bb global_colors_info=\u00bb{}\u00bb][et_pb_column type=\u00bb4_4&#8243; _builder_version=\u00bb4.27.4&#8243; _module_preset=\u00bbdefault\u00bb global_colors_info=\u00bb{}\u00bb][et_pb_divider color=\u00bb#d10054&#8243; divider_weight=\u00bb2px\u00bb _builder_version=\u00bb4.27.4&#8243; _module_preset=\u00bbdefault\u00bb global_colors_info=\u00bb{}\u00bb][\/et_pb_divider][\/et_pb_column][\/et_pb_row][et_pb_row column_structure=\u00bb3_4,1_4&#8243; module_id=\u00bbcattaneo\u00bb _builder_version=\u00bb4.27.4&#8243; _module_preset=\u00bbdefault\u00bb global_colors_info=\u00bb{}\u00bb][et_pb_column type=\u00bb3_4&#8243; _builder_version=\u00bb4.27.4&#8243; _module_preset=\u00bbdefault\u00bb global_colors_info=\u00bb{}\u00bb][et_pb_heading title=\u00bbMar\u00eda Isabel Catt\u00e1neo de Gonz\u00e1lez\u00bb url=\u00bbhttps:\/\/www.comisionporlamemoria.org\/museo\/project\/isabel\/\u00bb _builder_version=\u00bb4.27.4&#8243; _module_preset=\u00bbdefault\u00bb title_font_size=\u00bb26px\u00bb global_colors_info=\u00bb{}\u00bb][\/et_pb_heading][\/et_pb_column][et_pb_column type=\u00bb1_4&#8243; _builder_version=\u00bb4.27.4&#8243; _module_preset=\u00bbdefault\u00bb global_colors_info=\u00bb{}\u00bb][et_pb_button button_url=\u00bbhttps:\/\/www.comisionporlamemoria.org\/museo\/project\/isabel\/\u00bb button_text=\u00bbVer m\u00e1s\u00bb button_alignment=\u00bbleft\u00bb _builder_version=\u00bb4.27.4&#8243; _module_preset=\u00bbdefault\u00bb custom_button=\u00bbon\u00bb button_text_color=\u00bb#d10054&#8243; button_border_color=\u00bb#d10054&#8243; button_font=\u00bb|700|||||||\u00bb global_colors_info=\u00bb{}\u00bb][\/et_pb_button][\/et_pb_column][\/et_pb_row][et_pb_row _builder_version=\u00bb4.27.4&#8243; _module_preset=\u00bbdefault\u00bb global_colors_info=\u00bb{}\u00bb][et_pb_column type=\u00bb4_4&#8243; _builder_version=\u00bb4.27.4&#8243; _module_preset=\u00bbdefault\u00bb global_colors_info=\u00bb{}\u00bb][et_pb_divider color=\u00bb#d10054&#8243; divider_weight=\u00bb2px\u00bb _builder_version=\u00bb4.27.4&#8243; _module_preset=\u00bbdefault\u00bb global_colors_info=\u00bb{}\u00bb][\/et_pb_divider][\/et_pb_column][\/et_pb_row][et_pb_row column_structure=\u00bb3_4,1_4&#8243; module_id=\u00bblagrava\u00bb _builder_version=\u00bb4.27.4&#8243; _module_preset=\u00bbdefault\u00bb global_colors_info=\u00bb{}\u00bb][et_pb_column type=\u00bb3_4&#8243; _builder_version=\u00bb4.27.4&#8243; _module_preset=\u00bbdefault\u00bb global_colors_info=\u00bb{}\u00bb][et_pb_heading title=\u00bbMercedes Lagrava de Mart\u00ednez\u00bb url=\u00bbhttps:\/\/www.comisionporlamemoria.org\/museo\/project\/mercedes\/\u00bb _builder_version=\u00bb4.27.4&#8243; _module_preset=\u00bbdefault\u00bb title_font_size=\u00bb26px\u00bb global_colors_info=\u00bb{}\u00bb][\/et_pb_heading][\/et_pb_column][et_pb_column type=\u00bb1_4&#8243; _builder_version=\u00bb4.27.4&#8243; _module_preset=\u00bbdefault\u00bb global_colors_info=\u00bb{}\u00bb][et_pb_button button_url=\u00bbhttps:\/\/www.comisionporlamemoria.org\/museo\/project\/mercedes\/\u00bb button_text=\u00bbVer m\u00e1s\u00bb button_alignment=\u00bbleft\u00bb _builder_version=\u00bb4.27.4&#8243; _module_preset=\u00bbdefault\u00bb custom_button=\u00bbon\u00bb button_text_color=\u00bb#d10054&#8243; button_border_color=\u00bb#d10054&#8243; button_font=\u00bb|700|||||||\u00bb global_colors_info=\u00bb{}\u00bb][\/et_pb_button][\/et_pb_column][\/et_pb_row][et_pb_row _builder_version=\u00bb4.27.4&#8243; _module_preset=\u00bbdefault\u00bb global_colors_info=\u00bb{}\u00bb][et_pb_column type=\u00bb4_4&#8243; _builder_version=\u00bb4.27.4&#8243; _module_preset=\u00bbdefault\u00bb global_colors_info=\u00bb{}\u00bb][et_pb_divider color=\u00bb#d10054&#8243; divider_weight=\u00bb2px\u00bb _builder_version=\u00bb4.27.4&#8243; _module_preset=\u00bbdefault\u00bb global_colors_info=\u00bb{}\u00bb][\/et_pb_divider][\/et_pb_column][\/et_pb_row][et_pb_row column_structure=\u00bb3_4,1_4&#8243; module_id=\u00bbmartegani\u00bb _builder_version=\u00bb4.27.4&#8243; _module_preset=\u00bbdefault\u00bb global_colors_info=\u00bb{}\u00bb][et_pb_column type=\u00bb3_4&#8243; _builder_version=\u00bb4.27.4&#8243; _module_preset=\u00bbdefault\u00bb global_colors_info=\u00bb{}\u00bb][et_pb_heading title=\u00bbOlga Martegani de Garc\u00eda\u00bb url=\u00bbhttps:\/\/www.comisionporlamemoria.org\/museo\/project\/olga\/\u00bb _builder_version=\u00bb4.27.4&#8243; _module_preset=\u00bbdefault\u00bb title_font_size=\u00bb26px\u00bb global_colors_info=\u00bb{}\u00bb][\/et_pb_heading][\/et_pb_column][et_pb_column type=\u00bb1_4&#8243; _builder_version=\u00bb4.27.4&#8243; _module_preset=\u00bbdefault\u00bb global_colors_info=\u00bb{}\u00bb][et_pb_button button_url=\u00bbhttps:\/\/www.comisionporlamemoria.org\/museo\/project\/olga\/\u00bb button_text=\u00bbVer m\u00e1s\u00bb button_alignment=\u00bbleft\u00bb _builder_version=\u00bb4.27.4&#8243; _module_preset=\u00bbdefault\u00bb custom_button=\u00bbon\u00bb button_text_color=\u00bb#d10054&#8243; button_border_color=\u00bb#d10054&#8243; button_font=\u00bb|700|||||||\u00bb global_colors_info=\u00bb{}\u00bb][\/et_pb_button][\/et_pb_column][\/et_pb_row][et_pb_row _builder_version=\u00bb4.27.4&#8243; _module_preset=\u00bbdefault\u00bb global_colors_info=\u00bb{}\u00bb][et_pb_column type=\u00bb4_4&#8243; _builder_version=\u00bb4.27.4&#8243; _module_preset=\u00bbdefault\u00bb global_colors_info=\u00bb{}\u00bb][et_pb_divider color=\u00bb#d10054&#8243; divider_weight=\u00bb2px\u00bb _builder_version=\u00bb4.27.4&#8243; _module_preset=\u00bbdefault\u00bb global_colors_info=\u00bb{}\u00bb][\/et_pb_divider][\/et_pb_column][\/et_pb_row][\/et_pb_section]<\/p>\n","protected":false},"excerpt":{"rendered":"<p>MARZO &#8211; ACTUALIDAD \u00bfQui\u00e9nes eran? \u00bfC\u00f3mo llegaron a ser lo que fueron? \u00bfC\u00f3mo se definen los contornos de la identidad y sus contenidos? \u00bfC\u00f3mo se registra la transformaci\u00f3n de una vida? \u00bfQu\u00e9 queda de lo que fuimos? \u00bfC\u00f3mo nos constituyen las miradas de los dem\u00e1s que nos condenan? \u00bfC\u00f3mo nos configuran los que se nos [&hellip;]<\/p>\n","protected":false},"author":40,"featured_media":49159,"comment_status":"open","ping_status":"closed","template":"","meta":{"_et_pb_use_builder":"on","_et_pb_old_content":"","_et_gb_content_width":"","jetpack_post_was_ever_published":false,"footnotes":""},"project_category":[40],"project_tag":[],"class_list":["post-49132","project","type-project","status-publish","has-post-thumbnail","hentry","project_category-40"],"jetpack_sharing_enabled":true,"_links":{"self":[{"href":"https:\/\/www.comisionporlamemoria.org\/museo\/wp-json\/wp\/v2\/project\/49132","targetHints":{"allow":["GET"]}}],"collection":[{"href":"https:\/\/www.comisionporlamemoria.org\/museo\/wp-json\/wp\/v2\/project"}],"about":[{"href":"https:\/\/www.comisionporlamemoria.org\/museo\/wp-json\/wp\/v2\/types\/project"}],"author":[{"embeddable":true,"href":"https:\/\/www.comisionporlamemoria.org\/museo\/wp-json\/wp\/v2\/users\/40"}],"replies":[{"embeddable":true,"href":"https:\/\/www.comisionporlamemoria.org\/museo\/wp-json\/wp\/v2\/comments?post=49132"}],"version-history":[{"count":0,"href":"https:\/\/www.comisionporlamemoria.org\/museo\/wp-json\/wp\/v2\/project\/49132\/revisions"}],"wp:featuredmedia":[{"embeddable":true,"href":"https:\/\/www.comisionporlamemoria.org\/museo\/wp-json\/wp\/v2\/media\/49159"}],"wp:attachment":[{"href":"https:\/\/www.comisionporlamemoria.org\/museo\/wp-json\/wp\/v2\/media?parent=49132"}],"wp:term":[{"taxonomy":"project_category","embeddable":true,"href":"https:\/\/www.comisionporlamemoria.org\/museo\/wp-json\/wp\/v2\/project_category?post=49132"},{"taxonomy":"project_tag","embeddable":true,"href":"https:\/\/www.comisionporlamemoria.org\/museo\/wp-json\/wp\/v2\/project_tag?post=49132"}],"curies":[{"name":"wp","href":"https:\/\/api.w.org\/{rel}","templated":true}]}}