{"id":49501,"date":"2025-05-13T13:04:09","date_gmt":"2025-05-13T13:04:09","guid":{"rendered":"https:\/\/www.comisionporlamemoria.org\/museo\/?post_type=project&#038;p=49501"},"modified":"2025-06-26T16:55:19","modified_gmt":"2025-06-26T16:55:19","slug":"isabel","status":"publish","type":"project","link":"https:\/\/www.comisionporlamemoria.org\/museo\/project\/isabel\/","title":{"rendered":"Mar\u00eda Isabel Catt\u00e1neo de Gonz\u00e1lez"},"content":{"rendered":"<p>[et_pb_section fb_built=\u00bb1&#8243; _builder_version=\u00bb4.27.4&#8243; _module_preset=\u00bbdefault\u00bb custom_margin=\u00bb|0px||0px|false|false\u00bb custom_padding=\u00bb0px|5%|0px|5%|false|false\u00bb global_colors_info=\u00bb{}\u00bb][et_pb_row _builder_version=\u00bb4.27.4&#8243; _module_preset=\u00bbdefault\u00bb background_color=\u00bb#dfb758&#8243; width=\u00bb90%\u00bb max_width=\u00bb1280px\u00bb global_colors_info=\u00bb{}\u00bb][et_pb_column type=\u00bb4_4&#8243; _builder_version=\u00bb4.27.4&#8243; _module_preset=\u00bbdefault\u00bb global_colors_info=\u00bb{}\u00bb][et_pb_post_title meta=\u00bboff\u00bb featured_image=\u00bboff\u00bb _builder_version=\u00bb4.27.4&#8243; _module_preset=\u00bbdefault\u00bb title_text_align=\u00bbcenter\u00bb title_text_color=\u00bb#d00054&#8243; global_colors_info=\u00bb{}\u00bb][\/et_pb_post_title][et_pb_audio audio=\u00bbhttps:\/\/www.comisionporlamemoria.org\/museo\/wp-content\/uploads\/sites\/18\/2025\/03\/7-Cattaneo.mp3&#8243; disabled_on=\u00bboff|on|on\u00bb _builder_version=\u00bb4.27.4&#8243; _module_preset=\u00bbdefault\u00bb background_color=\u00bb#DFB758&#8243; locked=\u00bboff\u00bb global_colors_info=\u00bb{}\u00bb][\/et_pb_audio][\/et_pb_column][\/et_pb_row][et_pb_row column_structure=\u00bb1_3,2_3&#8243; make_equal=\u00bbon\u00bb _builder_version=\u00bb4.27.4&#8243; _module_preset=\u00bbdefault\u00bb background_enable_pattern_style=\u00bbon\u00bb background_pattern_style=\u00bbdiagonal-stripes-2&#8243; background_pattern_color=\u00bbrgba(0,0,0,0.1)\u00bb max_width=\u00bb1280px\u00bb global_colors_info=\u00bb{}\u00bb][et_pb_column type=\u00bb1_3&#8243; _builder_version=\u00bb4.27.4&#8243; _module_preset=\u00bbdefault\u00bb global_colors_info=\u00bb{}\u00bb][et_pb_image src=\u00bbhttps:\/\/www.comisionporlamemoria.org\/museo\/wp-content\/uploads\/sites\/18\/2025\/05\/Sin-titulo-8.jpg\u00bb title_text=\u00bbSin t\u00edtulo-8&#8243; align=\u00bbcenter\u00bb _builder_version=\u00bb4.27.4&#8243; _module_preset=\u00bbdefault\u00bb custom_margin=\u00bb|||3%|false|false\u00bb global_colors_info=\u00bb{}\u00bb][\/et_pb_image][\/et_pb_column][et_pb_column type=\u00bb2_3&#8243; _builder_version=\u00bb4.27.4&#8243; _module_preset=\u00bbdefault\u00bb global_colors_info=\u00bb{}\u00bb][et_pb_tabs _builder_version=\u00bb4.27.4&#8243; _module_preset=\u00bbdefault\u00bb custom_margin=\u00bb|2%|||false|false\u00bb hover_enabled=\u00bb0&#8243; sticky_enabled=\u00bb0&#8243;][et_pb_tab title=\u00bbESPA\u00d1OL\u00bb _builder_version=\u00bb4.27.4&#8243; _module_preset=\u00bbdefault\u00bb hover_enabled=\u00bb0&#8243; sticky_enabled=\u00bb0&#8243;]<\/p>\n<p style=\"text-align: justify;\"><span style=\"font-weight: 400;\">Isabel naci\u00f3 el 23 de octubre de 1942<\/span> <span style=\"font-weight: 400;\">en el partido de Avellaneda, Provincia de Buenos Aires, y<\/span> <span style=\"font-weight: 400;\">vivi\u00f3 en Mar del Plata durante su infancia y juventud. En 1964 se cas\u00f3 con Manuel Gonz\u00e1lez Sarmiento y tuvieron dos hijos. Manuel hab\u00eda entablado amistad con Atilio Jorge Cattaneo \u2013hermano de Mar\u00eda Isabel- durante la militancia de ambos.<\/span><\/p>\n<p style=\"text-align: justify;\"><span style=\"font-weight: 400;\">Isabel supo de la desaparici\u00f3n de su hermano pocos d\u00edas despu\u00e9s del\u00a0 8 de enero de 1977 cuando los compa\u00f1eros de militancia de Atilio se presentaron en su casa para contarle. Isabel ten\u00eda 35 a\u00f1os.\u00a0<\/span><\/p>\n<p style=\"text-align: justify;\"><span style=\"font-weight: 400;\">Ella junto a Manuel realizaron la denuncia por la desaparici\u00f3n, iniciaron el proceso de b\u00fasqueda y formaron\u00a0 parte de distintos organismos de Derechos Humanos: Familiares de Detenidos y Desaparecidos por Razones Pol\u00edticas y Abuelas de Plaza de Mayo.\u00a0<\/span><\/p>\n<p style=\"text-align: justify;\"><span style=\"font-weight: 400;\">Isabel y Manuel residen en Espa\u00f1a.<\/span><\/p>\n<p>[\/et_pb_tab][et_pb_tab title=\u00bbENGLISH\u00bb _builder_version=\u00bb4.27.4&#8243; _module_preset=\u00bbdefault\u00bb hover_enabled=\u00bb0&#8243; sticky_enabled=\u00bb0&#8243;]<\/p>\n<p><span style=\"font-weight: 400;\">Isabel was born on October 23, 1942, in the Avellaneda district of Buenos Aires Province, and lived in Mar del Plata during her childhood and youth. In 1964, she married Manuel Gonz\u00e1lez Sarmiento, and they had two children. Manuel had become friends with Atilio Jorge Cattaneo\u2014Mar\u00eda Isabel&#8217;s brother\u2014in the course of their shared activism.\u00a0<\/span><\/p>\n<p><span style=\"font-weight: 400;\">Isabel was 35 years old when she learned of her brother&#8217;s disappearance a few days after January 8, 1977, when Atilio&#8217;s fellow activists showed up at her house to tell her. Isabel and Manuel filed a report about his disappearance, began the search process, and joined various human rights organizations: the <\/span><i><span style=\"font-weight: 400;\">Relatives of Detainees and Disappeared Persons for Political Reasons<\/span><\/i><span style=\"font-weight: 400;\"> and the <\/span><i><span style=\"font-weight: 400;\">Grandmothers of the Plaza de Mayo<\/span><\/i><span style=\"font-weight: 400;\">.<\/span><\/p>\n<p><span style=\"font-weight: 400;\">Isabel and Manuel currently reside in Spain.<\/span><\/p>\n<p>[\/et_pb_tab][\/et_pb_tabs][\/et_pb_column][\/et_pb_row][et_pb_row disabled_on=\u00bbon|off|off\u00bb _builder_version=\u00bb4.27.4&#8243; _module_preset=\u00bbdefault\u00bb max_width=\u00bb1280px\u00bb custom_padding=\u00bb0px||||false|false\u00bb global_colors_info=\u00bb{}\u00bb][et_pb_column type=\u00bb4_4&#8243; _builder_version=\u00bb4.27.4&#8243; _module_preset=\u00bbdefault\u00bb global_colors_info=\u00bb{}\u00bb][et_pb_audio audio=\u00bbhttps:\/\/www.comisionporlamemoria.org\/museo\/wp-content\/uploads\/sites\/18\/2025\/03\/7-Cattaneo.mp3&#8243; _builder_version=\u00bb4.27.4&#8243; _module_preset=\u00bbdefault\u00bb background_color=\u00bb#DFB758&#8243; locked=\u00bboff\u00bb global_colors_info=\u00bb{}\u00bb][\/et_pb_audio][\/et_pb_column][\/et_pb_row][\/et_pb_section]<\/p>\n","protected":false},"excerpt":{"rendered":"<p>Isabel naci\u00f3 el 23 de octubre de 1942 en el partido de Avellaneda, Provincia de Buenos Aires, y vivi\u00f3 en Mar del Plata durante su infancia y juventud. En 1964 se cas\u00f3 con Manuel Gonz\u00e1lez Sarmiento y tuvieron dos hijos. Manuel hab\u00eda entablado amistad con Atilio Jorge Cattaneo \u2013hermano de Mar\u00eda Isabel- durante la militancia [&hellip;]<\/p>\n","protected":false},"author":40,"featured_media":0,"comment_status":"open","ping_status":"closed","template":"","meta":{"_et_pb_use_builder":"on","_et_pb_old_content":"","_et_gb_content_width":"","jetpack_post_was_ever_published":false,"footnotes":""},"project_category":[],"project_tag":[],"class_list":["post-49501","project","type-project","status-publish","hentry"],"jetpack_sharing_enabled":true,"_links":{"self":[{"href":"https:\/\/www.comisionporlamemoria.org\/museo\/wp-json\/wp\/v2\/project\/49501","targetHints":{"allow":["GET"]}}],"collection":[{"href":"https:\/\/www.comisionporlamemoria.org\/museo\/wp-json\/wp\/v2\/project"}],"about":[{"href":"https:\/\/www.comisionporlamemoria.org\/museo\/wp-json\/wp\/v2\/types\/project"}],"author":[{"embeddable":true,"href":"https:\/\/www.comisionporlamemoria.org\/museo\/wp-json\/wp\/v2\/users\/40"}],"replies":[{"embeddable":true,"href":"https:\/\/www.comisionporlamemoria.org\/museo\/wp-json\/wp\/v2\/comments?post=49501"}],"version-history":[{"count":0,"href":"https:\/\/www.comisionporlamemoria.org\/museo\/wp-json\/wp\/v2\/project\/49501\/revisions"}],"wp:attachment":[{"href":"https:\/\/www.comisionporlamemoria.org\/museo\/wp-json\/wp\/v2\/media?parent=49501"}],"wp:term":[{"taxonomy":"project_category","embeddable":true,"href":"https:\/\/www.comisionporlamemoria.org\/museo\/wp-json\/wp\/v2\/project_category?post=49501"},{"taxonomy":"project_tag","embeddable":true,"href":"https:\/\/www.comisionporlamemoria.org\/museo\/wp-json\/wp\/v2\/project_tag?post=49501"}],"curies":[{"name":"wp","href":"https:\/\/api.w.org\/{rel}","templated":true}]}}