{"id":49507,"date":"2025-05-13T13:34:31","date_gmt":"2025-05-13T13:34:31","guid":{"rendered":"https:\/\/www.comisionporlamemoria.org\/museo\/?post_type=project&#038;p=49507"},"modified":"2025-06-26T16:58:18","modified_gmt":"2025-06-26T16:58:18","slug":"mercedes","status":"publish","type":"project","link":"https:\/\/www.comisionporlamemoria.org\/museo\/project\/mercedes\/","title":{"rendered":"Mercedes Lagrava de Mart\u00ednez"},"content":{"rendered":"<p>[et_pb_section fb_built=\u00bb1&#8243; _builder_version=\u00bb4.27.4&#8243; _module_preset=\u00bbdefault\u00bb custom_margin=\u00bb|0px||0px|false|false\u00bb custom_padding=\u00bb0px|5%|0px|5%|false|false\u00bb global_colors_info=\u00bb{}\u00bb][et_pb_row _builder_version=\u00bb4.27.4&#8243; _module_preset=\u00bbdefault\u00bb background_color=\u00bb#dfb758&#8243; width=\u00bb90%\u00bb max_width=\u00bb1280px\u00bb global_colors_info=\u00bb{}\u00bb][et_pb_column type=\u00bb4_4&#8243; _builder_version=\u00bb4.27.4&#8243; _module_preset=\u00bbdefault\u00bb global_colors_info=\u00bb{}\u00bb][et_pb_post_title meta=\u00bboff\u00bb featured_image=\u00bboff\u00bb _builder_version=\u00bb4.27.4&#8243; _module_preset=\u00bbdefault\u00bb title_text_align=\u00bbcenter\u00bb title_text_color=\u00bb#d00054&#8243; global_colors_info=\u00bb{}\u00bb][\/et_pb_post_title][et_pb_audio audio=\u00bbhttps:\/\/www.comisionporlamemoria.org\/museo\/wp-content\/uploads\/sites\/18\/2025\/03\/8-Lagrava.mp3&#8243; disabled_on=\u00bboff|on|on\u00bb _builder_version=\u00bb4.27.4&#8243; _module_preset=\u00bbdefault\u00bb background_color=\u00bb#DFB758&#8243; locked=\u00bboff\u00bb global_colors_info=\u00bb{}\u00bb][\/et_pb_audio][\/et_pb_column][\/et_pb_row][et_pb_row column_structure=\u00bb1_3,2_3&#8243; make_equal=\u00bbon\u00bb _builder_version=\u00bb4.27.4&#8243; _module_preset=\u00bbdefault\u00bb background_enable_pattern_style=\u00bbon\u00bb background_pattern_style=\u00bbdiagonal-stripes-2&#8243; background_pattern_color=\u00bbrgba(0,0,0,0.1)\u00bb max_width=\u00bb1280px\u00bb global_colors_info=\u00bb{}\u00bb][et_pb_column type=\u00bb1_3&#8243; _builder_version=\u00bb4.27.4&#8243; _module_preset=\u00bbdefault\u00bb global_colors_info=\u00bb{}\u00bb][et_pb_image src=\u00bbhttps:\/\/www.comisionporlamemoria.org\/museo\/wp-content\/uploads\/sites\/18\/2025\/05\/Sin-titulo-9.jpg\u00bb title_text=\u00bbSin t\u00edtulo-9&#8243; align=\u00bbcenter\u00bb _builder_version=\u00bb4.27.4&#8243; _module_preset=\u00bbdefault\u00bb custom_margin=\u00bb|||3%|false|false\u00bb global_colors_info=\u00bb{}\u00bb][\/et_pb_image][\/et_pb_column][et_pb_column type=\u00bb2_3&#8243; _builder_version=\u00bb4.27.4&#8243; _module_preset=\u00bbdefault\u00bb global_colors_info=\u00bb{}\u00bb][et_pb_tabs _builder_version=\u00bb4.27.4&#8243; _module_preset=\u00bbdefault\u00bb custom_margin=\u00bb|2%|||false|false\u00bb hover_enabled=\u00bb0&#8243; sticky_enabled=\u00bb0&#8243;][et_pb_tab title=\u00bbESPA\u00d1OL\u00bb _builder_version=\u00bb4.27.4&#8243; _module_preset=\u00bbdefault\u00bb hover_enabled=\u00bb0&#8243; sticky_enabled=\u00bb0&#8243;]<\/p>\n<p style=\"text-align: justify;\"><span style=\"font-weight: 400;\">Mar\u00eda Mercedes Lagrava naci\u00f3 el 30 de mayo de 1914 en Lober\u00eda, Buenos Aires.\u00a0 Se cas\u00f3 con Atilio Feliciano Mart\u00ednez con quien tuvo cuatro hijxs, tres mujeres y un var\u00f3n. La familia pose\u00eda un kiosco y puesto de diarios muy cerca de\u00a0 la gobernaci\u00f3n provincial. En el a\u00f1o 1973 falleci\u00f3 su esposo, recayendo en ella ser sost\u00e9n del hogar.\u00a0\u00a0\u00a0<\/span><\/p>\n<p style=\"text-align: justify;\"><b>Despu\u00e9s de 1977 la vida de Mercedes\u00a0 no ser\u00e1 la misma. El 21 de junio Atilito -como cari\u00f1osamente le dec\u00edan sus hermanas- es secuestrado cuando se encontraba cumpliendo el servicio militar.\u00a0<\/b><\/p>\n<p style=\"text-align: justify;\"><span style=\"font-weight: 400;\">Mercedes con 68 a\u00f1os comienza el periplo de aprender a redactar habeas corpus y pedidos de audiencias a las autoridades de los regimientos militares. Escribir como una forma de poner en marcha la b\u00fasqueda,\u00a0 cartas para buscar respuestas y avisos para mantener la memoria de Atilio presente.<\/span><\/p>\n<p style=\"text-align: justify;\"><span style=\"font-weight: 400;\">\u00abNo busqu\u00e9 otra cosa que ese encuentro con mi hijo, Atilio C\u00e9sar y hasta que no se produzca, no conozca la verdad, continuar\u00e9 su b\u00fasqueda\u00bb.\u00a0\u00a0\u00a0<\/span><\/p>\n<p style=\"text-align: justify;\"><span style=\"font-weight: 400;\">Mercedes falleci\u00f3 en 1987, hoy sus restos descansan con su hijo quien fue identificado por el Equipo Argentino de Antropolog\u00eda Forense. Ambos se encuentran en el Mausoleo \u201cMemoria, Verdad y Justicia\u201d del Cementerio de La Plata.<\/span><\/p>\n<p>[\/et_pb_tab][et_pb_tab title=\u00bbENGLISH\u00bb _builder_version=\u00bb4.27.4&#8243; _module_preset=\u00bbdefault\u00bb hover_enabled=\u00bb0&#8243; sticky_enabled=\u00bb0&#8243;]<\/p>\n<p><span style=\"font-weight: 400;\">Mar\u00eda Mercedes Lagrava was born on May 30, 1914, in Lober\u00eda, Buenos Aires. She married Atilio Feliciano Mart\u00ednez, with whom she had four children, three daughters and one son. The family owned a kiosk and newspaper stand very close to the provincial government building. In 1973, her husband died, leaving her to become the breadwinner.<\/span><\/p>\n<p><span style=\"font-weight: 400;\"><strong>Mercedes&#8217;s life would never be the same when, at 68 years of age, on June 21, 1977, \u201cAtilito\u201d\u2014as his sisters affectionately called him\u2014was kidnapped while performing his military service.<\/strong> <\/span><\/p>\n<p><span style=\"font-weight: 400;\">Mercedes began the journey of learning how to petition for <\/span><i><span style=\"font-weight: 400;\">habeas corpus<\/span><\/i><span style=\"font-weight: 400;\"> and request audiences with the authorities of the military regiments. Writing as a way to launch the search, letters seeking answers, and notices to keep Atilio&#8217;s memory alive.<\/span><\/p>\n<p><span style=\"font-weight: 400;\">\u00abI sought nothing other than that reunion with my son, Atilio C\u00e9sar, and until that happens, and until I know the truth, I will continue my search.\u00bb Mercedes died in 1987. Today, her remains rest with her son, who was identified by the Argentine Forensic Anthropology Team, in the \u00abMemory, Truth, and Justice\u00bb Mausoleum at the La Plata Cemetery.<\/span><\/p>\n<p>[\/et_pb_tab][\/et_pb_tabs][\/et_pb_column][\/et_pb_row][et_pb_row disabled_on=\u00bbon|off|off\u00bb _builder_version=\u00bb4.27.4&#8243; _module_preset=\u00bbdefault\u00bb max_width=\u00bb1280px\u00bb custom_padding=\u00bb0px||||false|false\u00bb global_colors_info=\u00bb{}\u00bb][et_pb_column type=\u00bb4_4&#8243; _builder_version=\u00bb4.27.4&#8243; _module_preset=\u00bbdefault\u00bb global_colors_info=\u00bb{}\u00bb][et_pb_audio audio=\u00bbhttps:\/\/www.comisionporlamemoria.org\/museo\/wp-content\/uploads\/sites\/18\/2025\/03\/8-Lagrava.mp3&#8243; _builder_version=\u00bb4.27.4&#8243; _module_preset=\u00bbdefault\u00bb background_color=\u00bb#DFB758&#8243; locked=\u00bboff\u00bb global_colors_info=\u00bb{}\u00bb][\/et_pb_audio][\/et_pb_column][\/et_pb_row][\/et_pb_section]<\/p>\n","protected":false},"excerpt":{"rendered":"<p>Mar\u00eda Mercedes Lagrava naci\u00f3 el 30 de mayo de 1914 en Lober\u00eda, Buenos Aires.\u00a0 Se cas\u00f3 con Atilio Feliciano Mart\u00ednez con quien tuvo cuatro hijxs, tres mujeres y un var\u00f3n. La familia pose\u00eda un kiosco y puesto de diarios muy cerca de\u00a0 la gobernaci\u00f3n provincial. En el a\u00f1o 1973 falleci\u00f3 su esposo, recayendo en ella [&hellip;]<\/p>\n","protected":false},"author":40,"featured_media":0,"comment_status":"open","ping_status":"closed","template":"","meta":{"_et_pb_use_builder":"on","_et_pb_old_content":"","_et_gb_content_width":"","jetpack_post_was_ever_published":false,"footnotes":""},"project_category":[],"project_tag":[],"class_list":["post-49507","project","type-project","status-publish","hentry"],"jetpack_sharing_enabled":true,"_links":{"self":[{"href":"https:\/\/www.comisionporlamemoria.org\/museo\/wp-json\/wp\/v2\/project\/49507","targetHints":{"allow":["GET"]}}],"collection":[{"href":"https:\/\/www.comisionporlamemoria.org\/museo\/wp-json\/wp\/v2\/project"}],"about":[{"href":"https:\/\/www.comisionporlamemoria.org\/museo\/wp-json\/wp\/v2\/types\/project"}],"author":[{"embeddable":true,"href":"https:\/\/www.comisionporlamemoria.org\/museo\/wp-json\/wp\/v2\/users\/40"}],"replies":[{"embeddable":true,"href":"https:\/\/www.comisionporlamemoria.org\/museo\/wp-json\/wp\/v2\/comments?post=49507"}],"version-history":[{"count":0,"href":"https:\/\/www.comisionporlamemoria.org\/museo\/wp-json\/wp\/v2\/project\/49507\/revisions"}],"wp:attachment":[{"href":"https:\/\/www.comisionporlamemoria.org\/museo\/wp-json\/wp\/v2\/media?parent=49507"}],"wp:term":[{"taxonomy":"project_category","embeddable":true,"href":"https:\/\/www.comisionporlamemoria.org\/museo\/wp-json\/wp\/v2\/project_category?post=49507"},{"taxonomy":"project_tag","embeddable":true,"href":"https:\/\/www.comisionporlamemoria.org\/museo\/wp-json\/wp\/v2\/project_tag?post=49507"}],"curies":[{"name":"wp","href":"https:\/\/api.w.org\/{rel}","templated":true}]}}