{"id":49514,"date":"2025-05-13T13:37:40","date_gmt":"2025-05-13T13:37:40","guid":{"rendered":"https:\/\/www.comisionporlamemoria.org\/museo\/?post_type=project&#038;p=49514"},"modified":"2025-06-26T17:02:36","modified_gmt":"2025-06-26T17:02:36","slug":"olga","status":"publish","type":"project","link":"https:\/\/www.comisionporlamemoria.org\/museo\/project\/olga\/","title":{"rendered":"Olga Martegani de Garc\u00eda"},"content":{"rendered":"<p>[et_pb_section fb_built=\u00bb1&#8243; _builder_version=\u00bb4.27.4&#8243; _module_preset=\u00bbdefault\u00bb custom_margin=\u00bb|0px||0px|false|false\u00bb custom_padding=\u00bb0px|5%|0px|5%|false|false\u00bb global_colors_info=\u00bb{}\u00bb][et_pb_row _builder_version=\u00bb4.27.4&#8243; _module_preset=\u00bbdefault\u00bb background_color=\u00bb#dfb758&#8243; width=\u00bb90%\u00bb max_width=\u00bb1280px\u00bb global_colors_info=\u00bb{}\u00bb][et_pb_column type=\u00bb4_4&#8243; _builder_version=\u00bb4.27.4&#8243; _module_preset=\u00bbdefault\u00bb global_colors_info=\u00bb{}\u00bb][et_pb_post_title meta=\u00bboff\u00bb featured_image=\u00bboff\u00bb _builder_version=\u00bb4.27.4&#8243; _module_preset=\u00bbdefault\u00bb title_text_align=\u00bbcenter\u00bb title_text_color=\u00bb#d00054&#8243; global_colors_info=\u00bb{}\u00bb][\/et_pb_post_title][et_pb_audio audio=\u00bbhttps:\/\/www.comisionporlamemoria.org\/museo\/wp-content\/uploads\/sites\/18\/2025\/03\/9-Martegani.mp3&#8243; disabled_on=\u00bboff|on|on\u00bb _builder_version=\u00bb4.27.4&#8243; _module_preset=\u00bbdefault\u00bb background_color=\u00bb#DFB758&#8243; locked=\u00bboff\u00bb global_colors_info=\u00bb{}\u00bb][\/et_pb_audio][\/et_pb_column][\/et_pb_row][et_pb_row column_structure=\u00bb1_3,2_3&#8243; make_equal=\u00bbon\u00bb _builder_version=\u00bb4.27.4&#8243; _module_preset=\u00bbdefault\u00bb background_enable_pattern_style=\u00bbon\u00bb background_pattern_style=\u00bbdiagonal-stripes-2&#8243; background_pattern_color=\u00bbrgba(0,0,0,0.1)\u00bb max_width=\u00bb1280px\u00bb global_colors_info=\u00bb{}\u00bb][et_pb_column type=\u00bb1_3&#8243; _builder_version=\u00bb4.27.4&#8243; _module_preset=\u00bbdefault\u00bb global_colors_info=\u00bb{}\u00bb][et_pb_image src=\u00bbhttps:\/\/www.comisionporlamemoria.org\/museo\/wp-content\/uploads\/sites\/18\/2025\/05\/Sin-titulo-10.jpg\u00bb title_text=\u00bbSin t\u00edtulo-10&#8243; align=\u00bbcenter\u00bb _builder_version=\u00bb4.27.4&#8243; _module_preset=\u00bbdefault\u00bb custom_margin=\u00bb|||5%|false|false\u00bb global_colors_info=\u00bb{}\u00bb][\/et_pb_image][\/et_pb_column][et_pb_column type=\u00bb2_3&#8243; _builder_version=\u00bb4.27.4&#8243; _module_preset=\u00bbdefault\u00bb global_colors_info=\u00bb{}\u00bb][et_pb_tabs _builder_version=\u00bb4.27.4&#8243; _module_preset=\u00bbdefault\u00bb custom_margin=\u00bb|2%|||false|false\u00bb hover_enabled=\u00bb0&#8243; sticky_enabled=\u00bb0&#8243;][et_pb_tab title=\u00bbESPA\u00d1OL\u00bb _builder_version=\u00bb4.27.4&#8243; _module_preset=\u00bbdefault\u00bb hover_enabled=\u00bb0&#8243; sticky_enabled=\u00bb0&#8243;]<\/p>\n<p>Olga Noem\u00ed Martegani de Garc\u00eda <span style=\"font-weight: 400;\">naci\u00f3 el 4 de octubre de 1922 en Bavio. Era la m\u00e1s chica de cinco hermanos.<\/span><\/p>\n<p><span style=\"font-weight: 400;\">Le gustaba andar a caballo y se recibi\u00f3 como profesora de folklore y de piano en el conservatorio. Le gustaba bailar Folklore, la m\u00fasica acad\u00e9mica, tocaba la guitarra y adoraba el aroma a lavanda. Tej\u00eda, cocida, hac\u00eda cer\u00e1mica y sol\u00eda estar rodeada de obras de artes porque era restauradora.<\/span><\/p>\n<p><span style=\"font-weight: 400;\">Se cas\u00f3 muy joven con Horacio y se radicaron en La Plata. Tuvieron dos hijos: Guillermo y Alejandro.<\/span><\/p>\n<p><span style=\"font-weight: 400;\">Cuando el 16 de marzo de 1977 su hijo menor es secuestrado en Neuqu\u00e9n mientras estaba haciendo el Servicio Militar obligatorio, Olga ten\u00eda 55 a\u00f1os.<\/span><\/p>\n<p><span style=\"font-weight: 400;\">A partir de all\u00ed, su vida estuvo abocada a la b\u00fasqueda de Alejandro y a la denuncia de su desaparici\u00f3n. Perteneci\u00f3 a la Asociaci\u00f3n de Madres de Plaza de Mayo de La Plata y particip\u00f3 junto a otras organizaciones de derechos humanos en el reclamo de Memoria, verdad y justicia.<\/span><\/p>\n<p><span style=\"font-weight: 400;\">Declar\u00f3 el 4 de agosto de 1999 en los Juicios por la Verdad de La Plata.<\/span><\/p>\n<p><span style=\"font-weight: 400;\">Muri\u00f3 el\u00a0 26 de marzo de 2008, a los 85 a\u00f1os. <\/span><\/p>\n<p>[\/et_pb_tab][et_pb_tab title=\u00bbENGLISH\u00bb _builder_version=\u00bb4.27.4&#8243; _module_preset=\u00bbdefault\u00bb hover_enabled=\u00bb0&#8243; sticky_enabled=\u00bb0&#8243;]<\/p>\n<p><span style=\"font-weight: 400;\">Olga was born on October 4, 1922, in Bavio, the youngest of five siblings. She enjoyed horseback riding and graduated from the conservatory as a folklore and piano teacher. She enjoyed folklore dancing and classical music, played the guitar, and adored the scent of lavender. She knitted, baked, and made pottery, often surrounded by works of art because she was a restorer.<\/span><\/p>\n<p><span style=\"font-weight: 400;\">She married Horacio at a young age and settled in La Plata, where they had two sons: Guillermo and Alejandro. When her youngest son was disappeared in Neuqu\u00e9n on March 16, 1977, while completing his mandatory military service, Olga was 55 years old.<\/span><\/p>\n<p><span style=\"font-weight: 400;\">From then on, her life was devoted to searching for Alejandro as part of the Association of Mothers of the Plaza de Mayo in La Plata and other human rights organizations in the demand for Memory, Truth, and Justice. She testified on August 4, 1999, at the Truth Trials in La Plata.<\/span><\/p>\n<p><span style=\"font-weight: 400;\">She died on March 26, 2008, at the age of 85.<\/span><\/p>\n<p>[\/et_pb_tab][\/et_pb_tabs][\/et_pb_column][\/et_pb_row][et_pb_row disabled_on=\u00bbon|off|off\u00bb _builder_version=\u00bb4.27.4&#8243; _module_preset=\u00bbdefault\u00bb max_width=\u00bb1280px\u00bb custom_padding=\u00bb0px||||false|false\u00bb global_colors_info=\u00bb{}\u00bb][et_pb_column type=\u00bb4_4&#8243; _builder_version=\u00bb4.27.4&#8243; _module_preset=\u00bbdefault\u00bb global_colors_info=\u00bb{}\u00bb][et_pb_audio audio=\u00bbhttps:\/\/www.comisionporlamemoria.org\/museo\/wp-content\/uploads\/sites\/18\/2025\/03\/9-Martegani.mp3&#8243; _builder_version=\u00bb4.27.4&#8243; _module_preset=\u00bbdefault\u00bb background_color=\u00bb#DFB758&#8243; locked=\u00bboff\u00bb global_colors_info=\u00bb{}\u00bb][\/et_pb_audio][\/et_pb_column][\/et_pb_row][\/et_pb_section]<\/p>\n","protected":false},"excerpt":{"rendered":"<p>Olga Noem\u00ed Martegani de Garc\u00eda naci\u00f3 el 4 de octubre de 1922 en Bavio. Era la m\u00e1s chica de cinco hermanos. Le gustaba andar a caballo y se recibi\u00f3 como profesora de folklore y de piano en el conservatorio. Le gustaba bailar Folklore, la m\u00fasica acad\u00e9mica, tocaba la guitarra y adoraba el aroma a lavanda. [&hellip;]<\/p>\n","protected":false},"author":40,"featured_media":0,"comment_status":"open","ping_status":"closed","template":"","meta":{"_et_pb_use_builder":"on","_et_pb_old_content":"","_et_gb_content_width":"","jetpack_post_was_ever_published":false,"footnotes":""},"project_category":[],"project_tag":[],"class_list":["post-49514","project","type-project","status-publish","hentry"],"jetpack_sharing_enabled":true,"_links":{"self":[{"href":"https:\/\/www.comisionporlamemoria.org\/museo\/wp-json\/wp\/v2\/project\/49514","targetHints":{"allow":["GET"]}}],"collection":[{"href":"https:\/\/www.comisionporlamemoria.org\/museo\/wp-json\/wp\/v2\/project"}],"about":[{"href":"https:\/\/www.comisionporlamemoria.org\/museo\/wp-json\/wp\/v2\/types\/project"}],"author":[{"embeddable":true,"href":"https:\/\/www.comisionporlamemoria.org\/museo\/wp-json\/wp\/v2\/users\/40"}],"replies":[{"embeddable":true,"href":"https:\/\/www.comisionporlamemoria.org\/museo\/wp-json\/wp\/v2\/comments?post=49514"}],"version-history":[{"count":0,"href":"https:\/\/www.comisionporlamemoria.org\/museo\/wp-json\/wp\/v2\/project\/49514\/revisions"}],"wp:attachment":[{"href":"https:\/\/www.comisionporlamemoria.org\/museo\/wp-json\/wp\/v2\/media?parent=49514"}],"wp:term":[{"taxonomy":"project_category","embeddable":true,"href":"https:\/\/www.comisionporlamemoria.org\/museo\/wp-json\/wp\/v2\/project_category?post=49514"},{"taxonomy":"project_tag","embeddable":true,"href":"https:\/\/www.comisionporlamemoria.org\/museo\/wp-json\/wp\/v2\/project_tag?post=49514"}],"curies":[{"name":"wp","href":"https:\/\/api.w.org\/{rel}","templated":true}]}}