{"id":5300,"date":"2025-12-17T17:13:17","date_gmt":"2025-12-17T16:13:17","guid":{"rendered":"https:\/\/www.comisionporlamemoria.org\/revige\/?post_type=avada_portfolio&#038;p=5300"},"modified":"2026-03-20T19:20:38","modified_gmt":"2026-03-20T18:20:38","slug":"gonzalez-chipont","status":"publish","type":"avada_portfolio","link":"https:\/\/www.comisionporlamemoria.org\/revige\/portfolio-items\/gonzalez-chipont\/","title":{"rendered":"Gonz\u00e1lez Chipont"},"content":{"rendered":"<p><div class=\"fusion-fullwidth fullwidth-box fusion-builder-row-1 fusion-flex-container has-pattern-background has-mask-background fusion-parallax-none hundred-percent-fullwidth non-hundred-percent-height-scrolling lazyload\" style=\"--link_hover_color: #9da6dd;--link_color: #10b29c;--awb-border-sizes-top:0px;--awb-border-sizes-bottom:0px;--awb-border-sizes-left:0px;--awb-border-sizes-right:0px;--awb-border-color:#d1d1d1;--awb-border-radius-top-left:0px;--awb-border-radius-top-right:0px;--awb-border-radius-bottom-right:0px;--awb-border-radius-bottom-left:0px;--awb-padding-top:0px;--awb-padding-right:0px;--awb-padding-bottom:0px;--awb-padding-left:0px;--awb-padding-top-medium:4vw;--awb-padding-right-medium:4vw;--awb-padding-bottom-medium:4vw;--awb-padding-left-medium:4vw;--awb-padding-top-small:30px;--awb-padding-right-small:30px;--awb-padding-bottom-small:30px;--awb-padding-left-small:30px;--awb-margin-top:0px;--awb-margin-bottom:0px;--awb-background-color:#a7c4f2;--awb-background-size:cover;--awb-flex-wrap:wrap;\" data-bg=\"https:\/\/www.comisionporlamemoria.org\/revige\/wp-content\/uploads\/sites\/16\/sites\/44\/2025\/12\/opcion2_franja_textura-300x42.jpg\" ><div class=\"fusion-builder-row fusion-row fusion-flex-align-items-stretch fusion-flex-content-wrap\" style=\"width:104% !important;max-width:104% !important;margin-left: calc(-4% \/ 2 );margin-right: calc(-4% \/ 2 );\"><div class=\"fusion-layout-column fusion_builder_column fusion-builder-column-0 fusion_builder_column_1_1 1_1 fusion-flex-column\" style=\"--awb-padding-top:2%;--awb-padding-bottom:1%;--awb-bg-size:cover;--awb-width-large:100%;--awb-margin-top-large:0px;--awb-spacing-right-large:1.92%;--awb-margin-bottom-large:0px;--awb-spacing-left-large:1.92%;--awb-width-medium:100%;--awb-order-medium:0;--awb-spacing-right-medium:1.92%;--awb-spacing-left-medium:1.92%;--awb-width-small:100%;--awb-order-small:0;--awb-spacing-right-small:1.92%;--awb-spacing-left-small:1.92%;\" data-scroll-devices=\"small-visibility,medium-visibility,large-visibility\"><div class=\"fusion-column-wrapper fusion-column-has-shadow fusion-flex-justify-content-flex-start fusion-content-layout-column\"><div class=\"fusion-title title fusion-title-1 fusion-title-center fusion-title-text fusion-title-size-two\" style=\"--awb-text-color:var(--awb-color1);--awb-margin-right:0px;--awb-margin-bottom:0px;--awb-margin-left:0px;--awb-margin-top-small:0px;--awb-margin-bottom-small:20px;\"><div class=\"title-sep-container title-sep-container-left\"><div class=\"title-sep sep- sep-solid\" style=\"border-color:var(--awb-color3);\"><\/div><\/div><span class=\"awb-title-spacer\"><\/span><h2 class=\"fusion-title-heading title-heading-center fusion-responsive-typography-calculated\" style=\"margin:0;text-transform:capitalize;--fontSize:42;line-height:var(--awb-typography1-line-height);\"><h3><span style=\"font-weight: 400;\">Ej\u00e9rcito &#8211; Gonz\u00e1lez Chipont<\/span><\/h3><\/h2><span class=\"awb-title-spacer\"><\/span><div class=\"title-sep-container title-sep-container-right\"><div class=\"title-sep sep- sep-solid\" style=\"border-color:var(--awb-color3);\"><\/div><\/div><\/div><\/div><\/div><\/div><\/div><div class=\"fusion-fullwidth fullwidth-box fusion-builder-row-2 fusion-flex-container has-pattern-background has-mask-background nonhundred-percent-fullwidth non-hundred-percent-height-scrolling\" style=\"--awb-border-radius-top-left:0px;--awb-border-radius-top-right:0px;--awb-border-radius-bottom-right:0px;--awb-border-radius-bottom-left:0px;--awb-margin-top:2%;--awb-flex-wrap:wrap;\" ><div class=\"fusion-builder-row fusion-row fusion-flex-align-items-flex-start fusion-flex-content-wrap\" style=\"max-width:1216.8px;margin-left: calc(-4% \/ 2 );margin-right: calc(-4% \/ 2 );\"><div class=\"fusion-layout-column fusion_builder_column fusion-builder-column-1 fusion_builder_column_1_1 1_1 fusion-flex-column\" style=\"--awb-bg-size:cover;--awb-width-large:100%;--awb-margin-top-large:0px;--awb-spacing-right-large:1.92%;--awb-margin-bottom-large:20px;--awb-spacing-left-large:1.92%;--awb-width-medium:100%;--awb-order-medium:0;--awb-spacing-right-medium:1.92%;--awb-spacing-left-medium:1.92%;--awb-width-small:100%;--awb-order-small:0;--awb-spacing-right-small:1.92%;--awb-spacing-left-small:1.92%;\"><div class=\"fusion-column-wrapper fusion-column-has-shadow fusion-flex-justify-content-flex-start fusion-content-layout-column\"><div class=\"fusion-counters-box counters-box row fusion-clearfix fusion-columns-3\" style=\"--awb-border-color:#8f1622;--awb-color:#8f1622;--awb-border-color:#8f1622;\"><div class=\"fusion-counter-box fusion-column col-counter-box counter-box-wrapper col-lg-4 col-md-4 col-sm-4\" data-animationOffset=\"top-into-view\"><div class=\"counter-box-container\"><div class=\"content-box-percentage content-box-counter\"><span class=\"display-counter\" data-value=\"30\" data-direction=\"up\" data-decimals=\"0\">0<\/span><\/div><div class=\"counter-box-content\">Condenados<\/div><\/div><\/div><div class=\"fusion-counter-box fusion-column col-counter-box counter-box-wrapper col-lg-4 col-md-4 col-sm-4\" data-animationOffset=\"top-into-view\"><div class=\"counter-box-container\"><div class=\"content-box-percentage content-box-counter\"><span class=\"display-counter\" data-value=\"1488\" data-direction=\"up\" data-decimals=\"0\">0<\/span><\/div><div class=\"counter-box-content\">Violencias<\/div><\/div><\/div><div class=\"fusion-counter-box fusion-column col-counter-box counter-box-wrapper col-lg-4 col-md-4 col-sm-4\" data-animationOffset=\"top-into-view\"><div class=\"counter-box-container\"><div class=\"content-box-percentage content-box-counter\"><span class=\"display-counter\" data-value=\"98\" data-direction=\"up\" data-decimals=\"0\">0<\/span><\/div><div class=\"counter-box-content\">Violencias juzgadas<\/div><\/div><\/div><\/div><\/div><\/div><\/div><\/div><div class=\"fusion-fullwidth fullwidth-box fusion-builder-row-3 fusion-flex-container has-pattern-background has-mask-background nonhundred-percent-fullwidth non-hundred-percent-height-scrolling\" style=\"--awb-border-radius-top-left:0px;--awb-border-radius-top-right:0px;--awb-border-radius-bottom-right:0px;--awb-border-radius-bottom-left:0px;--awb-flex-wrap:wrap;\" ><div class=\"fusion-builder-row fusion-row fusion-flex-align-items-flex-start fusion-flex-content-wrap\" style=\"max-width:1216.8px;margin-left: calc(-4% \/ 2 );margin-right: calc(-4% \/ 2 );\"><div class=\"fusion-layout-column fusion_builder_column fusion-builder-column-2 fusion_builder_column_2_3 2_3 fusion-flex-column\" style=\"--awb-padding-right:2%;--awb-bg-size:cover;--awb-border-color:var(--awb-color4);--awb-border-right:3px;--awb-border-style:solid;--awb-width-large:66.666666666667%;--awb-margin-top-large:0px;--awb-spacing-right-large:2.88%;--awb-margin-bottom-large:20px;--awb-spacing-left-large:2.88%;--awb-width-medium:100%;--awb-order-medium:0;--awb-spacing-right-medium:1.92%;--awb-spacing-left-medium:1.92%;--awb-width-small:100%;--awb-order-small:0;--awb-spacing-right-small:1.92%;--awb-spacing-left-small:1.92%;\" data-scroll-devices=\"small-visibility,medium-visibility,large-visibility\"><div class=\"fusion-column-wrapper fusion-column-has-shadow fusion-flex-justify-content-flex-start fusion-content-layout-column\">\n<div class=\"table-2\">\n<table width=\"100%\">\n<thead style=\"background-color: #fff; border-color: #fff;\">\n<tr>\n<td align=\"left\"><span style=\"font-family: Cutive Mono;\"><strong>Car\u00e1tula de causa<\/strong><\/span><\/td>\n<td align=\"left\"><span style=\"font-weight: 400;\">CAUSA N\u00b0 FBB 93000001\/2012\/TO1 Y ACUMULADO FBB 15000005\/2007\/TO3 \u201cGONZ\u00c1LEZ CHIPONT, JULIO GUILLERMO Y OTROS S\/ PRIVACI\u00d3N ILEGAL DE LIBERTAD (ART.144 BIS INC.1) (LESA HUMANIDAD)\u201d<\/span><\/td>\n<\/tr>\n<\/thead>\n<tbody>\n<tr>\n<td align=\"left\"><span style=\"font-family: Cutive Mono;\"><strong>Nombre de referencia<\/strong><\/span><\/td>\n<td align=\"left\"><span style=\"font-weight: 400;\">EJ\u00c9RCITO &#8211; GONZALEZ CHIPONT<\/span><\/td>\n<\/tr>\n<tr>\n<td align=\"left\"><span style=\"font-family: Cutive Mono;\"><strong>Jurisdicci\u00f3n y juzgado<\/strong><\/span><\/td>\n<td align=\"left\"><span style=\"font-weight: 400;\">Tribunal Oral de lo Criminal Federal N\u00b0 1 &#8211; Bah\u00eda Blanca<\/span><\/td>\n<\/tr>\n<tr>\n<td align=\"left\"><span style=\"font-family: Cutive Mono;\"><strong>Fecha veredicto<\/strong><\/span><\/td>\n<td align=\"left\"><span style=\"font-weight: 400;\">4\/10\/2017<\/span><\/td>\n<\/tr>\n<tr>\n<td align=\"left\"><span style=\"font-family: Cutive Mono;\"><strong>Condenados\/as<\/strong><\/span><\/td>\n<td align=\"left\"><span style=\"font-family: Cutive Mono;\"><span style=\"font-weight: 400;\">30<\/span><\/span><\/td>\n<\/tr>\n<tr>\n<td align=\"left\"><span style=\"font-family: Cutive Mono;\"><strong>Nombres de los condenados\/as (fuerza represiva)<\/strong><\/span><\/td>\n<td align=\"left\"><span style=\"font-weight: 400;\">Aguirre, V\u00edctor Ra\u00fal (EJ\u00c9RCITO- INTELIGENCIA). Perpetua<\/span> <span style=\"font-weight: 400;\">Bay\u00f3n, Juan Manuel (EJ\u00c9RCITO). Perpetua &#8211; FALLECIDO<\/span> <span style=\"font-weight: 400;\">Camarelli, Antonio Alberto (POLICIA DE LA PROVINCIA DE RIO NEGRO). 3 a\u00f1os.<\/span> <span style=\"font-weight: 400;\">Ca\u00f1icul, Gabriel (EJ\u00c9RCITO). Perpetua &#8211; FALLECIDO<\/span> <span style=\"font-weight: 400;\">C\u00e1ceres, Pedro \u00c1ngel (EJ\u00c9RCITO). Perpetua &#8211; FALLECIDO<\/span> <span style=\"font-weight: 400;\">Chiesa, Miguel \u00c1ngel (EJ\u00c9RCITO). 9 a\u00f1os.\u00a0<\/span> <span style=\"font-weight: 400;\">Condal Garcia, Norberto (EJ\u00c9RCITO &#8211; INTELI<\/span><span style=\"font-weight: 400;\">GENCIA). Perpetua.<\/span> <span style=\"font-weight: 400;\">Del Pino, Enrique Jos\u00e9 &#8211; (EJ\u00c9RCITO &#8211; INTELIGENCIA). Perpetua.<\/span> <span style=\"font-weight: 400;\">Dominguez, Ra\u00fal Artemio (EJ\u00c9RCITO). Perpetua.<\/span> <span style=\"font-weight: 400;\">Ferreyra, Carlos Alberto (EJ\u00c9RCITO). Perpetua.<\/span> <span style=\"font-weight: 400;\">Floridia, <\/span><span style=\"font-weight: 400;\">Osvaldo Vicente (POLIC\u00cdA FEDERAL). 10 a\u00f1os &#8211; FALLECIDO<\/span> <span style=\"font-weight: 400;\">Gonz\u00e1lez, Andres Desiderio (EJ\u00c9RCITO). Perpetua.<\/span> <span style=\"font-weight: 400;\">Gonz\u00e1lez Chipont, Guillermo Julio (EJ\u00c9RCITO). Perpetua.<\/span> <span style=\"font-weight: 400;\">Granada, Jorge Horacio (EJ\u00c9RCITO- INTELIGENCIA). Perpetua.<\/span> <span style=\"font-weight: 400;\">Laurella Crippa, Osvaldo Antonio (EJ\u00c9RCITO). 9 a\u00f1os &#8211; FALLECIDO<\/span> <span style=\"font-weight: 400;\">Lavay\u00e9n, Arsenio (EJ\u00c9RCITO). Perpetua.<\/span> <span style=\"font-weight: 400;\">Lawless, Alejandro (EJ\u00c9RCITO). Perpetua.<\/span> <span style=\"font-weight: 400;\">Mart\u00ednez, Jos\u00e9 Maria (EJ\u00c9RCITO). Perpetua &#8211; FALLECIDO<\/span> <span style=\"font-weight: 400;\">Mansueto S<\/span><span style=\"font-weight: 400;\">wendsen, Jorge Enrique (EJ\u00c9RCITO ARGENTINO). Perpetua. FALLECIDO<\/span> <span style=\"font-weight: 400;\">Miraglia, Andres Reynaldo (SERVICIO PENITENCIARIO BONAERENSE)<\/span><span style=\"font-weight: 400;\">. 3 a\u00f1os &#8211; FALLECIDO<\/span> <span style=\"font-weight: 400;\">Nilo<\/span><span style=\"font-weight: 400;\">s, <\/span><span style=\"font-weight: 400;\">Miguel \u00c1ngel (EJ\u00c9RCITO). 9 a\u00f1os.<\/span> <span style=\"font-weight: 400;\">Noel, Pedro Jos\u00e9 (POLIC\u00cdA BONAERENSE). Perpetua &#8211; FALLECIDO<\/span> <span style=\"font-weight: 400;\">P\u00e1ez, Osvaldo Bernardo\u00a0 (EJ\u00c9RCITO). Perpetua.<\/span> <span style=\"font-weight: 400;\">Reinhold, Oscar Lorenzo (EJ\u00c9RCITO). 14 a\u00f1os.<\/span> <span style=\"font-weight: 400;\">Rojas, Jorge Horacio (EJ\u00c9RCITO). 9 a\u00f1os.<\/span> <span style=\"font-weight: 400;\">Salinas, Jes\u00fas (POLIC\u00cdA BONAERENSE). Perpetua.<\/span> <span style=\"font-weight: 400;\">Selaya, Hector Luis (SERVICIO PENITENCIARIO BONAERENSE). 6 a\u00f1os.<\/span> <span style=\"font-weight: 400;\">Sierra, Osvaldo Lucio (EJ\u00c9RCITO- INTELIGENCIA). Perpetua.<\/span> <span style=\"font-weight: 400;\">Taffarel, Carlos Alberto (EJ\u00c9RCITO- INTELIGENCIA). Perpetua.<\/span> <span style=\"font-weight: 400;\">Tejeda, Walter Bartolo (EJ\u00c9RCITO). Perpetua &#8211; FALLECIDO<\/span><\/td>\n<\/tr>\n<tr>\n<td align=\"left\"><span style=\"font-family: Cutive Mono;\"><strong>Absoluciones<\/strong><\/span><\/td>\n<td align=\"left\">1<\/td>\n<\/tr>\n<tr>\n<td align=\"left\"><span style=\"font-family: Cutive Mono;\"><strong>Nombres de los absueltos\/as (fuerza represiva)<\/strong><\/span><\/td>\n<td align=\"left\"><span style=\"font-weight: 400;\">Nieva, Alberto Magno (EJ\u00c9RCITO)<\/span><\/td>\n<\/tr>\n<tr>\n<td align=\"left\"><span style=\"font-family: Cutive Mono;\"><strong>Delitos juzgados<\/strong><\/span><\/td>\n<td align=\"left\"><span style=\"font-weight: 400;\">Privaci\u00f3n ilegal de la libertad agravada por haber sido cometida por un funcionario p\u00fablico con abuso de sus funciones o sin las formalidades prescriptas por la ley,<\/span> <span style=\"font-weight: 400;\">agravada por mediar violencias o amenazas y, en algunos casos, agravada por su duraci\u00f3n mayor a un mes;\u00a0 imposici\u00f3n de tormentos agravados por ser las v\u00edctimas perseguidas pol\u00edticas; lesiones grav\u00edsimas agravadas por alevos\u00eda; homicidio agravado por alevos\u00eda, por el concurso premeditado de dos o m\u00e1s personas y con el fin de lograr la impunidad, bajo la modalidad de desaparici\u00f3n forzada de personas; sustracci\u00f3n de menor; falsedad ideol\u00f3gica de instrumento p\u00fablico.<\/span><\/td>\n<\/tr>\n<tr>\n<td align=\"left\"><span style=\"font-family: Cutive Mono;\"><strong>V\u00edctimas caso<\/strong><\/span><\/td>\n<td align=\"left\"><span style=\"font-family: Cutive Mono;\">105<\/span><\/td>\n<\/tr>\n<tr>\n<td align=\"left\"><span style=\"font-family: Cutive Mono;\"><strong>V\u00edctimas no caso identificadas<\/strong><\/span><\/td>\n<td align=\"left\"><b>120<\/b><\/td>\n<\/tr>\n<tr>\n<td align=\"left\"><span style=\"font-family: Cutive Mono;\"><strong>Testimoniantes<\/strong><\/span><\/td>\n<td align=\"left\"><span style=\"font-family: Cutive Mono;\">111<\/span><\/td>\n<\/tr>\n<tr>\n<td align=\"left\"><span style=\"font-family: Cutive Mono;\"><strong>Violencias registradas<\/strong><\/span><\/td>\n<td align=\"left\"><span style=\"font-family: Cutive Mono;\">817<\/span><\/td>\n<\/tr>\n<tr>\n<td align=\"left\"><span style=\"font-family: Cutive Mono;\"><strong>Violencias juzgadas<\/strong><\/span><\/td>\n<td align=\"left\"><span style=\"font-family: Cutive Mono;\">98<\/span><\/td>\n<\/tr>\n<\/tbody>\n<\/table>\n<\/div>\n<\/div><\/div><div class=\"fusion-layout-column fusion_builder_column fusion-builder-column-3 fusion_builder_column_1_3 1_3 fusion-flex-column\" style=\"--awb-bg-size:cover;--awb-border-color:var(--awb-color4);--awb-border-style:solid;--awb-width-large:33.333333333333%;--awb-margin-top-large:0px;--awb-spacing-right-large:5.76%;--awb-margin-bottom-large:20px;--awb-spacing-left-large:5.76%;--awb-width-medium:100%;--awb-order-medium:0;--awb-spacing-right-medium:1.92%;--awb-spacing-left-medium:1.92%;--awb-width-small:100%;--awb-order-small:0;--awb-spacing-right-small:1.92%;--awb-spacing-left-small:1.92%;\" data-scroll-devices=\"small-visibility,medium-visibility,large-visibility\"><div class=\"fusion-column-wrapper fusion-column-has-shadow fusion-flex-justify-content-flex-start fusion-content-layout-column\"><div class=\"fusion-text fusion-text-1 fusion-text-no-margin\" style=\"--awb-content-alignment:justify;--awb-margin-bottom:5%;\"><p><span style=\"font-weight: 400;\">En octubre de 2016 se inici\u00f3 otro juicio por delitos de lesa humanidad realizado en la ciudad de Bah\u00eda Blanca, en el que se juzgaron acciones planificadas y organizadas por las fuerzas conjuntas durante la \u00faltima dictadura. El proceso cont\u00f3 con 37 acusados que integraron el Ej\u00e9rcito, las polic\u00edas provinciales de Buenos Aires, R\u00edo Negro y Neuqu\u00e9n, y el Servicio Penitenciario Bonaerense (SPB).<\/span><\/p>\n<p><span style=\"font-weight: 400;\">El juicio fue llevado adelante por el Tribunal Oral en lo Criminal Federal N\u00ba 1 de Bah\u00eda Blanca y abord\u00f3 los cr\u00edmenes cometidos contra 103 v\u00edctimas en el \u00e1mbito del V Cuerpo del Ej\u00e9rcito, con sede en esa ciudad y jurisdicci\u00f3n extendida hacia el sur, abarcando toda la Patagonia.<\/span><\/p>\n<p><span style=\"font-weight: 400;\">Las v\u00edctimas sufrieron delitos como privaci\u00f3n ilegal de la libertad, violencias y amenazas, imposici\u00f3n de tormentos agravados por persecuci\u00f3n pol\u00edtica, lesiones agravadas por alevos\u00eda, homicidio agravado, sustracci\u00f3n de menores y falsedad ideol\u00f3gica de instrumento p\u00fablico. Estos hechos ocurrieron en distintos centros clandestinos de detenci\u00f3n de la regi\u00f3n, entre ellos \u201cLa Escuelita\u201d, ubicada en el predio del V Cuerpo del Ej\u00e9rcito; \u201cEl Galp\u00f3n\u201d y el gimnasio del Batall\u00f3n de Comunicaciones 181; \u201cEl Vag\u00f3n de Tren\u201d, \u201cEl Galp\u00f3n Ferroviario\u201d y la Divisi\u00f3n Cuatrerismo de la Polic\u00eda Bonaerense; y la Unidad Penal N\u00ba 4 del SPB, donde fueron trasladados varios sobrevivientes.<\/span><\/p>\n<p><span style=\"font-weight: 400;\">El tribunal conden\u00f3 a 21 imputados a penas de prisi\u00f3n perpetua, otros 9 recibieron castigos de entre tres y catorce a\u00f1os y una s\u00f3la persona result\u00f3 absuelta.<\/span><\/p>\n<\/div><div style=\"text-align:center;\"><a class=\"fusion-button button-flat button-xlarge button-custom fusion-button-default button-1 fusion-button-default-span fusion-button-default-type\" style=\"--awb-margin-top:5%;--button_accent_color:var(--awb-color1);--button_accent_hover_color:var(--awb-color1);--button_border_hover_color:var(--awb-color1);--button_gradient_top_color:#8f1622;--button_gradient_bottom_color:#8f1622;--button_gradient_top_color_hover:var(--awb-color5);--button_gradient_bottom_color_hover:var(--awb-color5);\" target=\"_self\" href=\"https:\/\/www.www.comisionporlamemoria.org\/archivos\/sitiosdememoria\/revige\/bahia-blanca\/Gonzalez_Chipont.pdf.org\/archivos\/sitiosdememoria\/revige\/la-plata\/Unidad-9.pdf\"><span class=\"fusion-button-text awb-button__text awb-button__text--default\">SENTENCIA<\/span><i class=\"fa-angle-double-down fas awb-button__icon awb-button__icon--default button-icon-right\" aria-hidden=\"true\"><\/i><\/a><\/div><\/div><\/div><\/div><\/div><\/p>\n","protected":false},"excerpt":{"rendered":"","protected":false},"author":40,"featured_media":6360,"menu_order":0,"comment_status":"open","ping_status":"closed","template":"","format":"standard","meta":{"_acf_changed":false,"footnotes":""},"portfolio_category":[43],"portfolio_skills":[],"portfolio_tags":[],"class_list":["post-5300","avada_portfolio","type-avada_portfolio","status-publish","format-standard","has-post-thumbnail","hentry","portfolio_category-bahia-blanca"],"acf":[],"_links":{"self":[{"href":"https:\/\/www.comisionporlamemoria.org\/revige\/wp-json\/wp\/v2\/avada_portfolio\/5300","targetHints":{"allow":["GET"]}}],"collection":[{"href":"https:\/\/www.comisionporlamemoria.org\/revige\/wp-json\/wp\/v2\/avada_portfolio"}],"about":[{"href":"https:\/\/www.comisionporlamemoria.org\/revige\/wp-json\/wp\/v2\/types\/avada_portfolio"}],"author":[{"embeddable":true,"href":"https:\/\/www.comisionporlamemoria.org\/revige\/wp-json\/wp\/v2\/users\/40"}],"replies":[{"embeddable":true,"href":"https:\/\/www.comisionporlamemoria.org\/revige\/wp-json\/wp\/v2\/comments?post=5300"}],"version-history":[{"count":0,"href":"https:\/\/www.comisionporlamemoria.org\/revige\/wp-json\/wp\/v2\/avada_portfolio\/5300\/revisions"}],"wp:featuredmedia":[{"embeddable":true,"href":"https:\/\/www.comisionporlamemoria.org\/revige\/wp-json\/wp\/v2\/media\/6360"}],"wp:attachment":[{"href":"https:\/\/www.comisionporlamemoria.org\/revige\/wp-json\/wp\/v2\/media?parent=5300"}],"wp:term":[{"taxonomy":"portfolio_category","embeddable":true,"href":"https:\/\/www.comisionporlamemoria.org\/revige\/wp-json\/wp\/v2\/portfolio_category?post=5300"},{"taxonomy":"portfolio_skills","embeddable":true,"href":"https:\/\/www.comisionporlamemoria.org\/revige\/wp-json\/wp\/v2\/portfolio_skills?post=5300"},{"taxonomy":"portfolio_tags","embeddable":true,"href":"https:\/\/www.comisionporlamemoria.org\/revige\/wp-json\/wp\/v2\/portfolio_tags?post=5300"}],"curies":[{"name":"wp","href":"https:\/\/api.w.org\/{rel}","templated":true}]}}