{"id":5302,"date":"2025-12-17T17:13:49","date_gmt":"2025-12-17T16:13:49","guid":{"rendered":"https:\/\/www.comisionporlamemoria.org\/revige\/?post_type=avada_portfolio&#038;p=5302"},"modified":"2026-03-20T19:20:23","modified_gmt":"2026-03-20T18:20:23","slug":"armada-i-fracassi","status":"publish","type":"avada_portfolio","link":"https:\/\/www.comisionporlamemoria.org\/revige\/portfolio-items\/armada-i-fracassi\/","title":{"rendered":"Armada I- Fracassi"},"content":{"rendered":"<p><div class=\"fusion-fullwidth fullwidth-box fusion-builder-row-1 fusion-flex-container has-pattern-background has-mask-background fusion-parallax-none hundred-percent-fullwidth non-hundred-percent-height-scrolling lazyload\" style=\"--link_hover_color: #9da6dd;--link_color: #10b29c;--awb-border-sizes-top:0px;--awb-border-sizes-bottom:0px;--awb-border-sizes-left:0px;--awb-border-sizes-right:0px;--awb-border-color:#d1d1d1;--awb-border-radius-top-left:0px;--awb-border-radius-top-right:0px;--awb-border-radius-bottom-right:0px;--awb-border-radius-bottom-left:0px;--awb-padding-top:0px;--awb-padding-right:0px;--awb-padding-bottom:0px;--awb-padding-left:0px;--awb-padding-top-medium:4vw;--awb-padding-right-medium:4vw;--awb-padding-bottom-medium:4vw;--awb-padding-left-medium:4vw;--awb-padding-top-small:30px;--awb-padding-right-small:30px;--awb-padding-bottom-small:30px;--awb-padding-left-small:30px;--awb-margin-top:0px;--awb-margin-bottom:0px;--awb-background-color:#a7c4f2;--awb-background-size:cover;--awb-flex-wrap:wrap;\" data-bg=\"https:\/\/www.comisionporlamemoria.org\/revige\/wp-content\/uploads\/sites\/16\/sites\/44\/2025\/12\/opcion2_franja_textura-300x42.jpg\" ><div class=\"fusion-builder-row fusion-row fusion-flex-align-items-stretch fusion-flex-content-wrap\" style=\"width:104% !important;max-width:104% !important;margin-left: calc(-4% \/ 2 );margin-right: calc(-4% \/ 2 );\"><div class=\"fusion-layout-column fusion_builder_column fusion-builder-column-0 fusion_builder_column_1_1 1_1 fusion-flex-column\" style=\"--awb-padding-top:2%;--awb-padding-bottom:1%;--awb-bg-size:cover;--awb-width-large:100%;--awb-margin-top-large:0px;--awb-spacing-right-large:1.92%;--awb-margin-bottom-large:0px;--awb-spacing-left-large:1.92%;--awb-width-medium:100%;--awb-order-medium:0;--awb-spacing-right-medium:1.92%;--awb-spacing-left-medium:1.92%;--awb-width-small:100%;--awb-order-small:0;--awb-spacing-right-small:1.92%;--awb-spacing-left-small:1.92%;\" data-scroll-devices=\"small-visibility,medium-visibility,large-visibility\"><div class=\"fusion-column-wrapper fusion-column-has-shadow fusion-flex-justify-content-flex-start fusion-content-layout-column\"><div class=\"fusion-title title fusion-title-1 fusion-title-center fusion-title-text fusion-title-size-two\" style=\"--awb-text-color:var(--awb-color1);--awb-margin-right:0px;--awb-margin-bottom:0px;--awb-margin-left:0px;--awb-margin-top-small:0px;--awb-margin-bottom-small:20px;\"><div class=\"title-sep-container title-sep-container-left\"><div class=\"title-sep sep- sep-solid\" style=\"border-color:var(--awb-color3);\"><\/div><\/div><span class=\"awb-title-spacer\"><\/span><h2 class=\"fusion-title-heading title-heading-center fusion-responsive-typography-calculated\" style=\"margin:0;text-transform:capitalize;--fontSize:42;line-height:var(--awb-typography1-line-height);\"><h3><span style=\"font-weight: 400;\">ARMADA I- FRACASSI<\/span><\/h3><\/h2><span class=\"awb-title-spacer\"><\/span><div class=\"title-sep-container title-sep-container-right\"><div class=\"title-sep sep- sep-solid\" style=\"border-color:var(--awb-color3);\"><\/div><\/div><\/div><\/div><\/div><\/div><\/div><div class=\"fusion-fullwidth fullwidth-box fusion-builder-row-2 fusion-flex-container has-pattern-background has-mask-background nonhundred-percent-fullwidth non-hundred-percent-height-scrolling\" style=\"--awb-border-radius-top-left:0px;--awb-border-radius-top-right:0px;--awb-border-radius-bottom-right:0px;--awb-border-radius-bottom-left:0px;--awb-margin-top:2%;--awb-flex-wrap:wrap;\" ><div class=\"fusion-builder-row fusion-row fusion-flex-align-items-flex-start fusion-flex-content-wrap\" style=\"max-width:1216.8px;margin-left: calc(-4% \/ 2 );margin-right: calc(-4% \/ 2 );\"><div class=\"fusion-layout-column fusion_builder_column fusion-builder-column-1 fusion_builder_column_1_1 1_1 fusion-flex-column\" style=\"--awb-bg-size:cover;--awb-width-large:100%;--awb-margin-top-large:0px;--awb-spacing-right-large:1.92%;--awb-margin-bottom-large:20px;--awb-spacing-left-large:1.92%;--awb-width-medium:100%;--awb-order-medium:0;--awb-spacing-right-medium:1.92%;--awb-spacing-left-medium:1.92%;--awb-width-small:100%;--awb-order-small:0;--awb-spacing-right-small:1.92%;--awb-spacing-left-small:1.92%;\"><div class=\"fusion-column-wrapper fusion-column-has-shadow fusion-flex-justify-content-flex-start fusion-content-layout-column\"><div class=\"fusion-counters-box counters-box row fusion-clearfix fusion-columns-3\" style=\"--awb-border-color:#8f1622;--awb-color:#8f1622;--awb-border-color:#8f1622;\"><div class=\"fusion-counter-box fusion-column col-counter-box counter-box-wrapper col-lg-4 col-md-4 col-sm-4\" data-animationOffset=\"top-into-view\"><div class=\"counter-box-container\"><div class=\"content-box-percentage content-box-counter\"><span class=\"display-counter\" data-value=\"22\" data-direction=\"up\" data-decimals=\"0\">0<\/span><\/div><div class=\"counter-box-content\">Condenados<\/div><\/div><\/div><div class=\"fusion-counter-box fusion-column col-counter-box counter-box-wrapper col-lg-4 col-md-4 col-sm-4\" data-animationOffset=\"top-into-view\"><div class=\"counter-box-container\"><div class=\"content-box-percentage content-box-counter\"><span class=\"display-counter\" data-value=\"874\" data-direction=\"up\" data-decimals=\"0\">0<\/span><\/div><div class=\"counter-box-content\">Violencias<\/div><\/div><\/div><div class=\"fusion-counter-box fusion-column col-counter-box counter-box-wrapper col-lg-4 col-md-4 col-sm-4\" data-animationOffset=\"top-into-view\"><div class=\"counter-box-container\"><div class=\"content-box-percentage content-box-counter\"><span class=\"display-counter\" data-value=\"138\" data-direction=\"up\" data-decimals=\"0\">0<\/span><\/div><div class=\"counter-box-content\">Violencias juzgadas<\/div><\/div><\/div><\/div><\/div><\/div><\/div><\/div><div class=\"fusion-fullwidth fullwidth-box fusion-builder-row-3 fusion-flex-container has-pattern-background has-mask-background nonhundred-percent-fullwidth non-hundred-percent-height-scrolling\" style=\"--awb-border-radius-top-left:0px;--awb-border-radius-top-right:0px;--awb-border-radius-bottom-right:0px;--awb-border-radius-bottom-left:0px;--awb-flex-wrap:wrap;\" ><div class=\"fusion-builder-row fusion-row fusion-flex-align-items-flex-start fusion-flex-content-wrap\" style=\"max-width:1216.8px;margin-left: calc(-4% \/ 2 );margin-right: calc(-4% \/ 2 );\"><div class=\"fusion-layout-column fusion_builder_column fusion-builder-column-2 fusion_builder_column_2_3 2_3 fusion-flex-column\" style=\"--awb-padding-right:2%;--awb-bg-size:cover;--awb-border-color:var(--awb-color4);--awb-border-right:3px;--awb-border-style:solid;--awb-width-large:66.666666666667%;--awb-margin-top-large:0px;--awb-spacing-right-large:2.88%;--awb-margin-bottom-large:20px;--awb-spacing-left-large:2.88%;--awb-width-medium:100%;--awb-order-medium:0;--awb-spacing-right-medium:1.92%;--awb-spacing-left-medium:1.92%;--awb-width-small:100%;--awb-order-small:0;--awb-spacing-right-small:1.92%;--awb-spacing-left-small:1.92%;\" data-scroll-devices=\"small-visibility,medium-visibility,large-visibility\"><div class=\"fusion-column-wrapper fusion-column-has-shadow fusion-flex-justify-content-flex-start fusion-content-layout-column\">\n<div class=\"table-2\">\n<table width=\"100%\">\n<thead style=\"background-color: #fff; border-color: #fff;\">\n<tr>\n<td align=\"left\"><span style=\"font-family: Cutive Mono;\"><strong>Car\u00e1tula de causa<\/strong><\/span><\/td>\n<td align=\"left\"><span style=\"font-weight: 400;\">Causa N\u00b0 93001103\/2011\/TO1 \u201cFRACASSI, Eduardo Ren\u00e9 y otros s\/ privaci\u00f3n ileg\u00edtima de la libertad <\/span><span style=\"font-weight: 400;\">(ART\u00cdCULO 144 BIS, INCISO 1\u00b0) QUERELLANTE: Secretar\u00eda de Derechos Humanos Ministerio de Justicia, Seguridad y Derechos Humanos de la Naci\u00f3n y otros<\/span><span style=\"font-weight: 400;\">\u201d<\/span><\/td>\n<\/tr>\n<\/thead>\n<tbody>\n<tr>\n<td align=\"left\"><span style=\"font-family: Cutive Mono;\"><strong>Nombre de referencia<\/strong><\/span><\/td>\n<td align=\"left\"><span style=\"font-weight: 400;\">ARMADA I- FRACASSI<\/span><\/td>\n<\/tr>\n<tr>\n<td align=\"left\"><span style=\"font-family: Cutive Mono;\"><strong>Jurisdicci\u00f3n y juzgado<\/strong><\/span><\/td>\n<td align=\"left\"><span style=\"font-weight: 400;\">Tribunal Oral de lo Criminal Federal de Bah\u00eda Blanca<\/span><\/td>\n<\/tr>\n<tr>\n<td align=\"left\"><span style=\"font-family: Cutive Mono;\"><strong>Fecha veredicto<\/strong><\/span><\/td>\n<td align=\"left\"><span style=\"font-weight: 400;\">25\/11\/2015<\/span><\/td>\n<\/tr>\n<tr>\n<td align=\"left\"><span style=\"font-family: Cutive Mono;\"><strong>Condenados\/as<\/strong><\/span><\/td>\n<td align=\"left\"><span style=\"font-family: Cutive Mono;\">22<\/span><\/td>\n<\/tr>\n<tr>\n<td align=\"left\"><span style=\"font-family: Cutive Mono;\"><strong>Nombres de los condenados\/as (fuerza represiva)<\/strong><\/span><\/td>\n<td align=\"left\"><span style=\"font-weight: 400;\">Aguirre, V\u00edctor Ra\u00fal (Ej\u00e9rcito). Prisi\u00f3n perpetua;<\/span>\u00a0<span style=\"font-weight: 400;\">Ayala, Felipe (<\/span><span style=\"font-weight: 400;\">Ej\u00e9rcito<\/span><span style=\"font-weight: 400;\">). Prisi\u00f3n perpetua &#8211; FALLECIDO;<\/span> <span style=\"font-weight: 400;\">Bustos, Luis \u00c1ngel (Prefectura Naval). Prisi\u00f3n perpetua;<\/span>\u00a0<span style=\"font-weight: 400;\">Carrizo, Tom\u00e1s Herm\u00f3genes (Armada). Prisi\u00f3n perpetua &#8211; FALLECIDO;<\/span> <span style=\"font-weight: 400;\">Castro, Oscar Alfredo (Armada). Prisi\u00f3n perpetua;<\/span>\u00a0<span style=\"font-weight: 400;\">De Le\u00f3n, Enrique (Armada). Prisi\u00f3n perpetua; <\/span><span style=\"font-weight: 400;\">Dom\u00ednguez, Ra\u00fal Artemio (Ej\u00e9rcito). Prisi\u00f3n perpetua;<\/span>\u00a0<span style=\"font-weight: 400;\">Fogelman, V\u00edctor Oscar (Polic\u00eda bonaerense). 8 a\u00f1os de prisi\u00f3n.<\/span> <span style=\"font-weight: 400;\">Fracassi, Eduardo Rene (Armada) Prisi\u00f3n perpetua;<\/span>\u00a0<span style=\"font-weight: 400;\">Gonzalez Chipont, Guillermo Julio (Ej\u00e9rcito). Prisi\u00f3n perpetua;<\/span>\u00a0<span style=\"font-weight: 400;\">Lawless, Alejandro (Ej\u00e9rcito). Prisi\u00f3n perpetua;<\/span>\u00a0<span style=\"font-weight: 400;\">Maloberti, Leandro Marcelo (Armada). Prisi\u00f3n perpetua &#8211; FALLECIDO;<\/span>\u00a0<span style=\"font-weight: 400;\">Mart\u00ednez Loydi, Francisco Manuel (Prefectura Naval). Prisi\u00f3n perpetua;<\/span>\u00a0<span style=\"font-weight: 400;\">Nougu\u00e9s, N\u00e9stor Alberto (Prefectura Naval). Prisi\u00f3n perpetua;<\/span>\u00a0<span style=\"font-weight: 400;\">N\u00fa\u00f1ez, Edmundo Oscar (Armada). Prisi\u00f3n perpetua &#8211; FALLECIDO;<\/span>\u00a0<span style=\"font-weight: 400;\">Otero, Ra\u00fal Oscar (Ej\u00e9rcito). Prisi\u00f3n perpetua;<\/span>\u00a0<span style=\"font-weight: 400;\">Pazos, Gerardo Alberto (Armada). Prisi\u00f3n perpetua;<\/span>\u00a0<span style=\"font-weight: 400;\">Pila, Pedro Alberto (Prefectura Naval). 18 a\u00f1os de prisi\u00f3n;<\/span>\u00a0<span style=\"font-weight: 400;\">Pons, Luis Alberto Pablo (Armada). Prisi\u00f3n perpetua;<\/span>\u00a0<span style=\"font-weight: 400;\">Ripa, Jos\u00e9 Luis (Armada). Prisi\u00f3n perpetua.<\/span> <span style=\"font-weight: 400;\">Selaya, H\u00e9ctor Luis (Servicio Penitenciario Bonaerense). 8 a\u00f1os de prisi\u00f3n;<\/span>\u00a0<span style=\"font-weight: 400;\">Stricker, Carlos Andr\u00e9s (Ej\u00e9rcito). Prisi\u00f3n perpetua- FALLECIDO.<\/span><\/td>\n<\/tr>\n<tr>\n<td align=\"left\"><span style=\"font-family: Cutive Mono;\"><strong>Absoluciones<\/strong><\/span><\/td>\n<td align=\"left\">0<\/td>\n<\/tr>\n<tr>\n<td align=\"left\"><span style=\"font-family: Cutive Mono;\"><strong>Nombres de los absueltos\/as (fuerza represiva)<\/strong><\/span><\/td>\n<td align=\"left\">\u00a0<\/td>\n<\/tr>\n<tr>\n<td align=\"left\"><span style=\"font-family: Cutive Mono;\"><strong>Delitos juzgados<\/strong><\/span><\/td>\n<td align=\"left\"><span style=\"font-weight: 400;\">Privaci\u00f3n ilegal de la libertad agravada por haber sido cometida por un funcionario p\u00fablico con abuso de sus funciones o sin las formalidades prescriptas por la ley, agravada por mediar violencias o amenazas y, en algunos casos, por haber durado m\u00e1s de un mes; imposici\u00f3n de tormentos agravados por ser las v\u00edctimas perseguidas pol\u00edticas, imposici\u00f3n de tormentos agravados por ser las v\u00edctimas perseguidas pol\u00edticas; homicidio agravado por alevos\u00eda, por el concurso premeditado de dos o m\u00e1s personas y con el fin de lograr la impunidad; abuso deshonesto.<\/span><\/td>\n<\/tr>\n<tr>\n<td align=\"left\"><span style=\"font-family: Cutive Mono;\"><strong>V\u00edctimas caso<\/strong><\/span><\/td>\n<td align=\"left\"><span style=\"font-family: Cutive Mono;\">64<\/span><\/td>\n<\/tr>\n<tr>\n<td align=\"left\"><span style=\"font-family: Cutive Mono;\"><strong>V\u00edctimas no caso identificadas<\/strong><\/span><\/td>\n<td align=\"left\">138<\/td>\n<\/tr>\n<tr>\n<td align=\"left\"><span style=\"font-family: Cutive Mono;\"><strong>Testimoniantes<\/strong><\/span><\/td>\n<td align=\"left\"><span style=\"font-family: Cutive Mono;\">129<\/span><\/td>\n<\/tr>\n<tr>\n<td align=\"left\"><span style=\"font-family: Cutive Mono;\"><strong>Violencias registradas<\/strong><\/span><\/td>\n<td align=\"left\"><span style=\"font-family: Cutive Mono;\">874<\/span><\/td>\n<\/tr>\n<tr>\n<td align=\"left\"><span style=\"font-family: Cutive Mono;\"><strong>Violencias juzgadas<\/strong><\/span><\/td>\n<td align=\"left\"><span style=\"font-family: Cutive Mono;\">138<\/span><\/td>\n<\/tr>\n<\/tbody>\n<\/table>\n<\/div>\n<\/div><\/div><div class=\"fusion-layout-column fusion_builder_column fusion-builder-column-3 fusion_builder_column_1_3 1_3 fusion-flex-column\" style=\"--awb-bg-size:cover;--awb-border-color:var(--awb-color4);--awb-border-style:solid;--awb-width-large:33.333333333333%;--awb-margin-top-large:0px;--awb-spacing-right-large:5.76%;--awb-margin-bottom-large:20px;--awb-spacing-left-large:5.76%;--awb-width-medium:100%;--awb-order-medium:0;--awb-spacing-right-medium:1.92%;--awb-spacing-left-medium:1.92%;--awb-width-small:100%;--awb-order-small:0;--awb-spacing-right-small:1.92%;--awb-spacing-left-small:1.92%;\" data-scroll-devices=\"small-visibility,medium-visibility,large-visibility\"><div class=\"fusion-column-wrapper fusion-column-has-shadow fusion-flex-justify-content-flex-start fusion-content-layout-column\"><div class=\"fusion-text fusion-text-1 fusion-text-no-margin\" style=\"--awb-content-alignment:justify;--awb-margin-bottom:5%;\"><p><span style=\"font-weight: 400;\">La causa conocida como Armada &#8211; Fracassi fue el tercer juicio por delitos de lesa humanidad realizado en la ciudad de Bah\u00eda Blanca y el primero en investigar y condenar cr\u00edmenes cometidos por la Armada en la zona de defensa V. <\/span><span style=\"font-weight: 400;\">Los acusados fueron condenados por privaci\u00f3n ilegal de la libertad, tormentos y homicidios cometidos contra 66 v\u00edctimas. <\/span><\/p>\n<p><span style=\"font-weight: 400;\">Durante las audiencias se comprob\u00f3 que estos delitos fueron planificados y ejecutados por fuerzas conjuntas integradas por agentes de la Armada, Ej\u00e9rcito, Prefectura Naval, con la participaci\u00f3n de funcionarios de la Polic\u00eda bonaerense y el Servicio Penitenciario provincial. Tambi\u00e9n se ventilaron los cr\u00edmenes perpetrados en los centros de detenci\u00f3n clandestina que funcionaron en el buque <\/span><span style=\"font-weight: 400;\">\u201c9 de Julio\u201d y la Base de Infanter\u00eda de Bater\u00edas, ambos bajo control de la Armada y ubicados dentro de la Base Naval Puerto Belgrano.\u00a0<\/span><\/p>\n<p><span style=\"font-weight: 400;\">Entre las v\u00edctimas se encontraban obreros gr\u00e1ficos secuestrados y asesinados en 1976 tras un conflicto gremial en el diario La Nueva Provincia, donde trabajaban. Tambi\u00e9n hubo trabajadores vinculados a la actividad portuaria que fueron detenidos ilegalmente y trasladados a centros clandestinos de detenci\u00f3n en Puerto Belgrano, en el partido de Coronel Rosales.\u00a0<\/span><\/p>\n<p><span style=\"font-weight: 400;\">El Tribunal consider\u00f3 a todos los hechos como delitos de lesa humanidad perpetrados en el marco del genocidio sufrido en el pa\u00eds y durante la \u00faltima dictadura c\u00edvica militar. Adem\u00e1s, entre las medidas reparatoria, la justicia exhort\u00f3 al diario \u201cLa Nueva Provincia\u201d a que rectifique p\u00fablicamente la informaci\u00f3n sobre los hechos dando cuenta que los ocho trabajadores del diario fueron perseguidos, secuestrados, fusilados y desaparecidos por las fuerzas conjuntas.<\/span><\/p>\n<p><span style=\"font-weight: 400;\">\u00a0<\/span><\/p>\n<p><span style=\"font-weight: 400;\">\u00a0<\/span><\/p>\n<p><span style=\"font-weight: 400;\">\u00a0<\/span><\/p>\n<p><span style=\"font-weight: 400;\">\u00a0<\/span><\/p>\n<p><span style=\"font-weight: 400;\">\u00a0<\/span><\/p>\n<p><span style=\"font-weight: 400;\">\u00a0<\/span><\/p>\n<\/div><div style=\"text-align:center;\"><a class=\"fusion-button button-flat button-xlarge button-custom fusion-button-default button-1 fusion-button-default-span fusion-button-default-type\" style=\"--awb-margin-top:5%;--button_accent_color:var(--awb-color1);--button_accent_hover_color:var(--awb-color1);--button_border_hover_color:var(--awb-color1);--button_gradient_top_color:#8f1622;--button_gradient_bottom_color:#8f1622;--button_gradient_top_color_hover:var(--awb-color5);--button_gradient_bottom_color_hover:var(--awb-color5);\" target=\"_self\" href=\"https:\/\/www.comisionporlamemoria.org\/archivos\/sitiosdememoria\/revige\/bahia-blanca\/Armada_l_Fracassi.pdf\"><span class=\"fusion-button-text awb-button__text awb-button__text--default\">SENTENCIA<\/span><i class=\"fa-angle-double-down fas awb-button__icon awb-button__icon--default button-icon-right\" aria-hidden=\"true\"><\/i><\/a><\/div><\/div><\/div><\/div><\/div><\/p>\n","protected":false},"excerpt":{"rendered":"","protected":false},"author":40,"featured_media":6304,"menu_order":0,"comment_status":"open","ping_status":"closed","template":"","format":"standard","meta":{"_acf_changed":false,"footnotes":""},"portfolio_category":[43],"portfolio_skills":[],"portfolio_tags":[],"class_list":["post-5302","avada_portfolio","type-avada_portfolio","status-publish","format-standard","has-post-thumbnail","hentry","portfolio_category-bahia-blanca"],"acf":[],"_links":{"self":[{"href":"https:\/\/www.comisionporlamemoria.org\/revige\/wp-json\/wp\/v2\/avada_portfolio\/5302","targetHints":{"allow":["GET"]}}],"collection":[{"href":"https:\/\/www.comisionporlamemoria.org\/revige\/wp-json\/wp\/v2\/avada_portfolio"}],"about":[{"href":"https:\/\/www.comisionporlamemoria.org\/revige\/wp-json\/wp\/v2\/types\/avada_portfolio"}],"author":[{"embeddable":true,"href":"https:\/\/www.comisionporlamemoria.org\/revige\/wp-json\/wp\/v2\/users\/40"}],"replies":[{"embeddable":true,"href":"https:\/\/www.comisionporlamemoria.org\/revige\/wp-json\/wp\/v2\/comments?post=5302"}],"version-history":[{"count":0,"href":"https:\/\/www.comisionporlamemoria.org\/revige\/wp-json\/wp\/v2\/avada_portfolio\/5302\/revisions"}],"wp:featuredmedia":[{"embeddable":true,"href":"https:\/\/www.comisionporlamemoria.org\/revige\/wp-json\/wp\/v2\/media\/6304"}],"wp:attachment":[{"href":"https:\/\/www.comisionporlamemoria.org\/revige\/wp-json\/wp\/v2\/media?parent=5302"}],"wp:term":[{"taxonomy":"portfolio_category","embeddable":true,"href":"https:\/\/www.comisionporlamemoria.org\/revige\/wp-json\/wp\/v2\/portfolio_category?post=5302"},{"taxonomy":"portfolio_skills","embeddable":true,"href":"https:\/\/www.comisionporlamemoria.org\/revige\/wp-json\/wp\/v2\/portfolio_skills?post=5302"},{"taxonomy":"portfolio_tags","embeddable":true,"href":"https:\/\/www.comisionporlamemoria.org\/revige\/wp-json\/wp\/v2\/portfolio_tags?post=5302"}],"curies":[{"name":"wp","href":"https:\/\/api.w.org\/{rel}","templated":true}]}}