{"id":5307,"date":"2025-12-17T17:15:00","date_gmt":"2025-12-17T16:15:00","guid":{"rendered":"https:\/\/www.comisionporlamemoria.org\/revige\/?post_type=avada_portfolio&#038;p=5307"},"modified":"2026-03-20T19:19:29","modified_gmt":"2026-03-20T18:19:29","slug":"triple-a-aceituno","status":"publish","type":"avada_portfolio","link":"https:\/\/www.comisionporlamemoria.org\/revige\/portfolio-items\/triple-a-aceituno\/","title":{"rendered":"Triple A &#8211; Aceituno"},"content":{"rendered":"<p><div class=\"fusion-fullwidth fullwidth-box fusion-builder-row-1 fusion-flex-container has-pattern-background has-mask-background fusion-parallax-none hundred-percent-fullwidth non-hundred-percent-height-scrolling lazyload\" style=\"--link_hover_color: #9da6dd;--link_color: #10b29c;--awb-border-sizes-top:0px;--awb-border-sizes-bottom:0px;--awb-border-sizes-left:0px;--awb-border-sizes-right:0px;--awb-border-color:#d1d1d1;--awb-border-radius-top-left:0px;--awb-border-radius-top-right:0px;--awb-border-radius-bottom-right:0px;--awb-border-radius-bottom-left:0px;--awb-padding-top:0px;--awb-padding-right:0px;--awb-padding-bottom:0px;--awb-padding-left:0px;--awb-padding-top-medium:4vw;--awb-padding-right-medium:4vw;--awb-padding-bottom-medium:4vw;--awb-padding-left-medium:4vw;--awb-padding-top-small:30px;--awb-padding-right-small:30px;--awb-padding-bottom-small:30px;--awb-padding-left-small:30px;--awb-margin-top:0px;--awb-margin-bottom:0px;--awb-background-color:#a7c4f2;--awb-background-size:cover;--awb-flex-wrap:wrap;\" data-bg=\"https:\/\/www.comisionporlamemoria.org\/revige\/wp-content\/uploads\/sites\/16\/sites\/44\/2025\/12\/opcion2_franja_textura-300x42.jpg\" ><div class=\"fusion-builder-row fusion-row fusion-flex-align-items-stretch fusion-flex-content-wrap\" style=\"width:104% !important;max-width:104% !important;margin-left: calc(-4% \/ 2 );margin-right: calc(-4% \/ 2 );\"><div class=\"fusion-layout-column fusion_builder_column fusion-builder-column-0 fusion_builder_column_1_1 1_1 fusion-flex-column\" style=\"--awb-padding-top:2%;--awb-padding-bottom:1%;--awb-bg-size:cover;--awb-width-large:100%;--awb-margin-top-large:0px;--awb-spacing-right-large:1.92%;--awb-margin-bottom-large:0px;--awb-spacing-left-large:1.92%;--awb-width-medium:100%;--awb-order-medium:0;--awb-spacing-right-medium:1.92%;--awb-spacing-left-medium:1.92%;--awb-width-small:100%;--awb-order-small:0;--awb-spacing-right-small:1.92%;--awb-spacing-left-small:1.92%;\" data-scroll-devices=\"small-visibility,medium-visibility,large-visibility\"><div class=\"fusion-column-wrapper fusion-column-has-shadow fusion-flex-justify-content-flex-start fusion-content-layout-column\"><div class=\"fusion-title title fusion-title-1 fusion-title-center fusion-title-text fusion-title-size-two\" style=\"--awb-text-color:var(--awb-color1);--awb-margin-right:0px;--awb-margin-bottom:0px;--awb-margin-left:0px;--awb-margin-top-small:0px;--awb-margin-bottom-small:20px;\"><div class=\"title-sep-container title-sep-container-left\"><div class=\"title-sep sep- sep-solid\" style=\"border-color:var(--awb-color3);\"><\/div><\/div><span class=\"awb-title-spacer\"><\/span><h2 class=\"fusion-title-heading title-heading-center fusion-responsive-typography-calculated\" style=\"margin:0;text-transform:capitalize;--fontSize:42;line-height:var(--awb-typography1-line-height);\"><h3>Triple A &#8211; Aceituno<\/h3><\/h2><span class=\"awb-title-spacer\"><\/span><div class=\"title-sep-container title-sep-container-right\"><div class=\"title-sep sep- sep-solid\" style=\"border-color:var(--awb-color3);\"><\/div><\/div><\/div><\/div><\/div><\/div><\/div><div class=\"fusion-fullwidth fullwidth-box fusion-builder-row-2 fusion-flex-container has-pattern-background has-mask-background nonhundred-percent-fullwidth non-hundred-percent-height-scrolling\" style=\"--awb-border-radius-top-left:0px;--awb-border-radius-top-right:0px;--awb-border-radius-bottom-right:0px;--awb-border-radius-bottom-left:0px;--awb-margin-top:2%;--awb-flex-wrap:wrap;\" ><div class=\"fusion-builder-row fusion-row fusion-flex-align-items-flex-start fusion-flex-content-wrap\" style=\"max-width:1216.8px;margin-left: calc(-4% \/ 2 );margin-right: calc(-4% \/ 2 );\"><div class=\"fusion-layout-column fusion_builder_column fusion-builder-column-1 fusion_builder_column_1_1 1_1 fusion-flex-column\" style=\"--awb-bg-size:cover;--awb-width-large:100%;--awb-margin-top-large:0px;--awb-spacing-right-large:1.92%;--awb-margin-bottom-large:20px;--awb-spacing-left-large:1.92%;--awb-width-medium:100%;--awb-order-medium:0;--awb-spacing-right-medium:1.92%;--awb-spacing-left-medium:1.92%;--awb-width-small:100%;--awb-order-small:0;--awb-spacing-right-small:1.92%;--awb-spacing-left-small:1.92%;\"><div class=\"fusion-column-wrapper fusion-column-has-shadow fusion-flex-justify-content-flex-start fusion-content-layout-column\"><div class=\"fusion-counters-box counters-box row fusion-clearfix fusion-columns-3\" style=\"--awb-border-color:#8f1622;--awb-color:#8f1622;--awb-border-color:#8f1622;\"><div class=\"fusion-counter-box fusion-column col-counter-box counter-box-wrapper col-lg-4 col-md-4 col-sm-4\" data-animationOffset=\"top-into-view\"><div class=\"counter-box-container\"><div class=\"content-box-percentage content-box-counter\"><span class=\"display-counter\" data-value=\"4\" data-direction=\"up\" data-decimals=\"0\">0<\/span><\/div><div class=\"counter-box-content\">Condenados<\/div><\/div><\/div><div class=\"fusion-counter-box fusion-column col-counter-box counter-box-wrapper col-lg-4 col-md-4 col-sm-4\" data-animationOffset=\"top-into-view\"><div class=\"counter-box-container\"><div class=\"content-box-percentage content-box-counter\"><span class=\"display-counter\" data-value=\"216\" data-direction=\"up\" data-decimals=\"0\">0<\/span><\/div><div class=\"counter-box-content\">Violencias<\/div><\/div><\/div><div class=\"fusion-counter-box fusion-column col-counter-box counter-box-wrapper col-lg-4 col-md-4 col-sm-4\" data-animationOffset=\"top-into-view\"><div class=\"counter-box-container\"><div class=\"content-box-percentage content-box-counter\"><span class=\"display-counter\" data-value=\"1\" data-direction=\"up\" data-decimals=\"0\">0<\/span><\/div><div class=\"counter-box-content\">Violencias juzgadas<\/div><\/div><\/div><\/div><\/div><\/div><\/div><\/div><div class=\"fusion-fullwidth fullwidth-box fusion-builder-row-3 fusion-flex-container has-pattern-background has-mask-background nonhundred-percent-fullwidth non-hundred-percent-height-scrolling\" style=\"--awb-border-radius-top-left:0px;--awb-border-radius-top-right:0px;--awb-border-radius-bottom-right:0px;--awb-border-radius-bottom-left:0px;--awb-flex-wrap:wrap;\" ><div class=\"fusion-builder-row fusion-row fusion-flex-align-items-flex-start fusion-flex-content-wrap\" style=\"max-width:1216.8px;margin-left: calc(-4% \/ 2 );margin-right: calc(-4% \/ 2 );\"><div class=\"fusion-layout-column fusion_builder_column fusion-builder-column-2 fusion_builder_column_2_3 2_3 fusion-flex-column\" style=\"--awb-padding-right:2%;--awb-bg-size:cover;--awb-border-color:var(--awb-color4);--awb-border-right:3px;--awb-border-style:solid;--awb-width-large:66.666666666667%;--awb-margin-top-large:0px;--awb-spacing-right-large:2.88%;--awb-margin-bottom-large:20px;--awb-spacing-left-large:2.88%;--awb-width-medium:100%;--awb-order-medium:0;--awb-spacing-right-medium:1.92%;--awb-spacing-left-medium:1.92%;--awb-width-small:100%;--awb-order-small:0;--awb-spacing-right-small:1.92%;--awb-spacing-left-small:1.92%;\" data-scroll-devices=\"small-visibility,medium-visibility,large-visibility\"><div class=\"fusion-column-wrapper fusion-column-has-shadow fusion-flex-justify-content-flex-start fusion-content-layout-column\">\n<div class=\"table-2\">\n<table width=\"100%\">\n<thead style=\"background-color: #fff; border-color: #fff;\">\n<tr>\n<td align=\"left\"><span style=\"font-family: Cutive Mono;\"><strong>Car\u00e1tula de causa<\/strong><\/span><\/td>\n<td align=\"left\"><span style=\"font-weight: 400;\">Causa N\u00b0 FBB 15000165\/2013\/TO1 \u201cACEITUNO, Ra\u00fal Roberto y otros s\/ tortura, privaci\u00f3n ilegal libertad (ART. 142 INC. 5) y homicidio agravado por el concurso de dos o m\u00e1s personas. V\u00edctima: CILLERUELO, David Hover\u00bb \u201d<\/span><\/td>\n<\/tr>\n<\/thead>\n<tbody>\n<tr>\n<td align=\"left\"><span style=\"font-family: Cutive Mono;\"><strong>Nombre de referencia<\/strong><\/span><\/td>\n<td align=\"left\"><span style=\"font-weight: 400;\">Triple A &#8211; Aceituno<\/span><\/td>\n<\/tr>\n<tr>\n<td align=\"left\"><span style=\"font-family: Cutive Mono;\"><strong>Jurisdicci\u00f3n y juzgado<\/strong><\/span><\/td>\n<td align=\"left\"><span style=\"font-weight: 400;\">Tribunal Oral en lo Criminal Federal de Bah\u00eda Blanca<\/span><\/td>\n<\/tr>\n<tr>\n<td align=\"left\"><span style=\"font-family: Cutive Mono;\"><strong>Fecha veredicto<\/strong><\/span><\/td>\n<td align=\"left\"><span style=\"font-weight: 400;\">24\/09\/2021<\/span><\/td>\n<\/tr>\n<tr>\n<td align=\"left\"><span style=\"font-family: Cutive Mono;\"><strong>Condenados\/as<\/strong><\/span><\/td>\n<td align=\"left\"><span style=\"font-family: Cutive Mono;\">4<\/span><\/td>\n<\/tr>\n<tr>\n<td align=\"left\"><span style=\"font-family: Cutive Mono;\"><strong>Nombres de los condenados\/as (fuerza represiva)<\/strong><\/span><\/td>\n<td align=\"left\"><span style=\"font-weight: 400;\">Aceituno, Ra\u00fal Roberto (civil). Prisi\u00f3n perpetua &#8211; FALLECIDO;\u00a0<\/span><span style=\"font-weight: 400;\">Curzio, Juan Carlos (civil). 10 a\u00f1os de prisi\u00f3n;\u00a0<\/span><span style=\"font-weight: 400;\">Forcelli, H\u00e9ctor \u00c1ngel (civil), 10 a\u00f1os de prisi\u00f3n;\u00a0<\/span><span style=\"font-weight: 400;\">Pallero, Osvaldo Omar (civil). 10 a\u00f1os de prisi\u00f3n &#8211; FALLECIDO.<\/span><\/td>\n<\/tr>\n<tr>\n<td align=\"left\"><span style=\"font-family: Cutive Mono;\"><strong>Absoluciones<\/strong><\/span><\/td>\n<td align=\"left\">\u00a0<\/td>\n<\/tr>\n<tr>\n<td align=\"left\"><span style=\"font-family: Cutive Mono;\"><strong>Nombres de los absueltos\/as (fuerza represiva)<\/strong><\/span><\/td>\n<td align=\"left\">\u00a0<\/td>\n<\/tr>\n<tr>\n<td align=\"left\"><span style=\"font-family: Cutive Mono;\"><strong>Delitos juzgados<\/strong><\/span><\/td>\n<td align=\"left\"><span style=\"font-weight: 400;\">Homicidio agravado, asociaci\u00f3n il\u00edcita.<\/span><\/td>\n<\/tr>\n<tr>\n<td align=\"left\"><span style=\"font-family: Cutive Mono;\"><strong>V\u00edctimas caso<\/strong><\/span><\/td>\n<td align=\"left\"><span style=\"font-family: Cutive Mono;\">1<\/span><\/td>\n<\/tr>\n<tr>\n<td align=\"left\"><span style=\"font-family: Cutive Mono;\"><strong>V\u00edctimas no caso identificadas<\/strong><\/span><\/td>\n<td align=\"left\">82<\/td>\n<\/tr>\n<tr>\n<td align=\"left\"><span style=\"font-family: Cutive Mono;\"><strong>Testimoniantes<\/strong><\/span><\/td>\n<td align=\"left\"><span style=\"font-family: Cutive Mono;\">36<\/span><\/td>\n<\/tr>\n<tr>\n<td align=\"left\"><span style=\"font-family: Cutive Mono;\"><strong>Violencias registradas<\/strong><\/span><\/td>\n<td align=\"left\"><span style=\"font-family: Cutive Mono;\">216<\/span><\/td>\n<\/tr>\n<tr>\n<td align=\"left\"><span style=\"font-family: Cutive Mono;\"><strong>Violencias juzgadas<\/strong><\/span><\/td>\n<td align=\"left\"><span style=\"font-family: Cutive Mono;\">1<\/span><\/td>\n<\/tr>\n<\/tbody>\n<\/table>\n<\/div>\n<\/div><\/div><div class=\"fusion-layout-column fusion_builder_column fusion-builder-column-3 fusion_builder_column_1_3 1_3 fusion-flex-column\" style=\"--awb-bg-size:cover;--awb-border-color:var(--awb-color4);--awb-border-style:solid;--awb-width-large:33.333333333333%;--awb-margin-top-large:0px;--awb-spacing-right-large:5.76%;--awb-margin-bottom-large:20px;--awb-spacing-left-large:5.76%;--awb-width-medium:100%;--awb-order-medium:0;--awb-spacing-right-medium:1.92%;--awb-spacing-left-medium:1.92%;--awb-width-small:100%;--awb-order-small:0;--awb-spacing-right-small:1.92%;--awb-spacing-left-small:1.92%;\" data-scroll-devices=\"small-visibility,medium-visibility,large-visibility\"><div class=\"fusion-column-wrapper fusion-column-has-shadow fusion-flex-justify-content-flex-start fusion-content-layout-column\"><div class=\"fusion-text fusion-text-1 fusion-text-no-margin\" style=\"--awb-content-alignment:justify;--awb-margin-bottom:5%;\"><p><span style=\"font-weight: 400;\">Este juicio investig\u00f3 el caso de David Hover Cilleruelo, asesinado el 3 de abril de 1975 en los pasillos de la Universidad Nacional del Sur, mientras convocaba a una asamblea estudiantil durante el periodo de inscripci\u00f3n de materias. Fueron juzgados Juan Carlos Curzio, Osvaldo Omar Pallero, H\u00e9ctor \u00c1ngel Forcelli y Ra\u00fal Roberto Aceituno, civiles que integraron el \u00e1rea de seguridad de la UNS bajo las \u00f3rdenes del entonces rector interventor Remus Tetu. Los cuatro fueron condenados por integrar una asociaci\u00f3n il\u00edcita destinada a eliminar opositores pol\u00edticos, en coordinaci\u00f3n con fuerzas policiales, militares y de inteligencia.<\/span><\/p>\n<p><span style=\"font-weight: 400;\">Se estima que, entre 1974 y 1975, la patota paraestatal vinculada al \u00e1rea de \u201cSeguridad y Vigilancia\u201d de la UNS persigui\u00f3, amedrent\u00f3 y asesin\u00f3 a 24 militantes, actuando como la versi\u00f3n local de la organizaci\u00f3n Alianza Anticomunista Argentina (Triple A), vinculada al Ministerio de Bienestar Social.\u00a0<\/span><\/p>\n<\/div><div style=\"text-align:center;\"><a class=\"fusion-button button-flat button-xlarge button-custom fusion-button-default button-1 fusion-button-default-span fusion-button-default-type\" style=\"--awb-margin-top:5%;--button_accent_color:var(--awb-color1);--button_accent_hover_color:var(--awb-color1);--button_border_hover_color:var(--awb-color1);--button_gradient_top_color:#8f1622;--button_gradient_bottom_color:#8f1622;--button_gradient_top_color_hover:var(--awb-color5);--button_gradient_bottom_color_hover:var(--awb-color5);\" target=\"_self\" href=\"https:\/\/www.comisionporlamemoria.org\/archivos\/sitiosdememoria\/revige\/bahia-blanca\/Triple_A_Aceituno_Bahia_Blanca.pdf\"><span class=\"fusion-button-text awb-button__text awb-button__text--default\">SENTENCIA<\/span><i class=\"fa-angle-double-down fas awb-button__icon awb-button__icon--default button-icon-right\" aria-hidden=\"true\"><\/i><\/a><\/div><\/div><\/div><\/div><\/div><\/p>\n","protected":false},"excerpt":{"rendered":"","protected":false},"author":40,"featured_media":6622,"menu_order":0,"comment_status":"open","ping_status":"closed","template":"","format":"standard","meta":{"_acf_changed":false,"footnotes":""},"portfolio_category":[43],"portfolio_skills":[],"portfolio_tags":[],"class_list":["post-5307","avada_portfolio","type-avada_portfolio","status-publish","format-standard","has-post-thumbnail","hentry","portfolio_category-bahia-blanca"],"acf":[],"_links":{"self":[{"href":"https:\/\/www.comisionporlamemoria.org\/revige\/wp-json\/wp\/v2\/avada_portfolio\/5307","targetHints":{"allow":["GET"]}}],"collection":[{"href":"https:\/\/www.comisionporlamemoria.org\/revige\/wp-json\/wp\/v2\/avada_portfolio"}],"about":[{"href":"https:\/\/www.comisionporlamemoria.org\/revige\/wp-json\/wp\/v2\/types\/avada_portfolio"}],"author":[{"embeddable":true,"href":"https:\/\/www.comisionporlamemoria.org\/revige\/wp-json\/wp\/v2\/users\/40"}],"replies":[{"embeddable":true,"href":"https:\/\/www.comisionporlamemoria.org\/revige\/wp-json\/wp\/v2\/comments?post=5307"}],"version-history":[{"count":0,"href":"https:\/\/www.comisionporlamemoria.org\/revige\/wp-json\/wp\/v2\/avada_portfolio\/5307\/revisions"}],"wp:featuredmedia":[{"embeddable":true,"href":"https:\/\/www.comisionporlamemoria.org\/revige\/wp-json\/wp\/v2\/media\/6622"}],"wp:attachment":[{"href":"https:\/\/www.comisionporlamemoria.org\/revige\/wp-json\/wp\/v2\/media?parent=5307"}],"wp:term":[{"taxonomy":"portfolio_category","embeddable":true,"href":"https:\/\/www.comisionporlamemoria.org\/revige\/wp-json\/wp\/v2\/portfolio_category?post=5307"},{"taxonomy":"portfolio_skills","embeddable":true,"href":"https:\/\/www.comisionporlamemoria.org\/revige\/wp-json\/wp\/v2\/portfolio_skills?post=5307"},{"taxonomy":"portfolio_tags","embeddable":true,"href":"https:\/\/www.comisionporlamemoria.org\/revige\/wp-json\/wp\/v2\/portfolio_tags?post=5307"}],"curies":[{"name":"wp","href":"https:\/\/api.w.org\/{rel}","templated":true}]}}