{"id":5350,"date":"2025-12-17T18:06:13","date_gmt":"2025-12-17T17:06:13","guid":{"rendered":"https:\/\/www.comisionporlamemoria.org\/revige\/?post_type=avada_portfolio&#038;p=5350"},"modified":"2026-04-17T19:24:40","modified_gmt":"2026-04-17T17:24:40","slug":"esma-iii-unificada","status":"publish","type":"avada_portfolio","link":"https:\/\/www.comisionporlamemoria.org\/revige\/portfolio-items\/esma-iii-unificada\/","title":{"rendered":"ESMA III &#8211; Unificada"},"content":{"rendered":"<p><div class=\"fusion-fullwidth fullwidth-box fusion-builder-row-1 fusion-flex-container has-pattern-background has-mask-background fusion-parallax-none hundred-percent-fullwidth non-hundred-percent-height-scrolling lazyload\" style=\"--link_hover_color: #9da6dd;--link_color: #10b29c;--awb-border-sizes-top:0px;--awb-border-sizes-bottom:0px;--awb-border-sizes-left:0px;--awb-border-sizes-right:0px;--awb-border-color:#d1d1d1;--awb-border-radius-top-left:0px;--awb-border-radius-top-right:0px;--awb-border-radius-bottom-right:0px;--awb-border-radius-bottom-left:0px;--awb-padding-top:0px;--awb-padding-right:0px;--awb-padding-bottom:0px;--awb-padding-left:0px;--awb-padding-top-medium:4vw;--awb-padding-right-medium:4vw;--awb-padding-bottom-medium:4vw;--awb-padding-left-medium:4vw;--awb-padding-top-small:30px;--awb-padding-right-small:30px;--awb-padding-bottom-small:30px;--awb-padding-left-small:30px;--awb-margin-top:0px;--awb-margin-bottom:0px;--awb-background-color:#a7c4f2;--awb-background-size:cover;--awb-flex-wrap:wrap;\" data-bg=\"https:\/\/www.comisionporlamemoria.org\/revige\/wp-content\/uploads\/sites\/16\/sites\/44\/2025\/12\/opcion2_franja_textura-300x42.jpg\" ><div class=\"fusion-builder-row fusion-row fusion-flex-align-items-stretch fusion-flex-content-wrap\" style=\"width:104% !important;max-width:104% !important;margin-left: calc(-4% \/ 2 );margin-right: calc(-4% \/ 2 );\"><div class=\"fusion-layout-column fusion_builder_column fusion-builder-column-0 fusion_builder_column_1_1 1_1 fusion-flex-column\" style=\"--awb-padding-top:2%;--awb-padding-bottom:1%;--awb-bg-size:cover;--awb-width-large:100%;--awb-margin-top-large:0px;--awb-spacing-right-large:1.92%;--awb-margin-bottom-large:0px;--awb-spacing-left-large:1.92%;--awb-width-medium:100%;--awb-order-medium:0;--awb-spacing-right-medium:1.92%;--awb-spacing-left-medium:1.92%;--awb-width-small:100%;--awb-order-small:0;--awb-spacing-right-small:1.92%;--awb-spacing-left-small:1.92%;\" data-scroll-devices=\"small-visibility,medium-visibility,large-visibility\"><div class=\"fusion-column-wrapper fusion-column-has-shadow fusion-flex-justify-content-flex-start fusion-content-layout-column\"><div class=\"fusion-title title fusion-title-1 fusion-title-center fusion-title-text fusion-title-size-two\" style=\"--awb-text-color:var(--awb-color1);--awb-margin-right:0px;--awb-margin-bottom:0px;--awb-margin-left:0px;--awb-margin-top-small:0px;--awb-margin-bottom-small:20px;\"><div class=\"title-sep-container title-sep-container-left\"><div class=\"title-sep sep- sep-solid\" style=\"border-color:var(--awb-color3);\"><\/div><\/div><span class=\"awb-title-spacer\"><\/span><h2 class=\"fusion-title-heading title-heading-center fusion-responsive-typography-calculated\" style=\"margin:0;text-transform:capitalize;--fontSize:42;line-height:var(--awb-typography1-line-height);\"><h3><span style=\"font-weight: 400;\">ESMA III- ESMA UNIFICADA<\/span><\/h3><\/h2><span class=\"awb-title-spacer\"><\/span><div class=\"title-sep-container title-sep-container-right\"><div class=\"title-sep sep- sep-solid\" style=\"border-color:var(--awb-color3);\"><\/div><\/div><\/div><\/div><\/div><\/div><\/div><div class=\"fusion-fullwidth fullwidth-box fusion-builder-row-2 fusion-flex-container has-pattern-background has-mask-background nonhundred-percent-fullwidth non-hundred-percent-height-scrolling\" style=\"--awb-border-radius-top-left:0px;--awb-border-radius-top-right:0px;--awb-border-radius-bottom-right:0px;--awb-border-radius-bottom-left:0px;--awb-margin-top:2%;--awb-flex-wrap:wrap;\" ><div class=\"fusion-builder-row fusion-row fusion-flex-align-items-flex-start fusion-flex-content-wrap\" style=\"max-width:1216.8px;margin-left: calc(-4% \/ 2 );margin-right: calc(-4% \/ 2 );\"><div class=\"fusion-layout-column fusion_builder_column fusion-builder-column-1 fusion_builder_column_1_1 1_1 fusion-flex-column\" style=\"--awb-bg-size:cover;--awb-width-large:100%;--awb-margin-top-large:0px;--awb-spacing-right-large:1.92%;--awb-margin-bottom-large:20px;--awb-spacing-left-large:1.92%;--awb-width-medium:100%;--awb-order-medium:0;--awb-spacing-right-medium:1.92%;--awb-spacing-left-medium:1.92%;--awb-width-small:100%;--awb-order-small:0;--awb-spacing-right-small:1.92%;--awb-spacing-left-small:1.92%;\"><div class=\"fusion-column-wrapper fusion-column-has-shadow fusion-flex-justify-content-flex-start fusion-content-layout-column\"><div class=\"fusion-counters-box counters-box row fusion-clearfix fusion-columns-3\" style=\"--awb-border-color:#8f1622;--awb-color:#8f1622;--awb-border-color:#8f1622;\"><div class=\"fusion-counter-box fusion-column col-counter-box counter-box-wrapper col-lg-4 col-md-4 col-sm-4\" data-animationOffset=\"top-into-view\"><div class=\"counter-box-container\"><div class=\"content-box-percentage content-box-counter\"><span class=\"display-counter\" data-value=\"48\" data-direction=\"up\" data-decimals=\"0\">0<\/span><\/div><div class=\"counter-box-content\">Condenados<\/div><\/div><\/div><div class=\"fusion-counter-box fusion-column col-counter-box counter-box-wrapper col-lg-4 col-md-4 col-sm-4\" data-animationOffset=\"top-into-view\"><div class=\"counter-box-container\"><div class=\"content-box-percentage content-box-counter\"><span class=\"display-counter\" data-value=\"2171\" data-direction=\"up\" data-decimals=\"0\">0<\/span><\/div><div class=\"counter-box-content\">Violencias<\/div><\/div><\/div><div class=\"fusion-counter-box fusion-column col-counter-box counter-box-wrapper col-lg-4 col-md-4 col-sm-4\" data-animationOffset=\"top-into-view\"><div class=\"counter-box-container\"><div class=\"content-box-percentage content-box-counter\"><span class=\"display-counter\" data-value=\"438\" data-direction=\"up\" data-decimals=\"0\">0<\/span><\/div><div class=\"counter-box-content\">Violencias juzgadas<\/div><\/div><\/div><\/div><\/div><\/div><\/div><\/div><div class=\"fusion-fullwidth fullwidth-box fusion-builder-row-3 fusion-flex-container has-pattern-background has-mask-background nonhundred-percent-fullwidth non-hundred-percent-height-scrolling\" style=\"--awb-border-radius-top-left:0px;--awb-border-radius-top-right:0px;--awb-border-radius-bottom-right:0px;--awb-border-radius-bottom-left:0px;--awb-flex-wrap:wrap;\" ><div class=\"fusion-builder-row fusion-row fusion-flex-align-items-flex-start fusion-flex-content-wrap\" style=\"max-width:1216.8px;margin-left: calc(-4% \/ 2 );margin-right: calc(-4% \/ 2 );\"><div class=\"fusion-layout-column fusion_builder_column fusion-builder-column-2 fusion_builder_column_2_3 2_3 fusion-flex-column\" style=\"--awb-padding-right:2%;--awb-bg-size:cover;--awb-border-color:var(--awb-color4);--awb-border-right:3px;--awb-border-style:solid;--awb-width-large:66.666666666667%;--awb-margin-top-large:0px;--awb-spacing-right-large:2.88%;--awb-margin-bottom-large:20px;--awb-spacing-left-large:2.88%;--awb-width-medium:100%;--awb-order-medium:0;--awb-spacing-right-medium:1.92%;--awb-spacing-left-medium:1.92%;--awb-width-small:100%;--awb-order-small:0;--awb-spacing-right-small:1.92%;--awb-spacing-left-small:1.92%;\" data-scroll-devices=\"small-visibility,medium-visibility,large-visibility\"><div class=\"fusion-column-wrapper fusion-column-has-shadow fusion-flex-justify-content-flex-start fusion-content-layout-column\">\n<div class=\"table-2\">\n<table width=\"100%\">\n<thead style=\"background-color: #fff; border-color: #fff;\">\n<tr>\n<td align=\"left\"><span style=\"font-family: Cutive Mono;\"><strong>Car\u00e1tula de causa<\/strong><\/span><\/td>\n<td align=\"left\"><span style=\"font-weight: 400;\">CAUSAS N\u00b0 1.282, 1.286, 1.349, 1.381, 1.415, 1.492, 1.510, 1.545, 1.668, 1.689 Y 1.714 \u201cCAUSA ESMA UNIFICADA\u201d<\/span><\/td>\n<\/tr>\n<\/thead>\n<tbody>\n<tr>\n<td align=\"left\"><span style=\"font-family: Cutive Mono;\"><strong>Nombre de referencia<\/strong><\/span><\/td>\n<td align=\"left\"><span style=\"font-weight: 400;\">ESMA III- ESMA UNIFICADA<\/span><\/td>\n<\/tr>\n<tr>\n<td align=\"left\"><span style=\"font-family: Cutive Mono;\"><strong>Jurisdicci\u00f3n y juzgado<\/strong><\/span><\/td>\n<td align=\"left\"><span style=\"font-weight: 400;\">Tribunal Oral en lo Criminal Federal N\u00b0 5- Ciudad Aut\u00f3noma de Buenos Aires<\/span><\/td>\n<\/tr>\n<tr>\n<td align=\"left\"><span style=\"font-family: Cutive Mono;\"><strong>Fecha veredicto<\/strong><\/span><\/td>\n<td align=\"left\"><span style=\"font-weight: 400;\">21\/11\/2017<\/span><\/td>\n<\/tr>\n<tr>\n<td align=\"left\"><span style=\"font-family: Cutive Mono;\"><strong>Condenados\/as<\/strong><\/span><\/td>\n<td align=\"left\"><span style=\"font-family: Cutive Mono;\">48<\/span><\/td>\n<\/tr>\n<tr>\n<td align=\"left\"><span style=\"font-family: Cutive Mono;\"><strong>Nombres de los condenados\/as (fuerza represiva)<\/strong><\/span><\/td>\n<td align=\"left\"><span style=\"font-weight: 400;\">Acosta, Jorge Eduardo (ARMADA).Perpetua<\/span> <span style=\"font-weight: 400;\">Agusti Scacchi, Randolfo Luis ( ARMADA). Perpetua<\/span> <span style=\"font-weight: 400;\">Alomar, Juan Arturo (ARMADA). 13 a\u00f1os<\/span> <span style=\"font-weight: 400;\">Altamira, Paulino Oscar (ARMADA). 8 a\u00f1os y 6 meses<\/span> <span style=\"font-weight: 400;\">Arru, Mario Daniel (PREFECTURA NAVAL). Perpetua- FALLECIDO<\/span> <span style=\"font-weight: 400;\">Astiz, Alfredo Ignacio (ARMADA). Perpetua<\/span> <span style=\"font-weight: 400;\">Azic, Juan Antonio (PREFECTURA NAVAL). Perpetua<\/span> <span style=\"font-weight: 400;\">Baucero, Daniel Humberto (ARMADA). 10 a\u00f1os<\/span> <span style=\"font-weight: 400;\">Binotti, Julio Cesar (ARMADA). 8 a\u00f1os<\/span> <span style=\"font-weight: 400;\">Capdevila, Carlos Octavio (ARMADA). 15 a\u00f1os<\/span> <span style=\"font-weight: 400;\">Cavallo, Ricardo Miguel (ARMADA).Perpetua<\/span> <span style=\"font-weight: 400;\">Cionchi, Rodolfo Oscar ( ARMADA). Perpetua<\/span> <span style=\"font-weight: 400;\">Clements, Miguel Enrique (ARMADA). 8 a\u00f1os<\/span> <span style=\"font-weight: 400;\">Cuomo, Daniel Nestor (ARMADA). Perpetua<\/span> <span style=\"font-weight: 400;\">D\u2019agostino, Alejandro Domingo (PREFECTURA NAVAL). Perpetua<\/span> <span style=\"font-weight: 400;\">Daer, Juan de Dios ( ARMADA). 8 a\u00f1os<\/span> <span style=\"font-weight: 400;\">Damario, Hugo Enrique (ARMADA). Perpetua<\/span> <span style=\"font-weight: 400;\">Daviuo, Carlos Eduardo ( ARMADA). 12 a\u00f1os<\/span> <span style=\"font-weight: 400;\">Di Paola, Francisco Argentino (ARMADA). Perpetua- FALLECIDO<\/span> <span style=\"font-weight: 400;\">Diaz Smith, Jorge Manuel (SERVICIO PENITENCIARIO FEDERAL). 12 a\u00f1os<\/span> <span style=\"font-weight: 400;\">Donda Tigel, Adolfo Miguel ( ARMADA). Perpetua<\/span> <span style=\"font-weight: 400;\">Fotea, Juan Carlos (POLIC\u00cdA FEDERAL). 25 a\u00f1os\u00a0<\/span> <span style=\"font-weight: 400;\">Franco, Oscar Ruben (ARMADA). 20 a\u00f1os<\/span> <span style=\"font-weight: 400;\">Garcia Velazco, Miguel \u00c1ngel (ARMADA). Perpetua<\/span> <span style=\"font-weight: 400;\">Garcia Velazco. Pablo Eduardo (ARMADA). Perpetua- FALLECIDO<\/span> <span style=\"font-weight: 400;\">Gonzalez, Orlando (ARMADA). Perpetua<\/span> <span style=\"font-weight: 400;\">Gonzalez, Alberto Eduardo (ARMADA). Perpetua<\/span> <span style=\"font-weight: 400;\">Magnacco, Jorge Luis ( ARMADA). 14 a\u00f1os<\/span> <span style=\"font-weight: 400;\">Martinez Pizarro, Rogelio Jos\u00e9 (ARMADA). Perpetua- FALLECIDO\u00a0<\/span> <span style=\"font-weight: 400;\">Navarro, Luis Ambrosio (CIVIL). Perpetua<\/span> <span style=\"font-weight: 400;\">Olivera, Victor Roberto (ARMADA). 14 a\u00f1os<\/span> <span style=\"font-weight: 400;\">Otero, Edgardo Aroldo (ARMADA). 17 a\u00f1os- FALLECIDO<\/span> <span style=\"font-weight: 400;\">Palet, Mario Pablo (ARMADA). 8 a\u00f1os- FALLECIDO<\/span> <span style=\"font-weight: 400;\">Pazos, Guillermo Horacio (ARMADA). 16 a\u00f1os- FALLECIDO<\/span> <span style=\"font-weight: 400;\">Pereyra, Antonio Rosa (ARMADA).10 a\u00f1os- FALLECIDO<\/span> <span style=\"font-weight: 400;\">Pernias, Antonio (ARMADA). Perpetua<\/span> <span style=\"font-weight: 400;\">Pittana, Claudio Oraldo (POLIC\u00cdA FEDERAL). Perpetua<\/span> <span style=\"font-weight: 400;\">Polchi, H\u00e9ctor Francisco (ARMADA). 11 a\u00f1os<\/span> <span style=\"font-weight: 400;\">Radice, Jorge Carlos ( ARMADA). Perpetua<\/span> <span style=\"font-weight: 400;\">Rioja, Francisco Lucio (ARMADA). Perpetua-FALLECIDO<\/span> <span style=\"font-weight: 400;\">Rodriguez, Miguel \u00c1ngel ( ARMADA). 8 a\u00f1os<\/span> <span style=\"font-weight: 400;\">Rolon, Juan Carlos (ARMADA). Perpetua<\/span> <span style=\"font-weight: 400;\">Savio, Nestor Omar (ARMADA). Perpetua<\/span> <span style=\"font-weight: 400;\">Siffredi, Hugo H\u00e9ctor (ARMADA).Perpetua<\/span> <span style=\"font-weight: 400;\">Suarez Manson, Carlos Guillermo (ARMADA). Perpetua<\/span> <span style=\"font-weight: 400;\">Torres de Tolosa, Gonzalo Dalmacio (ARMADA). Perpetua<\/span> <span style=\"font-weight: 400;\">Vilardo, Eugenio Batista (POLIC\u00cdA FEDERAL). Perpetua<\/span> <span style=\"font-weight: 400;\">Weber, Ernesto Frimon (Polic\u00eda Federal Argentina). Perpetua<\/span><\/td>\n<\/tr>\n<tr>\n<td align=\"left\"><span style=\"font-family: Cutive Mono;\"><strong>Absoluciones<\/strong><\/span><\/td>\n<td align=\"left\">6<\/td>\n<\/tr>\n<tr>\n<td align=\"left\"><span style=\"font-family: Cutive Mono;\"><strong>Nombres de los absueltos\/as (fuerza represiva)<\/strong><\/span><\/td>\n<td align=\"left\"><span style=\"font-weight: 400;\">Alemann, Juan Ernesto (EX SECRETARIO DE HACIENDA)<\/span> <span style=\"font-weight: 400;\">Lynch Jones, Ricardo Jorge (ARMADA)\u00a0<\/span> <span style=\"font-weight: 400;\">Martello, Roque \u00c1ngel (EJ\u00c9RCITO)<\/span> <span style=\"font-weight: 400;\">Ormello, Rub\u00e9n Ricardo (ARMADA)\u00a0<\/span> <span style=\"font-weight: 400;\">Poch, Julio Alberto (ARMADA)\u00a0<\/span> <span style=\"font-weight: 400;\">Sisul Hess, Emir (ARMADA) <\/span><\/td>\n<\/tr>\n<tr>\n<td align=\"left\"><span style=\"font-family: Cutive Mono;\"><strong>Delitos juzgados<\/strong><\/span><\/td>\n<td align=\"left\"><span style=\"font-weight: 400;\">Privaci\u00f3n ileg\u00edtima de la libertad agravada por la condici\u00f3n de funcionario p\u00fablico, en algunos casos doble agravamientos por haberse cometido con violencia, en algunos casos\u00a0 por triple agravamientos por haber durado m\u00e1s de un mes; imposici\u00f3n de tormentos con el prop\u00f3sito de obtener informaci\u00f3n o quebrantar su voluntad, agravados por haber sido cometidos en perjuicio de perseguidos pol\u00edticos y en algunos casos, por haber resultado la muerte;\u00a0 homicidio agravado por haberse realizado con alevos\u00eda y mediante procedimiento insidioso; sustracci\u00f3n, retenci\u00f3n y ocultaci\u00f3n de un menor de diez a\u00f1os de edad, en forma reiterada.<\/span><\/td>\n<\/tr>\n<tr>\n<td align=\"left\"><span style=\"font-family: Cutive Mono;\"><strong>V\u00edctimas caso<\/strong><\/span><\/td>\n<td align=\"left\"><b>350<\/b> <span style=\"font-weight: 400;\">Se registraron los CASOS que sufrieron al menos un hecho de violencia represiva en la provincia de Buenos Aires. (TOTAL DE CASOS: 789).<\/span><\/td>\n<\/tr>\n<tr>\n<td align=\"left\"><span style=\"font-family: Cutive Mono;\"><strong>V\u00edctimas no caso identificadas<\/strong><\/span><\/td>\n<td align=\"left\"><b>392<\/b><\/td>\n<\/tr>\n<tr>\n<td align=\"left\"><span style=\"font-family: Cutive Mono;\"><strong>Testimoniantes<\/strong><\/span><\/td>\n<td align=\"left\"><span style=\"font-family: Cutive Mono;\">287<\/span><\/td>\n<\/tr>\n<tr>\n<td align=\"left\"><span style=\"font-family: Cutive Mono;\"><strong>Violencias registradas<\/strong><\/span><\/td>\n<td align=\"left\">2171<\/td>\n<\/tr>\n<tr>\n<td align=\"left\"><span style=\"font-family: Cutive Mono;\"><strong>Violencias juzgadas<\/strong><\/span><\/td>\n<td align=\"left\"><span style=\"font-family: Cutive Mono;\">438<\/span><\/td>\n<\/tr>\n<\/tbody>\n<\/table>\n<\/div>\n<\/div><\/div><div class=\"fusion-layout-column fusion_builder_column fusion-builder-column-3 fusion_builder_column_1_3 1_3 fusion-flex-column\" style=\"--awb-bg-size:cover;--awb-border-color:var(--awb-color4);--awb-border-style:solid;--awb-width-large:33.333333333333%;--awb-margin-top-large:0px;--awb-spacing-right-large:5.76%;--awb-margin-bottom-large:20px;--awb-spacing-left-large:5.76%;--awb-width-medium:100%;--awb-order-medium:0;--awb-spacing-right-medium:1.92%;--awb-spacing-left-medium:1.92%;--awb-width-small:100%;--awb-order-small:0;--awb-spacing-right-small:1.92%;--awb-spacing-left-small:1.92%;\" data-scroll-devices=\"small-visibility,medium-visibility,large-visibility\"><div class=\"fusion-column-wrapper fusion-column-has-shadow fusion-flex-justify-content-flex-start fusion-content-layout-column\"><div class=\"fusion-text fusion-text-1 fusion-text-no-margin\" style=\"--awb-content-alignment:justify;--awb-margin-bottom:5%;\"><p><strong>Este tercer tramo del juicio sobre los cr\u00edmenes cometidos en la ESMA durante 1976 hasta 1982, requiri\u00f3 5 a\u00f1os de debate. La cantidad de v\u00edctimas, testigos e imputados hacen que se la conozca como la megacausa. Por primera vez estuvieron sentados en el banquillo de los acusados pilotos a\u00e9reos pertenecientes a la Armada Argentina y de la Prefectura Naval Argentina por los \u201cvuelos de la muerte\u201d. El trabajo esclavo al que somet\u00edan a los prisioneros, el robo de los bienes de las v\u00edctimas, el manejo del archivo y la producci\u00f3n de documentaci\u00f3n, la cantidad de partos de las prisioneras ocurridos en sus instalaciones ocurridos en sus instalaciones y la apropiaci\u00f3n de sus hijos, quedaron plasmados en la sentencia. Tambi\u00e9n se pudo reconocer que el funcionamiento del CCD se explaya mucho m\u00e1s all\u00e1 de sus instalaciones f\u00edsicas, con el funcionamiento simult\u00e1neo de quintas ubicadas en la Provincia de Buenos Aires donde fueron llevados algunos de los detenidos, durante la visita de la Comisi\u00f3n Interamericana de DDHH, en septiembre de 1979, a la isla El Silencio en el Delta donde continuaron su cautiverio.<\/strong><\/p>\n<p><strong>En este juicio quedaron probadas las relaciones entre la canciller\u00eda y el grupo de tareas de la ESMA, la participaci\u00f3n del GOEA (Grupo de Operaciones Especiales de la Armada), la incorporaci\u00f3n al GT3.3 de adscriptos al JEIN (Jefatura de Inteligencia Naval) y la existencia del COPESE (Comisi\u00f3n Permanente de Asuntos Especiales o de Estudios Especiales).<\/strong><\/p>\n<\/div><div style=\"text-align:center;\"><a class=\"fusion-button button-flat button-xlarge button-custom fusion-button-default button-1 fusion-button-default-span fusion-button-default-type\" style=\"--awb-margin-top:5%;--button_accent_color:var(--awb-color1);--button_accent_hover_color:var(--awb-color1);--button_border_hover_color:var(--awb-color1);--button_gradient_top_color:#8f1622;--button_gradient_bottom_color:#8f1622;--button_gradient_top_color_hover:var(--awb-color5);--button_gradient_bottom_color_hover:var(--awb-color5);\" target=\"_self\" href=\"https:\/\/www.comisionporlamemoria.org\/archivos\/sitiosdememoria\/revige\/caba\/ESMAlll.pdf\"><span class=\"fusion-button-text awb-button__text awb-button__text--default\">SENTENCIA<\/span><i class=\"fa-angle-double-down fas awb-button__icon awb-button__icon--default button-icon-right\" aria-hidden=\"true\"><\/i><\/a><\/div><\/div><\/div><\/div><\/div><\/p>\n","protected":false},"excerpt":{"rendered":"","protected":false},"author":40,"featured_media":6273,"menu_order":0,"comment_status":"open","ping_status":"closed","template":"","format":"standard","meta":{"_acf_changed":false,"footnotes":""},"portfolio_category":[44],"portfolio_skills":[],"portfolio_tags":[],"class_list":["post-5350","avada_portfolio","type-avada_portfolio","status-publish","format-standard","has-post-thumbnail","hentry","portfolio_category-caba"],"acf":[],"_links":{"self":[{"href":"https:\/\/www.comisionporlamemoria.org\/revige\/wp-json\/wp\/v2\/avada_portfolio\/5350","targetHints":{"allow":["GET"]}}],"collection":[{"href":"https:\/\/www.comisionporlamemoria.org\/revige\/wp-json\/wp\/v2\/avada_portfolio"}],"about":[{"href":"https:\/\/www.comisionporlamemoria.org\/revige\/wp-json\/wp\/v2\/types\/avada_portfolio"}],"author":[{"embeddable":true,"href":"https:\/\/www.comisionporlamemoria.org\/revige\/wp-json\/wp\/v2\/users\/40"}],"replies":[{"embeddable":true,"href":"https:\/\/www.comisionporlamemoria.org\/revige\/wp-json\/wp\/v2\/comments?post=5350"}],"version-history":[{"count":0,"href":"https:\/\/www.comisionporlamemoria.org\/revige\/wp-json\/wp\/v2\/avada_portfolio\/5350\/revisions"}],"wp:featuredmedia":[{"embeddable":true,"href":"https:\/\/www.comisionporlamemoria.org\/revige\/wp-json\/wp\/v2\/media\/6273"}],"wp:attachment":[{"href":"https:\/\/www.comisionporlamemoria.org\/revige\/wp-json\/wp\/v2\/media?parent=5350"}],"wp:term":[{"taxonomy":"portfolio_category","embeddable":true,"href":"https:\/\/www.comisionporlamemoria.org\/revige\/wp-json\/wp\/v2\/portfolio_category?post=5350"},{"taxonomy":"portfolio_skills","embeddable":true,"href":"https:\/\/www.comisionporlamemoria.org\/revige\/wp-json\/wp\/v2\/portfolio_skills?post=5350"},{"taxonomy":"portfolio_tags","embeddable":true,"href":"https:\/\/www.comisionporlamemoria.org\/revige\/wp-json\/wp\/v2\/portfolio_tags?post=5350"}],"curies":[{"name":"wp","href":"https:\/\/api.w.org\/{rel}","templated":true}]}}