{"id":5433,"date":"2025-12-17T19:52:35","date_gmt":"2025-12-17T18:52:35","guid":{"rendered":"https:\/\/www.comisionporlamemoria.org\/revige\/?post_type=avada_portfolio&#038;p=5433"},"modified":"2026-04-15T20:39:25","modified_gmt":"2026-04-15T18:39:25","slug":"esma-v-guarrochena","status":"publish","type":"avada_portfolio","link":"https:\/\/www.comisionporlamemoria.org\/revige\/portfolio-items\/esma-v-guarrochena\/","title":{"rendered":"ESMA V &#8211; Guarrochena"},"content":{"rendered":"<p><div class=\"fusion-fullwidth fullwidth-box fusion-builder-row-1 fusion-flex-container has-pattern-background has-mask-background fusion-parallax-none hundred-percent-fullwidth non-hundred-percent-height-scrolling lazyload\" style=\"--link_hover_color: #9da6dd;--link_color: #10b29c;--awb-border-sizes-top:0px;--awb-border-sizes-bottom:0px;--awb-border-sizes-left:0px;--awb-border-sizes-right:0px;--awb-border-color:#d1d1d1;--awb-border-radius-top-left:0px;--awb-border-radius-top-right:0px;--awb-border-radius-bottom-right:0px;--awb-border-radius-bottom-left:0px;--awb-padding-top:0px;--awb-padding-right:0px;--awb-padding-bottom:0px;--awb-padding-left:0px;--awb-padding-top-medium:4vw;--awb-padding-right-medium:4vw;--awb-padding-bottom-medium:4vw;--awb-padding-left-medium:4vw;--awb-padding-top-small:30px;--awb-padding-right-small:30px;--awb-padding-bottom-small:30px;--awb-padding-left-small:30px;--awb-margin-top:0px;--awb-margin-bottom:0px;--awb-background-color:#a7c4f2;--awb-background-size:cover;--awb-flex-wrap:wrap;\" data-bg=\"https:\/\/www.comisionporlamemoria.org\/revige\/wp-content\/uploads\/sites\/16\/sites\/44\/2025\/12\/opcion2_franja_textura-300x42.jpg\" ><div class=\"fusion-builder-row fusion-row fusion-flex-align-items-stretch fusion-flex-content-wrap\" style=\"width:104% !important;max-width:104% !important;margin-left: calc(-4% \/ 2 );margin-right: calc(-4% \/ 2 );\"><div class=\"fusion-layout-column fusion_builder_column fusion-builder-column-0 fusion_builder_column_1_1 1_1 fusion-flex-column\" style=\"--awb-padding-top:2%;--awb-padding-bottom:1%;--awb-bg-size:cover;--awb-width-large:100%;--awb-margin-top-large:0px;--awb-spacing-right-large:1.92%;--awb-margin-bottom-large:0px;--awb-spacing-left-large:1.92%;--awb-width-medium:100%;--awb-order-medium:0;--awb-spacing-right-medium:1.92%;--awb-spacing-left-medium:1.92%;--awb-width-small:100%;--awb-order-small:0;--awb-spacing-right-small:1.92%;--awb-spacing-left-small:1.92%;\" data-scroll-devices=\"small-visibility,medium-visibility,large-visibility\"><div class=\"fusion-column-wrapper fusion-column-has-shadow fusion-flex-justify-content-flex-start fusion-content-layout-column\"><div class=\"fusion-title title fusion-title-1 fusion-title-center fusion-title-text fusion-title-size-two\" style=\"--awb-text-color:var(--awb-color1);--awb-margin-right:0px;--awb-margin-bottom:0px;--awb-margin-left:0px;--awb-margin-top-small:0px;--awb-margin-bottom-small:20px;\"><div class=\"title-sep-container title-sep-container-left\"><div class=\"title-sep sep- sep-solid\" style=\"border-color:var(--awb-color3);\"><\/div><\/div><span class=\"awb-title-spacer\"><\/span><h2 class=\"fusion-title-heading title-heading-center fusion-responsive-typography-calculated\" style=\"margin:0;text-transform:capitalize;--fontSize:42;line-height:var(--awb-typography1-line-height);\"><h3><span style=\"font-weight: 400;\">ESMA V &#8211; GUARROCHENA<\/span><\/h3><\/h2><span class=\"awb-title-spacer\"><\/span><div class=\"title-sep-container title-sep-container-right\"><div class=\"title-sep sep- sep-solid\" style=\"border-color:var(--awb-color3);\"><\/div><\/div><\/div><\/div><\/div><\/div><\/div><div class=\"fusion-fullwidth fullwidth-box fusion-builder-row-2 fusion-flex-container has-pattern-background has-mask-background nonhundred-percent-fullwidth non-hundred-percent-height-scrolling\" style=\"--awb-border-radius-top-left:0px;--awb-border-radius-top-right:0px;--awb-border-radius-bottom-right:0px;--awb-border-radius-bottom-left:0px;--awb-margin-top:2%;--awb-flex-wrap:wrap;\" ><div class=\"fusion-builder-row fusion-row fusion-flex-align-items-flex-start fusion-flex-content-wrap\" style=\"max-width:1216.8px;margin-left: calc(-4% \/ 2 );margin-right: calc(-4% \/ 2 );\"><div class=\"fusion-layout-column fusion_builder_column fusion-builder-column-1 fusion_builder_column_1_1 1_1 fusion-flex-column\" style=\"--awb-bg-size:cover;--awb-width-large:100%;--awb-margin-top-large:0px;--awb-spacing-right-large:1.92%;--awb-margin-bottom-large:20px;--awb-spacing-left-large:1.92%;--awb-width-medium:100%;--awb-order-medium:0;--awb-spacing-right-medium:1.92%;--awb-spacing-left-medium:1.92%;--awb-width-small:100%;--awb-order-small:0;--awb-spacing-right-small:1.92%;--awb-spacing-left-small:1.92%;\"><div class=\"fusion-column-wrapper fusion-column-has-shadow fusion-flex-justify-content-flex-start fusion-content-layout-column\"><div class=\"fusion-counters-box counters-box row fusion-clearfix fusion-columns-3\" style=\"--awb-border-color:#8f1622;--awb-color:#8f1622;--awb-border-color:#8f1622;\"><div class=\"fusion-counter-box fusion-column col-counter-box counter-box-wrapper col-lg-4 col-md-4 col-sm-4\" data-animationOffset=\"top-into-view\"><div class=\"counter-box-container\"><div class=\"content-box-percentage content-box-counter\"><span class=\"display-counter\" data-value=\"1\" data-direction=\"up\" data-decimals=\"0\">0<\/span><\/div><div class=\"counter-box-content\">Condenados<\/div><\/div><\/div><div class=\"fusion-counter-box fusion-column col-counter-box counter-box-wrapper col-lg-4 col-md-4 col-sm-4\" data-animationOffset=\"top-into-view\"><div class=\"counter-box-container\"><div class=\"content-box-percentage content-box-counter\"><span class=\"display-counter\" data-value=\"1137\" data-direction=\"up\" data-decimals=\"0\">0<\/span><\/div><div class=\"counter-box-content\">Violencias<\/div><\/div><\/div><div class=\"fusion-counter-box fusion-column col-counter-box counter-box-wrapper col-lg-4 col-md-4 col-sm-4\" data-animationOffset=\"top-into-view\"><div class=\"counter-box-container\"><div class=\"content-box-percentage content-box-counter\"><span class=\"display-counter\" data-value=\"497\" data-direction=\"up\" data-decimals=\"0\">0<\/span><\/div><div class=\"counter-box-content\">Violencias juzgadas<\/div><\/div><\/div><\/div><\/div><\/div><\/div><\/div><div class=\"fusion-fullwidth fullwidth-box fusion-builder-row-3 fusion-flex-container has-pattern-background has-mask-background nonhundred-percent-fullwidth non-hundred-percent-height-scrolling\" style=\"--awb-border-radius-top-left:0px;--awb-border-radius-top-right:0px;--awb-border-radius-bottom-right:0px;--awb-border-radius-bottom-left:0px;--awb-flex-wrap:wrap;\" ><div class=\"fusion-builder-row fusion-row fusion-flex-align-items-flex-start fusion-flex-content-wrap\" style=\"max-width:1216.8px;margin-left: calc(-4% \/ 2 );margin-right: calc(-4% \/ 2 );\"><div class=\"fusion-layout-column fusion_builder_column fusion-builder-column-2 fusion_builder_column_2_3 2_3 fusion-flex-column\" style=\"--awb-padding-right:2%;--awb-bg-size:cover;--awb-border-color:var(--awb-color4);--awb-border-right:3px;--awb-border-style:solid;--awb-width-large:66.666666666667%;--awb-margin-top-large:0px;--awb-spacing-right-large:2.88%;--awb-margin-bottom-large:20px;--awb-spacing-left-large:2.88%;--awb-width-medium:100%;--awb-order-medium:0;--awb-spacing-right-medium:1.92%;--awb-spacing-left-medium:1.92%;--awb-width-small:100%;--awb-order-small:0;--awb-spacing-right-small:1.92%;--awb-spacing-left-small:1.92%;\" data-scroll-devices=\"small-visibility,medium-visibility,large-visibility\"><div class=\"fusion-column-wrapper fusion-column-has-shadow fusion-flex-justify-content-flex-start fusion-content-layout-column\">\n<div class=\"table-2\">\n<table width=\"100%\">\n<thead style=\"background-color: #fff; border-color: #fff;\">\n<tr>\n<td align=\"left\"><span style=\"font-family: Cutive Mono;\"><strong>Car\u00e1tula de causa<\/strong><\/span><\/td>\n<td align=\"left\"><span style=\"font-weight: 400;\">CAUSA NRO. 14217\/2003\/TO6<\/span><\/td>\n<\/tr>\n<\/thead>\n<tbody>\n<tr>\n<td align=\"left\"><span style=\"font-family: Cutive Mono;\"><strong>Nombre de referencia<\/strong><\/span><\/td>\n<td align=\"left\"><span style=\"font-weight: 400;\">ESMA V &#8211; GUARROCHENA<\/span><\/td>\n<\/tr>\n<tr>\n<td align=\"left\"><span style=\"font-family: Cutive Mono;\"><strong>Jurisdicci\u00f3n y juzgado<\/strong><\/span><\/td>\n<td align=\"left\"><span style=\"font-weight: 400;\">Tribunal Oral en el Criminal Federal N\u00b0 5- Ciudad Aut\u00f3noma de Buenos Aires<\/span><\/td>\n<\/tr>\n<tr>\n<td align=\"left\"><span style=\"font-family: Cutive Mono;\"><strong>Fecha veredicto<\/strong><\/span><\/td>\n<td align=\"left\"><span style=\"font-weight: 400;\">25\/6\/2024 <\/span><\/td>\n<\/tr>\n<tr>\n<td align=\"left\"><span style=\"font-family: Cutive Mono;\"><strong>Condenados\/as<\/strong><\/span><\/td>\n<td align=\"left\"><span style=\"font-family: Cutive Mono;\">1<\/span><\/td>\n<\/tr>\n<tr>\n<td align=\"left\"><span style=\"font-family: Cutive Mono;\"><strong>Nombres de los condenados\/as (fuerza represiva)<\/strong><\/span><\/td>\n<td align=\"left\"><span style=\"font-weight: 400;\">Guarrochena, Jorge Luis (PREFECTURA NAVAL). Perpetua- FALLECIDO<\/span><\/td>\n<\/tr>\n<tr>\n<td align=\"left\"><span style=\"font-family: Cutive Mono;\"><strong>Absoluciones<\/strong><\/span><\/td>\n<td align=\"left\"><\/td>\n<\/tr>\n<tr>\n<td align=\"left\"><span style=\"font-family: Cutive Mono;\"><strong>Nombres de los absueltos\/as (fuerza represiva)<\/strong><\/span><\/td>\n<td align=\"left\"><\/td>\n<\/tr>\n<tr>\n<td align=\"left\"><span style=\"font-family: Cutive Mono;\"><strong>Delitos juzgados<\/strong><\/span><\/td>\n<td align=\"left\"><span style=\"font-weight: 400;\">Privaci\u00f3n ileg\u00edtima de la libertad doblemente agravada por la condici\u00f3n de funcionario p\u00fablico, mediando violencia y amenazas en algunos casos y en otros por triple agravamiento al haber durado m\u00e1s de un mes; <\/span><span style=\"font-weight: 400;\">imposici\u00f3n de tormentos agravados por haber sido cometidos en perjuicio de perseguidos pol\u00edticos, tormentos doblemente agravados por haber sido cometidos en perjuicio de perseguidos pol\u00edticos, y por haber resultado la muerte de la v\u00edctima; homicidio doblemente agravado por alevos\u00eda y con el concurso premeditado;\u00a0\u00a0<\/span> <span style=\"font-weight: 400;\">Homicidio doblemente agravado con el concurso premeditado de dos o m\u00e1s personas y por la utilizaci\u00f3n de veneno; sustracci\u00f3n retenci\u00f3n y ocultamiento de menor de 10 a\u00f1os; abuso deshonesto agravado con el concurso de dos o m\u00e1s personas, violaci\u00f3n agravada con el concurso de dos o m\u00e1s personas, violaci\u00f3n agravada con el concurso de dos o m\u00e1s personas en grado de tentativa.<\/span><\/td>\n<\/tr>\n<tr>\n<td align=\"left\"><span style=\"font-family: Cutive Mono;\"><strong>V\u00edctimas caso<\/strong><\/span><\/td>\n<td align=\"left\"><b>218<\/b> <span style=\"font-weight: 400;\">Se registraron los CASOS que sufrieron al menos un hecho de violencia represiva en la provincia de<\/span> <span style=\"font-weight: 400;\">Buenos Aires. (TOTAL DE CASOS: 398)<\/span><\/td>\n<\/tr>\n<tr>\n<td align=\"left\"><span style=\"font-family: Cutive Mono;\"><strong>V\u00edctimas no caso identificadas<\/strong><\/span><\/td>\n<td align=\"left\"><span style=\"font-family: Cutive Mono;\">128<\/span><\/td>\n<\/tr>\n<tr>\n<td align=\"left\"><span style=\"font-family: Cutive Mono;\"><strong>Testimoniantes<\/strong><\/span><\/td>\n<td align=\"left\"><span style=\"font-family: Cutive Mono;\">245<\/span><\/td>\n<\/tr>\n<tr>\n<td align=\"left\"><span style=\"font-family: Cutive Mono;\"><strong>Violencias registradas<\/strong><\/span><\/td>\n<td align=\"left\"><span style=\"font-family: Cutive Mono;\">1137<\/span><\/td>\n<\/tr>\n<tr>\n<td align=\"left\"><span style=\"font-family: Cutive Mono;\"><strong>Violencias juzgadas<\/strong><\/span><\/td>\n<td align=\"left\"><span style=\"font-family: Cutive Mono;\">497<\/span><\/td>\n<\/tr>\n<\/tbody>\n<\/table>\n<\/div>\n<\/div><\/div><div class=\"fusion-layout-column fusion_builder_column fusion-builder-column-3 fusion_builder_column_1_3 1_3 fusion-flex-column\" style=\"--awb-bg-size:cover;--awb-border-color:var(--awb-color4);--awb-border-style:solid;--awb-width-large:33.333333333333%;--awb-margin-top-large:0px;--awb-spacing-right-large:5.76%;--awb-margin-bottom-large:20px;--awb-spacing-left-large:5.76%;--awb-width-medium:100%;--awb-order-medium:0;--awb-spacing-right-medium:1.92%;--awb-spacing-left-medium:1.92%;--awb-width-small:100%;--awb-order-small:0;--awb-spacing-right-small:1.92%;--awb-spacing-left-small:1.92%;\" data-scroll-devices=\"small-visibility,medium-visibility,large-visibility\"><div class=\"fusion-column-wrapper fusion-column-has-shadow fusion-flex-justify-content-flex-start fusion-content-layout-column\"><div class=\"fusion-text fusion-text-1 fusion-text-no-margin\" style=\"--awb-content-alignment:justify;--awb-margin-bottom:5%;\"><p><span style=\"font-weight: 400;\">El Tribunal Oral en lo Criminal Federal N\u00b05 de Buenos Aires conden\u00f3 el 24 de abril de 2024 a prisi\u00f3n perpetua al ex oficial de inteligencia de la Armada Jorge Luis Guarrochena, juzgado por primera vez. Su identificaci\u00f3n comenz\u00f3 gracias a V\u00edctor Basterra, quien durante su cautiverio fue obligado a realizar trabajos forzados y logr\u00f3 tomar m\u00e1s de 70 fotograf\u00edas del CCD, en las que Guarrochena aparec\u00eda se\u00f1alado como \u201cRa\u00fal\u201d.<\/span><\/p>\n<p><span style=\"font-weight: 400;\">El nombre y apodo de Guarrochena tambi\u00e9n surgieron en declaraciones del m\u00e9dico de la Armada Carlos Capdevila en 2007 y 2009, quien lo mencion\u00f3 como miembro de inteligencia y uno de los m\u00e1ximos responsables del Grupo de Tareas de la ESMA. Guarrochena prest\u00f3 funciones en la Jefatura de Inteligencia del Servicio de Inteligencia Naval (SIIN) y en la Jefatura de Inteligencia Naval (JEIN), trabajando en contrainteligencia y como enlace con la inteligencia del Ej\u00e9rcito y el Batall\u00f3n 601. La pericia fotogr\u00e1fica realizada por expertos de la Polic\u00eda Federal confirm\u00f3 que \u201cRa\u00fal\u201d, \u201cEncina\u201d y Guarrochena eran la misma persona.<\/span><\/p>\n<p><span style=\"font-weight: 400;\">Otros acusados, como Gerardo Enrique Ferrer (exjefe de la Compa\u00f1\u00eda B de Ceremonial de la ESMA), Carlos Alberto Bengoechea (ex jefe de la Armada) y el vicealmirante retirado Juan Lombardo, fallecieron antes del inicio del juicio oral.<\/span><\/p>\n<\/div><div style=\"text-align:center;\"><a class=\"fusion-button button-flat button-xlarge button-custom fusion-button-default button-1 fusion-button-default-span fusion-button-default-type\" style=\"--awb-margin-top:5%;--button_accent_color:var(--awb-color1);--button_accent_hover_color:var(--awb-color1);--button_border_hover_color:var(--awb-color1);--button_gradient_top_color:#8f1622;--button_gradient_bottom_color:#8f1622;--button_gradient_top_color_hover:var(--awb-color5);--button_gradient_bottom_color_hover:var(--awb-color5);\" target=\"_self\" href=\"www.comisionporlamemoria.org\/archivos\/sitiosdememoria\/revige\/caba\/ESMAv.pdf\"><span class=\"fusion-button-text awb-button__text awb-button__text--default\">SENTENCIA<\/span><i class=\"fa-angle-double-down fas awb-button__icon awb-button__icon--default button-icon-right\" aria-hidden=\"true\"><\/i><\/a><\/div><\/div><\/div><\/div><\/div><\/p>\n","protected":false},"excerpt":{"rendered":"","protected":false},"author":40,"featured_media":6276,"menu_order":0,"comment_status":"open","ping_status":"closed","template":"","format":"standard","meta":{"_acf_changed":false,"footnotes":""},"portfolio_category":[44],"portfolio_skills":[],"portfolio_tags":[],"class_list":["post-5433","avada_portfolio","type-avada_portfolio","status-publish","format-standard","has-post-thumbnail","hentry","portfolio_category-caba"],"acf":[],"_links":{"self":[{"href":"https:\/\/www.comisionporlamemoria.org\/revige\/wp-json\/wp\/v2\/avada_portfolio\/5433","targetHints":{"allow":["GET"]}}],"collection":[{"href":"https:\/\/www.comisionporlamemoria.org\/revige\/wp-json\/wp\/v2\/avada_portfolio"}],"about":[{"href":"https:\/\/www.comisionporlamemoria.org\/revige\/wp-json\/wp\/v2\/types\/avada_portfolio"}],"author":[{"embeddable":true,"href":"https:\/\/www.comisionporlamemoria.org\/revige\/wp-json\/wp\/v2\/users\/40"}],"replies":[{"embeddable":true,"href":"https:\/\/www.comisionporlamemoria.org\/revige\/wp-json\/wp\/v2\/comments?post=5433"}],"version-history":[{"count":0,"href":"https:\/\/www.comisionporlamemoria.org\/revige\/wp-json\/wp\/v2\/avada_portfolio\/5433\/revisions"}],"wp:featuredmedia":[{"embeddable":true,"href":"https:\/\/www.comisionporlamemoria.org\/revige\/wp-json\/wp\/v2\/media\/6276"}],"wp:attachment":[{"href":"https:\/\/www.comisionporlamemoria.org\/revige\/wp-json\/wp\/v2\/media?parent=5433"}],"wp:term":[{"taxonomy":"portfolio_category","embeddable":true,"href":"https:\/\/www.comisionporlamemoria.org\/revige\/wp-json\/wp\/v2\/portfolio_category?post=5433"},{"taxonomy":"portfolio_skills","embeddable":true,"href":"https:\/\/www.comisionporlamemoria.org\/revige\/wp-json\/wp\/v2\/portfolio_skills?post=5433"},{"taxonomy":"portfolio_tags","embeddable":true,"href":"https:\/\/www.comisionporlamemoria.org\/revige\/wp-json\/wp\/v2\/portfolio_tags?post=5433"}],"curies":[{"name":"wp","href":"https:\/\/api.w.org\/{rel}","templated":true}]}}