{"id":5459,"date":"2025-12-19T16:04:43","date_gmt":"2025-12-19T15:04:43","guid":{"rendered":"https:\/\/www.comisionporlamemoria.org\/revige\/?post_type=avada_portfolio&#038;p=5459"},"modified":"2026-04-16T17:12:22","modified_gmt":"2026-04-16T15:12:22","slug":"alonso-apropiacion-suarez-nelson","status":"publish","type":"avada_portfolio","link":"https:\/\/www.comisionporlamemoria.org\/revige\/portfolio-items\/alonso-apropiacion-suarez-nelson\/","title":{"rendered":"Alonso \u2013 Apropiaci\u00f3n Su\u00e1rez Nelson"},"content":{"rendered":"<p><div class=\"fusion-fullwidth fullwidth-box fusion-builder-row-1 fusion-flex-container has-pattern-background has-mask-background fusion-parallax-none hundred-percent-fullwidth non-hundred-percent-height-scrolling lazyload\" style=\"--link_hover_color: #9da6dd;--link_color: #10b29c;--awb-border-sizes-top:0px;--awb-border-sizes-bottom:0px;--awb-border-sizes-left:0px;--awb-border-sizes-right:0px;--awb-border-color:#d1d1d1;--awb-border-radius-top-left:0px;--awb-border-radius-top-right:0px;--awb-border-radius-bottom-right:0px;--awb-border-radius-bottom-left:0px;--awb-padding-top:0px;--awb-padding-right:0px;--awb-padding-bottom:0px;--awb-padding-left:0px;--awb-padding-top-medium:4vw;--awb-padding-right-medium:4vw;--awb-padding-bottom-medium:4vw;--awb-padding-left-medium:4vw;--awb-padding-top-small:30px;--awb-padding-right-small:30px;--awb-padding-bottom-small:30px;--awb-padding-left-small:30px;--awb-margin-top:0px;--awb-margin-bottom:0px;--awb-background-color:#a7c4f2;--awb-background-size:cover;--awb-flex-wrap:wrap;\" data-bg=\"https:\/\/www.comisionporlamemoria.org\/revige\/wp-content\/uploads\/sites\/16\/sites\/44\/2025\/12\/opcion2_franja_textura-300x42.jpg\" ><div class=\"fusion-builder-row fusion-row fusion-flex-align-items-stretch fusion-flex-content-wrap\" style=\"width:104% !important;max-width:104% !important;margin-left: calc(-4% \/ 2 );margin-right: calc(-4% \/ 2 );\"><div class=\"fusion-layout-column fusion_builder_column fusion-builder-column-0 fusion_builder_column_1_1 1_1 fusion-flex-column\" style=\"--awb-padding-top:2%;--awb-padding-bottom:1%;--awb-bg-size:cover;--awb-width-large:100%;--awb-margin-top-large:0px;--awb-spacing-right-large:1.92%;--awb-margin-bottom-large:0px;--awb-spacing-left-large:1.92%;--awb-width-medium:100%;--awb-order-medium:0;--awb-spacing-right-medium:1.92%;--awb-spacing-left-medium:1.92%;--awb-width-small:100%;--awb-order-small:0;--awb-spacing-right-small:1.92%;--awb-spacing-left-small:1.92%;\" data-scroll-devices=\"small-visibility,medium-visibility,large-visibility\"><div class=\"fusion-column-wrapper fusion-column-has-shadow fusion-flex-justify-content-flex-start fusion-content-layout-column\"><div class=\"fusion-title title fusion-title-1 fusion-title-center fusion-title-text fusion-title-size-two\" style=\"--awb-text-color:var(--awb-color1);--awb-margin-right:0px;--awb-margin-bottom:0px;--awb-margin-left:0px;--awb-margin-top-small:0px;--awb-margin-bottom-small:20px;\"><div class=\"title-sep-container title-sep-container-left\"><div class=\"title-sep sep- sep-solid\" style=\"border-color:var(--awb-color3);\"><\/div><\/div><span class=\"awb-title-spacer\"><\/span><h2 class=\"fusion-title-heading title-heading-center fusion-responsive-typography-calculated\" style=\"margin:0;text-transform:capitalize;--fontSize:42;line-height:var(--awb-typography1-line-height);\"><h3>Apropiaci\u00f3n Su\u00e1rez Nelson<\/h3><\/h2><span class=\"awb-title-spacer\"><\/span><div class=\"title-sep-container title-sep-container-right\"><div class=\"title-sep sep- sep-solid\" style=\"border-color:var(--awb-color3);\"><\/div><\/div><\/div><\/div><\/div><\/div><\/div><div class=\"fusion-fullwidth fullwidth-box fusion-builder-row-2 fusion-flex-container has-pattern-background has-mask-background nonhundred-percent-fullwidth non-hundred-percent-height-scrolling\" style=\"--awb-border-radius-top-left:0px;--awb-border-radius-top-right:0px;--awb-border-radius-bottom-right:0px;--awb-border-radius-bottom-left:0px;--awb-margin-top:2%;--awb-flex-wrap:wrap;\" ><div class=\"fusion-builder-row fusion-row fusion-flex-align-items-flex-start fusion-flex-content-wrap\" style=\"max-width:1216.8px;margin-left: calc(-4% \/ 2 );margin-right: calc(-4% \/ 2 );\"><div class=\"fusion-layout-column fusion_builder_column fusion-builder-column-1 fusion_builder_column_1_1 1_1 fusion-flex-column\" style=\"--awb-bg-size:cover;--awb-width-large:100%;--awb-margin-top-large:0px;--awb-spacing-right-large:1.92%;--awb-margin-bottom-large:20px;--awb-spacing-left-large:1.92%;--awb-width-medium:100%;--awb-order-medium:0;--awb-spacing-right-medium:1.92%;--awb-spacing-left-medium:1.92%;--awb-width-small:100%;--awb-order-small:0;--awb-spacing-right-small:1.92%;--awb-spacing-left-small:1.92%;\"><div class=\"fusion-column-wrapper fusion-column-has-shadow fusion-flex-justify-content-flex-start fusion-content-layout-column\"><div class=\"fusion-counters-box counters-box row fusion-clearfix fusion-columns-3\" style=\"--awb-border-color:#8f1622;--awb-color:#8f1622;--awb-border-color:#8f1622;\"><div class=\"fusion-counter-box fusion-column col-counter-box counter-box-wrapper col-lg-4 col-md-4 col-sm-4\" data-animationOffset=\"top-into-view\"><div class=\"counter-box-container\"><div class=\"content-box-percentage content-box-counter\"><span class=\"display-counter\" data-value=\"2\" data-direction=\"up\" data-decimals=\"0\">0<\/span><\/div><div class=\"counter-box-content\">Condenados<\/div><\/div><\/div><div class=\"fusion-counter-box fusion-column col-counter-box counter-box-wrapper col-lg-4 col-md-4 col-sm-4\" data-animationOffset=\"top-into-view\"><div class=\"counter-box-container\"><div class=\"content-box-percentage content-box-counter\"><span class=\"display-counter\" data-value=\"27\" data-direction=\"up\" data-decimals=\"0\">0<\/span><\/div><div class=\"counter-box-content\">Violencias<\/div><\/div><\/div><div class=\"fusion-counter-box fusion-column col-counter-box counter-box-wrapper col-lg-4 col-md-4 col-sm-4\" data-animationOffset=\"top-into-view\"><div class=\"counter-box-container\"><div class=\"content-box-percentage content-box-counter\"><span class=\"display-counter\" data-value=\"3\" data-direction=\"up\" data-decimals=\"0\">0<\/span><\/div><div class=\"counter-box-content\">Violencias juzgadas<\/div><\/div><\/div><\/div><\/div><\/div><\/div><\/div><div class=\"fusion-fullwidth fullwidth-box fusion-builder-row-3 fusion-flex-container has-pattern-background has-mask-background nonhundred-percent-fullwidth non-hundred-percent-height-scrolling\" style=\"--awb-border-radius-top-left:0px;--awb-border-radius-top-right:0px;--awb-border-radius-bottom-right:0px;--awb-border-radius-bottom-left:0px;--awb-flex-wrap:wrap;\" ><div class=\"fusion-builder-row fusion-row fusion-flex-align-items-flex-start fusion-flex-content-wrap\" style=\"max-width:1216.8px;margin-left: calc(-4% \/ 2 );margin-right: calc(-4% \/ 2 );\"><div class=\"fusion-layout-column fusion_builder_column fusion-builder-column-2 fusion_builder_column_2_3 2_3 fusion-flex-column\" style=\"--awb-padding-right:2%;--awb-bg-size:cover;--awb-border-color:var(--awb-color4);--awb-border-right:3px;--awb-border-style:solid;--awb-width-large:66.666666666667%;--awb-margin-top-large:0px;--awb-spacing-right-large:2.88%;--awb-margin-bottom-large:20px;--awb-spacing-left-large:2.88%;--awb-width-medium:100%;--awb-order-medium:0;--awb-spacing-right-medium:1.92%;--awb-spacing-left-medium:1.92%;--awb-width-small:100%;--awb-order-small:0;--awb-spacing-right-small:1.92%;--awb-spacing-left-small:1.92%;\" data-scroll-devices=\"small-visibility,medium-visibility,large-visibility\"><div class=\"fusion-column-wrapper fusion-column-has-shadow fusion-flex-justify-content-flex-start fusion-content-layout-column\">\n<div class=\"table-2\">\n<table width=\"100%\">\n<thead style=\"background-color: #fff; border-color: #fff;\">\n<tr>\n<td align=\"left\"><span style=\"font-family: Cutive Mono;\"><strong>Car\u00e1tula de causa<\/strong><\/span><\/td>\n<td align=\"left\"><span style=\"font-family: Cutive Mono;\"><span style=\"font-weight: 400;\">CAUSA N\u00ba 2965\/09 \u201cALONSO OMAR \u2013 HERZBERG, JUAN CARLOS S\/ INF. ART\u00cdCULOS 139, 146 Y 293 C.P.\u201d<\/span><\/span><\/td>\n<\/tr>\n<\/thead>\n<tbody>\n<tr>\n<td align=\"left\"><span style=\"font-family: Cutive Mono;\"><strong>Nombre de referencia<\/strong><\/span><\/td>\n<td align=\"left\"><span style=\"font-family: Cutive Mono;\"><span style=\"font-weight: 400;\">ALONSO APROPIACI\u00d3N SU\u00c1REZ NELSON <\/span><\/span><\/td>\n<\/tr>\n<tr>\n<td align=\"left\"><span style=\"font-family: Cutive Mono;\"><strong>Jurisdicci\u00f3n y juzgado<\/strong><\/span><\/td>\n<td align=\"left\"><span style=\"font-family: Cutive Mono;\"><span style=\"font-weight: 400;\">Tribunal Oral en lo Criminal Federal N\u00b01 &#8211; La Plata<\/span><\/span><\/td>\n<\/tr>\n<tr>\n<td align=\"left\"><span style=\"font-family: Cutive Mono;\"><strong>Fecha veredicto<\/strong><\/span><\/td>\n<td align=\"left\"><span style=\"font-family: Cutive Mono;\"><span style=\"font-weight: 400;\">14\/12\/2010<\/span><\/span><\/td>\n<\/tr>\n<tr>\n<td align=\"left\"><span style=\"font-family: Cutive Mono;\"><strong>Condenados\/as<\/strong><\/span><\/td>\n<td align=\"left\"><span style=\"font-family: Cutive Mono;\">2<\/span><\/td>\n<\/tr>\n<tr>\n<td align=\"left\"><span style=\"font-family: Cutive Mono;\"><strong>Nombres de los condenados\/as (fuerza represiva)<\/strong><\/span><\/td>\n<td align=\"left\"><span style=\"font-weight: 400;\">Alonso, Omar Alberto (ARMADA). 10 a\u00f1os de prisi\u00f3n &#8211; FALLECIDO<\/span> <span style=\"font-family: Cutive Mono;\"><span style=\"font-family: Cutive Mono;\">\u00a0<\/span><\/span> <span style=\"font-weight: 400;\">Herzberg, Juan Carlos (ARMADA). 10 a\u00f1os de prisi\u00f3n<\/span><\/td>\n<\/tr>\n<tr>\n<td align=\"left\"><span style=\"font-family: Cutive Mono;\"><strong>Absoluciones<\/strong><\/span><\/td>\n<td align=\"left\">0<\/td>\n<\/tr>\n<tr>\n<td align=\"left\"><span style=\"font-family: Cutive Mono;\"><strong>Nombres de los absueltos\/as (fuerza represiva)<\/strong><\/span><\/td>\n<td align=\"left\"><\/td>\n<\/tr>\n<tr>\n<td align=\"left\"><span style=\"font-family: Cutive Mono;\"><strong>Delitos juzgados<\/strong><\/span><\/td>\n<td align=\"left\"><span style=\"font-family: Cutive Mono;\"><span style=\"font-weight: 400;\">Sustracci\u00f3n, retenci\u00f3n y ocultamiento de ni\u00f1os menores de diez a\u00f1os; alteraci\u00f3n del estado civil de una ni\u00f1a menor de diez a\u00f1os; falsedad ideol\u00f3gica de instrumento p\u00fablico.<\/span><\/span><\/td>\n<\/tr>\n<tr>\n<td align=\"left\"><span style=\"font-family: Cutive Mono;\"><strong>V\u00edctimas caso<\/strong><\/span><\/td>\n<td align=\"left\"><span style=\"font-family: Cutive Mono;\">1<\/span><\/td>\n<\/tr>\n<tr>\n<td align=\"left\"><span style=\"font-family: Cutive Mono;\"><strong>V\u00edctimas no caso identificadas<\/strong><\/span><\/td>\n<td align=\"left\"><span style=\"font-family: Cutive Mono;\">7<\/span><\/td>\n<\/tr>\n<tr>\n<td align=\"left\"><span style=\"font-family: Cutive Mono;\"><strong>Testimoniantes<\/strong><\/span><\/td>\n<td align=\"left\"><span style=\"font-family: Cutive Mono;\">9<\/span><\/td>\n<\/tr>\n<tr>\n<td align=\"left\"><span style=\"font-family: Cutive Mono;\"><strong>Violencias registradas<\/strong><\/span><\/td>\n<td align=\"left\"><span style=\"font-family: Cutive Mono;\">27<\/span><\/td>\n<\/tr>\n<tr>\n<td align=\"left\"><span style=\"font-family: Cutive Mono;\"><strong>Violencias juzgadas<\/strong><\/span><\/td>\n<td align=\"left\"><span style=\"font-family: Cutive Mono;\">3<\/span><\/td>\n<\/tr>\n<\/tbody>\n<\/table>\n<\/div>\n<\/div><\/div><div class=\"fusion-layout-column fusion_builder_column fusion-builder-column-3 fusion_builder_column_1_3 1_3 fusion-flex-column\" style=\"--awb-bg-size:cover;--awb-border-color:var(--awb-color4);--awb-border-style:solid;--awb-width-large:33.333333333333%;--awb-margin-top-large:0px;--awb-spacing-right-large:5.76%;--awb-margin-bottom-large:20px;--awb-spacing-left-large:5.76%;--awb-width-medium:100%;--awb-order-medium:0;--awb-spacing-right-medium:1.92%;--awb-spacing-left-medium:1.92%;--awb-width-small:100%;--awb-order-small:0;--awb-spacing-right-small:1.92%;--awb-spacing-left-small:1.92%;\" data-scroll-devices=\"small-visibility,medium-visibility,large-visibility\"><div class=\"fusion-column-wrapper fusion-column-has-shadow fusion-flex-justify-content-flex-start fusion-content-layout-column\"><div class=\"fusion-text fusion-text-1 fusion-text-no-margin\" style=\"--awb-content-alignment:justify;--awb-margin-bottom:5%;\"><p><span style=\"font-weight: 400;\">La causa termin\u00f3 con una condena inicial de 10 a\u00f1os para un civil y para un integrante de la Armada argentina por la apropiaci\u00f3n y posterior ocultamiento de la identidad de una ni\u00f1a nacida en cautiverio: Mar\u00eda Natalia Su\u00e1rez Nelson.\u00a0 En el debate oral qued\u00f3 acreditado que Mar\u00eda Natalia naci\u00f3 el 7 de agosto de 1977 y que a esa fecha Mar\u00eda Elena Corval\u00e1n, su madre, estaba secuestrada en el centro clandestino de detenci\u00f3n \u00abLa Cacha\u00bb, ubicado en una zona suburbana de La Plata, en la localidad de Lisandro Olmos.\u00a0 El entonces jefe de la Fuerza de Tareas N\u00ba5 de la Armada, Juan Carlos Herzberg, entreg\u00f3 a la ni\u00f1a al d\u00eda siguiente del nacimiento al matrimonio compuesto por el empresario art\u00edstico Omar Alonso y Mar\u00eda Luj\u00e1n Di Matt\u00eda, quienes la inscribieron como hija biol\u00f3gica gracias a la falsificaci\u00f3n del acta de nacimiento que prepar\u00f3 el m\u00e9dico Francisco Bossia.<\/span><\/p>\n<\/div><div style=\"text-align:center;\"><a class=\"fusion-button button-flat button-xlarge button-custom fusion-button-default button-1 fusion-button-default-span fusion-button-default-type\" style=\"--awb-margin-top:5%;--button_accent_color:var(--awb-color1);--button_accent_hover_color:var(--awb-color1);--button_border_hover_color:var(--awb-color1);--button_gradient_top_color:#8f1622;--button_gradient_bottom_color:#8f1622;--button_gradient_top_color_hover:var(--awb-color5);--button_gradient_bottom_color_hover:var(--awb-color5);\" target=\"_self\" href=\"https:\/\/www.comisionporlamemoria.org\/archivos\/sitiosdememoria\/revige\/la-plata\/Alonso_Apropiacion.pdf\"><span class=\"fusion-button-text awb-button__text awb-button__text--default\">SENTENCIA<\/span><i class=\"fa-angle-double-down fas awb-button__icon awb-button__icon--default button-icon-right\" aria-hidden=\"true\"><\/i><\/a><\/div><\/div><\/div><\/div><\/div><\/p>\n","protected":false},"excerpt":{"rendered":"","protected":false},"author":40,"featured_media":6164,"menu_order":0,"comment_status":"open","ping_status":"closed","template":"","format":"standard","meta":{"_acf_changed":false,"footnotes":""},"portfolio_category":[45],"portfolio_skills":[],"portfolio_tags":[],"class_list":["post-5459","avada_portfolio","type-avada_portfolio","status-publish","format-standard","has-post-thumbnail","hentry","portfolio_category-la-plata"],"acf":[],"_links":{"self":[{"href":"https:\/\/www.comisionporlamemoria.org\/revige\/wp-json\/wp\/v2\/avada_portfolio\/5459","targetHints":{"allow":["GET"]}}],"collection":[{"href":"https:\/\/www.comisionporlamemoria.org\/revige\/wp-json\/wp\/v2\/avada_portfolio"}],"about":[{"href":"https:\/\/www.comisionporlamemoria.org\/revige\/wp-json\/wp\/v2\/types\/avada_portfolio"}],"author":[{"embeddable":true,"href":"https:\/\/www.comisionporlamemoria.org\/revige\/wp-json\/wp\/v2\/users\/40"}],"replies":[{"embeddable":true,"href":"https:\/\/www.comisionporlamemoria.org\/revige\/wp-json\/wp\/v2\/comments?post=5459"}],"version-history":[{"count":0,"href":"https:\/\/www.comisionporlamemoria.org\/revige\/wp-json\/wp\/v2\/avada_portfolio\/5459\/revisions"}],"wp:featuredmedia":[{"embeddable":true,"href":"https:\/\/www.comisionporlamemoria.org\/revige\/wp-json\/wp\/v2\/media\/6164"}],"wp:attachment":[{"href":"https:\/\/www.comisionporlamemoria.org\/revige\/wp-json\/wp\/v2\/media?parent=5459"}],"wp:term":[{"taxonomy":"portfolio_category","embeddable":true,"href":"https:\/\/www.comisionporlamemoria.org\/revige\/wp-json\/wp\/v2\/portfolio_category?post=5459"},{"taxonomy":"portfolio_skills","embeddable":true,"href":"https:\/\/www.comisionporlamemoria.org\/revige\/wp-json\/wp\/v2\/portfolio_skills?post=5459"},{"taxonomy":"portfolio_tags","embeddable":true,"href":"https:\/\/www.comisionporlamemoria.org\/revige\/wp-json\/wp\/v2\/portfolio_tags?post=5459"}],"curies":[{"name":"wp","href":"https:\/\/api.w.org\/{rel}","templated":true}]}}