{"id":5511,"date":"2025-12-19T17:40:14","date_gmt":"2025-12-19T16:40:14","guid":{"rendered":"https:\/\/www.comisionporlamemoria.org\/revige\/?post_type=avada_portfolio&#038;p=5511"},"modified":"2026-04-15T18:25:27","modified_gmt":"2026-04-15T16:25:27","slug":"magliaro-residual","status":"publish","type":"avada_portfolio","link":"https:\/\/www.comisionporlamemoria.org\/revige\/portfolio-items\/magliaro-residual\/","title":{"rendered":"Magliaro Residual"},"content":{"rendered":"<p><div class=\"fusion-fullwidth fullwidth-box fusion-builder-row-1 fusion-flex-container has-pattern-background has-mask-background fusion-parallax-none hundred-percent-fullwidth non-hundred-percent-height-scrolling lazyload\" style=\"--link_hover_color: #9da6dd;--link_color: #10b29c;--awb-border-sizes-top:0px;--awb-border-sizes-bottom:0px;--awb-border-sizes-left:0px;--awb-border-sizes-right:0px;--awb-border-color:#d1d1d1;--awb-border-radius-top-left:0px;--awb-border-radius-top-right:0px;--awb-border-radius-bottom-right:0px;--awb-border-radius-bottom-left:0px;--awb-padding-top:0px;--awb-padding-right:0px;--awb-padding-bottom:0px;--awb-padding-left:0px;--awb-padding-top-medium:4vw;--awb-padding-right-medium:4vw;--awb-padding-bottom-medium:4vw;--awb-padding-left-medium:4vw;--awb-padding-top-small:30px;--awb-padding-right-small:30px;--awb-padding-bottom-small:30px;--awb-padding-left-small:30px;--awb-margin-top:0px;--awb-margin-bottom:0px;--awb-background-color:#a7c4f2;--awb-background-size:cover;--awb-flex-wrap:wrap;\" data-bg=\"https:\/\/www.comisionporlamemoria.org\/revige\/wp-content\/uploads\/sites\/16\/sites\/44\/2025\/12\/opcion2_franja_textura-300x42.jpg\" ><div class=\"fusion-builder-row fusion-row fusion-flex-align-items-stretch fusion-flex-content-wrap\" style=\"width:104% !important;max-width:104% !important;margin-left: calc(-4% \/ 2 );margin-right: calc(-4% \/ 2 );\"><div class=\"fusion-layout-column fusion_builder_column fusion-builder-column-0 fusion_builder_column_1_1 1_1 fusion-flex-column\" style=\"--awb-padding-top:2%;--awb-padding-bottom:1%;--awb-bg-size:cover;--awb-width-large:100%;--awb-margin-top-large:0px;--awb-spacing-right-large:1.92%;--awb-margin-bottom-large:0px;--awb-spacing-left-large:1.92%;--awb-width-medium:100%;--awb-order-medium:0;--awb-spacing-right-medium:1.92%;--awb-spacing-left-medium:1.92%;--awb-width-small:100%;--awb-order-small:0;--awb-spacing-right-small:1.92%;--awb-spacing-left-small:1.92%;\" data-scroll-devices=\"small-visibility,medium-visibility,large-visibility\"><div class=\"fusion-column-wrapper fusion-column-has-shadow fusion-flex-justify-content-flex-start fusion-content-layout-column\"><div class=\"fusion-title title fusion-title-1 fusion-title-center fusion-title-text fusion-title-size-two\" style=\"--awb-text-color:var(--awb-color1);--awb-margin-right:0px;--awb-margin-bottom:0px;--awb-margin-left:0px;--awb-margin-top-small:0px;--awb-margin-bottom-small:20px;\"><div class=\"title-sep-container title-sep-container-left\"><div class=\"title-sep sep- sep-solid\" style=\"border-color:var(--awb-color3);\"><\/div><\/div><span class=\"awb-title-spacer\"><\/span><h2 class=\"fusion-title-heading title-heading-center fusion-responsive-typography-calculated\" style=\"margin:0;text-transform:capitalize;--fontSize:42;line-height:var(--awb-typography1-line-height);\"><h3>Magliaro residual<\/h3><\/h2><span class=\"awb-title-spacer\"><\/span><div class=\"title-sep-container title-sep-container-right\"><div class=\"title-sep sep- sep-solid\" style=\"border-color:var(--awb-color3);\"><\/div><\/div><\/div><\/div><\/div><\/div><\/div><div class=\"fusion-fullwidth fullwidth-box fusion-builder-row-2 fusion-flex-container has-pattern-background has-mask-background nonhundred-percent-fullwidth non-hundred-percent-height-scrolling\" style=\"--awb-border-radius-top-left:0px;--awb-border-radius-top-right:0px;--awb-border-radius-bottom-right:0px;--awb-border-radius-bottom-left:0px;--awb-margin-top:2%;--awb-flex-wrap:wrap;\" ><div class=\"fusion-builder-row fusion-row fusion-flex-align-items-flex-start fusion-flex-content-wrap\" style=\"max-width:1216.8px;margin-left: calc(-4% \/ 2 );margin-right: calc(-4% \/ 2 );\"><div class=\"fusion-layout-column fusion_builder_column fusion-builder-column-1 fusion_builder_column_1_1 1_1 fusion-flex-column\" style=\"--awb-bg-size:cover;--awb-width-large:100%;--awb-margin-top-large:0px;--awb-spacing-right-large:1.92%;--awb-margin-bottom-large:20px;--awb-spacing-left-large:1.92%;--awb-width-medium:100%;--awb-order-medium:0;--awb-spacing-right-medium:1.92%;--awb-spacing-left-medium:1.92%;--awb-width-small:100%;--awb-order-small:0;--awb-spacing-right-small:1.92%;--awb-spacing-left-small:1.92%;\"><div class=\"fusion-column-wrapper fusion-column-has-shadow fusion-flex-justify-content-flex-start fusion-content-layout-column\"><div class=\"fusion-counters-box counters-box row fusion-clearfix fusion-columns-3\" style=\"--awb-border-color:#8f1622;--awb-color:#8f1622;--awb-border-color:#8f1622;\"><div class=\"fusion-counter-box fusion-column col-counter-box counter-box-wrapper col-lg-4 col-md-4 col-sm-4\" data-animationOffset=\"top-into-view\"><div class=\"counter-box-container\"><div class=\"content-box-percentage content-box-counter\"><span class=\"display-counter\" data-value=\"2\" data-direction=\"up\" data-decimals=\"0\">0<\/span><\/div><div class=\"counter-box-content\">Condenados<\/div><\/div><\/div><div class=\"fusion-counter-box fusion-column col-counter-box counter-box-wrapper col-lg-4 col-md-4 col-sm-4\" data-animationOffset=\"top-into-view\"><div class=\"counter-box-container\"><div class=\"content-box-percentage content-box-counter\"><span class=\"display-counter\" data-value=\"19\" data-direction=\"up\" data-decimals=\"0\">0<\/span><\/div><div class=\"counter-box-content\">Violencias<\/div><\/div><\/div><div class=\"fusion-counter-box fusion-column col-counter-box counter-box-wrapper col-lg-4 col-md-4 col-sm-4\" data-animationOffset=\"top-into-view\"><div class=\"counter-box-container\"><div class=\"content-box-percentage content-box-counter\"><span class=\"display-counter\" data-value=\"1\" data-direction=\"up\" data-decimals=\"0\">0<\/span><\/div><div class=\"counter-box-content\">Violencias juzgadas<\/div><\/div><\/div><\/div><\/div><\/div><\/div><\/div><div class=\"fusion-fullwidth fullwidth-box fusion-builder-row-3 fusion-flex-container has-pattern-background has-mask-background nonhundred-percent-fullwidth non-hundred-percent-height-scrolling\" style=\"--awb-border-radius-top-left:0px;--awb-border-radius-top-right:0px;--awb-border-radius-bottom-right:0px;--awb-border-radius-bottom-left:0px;--awb-flex-wrap:wrap;\" ><div class=\"fusion-builder-row fusion-row fusion-flex-align-items-flex-start fusion-flex-content-wrap\" style=\"max-width:1216.8px;margin-left: calc(-4% \/ 2 );margin-right: calc(-4% \/ 2 );\"><div class=\"fusion-layout-column fusion_builder_column fusion-builder-column-2 fusion_builder_column_2_3 2_3 fusion-flex-column\" style=\"--awb-padding-right:2%;--awb-bg-size:cover;--awb-border-color:var(--awb-color4);--awb-border-right:3px;--awb-border-style:solid;--awb-width-large:66.666666666667%;--awb-margin-top-large:0px;--awb-spacing-right-large:2.88%;--awb-margin-bottom-large:20px;--awb-spacing-left-large:2.88%;--awb-width-medium:100%;--awb-order-medium:0;--awb-spacing-right-medium:1.92%;--awb-spacing-left-medium:1.92%;--awb-width-small:100%;--awb-order-small:0;--awb-spacing-right-small:1.92%;--awb-spacing-left-small:1.92%;\" data-scroll-devices=\"small-visibility,medium-visibility,large-visibility\"><div class=\"fusion-column-wrapper fusion-column-has-shadow fusion-flex-justify-content-flex-start fusion-content-layout-column\">\n<div class=\"table-2\">\n<table width=\"100%\">\n<thead style=\"background-color: #fff; border-color: #fff;\">\n<tr>\n<td align=\"left\"><span style=\"font-family: Cutive Mono;\"><strong>Car\u00e1tula de causa<\/strong><\/span><\/td>\n<td align=\"left\"><span style=\"font-family: Cutive Mono;\"><span style=\"font-weight: 400;\">CAUSA N\u00b0 133000479\/2013\/TO2 \u201cARRILLAGA, ALFREDO MANUEL \u2013 MARQUIEGUI, LEANDRO EDGARD S\/HOMICIDIO CALIFICADO\u201d<\/span><\/span><\/td>\n<\/tr>\n<\/thead>\n<tbody>\n<tr>\n<td align=\"left\"><span style=\"font-family: Cutive Mono;\"><strong>Nombre de referencia<\/strong><\/span><\/td>\n<td align=\"left\"><span style=\"font-family: Cutive Mono;\"><span style=\"font-weight: 400;\">MAGLIARO RESIDUAL <\/span><\/span><\/td>\n<\/tr>\n<tr>\n<td align=\"left\"><span style=\"font-family: Cutive Mono;\"><strong>Jurisdicci\u00f3n y juzgado<\/strong><\/span><\/td>\n<td align=\"left\"><span style=\"font-weight: 400;\">Tribunal\u00a0 Oral en lo Criminal Federal- Mar del Plata<\/span><\/td>\n<\/tr>\n<tr>\n<td align=\"left\"><span style=\"font-family: Cutive Mono;\"><strong>Fecha veredicto<\/strong><\/span><\/td>\n<td align=\"left\"><span style=\"font-family: Cutive Mono;\"><span style=\"font-weight: 400;\">19\/04\/2017<\/span><\/span><\/td>\n<\/tr>\n<tr>\n<td align=\"left\"><span style=\"font-family: Cutive Mono;\"><strong>Condenados\/as<\/strong><\/span><\/td>\n<td align=\"left\"><span style=\"font-family: Cutive Mono;\">2<\/span><\/td>\n<\/tr>\n<tr>\n<td align=\"left\"><span style=\"font-family: Cutive Mono;\"><strong>Nombres de los condenados\/as (fuerza represiva)<\/strong><\/span><\/td>\n<td align=\"left\"><span style=\"font-weight: 400;\">Arrillaga, Alfredo Manuel (ARMADA). Perpetua<\/span> <span style=\"font-weight: 400;\">Marquieri, Leandro Edgardo (EJ\u00c9RCITO). Perpetua<\/span><\/td>\n<\/tr>\n<tr>\n<td align=\"left\"><span style=\"font-family: Cutive Mono;\"><strong>Absoluciones<\/strong><\/span><\/td>\n<td align=\"left\">0<\/td>\n<\/tr>\n<tr>\n<td align=\"left\"><span style=\"font-family: Cutive Mono;\"><strong>Nombres de los absueltos\/as (fuerza represiva)<\/strong><\/span><\/td>\n<td align=\"left\"><\/td>\n<\/tr>\n<tr>\n<td align=\"left\"><span style=\"font-family: Cutive Mono;\"><strong>Delitos juzgados<\/strong><\/span><\/td>\n<td align=\"left\"><span style=\"font-family: Cutive Mono;\"><span style=\"font-weight: 400;\">Homicidio con alevos\u00eda <\/span><\/span><\/td>\n<\/tr>\n<tr>\n<td align=\"left\"><span style=\"font-family: Cutive Mono;\"><strong>V\u00edctimas caso<\/strong><\/span><\/td>\n<td align=\"left\"><span style=\"font-family: Cutive Mono;\">1<\/span><\/td>\n<\/tr>\n<tr>\n<td align=\"left\"><span style=\"font-family: Cutive Mono;\"><strong>V\u00edctimas no caso identificadas<\/strong><\/span><\/td>\n<td align=\"left\"><span style=\"font-family: Cutive Mono;\">5<\/span><\/td>\n<\/tr>\n<tr>\n<td align=\"left\"><span style=\"font-family: Cutive Mono;\"><strong>Testimoniantes<\/strong><\/span><\/td>\n<td align=\"left\"><span style=\"font-family: Cutive Mono;\">4<\/span><\/td>\n<\/tr>\n<tr>\n<td align=\"left\"><span style=\"font-family: Cutive Mono;\"><strong>Violencias registradas<\/strong><\/span><\/td>\n<td align=\"left\"><span style=\"font-family: Cutive Mono;\">19<\/span><\/td>\n<\/tr>\n<tr>\n<td align=\"left\"><span style=\"font-family: Cutive Mono;\"><strong>Violencias juzgadas<\/strong><\/span><\/td>\n<td align=\"left\"><span style=\"font-family: Cutive Mono;\">1<\/span><\/td>\n<\/tr>\n<\/tbody>\n<\/table>\n<\/div>\n<\/div><\/div><div class=\"fusion-layout-column fusion_builder_column fusion-builder-column-3 fusion_builder_column_1_3 1_3 fusion-flex-column\" style=\"--awb-bg-size:cover;--awb-border-color:var(--awb-color4);--awb-border-style:solid;--awb-width-large:33.333333333333%;--awb-margin-top-large:0px;--awb-spacing-right-large:5.76%;--awb-margin-bottom-large:20px;--awb-spacing-left-large:5.76%;--awb-width-medium:100%;--awb-order-medium:0;--awb-spacing-right-medium:1.92%;--awb-spacing-left-medium:1.92%;--awb-width-small:100%;--awb-order-small:0;--awb-spacing-right-small:1.92%;--awb-spacing-left-small:1.92%;\" data-scroll-devices=\"small-visibility,medium-visibility,large-visibility\"><div class=\"fusion-column-wrapper fusion-column-has-shadow fusion-flex-justify-content-flex-start fusion-content-layout-column\"><div class=\"fusion-text fusion-text-1 fusion-text-no-margin\" style=\"--awb-content-alignment:justify;--awb-margin-bottom:5%;\"><p><span style=\"font-weight: 400;\">El proceso judicial se basa en causas anteriores y profundiza la investigaci\u00f3n sobre los hechos vinculados al asesinato de Ana L\u00eda Magliaro. En esta oportunidad, se imput\u00f3 al entonces integrante de la plana mayor del Ej\u00e9rcito, Alfredo Manuel Arrillaga, quien se desempe\u00f1aba como responsable de la Subzona de Defensa 15 \u2013 \u00c1rea 15.1 (que comprend\u00eda los partidos bonaerenses de General Pueyrred\u00f3n, General Lavalle, General Madariaga, Mar Chiquita, Balcarce, General Alvarado, Lober\u00eda, Necochea y San Cayetano), y al teniente coronel Leonardo Edgar Marquiegui, jefe de Inteligencia de la Agrupaci\u00f3n de Artiller\u00eda de Defensa A\u00e9rea 601 (AADA 601), con asiento en la ciudad de Mar del Plata.<\/span><\/p>\n<p><span style=\"font-weight: 400;\">Tanto en la presente causa como en su antecedente (\u201cMagliaro\u201d, Causa N.\u00ba 2379), la investigaci\u00f3n judicial logr\u00f3 acreditar el secuestro ilegal de Ana L\u00eda Magliaro en la ciudad de La Plata en 1976, su permanencia en distintos centros clandestinos de detenci\u00f3n de la Ciudad Aut\u00f3noma de Buenos Aires y de la provincia de Buenos Aires, y su posterior traslado a\u00e9reo a la ciudad de Mar del Plata, espec\u00edficamente a la AADA 601.<\/span><\/p>\n<p><span style=\"font-weight: 400;\">A lo largo del proceso tambi\u00e9n se estableci\u00f3 la responsabilidad penal de Alfredo Manuel Arrillaga y Leonardo Edgar Marquiegui, en su car\u00e1cter de funcionarios p\u00fablicos, por el delito de homicidio doblemente calificado por alevos\u00eda y por el concurso premeditado de dos o m\u00e1s personas.<\/span><\/p>\n<\/div><div style=\"text-align:center;\"><a class=\"fusion-button button-flat button-xlarge button-custom fusion-button-default button-1 fusion-button-default-span fusion-button-default-type\" style=\"--awb-margin-top:5%;--button_accent_color:var(--awb-color1);--button_accent_hover_color:var(--awb-color1);--button_border_hover_color:var(--awb-color1);--button_gradient_top_color:#8f1622;--button_gradient_bottom_color:#8f1622;--button_gradient_top_color_hover:var(--awb-color5);--button_gradient_bottom_color_hover:var(--awb-color5);\" target=\"_self\" href=\"https:\/\/www.comisionporlamemoria.org\/archivos\/sitiosdememoria\/revige\/mar-del-plata\/Magliaro_residual.pdf\"><span class=\"fusion-button-text awb-button__text awb-button__text--default\">SENTENCIA<\/span><i class=\"fa-angle-double-down fas awb-button__icon awb-button__icon--default button-icon-right\" aria-hidden=\"true\"><\/i><\/a><\/div><\/div><\/div><\/div><\/div><\/p>\n","protected":false},"excerpt":{"rendered":"","protected":false},"author":40,"featured_media":5838,"menu_order":0,"comment_status":"open","ping_status":"closed","template":"","format":"standard","meta":{"_acf_changed":false,"footnotes":""},"portfolio_category":[46],"portfolio_skills":[],"portfolio_tags":[],"class_list":["post-5511","avada_portfolio","type-avada_portfolio","status-publish","format-standard","has-post-thumbnail","hentry","portfolio_category-mar-del-plata"],"acf":[],"_links":{"self":[{"href":"https:\/\/www.comisionporlamemoria.org\/revige\/wp-json\/wp\/v2\/avada_portfolio\/5511","targetHints":{"allow":["GET"]}}],"collection":[{"href":"https:\/\/www.comisionporlamemoria.org\/revige\/wp-json\/wp\/v2\/avada_portfolio"}],"about":[{"href":"https:\/\/www.comisionporlamemoria.org\/revige\/wp-json\/wp\/v2\/types\/avada_portfolio"}],"author":[{"embeddable":true,"href":"https:\/\/www.comisionporlamemoria.org\/revige\/wp-json\/wp\/v2\/users\/40"}],"replies":[{"embeddable":true,"href":"https:\/\/www.comisionporlamemoria.org\/revige\/wp-json\/wp\/v2\/comments?post=5511"}],"version-history":[{"count":0,"href":"https:\/\/www.comisionporlamemoria.org\/revige\/wp-json\/wp\/v2\/avada_portfolio\/5511\/revisions"}],"wp:featuredmedia":[{"embeddable":true,"href":"https:\/\/www.comisionporlamemoria.org\/revige\/wp-json\/wp\/v2\/media\/5838"}],"wp:attachment":[{"href":"https:\/\/www.comisionporlamemoria.org\/revige\/wp-json\/wp\/v2\/media?parent=5511"}],"wp:term":[{"taxonomy":"portfolio_category","embeddable":true,"href":"https:\/\/www.comisionporlamemoria.org\/revige\/wp-json\/wp\/v2\/portfolio_category?post=5511"},{"taxonomy":"portfolio_skills","embeddable":true,"href":"https:\/\/www.comisionporlamemoria.org\/revige\/wp-json\/wp\/v2\/portfolio_skills?post=5511"},{"taxonomy":"portfolio_tags","embeddable":true,"href":"https:\/\/www.comisionporlamemoria.org\/revige\/wp-json\/wp\/v2\/portfolio_tags?post=5511"}],"curies":[{"name":"wp","href":"https:\/\/api.w.org\/{rel}","templated":true}]}}