{"id":5523,"date":"2025-12-19T17:43:48","date_gmt":"2025-12-19T16:43:48","guid":{"rendered":"https:\/\/www.comisionporlamemoria.org\/revige\/?post_type=avada_portfolio&#038;p=5523"},"modified":"2026-04-15T18:28:25","modified_gmt":"2026-04-15T16:28:25","slug":"subzona-15-acumuladas-mdq-2017","status":"publish","type":"avada_portfolio","link":"https:\/\/www.comisionporlamemoria.org\/revige\/portfolio-items\/subzona-15-acumuladas-mdq-2017\/","title":{"rendered":"MEGACAUSA Subzona 15"},"content":{"rendered":"<p><div class=\"fusion-fullwidth fullwidth-box fusion-builder-row-1 fusion-flex-container has-pattern-background has-mask-background fusion-parallax-none hundred-percent-fullwidth non-hundred-percent-height-scrolling lazyload\" style=\"--link_hover_color: #9da6dd;--link_color: #10b29c;--awb-border-sizes-top:0px;--awb-border-sizes-bottom:0px;--awb-border-sizes-left:0px;--awb-border-sizes-right:0px;--awb-border-color:#d1d1d1;--awb-border-radius-top-left:0px;--awb-border-radius-top-right:0px;--awb-border-radius-bottom-right:0px;--awb-border-radius-bottom-left:0px;--awb-padding-top:0px;--awb-padding-right:0px;--awb-padding-bottom:0px;--awb-padding-left:0px;--awb-padding-top-medium:4vw;--awb-padding-right-medium:4vw;--awb-padding-bottom-medium:4vw;--awb-padding-left-medium:4vw;--awb-padding-top-small:30px;--awb-padding-right-small:30px;--awb-padding-bottom-small:30px;--awb-padding-left-small:30px;--awb-margin-top:0px;--awb-margin-bottom:0px;--awb-background-color:#a7c4f2;--awb-background-size:cover;--awb-flex-wrap:wrap;\" data-bg=\"https:\/\/www.comisionporlamemoria.org\/revige\/wp-content\/uploads\/sites\/16\/sites\/44\/2025\/12\/opcion2_franja_textura-300x42.jpg\" ><div class=\"fusion-builder-row fusion-row fusion-flex-align-items-stretch fusion-flex-content-wrap\" style=\"width:104% !important;max-width:104% !important;margin-left: calc(-4% \/ 2 );margin-right: calc(-4% \/ 2 );\"><div class=\"fusion-layout-column fusion_builder_column fusion-builder-column-0 fusion_builder_column_1_1 1_1 fusion-flex-column\" style=\"--awb-padding-top:2%;--awb-padding-bottom:1%;--awb-bg-size:cover;--awb-width-large:100%;--awb-margin-top-large:0px;--awb-spacing-right-large:1.92%;--awb-margin-bottom-large:0px;--awb-spacing-left-large:1.92%;--awb-width-medium:100%;--awb-order-medium:0;--awb-spacing-right-medium:1.92%;--awb-spacing-left-medium:1.92%;--awb-width-small:100%;--awb-order-small:0;--awb-spacing-right-small:1.92%;--awb-spacing-left-small:1.92%;\" data-scroll-devices=\"small-visibility,medium-visibility,large-visibility\"><div class=\"fusion-column-wrapper fusion-column-has-shadow fusion-flex-justify-content-flex-start fusion-content-layout-column\"><div class=\"fusion-title title fusion-title-1 fusion-title-center fusion-title-text fusion-title-size-two\" style=\"--awb-text-color:var(--awb-color1);--awb-margin-right:0px;--awb-margin-bottom:0px;--awb-margin-left:0px;--awb-margin-top-small:0px;--awb-margin-bottom-small:20px;\"><div class=\"title-sep-container title-sep-container-left\"><div class=\"title-sep sep- sep-solid\" style=\"border-color:var(--awb-color3);\"><\/div><\/div><span class=\"awb-title-spacer\"><\/span><h2 class=\"fusion-title-heading title-heading-center fusion-responsive-typography-calculated\" style=\"margin:0;text-transform:capitalize;--fontSize:42;line-height:var(--awb-typography1-line-height);\"><h3>MEGACAUSA Subzona 15<\/h3><\/h2><span class=\"awb-title-spacer\"><\/span><div class=\"title-sep-container title-sep-container-right\"><div class=\"title-sep sep- sep-solid\" style=\"border-color:var(--awb-color3);\"><\/div><\/div><\/div><\/div><\/div><\/div><\/div><div class=\"fusion-fullwidth fullwidth-box fusion-builder-row-2 fusion-flex-container has-pattern-background has-mask-background nonhundred-percent-fullwidth non-hundred-percent-height-scrolling\" style=\"--awb-border-radius-top-left:0px;--awb-border-radius-top-right:0px;--awb-border-radius-bottom-right:0px;--awb-border-radius-bottom-left:0px;--awb-margin-top:2%;--awb-flex-wrap:wrap;\" ><div class=\"fusion-builder-row fusion-row fusion-flex-align-items-flex-start fusion-flex-content-wrap\" style=\"max-width:1216.8px;margin-left: calc(-4% \/ 2 );margin-right: calc(-4% \/ 2 );\"><div class=\"fusion-layout-column fusion_builder_column fusion-builder-column-1 fusion_builder_column_1_1 1_1 fusion-flex-column\" style=\"--awb-bg-size:cover;--awb-width-large:100%;--awb-margin-top-large:0px;--awb-spacing-right-large:1.92%;--awb-margin-bottom-large:20px;--awb-spacing-left-large:1.92%;--awb-width-medium:100%;--awb-order-medium:0;--awb-spacing-right-medium:1.92%;--awb-spacing-left-medium:1.92%;--awb-width-small:100%;--awb-order-small:0;--awb-spacing-right-small:1.92%;--awb-spacing-left-small:1.92%;\"><div class=\"fusion-column-wrapper fusion-column-has-shadow fusion-flex-justify-content-flex-start fusion-content-layout-column\"><div class=\"fusion-counters-box counters-box row fusion-clearfix fusion-columns-3\" style=\"--awb-border-color:#8f1622;--awb-color:#8f1622;--awb-border-color:#8f1622;\"><div class=\"fusion-counter-box fusion-column col-counter-box counter-box-wrapper col-lg-4 col-md-4 col-sm-4\" data-animationOffset=\"top-into-view\"><div class=\"counter-box-container\"><div class=\"content-box-percentage content-box-counter\"><span class=\"display-counter\" data-value=\"35\" data-direction=\"up\" data-decimals=\"0\">0<\/span><\/div><div class=\"counter-box-content\">Condenados<\/div><\/div><\/div><div class=\"fusion-counter-box fusion-column col-counter-box counter-box-wrapper col-lg-4 col-md-4 col-sm-4\" data-animationOffset=\"top-into-view\"><div class=\"counter-box-container\"><div class=\"content-box-percentage content-box-counter\"><span class=\"display-counter\" data-value=\"3181\" data-direction=\"up\" data-decimals=\"0\">0<\/span><\/div><div class=\"counter-box-content\">Violencias<\/div><\/div><\/div><div class=\"fusion-counter-box fusion-column col-counter-box counter-box-wrapper col-lg-4 col-md-4 col-sm-4\" data-animationOffset=\"top-into-view\"><div class=\"counter-box-container\"><div class=\"content-box-percentage content-box-counter\"><span class=\"display-counter\" data-value=\"920\" data-direction=\"up\" data-decimals=\"0\">0<\/span><\/div><div class=\"counter-box-content\">Violencias juzgadas<\/div><\/div><\/div><\/div><\/div><\/div><\/div><\/div><div class=\"fusion-fullwidth fullwidth-box fusion-builder-row-3 fusion-flex-container has-pattern-background has-mask-background nonhundred-percent-fullwidth non-hundred-percent-height-scrolling\" style=\"--awb-border-radius-top-left:0px;--awb-border-radius-top-right:0px;--awb-border-radius-bottom-right:0px;--awb-border-radius-bottom-left:0px;--awb-flex-wrap:wrap;\" ><div class=\"fusion-builder-row fusion-row fusion-flex-align-items-flex-start fusion-flex-content-wrap\" style=\"max-width:1216.8px;margin-left: calc(-4% \/ 2 );margin-right: calc(-4% \/ 2 );\"><div class=\"fusion-layout-column fusion_builder_column fusion-builder-column-2 fusion_builder_column_2_3 2_3 fusion-flex-column\" style=\"--awb-padding-right:2%;--awb-bg-size:cover;--awb-border-color:var(--awb-color4);--awb-border-right:3px;--awb-border-style:solid;--awb-width-large:66.666666666667%;--awb-margin-top-large:0px;--awb-spacing-right-large:2.88%;--awb-margin-bottom-large:20px;--awb-spacing-left-large:2.88%;--awb-width-medium:100%;--awb-order-medium:0;--awb-spacing-right-medium:1.92%;--awb-spacing-left-medium:1.92%;--awb-width-small:100%;--awb-order-small:0;--awb-spacing-right-small:1.92%;--awb-spacing-left-small:1.92%;\" data-scroll-devices=\"small-visibility,medium-visibility,large-visibility\"><div class=\"fusion-column-wrapper fusion-column-has-shadow fusion-flex-justify-content-flex-start fusion-content-layout-column\">\n<div class=\"table-2\">\n<table width=\"100%\">\n<thead style=\"background-color: #fff; border-color: #fff;\">\n<tr>\n<td align=\"left\"><span style=\"font-family: Cutive Mono;\"><strong>Car\u00e1tula de causa<\/strong><\/span><\/td>\n<td align=\"left\"><span style=\"font-family: Cutive Mono;\"><span style=\"font-weight: 400;\">CAUSA NRO. 13000001\/2007, \u201cISASMENDI SOLA, EDUARDO CARLOS Y OTROS S\/HOMICIDIO AGRAVADO CON ENSA\u00d1AMIENTO &#8211; ALEVOSIA, HOMICIDIO AGRAVADO P\/EL CONC.DE DOS O M\u00c1S PERSONAS Y PRIVACI\u00d3N ILEGAL LIBERTAD AGRAVADA ART 142\u201d Y SUS ACUMULADAS.<\/span><\/span><\/td>\n<\/tr>\n<\/thead>\n<tbody>\n<tr>\n<td align=\"left\"><span style=\"font-family: Cutive Mono;\"><strong>Nombre de referencia<\/strong><\/span><\/td>\n<td align=\"left\"><span style=\"font-family: Cutive Mono;\">MEGACAUSA SUBZONA 15<\/span><\/td>\n<\/tr>\n<tr>\n<td align=\"left\"><span style=\"font-family: Cutive Mono;\"><strong>Jurisdicci\u00f3n y juzgado<\/strong><\/span><\/td>\n<td align=\"left\"><span style=\"font-family: Cutive Mono;\"><span style=\"font-weight: 400;\">Tribunal Oral en lo Criminal Federal-\u00a0 Mar del Plata<\/span><\/span><\/td>\n<\/tr>\n<tr>\n<td align=\"left\"><span style=\"font-family: Cutive Mono;\"><strong>Fecha veredicto<\/strong><\/span><\/td>\n<td align=\"left\"><span style=\"font-family: Cutive Mono;\"><span style=\"font-weight: 400;\">27-04-2020<\/span><\/span><\/td>\n<\/tr>\n<tr>\n<td align=\"left\"><span style=\"font-family: Cutive Mono;\"><strong>Condenados\/as<\/strong><\/span><\/td>\n<td align=\"left\"><span style=\"font-family: Cutive Mono;\">35<\/span><\/td>\n<\/tr>\n<tr>\n<td align=\"left\"><span style=\"font-family: Cutive Mono;\"><strong>Nombres de los condenados\/as (fuerza represiva)<\/strong><\/span><\/td>\n<td align=\"left\"><span style=\"font-weight: 400;\">Aiello, Juan Carlos (EJ\u00c9RCITO ARGENTINO). 7 a\u00f1os.<\/span> <span style=\"font-weight: 400;\">Arrillaga, Alfredo Manuel (EJ\u00c9RCITO ARGENTINO). Perpetua.<\/span> <span style=\"font-weight: 400;\">Ayendez, Oscar (ARMADA ARGENTINA). Perpetua \u2013 FALLECIDO\u00a0<\/span> <span style=\"font-weight: 400;\">Azcurra, H\u00e9ctor Ra\u00fal (EJ\u00c9RCITO ARGENTINO). Perpetua.<\/span> <span style=\"font-weight: 400;\">Blanco Azcarate, Roberto Mario (ARMADA ARGENTINA). Perpetua.<\/span> <span style=\"font-weight: 400;\">Blanco, Eduardo Jorge (ARMADA ARGENTINA). Perpetua.<\/span> <span style=\"font-weight: 400;\">Bonanni, Luis H\u00e9ctor (ARMADA ARGENTINA). Perpetua.\u00a0<\/span> <span style=\"font-weight: 400;\">Cerutti, Alcides Jos\u00e9 (FUERZA A\u00c9REA ARGENTINA). Perpetua.<\/span> <span style=\"font-weight: 400;\">Davis, Ernesto (ARMADA ARGENTINA). Perpetua.<\/span> <span style=\"font-weight: 400;\">Falcke, Julio C\u00e9sar Fulgencio (ARMADA ARGENTINA). Perpetua.<\/span> <span style=\"font-weight: 400;\">Fr\u00edas, Eduardo Carlos (ARMADA ARGENTINA). Perpetua \u2013 FALLECIDO<\/span> <span style=\"font-weight: 400;\">G\u00f3mez Centuri\u00f3n, Gonzalo (FUERZA A\u00c9REA ARGENTINA). 12 a\u00f1os. Gronda, Oscar Ram\u00f3n (ARMADA ARGENTINA). Perpetua \u2013 FALLECIDO<\/span> <span style=\"font-weight: 400;\">Gui\u00f1az\u00fa, Rafael Alberto (ARMADA ARGENTINA). Perpetua.<\/span> <span style=\"font-weight: 400;\">Lodigiani, Jos\u00e9 Omar (ARMADA ARGENTINA). Perpetua \u2013 FALLECIDO<\/span> <span style=\"font-weight: 400;\">Mansilla, Carlos Arturo (ARMADA ARGENTINA). 7 a\u00f1os y 6 meses.\u00a0<\/span> <span style=\"font-weight: 400;\">Marti Garro, C\u00e9sar Enrique (ARMADA ARGENTINA). 10 a\u00f1os.<\/span> <span style=\"font-weight: 400;\">Mosqueda, Juan Eduardo (ARMADA ARGENTINA). 25 a\u00f1os \u2013 FALLECIDO<\/span> <span style=\"font-weight: 400;\">Nicol\u00e1s, Alfredo Eduardo (ARMADA ARGENTINA). Perpetua \u2013 FALLECIDO<\/span> <span style=\"font-weight: 400;\">Ort\u00edz, Justo Alberto (ARMADA ARGENTINA). Perpetua \u2013 FALLECIDO\u00a0<\/span> <span style=\"font-weight: 400;\">Pab\u00f3n, Hugo Ernesto (EJ\u00c9RCITO ARGENTINA). Perpetua.<\/span> <span style=\"font-weight: 400;\">Pagano, Ra\u00fal C\u00e9sar (ARMADA ARGENTINA). Perpetua.\u00a0<\/span> <span style=\"font-weight: 400;\">Parola, Miguel \u00c1ngel Domingo (ARMADA ARGENTINA). 10 a\u00f1os \u2013 FALLECIDO\u00a0<\/span> <span style=\"font-weight: 400;\">Pizarro, Ra\u00fal Enrique (ARMADA ARGENTINA). Perpetua \u2013 FALLECIDO\u00a0<\/span> <span style=\"font-weight: 400;\">Rezett, Fortunato Valent\u00edn (EJ\u00c9RCITO ARGENTINO). Perpetua.<\/span> <span style=\"font-weight: 400;\">Robbio, Carlos Mar\u00eda (ARMADA ARGENTINO). Perpetua.<\/span> <span style=\"font-weight: 400;\">Siepe, Osvaldo Gaspar (PREFECTURA NAVAL ARGENTINA). Perpetua.<\/span> <span style=\"font-weight: 400;\">Silva, Ariel Macedonio (PREFECTURA NAVAL ARGENTINA). 22 a\u00f1os \u2013 FALLECIDO\u00a0<\/span> <span style=\"font-weight: 400;\">Su\u00e1rez, Carlos Alberto (EJ\u00c9RCITO ARGENTINO). Perpetua.<\/span> <span style=\"font-weight: 400;\">Toccalino, Jorge Luis (EJ\u00c9RCITO ARGENTINO). Perpetua<\/span> <span style=\"font-weight: 400;\">V\u00e1zquez, Policarpo Luis (ARMADA ARGENTINA). Perpetua \u2013 FALLECIDO\u00a0<\/span> <span style=\"font-weight: 400;\">Vega, Eduardo H\u00e9ctor (PREFECTURA\u00a0 NAVAL ARGENTINA). Perpetua.<\/span> <span style=\"font-weight: 400;\">Vignolles, N\u00e9stor Ram\u00f3n (PREFECTURA NAVAL ARGENTINA). Perpetua\u00a0<\/span> <span style=\"font-weight: 400;\">Mend\u00edaz, Virtom Modesto (EJ\u00c9RCITO ARGENTINO). Perpetua.<\/span> <span style=\"font-weight: 400;\">Weinstabl, Alfredo Ra\u00fal (ARMADA ARGENTINA). Perpetua.<\/span><\/td>\n<\/tr>\n<tr>\n<td align=\"left\"><span style=\"font-family: Cutive Mono;\"><strong>Absoluciones<\/strong><\/span><\/td>\n<td align=\"left\">5<\/td>\n<\/tr>\n<tr>\n<td align=\"left\"><span style=\"font-family: Cutive Mono;\"><strong>Nombres de los absueltos\/as (fuerza represiva)<\/strong><\/span><\/td>\n<td align=\"left\"><span style=\"font-weight: 400;\">Carrasco, Juan Tom\u00e1s (ARMADA ARGENTINA)<\/span> <span style=\"font-weight: 400;\">Contreras, Juan Roberto (ARMADA ARGENTINA)<\/span> <span style=\"font-weight: 400;\">Cortez, Silverio Abel (ARMADA ARGENTINA)<\/span> <span style=\"font-weight: 400;\">Isasmendi Sol\u00e1, Eduardo Carlos (EJ\u00c9RCITO ARGENTINO)<\/span> <span style=\"font-weight: 400;\">Rinc\u00f3n, Juan Alberto (POLIC\u00cdA DE LA PROVINCIA DE BUENOS AIRES)<\/span><\/td>\n<\/tr>\n<tr>\n<td align=\"left\"><span style=\"font-family: Cutive Mono;\"><strong>Delitos juzgados<\/strong><\/span><\/td>\n<td align=\"left\"><span style=\"font-family: Cutive Mono;\"><span style=\"font-weight: 400;\">Asociaci\u00f3n il\u00edcita; privaci\u00f3n ileg\u00edtima de la libertad en su calidad de funcionario p\u00fablico agravada por mediar violencia y amenazas e imposici\u00f3n de tormentos agravada por haber sido cometida en perjuicio de perseguidos pol\u00edticos; homicidio calificado por el concurso premeditado de dos o m\u00e1s personas.<\/span><\/span><\/td>\n<\/tr>\n<tr>\n<td align=\"left\"><span style=\"font-family: Cutive Mono;\"><strong>V\u00edctimas caso<\/strong><\/span><\/td>\n<td align=\"left\"><span style=\"font-family: Cutive Mono;\">271<\/span><\/td>\n<\/tr>\n<tr>\n<td align=\"left\"><span style=\"font-family: Cutive Mono;\"><strong>V\u00edctimas no caso identificadas<\/strong><\/span><\/td>\n<td align=\"left\"><span style=\"font-family: Cutive Mono;\">610<\/span><\/td>\n<\/tr>\n<tr>\n<td align=\"left\"><span style=\"font-family: Cutive Mono;\"><strong>Testimoniantes<\/strong><\/span><\/td>\n<td align=\"left\"><span style=\"font-family: Cutive Mono;\">423<\/span><\/td>\n<\/tr>\n<tr>\n<td align=\"left\"><span style=\"font-family: Cutive Mono;\"><strong>Violencias registradas<\/strong><\/span><\/td>\n<td align=\"left\"><span style=\"font-family: Cutive Mono;\">3181<\/span><\/td>\n<\/tr>\n<tr>\n<td align=\"left\"><span style=\"font-family: Cutive Mono;\"><strong>Violencias juzgadas<\/strong><\/span><\/td>\n<td align=\"left\"><span style=\"font-family: Cutive Mono;\">920<\/span><\/td>\n<\/tr>\n<\/tbody>\n<\/table>\n<\/div>\n<\/div><\/div><div class=\"fusion-layout-column fusion_builder_column fusion-builder-column-3 fusion_builder_column_1_3 1_3 fusion-flex-column\" style=\"--awb-bg-size:cover;--awb-border-color:var(--awb-color4);--awb-border-style:solid;--awb-width-large:33.333333333333%;--awb-margin-top-large:0px;--awb-spacing-right-large:5.76%;--awb-margin-bottom-large:20px;--awb-spacing-left-large:5.76%;--awb-width-medium:100%;--awb-order-medium:0;--awb-spacing-right-medium:1.92%;--awb-spacing-left-medium:1.92%;--awb-width-small:100%;--awb-order-small:0;--awb-spacing-right-small:1.92%;--awb-spacing-left-small:1.92%;\" data-scroll-devices=\"small-visibility,medium-visibility,large-visibility\"><div class=\"fusion-column-wrapper fusion-column-has-shadow fusion-flex-justify-content-flex-start fusion-content-layout-column\"><div class=\"fusion-text fusion-text-1 fusion-text-no-margin\" style=\"--awb-content-alignment:justify;--awb-margin-bottom:5%;\"><p><span style=\"font-weight: 400;\">La megacausa conocida como Subzona 15 (nombre que responde a un organigrama de jurisdicciones en las que la \u00faltima dictadura dividi\u00f3 el pa\u00eds) contempl\u00f3 delitos cometidos en una amplia red de centros clandestinos con instalaciones en los partidos bonaerenses de General Lavalle, General Juan Madariaga, Mar Chiquita, Balcarce, General Alvarado, General Pueyrred\u00f3n, Lober\u00eda, Necochea y San Cayetano. De los 41 imputados que tuvo inicialmente la causa, hubo integrantes de las tres fuerzas armadas y de varias agencias de seguridad como la Polic\u00eda Bonaerense y la Prefectura Naval Argentina. Por la magnitud de casos ventilados -272 v\u00edctimas-, el juicio dur\u00f3 m\u00e1s de dos a\u00f1os y cont\u00f3 con 250 testigos presenciales y 430 proyectados por video y correspondientes a juicios por cr\u00edmenes de lesa humanidad realizados con anterioridad. Una de las particularidades de este juicio fue que m\u00e1s de 30 de los imputados fueron parte de las segundas y terceras l\u00edneas en las cadenas de mando a las que pertenec\u00edan, responsabilidades funcionales que en general quedan fuera de las causas penales o no llegan a juicio. <\/span><\/p>\n<\/div><div style=\"text-align:center;\"><a class=\"fusion-button button-flat button-xlarge button-custom fusion-button-default button-1 fusion-button-default-span fusion-button-default-type\" style=\"--awb-margin-top:5%;--button_accent_color:var(--awb-color1);--button_accent_hover_color:var(--awb-color1);--button_border_hover_color:var(--awb-color1);--button_gradient_top_color:#8f1622;--button_gradient_bottom_color:#8f1622;--button_gradient_top_color_hover:var(--awb-color5);--button_gradient_bottom_color_hover:var(--awb-color5);\" target=\"_self\" href=\"https:\/\/www.comisionporlamemoria.org\/archivos\/sitiosdememoria\/revige\/mar-del-plata\/Mega_causa_subzona_15.pdf\"><span class=\"fusion-button-text awb-button__text awb-button__text--default\">SENTENCIA<\/span><i class=\"fa-angle-double-down fas awb-button__icon awb-button__icon--default button-icon-right\" aria-hidden=\"true\"><\/i><\/a><\/div><\/div><\/div><\/div><\/div><\/p>\n","protected":false},"excerpt":{"rendered":"","protected":false},"author":40,"featured_media":5829,"menu_order":0,"comment_status":"open","ping_status":"closed","template":"","format":"standard","meta":{"_acf_changed":false,"footnotes":""},"portfolio_category":[46],"portfolio_skills":[],"portfolio_tags":[],"class_list":["post-5523","avada_portfolio","type-avada_portfolio","status-publish","format-standard","has-post-thumbnail","hentry","portfolio_category-mar-del-plata"],"acf":[],"_links":{"self":[{"href":"https:\/\/www.comisionporlamemoria.org\/revige\/wp-json\/wp\/v2\/avada_portfolio\/5523","targetHints":{"allow":["GET"]}}],"collection":[{"href":"https:\/\/www.comisionporlamemoria.org\/revige\/wp-json\/wp\/v2\/avada_portfolio"}],"about":[{"href":"https:\/\/www.comisionporlamemoria.org\/revige\/wp-json\/wp\/v2\/types\/avada_portfolio"}],"author":[{"embeddable":true,"href":"https:\/\/www.comisionporlamemoria.org\/revige\/wp-json\/wp\/v2\/users\/40"}],"replies":[{"embeddable":true,"href":"https:\/\/www.comisionporlamemoria.org\/revige\/wp-json\/wp\/v2\/comments?post=5523"}],"version-history":[{"count":0,"href":"https:\/\/www.comisionporlamemoria.org\/revige\/wp-json\/wp\/v2\/avada_portfolio\/5523\/revisions"}],"wp:featuredmedia":[{"embeddable":true,"href":"https:\/\/www.comisionporlamemoria.org\/revige\/wp-json\/wp\/v2\/media\/5829"}],"wp:attachment":[{"href":"https:\/\/www.comisionporlamemoria.org\/revige\/wp-json\/wp\/v2\/media?parent=5523"}],"wp:term":[{"taxonomy":"portfolio_category","embeddable":true,"href":"https:\/\/www.comisionporlamemoria.org\/revige\/wp-json\/wp\/v2\/portfolio_category?post=5523"},{"taxonomy":"portfolio_skills","embeddable":true,"href":"https:\/\/www.comisionporlamemoria.org\/revige\/wp-json\/wp\/v2\/portfolio_skills?post=5523"},{"taxonomy":"portfolio_tags","embeddable":true,"href":"https:\/\/www.comisionporlamemoria.org\/revige\/wp-json\/wp\/v2\/portfolio_tags?post=5523"}],"curies":[{"name":"wp","href":"https:\/\/api.w.org\/{rel}","templated":true}]}}