{"id":5581,"date":"2025-12-19T18:43:51","date_gmt":"2025-12-19T17:43:51","guid":{"rendered":"https:\/\/www.comisionporlamemoria.org\/revige\/?post_type=avada_portfolio&#038;p=5581"},"modified":"2026-04-15T15:13:43","modified_gmt":"2026-04-15T13:13:43","slug":"campo-de-mayo-lopez-fader-y-alfonso","status":"publish","type":"avada_portfolio","link":"https:\/\/www.comisionporlamemoria.org\/revige\/portfolio-items\/campo-de-mayo-lopez-fader-y-alfonso\/","title":{"rendered":"Campo de Mayo &#8211; Lopez Fader y Alfonso"},"content":{"rendered":"<p><div class=\"fusion-fullwidth fullwidth-box fusion-builder-row-1 fusion-flex-container has-pattern-background has-mask-background fusion-parallax-none hundred-percent-fullwidth non-hundred-percent-height-scrolling lazyload\" style=\"--link_hover_color: #9da6dd;--link_color: #10b29c;--awb-border-sizes-top:0px;--awb-border-sizes-bottom:0px;--awb-border-sizes-left:0px;--awb-border-sizes-right:0px;--awb-border-color:#d1d1d1;--awb-border-radius-top-left:0px;--awb-border-radius-top-right:0px;--awb-border-radius-bottom-right:0px;--awb-border-radius-bottom-left:0px;--awb-padding-top:0px;--awb-padding-right:0px;--awb-padding-bottom:0px;--awb-padding-left:0px;--awb-padding-top-medium:4vw;--awb-padding-right-medium:4vw;--awb-padding-bottom-medium:4vw;--awb-padding-left-medium:4vw;--awb-padding-top-small:30px;--awb-padding-right-small:30px;--awb-padding-bottom-small:30px;--awb-padding-left-small:30px;--awb-margin-top:0px;--awb-margin-bottom:0px;--awb-background-color:#a7c4f2;--awb-background-size:cover;--awb-flex-wrap:wrap;\" data-bg=\"https:\/\/www.comisionporlamemoria.org\/revige\/wp-content\/uploads\/sites\/16\/sites\/44\/2025\/12\/opcion2_franja_textura-300x42.jpg\" ><div class=\"fusion-builder-row fusion-row fusion-flex-align-items-stretch fusion-flex-content-wrap\" style=\"width:104% !important;max-width:104% !important;margin-left: calc(-4% \/ 2 );margin-right: calc(-4% \/ 2 );\"><div class=\"fusion-layout-column fusion_builder_column fusion-builder-column-0 fusion_builder_column_1_1 1_1 fusion-flex-column\" style=\"--awb-padding-top:2%;--awb-padding-bottom:1%;--awb-bg-size:cover;--awb-width-large:100%;--awb-margin-top-large:0px;--awb-spacing-right-large:1.92%;--awb-margin-bottom-large:0px;--awb-spacing-left-large:1.92%;--awb-width-medium:100%;--awb-order-medium:0;--awb-spacing-right-medium:1.92%;--awb-spacing-left-medium:1.92%;--awb-width-small:100%;--awb-order-small:0;--awb-spacing-right-small:1.92%;--awb-spacing-left-small:1.92%;\" data-scroll-devices=\"small-visibility,medium-visibility,large-visibility\"><div class=\"fusion-column-wrapper fusion-column-has-shadow fusion-flex-justify-content-flex-start fusion-content-layout-column\"><div class=\"fusion-title title fusion-title-1 fusion-title-center fusion-title-text fusion-title-size-two\" style=\"--awb-text-color:var(--awb-color1);--awb-margin-right:0px;--awb-margin-bottom:0px;--awb-margin-left:0px;--awb-margin-top-small:0px;--awb-margin-bottom-small:20px;\"><div class=\"title-sep-container title-sep-container-left\"><div class=\"title-sep sep- sep-solid\" style=\"border-color:var(--awb-color3);\"><\/div><\/div><span class=\"awb-title-spacer\"><\/span><h2 class=\"fusion-title-heading title-heading-center fusion-responsive-typography-calculated\" style=\"margin:0;text-transform:capitalize;--fontSize:42;line-height:var(--awb-typography1-line-height);\"><h3><span style=\"font-weight: 400;\">CAMPO DE MAYO XIII- L\u00d3PEZ FADER<\/span><\/h3><\/h2><span class=\"awb-title-spacer\"><\/span><div class=\"title-sep-container title-sep-container-right\"><div class=\"title-sep sep- sep-solid\" style=\"border-color:var(--awb-color3);\"><\/div><\/div><\/div><\/div><\/div><\/div><\/div><div class=\"fusion-fullwidth fullwidth-box fusion-builder-row-2 fusion-flex-container has-pattern-background has-mask-background nonhundred-percent-fullwidth non-hundred-percent-height-scrolling\" style=\"--awb-border-radius-top-left:0px;--awb-border-radius-top-right:0px;--awb-border-radius-bottom-right:0px;--awb-border-radius-bottom-left:0px;--awb-margin-top:2%;--awb-flex-wrap:wrap;\" ><div class=\"fusion-builder-row fusion-row fusion-flex-align-items-flex-start fusion-flex-content-wrap\" style=\"max-width:1216.8px;margin-left: calc(-4% \/ 2 );margin-right: calc(-4% \/ 2 );\"><div class=\"fusion-layout-column fusion_builder_column fusion-builder-column-1 fusion_builder_column_1_1 1_1 fusion-flex-column\" style=\"--awb-bg-size:cover;--awb-width-large:100%;--awb-margin-top-large:0px;--awb-spacing-right-large:1.92%;--awb-margin-bottom-large:20px;--awb-spacing-left-large:1.92%;--awb-width-medium:100%;--awb-order-medium:0;--awb-spacing-right-medium:1.92%;--awb-spacing-left-medium:1.92%;--awb-width-small:100%;--awb-order-small:0;--awb-spacing-right-small:1.92%;--awb-spacing-left-small:1.92%;\"><div class=\"fusion-column-wrapper fusion-column-has-shadow fusion-flex-justify-content-flex-start fusion-content-layout-column\"><div class=\"fusion-counters-box counters-box row fusion-clearfix fusion-columns-3\" style=\"--awb-border-color:#8f1622;--awb-color:#8f1622;--awb-border-color:#8f1622;\"><div class=\"fusion-counter-box fusion-column col-counter-box counter-box-wrapper col-lg-4 col-md-4 col-sm-4\" data-animationOffset=\"top-into-view\"><div class=\"counter-box-container\"><div class=\"content-box-percentage content-box-counter\"><span class=\"display-counter\" data-value=\"1\" data-direction=\"up\" data-decimals=\"0\">0<\/span><\/div><div class=\"counter-box-content\">Condenados<\/div><\/div><\/div><div class=\"fusion-counter-box fusion-column col-counter-box counter-box-wrapper col-lg-4 col-md-4 col-sm-4\" data-animationOffset=\"top-into-view\"><div class=\"counter-box-container\"><div class=\"content-box-percentage content-box-counter\"><span class=\"display-counter\" data-value=\"25\" data-direction=\"up\" data-decimals=\"0\">0<\/span><\/div><div class=\"counter-box-content\">Violencias<\/div><\/div><\/div><div class=\"fusion-counter-box fusion-column col-counter-box counter-box-wrapper col-lg-4 col-md-4 col-sm-4\" data-animationOffset=\"top-into-view\"><div class=\"counter-box-container\"><div class=\"content-box-percentage content-box-counter\"><span class=\"display-counter\" data-value=\"9\" data-direction=\"up\" data-decimals=\"0\">0<\/span><\/div><div class=\"counter-box-content\">Violencias juzgadas<\/div><\/div><\/div><\/div><\/div><\/div><\/div><\/div><div class=\"fusion-fullwidth fullwidth-box fusion-builder-row-3 fusion-flex-container has-pattern-background has-mask-background nonhundred-percent-fullwidth non-hundred-percent-height-scrolling\" style=\"--awb-border-radius-top-left:0px;--awb-border-radius-top-right:0px;--awb-border-radius-bottom-right:0px;--awb-border-radius-bottom-left:0px;--awb-flex-wrap:wrap;\" ><div class=\"fusion-builder-row fusion-row fusion-flex-align-items-flex-start fusion-flex-content-wrap\" style=\"max-width:1216.8px;margin-left: calc(-4% \/ 2 );margin-right: calc(-4% \/ 2 );\"><div class=\"fusion-layout-column fusion_builder_column fusion-builder-column-2 fusion_builder_column_2_3 2_3 fusion-flex-column\" style=\"--awb-padding-right:2%;--awb-bg-size:cover;--awb-border-color:var(--awb-color4);--awb-border-right:3px;--awb-border-style:solid;--awb-width-large:66.666666666667%;--awb-margin-top-large:0px;--awb-spacing-right-large:2.88%;--awb-margin-bottom-large:20px;--awb-spacing-left-large:2.88%;--awb-width-medium:100%;--awb-order-medium:0;--awb-spacing-right-medium:1.92%;--awb-spacing-left-medium:1.92%;--awb-width-small:100%;--awb-order-small:0;--awb-spacing-right-small:1.92%;--awb-spacing-left-small:1.92%;\" data-scroll-devices=\"small-visibility,medium-visibility,large-visibility\"><div class=\"fusion-column-wrapper fusion-column-has-shadow fusion-flex-justify-content-flex-start fusion-content-layout-column\">\n<div class=\"table-2\">\n<table width=\"100%\">\n<thead style=\"background-color: #fff; border-color: #fff;\">\n<tr>\n<td align=\"left\"><span style=\"font-family: Cutive Mono;\"><strong>Car\u00e1tula de causa<\/strong><\/span><\/td>\n<td align=\"left\"><span style=\"font-weight: 400;\">CAUSA N\u00ba 3218 (FSM 27004012\/2003\/TO16) \u201c<\/span><span style=\"font-weight: 400;\">L\u00d3PEZ FADER, PRIVACI\u00d3N ILEG\u00cdTIMA DE LA LIBERTAD COMETIDA POR ABUSO FUNCIONAL AGRAVADA POR EL EMPLEO DE VIOLENCIA Y AMENAZAS (ART. 144 BIS INC.1 Y \u00daLTIMO P\u00c1RRAFO \u2013LEY 14.616- EN FUNCI\u00d3N DEL ART. 142 INC. 1\u00b0 -LEY 20.642-) E IMPOSICI\u00d3N DE TORMENTOS AGRAVADOS POR SER LA V\u00cdCTIMA UN PERSEGUIDO POL\u00cdTICO (ART. 144 TER, PRIMER Y SEGUNDO P\u00c1RRAFO DEL CP, SEG\u00daN LEY 14.616)\u201d<\/span><\/td>\n<\/tr>\n<\/thead>\n<tbody>\n<tr>\n<td align=\"left\"><span style=\"font-family: Cutive Mono;\"><strong>Nombre de referencia<\/strong><\/span><\/td>\n<td align=\"left\"><span style=\"font-weight: 400;\">CAMPO DE MAYO XIII- L\u00d3PEZ FADER<\/span><\/td>\n<\/tr>\n<tr>\n<td align=\"left\"><span style=\"font-family: Cutive Mono;\"><strong>Jurisdicci\u00f3n y juzgado<\/strong><\/span><\/td>\n<td align=\"left\"><span style=\"font-weight: 400;\">Tribunal Oral en lo Criminal Federal N\u00b0 1-San Mart\u00edn<\/span><\/td>\n<\/tr>\n<tr>\n<td align=\"left\"><span style=\"font-family: Cutive Mono;\"><strong>Fecha veredicto<\/strong><\/span><\/td>\n<td align=\"left\"><span style=\"font-weight: 400;\">21\/1\/2017<\/span><\/td>\n<\/tr>\n<tr>\n<td align=\"left\"><span style=\"font-family: Cutive Mono;\"><strong>Condenados\/as<\/strong><\/span><\/td>\n<td align=\"left\"><span style=\"font-family: Cutive Mono;\">1<\/span><\/td>\n<\/tr>\n<tr>\n<td align=\"left\"><span style=\"font-family: Cutive Mono;\"><strong>Nombres de los condenados\/as (fuerza represiva)<\/strong><\/span><\/td>\n<td align=\"left\"><span style=\"font-weight: 400;\">Alfonso, Eduardo (EJ\u00c9RCITO) 4 a\u00f1os <\/span><\/td>\n<\/tr>\n<tr>\n<td align=\"left\"><span style=\"font-family: Cutive Mono;\"><strong>Absoluciones<\/strong><\/span><\/td>\n<td align=\"left\">1<\/td>\n<\/tr>\n<tr>\n<td align=\"left\"><span style=\"font-family: Cutive Mono;\"><strong>Nombres de los absueltos\/as (fuerza represiva)<\/strong><\/span><\/td>\n<td align=\"left\"><span style=\"font-weight: 400;\">\u00f3pez Fader, Rafael Felix (Ej\u00e9rcito)<\/span><\/td>\n<\/tr>\n<tr>\n<td align=\"left\"><span style=\"font-family: Cutive Mono;\"><strong>Delitos juzgados<\/strong><\/span><\/td>\n<td align=\"left\"><span style=\"font-weight: 400;\">Infracci\u00f3n de deber de tormentos por parte de un funcionario p\u00fablico a los presos que guarde, agravado por ser las v\u00edctimas perseguidos pol\u00edticos; infracci\u00f3n de deber de homicidio calificado por alevos\u00eda; infracci\u00f3n de deber de tortura seguida de muerte; infracci\u00f3n de deber de privaci\u00f3n ilegal de la libertad agravada por haber durado m\u00e1s de un mes<\/span><\/td>\n<\/tr>\n<tr>\n<td align=\"left\"><span style=\"font-family: Cutive Mono;\"><strong>V\u00edctimas caso<\/strong><\/span><\/td>\n<td align=\"left\"><span style=\"font-family: Cutive Mono;\">5<\/span><\/td>\n<\/tr>\n<tr>\n<td align=\"left\"><span style=\"font-family: Cutive Mono;\"><strong>V\u00edctimas no caso identificadas<\/strong><\/span><\/td>\n<td align=\"left\">3<\/td>\n<\/tr>\n<tr>\n<td align=\"left\"><span style=\"font-family: Cutive Mono;\"><strong>Testimoniantes<\/strong><\/span><\/td>\n<td align=\"left\"><span style=\"font-family: Cutive Mono;\">3<\/span><\/td>\n<\/tr>\n<tr>\n<td align=\"left\"><span style=\"font-family: Cutive Mono;\"><strong>Violencias registradas<\/strong><\/span><\/td>\n<td align=\"left\"><span style=\"font-family: Cutive Mono;\">25<\/span><\/td>\n<\/tr>\n<tr>\n<td align=\"left\"><span style=\"font-family: Cutive Mono;\"><strong>Violencias juzgadas<\/strong><\/span><\/td>\n<td align=\"left\"><span style=\"font-family: Cutive Mono;\">9<\/span><\/td>\n<\/tr>\n<\/tbody>\n<\/table>\n<\/div>\n<\/div><\/div><div class=\"fusion-layout-column fusion_builder_column fusion-builder-column-3 fusion_builder_column_1_3 1_3 fusion-flex-column\" style=\"--awb-bg-size:cover;--awb-border-color:var(--awb-color4);--awb-border-style:solid;--awb-width-large:33.333333333333%;--awb-margin-top-large:0px;--awb-spacing-right-large:5.76%;--awb-margin-bottom-large:20px;--awb-spacing-left-large:5.76%;--awb-width-medium:100%;--awb-order-medium:0;--awb-spacing-right-medium:1.92%;--awb-spacing-left-medium:1.92%;--awb-width-small:100%;--awb-order-small:0;--awb-spacing-right-small:1.92%;--awb-spacing-left-small:1.92%;\" data-scroll-devices=\"small-visibility,medium-visibility,large-visibility\"><div class=\"fusion-column-wrapper fusion-column-has-shadow fusion-flex-justify-content-flex-start fusion-content-layout-column\"><div class=\"fusion-text fusion-text-1 fusion-text-no-margin\" style=\"--awb-content-alignment:justify;--awb-margin-bottom:5%;\"><p><span style=\"font-weight: 400;\">En esta causa se juzgaron cr\u00edmenes de lesa humanidad cometidos durante la \u00faltima dictadura en jurisdicci\u00f3n de la Zona de Defensa IV, bajo control del Comando de Institutos Militares, con asiento en Campo de Mayo, contra cinco v\u00edctimas. El proceso estuvo centrado en la actuaci\u00f3n de dos oficiales del Ej\u00e9rcito en diferentes operativos de secuestro y asesinato.<\/span><\/p>\n<p><span style=\"font-weight: 400;\">Por un lado, el operativo en Villa Adelina donde el 12 de enero de 1977 fue asesinado Domingo Antonio Garc\u00eda y secuestradas su esposa Beatriz Recchia (embarazada de 5 meses) y la hija de ambos, Juliana In\u00e9s, de 3 a\u00f1os de edad. Beatriz, quien contin\u00faa desaparecida, fue llevada al centro clandestino de detenci\u00f3n (CCD) \u201cEl Campito\u201d, en la Guarnici\u00f3n Militar de Campo de Mayo, dio a luz en cautiverio a una ni\u00f1a que fue apropiada y\u00a0 a\u00f1os despu\u00e9s pudo recuperar su verdadera identidad. Juliana fue liberada a las pocas horas y entregada a su abuela por la polic\u00eda.<\/span><\/p>\n<p><span style=\"font-weight: 400;\">El segundo caso investigado fue el secuestro, torturas y asesinato del ex diputado nacional Diego Muniz Barreto y el secuestro y tormentos de su secretario, Juan Jos\u00e9 Fern\u00e1ndez. Ambos fueron secuestrados el 16 de febrero de 1977 en Escobar y, tras su paso por las comisar\u00edas de la Polic\u00eda Bonaerense 1\u00aa de Escobar y 1\u00aa de Tigre, recluidos en el centro de exterminio \u201cEl Campito\u201d. El 6 de marzo los trasladaron a la localidad de Villaguay, Entre R\u00edos, donde sus captores, previo adormecerlos con narc\u00f3ticos, los introdujeron en un veh\u00edculo propiedad de Fern\u00e1ndez y los arrojaron desde un puente al r\u00edo: en el accidente fraguado falleci\u00f3 Muniz Barreto y Fern\u00e1ndez consigui\u00f3 sobrevivir.<\/span><\/p>\n<p><span style=\"font-weight: 400;\">El tribunal conden\u00f3 al ex teniente primero de la Escuela de Suboficiales Sargento Cabral Eduardo Alfonso a la pena de 4 a\u00f1os de prisi\u00f3n por el allanamiento ilegal y el secuestro de Beatriz Recchia y la ni\u00f1a Juliana Garc\u00eda Recchia y lo absolvi\u00f3 del homicidio de Domingo Garc\u00eda. A su vez, absolvi\u00f3 de todos los cargos (vinculados con el traslado clandestino de Campo de Mayo a Villaguay y el asesinato de Muniz Barreto) al ex capit\u00e1n del Departamento de Inteligencia (D2) del Comando de Institutos Militares, Rafael F\u00e9lix L\u00f3pez Fader.<\/span><\/p>\n<\/div><div style=\"text-align:center;\"><a class=\"fusion-button button-flat button-xlarge button-custom fusion-button-default button-1 fusion-button-default-span fusion-button-default-type\" style=\"--awb-margin-top:5%;--button_accent_color:var(--awb-color1);--button_accent_hover_color:var(--awb-color1);--button_border_hover_color:var(--awb-color1);--button_gradient_top_color:#8f1622;--button_gradient_bottom_color:#8f1622;--button_gradient_top_color_hover:var(--awb-color5);--button_gradient_bottom_color_hover:var(--awb-color5);\" target=\"_self\" href=\"www.comisionporlamemoria.org\/archivos\/sitiosdememoria\/revige\/san-martin\/Campo-de-Mayo-XIII.pdf\"><span class=\"fusion-button-text awb-button__text awb-button__text--default\">SENTENCIA<\/span><i class=\"fa-angle-double-down fas awb-button__icon awb-button__icon--default button-icon-right\" aria-hidden=\"true\"><\/i><\/a><\/div><\/div><\/div><\/div><\/div><\/p>\n","protected":false},"excerpt":{"rendered":"","protected":false},"author":40,"featured_media":6204,"menu_order":0,"comment_status":"open","ping_status":"closed","template":"","format":"standard","meta":{"_acf_changed":false,"footnotes":""},"portfolio_category":[47],"portfolio_skills":[],"portfolio_tags":[],"class_list":["post-5581","avada_portfolio","type-avada_portfolio","status-publish","format-standard","has-post-thumbnail","hentry","portfolio_category-san-martin"],"acf":[],"_links":{"self":[{"href":"https:\/\/www.comisionporlamemoria.org\/revige\/wp-json\/wp\/v2\/avada_portfolio\/5581","targetHints":{"allow":["GET"]}}],"collection":[{"href":"https:\/\/www.comisionporlamemoria.org\/revige\/wp-json\/wp\/v2\/avada_portfolio"}],"about":[{"href":"https:\/\/www.comisionporlamemoria.org\/revige\/wp-json\/wp\/v2\/types\/avada_portfolio"}],"author":[{"embeddable":true,"href":"https:\/\/www.comisionporlamemoria.org\/revige\/wp-json\/wp\/v2\/users\/40"}],"replies":[{"embeddable":true,"href":"https:\/\/www.comisionporlamemoria.org\/revige\/wp-json\/wp\/v2\/comments?post=5581"}],"version-history":[{"count":0,"href":"https:\/\/www.comisionporlamemoria.org\/revige\/wp-json\/wp\/v2\/avada_portfolio\/5581\/revisions"}],"wp:featuredmedia":[{"embeddable":true,"href":"https:\/\/www.comisionporlamemoria.org\/revige\/wp-json\/wp\/v2\/media\/6204"}],"wp:attachment":[{"href":"https:\/\/www.comisionporlamemoria.org\/revige\/wp-json\/wp\/v2\/media?parent=5581"}],"wp:term":[{"taxonomy":"portfolio_category","embeddable":true,"href":"https:\/\/www.comisionporlamemoria.org\/revige\/wp-json\/wp\/v2\/portfolio_category?post=5581"},{"taxonomy":"portfolio_skills","embeddable":true,"href":"https:\/\/www.comisionporlamemoria.org\/revige\/wp-json\/wp\/v2\/portfolio_skills?post=5581"},{"taxonomy":"portfolio_tags","embeddable":true,"href":"https:\/\/www.comisionporlamemoria.org\/revige\/wp-json\/wp\/v2\/portfolio_tags?post=5581"}],"curies":[{"name":"wp","href":"https:\/\/api.w.org\/{rel}","templated":true}]}}