{"id":5610,"date":"2026-01-27T14:53:06","date_gmt":"2026-01-27T13:53:06","guid":{"rendered":"https:\/\/www.comisionporlamemoria.org\/revige\/?page_id=5610"},"modified":"2026-03-22T02:28:58","modified_gmt":"2026-03-22T01:28:58","slug":"violencia","status":"publish","type":"page","link":"https:\/\/www.comisionporlamemoria.org\/revige\/el-registro\/violencia\/","title":{"rendered":"Violencias"},"content":{"rendered":"<p><div class=\"fusion-fullwidth fullwidth-box fusion-builder-row-1 fusion-flex-container has-pattern-background has-mask-background nonhundred-percent-fullwidth non-hundred-percent-height-scrolling\" style=\"--awb-border-radius-top-left:0px;--awb-border-radius-top-right:0px;--awb-border-radius-bottom-right:0px;--awb-border-radius-bottom-left:0px;--awb-padding-top:3%;--awb-padding-right:3%;--awb-padding-bottom:3%;--awb-padding-left:3%;--awb-flex-wrap:wrap;\" ><div class=\"fusion-builder-row fusion-row fusion-flex-align-items-flex-start fusion-flex-content-wrap\" style=\"max-width:1216.8px;margin-left: calc(-4% \/ 2 );margin-right: calc(-4% \/ 2 );\"><div class=\"fusion-layout-column fusion_builder_column fusion-builder-column-0 fusion_builder_column_1_1 1_1 fusion-flex-column\" style=\"--awb-bg-size:cover;--awb-width-large:100%;--awb-margin-top-large:0px;--awb-spacing-right-large:1.92%;--awb-margin-bottom-large:20px;--awb-spacing-left-large:1.92%;--awb-width-medium:100%;--awb-order-medium:0;--awb-spacing-right-medium:1.92%;--awb-spacing-left-medium:1.92%;--awb-width-small:100%;--awb-order-small:0;--awb-spacing-right-small:1.92%;--awb-spacing-left-small:1.92%;\"><div class=\"fusion-column-wrapper fusion-column-has-shadow fusion-flex-justify-content-flex-start fusion-content-layout-column\"><div class=\"fusion-text fusion-text-1\" style=\"--awb-margin-right:3%;--awb-margin-left:3%;--awb-text-font-family:-apple-system, BlinkMacSystemFont, &#039;Segoe UI&#039;, Roboto, Oxygen-Sans, Ubuntu, Cantarell, &#039;Helvetica Neue&#039; ,sans-serif;--awb-text-font-style:normal;--awb-text-font-weight:400;\"><p><span style=\"font-size: 14pt;\">El <strong><span style=\"color: #ff9900;\"><span style=\"font-size: 24pt;\">71%<\/span> de las violencias<\/span> ejercidas en el marco del genocidio implicaron <span style=\"color: #ff9900;\"><span style=\"color: #000000;\">el<\/span> control y tormento sobre los cuerpos.<\/span><\/strong><\/span><\/p>\n<p>Mir\u00e1 las <span style=\"color: #ff9900;\"><a style=\"color: #ff9900;\" href=\"https:\/\/www.comisionporlamemoria.org\/revige\/definiciones\/glosario\/#violencias\">definiciones de las violencias<\/a>.<\/span><\/p>\n<\/div><div class=\"flourish-embed flourish-chart\" data-src=\"visualisation\/27933030\"><script src=\"https:\/\/public.flourish.studio\/resources\/embed.js\"><\/script><noscript><img class=\"lazyload\" decoding=\"async\" src=\"data:image\/gif;base64,R0lGODlhAQABAAAAACH5BAEKAAEALAAAAAABAAEAAAICTAEAOw==\" data-orig-src=\"https:\/\/public.flourish.studio\/visualisation\/27933030\/thumbnail\" width=\"100%\" alt=\"visualization\" \/><\/noscript><\/div><div class=\"fusion-text fusion-text-2\" style=\"--awb-font-size:16px;--awb-margin-right:3%;--awb-margin-left:3%;--awb-text-font-family:-apple-system, BlinkMacSystemFont, &#039;Segoe UI&#039;, Roboto, Oxygen-Sans, Ubuntu, Cantarell, &#039;Helvetica Neue&#039; ,sans-serif;--awb-text-font-style:normal;--awb-text-font-weight:400;\"><p><span style=\"font-weight: 400; font-size: 10pt;\">Cantidad de violencias relevadas en la provincia de Buenos Aires (1974 y 1983).\u00a0<\/span><span style=\"font-size: 10pt;\"><br \/>\nNota 1: una persona puede haber sufrido mas de una violencia.<\/span><span style=\"font-size: 10pt;\"><br \/>\nNota 2: algunas violencias han sido registras a partir de solo una fuente (por ejemplo cesantia<\/span><span style=\"font-size: 10pt;\">), se puede identificar la recurrencia de la violencia pero la cantidad no resulta representativa indicando un subregistro para el REVIGE.<\/span><\/p>\n<p><span style=\"font-weight: 400; font-size: 10pt;\"><span style=\"font-size: 10pt;\">Fuente: REVIGE base 2.0 (2026), sobre Veredictos y Sentencias judiciales y RUVTE, archivo DIPPBA, Legajos de Unidades penitenciarias.<\/span><\/span><\/p>\n<\/div><\/div><\/div><\/div><\/div><div class=\"fusion-fullwidth fullwidth-box fusion-builder-row-2 fusion-flex-container has-pattern-background has-mask-background hundred-percent-fullwidth non-hundred-percent-height-scrolling\" style=\"--awb-border-radius-top-left:0px;--awb-border-radius-top-right:0px;--awb-border-radius-bottom-right:0px;--awb-border-radius-bottom-left:0px;--awb-padding-top:3%;--awb-padding-right:3%;--awb-padding-bottom:3%;--awb-padding-left:3%;--awb-background-color:#6b7280;--awb-flex-wrap:wrap;\" ><div class=\"fusion-builder-row fusion-row fusion-flex-align-items-flex-start fusion-flex-content-wrap\" style=\"width:104% !important;max-width:104% !important;margin-left: calc(-4% \/ 2 );margin-right: calc(-4% \/ 2 );\"><div class=\"fusion-layout-column fusion_builder_column fusion-builder-column-1 fusion_builder_column_1_1 1_1 fusion-flex-column\" style=\"--awb-bg-size:cover;--awb-width-large:100%;--awb-margin-top-large:0px;--awb-spacing-right-large:1.92%;--awb-margin-bottom-large:20px;--awb-spacing-left-large:1.92%;--awb-width-medium:100%;--awb-order-medium:0;--awb-spacing-right-medium:1.92%;--awb-spacing-left-medium:1.92%;--awb-width-small:100%;--awb-order-small:0;--awb-spacing-right-small:1.92%;--awb-spacing-left-small:1.92%;\"><div class=\"fusion-column-wrapper fusion-column-has-shadow fusion-flex-justify-content-flex-start fusion-content-layout-column\"><div class=\"fusion-title title fusion-title-1 fusion-title-center fusion-title-text fusion-title-size-three\" style=\"--awb-margin-top-small:0px;--awb-margin-bottom-small:20px;\"><div class=\"title-sep-container title-sep-container-left\"><div class=\"title-sep sep- sep-solid\" style=\"border-color:var(--awb-color3);\"><\/div><\/div><span class=\"awb-title-spacer\"><\/span><h3 class=\"fusion-title-heading title-heading-center fusion-responsive-typography-calculated\" style=\"font-family:-apple-system, BlinkMacSystemFont, &#039;Segoe UI&#039;, Roboto, Oxygen-Sans, Ubuntu, Cantarell, &#039;Helvetica Neue&#039; ,sans-serif;font-style:normal;font-weight:400;margin:0;text-transform:none;--fontSize:25;line-height:var(--awb-typography1-line-height);\"><span style=\"color: #ffffff; font-size: 24pt;\">La represi\u00f3n en el territorio bonaerense<\/span><\/h3><span class=\"awb-title-spacer\"><\/span><div class=\"title-sep-container title-sep-container-right\"><div class=\"title-sep sep- sep-solid\" style=\"border-color:var(--awb-color3);\"><\/div><\/div><\/div><div class=\"fusion-builder-row fusion-builder-row-inner fusion-row fusion-flex-align-items-center fusion-flex-align-content-center fusion-flex-justify-content-center fusion-flex-content-wrap\" style=\"--awb-flex-grow:0;--awb-flex-grow-medium:0;--awb-flex-grow-small:0;--awb-flex-shrink:0;--awb-flex-shrink-medium:0;--awb-flex-shrink-small:0;width:104% !important;max-width:104% !important;margin-left: calc(-4% \/ 2 );margin-right: calc(-4% \/ 2 );\"><div class=\"fusion-layout-column fusion_builder_column_inner fusion-builder-nested-column-0 fusion_builder_column_inner_1_2 1_2 fusion-flex-column\" style=\"--awb-padding-top:10%;--awb-padding-bottom:10%;--awb-bg-size:cover;--awb-width-large:50%;--awb-margin-top-large:0px;--awb-spacing-right-large:3.84%;--awb-margin-bottom-large:20px;--awb-spacing-left-large:3.84%;--awb-width-medium:100%;--awb-order-medium:0;--awb-spacing-right-medium:1.92%;--awb-spacing-left-medium:1.92%;--awb-width-small:100%;--awb-order-small:0;--awb-spacing-right-small:1.92%;--awb-spacing-left-small:1.92%;\" data-scroll-devices=\"small-visibility,medium-visibility,large-visibility\"><div class=\"fusion-column-wrapper fusion-column-has-shadow fusion-flex-justify-content-flex-start fusion-content-layout-column\"><div class=\"flourish-embed flourish-chart\" data-src=\"visualisation\/28122393\"><script src=\"https:\/\/public.flourish.studio\/resources\/embed.js\"><\/script><noscript><img class=\"lazyload\" decoding=\"async\" src=\"data:image\/gif;base64,R0lGODlhAQABAAAAACH5BAEKAAEALAAAAAABAAEAAAICTAEAOw==\" data-orig-src=\"https:\/\/public.flourish.studio\/visualisation\/28122393\/thumbnail\" width=\"100%\" alt=\"visualization\" \/><\/noscript><\/div><\/div><\/div><div class=\"fusion-layout-column fusion_builder_column_inner fusion-builder-nested-column-1 fusion_builder_column_inner_1_2 1_2 fusion-flex-column\" style=\"--awb-bg-size:cover;--awb-width-large:50%;--awb-margin-top-large:0px;--awb-spacing-right-large:3.84%;--awb-margin-bottom-large:20px;--awb-spacing-left-large:3.84%;--awb-width-medium:100%;--awb-order-medium:0;--awb-spacing-right-medium:1.92%;--awb-spacing-left-medium:1.92%;--awb-width-small:100%;--awb-order-small:0;--awb-spacing-right-small:1.92%;--awb-spacing-left-small:1.92%;\"><div class=\"fusion-column-wrapper fusion-column-has-shadow fusion-flex-justify-content-flex-start fusion-content-layout-column\"><div class=\"flourish-embed flourish-chart\" data-src=\"visualisation\/28055623\"><script src=\"https:\/\/public.flourish.studio\/resources\/embed.js\"><\/script><noscript><img class=\"lazyload\" decoding=\"async\" src=\"data:image\/gif;base64,R0lGODlhAQABAAAAACH5BAEKAAEALAAAAAABAAEAAAICTAEAOw==\" data-orig-src=\"https:\/\/public.flourish.studio\/visualisation\/28055623\/thumbnail\" width=\"100%\" alt=\"visualization\" \/><\/noscript><\/div><div class=\"fusion-text fusion-text-3\" style=\"--awb-text-color:#ffffff;\"><p><span style=\"font-size: 10pt;\"><span style=\"font-weight: 400;\">Privaciones ilegal de la libertad y asesinatos por zona militar en la provincia de Buenos Aires entre 1974 y 1983 (en%). B<\/span><span style=\"font-weight: 400;\">ase: 10.683 registros. <em>Nota<\/em>:\u00a0<\/span><span style=\"font-weight: 400;\">A\u00fan no hay registro de ubicaci\u00f3n en 2533 privaciones Ileg\u00edtimas de la libertad y en 167 asesinatos.<\/span><\/span><\/p>\n<p><span style=\"font-weight: 400; font-size: 10pt;\">Fuente: REVIGE base 2.0- 2026.<\/span><\/p>\n<p><br style=\"font-weight: 400;\" \/><br style=\"font-weight: 400;\" \/><\/p>\n<\/div><\/div><\/div><\/div><\/div><\/div><\/div><\/div><div class=\"fusion-fullwidth fullwidth-box fusion-builder-row-3 fusion-flex-container has-pattern-background has-mask-background hundred-percent-fullwidth non-hundred-percent-height-scrolling\" style=\"--awb-border-radius-top-left:0px;--awb-border-radius-top-right:0px;--awb-border-radius-bottom-right:0px;--awb-border-radius-bottom-left:0px;--awb-padding-top:3%;--awb-padding-right:3%;--awb-padding-bottom:3%;--awb-padding-left:3%;--awb-flex-wrap:wrap;\" ><div class=\"fusion-builder-row fusion-row fusion-flex-align-items-flex-start fusion-flex-content-wrap\" style=\"width:104% !important;max-width:104% !important;margin-left: calc(-4% \/ 2 );margin-right: calc(-4% \/ 2 );\"><div class=\"fusion-layout-column fusion_builder_column fusion-builder-column-2 fusion_builder_column_1_5 1_5 fusion-flex-column\" style=\"--awb-bg-size:cover;--awb-width-large:20%;--awb-margin-top-large:0px;--awb-spacing-right-large:9.6%;--awb-margin-bottom-large:20px;--awb-spacing-left-large:9.6%;--awb-width-medium:100%;--awb-order-medium:0;--awb-spacing-right-medium:1.92%;--awb-spacing-left-medium:1.92%;--awb-width-small:100%;--awb-order-small:0;--awb-spacing-right-small:1.92%;--awb-spacing-left-small:1.92%;\"><div class=\"fusion-column-wrapper fusion-column-has-shadow fusion-flex-justify-content-flex-start fusion-content-layout-column\"><\/div><\/div><div class=\"fusion-layout-column fusion_builder_column fusion-builder-column-3 fusion_builder_column_3_5 3_5 fusion-flex-column\" style=\"--awb-bg-size:cover;--awb-width-large:60%;--awb-margin-top-large:0px;--awb-spacing-right-large:3.2%;--awb-margin-bottom-large:20px;--awb-spacing-left-large:3.2%;--awb-width-medium:100%;--awb-order-medium:0;--awb-spacing-right-medium:1.92%;--awb-spacing-left-medium:1.92%;--awb-width-small:100%;--awb-order-small:0;--awb-spacing-right-small:1.92%;--awb-spacing-left-small:1.92%;\"><div class=\"fusion-column-wrapper fusion-column-has-shadow fusion-flex-justify-content-flex-start fusion-content-layout-column\"><div class=\"fusion-text fusion-text-4\" style=\"--awb-text-font-family:-apple-system, BlinkMacSystemFont, &#039;Segoe UI&#039;, Roboto, Oxygen-Sans, Ubuntu, Cantarell, &#039;Helvetica Neue&#039; ,sans-serif;--awb-text-font-style:normal;--awb-text-font-weight:400;\"><p><span style=\"font-size: 14pt;\">Si bien fue un fen\u00f3meno extendido en la provincia, la violencia se despleg\u00f3 con mayor intensidad en los grandes centros urbanos, zonas fabriles y portuarias, y en las localidades con una activa militancia universitaria. <span style=\"color: #ff9900;\">El <span style=\"font-size: 24pt;\">59.57%<\/span> de las privaciones ilegales de la libertad y asesinatos ocurrieron en la regi\u00f3n capital y el conurbano bonaerense.<\/span><\/span><\/p>\n<\/div><div class=\"fusion-tabs fusion-tabs-1 classic nav-is-justified horizontal-tabs icon-position-left mobile-mode-accordion\" style=\"--awb-title-border-radius-top-left:0px;--awb-title-border-radius-top-right:0px;--awb-title-border-radius-bottom-right:0px;--awb-title-border-radius-bottom-left:0px;--awb-alignment:start;--awb-inactive-color:hsla(var(--awb-color8-h),var(--awb-color8-s),calc( var(--awb-color8-l) + 96% ),var(--awb-color8-a));--awb-background-color:var(--awb-color1);--awb-border-color:var(--awb-color3);--awb-active-border-color:var(--awb-color4);\"><div class=\"nav\"><ul class=\"nav-tabs nav-justified\" role=\"tablist\" aria-orientation=\"horizontal\"><li class=\"active\" role=\"presentation\"><a class=\"tab-link\" data-toggle=\"tab\" role=\"tab\" aria-controls=\"tab-c849cc3e5098882b899\" aria-selected=\"true\" tabindex=\"0\" id=\"fusion-tab-c849cc3e5098882b899\" href=\"#tab-c849cc3e5098882b899\"><h4 class=\"fusion-tab-heading\">Privaci\u00f3n Ilegal de la Libertad<\/h4><\/a><\/li><li  role=\"presentation\"><a class=\"tab-link\" data-toggle=\"tab\" role=\"tab\" aria-controls=\"tab-ce3b1738007fed7ec32\" aria-selected=\"false\" tabindex=\"-1\" id=\"fusion-tab-ce3b1738007fed7ec32\" href=\"#tab-ce3b1738007fed7ec32\"><h4 class=\"fusion-tab-heading\">Asesinatos<\/h4><\/a><\/li><\/ul><\/div><div class=\"tab-content\"><div class=\"nav fusion-mobile-tab-nav\"><ul class=\"nav-tabs nav-justified\" role=\"tablist\" aria-orientation=\"horizontal\"><li class=\"active\" role=\"presentation\"><a class=\"tab-link\" data-toggle=\"tab\" role=\"tab\" aria-controls=\"tab-c849cc3e5098882b899\" aria-selected=\"true\" tabindex=\"0\" id=\"mobile-fusion-tab-c849cc3e5098882b899\" href=\"#tab-c849cc3e5098882b899\"><h4 class=\"fusion-tab-heading\">Privaci\u00f3n Ilegal de la Libertad<\/h4><\/a><\/li><\/ul><\/div><div class=\"tab-pane fade fusion-clearfix in active\" role=\"tabpanel\" tabindex=\"0\" aria-labelledby=\"fusion-tab-c849cc3e5098882b899\" id=\"tab-c849cc3e5098882b899\"><div class=\"flourish-embed flourish-chart\" data-src=\"visualisation\/27759174\"><script src=\"https:\/\/public.flourish.studio\/resources\/embed.js\"><\/script><noscript><img class=\"lazyload\" decoding=\"async\" src=\"data:image\/gif;base64,R0lGODlhAQABAAAAACH5BAEKAAEALAAAAAABAAEAAAICTAEAOw==\" data-orig-src=\"https:\/\/public.flourish.studio\/visualisation\/27759174\/thumbnail\" width=\"100%\" alt=\"visualization\" \/><\/noscript><\/div><\/div><div class=\"nav fusion-mobile-tab-nav\"><ul class=\"nav-tabs nav-justified\" role=\"tablist\" aria-orientation=\"horizontal\"><li  role=\"presentation\"><a class=\"tab-link\" data-toggle=\"tab\" role=\"tab\" aria-controls=\"tab-ce3b1738007fed7ec32\" aria-selected=\"false\" tabindex=\"-1\" id=\"mobile-fusion-tab-ce3b1738007fed7ec32\" href=\"#tab-ce3b1738007fed7ec32\"><h4 class=\"fusion-tab-heading\">Asesinatos<\/h4><\/a><\/li><\/ul><\/div><div class=\"tab-pane fade fusion-clearfix\" role=\"tabpanel\" tabindex=\"0\" aria-labelledby=\"fusion-tab-ce3b1738007fed7ec32\" id=\"tab-ce3b1738007fed7ec32\"><div class=\"flourish-embed flourish-chart\" data-src=\"visualisation\/28002980\"><script src=\"https:\/\/public.flourish.studio\/resources\/embed.js\"><\/script><noscript><img class=\"lazyload\" decoding=\"async\" src=\"data:image\/gif;base64,R0lGODlhAQABAAAAACH5BAEKAAEALAAAAAABAAEAAAICTAEAOw==\" data-orig-src=\"https:\/\/public.flourish.studio\/visualisation\/28002980\/thumbnail\" width=\"100%\" alt=\"visualization\" \/><\/noscript><\/div><\/div><\/div><\/div><\/div><\/div><\/div><\/div><div class=\"fusion-fullwidth fullwidth-box fusion-builder-row-4 fusion-flex-container has-pattern-background has-mask-background hundred-percent-fullwidth non-hundred-percent-height-scrolling\" style=\"--awb-border-radius-top-left:0px;--awb-border-radius-top-right:0px;--awb-border-radius-bottom-right:0px;--awb-border-radius-bottom-left:0px;--awb-padding-top:3%;--awb-padding-right:3%;--awb-padding-bottom:3%;--awb-padding-left:3%;--awb-background-color:#6b7280;--awb-flex-wrap:wrap;\" ><div class=\"fusion-builder-row fusion-row fusion-flex-align-items-flex-start fusion-flex-content-wrap\" style=\"width:104% !important;max-width:104% !important;margin-left: calc(-4% \/ 2 );margin-right: calc(-4% \/ 2 );\"><div class=\"fusion-layout-column fusion_builder_column fusion-builder-column-4 fusion_builder_column_1_6 1_6 fusion-flex-column\" style=\"--awb-bg-size:cover;--awb-width-large:16.666666666667%;--awb-margin-top-large:0px;--awb-spacing-right-large:11.52%;--awb-margin-bottom-large:20px;--awb-spacing-left-large:11.52%;--awb-width-medium:100%;--awb-order-medium:0;--awb-spacing-right-medium:1.92%;--awb-spacing-left-medium:1.92%;--awb-width-small:100%;--awb-order-small:0;--awb-spacing-right-small:1.92%;--awb-spacing-left-small:1.92%;\"><div class=\"fusion-column-wrapper fusion-column-has-shadow fusion-flex-justify-content-flex-start fusion-content-layout-column\"><\/div><\/div><div class=\"fusion-layout-column fusion_builder_column fusion-builder-column-5 fusion_builder_column_1_3 1_3 fusion-flex-column\" style=\"--awb-bg-size:cover;--awb-width-large:33.333333333333%;--awb-margin-top-large:0px;--awb-spacing-right-large:5.76%;--awb-margin-bottom-large:20px;--awb-spacing-left-large:5.76%;--awb-width-medium:100%;--awb-order-medium:0;--awb-spacing-right-medium:1.92%;--awb-spacing-left-medium:1.92%;--awb-width-small:100%;--awb-order-small:0;--awb-spacing-right-small:1.92%;--awb-spacing-left-small:1.92%;\"><div class=\"fusion-column-wrapper fusion-column-has-shadow fusion-flex-justify-content-flex-start fusion-content-layout-column\"><div class=\"fusion-text fusion-text-5\" style=\"--awb-margin-right:3%;--awb-margin-left:3%;\"><p><span style=\"font-size: 14pt;\"><span style=\"color: #ffffff;\">En<\/span> <strong><span style=\"font-size: 24pt; color: #ffffff;\"><span style=\"color: #ff9900;\">88 municipios<\/span><\/span><\/strong> <span style=\"color: #ffffff;\">se registraron<\/span> <strong><span style=\"color: #ff9900;\">privaciones ilegales de la libertad<\/span><\/strong><span style=\"color: #ffffff;\">; en muchos casos, las comisar\u00edas locales se convirtieron en lugares de detenci\u00f3n clandestina.<\/span> <strong><span style=\"color: #ff9900;\">En <span style=\"font-size: 24pt;\">67<\/span><\/span><\/strong><span style=\"color: #ffffff;\">, m\u00e1s de la mitad de los municipios bonaerenses,<\/span> <strong><span style=\"color: #ff9900;\">hubo asesinatos o ejecuciones sumarias.\u00a0<\/span><\/strong><\/span><\/p>\n<\/div><div class=\"flourish-embed flourish-chart\" data-src=\"visualisation\/28025558\"><script src=\"https:\/\/public.flourish.studio\/resources\/embed.js\"><\/script><noscript><img class=\"lazyload\" decoding=\"async\" src=\"data:image\/gif;base64,R0lGODlhAQABAAAAACH5BAEKAAEALAAAAAABAAEAAAICTAEAOw==\" data-orig-src=\"https:\/\/public.flourish.studio\/visualisation\/28025558\/thumbnail\" width=\"100%\" alt=\"chart visualization\" \/><\/noscript><\/div><div class=\"fusion-text fusion-text-6\" style=\"--awb-text-color:#ffffff;\"><p><span style=\"font-weight: 400; font-size: 10pt;\">Cantidad de privaciones ilegales de la libertad y asesinatos por a\u00f1o en PBA.\u00a0<\/span><\/p>\n<p><span style=\"font-size: 10pt;\">Fuente: REVIGE base 2.0 (2026), sobre Veredictos y Sentencias judiciales y RUVTE.<\/span><\/p>\n<p><br style=\"font-weight: 400;\" \/><br style=\"font-weight: 400;\" \/><\/p>\n<\/div><\/div><\/div><div class=\"fusion-layout-column fusion_builder_column fusion-builder-column-6 fusion_builder_column_1_3 1_3 fusion-flex-column\" style=\"--awb-bg-size:cover;--awb-width-large:33.333333333333%;--awb-margin-top-large:0px;--awb-spacing-right-large:5.76%;--awb-margin-bottom-large:20px;--awb-spacing-left-large:5.76%;--awb-width-medium:100%;--awb-order-medium:0;--awb-spacing-right-medium:1.92%;--awb-spacing-left-medium:1.92%;--awb-width-small:100%;--awb-order-small:0;--awb-spacing-right-small:1.92%;--awb-spacing-left-small:1.92%;\"><div class=\"fusion-column-wrapper fusion-column-has-shadow fusion-flex-justify-content-flex-start fusion-content-layout-column\"><div class=\"fusion-tabs fusion-tabs-2 classic nav-is-justified horizontal-tabs icon-position-left mobile-mode-accordion\" style=\"--icon-color:#ffffff;--awb-title-border-radius-top-left:0px;--awb-title-border-radius-top-right:0px;--awb-title-border-radius-bottom-right:0px;--awb-title-border-radius-bottom-left:0px;--awb-alignment:start;--awb-inactive-color:#6b7280;--awb-title-text-color:#ffffff;--awb-title-active-text-color:#6b7280;--awb-background-color:var(--awb-color1);--awb-border-color:#ffffff;--awb-active-border-color:#ffffff;\"><div class=\"nav\"><ul class=\"nav-tabs nav-justified\" role=\"tablist\" aria-orientation=\"horizontal\"><li class=\"active\" role=\"presentation\"><a class=\"tab-link\" data-toggle=\"tab\" role=\"tab\" aria-controls=\"tab-d1122f5ec298c443ecb\" aria-selected=\"true\" tabindex=\"0\" id=\"fusion-tab-d1122f5ec298c443ecb\" href=\"#tab-d1122f5ec298c443ecb\"><h4 class=\"fusion-tab-heading\">Privaci\u00f3n Ilegal de la Libertad por partido<\/h4><\/a><\/li><li  role=\"presentation\"><a class=\"tab-link\" data-toggle=\"tab\" role=\"tab\" aria-controls=\"tab-4411da265d55dfbf00d\" aria-selected=\"false\" tabindex=\"-1\" id=\"fusion-tab-4411da265d55dfbf00d\" href=\"#tab-4411da265d55dfbf00d\"><h4 class=\"fusion-tab-heading\">Asesinatos por partido<\/h4><\/a><\/li><\/ul><\/div><div class=\"tab-content\"><div class=\"nav fusion-mobile-tab-nav\"><ul class=\"nav-tabs nav-justified\" role=\"tablist\" aria-orientation=\"horizontal\"><li class=\"active\" role=\"presentation\"><a class=\"tab-link\" data-toggle=\"tab\" role=\"tab\" aria-controls=\"tab-d1122f5ec298c443ecb\" aria-selected=\"true\" tabindex=\"0\" id=\"mobile-fusion-tab-d1122f5ec298c443ecb\" href=\"#tab-d1122f5ec298c443ecb\"><h4 class=\"fusion-tab-heading\">Privaci\u00f3n Ilegal de la Libertad por partido<\/h4><\/a><\/li><\/ul><\/div><div class=\"tab-pane fade fusion-clearfix in active\" role=\"tabpanel\" tabindex=\"0\" aria-labelledby=\"fusion-tab-d1122f5ec298c443ecb\" id=\"tab-d1122f5ec298c443ecb\"><div class=\"flourish-embed flourish-chart\" data-src=\"visualisation\/27813931\"><script src=\"https:\/\/public.flourish.studio\/resources\/embed.js\"><\/script><noscript><img class=\"lazyload\" decoding=\"async\" src=\"data:image\/gif;base64,R0lGODlhAQABAAAAACH5BAEKAAEALAAAAAABAAEAAAICTAEAOw==\" data-orig-src=\"https:\/\/public.flourish.studio\/visualisation\/27813931\/thumbnail\" width=\"100%\" alt=\"visualization\" \/><\/noscript><\/div><\/div><div class=\"nav fusion-mobile-tab-nav\"><ul class=\"nav-tabs nav-justified\" role=\"tablist\" aria-orientation=\"horizontal\"><li  role=\"presentation\"><a class=\"tab-link\" data-toggle=\"tab\" role=\"tab\" aria-controls=\"tab-4411da265d55dfbf00d\" aria-selected=\"false\" tabindex=\"-1\" id=\"mobile-fusion-tab-4411da265d55dfbf00d\" href=\"#tab-4411da265d55dfbf00d\"><h4 class=\"fusion-tab-heading\">Asesinatos por partido<\/h4><\/a><\/li><\/ul><\/div><div class=\"tab-pane fade fusion-clearfix\" role=\"tabpanel\" tabindex=\"0\" aria-labelledby=\"fusion-tab-4411da265d55dfbf00d\" id=\"tab-4411da265d55dfbf00d\"><div class=\"flourish-embed flourish-chart\" data-src=\"visualisation\/27931772\"><script src=\"https:\/\/public.flourish.studio\/resources\/embed.js\"><\/script><noscript><img class=\"lazyload\" decoding=\"async\" src=\"data:image\/gif;base64,R0lGODlhAQABAAAAACH5BAEKAAEALAAAAAABAAEAAAICTAEAOw==\" data-orig-src=\"https:\/\/public.flourish.studio\/visualisation\/27931772\/thumbnail\" width=\"100%\" alt=\"visualization\" \/><\/noscript><\/div><\/div><\/div><\/div><div class=\"fusion-text fusion-text-7\" style=\"--awb-text-color:#ffffff;\"><p><span style=\"font-weight: 400; font-size: 10pt;\">Cantidad de privaciones ilegales de la libertad y asesinatos por a\u00f1o y por localidad bonaerense. Base: 10.683 registros.<\/span><\/p>\n<p><span style=\"font-size: 10pt;\">Fuente: REVIGE base 2.0 (2026), sobre Veredictos y Sentencias judiciales y RUVTE.<\/span><\/p>\n<p><br style=\"font-weight: 400;\" \/><br style=\"font-weight: 400;\" \/><\/p>\n<\/div><\/div><\/div><div class=\"fusion-layout-column fusion_builder_column fusion-builder-column-7 fusion_builder_column_1_6 1_6 fusion-flex-column\" style=\"--awb-bg-size:cover;--awb-width-large:16.666666666667%;--awb-margin-top-large:0px;--awb-spacing-right-large:11.52%;--awb-margin-bottom-large:20px;--awb-spacing-left-large:11.52%;--awb-width-medium:100%;--awb-order-medium:0;--awb-spacing-right-medium:1.92%;--awb-spacing-left-medium:1.92%;--awb-width-small:100%;--awb-order-small:0;--awb-spacing-right-small:1.92%;--awb-spacing-left-small:1.92%;\"><div class=\"fusion-column-wrapper fusion-column-has-shadow fusion-flex-justify-content-flex-start fusion-content-layout-column\"><\/div><\/div><\/div><\/div><div class=\"fusion-fullwidth fullwidth-box fusion-builder-row-5 fusion-flex-container has-pattern-background has-mask-background hundred-percent-fullwidth non-hundred-percent-height-scrolling\" style=\"--awb-border-radius-top-left:0px;--awb-border-radius-top-right:0px;--awb-border-radius-bottom-right:0px;--awb-border-radius-bottom-left:0px;--awb-padding-top:3%;--awb-padding-right:3%;--awb-padding-bottom:3%;--awb-padding-left:3%;--awb-flex-wrap:wrap;\" ><div class=\"fusion-builder-row fusion-row fusion-flex-align-items-flex-start fusion-flex-content-wrap\" style=\"width:104% !important;max-width:104% !important;margin-left: calc(-4% \/ 2 );margin-right: calc(-4% \/ 2 );\"><div class=\"fusion-layout-column fusion_builder_column fusion-builder-column-8 fusion_builder_column_1_6 1_6 fusion-flex-column\" style=\"--awb-bg-size:cover;--awb-width-large:16.666666666667%;--awb-margin-top-large:0px;--awb-spacing-right-large:11.52%;--awb-margin-bottom-large:20px;--awb-spacing-left-large:11.52%;--awb-width-medium:100%;--awb-order-medium:0;--awb-spacing-right-medium:1.92%;--awb-spacing-left-medium:1.92%;--awb-width-small:100%;--awb-order-small:0;--awb-spacing-right-small:1.92%;--awb-spacing-left-small:1.92%;\"><div class=\"fusion-column-wrapper fusion-column-has-shadow fusion-flex-justify-content-flex-start fusion-content-layout-column\"><\/div><\/div><div class=\"fusion-layout-column fusion_builder_column fusion-builder-column-9 fusion_builder_column_2_3 2_3 fusion-flex-column\" style=\"--awb-bg-size:cover;--awb-width-large:66.666666666667%;--awb-margin-top-large:0px;--awb-spacing-right-large:2.88%;--awb-margin-bottom-large:20px;--awb-spacing-left-large:2.88%;--awb-width-medium:100%;--awb-order-medium:0;--awb-spacing-right-medium:1.92%;--awb-spacing-left-medium:1.92%;--awb-width-small:100%;--awb-order-small:0;--awb-spacing-right-small:1.92%;--awb-spacing-left-small:1.92%;\"><div class=\"fusion-column-wrapper fusion-column-has-shadow fusion-flex-justify-content-flex-start fusion-content-layout-column\"><div class=\"fusion-text fusion-text-8\" style=\"--awb-text-font-family:-apple-system, BlinkMacSystemFont, &#039;Segoe UI&#039;, Roboto, Oxygen-Sans, Ubuntu, Cantarell, &#039;Helvetica Neue&#039; ,sans-serif;--awb-text-font-style:normal;--awb-text-font-weight:400;\"><p><span style=\"font-size: 14pt;\">Entre <span style=\"font-size: 24pt; color: #ff9900;\">septiembre de 1976 y junio de 1977<\/span> la violencia represiva alcanz\u00f3 su mayor intensidad.<\/span><\/p>\n<\/div><\/div><\/div><div class=\"fusion-layout-column fusion_builder_column fusion-builder-column-10 fusion_builder_column_1_6 1_6 fusion-flex-column\" style=\"--awb-bg-size:cover;--awb-width-large:16.666666666667%;--awb-margin-top-large:0px;--awb-spacing-right-large:11.52%;--awb-margin-bottom-large:20px;--awb-spacing-left-large:11.52%;--awb-width-medium:100%;--awb-order-medium:0;--awb-spacing-right-medium:1.92%;--awb-spacing-left-medium:1.92%;--awb-width-small:100%;--awb-order-small:0;--awb-spacing-right-small:1.92%;--awb-spacing-left-small:1.92%;\"><div class=\"fusion-column-wrapper fusion-column-has-shadow fusion-flex-justify-content-flex-start fusion-content-layout-column\"><\/div><\/div><div class=\"fusion-layout-column fusion_builder_column fusion-builder-column-11 fusion_builder_column_1_6 1_6 fusion-flex-column\" style=\"--awb-bg-size:cover;--awb-width-large:16.666666666667%;--awb-margin-top-large:0px;--awb-spacing-right-large:11.52%;--awb-margin-bottom-large:20px;--awb-spacing-left-large:11.52%;--awb-width-medium:100%;--awb-order-medium:0;--awb-spacing-right-medium:1.92%;--awb-spacing-left-medium:1.92%;--awb-width-small:100%;--awb-order-small:0;--awb-spacing-right-small:1.92%;--awb-spacing-left-small:1.92%;\"><div class=\"fusion-column-wrapper fusion-column-has-shadow fusion-flex-justify-content-flex-start fusion-content-layout-column\"><\/div><\/div><div class=\"fusion-layout-column fusion_builder_column fusion-builder-column-12 fusion_builder_column_1_3 1_3 fusion-flex-column\" style=\"--awb-bg-size:cover;--awb-width-large:33.333333333333%;--awb-margin-top-large:0px;--awb-spacing-right-large:5.76%;--awb-margin-bottom-large:20px;--awb-spacing-left-large:5.76%;--awb-width-medium:100%;--awb-order-medium:0;--awb-spacing-right-medium:1.92%;--awb-spacing-left-medium:1.92%;--awb-width-small:100%;--awb-order-small:0;--awb-spacing-right-small:1.92%;--awb-spacing-left-small:1.92%;\"><div class=\"fusion-column-wrapper fusion-column-has-shadow fusion-flex-justify-content-flex-start fusion-content-layout-column\"><div class=\"fusion-text fusion-text-9\"><p><span style=\"color: #ff9900;\">Privaciones ilegales de la libertad<\/span><\/p>\n<\/div><div class=\"flourish-embed flourish-chart\" data-src=\"visualisation\/27942050\"><script src=\"https:\/\/public.flourish.studio\/resources\/embed.js\"><\/script><noscript><img class=\"lazyload\" decoding=\"async\" src=\"data:image\/gif;base64,R0lGODlhAQABAAAAACH5BAEKAAEALAAAAAABAAEAAAICTAEAOw==\" data-orig-src=\"https:\/\/public.flourish.studio\/visualisation\/27942050\/thumbnail\" width=\"100%\" alt=\"visualization\" \/><\/noscript><\/div><div class=\"fusion-text fusion-text-10\" style=\"--awb-font-size:16px;\"><p><span style=\"font-weight: 400; font-size: 10pt;\">Cantidad de privaciones ilegales de la libertad registradas entre enero de 1975 y diciembre de 1978. Nota: selecci\u00f3n por regiones representativas de PBA.<\/span><\/p>\n<p><span style=\"font-weight: 400; font-size: 10pt;\"><span style=\"font-size: 10pt;\">Fuente: REVIGE base 2.0 (2026), sobre Veredictos y Sentencias judiciales y RUVTE,<\/span> archivo DIPPBA.<\/span><\/p>\n<p><br style=\"font-weight: 400;\" \/><br style=\"font-weight: 400;\" \/><\/p>\n<\/div><\/div><\/div><div class=\"fusion-layout-column fusion_builder_column fusion-builder-column-13 fusion_builder_column_1_3 1_3 fusion-flex-column\" style=\"--awb-bg-size:cover;--awb-width-large:33.333333333333%;--awb-margin-top-large:0px;--awb-spacing-right-large:5.76%;--awb-margin-bottom-large:20px;--awb-spacing-left-large:5.76%;--awb-width-medium:100%;--awb-order-medium:0;--awb-spacing-right-medium:1.92%;--awb-spacing-left-medium:1.92%;--awb-width-small:100%;--awb-order-small:0;--awb-spacing-right-small:1.92%;--awb-spacing-left-small:1.92%;\"><div class=\"fusion-column-wrapper fusion-column-has-shadow fusion-flex-justify-content-flex-start fusion-content-layout-column\"><div class=\"fusion-text fusion-text-11\"><p><span style=\"color: #ff9900;\">Asesinatos<\/span><\/p>\n<\/div><div class=\"flourish-embed flourish-chart\" data-src=\"visualisation\/28014226\"><script src=\"https:\/\/public.flourish.studio\/resources\/embed.js\"><\/script><noscript><img class=\"lazyload\" decoding=\"async\" src=\"data:image\/gif;base64,R0lGODlhAQABAAAAACH5BAEKAAEALAAAAAABAAEAAAICTAEAOw==\" data-orig-src=\"https:\/\/public.flourish.studio\/visualisation\/28014226\/thumbnail\" width=\"100%\" alt=\"visualization\" \/><\/noscript><\/div><div class=\"fusion-text fusion-text-12\" style=\"--awb-font-size:16px;\"><p><span style=\"font-weight: 400; font-size: 10pt;\">Cantidad de asesinatos registrados entre enero de 1975 y diciembre de 1978. Nota: selecci\u00f3n por regiones representativas de PBA.<\/span><\/p>\n<p><span style=\"font-weight: 400; font-size: 10pt;\"><span style=\"font-size: 10pt;\">Fuente: REVIGE base 2.0 (2026), sobre Veredictos y Sentencias judiciales y RUVTE<\/span>.<\/span><\/p>\n<\/div><\/div><\/div><div class=\"fusion-layout-column fusion_builder_column fusion-builder-column-14 fusion_builder_column_1_6 1_6 fusion-flex-column\" style=\"--awb-bg-size:cover;--awb-width-large:16.666666666667%;--awb-margin-top-large:0px;--awb-spacing-right-large:11.52%;--awb-margin-bottom-large:20px;--awb-spacing-left-large:11.52%;--awb-width-medium:100%;--awb-order-medium:0;--awb-spacing-right-medium:1.92%;--awb-spacing-left-medium:1.92%;--awb-width-small:100%;--awb-order-small:0;--awb-spacing-right-small:1.92%;--awb-spacing-left-small:1.92%;\"><div class=\"fusion-column-wrapper fusion-column-has-shadow fusion-flex-justify-content-flex-start fusion-content-layout-column\"><\/div><\/div><\/div><\/div><div class=\"fusion-fullwidth fullwidth-box fusion-builder-row-6 fusion-flex-container has-pattern-background has-mask-background hundred-percent-fullwidth non-hundred-percent-height-scrolling\" style=\"--awb-border-radius-top-left:0px;--awb-border-radius-top-right:0px;--awb-border-radius-bottom-right:0px;--awb-border-radius-bottom-left:0px;--awb-background-color:#6b7280;--awb-flex-wrap:wrap;\" ><div class=\"fusion-builder-row fusion-row fusion-flex-align-items-stretch fusion-flex-content-wrap\" style=\"width:104% !important;max-width:104% !important;margin-left: calc(-4% \/ 2 );margin-right: calc(-4% \/ 2 );\"><div class=\"fusion-layout-column fusion_builder_column fusion-builder-column-15 fusion_builder_column_1_1 1_1 fusion-flex-column\" style=\"--awb-bg-size:cover;--awb-width-large:100%;--awb-margin-top-large:0px;--awb-spacing-right-large:1.92%;--awb-margin-bottom-large:20px;--awb-spacing-left-large:1.92%;--awb-width-medium:100%;--awb-order-medium:0;--awb-spacing-right-medium:1.92%;--awb-spacing-left-medium:1.92%;--awb-width-small:100%;--awb-order-small:0;--awb-spacing-right-small:1.92%;--awb-spacing-left-small:1.92%;\"><div class=\"fusion-column-wrapper fusion-column-has-shadow fusion-flex-justify-content-flex-start fusion-content-layout-column\"><div class=\"fusion-separator fusion-full-width-sep\" style=\"align-self: center;margin-left: auto;margin-right: auto;width:100%;\"><\/div><div class=\"fusion-separator fusion-full-width-sep\" style=\"align-self: center;margin-left: auto;margin-right: auto;width:100%;\"><\/div><\/div><\/div><div class=\"fusion-layout-column fusion_builder_column fusion-builder-column-16 fusion_builder_column_1_5 1_5 fusion-flex-column\" style=\"--awb-bg-size:cover;--awb-width-large:20%;--awb-margin-top-large:0px;--awb-spacing-right-large:9.6%;--awb-margin-bottom-large:20px;--awb-spacing-left-large:9.6%;--awb-width-medium:100%;--awb-order-medium:0;--awb-spacing-right-medium:1.92%;--awb-spacing-left-medium:1.92%;--awb-width-small:100%;--awb-order-small:0;--awb-spacing-right-small:1.92%;--awb-spacing-left-small:1.92%;\" data-scroll-devices=\"small-visibility,medium-visibility,large-visibility\"><div class=\"fusion-column-wrapper fusion-column-has-shadow fusion-flex-justify-content-center fusion-content-layout-column\"><div class=\"fusion-counters-box counters-box row fusion-clearfix fusion-columns-1\" style=\"--awb-body-color:#ffffff;--awb-border-color:#ffffff;--awb-color:var(--awb-color4);--awb-border-color:#ffffff;\"><div class=\"fusion-counter-box fusion-column col-counter-box counter-box-wrapper col-lg-12 col-md-12 col-sm-12\" data-animationOffset=\"top-into-view\"><div class=\"counter-box-container\"><div class=\"content-box-percentage content-box-counter\"><span class=\"display-counter\" data-value=\"13999\" data-direction=\"up\" data-decimals=\"0\">0<\/span><\/div><div class=\"counter-box-content\">Privaciones ilegales de la libertad<\/div><\/div><\/div><\/div><\/div><\/div><div class=\"fusion-layout-column fusion_builder_column fusion-builder-column-17 fusion_builder_column_2_5 2_5 fusion-flex-column\" style=\"--awb-bg-size:cover;--awb-width-large:40%;--awb-margin-top-large:0px;--awb-spacing-right-large:4.8%;--awb-margin-bottom-large:20px;--awb-spacing-left-large:4.8%;--awb-width-medium:100%;--awb-order-medium:0;--awb-spacing-right-medium:1.92%;--awb-spacing-left-medium:1.92%;--awb-width-small:100%;--awb-order-small:0;--awb-spacing-right-small:1.92%;--awb-spacing-left-small:1.92%;\" data-scroll-devices=\"small-visibility,medium-visibility,large-visibility\"><div class=\"fusion-column-wrapper fusion-column-has-shadow fusion-flex-justify-content-flex-start fusion-content-layout-column\"><div class=\"flourish-embed flourish-chart\" data-src=\"visualisation\/28003304\"><script src=\"https:\/\/public.flourish.studio\/resources\/embed.js\"><\/script><noscript><img class=\"lazyload\" decoding=\"async\" src=\"data:image\/gif;base64,R0lGODlhAQABAAAAACH5BAEKAAEALAAAAAABAAEAAAICTAEAOw==\" data-orig-src=\"https:\/\/public.flourish.studio\/visualisation\/28003304\/thumbnail\" width=\"100%\" alt=\"visualization\" \/><\/noscript><\/div><div class=\"fusion-text fusion-text-13\" style=\"--awb-text-color:#ffffff;\"><p><span style=\"font-weight: 400; font-size: 10pt;\">Privaciones ilegales de la libertad seg\u00fan hayan sido investigadas o no por la justicia en PBA. Base: 13.999 registros.<\/span><\/p>\n<p><span style=\"font-weight: 400; font-size: 10pt;\"><span style=\"font-size: 10pt;\">Fuente: REVIGE base 2.0 (2026), sobre Veredictos y Sentencias judiciales y RUVTE,<\/span> archivo DIPPBA.<\/span><\/p>\n<\/div><\/div><\/div><div class=\"fusion-layout-column fusion_builder_column fusion-builder-column-18 fusion_builder_column_2_5 2_5 fusion-flex-column\" style=\"--awb-bg-size:cover;--awb-width-large:40%;--awb-margin-top-large:0px;--awb-spacing-right-large:4.8%;--awb-margin-bottom-large:20px;--awb-spacing-left-large:4.8%;--awb-width-medium:100%;--awb-order-medium:0;--awb-spacing-right-medium:1.92%;--awb-spacing-left-medium:1.92%;--awb-width-small:100%;--awb-order-small:0;--awb-spacing-right-small:1.92%;--awb-spacing-left-small:1.92%;\" data-scroll-devices=\"small-visibility,medium-visibility,large-visibility\"><div class=\"fusion-column-wrapper fusion-column-has-shadow fusion-flex-justify-content-flex-start fusion-content-layout-column\"><div class=\"flourish-embed flourish-chart\" data-src=\"visualisation\/28003275\"><script src=\"https:\/\/public.flourish.studio\/resources\/embed.js\"><\/script><noscript><img class=\"lazyload\" decoding=\"async\" src=\"data:image\/gif;base64,R0lGODlhAQABAAAAACH5BAEKAAEALAAAAAABAAEAAAICTAEAOw==\" data-orig-src=\"https:\/\/public.flourish.studio\/visualisation\/28003275\/thumbnail\" width=\"100%\" alt=\"visualization\" \/><\/noscript><\/div><div class=\"fusion-text fusion-text-14\" style=\"--awb-text-color:#ffffff;\"><p><span style=\"font-weight: 400; font-size: 10pt;\">Privaciones ilegales de la libertad seg\u00fan sexo registrado (en %) en PBA.<\/span><\/p>\n<p><span style=\"font-weight: 400; font-size: 10pt;\"><span style=\"font-size: 10pt;\">Fuente: REVIGE base 2.0 (2026), sobre Veredictos y Sentencias judiciales y RUVTE,<\/span> archivo DIPPBA.<\/span><\/p>\n<\/div><\/div><\/div><\/div><\/div><div class=\"fusion-fullwidth fullwidth-box fusion-builder-row-7 fusion-flex-container has-pattern-background has-mask-background nonhundred-percent-fullwidth non-hundred-percent-height-scrolling\" style=\"--awb-border-radius-top-left:0px;--awb-border-radius-top-right:0px;--awb-border-radius-bottom-right:0px;--awb-border-radius-bottom-left:0px;--awb-flex-wrap:wrap;\" ><div class=\"fusion-builder-row fusion-row fusion-flex-align-items-stretch fusion-flex-content-wrap\" style=\"max-width:1216.8px;margin-left: calc(-4% \/ 2 );margin-right: calc(-4% \/ 2 );\"><div class=\"fusion-layout-column fusion_builder_column fusion-builder-column-19 fusion_builder_column_1_1 1_1 fusion-flex-column\" style=\"--awb-bg-size:cover;--awb-width-large:100%;--awb-margin-top-large:0px;--awb-spacing-right-large:1.92%;--awb-margin-bottom-large:20px;--awb-spacing-left-large:1.92%;--awb-width-medium:100%;--awb-order-medium:0;--awb-spacing-right-medium:1.92%;--awb-spacing-left-medium:1.92%;--awb-width-small:100%;--awb-order-small:0;--awb-spacing-right-small:1.92%;--awb-spacing-left-small:1.92%;\"><div class=\"fusion-column-wrapper fusion-column-has-shadow fusion-flex-justify-content-flex-start fusion-content-layout-column\"><div class=\"fusion-separator fusion-full-width-sep\" style=\"align-self: center;margin-left: auto;margin-right: auto;width:100%;\"><\/div><\/div><\/div><div class=\"fusion-layout-column fusion_builder_column fusion-builder-column-20 fusion_builder_column_1_3 1_3 fusion-flex-column\" style=\"--awb-bg-size:cover;--awb-width-large:33.333333333333%;--awb-margin-top-large:0px;--awb-spacing-right-large:5.76%;--awb-margin-bottom-large:20px;--awb-spacing-left-large:5.76%;--awb-width-medium:100%;--awb-order-medium:0;--awb-spacing-right-medium:1.92%;--awb-spacing-left-medium:1.92%;--awb-width-small:100%;--awb-order-small:0;--awb-spacing-right-small:1.92%;--awb-spacing-left-small:1.92%;\" data-scroll-devices=\"small-visibility,medium-visibility,large-visibility\"><div class=\"fusion-column-wrapper fusion-column-has-shadow fusion-flex-justify-content-center fusion-content-layout-column\"><div class=\"fusion-counters-box counters-box row fusion-clearfix fusion-columns-1\" style=\"--awb-color:var(--awb-color4);\"><div class=\"fusion-counter-box fusion-column col-counter-box counter-box-wrapper col-lg-12 col-md-12 col-sm-12\" data-animationOffset=\"top-into-view\"><div class=\"counter-box-container\"><div class=\"content-box-percentage content-box-counter\"><span class=\"display-counter\" data-value=\"8959\" data-direction=\"up\" data-decimals=\"0\">0<\/span><\/div><div class=\"counter-box-content\">Cantidad de torturas<\/div><\/div><\/div><\/div><\/div><\/div><div class=\"fusion-layout-column fusion_builder_column fusion-builder-column-21 fusion_builder_column_1_3 1_3 fusion-flex-column\" style=\"--awb-bg-size:cover;--awb-width-large:33.333333333333%;--awb-margin-top-large:0px;--awb-spacing-right-large:5.76%;--awb-margin-bottom-large:20px;--awb-spacing-left-large:5.76%;--awb-width-medium:100%;--awb-order-medium:0;--awb-spacing-right-medium:1.92%;--awb-spacing-left-medium:1.92%;--awb-width-small:100%;--awb-order-small:0;--awb-spacing-right-small:1.92%;--awb-spacing-left-small:1.92%;\"><div class=\"fusion-column-wrapper fusion-column-has-shadow fusion-flex-justify-content-flex-start fusion-content-layout-column\"><div class=\"flourish-embed flourish-chart\" data-src=\"visualisation\/27982410\"><script src=\"https:\/\/public.flourish.studio\/resources\/embed.js\"><\/script><noscript><img class=\"lazyload\" decoding=\"async\" src=\"data:image\/gif;base64,R0lGODlhAQABAAAAACH5BAEKAAEALAAAAAABAAEAAAICTAEAOw==\" data-orig-src=\"https:\/\/public.flourish.studio\/visualisation\/27982410\/thumbnail\" width=\"100%\" alt=\"visualization\" \/><\/noscript><\/div><div class=\"fusion-text fusion-text-15\"><p><span style=\"font-size: 10pt;\"><span style=\"font-weight: 400;\">Torturas en PBA seg\u00fan sexo registrado (en %). <em>N<\/em><\/span><span style=\"font-weight: 400;\"><em>ota<\/em>: en esta violencia se registra un solo hecho por persona. Se contempla en la propia definici\u00f3n de la violencia la sistematicidad y durabilidad de la acci\u00f3n en los lugares de encierro.<\/span><\/span><\/p>\n<p><span style=\"font-weight: 400; font-size: 10pt;\"><span style=\"font-size: 10pt;\">Fuente: REVIGE base 2.0 (2026), sobre Veredictos y Sentencias judiciales y RUVTE,<\/span> archivo DIPPBA.<\/span><\/p>\n<p><br style=\"font-weight: 400;\" \/><br style=\"font-weight: 400;\" \/><\/p>\n<\/div><\/div><\/div><div class=\"fusion-layout-column fusion_builder_column fusion-builder-column-22 fusion_builder_column_1_3 1_3 fusion-flex-column\" style=\"--awb-bg-size:cover;--awb-width-large:33.333333333333%;--awb-margin-top-large:0px;--awb-spacing-right-large:5.76%;--awb-margin-bottom-large:20px;--awb-spacing-left-large:5.76%;--awb-width-medium:100%;--awb-order-medium:0;--awb-spacing-right-medium:1.92%;--awb-spacing-left-medium:1.92%;--awb-width-small:100%;--awb-order-small:0;--awb-spacing-right-small:1.92%;--awb-spacing-left-small:1.92%;\"><div class=\"fusion-column-wrapper fusion-column-has-shadow fusion-flex-justify-content-flex-start fusion-content-layout-column\"><div class=\"flourish-embed flourish-chart\" data-src=\"visualisation\/27982511\"><script src=\"https:\/\/public.flourish.studio\/resources\/embed.js\"><\/script><noscript><img class=\"lazyload\" decoding=\"async\" src=\"data:image\/gif;base64,R0lGODlhAQABAAAAACH5BAEKAAEALAAAAAABAAEAAAICTAEAOw==\" data-orig-src=\"https:\/\/public.flourish.studio\/visualisation\/27982511\/thumbnail\" width=\"100%\" alt=\"visualization\" \/><\/noscript><\/div><div class=\"fusion-text fusion-text-16\"><p><span style=\"font-weight: 400; font-size: 10pt;\">Cantidad de torturas en PBA seg\u00fan hayan sido investigadas o no por la justicia. Base: 8.959 registros.\u00a0\u00a0<\/span><\/p>\n<p><span style=\"font-weight: 400; font-size: 10pt;\"><span style=\"font-size: 10pt;\">Fuente: REVIGE base 2.0 (2026), sobre Veredictos y Sentencias judiciales y RUVTE,<\/span> archivo DIPPBA<\/span><\/p>\n<p><span style=\"font-weight: 400; font-size: 10pt;\">.<\/span><\/p>\n<p><br style=\"font-weight: 400;\" \/><br style=\"font-weight: 400;\" \/><\/p>\n<\/div><\/div><\/div><div class=\"fusion-layout-column fusion_builder_column fusion-builder-column-23 fusion_builder_column_1_1 1_1 fusion-flex-column\" style=\"--awb-bg-size:cover;--awb-width-large:100%;--awb-margin-top-large:0px;--awb-spacing-right-large:1.92%;--awb-margin-bottom-large:20px;--awb-spacing-left-large:1.92%;--awb-width-medium:100%;--awb-order-medium:0;--awb-spacing-right-medium:1.92%;--awb-spacing-left-medium:1.92%;--awb-width-small:100%;--awb-order-small:0;--awb-spacing-right-small:1.92%;--awb-spacing-left-small:1.92%;\"><div class=\"fusion-column-wrapper fusion-column-has-shadow fusion-flex-justify-content-flex-start fusion-content-layout-column\"><div class=\"fusion-separator fusion-full-width-sep\" style=\"align-self: center;margin-left: auto;margin-right: auto;width:100%;\"><\/div><\/div><\/div><\/div><\/div><div class=\"fusion-fullwidth fullwidth-box fusion-builder-row-8 fusion-flex-container has-pattern-background has-mask-background hundred-percent-fullwidth non-hundred-percent-height-scrolling\" style=\"--awb-border-radius-top-left:0px;--awb-border-radius-top-right:0px;--awb-border-radius-bottom-right:0px;--awb-border-radius-bottom-left:0px;--awb-background-color:#6b7280;--awb-flex-wrap:wrap;\" ><div class=\"fusion-builder-row fusion-row fusion-flex-align-items-stretch fusion-flex-content-wrap\" style=\"width:104% !important;max-width:104% !important;margin-left: calc(-4% \/ 2 );margin-right: calc(-4% \/ 2 );\"><div class=\"fusion-layout-column fusion_builder_column fusion-builder-column-24 fusion_builder_column_1_1 1_1 fusion-flex-column\" style=\"--awb-bg-size:cover;--awb-width-large:100%;--awb-margin-top-large:0px;--awb-spacing-right-large:1.92%;--awb-margin-bottom-large:20px;--awb-spacing-left-large:1.92%;--awb-width-medium:100%;--awb-order-medium:0;--awb-spacing-right-medium:1.92%;--awb-spacing-left-medium:1.92%;--awb-width-small:100%;--awb-order-small:0;--awb-spacing-right-small:1.92%;--awb-spacing-left-small:1.92%;\"><div class=\"fusion-column-wrapper fusion-column-has-shadow fusion-flex-justify-content-flex-start fusion-content-layout-column\"><div class=\"fusion-separator fusion-full-width-sep\" style=\"align-self: center;margin-left: auto;margin-right: auto;width:100%;\"><\/div><\/div><\/div><div class=\"fusion-layout-column fusion_builder_column fusion-builder-column-25 fusion_builder_column_1_5 1_5 fusion-flex-column\" style=\"--awb-bg-size:cover;--awb-width-large:20%;--awb-margin-top-large:0px;--awb-spacing-right-large:9.6%;--awb-margin-bottom-large:20px;--awb-spacing-left-large:9.6%;--awb-width-medium:100%;--awb-order-medium:0;--awb-spacing-right-medium:1.92%;--awb-spacing-left-medium:1.92%;--awb-width-small:100%;--awb-order-small:0;--awb-spacing-right-small:1.92%;--awb-spacing-left-small:1.92%;\"><div class=\"fusion-column-wrapper fusion-column-has-shadow fusion-flex-justify-content-flex-start fusion-content-layout-column\"><\/div><\/div><div class=\"fusion-layout-column fusion_builder_column fusion-builder-column-26 fusion_builder_column_1_5 1_5 fusion-flex-column\" style=\"--awb-bg-size:cover;--awb-width-large:20%;--awb-margin-top-large:0px;--awb-spacing-right-large:9.6%;--awb-margin-bottom-large:20px;--awb-spacing-left-large:9.6%;--awb-width-medium:100%;--awb-order-medium:0;--awb-spacing-right-medium:1.92%;--awb-spacing-left-medium:1.92%;--awb-width-small:100%;--awb-order-small:0;--awb-spacing-right-small:1.92%;--awb-spacing-left-small:1.92%;\" data-scroll-devices=\"small-visibility,medium-visibility,large-visibility\"><div class=\"fusion-column-wrapper fusion-column-has-shadow fusion-flex-justify-content-center fusion-content-layout-column\"><div class=\"fusion-counters-box counters-box row fusion-clearfix fusion-columns-1\" style=\"--awb-body-color:var(--awb-color1);--awb-border-color:#ffffff;--awb-color:var(--awb-color4);--awb-border-color:#ffffff;\"><div class=\"fusion-counter-box fusion-column col-counter-box counter-box-wrapper col-lg-12 col-md-12 col-sm-12\" data-animationOffset=\"top-into-view\"><div class=\"counter-box-container\"><div class=\"content-box-percentage content-box-counter\"><span class=\"display-counter\" data-value=\"875\" data-direction=\"up\" data-decimals=\"0\">0<\/span><\/div><div class=\"counter-box-content\">Cantidad de casos de violencia sexual<\/div><\/div><\/div><\/div><\/div><\/div><div class=\"fusion-layout-column fusion_builder_column fusion-builder-column-27 fusion_builder_column_2_5 2_5 fusion-flex-column\" style=\"--awb-bg-size:cover;--awb-width-large:40%;--awb-margin-top-large:0px;--awb-spacing-right-large:4.8%;--awb-margin-bottom-large:20px;--awb-spacing-left-large:4.8%;--awb-width-medium:100%;--awb-order-medium:0;--awb-spacing-right-medium:1.92%;--awb-spacing-left-medium:1.92%;--awb-width-small:100%;--awb-order-small:0;--awb-spacing-right-small:1.92%;--awb-spacing-left-small:1.92%;\"><div class=\"fusion-column-wrapper fusion-column-has-shadow fusion-flex-justify-content-flex-start fusion-content-layout-column\"><div class=\"flourish-embed flourish-chart\" data-src=\"visualisation\/27982655\"><script src=\"https:\/\/public.flourish.studio\/resources\/embed.js\"><\/script><noscript><img class=\"lazyload\" decoding=\"async\" src=\"data:image\/gif;base64,R0lGODlhAQABAAAAACH5BAEKAAEALAAAAAABAAEAAAICTAEAOw==\" data-orig-src=\"https:\/\/public.flourish.studio\/visualisation\/27982655\/thumbnail\" width=\"100%\" alt=\"visualization\" \/><\/noscript><\/div><div class=\"fusion-text fusion-text-17\" style=\"--awb-text-color:#ffffff;\"><p><span style=\"font-size: 10pt;\"><span style=\"font-weight: 400;\">Violencia sexual en PBA seg\u00fan g\u00e9nero registrado (en %). <em>Nota<\/em>:\u00a0<\/span><span style=\"font-weight: 400;\">en esta violencia se registra un solo hecho por persona. Se contempla en la propia definici\u00f3n de la violencia la sistematicidad y durabilidad de la acci\u00f3n en los lugares de encierro.<\/span><\/span><\/p>\n<p><span style=\"font-weight: 400; font-size: 10pt;\"><span style=\"font-size: 10pt;\">Fuente: REVIGE base 2.0 (2026), sobre Veredictos y Sentencias judiciales<\/span>.<\/span><\/p>\n<p><br style=\"font-weight: 400;\" \/><br style=\"font-weight: 400;\" \/><\/p>\n<\/div><\/div><\/div><div class=\"fusion-layout-column fusion_builder_column fusion-builder-column-28 fusion_builder_column_1_5 1_5 fusion-flex-column\" style=\"--awb-bg-size:cover;--awb-width-large:20%;--awb-margin-top-large:0px;--awb-spacing-right-large:9.6%;--awb-margin-bottom-large:20px;--awb-spacing-left-large:9.6%;--awb-width-medium:100%;--awb-order-medium:0;--awb-spacing-right-medium:1.92%;--awb-spacing-left-medium:1.92%;--awb-width-small:100%;--awb-order-small:0;--awb-spacing-right-small:1.92%;--awb-spacing-left-small:1.92%;\"><div class=\"fusion-column-wrapper fusion-column-has-shadow fusion-flex-justify-content-flex-start fusion-content-layout-column\"><\/div><\/div><\/div><\/div><div class=\"fusion-fullwidth fullwidth-box fusion-builder-row-9 fusion-flex-container has-pattern-background has-mask-background nonhundred-percent-fullwidth non-hundred-percent-height-scrolling\" style=\"--awb-border-radius-top-left:0px;--awb-border-radius-top-right:0px;--awb-border-radius-bottom-right:0px;--awb-border-radius-bottom-left:0px;--awb-flex-wrap:wrap;\" ><div class=\"fusion-builder-row fusion-row fusion-flex-align-items-stretch fusion-flex-content-wrap\" style=\"max-width:1216.8px;margin-left: calc(-4% \/ 2 );margin-right: calc(-4% \/ 2 );\"><div class=\"fusion-layout-column fusion_builder_column fusion-builder-column-29 fusion_builder_column_1_1 1_1 fusion-flex-column\" style=\"--awb-bg-size:cover;--awb-width-large:100%;--awb-margin-top-large:0px;--awb-spacing-right-large:1.92%;--awb-margin-bottom-large:20px;--awb-spacing-left-large:1.92%;--awb-width-medium:100%;--awb-order-medium:0;--awb-spacing-right-medium:1.92%;--awb-spacing-left-medium:1.92%;--awb-width-small:100%;--awb-order-small:0;--awb-spacing-right-small:1.92%;--awb-spacing-left-small:1.92%;\"><div class=\"fusion-column-wrapper fusion-column-has-shadow fusion-flex-justify-content-flex-start fusion-content-layout-column\"><div class=\"fusion-separator fusion-full-width-sep\" style=\"align-self: center;margin-left: auto;margin-right: auto;width:100%;\"><\/div><\/div><\/div><div class=\"fusion-layout-column fusion_builder_column fusion-builder-column-30 fusion_builder_column_1_3 1_3 fusion-flex-column\" style=\"--awb-bg-size:cover;--awb-width-large:33.333333333333%;--awb-margin-top-large:0px;--awb-spacing-right-large:5.76%;--awb-margin-bottom-large:20px;--awb-spacing-left-large:5.76%;--awb-width-medium:100%;--awb-order-medium:0;--awb-spacing-right-medium:1.92%;--awb-spacing-left-medium:1.92%;--awb-width-small:100%;--awb-order-small:0;--awb-spacing-right-small:1.92%;--awb-spacing-left-small:1.92%;\" data-scroll-devices=\"small-visibility,medium-visibility,large-visibility\"><div class=\"fusion-column-wrapper fusion-column-has-shadow fusion-flex-justify-content-center fusion-content-layout-column\"><div class=\"fusion-counters-box counters-box row fusion-clearfix fusion-columns-1\" style=\"--awb-color:var(--awb-color4);\"><div class=\"fusion-counter-box fusion-column col-counter-box counter-box-wrapper col-lg-12 col-md-12 col-sm-12\" data-animationOffset=\"top-into-view\"><div class=\"counter-box-container\"><div class=\"content-box-percentage content-box-counter\"><span class=\"display-counter\" data-value=\"9929\" data-direction=\"up\" data-decimals=\"0\">0<\/span><\/div><div class=\"counter-box-content\">Cantidad de desapariciones forzadas<\/div><\/div><\/div><\/div><\/div><\/div><div class=\"fusion-layout-column fusion_builder_column fusion-builder-column-31 fusion_builder_column_1_3 1_3 fusion-flex-column\" style=\"--awb-bg-size:cover;--awb-width-large:33.333333333333%;--awb-margin-top-large:0px;--awb-spacing-right-large:5.76%;--awb-margin-bottom-large:20px;--awb-spacing-left-large:5.76%;--awb-width-medium:100%;--awb-order-medium:0;--awb-spacing-right-medium:1.92%;--awb-spacing-left-medium:1.92%;--awb-width-small:100%;--awb-order-small:0;--awb-spacing-right-small:1.92%;--awb-spacing-left-small:1.92%;\"><div class=\"fusion-column-wrapper fusion-column-has-shadow fusion-flex-justify-content-flex-start fusion-content-layout-column\"><div class=\"flourish-embed flourish-chart\" data-src=\"visualisation\/27982753\"><script src=\"https:\/\/public.flourish.studio\/resources\/embed.js\"><\/script><noscript><img class=\"lazyload\" decoding=\"async\" src=\"data:image\/gif;base64,R0lGODlhAQABAAAAACH5BAEKAAEALAAAAAABAAEAAAICTAEAOw==\" data-orig-src=\"https:\/\/public.flourish.studio\/visualisation\/27982753\/thumbnail\" width=\"100%\" alt=\"visualization\" \/><\/noscript><\/div><div class=\"fusion-text fusion-text-18\"><p><span style=\"font-size: 10pt;\"><span style=\"font-weight: 400;\">Desapariciones forzadas en PBA seg\u00fan sexo registrado (en %). Base: <span data-sheets-root=\"1\">9929.\u00a0<\/span> <em>N<\/em><\/span><span style=\"font-weight: 400;\"><em>ota<\/em>: Una misma persona puede ser v\u00edctima de m\u00e1s de una violencia. Contempla personas que contin\u00faan desaparecidas o sus restos fueron identificados o fueron liberadas luego de estar desaparecidas por un tiempo. <span data-sheets-root=\"1\">\u00a0<\/span><\/span><\/span><\/p>\n<p><span style=\"font-weight: 400; font-size: 10pt;\"><span style=\"font-size: 10pt;\">Fuente: REVIGE base 2.0 (2026), sobre Veredictos y Sentencias judiciales y RUVTE<\/span>.<\/span><\/p>\n<p><br style=\"font-weight: 400;\" \/><br style=\"font-weight: 400;\" \/><\/p>\n<\/div><\/div><\/div><div class=\"fusion-layout-column fusion_builder_column fusion-builder-column-32 fusion_builder_column_1_3 1_3 fusion-flex-column\" style=\"--awb-bg-size:cover;--awb-width-large:33.333333333333%;--awb-margin-top-large:0px;--awb-spacing-right-large:5.76%;--awb-margin-bottom-large:20px;--awb-spacing-left-large:5.76%;--awb-width-medium:100%;--awb-order-medium:0;--awb-spacing-right-medium:1.92%;--awb-spacing-left-medium:1.92%;--awb-width-small:100%;--awb-order-small:0;--awb-spacing-right-small:1.92%;--awb-spacing-left-small:1.92%;\"><div class=\"fusion-column-wrapper fusion-column-has-shadow fusion-flex-justify-content-flex-start fusion-content-layout-column\"><div class=\"flourish-embed flourish-chart\" data-src=\"visualisation\/28008909\"><script src=\"https:\/\/public.flourish.studio\/resources\/embed.js\"><\/script><noscript><img class=\"lazyload\" decoding=\"async\" src=\"data:image\/gif;base64,R0lGODlhAQABAAAAACH5BAEKAAEALAAAAAABAAEAAAICTAEAOw==\" data-orig-src=\"https:\/\/public.flourish.studio\/visualisation\/28008909\/thumbnail\" width=\"100%\" alt=\"visualization\" \/><\/noscript><\/div><div class=\"fusion-text fusion-text-19\"><p><span style=\"font-size: 10pt;\"><span style=\"font-weight: 400;\">Cantidad de desapariciones forzadas en PBA seg\u00fan hayan sido investigadas o no por la justicia en PBA. Base: 3.229 (registros del RUVTE).\u00a0 <\/span><span style=\"font-weight: 400;\"><em>Nota<\/em>: se contempla sobre los casos de personas que a\u00fan siguen desaparecidas.<\/span><\/span><\/p>\n<p><span style=\"font-weight: 400; font-size: 10pt;\"><span style=\"font-size: 10pt;\">Fuente: REVIGE base 2.0 (2026), sobre Veredictos y Sentencias judiciales y RUVTE<\/span>.<\/span><\/p>\n<p><br style=\"font-weight: 400;\" \/><br style=\"font-weight: 400;\" \/><\/p>\n<\/div><\/div><\/div><\/div><\/div><div class=\"fusion-fullwidth fullwidth-box fusion-builder-row-10 fusion-flex-container has-pattern-background has-mask-background nonhundred-percent-fullwidth non-hundred-percent-height-scrolling\" style=\"--awb-border-radius-top-left:0px;--awb-border-radius-top-right:0px;--awb-border-radius-bottom-right:0px;--awb-border-radius-bottom-left:0px;--awb-flex-wrap:wrap;\" ><div class=\"fusion-builder-row fusion-row fusion-flex-align-items-flex-start fusion-flex-content-wrap\" style=\"max-width:1216.8px;margin-left: calc(-4% \/ 2 );margin-right: calc(-4% \/ 2 );\"><div class=\"fusion-layout-column fusion_builder_column fusion-builder-column-33 fusion_builder_column_1_1 1_1 fusion-flex-column\" style=\"--awb-bg-size:cover;--awb-width-large:100%;--awb-margin-top-large:0px;--awb-spacing-right-large:1.92%;--awb-margin-bottom-large:20px;--awb-spacing-left-large:1.92%;--awb-width-medium:100%;--awb-order-medium:0;--awb-spacing-right-medium:1.92%;--awb-spacing-left-medium:1.92%;--awb-width-small:100%;--awb-order-small:0;--awb-spacing-right-small:1.92%;--awb-spacing-left-small:1.92%;\"><div class=\"fusion-column-wrapper fusion-column-has-shadow fusion-flex-justify-content-flex-start fusion-content-layout-column\"><div ><a class=\"fusion-button button-flat fusion-button-default-size button-default fusion-button-default button-1 fusion-button-default-span fusion-button-default-type\" target=\"_self\" href=\"https:\/\/www.comisionporlamemoria.org\/revige\/wp-content\/uploads\/sites\/16\/sites\/44\/2026\/03\/VIOLENCIAS.xlsx\"><i class=\"fa-angle-double-down fas awb-button__icon awb-button__icon--default button-icon-left\" aria-hidden=\"true\"><\/i><span class=\"fusion-button-text awb-button__text awb-button__text--default\">DESCARGAR DATOS<\/span><\/a><\/div><\/div><\/div><\/div><\/div><\/p>\n","protected":false},"excerpt":{"rendered":"","protected":false},"author":40,"featured_media":0,"parent":5604,"menu_order":0,"comment_status":"closed","ping_status":"closed","template":"100-width.php","meta":{"_acf_changed":false,"footnotes":""},"class_list":["post-5610","page","type-page","status-publish","hentry"],"acf":[],"_links":{"self":[{"href":"https:\/\/www.comisionporlamemoria.org\/revige\/wp-json\/wp\/v2\/pages\/5610","targetHints":{"allow":["GET"]}}],"collection":[{"href":"https:\/\/www.comisionporlamemoria.org\/revige\/wp-json\/wp\/v2\/pages"}],"about":[{"href":"https:\/\/www.comisionporlamemoria.org\/revige\/wp-json\/wp\/v2\/types\/page"}],"author":[{"embeddable":true,"href":"https:\/\/www.comisionporlamemoria.org\/revige\/wp-json\/wp\/v2\/users\/40"}],"replies":[{"embeddable":true,"href":"https:\/\/www.comisionporlamemoria.org\/revige\/wp-json\/wp\/v2\/comments?post=5610"}],"version-history":[{"count":0,"href":"https:\/\/www.comisionporlamemoria.org\/revige\/wp-json\/wp\/v2\/pages\/5610\/revisions"}],"up":[{"embeddable":true,"href":"https:\/\/www.comisionporlamemoria.org\/revige\/wp-json\/wp\/v2\/pages\/5604"}],"wp:attachment":[{"href":"https:\/\/www.comisionporlamemoria.org\/revige\/wp-json\/wp\/v2\/media?parent=5610"}],"curies":[{"name":"wp","href":"https:\/\/api.w.org\/{rel}","templated":true}]}}