{"id":1634,"date":"2020-09-14T23:12:08","date_gmt":"2020-09-14T23:12:08","guid":{"rendered":"https:\/\/www.comisionporlamemoria.org\/sitiosdememoria\/?post_type=avada_portfolio&#038;p=1634"},"modified":"2021-09-15T21:30:04","modified_gmt":"2021-09-15T21:30:04","slug":"espacio-para-la-memoria-y-promocion-de-los-derechos-ex-ccdtye-destacamento-de-arana","status":"publish","type":"avada_portfolio","link":"https:\/\/www.comisionporlamemoria.org\/sitiosdememoria\/ficha\/espacio-para-la-memoria-y-promocion-de-los-derechos-ex-ccdtye-destacamento-de-arana\/","title":{"rendered":"Espacio para la memoria ex CCDTyE Destacamento de Arana"},"content":{"rendered":"<p><div class=\"fusion-fullwidth fullwidth-box fusion-builder-row-1 fusion-flex-container nonhundred-percent-fullwidth non-hundred-percent-height-scrolling\" style=\"--awb-border-radius-top-left:0px;--awb-border-radius-top-right:0px;--awb-border-radius-bottom-right:0px;--awb-border-radius-bottom-left:0px;--awb-padding-top:0%;--awb-padding-bottom:0%;--awb-flex-wrap:wrap;\" ><div class=\"fusion-builder-row fusion-row fusion-flex-align-items-flex-start fusion-flex-content-wrap\" style=\"max-width:1248px;margin-left: calc(-4% \/ 2 );margin-right: calc(-4% \/ 2 );\"><div class=\"fusion-layout-column fusion_builder_column fusion-builder-column-0 fusion_builder_column_1_3 1_3 fusion-flex-column\" style=\"--awb-bg-size:cover;--awb-width-large:33.333333333333%;--awb-margin-top-large:25px;--awb-spacing-right-large:5.76%;--awb-margin-bottom-large:25px;--awb-spacing-left-large:5.76%;--awb-width-medium:100%;--awb-order-medium:0;--awb-spacing-right-medium:1.92%;--awb-spacing-left-medium:1.92%;--awb-width-small:100%;--awb-order-small:0;--awb-spacing-right-small:1.92%;--awb-spacing-left-small:1.92%;\"><div class=\"fusion-column-wrapper fusion-column-has-shadow fusion-flex-justify-content-flex-start fusion-content-layout-column\"><div ><a class=\"fusion-button button-flat fusion-button-default-size button-custom fusion-button-default button-1 fusion-button-span-yes fusion-button-default-type\" style=\"--button_accent_color:#821752;--button_border_color:#821752;--button_accent_hover_color:#ffffff;--button_border_hover_color:#821752;--button_border_width-top:1px;--button_border_width-right:1px;--button_border_width-bottom:1px;--button_border_width-left:1px;--button-border-radius-top-left:1px;--button-border-radius-top-right:1px;--button-border-radius-bottom-right:1px;--button-border-radius-bottom-left:1px;--button_gradient_top_color:#fafafa;--button_gradient_bottom_color:#fafafa;--button_gradient_top_color_hover:#821752;--button_gradient_bottom_color_hover:#821752;\" target=\"_self\" href=\"#historia\"><span class=\"fusion-button-text awb-button__text awb-button__text--default\">Historia<\/span><i class=\"fa-landmark fas awb-button__icon awb-button__icon--default button-icon-right\" aria-hidden=\"true\"><\/i><\/a><\/div><\/div><\/div><div class=\"fusion-layout-column fusion_builder_column fusion-builder-column-1 fusion_builder_column_1_3 1_3 fusion-flex-column\" style=\"--awb-bg-size:cover;--awb-width-large:33.333333333333%;--awb-margin-top-large:25px;--awb-spacing-right-large:5.76%;--awb-margin-bottom-large:25px;--awb-spacing-left-large:5.76%;--awb-width-medium:100%;--awb-order-medium:0;--awb-spacing-right-medium:1.92%;--awb-spacing-left-medium:1.92%;--awb-width-small:100%;--awb-order-small:0;--awb-spacing-right-small:1.92%;--awb-spacing-left-small:1.92%;\"><div class=\"fusion-column-wrapper fusion-column-has-shadow fusion-flex-justify-content-flex-start fusion-content-layout-column\"><div ><a class=\"fusion-button button-flat fusion-button-default-size button-custom fusion-button-default button-2 fusion-button-span-yes fusion-button-default-type\" style=\"--button_accent_color:#821752;--button_border_color:#821752;--button_accent_hover_color:#ffffff;--button_border_hover_color:#821752;--button_border_width-top:1px;--button_border_width-right:1px;--button_border_width-bottom:1px;--button_border_width-left:1px;--button-border-radius-top-left:1px;--button-border-radius-top-right:1px;--button-border-radius-bottom-right:1px;--button-border-radius-bottom-left:1px;--button_gradient_top_color:#fafafa;--button_gradient_bottom_color:#fafafa;--button_gradient_top_color_hover:#821752;--button_gradient_bottom_color_hover:#821752;\" target=\"_self\" href=\"#desafectacion\"><span class=\"fusion-button-text awb-button__text awb-button__text--default\">Desafectaci\u00f3n<\/span><i class=\"fa-fist-raised fas awb-button__icon awb-button__icon--default button-icon-right\" aria-hidden=\"true\"><\/i><\/a><\/div><\/div><\/div><div class=\"fusion-layout-column fusion_builder_column fusion-builder-column-2 fusion_builder_column_1_3 1_3 fusion-flex-column\" style=\"--awb-bg-size:cover;--awb-width-large:33.333333333333%;--awb-margin-top-large:25px;--awb-spacing-right-large:5.76%;--awb-margin-bottom-large:25px;--awb-spacing-left-large:5.76%;--awb-width-medium:100%;--awb-order-medium:0;--awb-spacing-right-medium:1.92%;--awb-spacing-left-medium:1.92%;--awb-width-small:100%;--awb-order-small:0;--awb-spacing-right-small:1.92%;--awb-spacing-left-small:1.92%;\"><div class=\"fusion-column-wrapper fusion-column-has-shadow fusion-flex-justify-content-flex-start fusion-content-layout-column\"><div ><a class=\"fusion-button button-flat fusion-button-default-size button-custom fusion-button-default button-3 fusion-button-span-yes fusion-button-default-type\" style=\"--button_accent_color:#821752;--button_border_color:#821752;--button_accent_hover_color:#ffffff;--button_border_hover_color:#821752;--button_border_width-top:1px;--button_border_width-right:1px;--button_border_width-bottom:1px;--button_border_width-left:1px;--button-border-radius-top-left:1px;--button-border-radius-top-right:1px;--button-border-radius-bottom-right:1px;--button-border-radius-bottom-left:1px;--button_gradient_top_color:#fafafa;--button_gradient_bottom_color:#fafafa;--button_gradient_top_color_hover:#821752;--button_gradient_bottom_color_hover:#821752;\" target=\"_self\" href=\"#el-sitio-hoy\"><span class=\"fusion-button-text awb-button__text awb-button__text--default\">Hoy<\/span><i class=\"fa-map-marker-alt fas awb-button__icon awb-button__icon--default button-icon-right\" aria-hidden=\"true\"><\/i><\/a><\/div><\/div><\/div><\/div><\/div><div class=\"fusion-fullwidth fullwidth-box fusion-builder-row-2 fusion-flex-container nonhundred-percent-fullwidth non-hundred-percent-height-scrolling\" style=\"--awb-border-radius-top-left:0px;--awb-border-radius-top-right:0px;--awb-border-radius-bottom-right:0px;--awb-border-radius-bottom-left:0px;--awb-padding-top:0%;--awb-padding-bottom:0%;--awb-flex-wrap:wrap;\" ><div class=\"fusion-builder-row fusion-row fusion-flex-align-items-flex-start fusion-flex-content-wrap\" style=\"max-width:1248px;margin-left: calc(-4% \/ 2 );margin-right: calc(-4% \/ 2 );\"><div class=\"fusion-layout-column fusion_builder_column fusion-builder-column-3 fusion_builder_column_1_3 1_3 fusion-flex-column\" style=\"--awb-bg-size:cover;--awb-width-large:33.333333333333%;--awb-margin-top-large:25px;--awb-spacing-right-large:5.76%;--awb-margin-bottom-large:25px;--awb-spacing-left-large:5.76%;--awb-width-medium:100%;--awb-order-medium:0;--awb-spacing-right-medium:1.92%;--awb-spacing-left-medium:1.92%;--awb-width-small:100%;--awb-order-small:0;--awb-spacing-right-small:1.92%;--awb-spacing-left-small:1.92%;\"><div class=\"fusion-column-wrapper fusion-column-has-shadow fusion-flex-justify-content-flex-start fusion-content-layout-column\"><div ><a class=\"fusion-button button-flat fusion-button-default-size button-custom fusion-button-default button-4 fusion-button-span-yes fusion-button-default-type\" style=\"--button_accent_color:#821752;--button_border_color:#821752;--button_accent_hover_color:#ffffff;--button_border_hover_color:#821752;--button_border_width-top:1px;--button_border_width-right:1px;--button_border_width-bottom:1px;--button_border_width-left:1px;--button-border-radius-top-left:1px;--button-border-radius-top-right:1px;--button-border-radius-bottom-right:1px;--button-border-radius-bottom-left:1px;--button_gradient_top_color:#fafafa;--button_gradient_bottom_color:#fafafa;--button_gradient_top_color_hover:#821752;--button_gradient_bottom_color_hover:#821752;\" target=\"_self\" href=\"#justicia\"><span class=\"fusion-button-text awb-button__text awb-button__text--default\">Justicia<\/span><i class=\"fa-balance-scale fas awb-button__icon awb-button__icon--default button-icon-right\" aria-hidden=\"true\"><\/i><\/a><\/div><\/div><\/div><div class=\"fusion-layout-column fusion_builder_column fusion-builder-column-4 fusion_builder_column_1_3 1_3 fusion-flex-column\" style=\"--awb-bg-size:cover;--awb-width-large:33.333333333333%;--awb-margin-top-large:25px;--awb-spacing-right-large:5.76%;--awb-margin-bottom-large:25px;--awb-spacing-left-large:5.76%;--awb-width-medium:100%;--awb-order-medium:0;--awb-spacing-right-medium:1.92%;--awb-spacing-left-medium:1.92%;--awb-width-small:100%;--awb-order-small:0;--awb-spacing-right-small:1.92%;--awb-spacing-left-small:1.92%;\"><div class=\"fusion-column-wrapper fusion-column-has-shadow fusion-flex-justify-content-flex-start fusion-content-layout-column\"><div ><a class=\"fusion-button button-flat fusion-button-default-size button-custom fusion-button-default button-5 fusion-button-span-yes fusion-button-default-type\" style=\"--button_accent_color:#821752;--button_border_color:#821752;--button_accent_hover_color:#ffffff;--button_border_hover_color:#821752;--button_border_width-top:1px;--button_border_width-right:1px;--button_border_width-bottom:1px;--button_border_width-left:1px;--button-border-radius-top-left:1px;--button-border-radius-top-right:1px;--button-border-radius-bottom-right:1px;--button-border-radius-bottom-left:1px;--button_gradient_top_color:#fafafa;--button_gradient_bottom_color:#fafafa;--button_gradient_top_color_hover:#821752;--button_gradient_bottom_color_hover:#821752;\" target=\"_self\" href=\"#gestion\"><span class=\"fusion-button-text awb-button__text awb-button__text--default\">Gesti\u00f3n<\/span><i class=\"fa-user-friends fas awb-button__icon awb-button__icon--default button-icon-right\" aria-hidden=\"true\"><\/i><\/a><\/div><\/div><\/div><div class=\"fusion-layout-column fusion_builder_column fusion-builder-column-5 fusion_builder_column_1_3 1_3 fusion-flex-column\" style=\"--awb-bg-size:cover;--awb-width-large:33.333333333333%;--awb-margin-top-large:25px;--awb-spacing-right-large:5.76%;--awb-margin-bottom-large:25px;--awb-spacing-left-large:5.76%;--awb-width-medium:100%;--awb-order-medium:0;--awb-spacing-right-medium:1.92%;--awb-spacing-left-medium:1.92%;--awb-width-small:100%;--awb-order-small:0;--awb-spacing-right-small:1.92%;--awb-spacing-left-small:1.92%;\"><div class=\"fusion-column-wrapper fusion-column-has-shadow fusion-flex-justify-content-flex-start fusion-content-layout-column\"><div ><a class=\"fusion-button button-flat fusion-button-default-size button-custom fusion-button-default button-6 fusion-button-span-yes fusion-button-default-type\" style=\"--button_accent_color:#821752;--button_border_color:#821752;--button_accent_hover_color:#ffffff;--button_border_hover_color:#821752;--button_border_width-top:1px;--button_border_width-right:1px;--button_border_width-bottom:1px;--button_border_width-left:1px;--button-border-radius-top-left:1px;--button-border-radius-top-right:1px;--button-border-radius-bottom-right:1px;--button-border-radius-bottom-left:1px;--button_gradient_top_color:#fafafa;--button_gradient_bottom_color:#fafafa;--button_gradient_top_color_hover:#821752;--button_gradient_bottom_color_hover:#821752;\" target=\"_self\" href=\"#contacto\"><span class=\"fusion-button-text awb-button__text awb-button__text--default\">Contacto<\/span><i class=\"fa-mobile-alt fas awb-button__icon awb-button__icon--default button-icon-right\" aria-hidden=\"true\"><\/i><\/a><\/div><\/div><\/div><\/div><\/div><div class=\"fusion-fullwidth fullwidth-box fusion-builder-row-3 fusion-flex-container nonhundred-percent-fullwidth non-hundred-percent-height-scrolling\" style=\"--awb-border-radius-top-left:0px;--awb-border-radius-top-right:0px;--awb-border-radius-bottom-right:0px;--awb-border-radius-bottom-left:0px;--awb-padding-top:0px;--awb-padding-bottom:0px;--awb-flex-wrap:wrap;\" ><div class=\"fusion-builder-row fusion-row fusion-flex-align-items-flex-start fusion-flex-content-wrap\" style=\"max-width:1248px;margin-left: calc(-4% \/ 2 );margin-right: calc(-4% \/ 2 );\"><div class=\"fusion-layout-column fusion_builder_column fusion-builder-column-6 fusion_builder_column_1_1 1_1 fusion-flex-column\" style=\"--awb-bg-size:cover;--awb-width-large:100%;--awb-margin-top-large:25px;--awb-spacing-right-large:1.92%;--awb-margin-bottom-large:25px;--awb-spacing-left-large:1.92%;--awb-width-medium:100%;--awb-order-medium:0;--awb-spacing-right-medium:1.92%;--awb-spacing-left-medium:1.92%;--awb-width-small:100%;--awb-order-small:0;--awb-spacing-right-small:1.92%;--awb-spacing-left-small:1.92%;\"><div class=\"fusion-column-wrapper fusion-column-has-shadow fusion-flex-justify-content-flex-start fusion-content-layout-column\"><div class=\"fusion-separator\" style=\"align-self: center;margin-left: auto;margin-right: auto;width:100%;max-width:80%;\"><div class=\"fusion-separator-border sep-single sep-dashed\" style=\"--awb-height:20px;--awb-amount:20px;--awb-sep-color:#821752;border-color:#821752;border-top-width:1px;\"><\/div><\/div><\/div><\/div><\/div><\/div><div class=\"fusion-fullwidth fullwidth-box fusion-builder-row-4 fusion-flex-container nonhundred-percent-fullwidth non-hundred-percent-height-scrolling\" style=\"--awb-border-radius-top-left:0px;--awb-border-radius-top-right:0px;--awb-border-radius-bottom-right:0px;--awb-border-radius-bottom-left:0px;--awb-padding-top:0%;--awb-padding-right:90px;--awb-padding-bottom:0%;--awb-padding-left:90px;--awb-flex-wrap:wrap;\" ><div class=\"fusion-builder-row fusion-row fusion-flex-align-items-flex-start fusion-flex-content-wrap\" style=\"max-width:1248px;margin-left: calc(-4% \/ 2 );margin-right: calc(-4% \/ 2 );\"><div class=\"fusion-layout-column fusion_builder_column fusion-builder-column-7 fusion_builder_column_1_1 1_1 fusion-flex-column\" style=\"--awb-bg-size:cover;--awb-width-large:100%;--awb-margin-top-large:25px;--awb-spacing-right-large:1.92%;--awb-margin-bottom-large:25px;--awb-spacing-left-large:1.92%;--awb-width-medium:100%;--awb-order-medium:0;--awb-spacing-right-medium:1.92%;--awb-spacing-left-medium:1.92%;--awb-width-small:100%;--awb-order-small:0;--awb-spacing-right-small:1.92%;--awb-spacing-left-small:1.92%;\"><div class=\"fusion-column-wrapper fusion-column-has-shadow fusion-flex-justify-content-flex-start fusion-content-layout-column\"><div class=\"fusion-menu-anchor\" id=\"historia\"><\/div><i class=\"fb-icon-element-1 fb-icon-element fontawesome-icon fa-landmark fas circle-yes fusion-text-flow icon-hover-animation-pulsate\" style=\"--awb-iconcolor:#fafafa;--awb-circlecolor:#821752;--awb-circlecolor-hover:#821752;--awb-circlebordersize:1px;--awb-font-size:17.6px;--awb-width:35.2px;--awb-height:35.2px;--awb-line-height:33.2px;--awb-margin-right:10px;\"><\/i><div class=\"fusion-title title fusion-title-1 fusion-sep-none fusion-title-text fusion-title-size-four\" style=\"--awb-margin-top-small:8px;--awb-margin-right-small:0px;--awb-margin-bottom-small:16px;--awb-margin-left-small:0px;\"><h4 class=\"fusion-title-heading title-heading-left fusion-responsive-typography-calculated\" style=\"font-family:&quot;Nunito&quot;;font-style:normal;font-weight:700;margin:0;--fontSize:19;--minFontSize:19;line-height:1.34;\">HISTORIA<\/h4><\/div><div class=\"fusion-separator fusion-full-width-sep\" style=\"align-self: center;margin-left: auto;margin-right: auto;flex-grow:3;margin-bottom:3%;width:100%;\"><div class=\"fusion-separator-border sep-single sep-solid\" style=\"--awb-height:20px;--awb-amount:20px;--awb-sep-color:#821752;border-color:#821752;border-top-width:3px;\"><\/div><\/div><div class=\"fusion-text fusion-text-1\"><p style=\"text-align: justify\">Este ex centro clandestino de detenci\u00f3n, tortura y exterminio (CCDTyE) oper\u00f3 bajo la \u00f3rbita del Comando zona I, sub-zona 11, \u00e1rea 113. Fue parte del circuito represivo conocido como Circuito Camps, donde funcion\u00f3 la Delegaci\u00f3n de Cuatrerismo de Arana que depend\u00eda en los a\u00f1os de la dictadura directamente de la Brigada de Investigaciones de la Plata. Con la denominaci\u00f3n de Puesto Zorzal, El campito, Casa de las mu\u00f1ecas, estaba ubicado en una zona semi rural y funcion\u00f3 entre mayo de 1976 y marzo de 1978; estaba a dos cuadras de la estaci\u00f3n de trenes de Arana, cerca del aeropuerto de la Plata y frente una f\u00e1brica de aceite.<\/p>\n<p style=\"text-align: justify\">Este CCDTyE form\u00f3 parte del circuito represivo de la provincia de Buenos Aires a cargo del jefe de Polic\u00eda, coronel Ram\u00f3n Camps,\u00a0y estuvieron secuestradas m\u00e1s de 250 personas; muchas est\u00e1n desaparecidas o fueron asesinadas. El traslado de los detenidos era fluido y constante: las personas no eran detenidas por per\u00edodos largos en el lugar, salvo raras excepciones. Los prisioneros eran alojados en las celdas y en el pasillo, muchas veces con gran hacinamiento en los diferentes espacios, como el patio del destacamento que tambi\u00e9n era utilizado como lugar de tortura y exterminio. La gran mayor\u00eda de los prisioneros llegaron all\u00ed luego de pasar por otros centros clandestinos de detenci\u00f3n pertenecientes al Circuito Camps. En este Lugar fueron trasladadas mujeres embarazadas y menores de edad.<\/p>\n<p style=\"text-align: justify\">Gracias a los testimonios de sobrevivientes y familiares, se sabe que por all\u00ed pasaron los j\u00f3venes de la Noche de los l\u00e1pices, militantes montoneros, del PRT y del PCML.<\/p>\n<\/div><\/div><\/div><\/div><\/div><div class=\"fusion-fullwidth fullwidth-box fusion-builder-row-5 fusion-flex-container nonhundred-percent-fullwidth non-hundred-percent-height-scrolling\" style=\"--awb-border-radius-top-left:0px;--awb-border-radius-top-right:0px;--awb-border-radius-bottom-right:0px;--awb-border-radius-bottom-left:0px;--awb-padding-top:0%;--awb-padding-right:90px;--awb-padding-bottom:0%;--awb-padding-left:90px;--awb-flex-wrap:wrap;\" ><div class=\"fusion-builder-row fusion-row fusion-flex-align-items-flex-start fusion-flex-content-wrap\" style=\"max-width:1248px;margin-left: calc(-4% \/ 2 );margin-right: calc(-4% \/ 2 );\"><div class=\"fusion-layout-column fusion_builder_column fusion-builder-column-8 fusion_builder_column_1_1 1_1 fusion-flex-column\" style=\"--awb-bg-size:cover;--awb-width-large:100%;--awb-margin-top-large:25px;--awb-spacing-right-large:1.92%;--awb-margin-bottom-large:25px;--awb-spacing-left-large:1.92%;--awb-width-medium:100%;--awb-order-medium:0;--awb-spacing-right-medium:1.92%;--awb-spacing-left-medium:1.92%;--awb-width-small:100%;--awb-order-small:0;--awb-spacing-right-small:1.92%;--awb-spacing-left-small:1.92%;\"><div class=\"fusion-column-wrapper fusion-column-has-shadow fusion-flex-justify-content-flex-start fusion-content-layout-column\"><div class=\"fusion-menu-anchor\" id=\"desafectacion\"><\/div><i class=\"fb-icon-element-2 fb-icon-element fontawesome-icon fa-fist-raised fas circle-yes fusion-text-flow icon-hover-animation-pulsate\" style=\"--awb-iconcolor:#fafafa;--awb-circlecolor:#821752;--awb-circlecolor-hover:#821752;--awb-circlebordersize:1px;--awb-font-size:17.6px;--awb-width:35.2px;--awb-height:35.2px;--awb-line-height:33.2px;--awb-margin-right:10px;\"><\/i><div class=\"fusion-title title fusion-title-2 fusion-sep-none fusion-title-text fusion-title-size-four\" style=\"--awb-margin-top-small:8px;--awb-margin-right-small:0px;--awb-margin-bottom-small:16px;--awb-margin-left-small:0px;\"><h4 class=\"fusion-title-heading title-heading-left fusion-responsive-typography-calculated\" style=\"font-family:&quot;Nunito&quot;;font-style:normal;font-weight:700;margin:0;--fontSize:19;--minFontSize:19;line-height:1.34;\">PROCESO DE DESAFECTACI\u00d3N, EXPROPIACI\u00d3N O RECUPERACI\u00d3N<\/h4><\/div><div class=\"fusion-separator fusion-full-width-sep\" style=\"align-self: center;margin-left: auto;margin-right: auto;flex-grow:3;margin-bottom:3%;width:100%;\"><div class=\"fusion-separator-border sep-single sep-solid\" style=\"--awb-height:20px;--awb-amount:20px;--awb-sep-color:#821752;border-color:#821752;border-top-width:3px;\"><\/div><\/div><div class=\"fusion-text fusion-text-2\"><p style=\"text-align: justify\">En el marco de la causa judicial, en el Incidente 11\/6 \u201cEquipo de Antropolog\u00eda Forense s\/solicitud de trabajos en C.C.D. Arana\u201d, el 25 de junio de 2007 el Juzgado Federal N\u00ba 3 orden\u00f3 que el Equipo Argentino de Antropolog\u00eda Forense (EAAF) realice trabajos de excavaci\u00f3n a fin de corroborar la existencia de enterramientos clandestinos. El Destacamento de Arana es el primer centro clandestino de detenci\u00f3n de la Polic\u00eda donde, hasta el momento y siguiendo los resultados que surgen del trabajo del EAAF, se ha logrado comprobar que hubo enterramientos clandestinos. En el a\u00f1o 2009 la preservaci\u00f3n de las excavaciones de Arana es al mismo tiempo preservaci\u00f3n de la prueba material, investigaci\u00f3n de la verdad acerca de los hechos ocurridos en el centro clandestino, y espacio de recordaci\u00f3n de las personas detenidas, desaparecidas y asesinadas, m\u00e1s all\u00e1 de que no se pueda a\u00fan establecer su identidad. En el a\u00f1o 2012 se refacciono y el\u00a0Tribunal Oral en lo Criminal Federal N\u00ba1 de La Plata, en el marco de la sentencia del juicio conocido como Circuito Camps, el 25 de marzo de 2013 exhort\u00f3 al Poder Ejecutivo de la provincia de Buenos Aires\u00a0a que el Destacamento de Arana y la Comisar\u00eda 5\u00aa de La Plata fueran destinados a sitios de memoria.<\/p>\n<p style=\"text-align: justify\">En 2016, la Secretar\u00eda de Derechos Humanos de la provincia Buenos Aires defini\u00f3 una desafectaci\u00f3n parcial del edificio y todo su terreno, y poner en funcionamiento espacios para la memoria y la promoci\u00f3n de los derechos humanos en territorio bonaerense. Impuls\u00f3 la obra para la recuperaci\u00f3n, preservaci\u00f3n y mantenimiento del ex CCDTyE Destacamento de Arana, en cumplimiento con lo dispuesto por diversas disposiciones judiciales y en l\u00ednea con reclamos hist\u00f3ricos de organizaciones de la sociedad civil. La obra culmin\u00f3 en diciembre del 2017, y el actual espacio para la memoria abri\u00f3 sus puertas a la comunidad en enero del 2018.<\/p>\n<\/div><\/div><\/div><\/div><\/div><div class=\"fusion-fullwidth fullwidth-box fusion-builder-row-6 fusion-flex-container nonhundred-percent-fullwidth non-hundred-percent-height-scrolling\" style=\"--awb-border-radius-top-left:0px;--awb-border-radius-top-right:0px;--awb-border-radius-bottom-right:0px;--awb-border-radius-bottom-left:0px;--awb-padding-top:0%;--awb-padding-right:90px;--awb-padding-bottom:0%;--awb-padding-left:90px;--awb-flex-wrap:wrap;\" ><div class=\"fusion-builder-row fusion-row fusion-flex-align-items-flex-start fusion-flex-content-wrap\" style=\"max-width:1248px;margin-left: calc(-4% \/ 2 );margin-right: calc(-4% \/ 2 );\"><div class=\"fusion-layout-column fusion_builder_column fusion-builder-column-9 fusion_builder_column_1_1 1_1 fusion-flex-column\" style=\"--awb-bg-size:cover;--awb-width-large:100%;--awb-margin-top-large:25px;--awb-spacing-right-large:1.92%;--awb-margin-bottom-large:25px;--awb-spacing-left-large:1.92%;--awb-width-medium:100%;--awb-order-medium:0;--awb-spacing-right-medium:1.92%;--awb-spacing-left-medium:1.92%;--awb-width-small:100%;--awb-order-small:0;--awb-spacing-right-small:1.92%;--awb-spacing-left-small:1.92%;\"><div class=\"fusion-column-wrapper fusion-column-has-shadow fusion-flex-justify-content-flex-start fusion-content-layout-column\"><div class=\"fusion-menu-anchor\" id=\"el-sitio-hoy\"><\/div><i class=\"fb-icon-element-3 fb-icon-element fontawesome-icon fa-map-marker-alt fas circle-yes fusion-text-flow icon-hover-animation-pulsate\" style=\"--awb-iconcolor:#fafafa;--awb-circlecolor:#821752;--awb-circlecolor-hover:#821752;--awb-circlebordersize:1px;--awb-font-size:17.6px;--awb-width:35.2px;--awb-height:35.2px;--awb-line-height:33.2px;--awb-margin-right:10px;\"><\/i><div class=\"fusion-title title fusion-title-3 fusion-sep-none fusion-title-text fusion-title-size-four\" style=\"--awb-margin-top-small:8px;--awb-margin-right-small:0px;--awb-margin-bottom-small:16px;--awb-margin-left-small:0px;\"><h4 class=\"fusion-title-heading title-heading-left fusion-responsive-typography-calculated\" style=\"font-family:&quot;Nunito&quot;;font-style:normal;font-weight:700;margin:0;--fontSize:19;--minFontSize:19;line-height:1.34;\">EL SITIO HOY<\/h4><\/div><div class=\"fusion-separator fusion-full-width-sep\" style=\"align-self: center;margin-left: auto;margin-right: auto;flex-grow:3;margin-bottom:3%;width:100%;\"><div class=\"fusion-separator-border sep-single sep-solid\" style=\"--awb-height:20px;--awb-amount:20px;--awb-sep-color:#821752;border-color:#821752;border-top-width:3px;\"><\/div><\/div><div class=\"fusion-text fusion-text-3\"><p style=\"text-align: justify\">Este Espacio para la Memoria tiene por objetivo llevar adelante iniciativas de memoria tendientes a la difusi\u00f3n y reflexi\u00f3n sobre las consecuencias sociales del terrorismo de Estado. Hoy la desafectaci\u00f3n es parcial, dado que contin\u00faa en funcionamiento la comisaria de Arana. Adem\u00e1s del \u00e1rea de protecci\u00f3n de excavaciones, cuenta ahora tambi\u00e9n con sal\u00f3n de clase, salas de investigaci\u00f3n, ba\u00f1os, equipamiento inform\u00e1tico, mobiliario, cartelera, iluminaci\u00f3n en todo el predio, plataforma para la recorrida y protecci\u00f3n perimetral.<\/p>\n<\/div><\/div><\/div><\/div><\/div><div class=\"fusion-fullwidth fullwidth-box fusion-builder-row-7 fusion-flex-container nonhundred-percent-fullwidth non-hundred-percent-height-scrolling\" style=\"--awb-border-radius-top-left:0px;--awb-border-radius-top-right:0px;--awb-border-radius-bottom-right:0px;--awb-border-radius-bottom-left:0px;--awb-padding-top:0%;--awb-padding-right:90px;--awb-padding-bottom:0%;--awb-padding-left:90px;--awb-flex-wrap:wrap;\" ><div class=\"fusion-builder-row fusion-row fusion-flex-align-items-flex-start fusion-flex-content-wrap\" style=\"max-width:1248px;margin-left: calc(-4% \/ 2 );margin-right: calc(-4% \/ 2 );\"><div class=\"fusion-layout-column fusion_builder_column fusion-builder-column-10 fusion_builder_column_1_1 1_1 fusion-flex-column\" style=\"--awb-bg-size:cover;--awb-width-large:100%;--awb-margin-top-large:25px;--awb-spacing-right-large:1.92%;--awb-margin-bottom-large:25px;--awb-spacing-left-large:1.92%;--awb-width-medium:100%;--awb-order-medium:0;--awb-spacing-right-medium:1.92%;--awb-spacing-left-medium:1.92%;--awb-width-small:100%;--awb-order-small:0;--awb-spacing-right-small:1.92%;--awb-spacing-left-small:1.92%;\"><div class=\"fusion-column-wrapper fusion-column-has-shadow fusion-flex-justify-content-flex-start fusion-content-layout-column\"><div class=\"fusion-menu-anchor\" id=\"justicia\"><\/div><i class=\"fb-icon-element-4 fb-icon-element fontawesome-icon fa-balance-scale fas circle-yes fusion-text-flow icon-hover-animation-pulsate\" style=\"--awb-iconcolor:#fafafa;--awb-circlecolor:#821752;--awb-circlecolor-hover:#821752;--awb-circlebordersize:1px;--awb-font-size:17.6px;--awb-width:35.2px;--awb-height:35.2px;--awb-line-height:33.2px;--awb-margin-right:10px;\"><\/i><div class=\"fusion-title title fusion-title-4 fusion-sep-none fusion-title-text fusion-title-size-four\" style=\"--awb-margin-top-small:8px;--awb-margin-right-small:0px;--awb-margin-bottom-small:16px;--awb-margin-left-small:0px;\"><h4 class=\"fusion-title-heading title-heading-left fusion-responsive-typography-calculated\" style=\"font-family:&quot;Nunito&quot;;font-style:normal;font-weight:700;margin:0;--fontSize:19;--minFontSize:19;line-height:1.34;\">JUSTICIA<\/h4><\/div><div class=\"fusion-separator fusion-full-width-sep\" style=\"align-self: center;margin-left: auto;margin-right: auto;flex-grow:3;margin-bottom:3%;width:100%;\"><div class=\"fusion-separator-border sep-single sep-solid\" style=\"--awb-height:20px;--awb-amount:20px;--awb-sep-color:#821752;border-color:#821752;border-top-width:3px;\"><\/div><\/div><div class=\"fusion-text fusion-text-4\"><ul>\n<li>Causa 13\/84, Juicio a las Juntas, sentencia 1985, C\u00e1mara Nacional de Apelaciones en lo Criminal y Correccional, Capital Federal.<\/li>\n<li>Causa 44\/85, Causa Camps, sentencia 1986, C\u00e1mara Nacional de Apelaciones en lo Criminal y Correccional de la Capital Federal.<\/li>\n<li>Causa 2251, Causa Etchecolatz, sentencia 2006, TOF 1, La Plata.<\/li>\n<li>Causa 2506, Von Wernich, sentencia 2007, TOF 1, La Plata.<\/li>\n<li>Causa 2955, Circuito Camps, sentencia 2012, TOF 1, La Plata.<\/li>\n<\/ul>\n<\/div><\/div><\/div><\/div><\/div><div class=\"fusion-fullwidth fullwidth-box fusion-builder-row-8 fusion-flex-container nonhundred-percent-fullwidth non-hundred-percent-height-scrolling\" style=\"--awb-border-radius-top-left:0px;--awb-border-radius-top-right:0px;--awb-border-radius-bottom-right:0px;--awb-border-radius-bottom-left:0px;--awb-padding-top:0%;--awb-padding-right:90px;--awb-padding-bottom:0%;--awb-padding-left:90px;--awb-flex-wrap:wrap;\" ><div class=\"fusion-builder-row fusion-row fusion-flex-align-items-flex-start fusion-flex-content-wrap\" style=\"max-width:1248px;margin-left: calc(-4% \/ 2 );margin-right: calc(-4% \/ 2 );\"><div class=\"fusion-layout-column fusion_builder_column fusion-builder-column-11 fusion_builder_column_1_1 1_1 fusion-flex-column\" style=\"--awb-bg-size:cover;--awb-width-large:100%;--awb-margin-top-large:25px;--awb-spacing-right-large:1.92%;--awb-margin-bottom-large:25px;--awb-spacing-left-large:1.92%;--awb-width-medium:100%;--awb-order-medium:0;--awb-spacing-right-medium:1.92%;--awb-spacing-left-medium:1.92%;--awb-width-small:100%;--awb-order-small:0;--awb-spacing-right-small:1.92%;--awb-spacing-left-small:1.92%;\"><div class=\"fusion-column-wrapper fusion-column-has-shadow fusion-flex-justify-content-flex-start fusion-content-layout-column\"><div class=\"fusion-menu-anchor\" id=\"gestion\"><\/div><i class=\"fb-icon-element-5 fb-icon-element fontawesome-icon fa-user-friends fas circle-yes fusion-text-flow icon-hover-animation-pulsate\" style=\"--awb-iconcolor:#fafafa;--awb-circlecolor:#821752;--awb-circlecolor-hover:#821752;--awb-circlebordersize:1px;--awb-font-size:17.6px;--awb-width:35.2px;--awb-height:35.2px;--awb-line-height:33.2px;--awb-margin-right:10px;\"><\/i><div class=\"fusion-title title fusion-title-5 fusion-sep-none fusion-title-text fusion-title-size-four\" style=\"--awb-margin-top-small:8px;--awb-margin-right-small:0px;--awb-margin-bottom-small:16px;--awb-margin-left-small:0px;\"><h4 class=\"fusion-title-heading title-heading-left fusion-responsive-typography-calculated\" style=\"font-family:&quot;Nunito&quot;;font-style:normal;font-weight:700;margin:0;--fontSize:19;--minFontSize:19;line-height:1.34;\">GESTI\u00d3N<\/h4><\/div><div class=\"fusion-separator fusion-full-width-sep\" style=\"align-self: center;margin-left: auto;margin-right: auto;flex-grow:3;margin-bottom:3%;width:100%;\"><div class=\"fusion-separator-border sep-single sep-solid\" style=\"--awb-height:20px;--awb-amount:20px;--awb-sep-color:#821752;border-color:#821752;border-top-width:3px;\"><\/div><\/div><div class=\"fusion-text fusion-text-5\"><p style=\"text-align: justify;\">Subsecretaria de Derechos Humanos de la provincia de Buenos Aires. Direcci\u00f3n de Sitios y Espacios de Memoria.<\/p>\n<\/div><\/div><\/div><\/div><\/div><div class=\"fusion-fullwidth fullwidth-box fusion-builder-row-9 fusion-flex-container nonhundred-percent-fullwidth non-hundred-percent-height-scrolling\" style=\"--awb-border-radius-top-left:0px;--awb-border-radius-top-right:0px;--awb-border-radius-bottom-right:0px;--awb-border-radius-bottom-left:0px;--awb-padding-top:0%;--awb-padding-right:90px;--awb-padding-bottom:0%;--awb-padding-left:90px;--awb-flex-wrap:wrap;\" ><div class=\"fusion-builder-row fusion-row fusion-flex-align-items-flex-start fusion-flex-content-wrap\" style=\"max-width:1248px;margin-left: calc(-4% \/ 2 );margin-right: calc(-4% \/ 2 );\"><div class=\"fusion-layout-column fusion_builder_column fusion-builder-column-12 fusion_builder_column_1_1 1_1 fusion-flex-column\" style=\"--awb-bg-size:cover;--awb-width-large:100%;--awb-margin-top-large:25px;--awb-spacing-right-large:1.92%;--awb-margin-bottom-large:25px;--awb-spacing-left-large:1.92%;--awb-width-medium:100%;--awb-order-medium:0;--awb-spacing-right-medium:1.92%;--awb-spacing-left-medium:1.92%;--awb-width-small:100%;--awb-order-small:0;--awb-spacing-right-small:1.92%;--awb-spacing-left-small:1.92%;\"><div class=\"fusion-column-wrapper fusion-column-has-shadow fusion-flex-justify-content-flex-start fusion-content-layout-column\"><div class=\"fusion-menu-anchor\" id=\"contacto\"><\/div><i class=\"fb-icon-element-6 fb-icon-element fontawesome-icon fa-mobile-alt fas circle-yes fusion-text-flow icon-hover-animation-pulsate\" style=\"--awb-iconcolor:#fafafa;--awb-circlecolor:#821752;--awb-circlecolor-hover:#821752;--awb-circlebordersize:1px;--awb-font-size:17.6px;--awb-width:35.2px;--awb-height:35.2px;--awb-line-height:33.2px;--awb-margin-right:10px;\"><\/i><div class=\"fusion-title title fusion-title-6 fusion-sep-none fusion-title-text fusion-title-size-four\" style=\"--awb-margin-top-small:8px;--awb-margin-right-small:0px;--awb-margin-bottom-small:16px;--awb-margin-left-small:0px;\"><h4 class=\"fusion-title-heading title-heading-left fusion-responsive-typography-calculated\" style=\"font-family:&quot;Nunito&quot;;font-style:normal;font-weight:700;margin:0;--fontSize:19;--minFontSize:19;line-height:1.34;\">CONTACTO<\/h4><\/div><div class=\"fusion-separator fusion-full-width-sep\" style=\"align-self: center;margin-left: auto;margin-right: auto;flex-grow:3;margin-bottom:3%;width:100%;\"><div class=\"fusion-separator-border sep-single sep-solid\" style=\"--awb-height:20px;--awb-amount:20px;--awb-sep-color:#821752;border-color:#821752;border-top-width:3px;\"><\/div><\/div><div class=\"fusion-social-links fusion-social-links-1\" style=\"--awb-margin-top:0px;--awb-margin-right:0px;--awb-margin-bottom:0px;--awb-margin-left:0px;--awb-box-border-top:0px;--awb-box-border-right:0px;--awb-box-border-bottom:0px;--awb-box-border-left:0px;--awb-icon-colors-hover:rgba(101,106,112,0.8);--awb-box-colors-hover:rgba(255,255,255,0.8);--awb-box-border-color:var(--awb-color3);--awb-box-border-color-hover:var(--awb-color4);\"><div class=\"fusion-social-networks boxed-icons color-type-custom\"><div class=\"fusion-social-networks-wrapper\"><a class=\"fusion-social-network-icon fusion-tooltip fusion-mail awb-icon-mail\" style=\"color:#656a70;font-size:18px;width:18px;background-color:#ffffff;border-color:#ffffff;border-radius:20px;\" data-placement=\"top\" data-title=\"Email\" data-toggle=\"tooltip\" title=\"Email\" aria-label=\"mail\" target=\"_blank\" rel=\"noopener noreferrer\" href=\"mailto:epm&#101;m&#111;r&#105;a&#097;&#114;ana&#064;&#103;&#109;&#097;&#105;&#108;.&#099;&#111;m\"><\/a><\/div><\/div><\/div><\/div><\/div><\/div><\/div><div class=\"fusion-fullwidth fullwidth-box fusion-builder-row-10 fusion-flex-container nonhundred-percent-fullwidth non-hundred-percent-height-scrolling\" style=\"--awb-border-radius-top-left:0px;--awb-border-radius-top-right:0px;--awb-border-radius-bottom-right:0px;--awb-border-radius-bottom-left:0px;--awb-flex-wrap:wrap;\" ><div class=\"fusion-builder-row fusion-row fusion-flex-align-items-flex-start fusion-flex-content-wrap\" style=\"max-width:1248px;margin-left: calc(-4% \/ 2 );margin-right: calc(-4% \/ 2 );\"><div class=\"fusion-layout-column fusion_builder_column fusion-builder-column-13 fusion_builder_column_1_1 1_1 fusion-flex-column\" style=\"--awb-bg-size:cover;--awb-width-large:100%;--awb-margin-top-large:25px;--awb-spacing-right-large:1.92%;--awb-margin-bottom-large:25px;--awb-spacing-left-large:1.92%;--awb-width-medium:100%;--awb-order-medium:0;--awb-spacing-right-medium:1.92%;--awb-spacing-left-medium:1.92%;--awb-width-small:100%;--awb-order-small:0;--awb-spacing-right-small:1.92%;--awb-spacing-left-small:1.92%;\"><div class=\"fusion-column-wrapper fusion-column-has-shadow fusion-flex-justify-content-flex-start fusion-content-layout-column\"><div class=\"awb-gallery-wrapper awb-gallery-wrapper-1 button-span-no\"><div style=\"margin:-10px;--awb-bordersize:0px;\" class=\"fusion-gallery fusion-gallery-container fusion-grid-3 fusion-columns-total-9 fusion-gallery-layout-grid fusion-gallery-1\"><div style=\"padding:10px;\" class=\"fusion-grid-column fusion-gallery-column fusion-gallery-column-3 hover-type-zoomin\"><div class=\"fusion-gallery-image\"><a href=\"https:\/\/www.comisionporlamemoria.org\/sitiosdememoria\/wp-content\/uploads\/sites\/16\/sites\/31\/2020\/09\/DESTACAMENTO-ARANA-1-FotoPablo-Tesoriere.jpg\" rel=\"noreferrer\" data-rel=\"iLightbox[gallery_image_1]\" class=\"fusion-lightbox\" target=\"_self\"><img decoding=\"async\" src=\"https:\/\/www.comisionporlamemoria.org\/sitiosdememoria\/wp-content\/uploads\/sites\/16\/sites\/31\/2020\/09\/DESTACAMENTO-ARANA-1-FotoPablo-Tesoriere.jpg\" width=\"1024\" height=\"683\" alt=\"\" title=\"DESTACAMENTO-ARANA-1&#8211;FotoPablo-Tesoriere\" aria-label=\"DESTACAMENTO-ARANA-1&#8211;FotoPablo-Tesoriere\" class=\"img-responsive wp-image-2028\" srcset=\"https:\/\/www.comisionporlamemoria.org\/sitiosdememoria\/wp-content\/uploads\/sites\/16\/sites\/31\/2020\/09\/DESTACAMENTO-ARANA-1-FotoPablo-Tesoriere-200x133.jpg 200w, https:\/\/www.comisionporlamemoria.org\/sitiosdememoria\/wp-content\/uploads\/sites\/16\/sites\/31\/2020\/09\/DESTACAMENTO-ARANA-1-FotoPablo-Tesoriere-400x267.jpg 400w, https:\/\/www.comisionporlamemoria.org\/sitiosdememoria\/wp-content\/uploads\/sites\/16\/sites\/31\/2020\/09\/DESTACAMENTO-ARANA-1-FotoPablo-Tesoriere-600x400.jpg 600w, https:\/\/www.comisionporlamemoria.org\/sitiosdememoria\/wp-content\/uploads\/sites\/16\/sites\/31\/2020\/09\/DESTACAMENTO-ARANA-1-FotoPablo-Tesoriere-800x534.jpg 800w, https:\/\/www.comisionporlamemoria.org\/sitiosdememoria\/wp-content\/uploads\/sites\/16\/sites\/31\/2020\/09\/DESTACAMENTO-ARANA-1-FotoPablo-Tesoriere.jpg 1024w\" sizes=\"(min-width: 2200px) 100vw, (min-width: 784px) 393px, (min-width: 712px) 590px, (min-width: 640px) 712px, \" \/><\/a><\/div><\/div><div style=\"padding:10px;\" class=\"fusion-grid-column fusion-gallery-column fusion-gallery-column-3 hover-type-zoomin\"><div class=\"fusion-gallery-image\"><a href=\"https:\/\/www.comisionporlamemoria.org\/sitiosdememoria\/wp-content\/uploads\/sites\/16\/sites\/31\/2020\/09\/DESTACAMENTO-ARANA-2-FotoPablo-Tesoriere.jpg\" rel=\"noreferrer\" data-rel=\"iLightbox[gallery_image_1]\" class=\"fusion-lightbox\" target=\"_self\"><img decoding=\"async\" src=\"https:\/\/www.comisionporlamemoria.org\/sitiosdememoria\/wp-content\/uploads\/sites\/16\/sites\/31\/2020\/09\/DESTACAMENTO-ARANA-2-FotoPablo-Tesoriere.jpg\" width=\"1024\" height=\"683\" alt=\"\" title=\"DESTACAMENTO-ARANA-2&#8211;FotoPablo-Tesoriere\" aria-label=\"DESTACAMENTO-ARANA-2&#8211;FotoPablo-Tesoriere\" class=\"img-responsive wp-image-2029\" srcset=\"https:\/\/www.comisionporlamemoria.org\/sitiosdememoria\/wp-content\/uploads\/sites\/16\/sites\/31\/2020\/09\/DESTACAMENTO-ARANA-2-FotoPablo-Tesoriere-200x133.jpg 200w, https:\/\/www.comisionporlamemoria.org\/sitiosdememoria\/wp-content\/uploads\/sites\/16\/sites\/31\/2020\/09\/DESTACAMENTO-ARANA-2-FotoPablo-Tesoriere-400x267.jpg 400w, https:\/\/www.comisionporlamemoria.org\/sitiosdememoria\/wp-content\/uploads\/sites\/16\/sites\/31\/2020\/09\/DESTACAMENTO-ARANA-2-FotoPablo-Tesoriere-600x400.jpg 600w, https:\/\/www.comisionporlamemoria.org\/sitiosdememoria\/wp-content\/uploads\/sites\/16\/sites\/31\/2020\/09\/DESTACAMENTO-ARANA-2-FotoPablo-Tesoriere-800x534.jpg 800w, https:\/\/www.comisionporlamemoria.org\/sitiosdememoria\/wp-content\/uploads\/sites\/16\/sites\/31\/2020\/09\/DESTACAMENTO-ARANA-2-FotoPablo-Tesoriere.jpg 1024w\" sizes=\"(min-width: 2200px) 100vw, (min-width: 784px) 393px, (min-width: 712px) 590px, (min-width: 640px) 712px, \" \/><\/a><\/div><\/div><div style=\"padding:10px;\" class=\"fusion-grid-column fusion-gallery-column fusion-gallery-column-3 hover-type-zoomin\"><div class=\"fusion-gallery-image\"><a href=\"https:\/\/www.comisionporlamemoria.org\/sitiosdememoria\/wp-content\/uploads\/sites\/16\/sites\/31\/2020\/09\/DESTACAMENTO-ARANA-3-FotoPablo-Tesoriere.jpg\" rel=\"noreferrer\" data-rel=\"iLightbox[gallery_image_1]\" class=\"fusion-lightbox\" target=\"_self\"><img decoding=\"async\" src=\"https:\/\/www.comisionporlamemoria.org\/sitiosdememoria\/wp-content\/uploads\/sites\/16\/sites\/31\/2020\/09\/DESTACAMENTO-ARANA-3-FotoPablo-Tesoriere.jpg\" width=\"1024\" height=\"683\" alt=\"\" title=\"DESTACAMENTO-ARANA-3&#8211;FotoPablo-Tesoriere\" aria-label=\"DESTACAMENTO-ARANA-3&#8211;FotoPablo-Tesoriere\" class=\"img-responsive wp-image-2030\" srcset=\"https:\/\/www.comisionporlamemoria.org\/sitiosdememoria\/wp-content\/uploads\/sites\/16\/sites\/31\/2020\/09\/DESTACAMENTO-ARANA-3-FotoPablo-Tesoriere-200x133.jpg 200w, https:\/\/www.comisionporlamemoria.org\/sitiosdememoria\/wp-content\/uploads\/sites\/16\/sites\/31\/2020\/09\/DESTACAMENTO-ARANA-3-FotoPablo-Tesoriere-400x267.jpg 400w, https:\/\/www.comisionporlamemoria.org\/sitiosdememoria\/wp-content\/uploads\/sites\/16\/sites\/31\/2020\/09\/DESTACAMENTO-ARANA-3-FotoPablo-Tesoriere-600x400.jpg 600w, https:\/\/www.comisionporlamemoria.org\/sitiosdememoria\/wp-content\/uploads\/sites\/16\/sites\/31\/2020\/09\/DESTACAMENTO-ARANA-3-FotoPablo-Tesoriere-800x534.jpg 800w, https:\/\/www.comisionporlamemoria.org\/sitiosdememoria\/wp-content\/uploads\/sites\/16\/sites\/31\/2020\/09\/DESTACAMENTO-ARANA-3-FotoPablo-Tesoriere.jpg 1024w\" sizes=\"(min-width: 2200px) 100vw, (min-width: 784px) 393px, (min-width: 712px) 590px, (min-width: 640px) 712px, \" \/><\/a><\/div><\/div><div class=\"clearfix\"><\/div><div style=\"padding:10px;\" class=\"fusion-grid-column fusion-gallery-column fusion-gallery-column-3 hover-type-zoomin\"><div class=\"fusion-gallery-image\"><a href=\"https:\/\/www.comisionporlamemoria.org\/sitiosdememoria\/wp-content\/uploads\/sites\/16\/sites\/31\/2020\/09\/DESTACAMENTO-ARANA-4-FotoPablo-Tesoriere.jpg\" rel=\"noreferrer\" data-rel=\"iLightbox[gallery_image_1]\" class=\"fusion-lightbox\" target=\"_self\"><img decoding=\"async\" src=\"https:\/\/www.comisionporlamemoria.org\/sitiosdememoria\/wp-content\/uploads\/sites\/16\/sites\/31\/2020\/09\/DESTACAMENTO-ARANA-4-FotoPablo-Tesoriere.jpg\" width=\"1024\" height=\"683\" alt=\"\" title=\"DESTACAMENTO-ARANA-4&#8211;FotoPablo-Tesoriere\" aria-label=\"DESTACAMENTO-ARANA-4&#8211;FotoPablo-Tesoriere\" class=\"img-responsive wp-image-2031\" srcset=\"https:\/\/www.comisionporlamemoria.org\/sitiosdememoria\/wp-content\/uploads\/sites\/16\/sites\/31\/2020\/09\/DESTACAMENTO-ARANA-4-FotoPablo-Tesoriere-200x133.jpg 200w, https:\/\/www.comisionporlamemoria.org\/sitiosdememoria\/wp-content\/uploads\/sites\/16\/sites\/31\/2020\/09\/DESTACAMENTO-ARANA-4-FotoPablo-Tesoriere-400x267.jpg 400w, https:\/\/www.comisionporlamemoria.org\/sitiosdememoria\/wp-content\/uploads\/sites\/16\/sites\/31\/2020\/09\/DESTACAMENTO-ARANA-4-FotoPablo-Tesoriere-600x400.jpg 600w, https:\/\/www.comisionporlamemoria.org\/sitiosdememoria\/wp-content\/uploads\/sites\/16\/sites\/31\/2020\/09\/DESTACAMENTO-ARANA-4-FotoPablo-Tesoriere-800x534.jpg 800w, https:\/\/www.comisionporlamemoria.org\/sitiosdememoria\/wp-content\/uploads\/sites\/16\/sites\/31\/2020\/09\/DESTACAMENTO-ARANA-4-FotoPablo-Tesoriere.jpg 1024w\" sizes=\"(min-width: 2200px) 100vw, (min-width: 784px) 393px, (min-width: 712px) 590px, (min-width: 640px) 712px, \" \/><\/a><\/div><\/div><div style=\"padding:10px;\" class=\"fusion-grid-column fusion-gallery-column fusion-gallery-column-3 hover-type-zoomin\"><div class=\"fusion-gallery-image\"><a href=\"https:\/\/www.comisionporlamemoria.org\/sitiosdememoria\/wp-content\/uploads\/sites\/16\/sites\/31\/2020\/09\/DESTACAMENTO-ARANA-5-FotoPablo-Tesoriere.jpg\" rel=\"noreferrer\" data-rel=\"iLightbox[gallery_image_1]\" class=\"fusion-lightbox\" target=\"_self\"><img decoding=\"async\" src=\"https:\/\/www.comisionporlamemoria.org\/sitiosdememoria\/wp-content\/uploads\/sites\/16\/sites\/31\/2020\/09\/DESTACAMENTO-ARANA-5-FotoPablo-Tesoriere.jpg\" width=\"1024\" height=\"683\" alt=\"\" title=\"DESTACAMENTO-ARANA-5&#8211;FotoPablo-Tesoriere\" aria-label=\"DESTACAMENTO-ARANA-5&#8211;FotoPablo-Tesoriere\" class=\"img-responsive wp-image-2032\" srcset=\"https:\/\/www.comisionporlamemoria.org\/sitiosdememoria\/wp-content\/uploads\/sites\/16\/sites\/31\/2020\/09\/DESTACAMENTO-ARANA-5-FotoPablo-Tesoriere-200x133.jpg 200w, https:\/\/www.comisionporlamemoria.org\/sitiosdememoria\/wp-content\/uploads\/sites\/16\/sites\/31\/2020\/09\/DESTACAMENTO-ARANA-5-FotoPablo-Tesoriere-400x267.jpg 400w, https:\/\/www.comisionporlamemoria.org\/sitiosdememoria\/wp-content\/uploads\/sites\/16\/sites\/31\/2020\/09\/DESTACAMENTO-ARANA-5-FotoPablo-Tesoriere-600x400.jpg 600w, https:\/\/www.comisionporlamemoria.org\/sitiosdememoria\/wp-content\/uploads\/sites\/16\/sites\/31\/2020\/09\/DESTACAMENTO-ARANA-5-FotoPablo-Tesoriere-800x534.jpg 800w, https:\/\/www.comisionporlamemoria.org\/sitiosdememoria\/wp-content\/uploads\/sites\/16\/sites\/31\/2020\/09\/DESTACAMENTO-ARANA-5-FotoPablo-Tesoriere.jpg 1024w\" sizes=\"(min-width: 2200px) 100vw, (min-width: 784px) 393px, (min-width: 712px) 590px, (min-width: 640px) 712px, \" \/><\/a><\/div><\/div><div style=\"padding:10px;\" class=\"fusion-grid-column fusion-gallery-column fusion-gallery-column-3 hover-type-zoomin\"><div class=\"fusion-gallery-image\"><a href=\"https:\/\/www.comisionporlamemoria.org\/sitiosdememoria\/wp-content\/uploads\/sites\/16\/sites\/31\/2020\/09\/DESTACAMENTO-ARANA-6-FotoPablo-Tesoriere.jpg\" rel=\"noreferrer\" data-rel=\"iLightbox[gallery_image_1]\" class=\"fusion-lightbox\" target=\"_self\"><img decoding=\"async\" src=\"https:\/\/www.comisionporlamemoria.org\/sitiosdememoria\/wp-content\/uploads\/sites\/16\/sites\/31\/2020\/09\/DESTACAMENTO-ARANA-6-FotoPablo-Tesoriere.jpg\" width=\"1024\" height=\"683\" alt=\"\" title=\"DESTACAMENTO-ARANA-6&#8211;FotoPablo-Tesoriere\" aria-label=\"DESTACAMENTO-ARANA-6&#8211;FotoPablo-Tesoriere\" class=\"img-responsive wp-image-2033\" srcset=\"https:\/\/www.comisionporlamemoria.org\/sitiosdememoria\/wp-content\/uploads\/sites\/16\/sites\/31\/2020\/09\/DESTACAMENTO-ARANA-6-FotoPablo-Tesoriere-200x133.jpg 200w, https:\/\/www.comisionporlamemoria.org\/sitiosdememoria\/wp-content\/uploads\/sites\/16\/sites\/31\/2020\/09\/DESTACAMENTO-ARANA-6-FotoPablo-Tesoriere-400x267.jpg 400w, https:\/\/www.comisionporlamemoria.org\/sitiosdememoria\/wp-content\/uploads\/sites\/16\/sites\/31\/2020\/09\/DESTACAMENTO-ARANA-6-FotoPablo-Tesoriere-600x400.jpg 600w, https:\/\/www.comisionporlamemoria.org\/sitiosdememoria\/wp-content\/uploads\/sites\/16\/sites\/31\/2020\/09\/DESTACAMENTO-ARANA-6-FotoPablo-Tesoriere-800x534.jpg 800w, https:\/\/www.comisionporlamemoria.org\/sitiosdememoria\/wp-content\/uploads\/sites\/16\/sites\/31\/2020\/09\/DESTACAMENTO-ARANA-6-FotoPablo-Tesoriere.jpg 1024w\" sizes=\"(min-width: 2200px) 100vw, (min-width: 784px) 393px, (min-width: 712px) 590px, (min-width: 640px) 712px, \" \/><\/a><\/div><\/div><div class=\"clearfix\"><\/div><div style=\"padding:10px;\" class=\"fusion-grid-column fusion-gallery-column fusion-gallery-column-3 hover-type-zoomin\"><div class=\"fusion-gallery-image\"><a href=\"https:\/\/www.comisionporlamemoria.org\/sitiosdememoria\/wp-content\/uploads\/sites\/16\/sites\/31\/2020\/09\/DESTACAMENTO-ARANA-7-Foto-CPM.jpg\" rel=\"noreferrer\" data-rel=\"iLightbox[gallery_image_1]\" class=\"fusion-lightbox\" target=\"_self\"><img decoding=\"async\" src=\"https:\/\/www.comisionporlamemoria.org\/sitiosdememoria\/wp-content\/uploads\/sites\/16\/sites\/31\/2020\/09\/DESTACAMENTO-ARANA-7-Foto-CPM.jpg\" width=\"1280\" height=\"720\" alt=\"\" title=\"DESTACAMENTO-ARANA-7-Foto-CPM\" aria-label=\"DESTACAMENTO-ARANA-7-Foto-CPM\" class=\"img-responsive wp-image-2025\" srcset=\"https:\/\/www.comisionporlamemoria.org\/sitiosdememoria\/wp-content\/uploads\/sites\/16\/sites\/31\/2020\/09\/DESTACAMENTO-ARANA-7-Foto-CPM-200x113.jpg 200w, https:\/\/www.comisionporlamemoria.org\/sitiosdememoria\/wp-content\/uploads\/sites\/16\/sites\/31\/2020\/09\/DESTACAMENTO-ARANA-7-Foto-CPM-400x225.jpg 400w, https:\/\/www.comisionporlamemoria.org\/sitiosdememoria\/wp-content\/uploads\/sites\/16\/sites\/31\/2020\/09\/DESTACAMENTO-ARANA-7-Foto-CPM-600x338.jpg 600w, https:\/\/www.comisionporlamemoria.org\/sitiosdememoria\/wp-content\/uploads\/sites\/16\/sites\/31\/2020\/09\/DESTACAMENTO-ARANA-7-Foto-CPM-800x450.jpg 800w, https:\/\/www.comisionporlamemoria.org\/sitiosdememoria\/wp-content\/uploads\/sites\/16\/sites\/31\/2020\/09\/DESTACAMENTO-ARANA-7-Foto-CPM-1200x675.jpg 1200w, https:\/\/www.comisionporlamemoria.org\/sitiosdememoria\/wp-content\/uploads\/sites\/16\/sites\/31\/2020\/09\/DESTACAMENTO-ARANA-7-Foto-CPM.jpg 1280w\" sizes=\"(min-width: 2200px) 100vw, (min-width: 784px) 393px, (min-width: 712px) 590px, (min-width: 640px) 712px, \" \/><\/a><\/div><\/div><div style=\"padding:10px;\" class=\"fusion-grid-column fusion-gallery-column fusion-gallery-column-3 hover-type-zoomin\"><div class=\"fusion-gallery-image\"><a href=\"https:\/\/www.comisionporlamemoria.org\/sitiosdememoria\/wp-content\/uploads\/sites\/16\/sites\/31\/2020\/09\/DESTACAMENTO-ARANA-9-Foto-CPM.jpg\" rel=\"noreferrer\" data-rel=\"iLightbox[gallery_image_1]\" class=\"fusion-lightbox\" target=\"_self\"><img decoding=\"async\" src=\"https:\/\/www.comisionporlamemoria.org\/sitiosdememoria\/wp-content\/uploads\/sites\/16\/sites\/31\/2020\/09\/DESTACAMENTO-ARANA-9-Foto-CPM.jpg\" width=\"1024\" height=\"273\" alt=\"\" title=\"DESTACAMENTO-ARANA-9&#8211;Foto-CPM\" aria-label=\"DESTACAMENTO-ARANA-9&#8211;Foto-CPM\" class=\"img-responsive wp-image-2027\" srcset=\"https:\/\/www.comisionporlamemoria.org\/sitiosdememoria\/wp-content\/uploads\/sites\/16\/sites\/31\/2020\/09\/DESTACAMENTO-ARANA-9-Foto-CPM-200x53.jpg 200w, https:\/\/www.comisionporlamemoria.org\/sitiosdememoria\/wp-content\/uploads\/sites\/16\/sites\/31\/2020\/09\/DESTACAMENTO-ARANA-9-Foto-CPM-400x107.jpg 400w, https:\/\/www.comisionporlamemoria.org\/sitiosdememoria\/wp-content\/uploads\/sites\/16\/sites\/31\/2020\/09\/DESTACAMENTO-ARANA-9-Foto-CPM-600x160.jpg 600w, https:\/\/www.comisionporlamemoria.org\/sitiosdememoria\/wp-content\/uploads\/sites\/16\/sites\/31\/2020\/09\/DESTACAMENTO-ARANA-9-Foto-CPM-800x213.jpg 800w, https:\/\/www.comisionporlamemoria.org\/sitiosdememoria\/wp-content\/uploads\/sites\/16\/sites\/31\/2020\/09\/DESTACAMENTO-ARANA-9-Foto-CPM.jpg 1024w\" sizes=\"(min-width: 2200px) 100vw, (min-width: 784px) 393px, (min-width: 712px) 590px, (min-width: 640px) 712px, \" \/><\/a><\/div><\/div><div style=\"padding:10px;\" class=\"fusion-grid-column fusion-gallery-column fusion-gallery-column-3 hover-type-zoomin\"><div class=\"fusion-gallery-image\"><a href=\"https:\/\/www.comisionporlamemoria.org\/sitiosdememoria\/wp-content\/uploads\/sites\/16\/sites\/31\/2020\/09\/DESTACAMENTO-ARANA-8-Foto-CPM.jpg\" rel=\"noreferrer\" data-rel=\"iLightbox[gallery_image_1]\" class=\"fusion-lightbox\" target=\"_self\"><img decoding=\"async\" src=\"https:\/\/www.comisionporlamemoria.org\/sitiosdememoria\/wp-content\/uploads\/sites\/16\/sites\/31\/2020\/09\/DESTACAMENTO-ARANA-8-Foto-CPM.jpg\" width=\"1280\" height=\"720\" alt=\"\" title=\"DESTACAMENTO-ARANA-8-Foto-CPM\" aria-label=\"DESTACAMENTO-ARANA-8-Foto-CPM\" class=\"img-responsive wp-image-2026\" srcset=\"https:\/\/www.comisionporlamemoria.org\/sitiosdememoria\/wp-content\/uploads\/sites\/16\/sites\/31\/2020\/09\/DESTACAMENTO-ARANA-8-Foto-CPM-200x113.jpg 200w, https:\/\/www.comisionporlamemoria.org\/sitiosdememoria\/wp-content\/uploads\/sites\/16\/sites\/31\/2020\/09\/DESTACAMENTO-ARANA-8-Foto-CPM-400x225.jpg 400w, https:\/\/www.comisionporlamemoria.org\/sitiosdememoria\/wp-content\/uploads\/sites\/16\/sites\/31\/2020\/09\/DESTACAMENTO-ARANA-8-Foto-CPM-600x338.jpg 600w, https:\/\/www.comisionporlamemoria.org\/sitiosdememoria\/wp-content\/uploads\/sites\/16\/sites\/31\/2020\/09\/DESTACAMENTO-ARANA-8-Foto-CPM-800x450.jpg 800w, https:\/\/www.comisionporlamemoria.org\/sitiosdememoria\/wp-content\/uploads\/sites\/16\/sites\/31\/2020\/09\/DESTACAMENTO-ARANA-8-Foto-CPM-1200x675.jpg 1200w, https:\/\/www.comisionporlamemoria.org\/sitiosdememoria\/wp-content\/uploads\/sites\/16\/sites\/31\/2020\/09\/DESTACAMENTO-ARANA-8-Foto-CPM.jpg 1280w\" sizes=\"(min-width: 2200px) 100vw, (min-width: 784px) 393px, (min-width: 712px) 590px, (min-width: 640px) 712px, \" \/><\/a><\/div><\/div><div class=\"clearfix\"><\/div><\/div><\/div><div class=\"fusion-text fusion-text-6 fusion-animated\" style=\"--awb-line-height:1.5;\" data-animationType=\"fadeInLeft\" data-animationDuration=\"0.3\" data-animationOffset=\"top-into-view\"><p style=\"text-align: right\">\n<p style=\"text-align: right\"><em><strong>Fotograf\u00edas: Pablo Tesoriere &#8211; CPM<\/strong><\/em><\/p>\n<\/div><\/div><\/div><\/div><\/div><\/p>\n","protected":false},"excerpt":{"rendered":"","protected":false},"author":32,"featured_media":0,"menu_order":0,"comment_status":"open","ping_status":"closed","template":"","format":"standard","meta":{"footnotes":""},"portfolio_category":[],"portfolio_skills":[],"portfolio_tags":[],"class_list":["post-1634","avada_portfolio","type-avada_portfolio","status-publish","format-standard","hentry"],"_links":{"self":[{"href":"https:\/\/www.comisionporlamemoria.org\/sitiosdememoria\/wp-json\/wp\/v2\/avada_portfolio\/1634","targetHints":{"allow":["GET"]}}],"collection":[{"href":"https:\/\/www.comisionporlamemoria.org\/sitiosdememoria\/wp-json\/wp\/v2\/avada_portfolio"}],"about":[{"href":"https:\/\/www.comisionporlamemoria.org\/sitiosdememoria\/wp-json\/wp\/v2\/types\/avada_portfolio"}],"author":[{"embeddable":true,"href":"https:\/\/www.comisionporlamemoria.org\/sitiosdememoria\/wp-json\/wp\/v2\/users\/32"}],"replies":[{"embeddable":true,"href":"https:\/\/www.comisionporlamemoria.org\/sitiosdememoria\/wp-json\/wp\/v2\/comments?post=1634"}],"version-history":[{"count":0,"href":"https:\/\/www.comisionporlamemoria.org\/sitiosdememoria\/wp-json\/wp\/v2\/avada_portfolio\/1634\/revisions"}],"wp:attachment":[{"href":"https:\/\/www.comisionporlamemoria.org\/sitiosdememoria\/wp-json\/wp\/v2\/media?parent=1634"}],"wp:term":[{"taxonomy":"portfolio_category","embeddable":true,"href":"https:\/\/www.comisionporlamemoria.org\/sitiosdememoria\/wp-json\/wp\/v2\/portfolio_category?post=1634"},{"taxonomy":"portfolio_skills","embeddable":true,"href":"https:\/\/www.comisionporlamemoria.org\/sitiosdememoria\/wp-json\/wp\/v2\/portfolio_skills?post=1634"},{"taxonomy":"portfolio_tags","embeddable":true,"href":"https:\/\/www.comisionporlamemoria.org\/sitiosdememoria\/wp-json\/wp\/v2\/portfolio_tags?post=1634"}],"curies":[{"name":"wp","href":"https:\/\/api.w.org\/{rel}","templated":true}]}}