{"id":1638,"date":"2020-09-14T23:15:26","date_gmt":"2020-09-14T23:15:26","guid":{"rendered":"https:\/\/www.comisionporlamemoria.org\/sitiosdememoria\/?post_type=avada_portfolio&#038;p=1638"},"modified":"2021-09-15T21:24:54","modified_gmt":"2021-09-15T21:24:54","slug":"ex-batallon-de-infanteria-de-marina-no-3","status":"publish","type":"avada_portfolio","link":"https:\/\/www.comisionporlamemoria.org\/sitiosdememoria\/ficha\/ex-batallon-de-infanteria-de-marina-no-3\/","title":{"rendered":"Ex Batall\u00f3n de Infanter\u00eda de Marina N\u00ba 3"},"content":{"rendered":"<p><div class=\"fusion-fullwidth fullwidth-box fusion-builder-row-1 fusion-flex-container nonhundred-percent-fullwidth non-hundred-percent-height-scrolling\" style=\"--awb-border-radius-top-left:0px;--awb-border-radius-top-right:0px;--awb-border-radius-bottom-right:0px;--awb-border-radius-bottom-left:0px;--awb-padding-top:0%;--awb-padding-bottom:0%;--awb-flex-wrap:wrap;\" ><div class=\"fusion-builder-row fusion-row fusion-flex-align-items-flex-start fusion-flex-content-wrap\" style=\"max-width:1248px;margin-left: calc(-4% \/ 2 );margin-right: calc(-4% \/ 2 );\"><div class=\"fusion-layout-column fusion_builder_column fusion-builder-column-0 fusion_builder_column_1_3 1_3 fusion-flex-column\" style=\"--awb-bg-size:cover;--awb-width-large:33.333333333333%;--awb-margin-top-large:25px;--awb-spacing-right-large:5.76%;--awb-margin-bottom-large:25px;--awb-spacing-left-large:5.76%;--awb-width-medium:100%;--awb-order-medium:0;--awb-spacing-right-medium:1.92%;--awb-spacing-left-medium:1.92%;--awb-width-small:100%;--awb-order-small:0;--awb-spacing-right-small:1.92%;--awb-spacing-left-small:1.92%;\"><div class=\"fusion-column-wrapper fusion-column-has-shadow fusion-flex-justify-content-flex-start fusion-content-layout-column\"><div ><a class=\"fusion-button button-flat fusion-button-default-size button-custom fusion-button-default button-1 fusion-button-span-yes fusion-button-default-type\" style=\"--button_accent_color:#821752;--button_border_color:#821752;--button_accent_hover_color:#ffffff;--button_border_hover_color:#821752;--button_border_width-top:1px;--button_border_width-right:1px;--button_border_width-bottom:1px;--button_border_width-left:1px;--button-border-radius-top-left:1px;--button-border-radius-top-right:1px;--button-border-radius-bottom-right:1px;--button-border-radius-bottom-left:1px;--button_gradient_top_color:#fafafa;--button_gradient_bottom_color:#fafafa;--button_gradient_top_color_hover:#821752;--button_gradient_bottom_color_hover:#821752;\" target=\"_self\" href=\"#historia\"><span class=\"fusion-button-text awb-button__text awb-button__text--default\">Historia<\/span><i class=\"fa-landmark fas awb-button__icon awb-button__icon--default button-icon-right\" aria-hidden=\"true\"><\/i><\/a><\/div><\/div><\/div><div class=\"fusion-layout-column fusion_builder_column fusion-builder-column-1 fusion_builder_column_1_3 1_3 fusion-flex-column\" style=\"--awb-bg-size:cover;--awb-width-large:33.333333333333%;--awb-margin-top-large:25px;--awb-spacing-right-large:5.76%;--awb-margin-bottom-large:25px;--awb-spacing-left-large:5.76%;--awb-width-medium:100%;--awb-order-medium:0;--awb-spacing-right-medium:1.92%;--awb-spacing-left-medium:1.92%;--awb-width-small:100%;--awb-order-small:0;--awb-spacing-right-small:1.92%;--awb-spacing-left-small:1.92%;\"><div class=\"fusion-column-wrapper fusion-column-has-shadow fusion-flex-justify-content-flex-start fusion-content-layout-column\"><div ><a class=\"fusion-button button-flat fusion-button-default-size button-custom fusion-button-default button-2 fusion-button-span-yes fusion-button-default-type\" style=\"--button_accent_color:#821752;--button_border_color:#821752;--button_accent_hover_color:#ffffff;--button_border_hover_color:#821752;--button_border_width-top:1px;--button_border_width-right:1px;--button_border_width-bottom:1px;--button_border_width-left:1px;--button-border-radius-top-left:1px;--button-border-radius-top-right:1px;--button-border-radius-bottom-right:1px;--button-border-radius-bottom-left:1px;--button_gradient_top_color:#fafafa;--button_gradient_bottom_color:#fafafa;--button_gradient_top_color_hover:#821752;--button_gradient_bottom_color_hover:#821752;\" target=\"_self\" href=\"#desafectacion\"><span class=\"fusion-button-text awb-button__text awb-button__text--default\">Desafectaci\u00f3n<\/span><i class=\"fa-fist-raised fas awb-button__icon awb-button__icon--default button-icon-right\" aria-hidden=\"true\"><\/i><\/a><\/div><\/div><\/div><div class=\"fusion-layout-column fusion_builder_column fusion-builder-column-2 fusion_builder_column_1_3 1_3 fusion-flex-column\" style=\"--awb-bg-size:cover;--awb-width-large:33.333333333333%;--awb-margin-top-large:25px;--awb-spacing-right-large:5.76%;--awb-margin-bottom-large:25px;--awb-spacing-left-large:5.76%;--awb-width-medium:100%;--awb-order-medium:0;--awb-spacing-right-medium:1.92%;--awb-spacing-left-medium:1.92%;--awb-width-small:100%;--awb-order-small:0;--awb-spacing-right-small:1.92%;--awb-spacing-left-small:1.92%;\"><div class=\"fusion-column-wrapper fusion-column-has-shadow fusion-flex-justify-content-flex-start fusion-content-layout-column\"><div ><a class=\"fusion-button button-flat fusion-button-default-size button-custom fusion-button-default button-3 fusion-button-span-yes fusion-button-default-type\" style=\"--button_accent_color:#821752;--button_border_color:#821752;--button_accent_hover_color:#ffffff;--button_border_hover_color:#821752;--button_border_width-top:1px;--button_border_width-right:1px;--button_border_width-bottom:1px;--button_border_width-left:1px;--button-border-radius-top-left:1px;--button-border-radius-top-right:1px;--button-border-radius-bottom-right:1px;--button-border-radius-bottom-left:1px;--button_gradient_top_color:#fafafa;--button_gradient_bottom_color:#fafafa;--button_gradient_top_color_hover:#821752;--button_gradient_bottom_color_hover:#821752;\" target=\"_self\" href=\"#el-sitio-hoy\"><span class=\"fusion-button-text awb-button__text awb-button__text--default\">Hoy<\/span><i class=\"fa-map-marker-alt fas awb-button__icon awb-button__icon--default button-icon-right\" aria-hidden=\"true\"><\/i><\/a><\/div><\/div><\/div><\/div><\/div><div class=\"fusion-fullwidth fullwidth-box fusion-builder-row-2 fusion-flex-container nonhundred-percent-fullwidth non-hundred-percent-height-scrolling\" style=\"--awb-border-radius-top-left:0px;--awb-border-radius-top-right:0px;--awb-border-radius-bottom-right:0px;--awb-border-radius-bottom-left:0px;--awb-padding-top:0%;--awb-padding-bottom:0%;--awb-flex-wrap:wrap;\" ><div class=\"fusion-builder-row fusion-row fusion-flex-align-items-flex-start fusion-flex-content-wrap\" style=\"max-width:1248px;margin-left: calc(-4% \/ 2 );margin-right: calc(-4% \/ 2 );\"><div class=\"fusion-layout-column fusion_builder_column fusion-builder-column-3 fusion_builder_column_1_3 1_3 fusion-flex-column\" style=\"--awb-bg-size:cover;--awb-width-large:33.333333333333%;--awb-margin-top-large:25px;--awb-spacing-right-large:5.76%;--awb-margin-bottom-large:25px;--awb-spacing-left-large:5.76%;--awb-width-medium:100%;--awb-order-medium:0;--awb-spacing-right-medium:1.92%;--awb-spacing-left-medium:1.92%;--awb-width-small:100%;--awb-order-small:0;--awb-spacing-right-small:1.92%;--awb-spacing-left-small:1.92%;\"><div class=\"fusion-column-wrapper fusion-column-has-shadow fusion-flex-justify-content-flex-start fusion-content-layout-column\"><div ><a class=\"fusion-button button-flat fusion-button-default-size button-custom fusion-button-default button-4 fusion-button-span-yes fusion-button-default-type\" style=\"--button_accent_color:#821752;--button_border_color:#821752;--button_accent_hover_color:#ffffff;--button_border_hover_color:#821752;--button_border_width-top:1px;--button_border_width-right:1px;--button_border_width-bottom:1px;--button_border_width-left:1px;--button-border-radius-top-left:1px;--button-border-radius-top-right:1px;--button-border-radius-bottom-right:1px;--button-border-radius-bottom-left:1px;--button_gradient_top_color:#fafafa;--button_gradient_bottom_color:#fafafa;--button_gradient_top_color_hover:#821752;--button_gradient_bottom_color_hover:#821752;\" target=\"_self\" href=\"#justicia\"><span class=\"fusion-button-text awb-button__text awb-button__text--default\">Justicia<\/span><i class=\"fa-balance-scale fas awb-button__icon awb-button__icon--default button-icon-right\" aria-hidden=\"true\"><\/i><\/a><\/div><\/div><\/div><div class=\"fusion-layout-column fusion_builder_column fusion-builder-column-4 fusion_builder_column_1_3 1_3 fusion-flex-column\" style=\"--awb-bg-size:cover;--awb-width-large:33.333333333333%;--awb-margin-top-large:25px;--awb-spacing-right-large:5.76%;--awb-margin-bottom-large:25px;--awb-spacing-left-large:5.76%;--awb-width-medium:100%;--awb-order-medium:0;--awb-spacing-right-medium:1.92%;--awb-spacing-left-medium:1.92%;--awb-width-small:100%;--awb-order-small:0;--awb-spacing-right-small:1.92%;--awb-spacing-left-small:1.92%;\"><div class=\"fusion-column-wrapper fusion-column-has-shadow fusion-flex-justify-content-flex-start fusion-content-layout-column\"><div ><a class=\"fusion-button button-flat fusion-button-default-size button-custom fusion-button-default button-5 fusion-button-span-yes fusion-button-default-type\" style=\"--button_accent_color:#821752;--button_border_color:#821752;--button_accent_hover_color:#ffffff;--button_border_hover_color:#821752;--button_border_width-top:1px;--button_border_width-right:1px;--button_border_width-bottom:1px;--button_border_width-left:1px;--button-border-radius-top-left:1px;--button-border-radius-top-right:1px;--button-border-radius-bottom-right:1px;--button-border-radius-bottom-left:1px;--button_gradient_top_color:#fafafa;--button_gradient_bottom_color:#fafafa;--button_gradient_top_color_hover:#821752;--button_gradient_bottom_color_hover:#821752;\" target=\"_self\" href=\"#gestion\"><span class=\"fusion-button-text awb-button__text awb-button__text--default\">Gesti\u00f3n<\/span><i class=\"fa-user-friends fas awb-button__icon awb-button__icon--default button-icon-right\" aria-hidden=\"true\"><\/i><\/a><\/div><\/div><\/div><div class=\"fusion-layout-column fusion_builder_column fusion-builder-column-5 fusion_builder_column_1_3 1_3 fusion-flex-column\" style=\"--awb-bg-size:cover;--awb-width-large:33.333333333333%;--awb-margin-top-large:25px;--awb-spacing-right-large:5.76%;--awb-margin-bottom-large:25px;--awb-spacing-left-large:5.76%;--awb-width-medium:100%;--awb-order-medium:0;--awb-spacing-right-medium:1.92%;--awb-spacing-left-medium:1.92%;--awb-width-small:100%;--awb-order-small:0;--awb-spacing-right-small:1.92%;--awb-spacing-left-small:1.92%;\"><div class=\"fusion-column-wrapper fusion-column-has-shadow fusion-flex-justify-content-flex-start fusion-content-layout-column\"><div ><a class=\"fusion-button button-flat fusion-button-default-size button-custom fusion-button-default button-6 fusion-button-span-yes fusion-button-default-type\" style=\"--button_accent_color:#821752;--button_border_color:#821752;--button_accent_hover_color:#ffffff;--button_border_hover_color:#821752;--button_border_width-top:1px;--button_border_width-right:1px;--button_border_width-bottom:1px;--button_border_width-left:1px;--button-border-radius-top-left:1px;--button-border-radius-top-right:1px;--button-border-radius-bottom-right:1px;--button-border-radius-bottom-left:1px;--button_gradient_top_color:#fafafa;--button_gradient_bottom_color:#fafafa;--button_gradient_top_color_hover:#821752;--button_gradient_bottom_color_hover:#821752;\" target=\"_self\" href=\"#contacto\"><span class=\"fusion-button-text awb-button__text awb-button__text--default\">Contacto<\/span><i class=\"fa-mobile-alt fas awb-button__icon awb-button__icon--default button-icon-right\" aria-hidden=\"true\"><\/i><\/a><\/div><\/div><\/div><\/div><\/div><div class=\"fusion-fullwidth fullwidth-box fusion-builder-row-3 fusion-flex-container nonhundred-percent-fullwidth non-hundred-percent-height-scrolling\" style=\"--awb-border-radius-top-left:0px;--awb-border-radius-top-right:0px;--awb-border-radius-bottom-right:0px;--awb-border-radius-bottom-left:0px;--awb-padding-top:0px;--awb-padding-bottom:0px;--awb-flex-wrap:wrap;\" ><div class=\"fusion-builder-row fusion-row fusion-flex-align-items-flex-start fusion-flex-content-wrap\" style=\"max-width:1248px;margin-left: calc(-4% \/ 2 );margin-right: calc(-4% \/ 2 );\"><div class=\"fusion-layout-column fusion_builder_column fusion-builder-column-6 fusion_builder_column_1_1 1_1 fusion-flex-column\" style=\"--awb-bg-size:cover;--awb-width-large:100%;--awb-margin-top-large:25px;--awb-spacing-right-large:1.92%;--awb-margin-bottom-large:25px;--awb-spacing-left-large:1.92%;--awb-width-medium:100%;--awb-order-medium:0;--awb-spacing-right-medium:1.92%;--awb-spacing-left-medium:1.92%;--awb-width-small:100%;--awb-order-small:0;--awb-spacing-right-small:1.92%;--awb-spacing-left-small:1.92%;\"><div class=\"fusion-column-wrapper fusion-column-has-shadow fusion-flex-justify-content-flex-start fusion-content-layout-column\"><div class=\"fusion-separator\" style=\"align-self: center;margin-left: auto;margin-right: auto;width:100%;max-width:80%;\"><div class=\"fusion-separator-border sep-single sep-dashed\" style=\"--awb-height:20px;--awb-amount:20px;--awb-sep-color:#821752;border-color:#821752;border-top-width:1px;\"><\/div><\/div><\/div><\/div><\/div><\/div><div class=\"fusion-fullwidth fullwidth-box fusion-builder-row-4 fusion-flex-container nonhundred-percent-fullwidth non-hundred-percent-height-scrolling\" style=\"--awb-border-radius-top-left:0px;--awb-border-radius-top-right:0px;--awb-border-radius-bottom-right:0px;--awb-border-radius-bottom-left:0px;--awb-padding-top:0%;--awb-padding-right:90px;--awb-padding-bottom:0%;--awb-padding-left:90px;--awb-flex-wrap:wrap;\" ><div class=\"fusion-builder-row fusion-row fusion-flex-align-items-flex-start fusion-flex-content-wrap\" style=\"max-width:1248px;margin-left: calc(-4% \/ 2 );margin-right: calc(-4% \/ 2 );\"><div class=\"fusion-layout-column fusion_builder_column fusion-builder-column-7 fusion_builder_column_1_1 1_1 fusion-flex-column\" style=\"--awb-bg-size:cover;--awb-width-large:100%;--awb-margin-top-large:25px;--awb-spacing-right-large:1.92%;--awb-margin-bottom-large:25px;--awb-spacing-left-large:1.92%;--awb-width-medium:100%;--awb-order-medium:0;--awb-spacing-right-medium:1.92%;--awb-spacing-left-medium:1.92%;--awb-width-small:100%;--awb-order-small:0;--awb-spacing-right-small:1.92%;--awb-spacing-left-small:1.92%;\"><div class=\"fusion-column-wrapper fusion-column-has-shadow fusion-flex-justify-content-flex-start fusion-content-layout-column\"><div class=\"fusion-menu-anchor\" id=\"historia\"><\/div><i class=\"fb-icon-element-1 fb-icon-element fontawesome-icon fa-landmark fas circle-yes fusion-text-flow icon-hover-animation-pulsate\" style=\"--awb-iconcolor:#fafafa;--awb-circlecolor:#821752;--awb-circlecolor-hover:#821752;--awb-circlebordersize:1px;--awb-font-size:17.6px;--awb-width:35.2px;--awb-height:35.2px;--awb-line-height:33.2px;--awb-margin-right:10px;\"><\/i><div class=\"fusion-title title fusion-title-1 fusion-sep-none fusion-title-text fusion-title-size-four\" style=\"--awb-margin-top-small:8px;--awb-margin-right-small:0px;--awb-margin-bottom-small:16px;--awb-margin-left-small:0px;\"><h4 class=\"fusion-title-heading title-heading-left fusion-responsive-typography-calculated\" style=\"font-family:&quot;Nunito&quot;;font-style:normal;font-weight:700;margin:0;--fontSize:19;--minFontSize:19;line-height:1.34;\">HISTORIA<\/h4><\/div><div class=\"fusion-separator fusion-full-width-sep\" style=\"align-self: center;margin-left: auto;margin-right: auto;flex-grow:3;margin-bottom:3%;width:100%;\"><div class=\"fusion-separator-border sep-single sep-solid\" style=\"--awb-height:20px;--awb-amount:20px;--awb-sep-color:#821752;border-color:#821752;border-top-width:3px;\"><\/div><\/div><div class=\"fusion-text fusion-text-1\"><p style=\"text-align: justify;\">El Batall\u00f3n de Infanter\u00eda de Marina 3 (BIM 3) fue creado por decreto 67.347 el 15 de julio de 1940; en un primer momento funcion\u00f3 en las instalaciones navales de R\u00edo Santiago, hasta que a comienzos de la d\u00e9cada del \u201860 se asent\u00f3 en el barrio El Dique de Ensenada. Adem\u00e1s de formar infantes de marina, constantemente recib\u00eda contingentes de j\u00f3venes de todo el pa\u00eds que deb\u00edan cumplir con el servicio militar obligatorio en la Armada Argentina.<\/p>\n<p style=\"text-align: justify;\">El BIM 3 funcion\u00f3, desde fines de 1975, como uno de los centros clandestinos de detenci\u00f3n tortura y exterminio de la Fuerza de Tareas 5 de la Armada Argentina. Operacionalmente se encontraba en la zona I, subzona 11, \u00e1rea FT5. Esta fuerza de tareas ten\u00eda control operacional sobre Berisso y Ensenada, localidades predominantemente obreras. As\u00ed, partir del golpe del 24 de marzo de 1976, el aparato represivo naval concentr\u00f3 buena parte de sus operaciones en el sindicalismo combativo de f\u00e1bricas del parque industrial de Berisso y Ensenada, como la sider\u00fargica Propulsora (grupo Techint), el frigor\u00edfico Swift, Astilleros R\u00edo Santiago e YPF, entre otras. Adem\u00e1s, se constat\u00f3 que el accionar de la FT5 consist\u00eda en identificar, mediante tareas de inteligencia, a aquellas trabajadoras o trabajadores que ten\u00edan alg\u00fan tipo de participaci\u00f3n en actividades sindicales. Estas personas fueron secuestradas y trasladadas a dependencias que hab\u00edan quedado bajo la \u00f3rbita de esa fuerza, en especial la sede de la Prefectura Naval de La Plata, el Liceo Naval Militar y en algunos casos el BIM 3 y el Hospital Naval. Los testimonios se\u00f1alan al BIM 3 como un centro de detenci\u00f3n activo desde fines de 1975 hasta al menos 1978, as\u00ed como a sus infantes y camiones participando de la mayor\u00eda de los operativos conjuntos de la regi\u00f3n. Tambi\u00e9n desde este predio fueron enviados soldados, en su mayor\u00eda conscriptos, a la guerra de Malvinas en 1982.<\/p>\n<\/div><\/div><\/div><\/div><\/div><div class=\"fusion-fullwidth fullwidth-box fusion-builder-row-5 fusion-flex-container nonhundred-percent-fullwidth non-hundred-percent-height-scrolling\" style=\"--awb-border-radius-top-left:0px;--awb-border-radius-top-right:0px;--awb-border-radius-bottom-right:0px;--awb-border-radius-bottom-left:0px;--awb-padding-top:0%;--awb-padding-right:90px;--awb-padding-bottom:0%;--awb-padding-left:90px;--awb-flex-wrap:wrap;\" ><div class=\"fusion-builder-row fusion-row fusion-flex-align-items-flex-start fusion-flex-content-wrap\" style=\"max-width:1248px;margin-left: calc(-4% \/ 2 );margin-right: calc(-4% \/ 2 );\"><div class=\"fusion-layout-column fusion_builder_column fusion-builder-column-8 fusion_builder_column_1_1 1_1 fusion-flex-column\" style=\"--awb-bg-size:cover;--awb-width-large:100%;--awb-margin-top-large:25px;--awb-spacing-right-large:1.92%;--awb-margin-bottom-large:25px;--awb-spacing-left-large:1.92%;--awb-width-medium:100%;--awb-order-medium:0;--awb-spacing-right-medium:1.92%;--awb-spacing-left-medium:1.92%;--awb-width-small:100%;--awb-order-small:0;--awb-spacing-right-small:1.92%;--awb-spacing-left-small:1.92%;\"><div class=\"fusion-column-wrapper fusion-column-has-shadow fusion-flex-justify-content-flex-start fusion-content-layout-column\"><div class=\"fusion-menu-anchor\" id=\"desafectacion\"><\/div><i class=\"fb-icon-element-2 fb-icon-element fontawesome-icon fa-fist-raised fas circle-yes fusion-text-flow icon-hover-animation-pulsate\" style=\"--awb-iconcolor:#fafafa;--awb-circlecolor:#821752;--awb-circlecolor-hover:#821752;--awb-circlebordersize:1px;--awb-font-size:17.6px;--awb-width:35.2px;--awb-height:35.2px;--awb-line-height:33.2px;--awb-margin-right:10px;\"><\/i><div class=\"fusion-title title fusion-title-2 fusion-sep-none fusion-title-text fusion-title-size-four\" style=\"--awb-margin-top-small:8px;--awb-margin-right-small:0px;--awb-margin-bottom-small:16px;--awb-margin-left-small:0px;\"><h4 class=\"fusion-title-heading title-heading-left fusion-responsive-typography-calculated\" style=\"font-family:&quot;Nunito&quot;;font-style:normal;font-weight:700;margin:0;--fontSize:19;--minFontSize:19;line-height:1.34;\">PROCESO DE DESAFECTACI\u00d3N, EXPROPIACI\u00d3N O RECUPERACI\u00d3N<\/h4><\/div><div class=\"fusion-separator fusion-full-width-sep\" style=\"align-self: center;margin-left: auto;margin-right: auto;flex-grow:3;margin-bottom:3%;width:100%;\"><div class=\"fusion-separator-border sep-single sep-solid\" style=\"--awb-height:20px;--awb-amount:20px;--awb-sep-color:#821752;border-color:#821752;border-top-width:3px;\"><\/div><\/div><div class=\"fusion-text fusion-text-2\"><p style=\"text-align: justify;\">En 1999 la Marina decidi\u00f3 mudar las instalaciones del BIM 3 a Z\u00e1rate (donde hoy sigue funcionando) y puso a la venta el predio. Los organismos de derechos humanos presentaron algunas medidas judiciales de no innovar en torno al a\u00f1o 2000 y 2001 que fueron desestimadas, y luego todos los edificios fueron demolidos. S\u00f3lo se conserva el pared\u00f3n de uno de los laterales, las garitas de vigilancia y la entrada con las siglas que nombran al BIM 3. El primer proyecto en ese predio fue un hipermercado, frenado por las c\u00e1maras de comercio de la regi\u00f3n, luego una alcald\u00eda policial, frenada por las entidades del barrio.<\/p>\n<p style=\"text-align: justify;\">En 2006 se consigui\u00f3 que la provincia de Buenos Aires lo expropiara y lo cediera para tres usos: nuevos edificios para la UNLP, un helipuerto de uso oficial y sanitario y -seg\u00fan la ley- un museo de la memoria, que nunca se concret\u00f3. Los fondos llegaron en 2011. Los organismos se dividieron entre quienes consideraron que no deb\u00eda darse este destino (y lo repudian hasta hoy) y quienes consideraron que la educaci\u00f3n p\u00fablica era la mejor opci\u00f3n para garantizar que se mantenga en pie la lucha por memoria, verdad y justicia.<\/p>\n<p style=\"text-align: justify;\">En 2012 se instal\u00f3 la Facultad de Psicolog\u00eda y, en el 2014, la Facultad de Humanidades y Ciencias de la Educaci\u00f3n. El grupo de Ensenada que motorizaba el museo ya no ten\u00eda la misma fuerza que en 2006. La Facultad, desde a\u00f1os atr\u00e1s hab\u00eda venido elaborando desde espacios colectivos y diversos proyectos c\u00f3mo ser\u00eda habitar un predio con esta historia, sabiendo que se le imprimir\u00edan nuevos sentidos, pero asumiendo la responsabilidad de no desdibujar su car\u00e1cter de huella del terrorismo de Estado. En abril de 2014, el predio fue se\u00f1alizado por la Naci\u00f3n y la Provincia e incluido en la \u00f3rbita de la Red Federal de Sitios. En el a\u00f1o 2019 se repuso el cartel de se\u00f1alizaci\u00f3n en el predio.<\/p>\n<\/div><\/div><\/div><\/div><\/div><div class=\"fusion-fullwidth fullwidth-box fusion-builder-row-6 fusion-flex-container nonhundred-percent-fullwidth non-hundred-percent-height-scrolling\" style=\"--awb-border-radius-top-left:0px;--awb-border-radius-top-right:0px;--awb-border-radius-bottom-right:0px;--awb-border-radius-bottom-left:0px;--awb-padding-top:0%;--awb-padding-right:90px;--awb-padding-bottom:0%;--awb-padding-left:90px;--awb-flex-wrap:wrap;\" ><div class=\"fusion-builder-row fusion-row fusion-flex-align-items-flex-start fusion-flex-content-wrap\" style=\"max-width:1248px;margin-left: calc(-4% \/ 2 );margin-right: calc(-4% \/ 2 );\"><div class=\"fusion-layout-column fusion_builder_column fusion-builder-column-9 fusion_builder_column_1_1 1_1 fusion-flex-column\" style=\"--awb-bg-size:cover;--awb-width-large:100%;--awb-margin-top-large:25px;--awb-spacing-right-large:1.92%;--awb-margin-bottom-large:25px;--awb-spacing-left-large:1.92%;--awb-width-medium:100%;--awb-order-medium:0;--awb-spacing-right-medium:1.92%;--awb-spacing-left-medium:1.92%;--awb-width-small:100%;--awb-order-small:0;--awb-spacing-right-small:1.92%;--awb-spacing-left-small:1.92%;\"><div class=\"fusion-column-wrapper fusion-column-has-shadow fusion-flex-justify-content-flex-start fusion-content-layout-column\"><div class=\"fusion-menu-anchor\" id=\"el-sitio-hoy\"><\/div><i class=\"fb-icon-element-3 fb-icon-element fontawesome-icon fa-map-marker-alt fas circle-yes fusion-text-flow icon-hover-animation-pulsate\" style=\"--awb-iconcolor:#fafafa;--awb-circlecolor:#821752;--awb-circlecolor-hover:#821752;--awb-circlebordersize:1px;--awb-font-size:17.6px;--awb-width:35.2px;--awb-height:35.2px;--awb-line-height:33.2px;--awb-margin-right:10px;\"><\/i><div class=\"fusion-title title fusion-title-3 fusion-sep-none fusion-title-text fusion-title-size-four\" style=\"--awb-margin-top-small:8px;--awb-margin-right-small:0px;--awb-margin-bottom-small:16px;--awb-margin-left-small:0px;\"><h4 class=\"fusion-title-heading title-heading-left fusion-responsive-typography-calculated\" style=\"font-family:&quot;Nunito&quot;;font-style:normal;font-weight:700;margin:0;--fontSize:19;--minFontSize:19;line-height:1.34;\">EL SITIO HOY<\/h4><\/div><div class=\"fusion-separator fusion-full-width-sep\" style=\"align-self: center;margin-left: auto;margin-right: auto;flex-grow:3;margin-bottom:3%;width:100%;\"><div class=\"fusion-separator-border sep-single sep-solid\" style=\"--awb-height:20px;--awb-amount:20px;--awb-sep-color:#821752;border-color:#821752;border-top-width:3px;\"><\/div><\/div><div class=\"fusion-text fusion-text-3\"><p style=\"text-align: justify;\">Se desarrollan diferentes actividades basadas en la pedagog\u00eda de la memoria en articulaci\u00f3n entre la Facultad de Humanidades y Ciencias de la Educaci\u00f3n y la Facultad de Psicolog\u00eda, junto a otras organizaciones de la regi\u00f3n. En los \u00faltimos a\u00f1os, las facultades han establecido recorridas para estudiantes ingresantes, visitantes extranjeros y otros grupos de la comunidad. Adem\u00e1s se impulsan diferentes proyectos de investigaci\u00f3n y extensi\u00f3n que buscan echar luz sobre el pasado del lugar, el rol de la Marina en la regi\u00f3n, y reivindicar la historia y memoria de las v\u00edctimas del circuito represivo que tuvo como eje al ex BIM 3. Como resultado de esas investigaciones se edit\u00f3 el libro Memorias del BIM. Biograf\u00edas. Las v\u00edctimas de la Fuerza de Tareas 5 en La Plata, Berisso y Ensenada, donde se re\u00fanen testimonios y recuerdos de m\u00e1s de 120 v\u00edctimas.<\/p>\n<\/div><\/div><\/div><\/div><\/div><div class=\"fusion-fullwidth fullwidth-box fusion-builder-row-7 fusion-flex-container nonhundred-percent-fullwidth non-hundred-percent-height-scrolling\" style=\"--awb-border-radius-top-left:0px;--awb-border-radius-top-right:0px;--awb-border-radius-bottom-right:0px;--awb-border-radius-bottom-left:0px;--awb-padding-top:0%;--awb-padding-right:90px;--awb-padding-bottom:0%;--awb-padding-left:90px;--awb-flex-wrap:wrap;\" ><div class=\"fusion-builder-row fusion-row fusion-flex-align-items-flex-start fusion-flex-content-wrap\" style=\"max-width:1248px;margin-left: calc(-4% \/ 2 );margin-right: calc(-4% \/ 2 );\"><div class=\"fusion-layout-column fusion_builder_column fusion-builder-column-10 fusion_builder_column_1_1 1_1 fusion-flex-column\" style=\"--awb-bg-size:cover;--awb-width-large:100%;--awb-margin-top-large:25px;--awb-spacing-right-large:1.92%;--awb-margin-bottom-large:25px;--awb-spacing-left-large:1.92%;--awb-width-medium:100%;--awb-order-medium:0;--awb-spacing-right-medium:1.92%;--awb-spacing-left-medium:1.92%;--awb-width-small:100%;--awb-order-small:0;--awb-spacing-right-small:1.92%;--awb-spacing-left-small:1.92%;\"><div class=\"fusion-column-wrapper fusion-column-has-shadow fusion-flex-justify-content-flex-start fusion-content-layout-column\"><div class=\"fusion-menu-anchor\" id=\"justicia\"><\/div><i class=\"fb-icon-element-4 fb-icon-element fontawesome-icon fa-balance-scale fas circle-yes fusion-text-flow icon-hover-animation-pulsate\" style=\"--awb-iconcolor:#fafafa;--awb-circlecolor:#821752;--awb-circlecolor-hover:#821752;--awb-circlebordersize:1px;--awb-font-size:17.6px;--awb-width:35.2px;--awb-height:35.2px;--awb-line-height:33.2px;--awb-margin-right:10px;\"><\/i><div class=\"fusion-title title fusion-title-4 fusion-sep-none fusion-title-text fusion-title-size-four\" style=\"--awb-margin-top-small:8px;--awb-margin-right-small:0px;--awb-margin-bottom-small:16px;--awb-margin-left-small:0px;\"><h4 class=\"fusion-title-heading title-heading-left fusion-responsive-typography-calculated\" style=\"font-family:&quot;Nunito&quot;;font-style:normal;font-weight:700;margin:0;--fontSize:19;--minFontSize:19;line-height:1.34;\">JUSTICIA<\/h4><\/div><div class=\"fusion-separator fusion-full-width-sep\" style=\"align-self: center;margin-left: auto;margin-right: auto;flex-grow:3;margin-bottom:3%;width:100%;\"><div class=\"fusion-separator-border sep-single sep-solid\" style=\"--awb-height:20px;--awb-amount:20px;--awb-sep-color:#821752;border-color:#821752;border-top-width:3px;\"><\/div><\/div><div class=\"fusion-text fusion-text-4\"><p style=\"text-align: justify;\">Causa 17\/12, FT 5, sentencia 2015, TOF 1, La Plata.<\/p>\n<\/div><\/div><\/div><\/div><\/div><div class=\"fusion-fullwidth fullwidth-box fusion-builder-row-8 fusion-flex-container nonhundred-percent-fullwidth non-hundred-percent-height-scrolling\" style=\"--awb-border-radius-top-left:0px;--awb-border-radius-top-right:0px;--awb-border-radius-bottom-right:0px;--awb-border-radius-bottom-left:0px;--awb-padding-top:0%;--awb-padding-right:90px;--awb-padding-bottom:0%;--awb-padding-left:90px;--awb-flex-wrap:wrap;\" ><div class=\"fusion-builder-row fusion-row fusion-flex-align-items-flex-start fusion-flex-content-wrap\" style=\"max-width:1248px;margin-left: calc(-4% \/ 2 );margin-right: calc(-4% \/ 2 );\"><div class=\"fusion-layout-column fusion_builder_column fusion-builder-column-11 fusion_builder_column_1_1 1_1 fusion-flex-column\" style=\"--awb-bg-size:cover;--awb-width-large:100%;--awb-margin-top-large:25px;--awb-spacing-right-large:1.92%;--awb-margin-bottom-large:25px;--awb-spacing-left-large:1.92%;--awb-width-medium:100%;--awb-order-medium:0;--awb-spacing-right-medium:1.92%;--awb-spacing-left-medium:1.92%;--awb-width-small:100%;--awb-order-small:0;--awb-spacing-right-small:1.92%;--awb-spacing-left-small:1.92%;\"><div class=\"fusion-column-wrapper fusion-column-has-shadow fusion-flex-justify-content-flex-start fusion-content-layout-column\"><div class=\"fusion-menu-anchor\" id=\"gestion\"><\/div><i class=\"fb-icon-element-5 fb-icon-element fontawesome-icon fa-user-friends fas circle-yes fusion-text-flow icon-hover-animation-pulsate\" style=\"--awb-iconcolor:#fafafa;--awb-circlecolor:#821752;--awb-circlecolor-hover:#821752;--awb-circlebordersize:1px;--awb-font-size:17.6px;--awb-width:35.2px;--awb-height:35.2px;--awb-line-height:33.2px;--awb-margin-right:10px;\"><\/i><div class=\"fusion-title title fusion-title-5 fusion-sep-none fusion-title-text fusion-title-size-four\" style=\"--awb-margin-top-small:8px;--awb-margin-right-small:0px;--awb-margin-bottom-small:16px;--awb-margin-left-small:0px;\"><h4 class=\"fusion-title-heading title-heading-left fusion-responsive-typography-calculated\" style=\"font-family:&quot;Nunito&quot;;font-style:normal;font-weight:700;margin:0;--fontSize:19;--minFontSize:19;line-height:1.34;\">GESTI\u00d3N<\/h4><\/div><div class=\"fusion-separator fusion-full-width-sep\" style=\"align-self: center;margin-left: auto;margin-right: auto;flex-grow:3;margin-bottom:3%;width:100%;\"><div class=\"fusion-separator-border sep-single sep-solid\" style=\"--awb-height:20px;--awb-amount:20px;--awb-sep-color:#821752;border-color:#821752;border-top-width:3px;\"><\/div><\/div><div class=\"fusion-text fusion-text-5\"><p style=\"text-align: justify;\">Universidad Nacional de la Plata: Facultad de Humanidades y Ciencias de la Educaci\u00f3n y Facultad de Psicolog\u00eda.<\/p>\n<\/div><\/div><\/div><\/div><\/div><div class=\"fusion-fullwidth fullwidth-box fusion-builder-row-9 fusion-flex-container nonhundred-percent-fullwidth non-hundred-percent-height-scrolling\" style=\"--awb-border-radius-top-left:0px;--awb-border-radius-top-right:0px;--awb-border-radius-bottom-right:0px;--awb-border-radius-bottom-left:0px;--awb-padding-top:0%;--awb-padding-right:90px;--awb-padding-bottom:0%;--awb-padding-left:90px;--awb-flex-wrap:wrap;\" ><div class=\"fusion-builder-row fusion-row fusion-flex-align-items-flex-start fusion-flex-content-wrap\" style=\"max-width:1248px;margin-left: calc(-4% \/ 2 );margin-right: calc(-4% \/ 2 );\"><div class=\"fusion-layout-column fusion_builder_column fusion-builder-column-12 fusion_builder_column_1_1 1_1 fusion-flex-column\" style=\"--awb-bg-size:cover;--awb-width-large:100%;--awb-margin-top-large:25px;--awb-spacing-right-large:1.92%;--awb-margin-bottom-large:25px;--awb-spacing-left-large:1.92%;--awb-width-medium:100%;--awb-order-medium:0;--awb-spacing-right-medium:1.92%;--awb-spacing-left-medium:1.92%;--awb-width-small:100%;--awb-order-small:0;--awb-spacing-right-small:1.92%;--awb-spacing-left-small:1.92%;\"><div class=\"fusion-column-wrapper fusion-column-has-shadow fusion-flex-justify-content-flex-start fusion-content-layout-column\"><div class=\"fusion-menu-anchor\" id=\"contacto\"><\/div><i class=\"fb-icon-element-6 fb-icon-element fontawesome-icon fa-mobile-alt fas circle-yes fusion-text-flow icon-hover-animation-pulsate\" style=\"--awb-iconcolor:#fafafa;--awb-circlecolor:#821752;--awb-circlecolor-hover:#821752;--awb-circlebordersize:1px;--awb-font-size:17.6px;--awb-width:35.2px;--awb-height:35.2px;--awb-line-height:33.2px;--awb-margin-right:10px;\"><\/i><div class=\"fusion-title title fusion-title-6 fusion-sep-none fusion-title-text fusion-title-size-four\" style=\"--awb-margin-top-small:8px;--awb-margin-right-small:0px;--awb-margin-bottom-small:16px;--awb-margin-left-small:0px;\"><h4 class=\"fusion-title-heading title-heading-left fusion-responsive-typography-calculated\" style=\"font-family:&quot;Nunito&quot;;font-style:normal;font-weight:700;margin:0;--fontSize:19;--minFontSize:19;line-height:1.34;\">CONTACTO<\/h4><\/div><div class=\"fusion-separator fusion-full-width-sep\" style=\"align-self: center;margin-left: auto;margin-right: auto;flex-grow:3;margin-bottom:3%;width:100%;\"><div class=\"fusion-separator-border sep-single sep-solid\" style=\"--awb-height:20px;--awb-amount:20px;--awb-sep-color:#821752;border-color:#821752;border-top-width:3px;\"><\/div><\/div><div class=\"fusion-text fusion-text-6\"><p><b><a href=\"mailto:prosecretariaddhh@fahce.unlp.edu.ar\">prosecretariaddhh@fahce.unlp.edu.ar<\/a> | <\/b><a style=\"background-color: rgba(255, 255, 255, 0); font-family: var(--body_typography-font-family); font-size: var(--body_typography-font-size); font-style: var(--body_typography-font-style,normal); font-weight: var(--body_typography-font-weight); letter-spacing: var(--body_typography-letter-spacing);\" href=\"mailto:areaddhh@psico.unlp.edu.ar\"><b>areaddhh@psico.unlp.edu.ar<\/b><\/a><\/p>\n<\/div><\/div><\/div><\/div><\/div><div class=\"fusion-fullwidth fullwidth-box fusion-builder-row-10 fusion-flex-container nonhundred-percent-fullwidth non-hundred-percent-height-scrolling\" style=\"--awb-border-radius-top-left:0px;--awb-border-radius-top-right:0px;--awb-border-radius-bottom-right:0px;--awb-border-radius-bottom-left:0px;--awb-flex-wrap:wrap;\" ><div class=\"fusion-builder-row fusion-row fusion-flex-align-items-flex-start fusion-flex-content-wrap\" style=\"max-width:1248px;margin-left: calc(-4% \/ 2 );margin-right: calc(-4% \/ 2 );\"><div class=\"fusion-layout-column fusion_builder_column fusion-builder-column-13 fusion_builder_column_1_1 1_1 fusion-flex-column\" style=\"--awb-bg-size:cover;--awb-width-large:100%;--awb-margin-top-large:25px;--awb-spacing-right-large:1.92%;--awb-margin-bottom-large:25px;--awb-spacing-left-large:1.92%;--awb-width-medium:100%;--awb-order-medium:0;--awb-spacing-right-medium:1.92%;--awb-spacing-left-medium:1.92%;--awb-width-small:100%;--awb-order-small:0;--awb-spacing-right-small:1.92%;--awb-spacing-left-small:1.92%;\"><div class=\"fusion-column-wrapper fusion-column-has-shadow fusion-flex-justify-content-flex-start fusion-content-layout-column\"><div class=\"awb-gallery-wrapper awb-gallery-wrapper-1 button-span-no\"><div style=\"margin:-10px;--awb-bordersize:0px;\" class=\"fusion-gallery fusion-gallery-container fusion-grid-3 fusion-columns-total-4 fusion-gallery-layout-masonry fusion-gallery-1\"><div class=\"fusion-grid-column fusion-gallery-column fusion-gallery-column-3 hover-type-zoomin fusion-grid-sizer\"><\/div><div style=\"padding:10px;\" class=\"fusion-grid-column fusion-gallery-column fusion-gallery-column-3 hover-type-zoomin fusion-element-landscape\"><div class=\"fusion-gallery-image\"><a href=\"https:\/\/www.comisionporlamemoria.org\/sitiosdememoria\/wp-content\/uploads\/sites\/16\/sites\/31\/2020\/09\/BIM3-Foto-4.jpg\" rel=\"noreferrer\" data-rel=\"iLightbox[gallery_image_1]\" class=\"fusion-lightbox\" target=\"_self\"><div style=\"background-image:url(https:\/\/www.comisionporlamemoria.org\/sitiosdememoria\/wp-content\/uploads\/sites\/16\/sites\/31\/2020\/09\/BIM3-Foto-4.jpg);padding-top:calc((100% + 20px) * 0.4 - 10px);background-position:;\" class=\"fusion-masonry-element-container\"><img decoding=\"async\" src=\"https:\/\/www.comisionporlamemoria.org\/sitiosdememoria\/wp-content\/uploads\/sites\/16\/sites\/31\/2020\/09\/BIM3-Foto-4.jpg\" width=\"900\" height=\"413\" alt=\"\" title=\"BIM3-Foto-4\" aria-label=\"BIM3-Foto-4\" class=\"img-responsive wp-image-1923\" srcset=\"https:\/\/www.comisionporlamemoria.org\/sitiosdememoria\/wp-content\/uploads\/sites\/16\/sites\/31\/2020\/09\/BIM3-Foto-4-200x92.jpg 200w, https:\/\/www.comisionporlamemoria.org\/sitiosdememoria\/wp-content\/uploads\/sites\/16\/sites\/31\/2020\/09\/BIM3-Foto-4-400x184.jpg 400w, https:\/\/www.comisionporlamemoria.org\/sitiosdememoria\/wp-content\/uploads\/sites\/16\/sites\/31\/2020\/09\/BIM3-Foto-4-600x275.jpg 600w, https:\/\/www.comisionporlamemoria.org\/sitiosdememoria\/wp-content\/uploads\/sites\/16\/sites\/31\/2020\/09\/BIM3-Foto-4-800x367.jpg 800w, https:\/\/www.comisionporlamemoria.org\/sitiosdememoria\/wp-content\/uploads\/sites\/16\/sites\/31\/2020\/09\/BIM3-Foto-4.jpg 900w\" sizes=\"(min-width: 2200px) 100vw, (min-width: 640px) 1200px, \" \/><\/div><\/a><\/div><\/div><div style=\"padding:10px;\" class=\"fusion-grid-column fusion-gallery-column fusion-gallery-column-3 hover-type-zoomin fusion-element-grid\"><div class=\"fusion-gallery-image\"><a href=\"https:\/\/www.comisionporlamemoria.org\/sitiosdememoria\/wp-content\/uploads\/sites\/16\/sites\/31\/2020\/09\/BIM3-Foto-1.jpg\" rel=\"noreferrer\" data-rel=\"iLightbox[gallery_image_1]\" class=\"fusion-lightbox\" target=\"_self\"><div style=\"background-image:url(https:\/\/www.comisionporlamemoria.org\/sitiosdememoria\/wp-content\/uploads\/sites\/16\/sites\/31\/2020\/09\/BIM3-Foto-1.jpg);padding-top:calc((100% + 20px) * 0.8 - 10px);background-position:;\" class=\"fusion-masonry-element-container\"><img decoding=\"async\" src=\"https:\/\/www.comisionporlamemoria.org\/sitiosdememoria\/wp-content\/uploads\/sites\/16\/sites\/31\/2020\/09\/BIM3-Foto-1.jpg\" width=\"1024\" height=\"683\" alt=\"\" title=\"BIM3-Foto-1\" aria-label=\"BIM3-Foto-1\" class=\"img-responsive wp-image-1920\" srcset=\"https:\/\/www.comisionporlamemoria.org\/sitiosdememoria\/wp-content\/uploads\/sites\/16\/sites\/31\/2020\/09\/BIM3-Foto-1-200x133.jpg 200w, https:\/\/www.comisionporlamemoria.org\/sitiosdememoria\/wp-content\/uploads\/sites\/16\/sites\/31\/2020\/09\/BIM3-Foto-1-400x267.jpg 400w, https:\/\/www.comisionporlamemoria.org\/sitiosdememoria\/wp-content\/uploads\/sites\/16\/sites\/31\/2020\/09\/BIM3-Foto-1-600x400.jpg 600w, https:\/\/www.comisionporlamemoria.org\/sitiosdememoria\/wp-content\/uploads\/sites\/16\/sites\/31\/2020\/09\/BIM3-Foto-1-800x534.jpg 800w, https:\/\/www.comisionporlamemoria.org\/sitiosdememoria\/wp-content\/uploads\/sites\/16\/sites\/31\/2020\/09\/BIM3-Foto-1.jpg 1024w\" sizes=\"(min-width: 2200px) 100vw, (min-width: 784px) 393px, (min-width: 712px) 590px, (min-width: 640px) 712px, \" \/><\/div><\/a><\/div><\/div><div style=\"padding:10px;\" class=\"fusion-grid-column fusion-gallery-column fusion-gallery-column-3 hover-type-zoomin fusion-element-landscape\"><div class=\"fusion-gallery-image\"><a href=\"https:\/\/www.comisionporlamemoria.org\/sitiosdememoria\/wp-content\/uploads\/sites\/16\/sites\/31\/2020\/09\/BIM3-Foto-2.jpg\" rel=\"noreferrer\" data-rel=\"iLightbox[gallery_image_1]\" class=\"fusion-lightbox\" target=\"_self\"><div style=\"background-image:url(https:\/\/www.comisionporlamemoria.org\/sitiosdememoria\/wp-content\/uploads\/sites\/16\/sites\/31\/2020\/09\/BIM3-Foto-2.jpg);padding-top:calc((100% + 20px) * 0.4 - 10px);background-position:;\" class=\"fusion-masonry-element-container\"><img decoding=\"async\" src=\"https:\/\/www.comisionporlamemoria.org\/sitiosdememoria\/wp-content\/uploads\/sites\/16\/sites\/31\/2020\/09\/BIM3-Foto-2.jpg\" width=\"1024\" height=\"678\" alt=\"\" title=\"BIM3-Foto-2\" aria-label=\"BIM3-Foto-2\" class=\"img-responsive wp-image-1921\" srcset=\"https:\/\/www.comisionporlamemoria.org\/sitiosdememoria\/wp-content\/uploads\/sites\/16\/sites\/31\/2020\/09\/BIM3-Foto-2-200x132.jpg 200w, https:\/\/www.comisionporlamemoria.org\/sitiosdememoria\/wp-content\/uploads\/sites\/16\/sites\/31\/2020\/09\/BIM3-Foto-2-400x265.jpg 400w, https:\/\/www.comisionporlamemoria.org\/sitiosdememoria\/wp-content\/uploads\/sites\/16\/sites\/31\/2020\/09\/BIM3-Foto-2-600x397.jpg 600w, https:\/\/www.comisionporlamemoria.org\/sitiosdememoria\/wp-content\/uploads\/sites\/16\/sites\/31\/2020\/09\/BIM3-Foto-2-800x530.jpg 800w, https:\/\/www.comisionporlamemoria.org\/sitiosdememoria\/wp-content\/uploads\/sites\/16\/sites\/31\/2020\/09\/BIM3-Foto-2.jpg 1024w\" sizes=\"(min-width: 2200px) 100vw, (min-width: 640px) 1200px, \" \/><\/div><\/a><\/div><\/div><div style=\"padding:10px;\" class=\"fusion-grid-column fusion-gallery-column fusion-gallery-column-3 hover-type-zoomin fusion-element-grid\"><div class=\"fusion-gallery-image\"><a href=\"https:\/\/www.comisionporlamemoria.org\/sitiosdememoria\/wp-content\/uploads\/sites\/16\/sites\/31\/2020\/09\/BIM3-Foto-3.jpg\" rel=\"noreferrer\" data-rel=\"iLightbox[gallery_image_1]\" class=\"fusion-lightbox\" target=\"_self\"><div style=\"background-image:url(https:\/\/www.comisionporlamemoria.org\/sitiosdememoria\/wp-content\/uploads\/sites\/16\/sites\/31\/2020\/09\/BIM3-Foto-3.jpg);padding-top:calc((100% + 20px) * 0.8 - 10px);background-position:;\" class=\"fusion-masonry-element-container\"><img decoding=\"async\" src=\"https:\/\/www.comisionporlamemoria.org\/sitiosdememoria\/wp-content\/uploads\/sites\/16\/sites\/31\/2020\/09\/BIM3-Foto-3.jpg\" width=\"1024\" height=\"768\" alt=\"\" title=\"BIM3-Foto-3\" aria-label=\"BIM3-Foto-3\" class=\"img-responsive wp-image-1922\" srcset=\"https:\/\/www.comisionporlamemoria.org\/sitiosdememoria\/wp-content\/uploads\/sites\/16\/sites\/31\/2020\/09\/BIM3-Foto-3-200x150.jpg 200w, https:\/\/www.comisionporlamemoria.org\/sitiosdememoria\/wp-content\/uploads\/sites\/16\/sites\/31\/2020\/09\/BIM3-Foto-3-400x300.jpg 400w, https:\/\/www.comisionporlamemoria.org\/sitiosdememoria\/wp-content\/uploads\/sites\/16\/sites\/31\/2020\/09\/BIM3-Foto-3-600x450.jpg 600w, https:\/\/www.comisionporlamemoria.org\/sitiosdememoria\/wp-content\/uploads\/sites\/16\/sites\/31\/2020\/09\/BIM3-Foto-3-800x600.jpg 800w, https:\/\/www.comisionporlamemoria.org\/sitiosdememoria\/wp-content\/uploads\/sites\/16\/sites\/31\/2020\/09\/BIM3-Foto-3.jpg 1024w\" sizes=\"(min-width: 2200px) 100vw, (min-width: 784px) 393px, (min-width: 712px) 590px, (min-width: 640px) 712px, \" \/><\/div><\/a><\/div><\/div><\/div><\/div><div class=\"fusion-text fusion-text-7\" style=\"--awb-line-height:4;\"><p style=\"text-align: center;\"><strong>Fotograf\u00edas: CPM y Facultad de Humanidades UNLP<\/strong><\/p>\n<\/div><\/div><\/div><\/div><\/div><\/p>\n","protected":false},"excerpt":{"rendered":"","protected":false},"author":32,"featured_media":0,"menu_order":0,"comment_status":"open","ping_status":"closed","template":"","format":"standard","meta":{"footnotes":""},"portfolio_category":[],"portfolio_skills":[],"portfolio_tags":[],"class_list":["post-1638","avada_portfolio","type-avada_portfolio","status-publish","format-standard","hentry"],"_links":{"self":[{"href":"https:\/\/www.comisionporlamemoria.org\/sitiosdememoria\/wp-json\/wp\/v2\/avada_portfolio\/1638","targetHints":{"allow":["GET"]}}],"collection":[{"href":"https:\/\/www.comisionporlamemoria.org\/sitiosdememoria\/wp-json\/wp\/v2\/avada_portfolio"}],"about":[{"href":"https:\/\/www.comisionporlamemoria.org\/sitiosdememoria\/wp-json\/wp\/v2\/types\/avada_portfolio"}],"author":[{"embeddable":true,"href":"https:\/\/www.comisionporlamemoria.org\/sitiosdememoria\/wp-json\/wp\/v2\/users\/32"}],"replies":[{"embeddable":true,"href":"https:\/\/www.comisionporlamemoria.org\/sitiosdememoria\/wp-json\/wp\/v2\/comments?post=1638"}],"version-history":[{"count":0,"href":"https:\/\/www.comisionporlamemoria.org\/sitiosdememoria\/wp-json\/wp\/v2\/avada_portfolio\/1638\/revisions"}],"wp:attachment":[{"href":"https:\/\/www.comisionporlamemoria.org\/sitiosdememoria\/wp-json\/wp\/v2\/media?parent=1638"}],"wp:term":[{"taxonomy":"portfolio_category","embeddable":true,"href":"https:\/\/www.comisionporlamemoria.org\/sitiosdememoria\/wp-json\/wp\/v2\/portfolio_category?post=1638"},{"taxonomy":"portfolio_skills","embeddable":true,"href":"https:\/\/www.comisionporlamemoria.org\/sitiosdememoria\/wp-json\/wp\/v2\/portfolio_skills?post=1638"},{"taxonomy":"portfolio_tags","embeddable":true,"href":"https:\/\/www.comisionporlamemoria.org\/sitiosdememoria\/wp-json\/wp\/v2\/portfolio_tags?post=1638"}],"curies":[{"name":"wp","href":"https:\/\/api.w.org\/{rel}","templated":true}]}}