{"id":1664,"date":"2020-09-14T23:25:17","date_gmt":"2020-09-14T23:25:17","guid":{"rendered":"https:\/\/www.comisionporlamemoria.org\/sitiosdememoria\/?post_type=avada_portfolio&#038;p=1664"},"modified":"2020-10-13T22:44:44","modified_gmt":"2020-10-13T22:44:44","slug":"espacio-para-la-memoria-y-la-promocion-de-los-ddhh-ex-esim-faro-de-la-memoria","status":"publish","type":"avada_portfolio","link":"https:\/\/www.comisionporlamemoria.org\/sitiosdememoria\/ficha\/espacio-para-la-memoria-y-la-promocion-de-los-ddhh-ex-esim-faro-de-la-memoria\/","title":{"rendered":"Espacio Faro de la Memoria"},"content":{"rendered":"<p><div class=\"fusion-fullwidth fullwidth-box fusion-builder-row-1 fusion-flex-container nonhundred-percent-fullwidth non-hundred-percent-height-scrolling\" style=\"--awb-border-radius-top-left:0px;--awb-border-radius-top-right:0px;--awb-border-radius-bottom-right:0px;--awb-border-radius-bottom-left:0px;--awb-padding-top:0%;--awb-padding-bottom:0%;--awb-flex-wrap:wrap;\" ><div class=\"fusion-builder-row fusion-row fusion-flex-align-items-flex-start fusion-flex-content-wrap\" style=\"max-width:1248px;margin-left: calc(-4% \/ 2 );margin-right: calc(-4% \/ 2 );\"><div class=\"fusion-layout-column fusion_builder_column fusion-builder-column-0 fusion_builder_column_1_3 1_3 fusion-flex-column\" style=\"--awb-bg-size:cover;--awb-width-large:33.333333333333%;--awb-margin-top-large:25px;--awb-spacing-right-large:5.76%;--awb-margin-bottom-large:25px;--awb-spacing-left-large:5.76%;--awb-width-medium:100%;--awb-order-medium:0;--awb-spacing-right-medium:1.92%;--awb-spacing-left-medium:1.92%;--awb-width-small:100%;--awb-order-small:0;--awb-spacing-right-small:1.92%;--awb-spacing-left-small:1.92%;\"><div class=\"fusion-column-wrapper fusion-column-has-shadow fusion-flex-justify-content-flex-start fusion-content-layout-column\"><div ><a class=\"fusion-button button-flat fusion-button-default-size button-custom fusion-button-default button-1 fusion-button-span-yes fusion-button-default-type\" style=\"--button_accent_color:#821752;--button_border_color:#821752;--button_accent_hover_color:#ffffff;--button_border_hover_color:#821752;--button_border_width-top:1px;--button_border_width-right:1px;--button_border_width-bottom:1px;--button_border_width-left:1px;--button-border-radius-top-left:1px;--button-border-radius-top-right:1px;--button-border-radius-bottom-right:1px;--button-border-radius-bottom-left:1px;--button_gradient_top_color:#fafafa;--button_gradient_bottom_color:#fafafa;--button_gradient_top_color_hover:#821752;--button_gradient_bottom_color_hover:#821752;\" target=\"_self\" href=\"#historia\"><span class=\"fusion-button-text awb-button__text awb-button__text--default\">Historia<\/span><i class=\"fa-landmark fas awb-button__icon awb-button__icon--default button-icon-right\" aria-hidden=\"true\"><\/i><\/a><\/div><\/div><\/div><div class=\"fusion-layout-column fusion_builder_column fusion-builder-column-1 fusion_builder_column_1_3 1_3 fusion-flex-column\" style=\"--awb-bg-size:cover;--awb-width-large:33.333333333333%;--awb-margin-top-large:25px;--awb-spacing-right-large:5.76%;--awb-margin-bottom-large:25px;--awb-spacing-left-large:5.76%;--awb-width-medium:100%;--awb-order-medium:0;--awb-spacing-right-medium:1.92%;--awb-spacing-left-medium:1.92%;--awb-width-small:100%;--awb-order-small:0;--awb-spacing-right-small:1.92%;--awb-spacing-left-small:1.92%;\"><div class=\"fusion-column-wrapper fusion-column-has-shadow fusion-flex-justify-content-flex-start fusion-content-layout-column\"><div ><a class=\"fusion-button button-flat fusion-button-default-size button-custom fusion-button-default button-2 fusion-button-span-yes fusion-button-default-type\" style=\"--button_accent_color:#821752;--button_border_color:#821752;--button_accent_hover_color:#ffffff;--button_border_hover_color:#821752;--button_border_width-top:1px;--button_border_width-right:1px;--button_border_width-bottom:1px;--button_border_width-left:1px;--button-border-radius-top-left:1px;--button-border-radius-top-right:1px;--button-border-radius-bottom-right:1px;--button-border-radius-bottom-left:1px;--button_gradient_top_color:#fafafa;--button_gradient_bottom_color:#fafafa;--button_gradient_top_color_hover:#821752;--button_gradient_bottom_color_hover:#821752;\" target=\"_self\" href=\"#desafectacion\"><span class=\"fusion-button-text awb-button__text awb-button__text--default\">Desafectaci\u00f3n<\/span><i class=\"fa-fist-raised fas awb-button__icon awb-button__icon--default button-icon-right\" aria-hidden=\"true\"><\/i><\/a><\/div><\/div><\/div><div class=\"fusion-layout-column fusion_builder_column fusion-builder-column-2 fusion_builder_column_1_3 1_3 fusion-flex-column\" style=\"--awb-bg-size:cover;--awb-width-large:33.333333333333%;--awb-margin-top-large:25px;--awb-spacing-right-large:5.76%;--awb-margin-bottom-large:25px;--awb-spacing-left-large:5.76%;--awb-width-medium:100%;--awb-order-medium:0;--awb-spacing-right-medium:1.92%;--awb-spacing-left-medium:1.92%;--awb-width-small:100%;--awb-order-small:0;--awb-spacing-right-small:1.92%;--awb-spacing-left-small:1.92%;\"><div class=\"fusion-column-wrapper fusion-column-has-shadow fusion-flex-justify-content-flex-start fusion-content-layout-column\"><div ><a class=\"fusion-button button-flat fusion-button-default-size button-custom fusion-button-default button-3 fusion-button-span-yes fusion-button-default-type\" style=\"--button_accent_color:#821752;--button_border_color:#821752;--button_accent_hover_color:#ffffff;--button_border_hover_color:#821752;--button_border_width-top:1px;--button_border_width-right:1px;--button_border_width-bottom:1px;--button_border_width-left:1px;--button-border-radius-top-left:1px;--button-border-radius-top-right:1px;--button-border-radius-bottom-right:1px;--button-border-radius-bottom-left:1px;--button_gradient_top_color:#fafafa;--button_gradient_bottom_color:#fafafa;--button_gradient_top_color_hover:#821752;--button_gradient_bottom_color_hover:#821752;\" target=\"_self\" href=\"#el-sitio-hoy\"><span class=\"fusion-button-text awb-button__text awb-button__text--default\">Hoy<\/span><i class=\"fa-map-marker-alt fas awb-button__icon awb-button__icon--default button-icon-right\" aria-hidden=\"true\"><\/i><\/a><\/div><\/div><\/div><\/div><\/div><div class=\"fusion-fullwidth fullwidth-box fusion-builder-row-2 fusion-flex-container nonhundred-percent-fullwidth non-hundred-percent-height-scrolling\" style=\"--awb-border-radius-top-left:0px;--awb-border-radius-top-right:0px;--awb-border-radius-bottom-right:0px;--awb-border-radius-bottom-left:0px;--awb-padding-top:0%;--awb-padding-bottom:0%;--awb-flex-wrap:wrap;\" ><div class=\"fusion-builder-row fusion-row fusion-flex-align-items-flex-start fusion-flex-content-wrap\" style=\"max-width:1248px;margin-left: calc(-4% \/ 2 );margin-right: calc(-4% \/ 2 );\"><div class=\"fusion-layout-column fusion_builder_column fusion-builder-column-3 fusion_builder_column_1_3 1_3 fusion-flex-column\" style=\"--awb-bg-size:cover;--awb-width-large:33.333333333333%;--awb-margin-top-large:25px;--awb-spacing-right-large:5.76%;--awb-margin-bottom-large:25px;--awb-spacing-left-large:5.76%;--awb-width-medium:100%;--awb-order-medium:0;--awb-spacing-right-medium:1.92%;--awb-spacing-left-medium:1.92%;--awb-width-small:100%;--awb-order-small:0;--awb-spacing-right-small:1.92%;--awb-spacing-left-small:1.92%;\"><div class=\"fusion-column-wrapper fusion-column-has-shadow fusion-flex-justify-content-flex-start fusion-content-layout-column\"><div ><a class=\"fusion-button button-flat fusion-button-default-size button-custom fusion-button-default button-4 fusion-button-span-yes fusion-button-default-type\" style=\"--button_accent_color:#821752;--button_border_color:#821752;--button_accent_hover_color:#ffffff;--button_border_hover_color:#821752;--button_border_width-top:1px;--button_border_width-right:1px;--button_border_width-bottom:1px;--button_border_width-left:1px;--button-border-radius-top-left:1px;--button-border-radius-top-right:1px;--button-border-radius-bottom-right:1px;--button-border-radius-bottom-left:1px;--button_gradient_top_color:#fafafa;--button_gradient_bottom_color:#fafafa;--button_gradient_top_color_hover:#821752;--button_gradient_bottom_color_hover:#821752;\" target=\"_self\" href=\"#justicia\"><span class=\"fusion-button-text awb-button__text awb-button__text--default\">Justicia<\/span><i class=\"fa-balance-scale fas awb-button__icon awb-button__icon--default button-icon-right\" aria-hidden=\"true\"><\/i><\/a><\/div><\/div><\/div><div class=\"fusion-layout-column fusion_builder_column fusion-builder-column-4 fusion_builder_column_1_3 1_3 fusion-flex-column\" style=\"--awb-bg-size:cover;--awb-width-large:33.333333333333%;--awb-margin-top-large:25px;--awb-spacing-right-large:5.76%;--awb-margin-bottom-large:25px;--awb-spacing-left-large:5.76%;--awb-width-medium:100%;--awb-order-medium:0;--awb-spacing-right-medium:1.92%;--awb-spacing-left-medium:1.92%;--awb-width-small:100%;--awb-order-small:0;--awb-spacing-right-small:1.92%;--awb-spacing-left-small:1.92%;\"><div class=\"fusion-column-wrapper fusion-column-has-shadow fusion-flex-justify-content-flex-start fusion-content-layout-column\"><div ><a class=\"fusion-button button-flat fusion-button-default-size button-custom fusion-button-default button-5 fusion-button-span-yes fusion-button-default-type\" style=\"--button_accent_color:#821752;--button_border_color:#821752;--button_accent_hover_color:#ffffff;--button_border_hover_color:#821752;--button_border_width-top:1px;--button_border_width-right:1px;--button_border_width-bottom:1px;--button_border_width-left:1px;--button-border-radius-top-left:1px;--button-border-radius-top-right:1px;--button-border-radius-bottom-right:1px;--button-border-radius-bottom-left:1px;--button_gradient_top_color:#fafafa;--button_gradient_bottom_color:#fafafa;--button_gradient_top_color_hover:#821752;--button_gradient_bottom_color_hover:#821752;\" target=\"_self\" href=\"#gestion\"><span class=\"fusion-button-text awb-button__text awb-button__text--default\">Gesti\u00f3n<\/span><i class=\"fa-user-friends fas awb-button__icon awb-button__icon--default button-icon-right\" aria-hidden=\"true\"><\/i><\/a><\/div><\/div><\/div><div class=\"fusion-layout-column fusion_builder_column fusion-builder-column-5 fusion_builder_column_1_3 1_3 fusion-flex-column\" style=\"--awb-bg-size:cover;--awb-width-large:33.333333333333%;--awb-margin-top-large:25px;--awb-spacing-right-large:5.76%;--awb-margin-bottom-large:25px;--awb-spacing-left-large:5.76%;--awb-width-medium:100%;--awb-order-medium:0;--awb-spacing-right-medium:1.92%;--awb-spacing-left-medium:1.92%;--awb-width-small:100%;--awb-order-small:0;--awb-spacing-right-small:1.92%;--awb-spacing-left-small:1.92%;\"><div class=\"fusion-column-wrapper fusion-column-has-shadow fusion-flex-justify-content-flex-start fusion-content-layout-column\"><div ><a class=\"fusion-button button-flat fusion-button-default-size button-custom fusion-button-default button-6 fusion-button-span-yes fusion-button-default-type\" style=\"--button_accent_color:#821752;--button_border_color:#821752;--button_accent_hover_color:#ffffff;--button_border_hover_color:#821752;--button_border_width-top:1px;--button_border_width-right:1px;--button_border_width-bottom:1px;--button_border_width-left:1px;--button-border-radius-top-left:1px;--button-border-radius-top-right:1px;--button-border-radius-bottom-right:1px;--button-border-radius-bottom-left:1px;--button_gradient_top_color:#fafafa;--button_gradient_bottom_color:#fafafa;--button_gradient_top_color_hover:#821752;--button_gradient_bottom_color_hover:#821752;\" target=\"_self\" href=\"#contacto\"><span class=\"fusion-button-text awb-button__text awb-button__text--default\">Contacto<\/span><i class=\"fa-mobile-alt fas awb-button__icon awb-button__icon--default button-icon-right\" aria-hidden=\"true\"><\/i><\/a><\/div><\/div><\/div><\/div><\/div><div class=\"fusion-fullwidth fullwidth-box fusion-builder-row-3 fusion-flex-container nonhundred-percent-fullwidth non-hundred-percent-height-scrolling\" style=\"--awb-border-radius-top-left:0px;--awb-border-radius-top-right:0px;--awb-border-radius-bottom-right:0px;--awb-border-radius-bottom-left:0px;--awb-padding-top:0px;--awb-padding-bottom:0px;--awb-flex-wrap:wrap;\" ><div class=\"fusion-builder-row fusion-row fusion-flex-align-items-flex-start fusion-flex-content-wrap\" style=\"max-width:1248px;margin-left: calc(-4% \/ 2 );margin-right: calc(-4% \/ 2 );\"><div class=\"fusion-layout-column fusion_builder_column fusion-builder-column-6 fusion_builder_column_1_1 1_1 fusion-flex-column\" style=\"--awb-bg-size:cover;--awb-width-large:100%;--awb-margin-top-large:25px;--awb-spacing-right-large:1.92%;--awb-margin-bottom-large:25px;--awb-spacing-left-large:1.92%;--awb-width-medium:100%;--awb-order-medium:0;--awb-spacing-right-medium:1.92%;--awb-spacing-left-medium:1.92%;--awb-width-small:100%;--awb-order-small:0;--awb-spacing-right-small:1.92%;--awb-spacing-left-small:1.92%;\"><div class=\"fusion-column-wrapper fusion-column-has-shadow fusion-flex-justify-content-flex-start fusion-content-layout-column\"><div class=\"fusion-separator\" style=\"align-self: center;margin-left: auto;margin-right: auto;width:100%;max-width:80%;\"><div class=\"fusion-separator-border sep-single sep-dashed\" style=\"--awb-height:20px;--awb-amount:20px;--awb-sep-color:#821752;border-color:#821752;border-top-width:1px;\"><\/div><\/div><\/div><\/div><\/div><\/div><div class=\"fusion-fullwidth fullwidth-box fusion-builder-row-4 fusion-flex-container nonhundred-percent-fullwidth non-hundred-percent-height-scrolling\" style=\"--awb-border-radius-top-left:0px;--awb-border-radius-top-right:0px;--awb-border-radius-bottom-right:0px;--awb-border-radius-bottom-left:0px;--awb-padding-top:0%;--awb-padding-right:90px;--awb-padding-bottom:0%;--awb-padding-left:90px;--awb-flex-wrap:wrap;\" ><div class=\"fusion-builder-row fusion-row fusion-flex-align-items-flex-start fusion-flex-content-wrap\" style=\"max-width:1248px;margin-left: calc(-4% \/ 2 );margin-right: calc(-4% \/ 2 );\"><div class=\"fusion-layout-column fusion_builder_column fusion-builder-column-7 fusion_builder_column_1_1 1_1 fusion-flex-column\" style=\"--awb-bg-size:cover;--awb-width-large:100%;--awb-margin-top-large:25px;--awb-spacing-right-large:1.92%;--awb-margin-bottom-large:25px;--awb-spacing-left-large:1.92%;--awb-width-medium:100%;--awb-order-medium:0;--awb-spacing-right-medium:1.92%;--awb-spacing-left-medium:1.92%;--awb-width-small:100%;--awb-order-small:0;--awb-spacing-right-small:1.92%;--awb-spacing-left-small:1.92%;\"><div class=\"fusion-column-wrapper fusion-column-has-shadow fusion-flex-justify-content-flex-start fusion-content-layout-column\"><div class=\"fusion-menu-anchor\" id=\"historia\"><\/div><i class=\"fb-icon-element-1 fb-icon-element fontawesome-icon fa-landmark fas circle-yes fusion-text-flow icon-hover-animation-pulsate\" style=\"--awb-iconcolor:#fafafa;--awb-circlecolor:#821752;--awb-circlecolor-hover:#821752;--awb-circlebordersize:1px;--awb-font-size:17.6px;--awb-width:35.2px;--awb-height:35.2px;--awb-line-height:33.2px;--awb-margin-right:10px;\"><\/i><div class=\"fusion-title title fusion-title-1 fusion-sep-none fusion-title-text fusion-title-size-four\" style=\"--awb-margin-top-small:8px;--awb-margin-right-small:0px;--awb-margin-bottom-small:16px;--awb-margin-left-small:0px;\"><h4 class=\"fusion-title-heading title-heading-left fusion-responsive-typography-calculated\" style=\"font-family:&quot;Nunito&quot;;font-style:normal;font-weight:700;margin:0;--fontSize:19;--minFontSize:19;line-height:1.34;\">HISTORIA<\/h4><\/div><div class=\"fusion-separator fusion-full-width-sep\" style=\"align-self: center;margin-left: auto;margin-right: auto;flex-grow:3;margin-bottom:3%;width:100%;\"><div class=\"fusion-separator-border sep-single sep-solid\" style=\"--awb-height:20px;--awb-amount:20px;--awb-sep-color:#821752;border-color:#821752;border-top-width:3px;\"><\/div><\/div><div class=\"fusion-text fusion-text-1\"><p>En el predio funciona el Faro Punta Mogotes desde 1891, e implica la presencia del Servicio de Hidrograf\u00eda Naval de la Armada Argentina. A la vez, mediados del siglo XX la Armada comenz\u00f3 a construir y utilizar otras edificaciones, desarrollando ampliaciones en el predio. All\u00ed, desde 1969 hasta 1993 funcion\u00f3 la Escuela de Suboficiales de Infanter\u00eda de Marina (ESIM).<\/p>\n<p>Funcion\u00f3 como centro clandestino de detenci\u00f3n (CCD) entre 1976 y 1979; pertenec\u00eda a la subzona 15, \u00c1rea 151, dependiente de la Armada Argentina, Fuerza de Tareas 6 (Agrupaci\u00f3n de Buzos T\u00e1cticos), Grupo de Tareas 6.2 (ESIM).<\/p>\n<p>Su funcionamiento estuvo directamente ligado al CCD m\u00e1s grande de la ciudad: la Base Naval de Mar del Plata, asiento de la FUERTAR 6 y del GT 6.1. Ambos CCD operaron dentro de un circuito donde la mayor\u00eda de las personas secuestradas fueron trasladadas de un lugar al otro.<\/p>\n<\/div><\/div><\/div><\/div><\/div><div class=\"fusion-fullwidth fullwidth-box fusion-builder-row-5 fusion-flex-container nonhundred-percent-fullwidth non-hundred-percent-height-scrolling\" style=\"--awb-border-radius-top-left:0px;--awb-border-radius-top-right:0px;--awb-border-radius-bottom-right:0px;--awb-border-radius-bottom-left:0px;--awb-padding-top:0%;--awb-padding-right:90px;--awb-padding-bottom:0%;--awb-padding-left:90px;--awb-flex-wrap:wrap;\" ><div class=\"fusion-builder-row fusion-row fusion-flex-align-items-flex-start fusion-flex-content-wrap\" style=\"max-width:1248px;margin-left: calc(-4% \/ 2 );margin-right: calc(-4% \/ 2 );\"><div class=\"fusion-layout-column fusion_builder_column fusion-builder-column-8 fusion_builder_column_1_1 1_1 fusion-flex-column\" style=\"--awb-bg-size:cover;--awb-width-large:100%;--awb-margin-top-large:25px;--awb-spacing-right-large:1.92%;--awb-margin-bottom-large:25px;--awb-spacing-left-large:1.92%;--awb-width-medium:100%;--awb-order-medium:0;--awb-spacing-right-medium:1.92%;--awb-spacing-left-medium:1.92%;--awb-width-small:100%;--awb-order-small:0;--awb-spacing-right-small:1.92%;--awb-spacing-left-small:1.92%;\"><div class=\"fusion-column-wrapper fusion-column-has-shadow fusion-flex-justify-content-flex-start fusion-content-layout-column\"><div class=\"fusion-menu-anchor\" id=\"desafectacion\"><\/div><i class=\"fb-icon-element-2 fb-icon-element fontawesome-icon fa-fist-raised fas circle-yes fusion-text-flow icon-hover-animation-pulsate\" style=\"--awb-iconcolor:#fafafa;--awb-circlecolor:#821752;--awb-circlecolor-hover:#821752;--awb-circlebordersize:1px;--awb-font-size:17.6px;--awb-width:35.2px;--awb-height:35.2px;--awb-line-height:33.2px;--awb-margin-right:10px;\"><\/i><div class=\"fusion-title title fusion-title-2 fusion-sep-none fusion-title-text fusion-title-size-four\" style=\"--awb-margin-top-small:8px;--awb-margin-right-small:0px;--awb-margin-bottom-small:16px;--awb-margin-left-small:0px;\"><h4 class=\"fusion-title-heading title-heading-left fusion-responsive-typography-calculated\" style=\"font-family:&quot;Nunito&quot;;font-style:normal;font-weight:700;margin:0;--fontSize:19;--minFontSize:19;line-height:1.34;\">PROCESO DE DESAFECTACI\u00d3N, EXPROPIACI\u00d3N O RECUPERACI\u00d3N<\/h4><\/div><div class=\"fusion-separator fusion-full-width-sep\" style=\"align-self: center;margin-left: auto;margin-right: auto;flex-grow:3;margin-bottom:3%;width:100%;\"><div class=\"fusion-separator-border sep-single sep-solid\" style=\"--awb-height:20px;--awb-amount:20px;--awb-sep-color:#821752;border-color:#821752;border-top-width:3px;\"><\/div><\/div><div class=\"fusion-text fusion-text-2\"><p>El lugar ya hab\u00eda sido identificado como CCD en 1984 por la delegaci\u00f3n Mar del Plata de la CONADEP, pero con el inicio del Juicio por la Verdad, en 2001, se inici\u00f3 el proceso de desafectaci\u00f3n.<\/p>\n<p>A finales de la d\u00e9cada del \u201990, la Armada hab\u00eda alquilado las instalaciones contiguas al Faro Punta Mogotes para que la empresa que gestionaba, Acuarium Mar del Plata, inaugurara un parque de diversiones llamado Parque del Faro. Hab\u00eda una vez&#8230; Este hecho, atravesado por los testimonios que el Juicio por la Verdad volv\u00eda a poner en la agenda p\u00fablica y medi\u00e1tica, provoc\u00f3 importantes movilizaciones de los organismos de derechos humanos de la ciudad para exigir el cierre del parque y la conversi\u00f3n del lugar en espacio para la memoria.<\/p>\n<p style=\"text-align: justify\">Luego de que en 2002 se lograra el cierre del parque, continuaron gestiones de los organismos de DDHH, fundamentalmente desde los poderes legislativos municipales, provinciales y nacionales. Luego de varios proyectos, en 2013 se comenz\u00f3 a trabajar en una ley nacional de declaraci\u00f3n de sitio hist\u00f3rico que fue acompa\u00f1ada de una convocatoria a m\u00faltiples organizaciones sociales, pol\u00edticas, territoriales, medioambientales, gremiales y de DDHH que conformaron el Colectivo Faro de la Memoria. Finalmente, en marzo de 2014 se realiz\u00f3 la inauguraci\u00f3n formal del Espacio para la Memoria y la Promoci\u00f3n de los DDHH ex CCD ESIM. Y en septiembre de ese a\u00f1o se realiz\u00f3 un festival que marc\u00f3 la apertura al p\u00fablico del lugar. En el 2019 se realiz\u00f3 la sesi\u00f3n definitiva de la mayor parte del territorio al espacio para la memoria.<\/p>\n<\/div><\/div><\/div><\/div><\/div><div class=\"fusion-fullwidth fullwidth-box fusion-builder-row-6 fusion-flex-container nonhundred-percent-fullwidth non-hundred-percent-height-scrolling\" style=\"--awb-border-radius-top-left:0px;--awb-border-radius-top-right:0px;--awb-border-radius-bottom-right:0px;--awb-border-radius-bottom-left:0px;--awb-padding-top:0%;--awb-padding-right:90px;--awb-padding-bottom:0%;--awb-padding-left:90px;--awb-flex-wrap:wrap;\" ><div class=\"fusion-builder-row fusion-row fusion-flex-align-items-flex-start fusion-flex-content-wrap\" style=\"max-width:1248px;margin-left: calc(-4% \/ 2 );margin-right: calc(-4% \/ 2 );\"><div class=\"fusion-layout-column fusion_builder_column fusion-builder-column-9 fusion_builder_column_1_1 1_1 fusion-flex-column\" style=\"--awb-bg-size:cover;--awb-width-large:100%;--awb-margin-top-large:25px;--awb-spacing-right-large:1.92%;--awb-margin-bottom-large:25px;--awb-spacing-left-large:1.92%;--awb-width-medium:100%;--awb-order-medium:0;--awb-spacing-right-medium:1.92%;--awb-spacing-left-medium:1.92%;--awb-width-small:100%;--awb-order-small:0;--awb-spacing-right-small:1.92%;--awb-spacing-left-small:1.92%;\"><div class=\"fusion-column-wrapper fusion-column-has-shadow fusion-flex-justify-content-flex-start fusion-content-layout-column\"><div class=\"fusion-menu-anchor\" id=\"el-sitio-hoy\"><\/div><i class=\"fb-icon-element-3 fb-icon-element fontawesome-icon fa-map-marker-alt fas circle-yes fusion-text-flow icon-hover-animation-pulsate\" style=\"--awb-iconcolor:#fafafa;--awb-circlecolor:#821752;--awb-circlecolor-hover:#821752;--awb-circlebordersize:1px;--awb-font-size:17.6px;--awb-width:35.2px;--awb-height:35.2px;--awb-line-height:33.2px;--awb-margin-right:10px;\"><\/i><div class=\"fusion-title title fusion-title-3 fusion-sep-none fusion-title-text fusion-title-size-four\" style=\"--awb-margin-top-small:8px;--awb-margin-right-small:0px;--awb-margin-bottom-small:16px;--awb-margin-left-small:0px;\"><h4 class=\"fusion-title-heading title-heading-left fusion-responsive-typography-calculated\" style=\"font-family:&quot;Nunito&quot;;font-style:normal;font-weight:700;margin:0;--fontSize:19;--minFontSize:19;line-height:1.34;\">EL SITIO HOY<\/h4><\/div><div class=\"fusion-separator fusion-full-width-sep\" style=\"align-self: center;margin-left: auto;margin-right: auto;flex-grow:3;margin-bottom:3%;width:100%;\"><div class=\"fusion-separator-border sep-single sep-solid\" style=\"--awb-height:20px;--awb-amount:20px;--awb-sep-color:#821752;border-color:#821752;border-top-width:3px;\"><\/div><\/div><div class=\"fusion-text fusion-text-3\"><p>El Espacio se convirti\u00f3 en una referencia en la regi\u00f3n al ser el \u00fanico espacio para la memoria de la zona. Desarrolla tareas de investigaci\u00f3n sobre el despliegue del terrorismo de Estado en toda la regi\u00f3n, visitas guiadas y talleres pedag\u00f3gicos para todos los niveles educativos y m\u00faltiples actividades de difusi\u00f3n y promoci\u00f3n de los derechos humanos en su m\u00e1s amplio sentido.<\/p>\n<p>A la vez, junto a la Universidad Nacional de Mar del Plata y el Archivo Nacional de la Memoria, se est\u00e1 desarrollando un centro de documentaci\u00f3n que, entre otras cosas, ha recibido la donaci\u00f3n de los archivos institucionales de varios organismos de DDHH de la ciudad y archivos personales de militantes.<\/p>\n<\/div><\/div><\/div><\/div><\/div><div class=\"fusion-fullwidth fullwidth-box fusion-builder-row-7 fusion-flex-container nonhundred-percent-fullwidth non-hundred-percent-height-scrolling\" style=\"--awb-border-radius-top-left:0px;--awb-border-radius-top-right:0px;--awb-border-radius-bottom-right:0px;--awb-border-radius-bottom-left:0px;--awb-padding-top:0%;--awb-padding-right:90px;--awb-padding-bottom:0%;--awb-padding-left:90px;--awb-flex-wrap:wrap;\" ><div class=\"fusion-builder-row fusion-row fusion-flex-align-items-flex-start fusion-flex-content-wrap\" style=\"max-width:1248px;margin-left: calc(-4% \/ 2 );margin-right: calc(-4% \/ 2 );\"><div class=\"fusion-layout-column fusion_builder_column fusion-builder-column-10 fusion_builder_column_1_1 1_1 fusion-flex-column\" style=\"--awb-bg-size:cover;--awb-width-large:100%;--awb-margin-top-large:25px;--awb-spacing-right-large:1.92%;--awb-margin-bottom-large:25px;--awb-spacing-left-large:1.92%;--awb-width-medium:100%;--awb-order-medium:0;--awb-spacing-right-medium:1.92%;--awb-spacing-left-medium:1.92%;--awb-width-small:100%;--awb-order-small:0;--awb-spacing-right-small:1.92%;--awb-spacing-left-small:1.92%;\"><div class=\"fusion-column-wrapper fusion-column-has-shadow fusion-flex-justify-content-flex-start fusion-content-layout-column\"><div class=\"fusion-menu-anchor\" id=\"justicia\"><\/div><i class=\"fb-icon-element-4 fb-icon-element fontawesome-icon fa-balance-scale fas circle-yes fusion-text-flow icon-hover-animation-pulsate\" style=\"--awb-iconcolor:#fafafa;--awb-circlecolor:#821752;--awb-circlecolor-hover:#821752;--awb-circlebordersize:1px;--awb-font-size:17.6px;--awb-width:35.2px;--awb-height:35.2px;--awb-line-height:33.2px;--awb-margin-right:10px;\"><\/i><div class=\"fusion-title title fusion-title-4 fusion-sep-none fusion-title-text fusion-title-size-four\" style=\"--awb-margin-top-small:8px;--awb-margin-right-small:0px;--awb-margin-bottom-small:16px;--awb-margin-left-small:0px;\"><h4 class=\"fusion-title-heading title-heading-left fusion-responsive-typography-calculated\" style=\"font-family:&quot;Nunito&quot;;font-style:normal;font-weight:700;margin:0;--fontSize:19;--minFontSize:19;line-height:1.34;\">JUSTICIA<\/h4><\/div><div class=\"fusion-separator fusion-full-width-sep\" style=\"align-self: center;margin-left: auto;margin-right: auto;flex-grow:3;margin-bottom:3%;width:100%;\"><div class=\"fusion-separator-border sep-single sep-solid\" style=\"--awb-height:20px;--awb-amount:20px;--awb-sep-color:#821752;border-color:#821752;border-top-width:3px;\"><\/div><\/div><div class=\"fusion-text fusion-text-4\"><ul>\n<li>Causa 2286 y su acumulada 2283, Base I, sentencia 2010, TOF Mar del Plata.<\/li>\n<li>Causa 2333 y acumuladas 2334 y 2335, Base II, sentencia 2013, TOF Mar del Plata.<\/li>\n<li>Causa 4447, Base III, sentencia 2016, TOF Mar del Plata.<\/li>\n<li>Causa 13000001, Megacausa subzona 15, sentencia 2020, TOF Mar del Plata.<\/li>\n<\/ul>\n<\/div><\/div><\/div><\/div><\/div><div class=\"fusion-fullwidth fullwidth-box fusion-builder-row-8 fusion-flex-container nonhundred-percent-fullwidth non-hundred-percent-height-scrolling\" style=\"--awb-border-radius-top-left:0px;--awb-border-radius-top-right:0px;--awb-border-radius-bottom-right:0px;--awb-border-radius-bottom-left:0px;--awb-padding-top:0%;--awb-padding-right:90px;--awb-padding-bottom:0%;--awb-padding-left:90px;--awb-flex-wrap:wrap;\" ><div class=\"fusion-builder-row fusion-row fusion-flex-align-items-flex-start fusion-flex-content-wrap\" style=\"max-width:1248px;margin-left: calc(-4% \/ 2 );margin-right: calc(-4% \/ 2 );\"><div class=\"fusion-layout-column fusion_builder_column fusion-builder-column-11 fusion_builder_column_1_1 1_1 fusion-flex-column\" style=\"--awb-bg-size:cover;--awb-width-large:100%;--awb-margin-top-large:25px;--awb-spacing-right-large:1.92%;--awb-margin-bottom-large:25px;--awb-spacing-left-large:1.92%;--awb-width-medium:100%;--awb-order-medium:0;--awb-spacing-right-medium:1.92%;--awb-spacing-left-medium:1.92%;--awb-width-small:100%;--awb-order-small:0;--awb-spacing-right-small:1.92%;--awb-spacing-left-small:1.92%;\"><div class=\"fusion-column-wrapper fusion-column-has-shadow fusion-flex-justify-content-flex-start fusion-content-layout-column\"><div class=\"fusion-menu-anchor\" id=\"gestion\"><\/div><i class=\"fb-icon-element-5 fb-icon-element fontawesome-icon fa-user-friends fas circle-yes fusion-text-flow icon-hover-animation-pulsate\" style=\"--awb-iconcolor:#fafafa;--awb-circlecolor:#821752;--awb-circlecolor-hover:#821752;--awb-circlebordersize:1px;--awb-font-size:17.6px;--awb-width:35.2px;--awb-height:35.2px;--awb-line-height:33.2px;--awb-margin-right:10px;\"><\/i><div class=\"fusion-title title fusion-title-5 fusion-sep-none fusion-title-text fusion-title-size-four\" style=\"--awb-margin-top-small:8px;--awb-margin-right-small:0px;--awb-margin-bottom-small:16px;--awb-margin-left-small:0px;\"><h4 class=\"fusion-title-heading title-heading-left fusion-responsive-typography-calculated\" style=\"font-family:&quot;Nunito&quot;;font-style:normal;font-weight:700;margin:0;--fontSize:19;--minFontSize:19;line-height:1.34;\">GESTI\u00d3N<\/h4><\/div><div class=\"fusion-separator fusion-full-width-sep\" style=\"align-self: center;margin-left: auto;margin-right: auto;flex-grow:3;margin-bottom:3%;width:100%;\"><div class=\"fusion-separator-border sep-single sep-solid\" style=\"--awb-height:20px;--awb-amount:20px;--awb-sep-color:#821752;border-color:#821752;border-top-width:3px;\"><\/div><\/div><div class=\"fusion-text fusion-text-5\"><p>El Espacio depende administrativamente de la Direcci\u00f3n Nacional de Sitios de Memoria, Secretar\u00eda de DDHH de la Naci\u00f3n, Ministerio de Justicia y DDHH. A la vez, la gesti\u00f3n se realiza de modo articulado con el Colectivo Faro de la Memoria, como modalidad de gesti\u00f3n participativa de la sociedad civil.<\/p>\n<\/div><\/div><\/div><\/div><\/div><div class=\"fusion-fullwidth fullwidth-box fusion-builder-row-9 fusion-flex-container nonhundred-percent-fullwidth non-hundred-percent-height-scrolling\" style=\"--awb-border-radius-top-left:0px;--awb-border-radius-top-right:0px;--awb-border-radius-bottom-right:0px;--awb-border-radius-bottom-left:0px;--awb-padding-top:0%;--awb-padding-right:90px;--awb-padding-bottom:0%;--awb-padding-left:90px;--awb-flex-wrap:wrap;\" ><div class=\"fusion-builder-row fusion-row fusion-flex-align-items-flex-start fusion-flex-content-wrap\" style=\"max-width:1248px;margin-left: calc(-4% \/ 2 );margin-right: calc(-4% \/ 2 );\"><div class=\"fusion-layout-column fusion_builder_column fusion-builder-column-12 fusion_builder_column_1_1 1_1 fusion-flex-column\" style=\"--awb-bg-size:cover;--awb-width-large:100%;--awb-margin-top-large:25px;--awb-spacing-right-large:1.92%;--awb-margin-bottom-large:25px;--awb-spacing-left-large:1.92%;--awb-width-medium:100%;--awb-order-medium:0;--awb-spacing-right-medium:1.92%;--awb-spacing-left-medium:1.92%;--awb-width-small:100%;--awb-order-small:0;--awb-spacing-right-small:1.92%;--awb-spacing-left-small:1.92%;\"><div class=\"fusion-column-wrapper fusion-column-has-shadow fusion-flex-justify-content-flex-start fusion-content-layout-column\"><div class=\"fusion-menu-anchor\" id=\"contacto\"><\/div><i class=\"fb-icon-element-6 fb-icon-element fontawesome-icon fa-mobile-alt fas circle-yes fusion-text-flow icon-hover-animation-pulsate\" style=\"--awb-iconcolor:#fafafa;--awb-circlecolor:#821752;--awb-circlecolor-hover:#821752;--awb-circlebordersize:1px;--awb-font-size:17.6px;--awb-width:35.2px;--awb-height:35.2px;--awb-line-height:33.2px;--awb-margin-right:10px;\"><\/i><div class=\"fusion-title title fusion-title-6 fusion-sep-none fusion-title-text fusion-title-size-four\" style=\"--awb-margin-top-small:8px;--awb-margin-right-small:0px;--awb-margin-bottom-small:16px;--awb-margin-left-small:0px;\"><h4 class=\"fusion-title-heading title-heading-left fusion-responsive-typography-calculated\" style=\"font-family:&quot;Nunito&quot;;font-style:normal;font-weight:700;margin:0;--fontSize:19;--minFontSize:19;line-height:1.34;\">CONTACTO<\/h4><\/div><div class=\"fusion-separator fusion-full-width-sep\" style=\"align-self: center;margin-left: auto;margin-right: auto;flex-grow:3;margin-bottom:3%;width:100%;\"><div class=\"fusion-separator-border sep-single sep-solid\" style=\"--awb-height:20px;--awb-amount:20px;--awb-sep-color:#821752;border-color:#821752;border-top-width:3px;\"><\/div><\/div><div class=\"fusion-social-links fusion-social-links-1\" style=\"--awb-margin-top:0px;--awb-margin-right:0px;--awb-margin-bottom:0px;--awb-margin-left:0px;--awb-box-border-top:0px;--awb-box-border-right:0px;--awb-box-border-bottom:0px;--awb-box-border-left:0px;--awb-icon-colors-hover:rgba(101,106,112,0.8);--awb-box-colors-hover:rgba(255,255,255,0.8);--awb-box-border-color:var(--awb-color3);--awb-box-border-color-hover:var(--awb-color4);\"><div class=\"fusion-social-networks boxed-icons color-type-custom\"><div class=\"fusion-social-networks-wrapper\"><a class=\"fusion-social-network-icon fusion-tooltip fusion-mail awb-icon-mail\" style=\"color:#656a70;font-size:18px;width:18px;background-color:#ffffff;border-color:#ffffff;border-radius:20px;\" data-placement=\"top\" data-title=\"Email\" data-toggle=\"tooltip\" title=\"Email\" aria-label=\"mail\" target=\"_blank\" rel=\"noopener noreferrer\" href=\"mailto:vis&#105;ta&#115;fa&#114;od&#101;&#108;&#097;m&#101;&#109;&#111;ria&#064;&#103;mai&#108;.com\"><\/a><a class=\"fusion-social-network-icon fusion-tooltip fusion-phone awb-icon-phone\" style=\"color:#656a70;font-size:18px;width:18px;background-color:#ffffff;border-color:#ffffff;border-radius:20px;\" data-placement=\"top\" data-title=\"Phone\" data-toggle=\"tooltip\" title=\"Phone\" aria-label=\"phone\" target=\"_self\" rel=\"noopener noreferrer\" href=\"tel:+54 (223) 467-1101\"><\/a><\/div><\/div><\/div><\/div><\/div><\/div><\/div><div class=\"fusion-fullwidth fullwidth-box fusion-builder-row-10 fusion-flex-container nonhundred-percent-fullwidth non-hundred-percent-height-scrolling\" style=\"--awb-border-radius-top-left:0px;--awb-border-radius-top-right:0px;--awb-border-radius-bottom-right:0px;--awb-border-radius-bottom-left:0px;--awb-flex-wrap:wrap;\" ><div class=\"fusion-builder-row fusion-row fusion-flex-align-items-flex-start fusion-flex-content-wrap\" style=\"max-width:1248px;margin-left: calc(-4% \/ 2 );margin-right: calc(-4% \/ 2 );\"><div class=\"fusion-layout-column fusion_builder_column fusion-builder-column-13 fusion_builder_column_1_1 1_1 fusion-flex-column\" style=\"--awb-bg-size:cover;--awb-width-large:100%;--awb-margin-top-large:25px;--awb-spacing-right-large:1.92%;--awb-margin-bottom-large:25px;--awb-spacing-left-large:1.92%;--awb-width-medium:100%;--awb-order-medium:0;--awb-spacing-right-medium:1.92%;--awb-spacing-left-medium:1.92%;--awb-width-small:100%;--awb-order-small:0;--awb-spacing-right-small:1.92%;--awb-spacing-left-small:1.92%;\"><div class=\"fusion-column-wrapper fusion-column-has-shadow fusion-flex-justify-content-flex-start fusion-content-layout-column\"><div class=\"awb-gallery-wrapper awb-gallery-wrapper-1 button-span-no\"><div style=\"margin:-10px;--awb-bordersize:0px;\" class=\"fusion-gallery fusion-gallery-container fusion-grid-4 fusion-columns-total-4 fusion-gallery-layout-grid fusion-gallery-1\"><div style=\"padding:10px;\" class=\"fusion-grid-column fusion-gallery-column fusion-gallery-column-4 hover-type-zoomin\"><div class=\"fusion-gallery-image\"><a href=\"https:\/\/www.comisionporlamemoria.org\/sitiosdememoria\/wp-content\/uploads\/sites\/16\/sites\/31\/2020\/09\/Faro-1.jpg\" rel=\"noreferrer\" data-rel=\"iLightbox[gallery_image_1]\" class=\"fusion-lightbox\" target=\"_self\"><img decoding=\"async\" src=\"https:\/\/www.comisionporlamemoria.org\/sitiosdememoria\/wp-content\/uploads\/sites\/16\/sites\/31\/2020\/09\/Faro-1-320x202.jpg\" width=\"320\" height=\"202\" alt=\"\" title=\"Faro-1\" aria-label=\"Faro-1\" class=\"img-responsive wp-image-1933 fusion-gallery-image-size-fixed\" srcset=\"https:\/\/www.comisionporlamemoria.org\/sitiosdememoria\/wp-content\/uploads\/sites\/16\/sites\/31\/2020\/09\/Faro-1-320x202.jpg 320w, https:\/\/www.comisionporlamemoria.org\/sitiosdememoria\/wp-content\/uploads\/sites\/16\/sites\/31\/2020\/09\/Faro-1-700x441.jpg 700w\" sizes=\"(max-width: 320px) 100vw, 320px\" \/><\/a><\/div><\/div><div style=\"padding:10px;\" class=\"fusion-grid-column fusion-gallery-column fusion-gallery-column-4 hover-type-zoomin\"><div class=\"fusion-gallery-image\"><a href=\"https:\/\/www.comisionporlamemoria.org\/sitiosdememoria\/wp-content\/uploads\/sites\/16\/sites\/31\/2020\/09\/Faro-2.jpg\" rel=\"noreferrer\" data-rel=\"iLightbox[gallery_image_1]\" class=\"fusion-lightbox\" target=\"_self\"><img decoding=\"async\" src=\"https:\/\/www.comisionporlamemoria.org\/sitiosdememoria\/wp-content\/uploads\/sites\/16\/sites\/31\/2020\/09\/Faro-2-320x202.jpg\" width=\"320\" height=\"202\" alt=\"\" title=\"Faro-2\" aria-label=\"Faro-2\" class=\"img-responsive wp-image-1934 fusion-gallery-image-size-fixed\" srcset=\"https:\/\/www.comisionporlamemoria.org\/sitiosdememoria\/wp-content\/uploads\/sites\/16\/sites\/31\/2020\/09\/Faro-2-320x202.jpg 320w, https:\/\/www.comisionporlamemoria.org\/sitiosdememoria\/wp-content\/uploads\/sites\/16\/sites\/31\/2020\/09\/Faro-2-700x441.jpg 700w\" sizes=\"(max-width: 320px) 100vw, 320px\" \/><\/a><\/div><\/div><div style=\"padding:10px;\" class=\"fusion-grid-column fusion-gallery-column fusion-gallery-column-4 hover-type-zoomin\"><div class=\"fusion-gallery-image\"><a href=\"https:\/\/www.comisionporlamemoria.org\/sitiosdememoria\/wp-content\/uploads\/sites\/16\/sites\/31\/2020\/09\/Faro-3.jpg\" rel=\"noreferrer\" data-rel=\"iLightbox[gallery_image_1]\" class=\"fusion-lightbox\" target=\"_self\"><img decoding=\"async\" src=\"https:\/\/www.comisionporlamemoria.org\/sitiosdememoria\/wp-content\/uploads\/sites\/16\/sites\/31\/2020\/09\/Faro-3-320x202.jpg\" width=\"320\" height=\"202\" alt=\"\" title=\"Faro-3\" aria-label=\"Faro-3\" class=\"img-responsive wp-image-1935 fusion-gallery-image-size-fixed\" srcset=\"https:\/\/www.comisionporlamemoria.org\/sitiosdememoria\/wp-content\/uploads\/sites\/16\/sites\/31\/2020\/09\/Faro-3-320x202.jpg 320w, https:\/\/www.comisionporlamemoria.org\/sitiosdememoria\/wp-content\/uploads\/sites\/16\/sites\/31\/2020\/09\/Faro-3-700x441.jpg 700w\" sizes=\"(max-width: 320px) 100vw, 320px\" \/><\/a><\/div><\/div><div style=\"padding:10px;\" class=\"fusion-grid-column fusion-gallery-column fusion-gallery-column-4 hover-type-zoomin\"><div class=\"fusion-gallery-image\"><a href=\"https:\/\/www.comisionporlamemoria.org\/sitiosdememoria\/wp-content\/uploads\/sites\/16\/sites\/31\/2020\/09\/Faro-4.jpg\" rel=\"noreferrer\" data-rel=\"iLightbox[gallery_image_1]\" class=\"fusion-lightbox\" target=\"_self\"><img decoding=\"async\" src=\"https:\/\/www.comisionporlamemoria.org\/sitiosdememoria\/wp-content\/uploads\/sites\/16\/sites\/31\/2020\/09\/Faro-4-320x202.jpg\" width=\"320\" height=\"202\" alt=\"\" title=\"Faro-4\" aria-label=\"Faro-4\" class=\"img-responsive wp-image-1936 fusion-gallery-image-size-fixed\" srcset=\"https:\/\/www.comisionporlamemoria.org\/sitiosdememoria\/wp-content\/uploads\/sites\/16\/sites\/31\/2020\/09\/Faro-4-320x202.jpg 320w, https:\/\/www.comisionporlamemoria.org\/sitiosdememoria\/wp-content\/uploads\/sites\/16\/sites\/31\/2020\/09\/Faro-4-700x441.jpg 700w\" sizes=\"(max-width: 320px) 100vw, 320px\" \/><\/a><\/div><\/div><div class=\"clearfix\"><\/div><\/div><\/div><div class=\"fusion-text fusion-text-6 fusion-animated\" style=\"--awb-line-height:1.5;\" data-animationType=\"fadeInLeft\" data-animationDuration=\"0.3\" data-animationOffset=\"top-into-view\"><p style=\"text-align: right\"><em><strong>\u00a0<\/strong><\/em><\/p>\n<p style=\"text-align: right\"><em><strong>Fotograf\u00edas: Pablo Tesoriere<\/strong><\/em><\/p>\n<\/div><\/div><\/div><\/div><\/div><\/p>\n","protected":false},"excerpt":{"rendered":"","protected":false},"author":32,"featured_media":0,"menu_order":0,"comment_status":"open","ping_status":"closed","template":"","format":"standard","meta":{"footnotes":""},"portfolio_category":[],"portfolio_skills":[],"portfolio_tags":[],"class_list":["post-1664","avada_portfolio","type-avada_portfolio","status-publish","format-standard","hentry"],"_links":{"self":[{"href":"https:\/\/www.comisionporlamemoria.org\/sitiosdememoria\/wp-json\/wp\/v2\/avada_portfolio\/1664","targetHints":{"allow":["GET"]}}],"collection":[{"href":"https:\/\/www.comisionporlamemoria.org\/sitiosdememoria\/wp-json\/wp\/v2\/avada_portfolio"}],"about":[{"href":"https:\/\/www.comisionporlamemoria.org\/sitiosdememoria\/wp-json\/wp\/v2\/types\/avada_portfolio"}],"author":[{"embeddable":true,"href":"https:\/\/www.comisionporlamemoria.org\/sitiosdememoria\/wp-json\/wp\/v2\/users\/32"}],"replies":[{"embeddable":true,"href":"https:\/\/www.comisionporlamemoria.org\/sitiosdememoria\/wp-json\/wp\/v2\/comments?post=1664"}],"version-history":[{"count":0,"href":"https:\/\/www.comisionporlamemoria.org\/sitiosdememoria\/wp-json\/wp\/v2\/avada_portfolio\/1664\/revisions"}],"wp:attachment":[{"href":"https:\/\/www.comisionporlamemoria.org\/sitiosdememoria\/wp-json\/wp\/v2\/media?parent=1664"}],"wp:term":[{"taxonomy":"portfolio_category","embeddable":true,"href":"https:\/\/www.comisionporlamemoria.org\/sitiosdememoria\/wp-json\/wp\/v2\/portfolio_category?post=1664"},{"taxonomy":"portfolio_skills","embeddable":true,"href":"https:\/\/www.comisionporlamemoria.org\/sitiosdememoria\/wp-json\/wp\/v2\/portfolio_skills?post=1664"},{"taxonomy":"portfolio_tags","embeddable":true,"href":"https:\/\/www.comisionporlamemoria.org\/sitiosdememoria\/wp-json\/wp\/v2\/portfolio_tags?post=1664"}],"curies":[{"name":"wp","href":"https:\/\/api.w.org\/{rel}","templated":true}]}}