{"id":1716,"date":"2020-09-14T23:42:55","date_gmt":"2020-09-14T23:42:55","guid":{"rendered":"https:\/\/www.comisionporlamemoria.org\/sitiosdememoria\/?post_type=avada_portfolio&#038;p=1716"},"modified":"2021-09-16T14:28:30","modified_gmt":"2021-09-16T14:28:30","slug":"ex-ccdtye-quinta-de-los-funes","status":"publish","type":"avada_portfolio","link":"https:\/\/www.comisionporlamemoria.org\/sitiosdememoria\/ficha\/ex-ccdtye-quinta-de-los-funes\/","title":{"rendered":"Proyecto: ex CCDTyE Quinta de Funes"},"content":{"rendered":"<p><div class=\"fusion-fullwidth fullwidth-box fusion-builder-row-1 fusion-flex-container nonhundred-percent-fullwidth non-hundred-percent-height-scrolling\" style=\"--awb-border-radius-top-left:0px;--awb-border-radius-top-right:0px;--awb-border-radius-bottom-right:0px;--awb-border-radius-bottom-left:0px;--awb-padding-top:0%;--awb-padding-bottom:0%;--awb-flex-wrap:wrap;\" ><div class=\"fusion-builder-row fusion-row fusion-flex-align-items-flex-start fusion-flex-content-wrap\" style=\"max-width:1248px;margin-left: calc(-4% \/ 2 );margin-right: calc(-4% \/ 2 );\"><div class=\"fusion-layout-column fusion_builder_column fusion-builder-column-0 fusion_builder_column_1_3 1_3 fusion-flex-column\" style=\"--awb-bg-size:cover;--awb-width-large:33.333333333333%;--awb-margin-top-large:25px;--awb-spacing-right-large:5.76%;--awb-margin-bottom-large:25px;--awb-spacing-left-large:5.76%;--awb-width-medium:100%;--awb-order-medium:0;--awb-spacing-right-medium:1.92%;--awb-spacing-left-medium:1.92%;--awb-width-small:100%;--awb-order-small:0;--awb-spacing-right-small:1.92%;--awb-spacing-left-small:1.92%;\"><div class=\"fusion-column-wrapper fusion-column-has-shadow fusion-flex-justify-content-flex-start fusion-content-layout-column\"><div ><a class=\"fusion-button button-flat fusion-button-default-size button-custom fusion-button-default button-1 fusion-button-span-yes fusion-button-default-type\" style=\"--button_accent_color:#821752;--button_border_color:#821752;--button_accent_hover_color:#ffffff;--button_border_hover_color:#821752;--button_border_width-top:1px;--button_border_width-right:1px;--button_border_width-bottom:1px;--button_border_width-left:1px;--button-border-radius-top-left:1px;--button-border-radius-top-right:1px;--button-border-radius-bottom-right:1px;--button-border-radius-bottom-left:1px;--button_gradient_top_color:#fafafa;--button_gradient_bottom_color:#fafafa;--button_gradient_top_color_hover:#821752;--button_gradient_bottom_color_hover:#821752;\" target=\"_self\" href=\"#historia\"><span class=\"fusion-button-text awb-button__text awb-button__text--default\">Historia<\/span><i class=\"fa-landmark fas awb-button__icon awb-button__icon--default button-icon-right\" aria-hidden=\"true\"><\/i><\/a><\/div><\/div><\/div><div class=\"fusion-layout-column fusion_builder_column fusion-builder-column-1 fusion_builder_column_1_3 1_3 fusion-flex-column\" style=\"--awb-bg-size:cover;--awb-width-large:33.333333333333%;--awb-margin-top-large:25px;--awb-spacing-right-large:5.76%;--awb-margin-bottom-large:25px;--awb-spacing-left-large:5.76%;--awb-width-medium:100%;--awb-order-medium:0;--awb-spacing-right-medium:1.92%;--awb-spacing-left-medium:1.92%;--awb-width-small:100%;--awb-order-small:0;--awb-spacing-right-small:1.92%;--awb-spacing-left-small:1.92%;\"><div class=\"fusion-column-wrapper fusion-column-has-shadow fusion-flex-justify-content-flex-start fusion-content-layout-column\"><div ><a class=\"fusion-button button-flat fusion-button-default-size button-custom fusion-button-default button-2 fusion-button-span-yes fusion-button-default-type\" style=\"--button_accent_color:#821752;--button_border_color:#821752;--button_accent_hover_color:#ffffff;--button_border_hover_color:#821752;--button_border_width-top:1px;--button_border_width-right:1px;--button_border_width-bottom:1px;--button_border_width-left:1px;--button-border-radius-top-left:1px;--button-border-radius-top-right:1px;--button-border-radius-bottom-right:1px;--button-border-radius-bottom-left:1px;--button_gradient_top_color:#fafafa;--button_gradient_bottom_color:#fafafa;--button_gradient_top_color_hover:#821752;--button_gradient_bottom_color_hover:#821752;\" target=\"_self\" href=\"#justicia\"><span class=\"fusion-button-text awb-button__text awb-button__text--default\">Justicia<\/span><i class=\"fa-balance-scale fas awb-button__icon awb-button__icon--default button-icon-right\" aria-hidden=\"true\"><\/i><\/a><\/div><\/div><\/div><div class=\"fusion-layout-column fusion_builder_column fusion-builder-column-2 fusion_builder_column_1_3 1_3 fusion-flex-column\" style=\"--awb-bg-size:cover;--awb-width-large:33.333333333333%;--awb-margin-top-large:25px;--awb-spacing-right-large:5.76%;--awb-margin-bottom-large:25px;--awb-spacing-left-large:5.76%;--awb-width-medium:100%;--awb-order-medium:0;--awb-spacing-right-medium:1.92%;--awb-spacing-left-medium:1.92%;--awb-width-small:100%;--awb-order-small:0;--awb-spacing-right-small:1.92%;--awb-spacing-left-small:1.92%;\"><div class=\"fusion-column-wrapper fusion-column-has-shadow fusion-flex-justify-content-flex-start fusion-content-layout-column\"><div ><a class=\"fusion-button button-flat fusion-button-default-size button-custom fusion-button-default button-3 fusion-button-span-yes fusion-button-default-type\" style=\"--button_accent_color:#821752;--button_border_color:#821752;--button_accent_hover_color:#ffffff;--button_border_hover_color:#821752;--button_border_width-top:1px;--button_border_width-right:1px;--button_border_width-bottom:1px;--button_border_width-left:1px;--button-border-radius-top-left:1px;--button-border-radius-top-right:1px;--button-border-radius-bottom-right:1px;--button-border-radius-bottom-left:1px;--button_gradient_top_color:#fafafa;--button_gradient_bottom_color:#fafafa;--button_gradient_top_color_hover:#821752;--button_gradient_bottom_color_hover:#821752;\" target=\"_self\" href=\"#proyecto\"><span class=\"fusion-button-text awb-button__text awb-button__text--default\">proyecto<\/span><i class=\"fa-thumbtack fas awb-button__icon awb-button__icon--default button-icon-right\" aria-hidden=\"true\"><\/i><\/a><\/div><\/div><\/div><\/div><\/div><div class=\"fusion-fullwidth fullwidth-box fusion-builder-row-2 fusion-flex-container nonhundred-percent-fullwidth non-hundred-percent-height-scrolling\" style=\"--awb-border-radius-top-left:0px;--awb-border-radius-top-right:0px;--awb-border-radius-bottom-right:0px;--awb-border-radius-bottom-left:0px;--awb-padding-top:0px;--awb-padding-bottom:0px;--awb-flex-wrap:wrap;\" ><div class=\"fusion-builder-row fusion-row fusion-flex-align-items-flex-start fusion-flex-content-wrap\" style=\"max-width:1248px;margin-left: calc(-4% \/ 2 );margin-right: calc(-4% \/ 2 );\"><div class=\"fusion-layout-column fusion_builder_column fusion-builder-column-3 fusion_builder_column_1_1 1_1 fusion-flex-column\" style=\"--awb-bg-size:cover;--awb-width-large:100%;--awb-margin-top-large:25px;--awb-spacing-right-large:1.92%;--awb-margin-bottom-large:25px;--awb-spacing-left-large:1.92%;--awb-width-medium:100%;--awb-order-medium:0;--awb-spacing-right-medium:1.92%;--awb-spacing-left-medium:1.92%;--awb-width-small:100%;--awb-order-small:0;--awb-spacing-right-small:1.92%;--awb-spacing-left-small:1.92%;\"><div class=\"fusion-column-wrapper fusion-column-has-shadow fusion-flex-justify-content-flex-start fusion-content-layout-column\"><div class=\"fusion-separator\" style=\"align-self: center;margin-left: auto;margin-right: auto;width:100%;max-width:80%;\"><div class=\"fusion-separator-border sep-single sep-dashed\" style=\"--awb-height:20px;--awb-amount:20px;--awb-sep-color:#821752;border-color:#821752;border-top-width:1px;\"><\/div><\/div><\/div><\/div><\/div><\/div><div class=\"fusion-fullwidth fullwidth-box fusion-builder-row-3 fusion-flex-container nonhundred-percent-fullwidth non-hundred-percent-height-scrolling\" style=\"--awb-border-radius-top-left:0px;--awb-border-radius-top-right:0px;--awb-border-radius-bottom-right:0px;--awb-border-radius-bottom-left:0px;--awb-padding-top:0%;--awb-padding-right:90px;--awb-padding-bottom:0%;--awb-padding-left:90px;--awb-flex-wrap:wrap;\" ><div class=\"fusion-builder-row fusion-row fusion-flex-align-items-flex-start fusion-flex-content-wrap\" style=\"max-width:1248px;margin-left: calc(-4% \/ 2 );margin-right: calc(-4% \/ 2 );\"><div class=\"fusion-layout-column fusion_builder_column fusion-builder-column-4 fusion_builder_column_1_1 1_1 fusion-flex-column\" style=\"--awb-bg-size:cover;--awb-width-large:100%;--awb-margin-top-large:25px;--awb-spacing-right-large:1.92%;--awb-margin-bottom-large:25px;--awb-spacing-left-large:1.92%;--awb-width-medium:100%;--awb-order-medium:0;--awb-spacing-right-medium:1.92%;--awb-spacing-left-medium:1.92%;--awb-width-small:100%;--awb-order-small:0;--awb-spacing-right-small:1.92%;--awb-spacing-left-small:1.92%;\"><div class=\"fusion-column-wrapper fusion-column-has-shadow fusion-flex-justify-content-flex-start fusion-content-layout-column\"><div class=\"fusion-menu-anchor\" id=\"historia\"><\/div><i class=\"fb-icon-element-1 fb-icon-element fontawesome-icon fa-landmark fas circle-yes fusion-text-flow icon-hover-animation-pulsate\" style=\"--awb-iconcolor:#fafafa;--awb-circlecolor:#821752;--awb-circlecolor-hover:#821752;--awb-circlebordersize:1px;--awb-font-size:17.6px;--awb-width:35.2px;--awb-height:35.2px;--awb-line-height:33.2px;--awb-margin-right:10px;\"><\/i><div class=\"fusion-title title fusion-title-1 fusion-sep-none fusion-title-text fusion-title-size-four\" style=\"--awb-margin-top-small:8px;--awb-margin-right-small:0px;--awb-margin-bottom-small:16px;--awb-margin-left-small:0px;\"><h4 class=\"fusion-title-heading title-heading-left fusion-responsive-typography-calculated\" style=\"font-family:&quot;Nunito&quot;;font-style:normal;font-weight:700;margin:0;--fontSize:19;--minFontSize:19;line-height:1.34;\">HISTORIA<\/h4><\/div><div class=\"fusion-separator fusion-full-width-sep\" style=\"align-self: center;margin-left: auto;margin-right: auto;flex-grow:3;margin-bottom:3%;width:100%;\"><div class=\"fusion-separator-border sep-single sep-solid\" style=\"--awb-height:20px;--awb-amount:20px;--awb-sep-color:#821752;border-color:#821752;border-top-width:3px;\"><\/div><\/div><div class=\"fusion-text fusion-text-1\"><p style=\"text-align: justify;\">En este predio privado fue utilizado por al II Cuerpo del Ej\u00e9rcito y funcion\u00f3 un centro clandestino de detenci\u00f3n, tortura y extermino (CCDTyE) entre septiembre de 1977 y enero de 1978, en el marco del plan sistem\u00e1tico de terror y exterminio implementado por la \u00faltima dictadura c\u00edvico militar en Argentina.<\/p>\n<p style=\"text-align: justify;\">Este CCDTyE oper\u00f3 bajo la \u00f3rbita de la Zona 2 con comando del Cuerpo de Ej\u00e9rcito II con asiento en Rosario, Subzona 121 teniendo a su mando a los 2\u00ba comandantes del Cuerpo de Ej\u00e9rcito II y \u00e1rea 121 con jefatura en el Batall\u00f3n Comunicaciones Comando 121.<\/p>\n<\/div><\/div><\/div><\/div><\/div><div class=\"fusion-fullwidth fullwidth-box fusion-builder-row-4 fusion-flex-container nonhundred-percent-fullwidth non-hundred-percent-height-scrolling\" style=\"--awb-border-radius-top-left:0px;--awb-border-radius-top-right:0px;--awb-border-radius-bottom-right:0px;--awb-border-radius-bottom-left:0px;--awb-padding-top:0%;--awb-padding-right:90px;--awb-padding-bottom:0%;--awb-padding-left:90px;--awb-flex-wrap:wrap;\" ><div class=\"fusion-builder-row fusion-row fusion-flex-align-items-flex-start fusion-flex-content-wrap\" style=\"max-width:1248px;margin-left: calc(-4% \/ 2 );margin-right: calc(-4% \/ 2 );\"><div class=\"fusion-layout-column fusion_builder_column fusion-builder-column-5 fusion_builder_column_1_1 1_1 fusion-flex-column\" style=\"--awb-bg-size:cover;--awb-width-large:100%;--awb-margin-top-large:25px;--awb-spacing-right-large:1.92%;--awb-margin-bottom-large:25px;--awb-spacing-left-large:1.92%;--awb-width-medium:100%;--awb-order-medium:0;--awb-spacing-right-medium:1.92%;--awb-spacing-left-medium:1.92%;--awb-width-small:100%;--awb-order-small:0;--awb-spacing-right-small:1.92%;--awb-spacing-left-small:1.92%;\"><div class=\"fusion-column-wrapper fusion-column-has-shadow fusion-flex-justify-content-flex-start fusion-content-layout-column\"><div class=\"fusion-menu-anchor\" id=\"justicia\"><\/div><i class=\"fb-icon-element-2 fb-icon-element fontawesome-icon fa-balance-scale fas circle-yes fusion-text-flow icon-hover-animation-pulsate\" style=\"--awb-iconcolor:#fafafa;--awb-circlecolor:#821752;--awb-circlecolor-hover:#821752;--awb-circlebordersize:1px;--awb-font-size:17.6px;--awb-width:35.2px;--awb-height:35.2px;--awb-line-height:33.2px;--awb-margin-right:10px;\"><\/i><div class=\"fusion-title title fusion-title-2 fusion-sep-none fusion-title-text fusion-title-size-four\" style=\"--awb-margin-top-small:8px;--awb-margin-right-small:0px;--awb-margin-bottom-small:16px;--awb-margin-left-small:0px;\"><h4 class=\"fusion-title-heading title-heading-left fusion-responsive-typography-calculated\" style=\"font-family:&quot;Nunito&quot;;font-style:normal;font-weight:700;margin:0;--fontSize:19;--minFontSize:19;line-height:1.34;\">JUSTICIA<\/h4><\/div><div class=\"fusion-separator fusion-full-width-sep\" style=\"align-self: center;margin-left: auto;margin-right: auto;flex-grow:3;margin-bottom:3%;width:100%;\"><div class=\"fusion-separator-border sep-single sep-solid\" style=\"--awb-height:20px;--awb-amount:20px;--awb-sep-color:#821752;border-color:#821752;border-top-width:3px;\"><\/div><\/div><div class=\"fusion-text fusion-text-2\"><p style=\"text-align: justify\">Los delitos cometidos en el circuito que incluye a los centros clandestinos de detenci\u00f3n denominados Escuela Magnasco, La Calamita, Quinta de Funes, La Intermedia y la F\u00e1brica de Armas Domingo Matheu es la causa que lleva el nombre de Guerrieri que ya va juzgando su tercer tramo: Guerrieri I con sentencia en 2010,\u00a0 Guerrieri II con sentencia en 2013 y Guerrieri III con sentencia en 2017.<\/p>\n<\/div><\/div><\/div><\/div><\/div><div class=\"fusion-fullwidth fullwidth-box fusion-builder-row-5 fusion-flex-container nonhundred-percent-fullwidth non-hundred-percent-height-scrolling\" style=\"--awb-border-radius-top-left:0px;--awb-border-radius-top-right:0px;--awb-border-radius-bottom-right:0px;--awb-border-radius-bottom-left:0px;--awb-padding-top:0%;--awb-padding-right:90px;--awb-padding-bottom:0%;--awb-padding-left:90px;--awb-flex-wrap:wrap;\" ><div class=\"fusion-builder-row fusion-row fusion-flex-align-items-flex-start fusion-flex-content-wrap\" style=\"max-width:1248px;margin-left: calc(-4% \/ 2 );margin-right: calc(-4% \/ 2 );\"><div class=\"fusion-layout-column fusion_builder_column fusion-builder-column-6 fusion_builder_column_1_1 1_1 fusion-flex-column\" style=\"--awb-bg-size:cover;--awb-width-large:100%;--awb-margin-top-large:25px;--awb-spacing-right-large:1.92%;--awb-margin-bottom-large:25px;--awb-spacing-left-large:1.92%;--awb-width-medium:100%;--awb-order-medium:0;--awb-spacing-right-medium:1.92%;--awb-spacing-left-medium:1.92%;--awb-width-small:100%;--awb-order-small:0;--awb-spacing-right-small:1.92%;--awb-spacing-left-small:1.92%;\"><div class=\"fusion-column-wrapper fusion-column-has-shadow fusion-flex-justify-content-flex-start fusion-content-layout-column\"><div class=\"fusion-menu-anchor\" id=\"proyecto\"><\/div><i class=\"fb-icon-element-3 fb-icon-element fontawesome-icon fa-thumbtack fas circle-yes fusion-text-flow icon-hover-animation-pulsate\" style=\"--awb-iconcolor:#fafafa;--awb-circlecolor:#821752;--awb-circlecolor-hover:#821752;--awb-circlebordersize:1px;--awb-font-size:17.6px;--awb-width:35.2px;--awb-height:35.2px;--awb-line-height:33.2px;--awb-margin-right:10px;\"><\/i><div class=\"fusion-title title fusion-title-3 fusion-sep-none fusion-title-text fusion-title-size-four\" style=\"--awb-margin-top-small:8px;--awb-margin-right-small:0px;--awb-margin-bottom-small:16px;--awb-margin-left-small:0px;\"><h4 class=\"fusion-title-heading title-heading-left fusion-responsive-typography-calculated\" style=\"font-family:&quot;Nunito&quot;;font-style:normal;font-weight:700;margin:0;--fontSize:19;--minFontSize:19;line-height:1.34;\">PROYECTO<\/h4><\/div><div class=\"fusion-separator fusion-full-width-sep\" style=\"align-self: center;margin-left: auto;margin-right: auto;flex-grow:3;margin-bottom:3%;width:100%;\"><div class=\"fusion-separator-border sep-single sep-solid\" style=\"--awb-height:20px;--awb-amount:20px;--awb-sep-color:#821752;border-color:#821752;border-top-width:3px;\"><\/div><\/div><div class=\"fusion-text fusion-text-3\"><p>Impulsa este proyecto la Secretar\u00eda de Derechos Humanos de la provincia de Santa Fe.<\/p>\n<\/div><\/div><\/div><\/div><\/div><div class=\"fusion-fullwidth fullwidth-box fusion-builder-row-6 fusion-flex-container nonhundred-percent-fullwidth non-hundred-percent-height-scrolling\" style=\"--awb-border-radius-top-left:0px;--awb-border-radius-top-right:0px;--awb-border-radius-bottom-right:0px;--awb-border-radius-bottom-left:0px;--awb-flex-wrap:wrap;\" ><div class=\"fusion-builder-row fusion-row fusion-flex-align-items-flex-start fusion-flex-content-wrap\" style=\"max-width:1248px;margin-left: calc(-4% \/ 2 );margin-right: calc(-4% \/ 2 );\"><div class=\"fusion-layout-column fusion_builder_column fusion-builder-column-7 fusion_builder_column_1_1 1_1 fusion-flex-column\" style=\"--awb-bg-size:cover;--awb-width-large:100%;--awb-margin-top-large:25px;--awb-spacing-right-large:1.92%;--awb-margin-bottom-large:25px;--awb-spacing-left-large:1.92%;--awb-width-medium:100%;--awb-order-medium:0;--awb-spacing-right-medium:1.92%;--awb-spacing-left-medium:1.92%;--awb-width-small:100%;--awb-order-small:0;--awb-spacing-right-small:1.92%;--awb-spacing-left-small:1.92%;\"><div class=\"fusion-column-wrapper fusion-column-has-shadow fusion-flex-justify-content-flex-start fusion-content-layout-column\"><div class=\"awb-gallery-wrapper awb-gallery-wrapper-1 button-span-no\"><div style=\"margin:-10px;--awb-bordersize:0px;\" class=\"fusion-gallery fusion-gallery-container fusion-grid-3 fusion-columns-total-3 fusion-gallery-layout-grid fusion-gallery-1\"><div style=\"padding:10px;\" class=\"fusion-grid-column fusion-gallery-column fusion-gallery-column-3 hover-type-zoomin\"><div class=\"fusion-gallery-image\"><a href=\"https:\/\/www.comisionporlamemoria.org\/sitiosdememoria\/wp-content\/uploads\/sites\/16\/sites\/31\/2020\/09\/funes-1.jpg\" rel=\"noreferrer\" data-rel=\"iLightbox[gallery_image_1]\" class=\"fusion-lightbox\" target=\"_self\"><img decoding=\"async\" src=\"https:\/\/www.comisionporlamemoria.org\/sitiosdememoria\/wp-content\/uploads\/sites\/16\/sites\/31\/2020\/09\/funes-1-460x295.jpg\" width=\"460\" height=\"295\" alt=\"\" title=\"funes-1\" aria-label=\"funes-1\" class=\"img-responsive wp-image-2206 fusion-gallery-image-size-fixed\"  \/><\/a><\/div><\/div><div style=\"padding:10px;\" class=\"fusion-grid-column fusion-gallery-column fusion-gallery-column-3 hover-type-zoomin\"><div class=\"fusion-gallery-image\"><a href=\"https:\/\/www.comisionporlamemoria.org\/sitiosdememoria\/wp-content\/uploads\/sites\/16\/sites\/31\/2020\/09\/funes-2.jpg\" rel=\"noreferrer\" data-rel=\"iLightbox[gallery_image_1]\" class=\"fusion-lightbox\" target=\"_self\"><img decoding=\"async\" src=\"https:\/\/www.comisionporlamemoria.org\/sitiosdememoria\/wp-content\/uploads\/sites\/16\/sites\/31\/2020\/09\/funes-2-460x295.jpg\" width=\"460\" height=\"295\" alt=\"\" title=\"funes-2\" aria-label=\"funes-2\" class=\"img-responsive wp-image-2207 fusion-gallery-image-size-fixed\"  \/><\/a><\/div><\/div><div style=\"padding:10px;\" class=\"fusion-grid-column fusion-gallery-column fusion-gallery-column-3 hover-type-zoomin\"><div class=\"fusion-gallery-image\"><a href=\"https:\/\/www.comisionporlamemoria.org\/sitiosdememoria\/wp-content\/uploads\/sites\/16\/sites\/31\/2020\/09\/funes-3.jpg\" rel=\"noreferrer\" data-rel=\"iLightbox[gallery_image_1]\" class=\"fusion-lightbox\" target=\"_self\"><img decoding=\"async\" src=\"https:\/\/www.comisionporlamemoria.org\/sitiosdememoria\/wp-content\/uploads\/sites\/16\/sites\/31\/2020\/09\/funes-3-460x295.jpg\" width=\"460\" height=\"295\" alt=\"\" title=\"funes-3\" aria-label=\"funes-3\" class=\"img-responsive wp-image-2208 fusion-gallery-image-size-fixed\"  \/><\/a><\/div><\/div><div class=\"clearfix\"><\/div><\/div><\/div><div class=\"fusion-text fusion-text-4\" style=\"--awb-line-height:4;\"><p style=\"text-align: center;\"><strong>Fotograf\u00edas: Web<\/strong><\/p>\n<\/div><\/div><\/div><\/div><\/div><\/p>\n","protected":false},"excerpt":{"rendered":"","protected":false},"author":32,"featured_media":0,"menu_order":0,"comment_status":"open","ping_status":"closed","template":"","format":"standard","meta":{"footnotes":""},"portfolio_category":[],"portfolio_skills":[],"portfolio_tags":[],"class_list":["post-1716","avada_portfolio","type-avada_portfolio","status-publish","format-standard","hentry"],"_links":{"self":[{"href":"https:\/\/www.comisionporlamemoria.org\/sitiosdememoria\/wp-json\/wp\/v2\/avada_portfolio\/1716","targetHints":{"allow":["GET"]}}],"collection":[{"href":"https:\/\/www.comisionporlamemoria.org\/sitiosdememoria\/wp-json\/wp\/v2\/avada_portfolio"}],"about":[{"href":"https:\/\/www.comisionporlamemoria.org\/sitiosdememoria\/wp-json\/wp\/v2\/types\/avada_portfolio"}],"author":[{"embeddable":true,"href":"https:\/\/www.comisionporlamemoria.org\/sitiosdememoria\/wp-json\/wp\/v2\/users\/32"}],"replies":[{"embeddable":true,"href":"https:\/\/www.comisionporlamemoria.org\/sitiosdememoria\/wp-json\/wp\/v2\/comments?post=1716"}],"version-history":[{"count":0,"href":"https:\/\/www.comisionporlamemoria.org\/sitiosdememoria\/wp-json\/wp\/v2\/avada_portfolio\/1716\/revisions"}],"wp:attachment":[{"href":"https:\/\/www.comisionporlamemoria.org\/sitiosdememoria\/wp-json\/wp\/v2\/media?parent=1716"}],"wp:term":[{"taxonomy":"portfolio_category","embeddable":true,"href":"https:\/\/www.comisionporlamemoria.org\/sitiosdememoria\/wp-json\/wp\/v2\/portfolio_category?post=1716"},{"taxonomy":"portfolio_skills","embeddable":true,"href":"https:\/\/www.comisionporlamemoria.org\/sitiosdememoria\/wp-json\/wp\/v2\/portfolio_skills?post=1716"},{"taxonomy":"portfolio_tags","embeddable":true,"href":"https:\/\/www.comisionporlamemoria.org\/sitiosdememoria\/wp-json\/wp\/v2\/portfolio_tags?post=1716"}],"curies":[{"name":"wp","href":"https:\/\/api.w.org\/{rel}","templated":true}]}}