{"id":18,"date":"2022-06-14T12:39:01","date_gmt":"2022-06-14T12:39:01","guid":{"rendered":"https:\/\/www.comisionporlamemoria.org\/vihsibles\/?page_id=18"},"modified":"2022-07-06T19:08:43","modified_gmt":"2022-07-06T19:08:43","slug":"40-anos-de-organizacion","status":"publish","type":"page","link":"https:\/\/www.comisionporlamemoria.org\/vihsibles\/40-anos-de-organizacion\/","title":{"rendered":"40 a\u00f1os de organizaci\u00f3n"},"content":{"rendered":"<p><div class=\"fusion-fullwidth fullwidth-box fusion-builder-row-1 fusion-flex-container nonhundred-percent-fullwidth non-hundred-percent-height-scrolling\" style=\"--awb-border-radius-top-left:0px;--awb-border-radius-top-right:0px;--awb-border-radius-bottom-right:0px;--awb-border-radius-bottom-left:0px;--awb-padding-right:5%;--awb-padding-left:5%;--awb-flex-wrap:wrap;\" ><div class=\"fusion-builder-row fusion-row fusion-flex-align-items-flex-start fusion-flex-content-wrap\" style=\"max-width:1248px;margin-left: calc(-4% \/ 2 );margin-right: calc(-4% \/ 2 );\"><div class=\"fusion-layout-column fusion_builder_column fusion-builder-column-0 fusion_builder_column_1_1 1_1 fusion-flex-column\" style=\"--awb-padding-right:5%;--awb-padding-left:5%;--awb-bg-size:cover;--awb-width-large:100%;--awb-margin-top-large:0px;--awb-spacing-right-large:1.92%;--awb-margin-bottom-large:20px;--awb-spacing-left-large:1.92%;--awb-width-medium:100%;--awb-order-medium:0;--awb-spacing-right-medium:1.92%;--awb-spacing-left-medium:1.92%;--awb-width-small:100%;--awb-order-small:0;--awb-spacing-right-small:1.92%;--awb-spacing-left-small:1.92%;\"><div class=\"fusion-column-wrapper fusion-column-has-shadow fusion-flex-justify-content-flex-start fusion-content-layout-column\"><div class=\"fusion-title title fusion-title-1 fusion-sep-none fusion-title-center fusion-title-text fusion-title-size-one\" style=\"--awb-margin-top-small:10px;--awb-margin-right-small:0px;--awb-margin-bottom-small:10px;--awb-margin-left-small:0px;\"><h1 class=\"fusion-title-heading title-heading-center awb-gradient-text\" style=\"margin:0;background-color:#c63531;background-image:linear-gradient(90deg, #c63531 0%,#e08847 100%);\"><strong><b>Memorias colectivas: 40 a\u00f1os de organizaci\u00f3n y lucha<\/b><\/strong><\/h1><\/div><\/div><\/div><\/div><\/div><div class=\"fusion-fullwidth fullwidth-box fusion-builder-row-2 fusion-flex-container nonhundred-percent-fullwidth non-hundred-percent-height-scrolling\" style=\"--awb-border-radius-top-left:0px;--awb-border-radius-top-right:0px;--awb-border-radius-bottom-right:0px;--awb-border-radius-bottom-left:0px;--awb-padding-right:5%;--awb-padding-left:5%;--awb-flex-wrap:wrap;\" ><div class=\"fusion-builder-row fusion-row fusion-flex-align-items-flex-start fusion-flex-content-wrap\" style=\"max-width:1248px;margin-left: calc(-4% \/ 2 );margin-right: calc(-4% \/ 2 );\"><div class=\"fusion-layout-column fusion_builder_column fusion-builder-column-1 fusion_builder_column_1_1 1_1 fusion-flex-column\" style=\"--awb-bg-size:cover;--awb-width-large:100%;--awb-margin-top-large:0px;--awb-spacing-right-large:1.92%;--awb-margin-bottom-large:20px;--awb-spacing-left-large:1.92%;--awb-width-medium:100%;--awb-order-medium:0;--awb-spacing-right-medium:1.92%;--awb-spacing-left-medium:1.92%;--awb-width-small:100%;--awb-order-small:0;--awb-spacing-right-small:1.92%;--awb-spacing-left-small:1.92%;\"><div class=\"fusion-column-wrapper fusion-column-has-shadow fusion-flex-justify-content-flex-start fusion-content-layout-column\"><div class=\"fusion-text fusion-text-1\" style=\"--awb-content-alignment:justify;\"><p>Una vez descubiertas las v\u00edas de transmisi\u00f3n del VIH, desde los discursos reaccionarios, el sida devino una de esas enfermedades que culpabilizan a lxs enfermxs.<\/p>\n<p>La opini\u00f3n p\u00fablica estigmatiz\u00f3 a las personas con la enfermedad a la que se llam\u00f3: peste rosa, c\u00e1ncer gay, enfermedad de las cuatro H (homosexuales, heroin\u00f3manos, hemof\u00edlicos y haitianos -delirio que atribuy\u00f3 el origen de la pandemia al turismo gay que los homosexuales hac\u00edan por Hait\u00ed).<\/p>\n<p>Frente a la estigmatizaci\u00f3n, la fuerte presencia de activistas organizadxs en grupos y redes de injerencia p\u00fablica conformaron un paisaje que tension\u00f3 los estigmas de la enfermedad al presionar por derechos y mejoras en la calidad de vida. Emergi\u00f3 entonces un activismo centrado en el derecho a la salud para personas seropositivas y la necesidad de informar sin prejuicios sobre la realidad de la experiencia sexual, la importancia de la prevenci\u00f3n y la falsedad de los mitos que se hab\u00edan formado en torno a la comunidad seropositiva.<\/p>\n<\/div><\/div><\/div><\/div><\/div><div class=\"fusion-fullwidth fullwidth-box fusion-builder-row-3 fusion-flex-container nonhundred-percent-fullwidth non-hundred-percent-height-scrolling\" style=\"--awb-border-radius-top-left:0px;--awb-border-radius-top-right:0px;--awb-border-radius-bottom-right:0px;--awb-border-radius-bottom-left:0px;--awb-padding-right:5%;--awb-padding-left:5%;--awb-flex-wrap:wrap;\" ><div class=\"fusion-builder-row fusion-row fusion-flex-align-items-flex-start fusion-flex-content-wrap\" style=\"max-width:1248px;margin-left: calc(-4% \/ 2 );margin-right: calc(-4% \/ 2 );\"><div class=\"fusion-layout-column fusion_builder_column fusion-builder-column-2 fusion_builder_column_1_1 1_1 fusion-flex-column\" style=\"--awb-bg-size:cover;--awb-width-large:100%;--awb-margin-top-large:0px;--awb-spacing-right-large:1.92%;--awb-margin-bottom-large:20px;--awb-spacing-left-large:1.92%;--awb-width-medium:100%;--awb-order-medium:0;--awb-spacing-right-medium:1.92%;--awb-spacing-left-medium:1.92%;--awb-width-small:100%;--awb-order-small:0;--awb-spacing-right-small:1.92%;--awb-spacing-left-small:1.92%;\"><div class=\"fusion-column-wrapper fusion-column-has-shadow fusion-flex-justify-content-flex-start fusion-content-layout-column\"><div class=\"accordian fusion-accordian\" style=\"--awb-border-size:1px;--awb-icon-size:16px;--awb-content-font-size:var(--awb-typography4-font-size);--awb-icon-alignment:left;--awb-hover-color:var(--awb-color2);--awb-border-color:var(--awb-color3);--awb-background-color:var(--awb-color1);--awb-divider-color:var(--awb-color3);--awb-divider-hover-color:var(--awb-color3);--awb-icon-color:var(--awb-color1);--awb-title-color:var(--awb-color8);--awb-content-color:var(--awb-color8);--awb-icon-box-color:var(--awb-color8);--awb-toggle-hover-accent-color:var(--awb-color5);--awb-title-font-family:&quot;Roboto&quot;;--awb-title-font-weight:400;--awb-title-font-style:normal;--awb-title-font-size:24px;--awb-title-letter-spacing:var(--awb-typography1-letter-spacing);--awb-title-line-height:var(--awb-typography1-line-height);--awb-content-font-family:&quot;Roboto&quot;;--awb-content-font-style:normal;--awb-content-font-weight:400;\"><div class=\"panel-group fusion-toggle-icon-boxed\" id=\"accordion-18-1\"><div class=\"fusion-panel panel-default panel-d7bdfb68627a3aaa4 fusion-toggle-has-divider\" style=\"--awb-title-color:var(--awb-color8);--awb-content-color:var(--awb-color8);\"><div class=\"panel-heading\"><h4 class=\"panel-title toggle\" id=\"toggle_d7bdfb68627a3aaa4\"><a aria-expanded=\"false\" aria-controls=\"d7bdfb68627a3aaa4\" role=\"button\" data-toggle=\"collapse\" data-parent=\"#accordion-18-1\" data-target=\"#d7bdfb68627a3aaa4\" href=\"#d7bdfb68627a3aaa4\"><span class=\"fusion-toggle-icon-wrapper\" aria-hidden=\"true\"><i class=\"fa-fusion-box active-icon awb-icon-minus\" aria-hidden=\"true\"><\/i><i class=\"fa-fusion-box inactive-icon awb-icon-plus\" aria-hidden=\"true\"><\/i><\/span><span class=\"fusion-toggle-heading\">GALERIA DE IMAGENES<\/span><\/a><\/h4><\/div><div id=\"d7bdfb68627a3aaa4\" class=\"panel-collapse collapse \" aria-labelledby=\"toggle_d7bdfb68627a3aaa4\"><div class=\"panel-body toggle-content fusion-clearfix\">\n<div class=\"awb-gallery-wrapper awb-gallery-wrapper-1 button-span-no\"><div style=\"margin:-5px;--awb-bordersize:0px;\" class=\"fusion-gallery fusion-gallery-container fusion-grid-3 fusion-columns-total-50 fusion-gallery-layout-grid fusion-gallery-1\"><div style=\"padding:5px;\" class=\"fusion-grid-column fusion-gallery-column fusion-gallery-column-3 hover-type-none awb-imageframe-style awb-imageframe-style-below awb-imageframe-style-1\"><div class=\"fusion-gallery-image\"><a href=\"https:\/\/www.comisionporlamemoria.org\/vihsibles\/wp-content\/uploads\/sites\/16\/sites\/36\/2022\/06\/9-a.jpg\" rel=\"noreferrer\" data-rel=\"iLightbox[gallery_image_1]\" class=\"fusion-lightbox\" target=\"_self\"><img decoding=\"async\" src=\"https:\/\/www.comisionporlamemoria.org\/vihsibles\/wp-content\/uploads\/sites\/16\/sites\/36\/2022\/06\/9-a-460x295.jpg\" width=\"460\" height=\"295\" alt=\"\" title=\"Legisladores y activistas en la presentaci\u00f3n de la nueva ley de VIH, Buenos Aires, 2019\" aria-label=\"Legisladores y activistas en la presentaci\u00f3n de la nueva ley de VIH, Buenos Aires, 2019\" class=\"img-responsive wp-image-134 fusion-gallery-image-size-fixed\"  \/><\/a><\/div><div class=\"awb-imageframe-caption-container\"><div class=\"awb-imageframe-caption\"><div class=\"awb-imageframe-caption-title\">Legisladores y activistas en la presentaci\u00f3n de la nueva ley de VIH, Buenos Aires, 2019<\/div><\/div><\/div><\/div><div style=\"padding:5px;\" class=\"fusion-grid-column fusion-gallery-column fusion-gallery-column-3 hover-type-none awb-imageframe-style awb-imageframe-style-below awb-imageframe-style-1\"><div class=\"fusion-gallery-image\"><a href=\"https:\/\/www.comisionporlamemoria.org\/vihsibles\/wp-content\/uploads\/sites\/16\/sites\/36\/2022\/06\/Nora-Cortinas-en-la-movilizacion-por-una-nueva-ley-de-VIH-scaled.jpg\" rel=\"noreferrer\" data-rel=\"iLightbox[gallery_image_1]\" class=\"fusion-lightbox\" target=\"_self\"><img decoding=\"async\" src=\"https:\/\/www.comisionporlamemoria.org\/vihsibles\/wp-content\/uploads\/sites\/16\/sites\/36\/2022\/06\/Nora-Cortinas-en-la-movilizacion-por-una-nueva-ley-de-VIH-460x295.jpg\" width=\"460\" height=\"295\" alt=\"\" title=\"Nora Corti\u00f1as en la movilizaci\u00f3n por una nueva ley de VIH\" aria-label=\"Nora Corti\u00f1as en la movilizaci\u00f3n por una nueva ley de VIH\" class=\"img-responsive wp-image-133 fusion-gallery-image-size-fixed\"  \/><\/a><\/div><div class=\"awb-imageframe-caption-container\"><div class=\"awb-imageframe-caption\"><div class=\"awb-imageframe-caption-title\">Nora Corti\u00f1as en la movilizaci\u00f3n por una nueva ley de VIH<\/div><\/div><\/div><\/div><div style=\"padding:5px;\" class=\"fusion-grid-column fusion-gallery-column fusion-gallery-column-3 hover-type-none awb-imageframe-style awb-imageframe-style-below awb-imageframe-style-1\"><div class=\"fusion-gallery-image\"><a href=\"https:\/\/www.comisionporlamemoria.org\/vihsibles\/wp-content\/uploads\/sites\/16\/sites\/36\/2022\/06\/Movilizacion-por-una-nueva-ley-de-VIH-scaled.jpg\" rel=\"noreferrer\" data-rel=\"iLightbox[gallery_image_1]\" class=\"fusion-lightbox\" target=\"_self\"><img decoding=\"async\" src=\"https:\/\/www.comisionporlamemoria.org\/vihsibles\/wp-content\/uploads\/sites\/16\/sites\/36\/2022\/06\/Movilizacion-por-una-nueva-ley-de-VIH-460x295.jpg\" width=\"460\" height=\"295\" alt=\"\" title=\"Movilizaci\u00f3n por una nueva ley de VIH\" aria-label=\"Movilizaci\u00f3n por una nueva ley de VIH\" class=\"img-responsive wp-image-132 fusion-gallery-image-size-fixed\"  \/><\/a><\/div><div class=\"awb-imageframe-caption-container\"><div class=\"awb-imageframe-caption\"><div class=\"awb-imageframe-caption-title\">Movilizaci\u00f3n por una nueva ley de VIH<\/div><\/div><\/div><\/div><div class=\"clearfix\"><\/div><div style=\"padding:5px;\" class=\"fusion-grid-column fusion-gallery-column fusion-gallery-column-3 hover-type-none awb-imageframe-style awb-imageframe-style-below awb-imageframe-style-1\"><div class=\"fusion-gallery-image\"><a href=\"https:\/\/www.comisionporlamemoria.org\/vihsibles\/wp-content\/uploads\/sites\/16\/sites\/36\/2022\/06\/Movilizacion-por-una-nueva-ley-de-VIH-3-scaled.jpg\" rel=\"noreferrer\" data-rel=\"iLightbox[gallery_image_1]\" class=\"fusion-lightbox\" target=\"_self\"><img decoding=\"async\" src=\"https:\/\/www.comisionporlamemoria.org\/vihsibles\/wp-content\/uploads\/sites\/16\/sites\/36\/2022\/06\/Movilizacion-por-una-nueva-ley-de-VIH-3-460x295.jpg\" width=\"460\" height=\"295\" alt=\"\" title=\"Movilizaci\u00f3n por una nueva ley de VIH\" aria-label=\"Movilizaci\u00f3n por una nueva ley de VIH\" class=\"img-responsive wp-image-131 fusion-gallery-image-size-fixed\"  \/><\/a><\/div><div class=\"awb-imageframe-caption-container\"><div class=\"awb-imageframe-caption\"><div class=\"awb-imageframe-caption-title\">Movilizaci\u00f3n por una nueva ley de VIH<\/div><\/div><\/div><\/div><div style=\"padding:5px;\" class=\"fusion-grid-column fusion-gallery-column fusion-gallery-column-3 hover-type-none awb-imageframe-style awb-imageframe-style-below awb-imageframe-style-1\"><div class=\"fusion-gallery-image\"><a href=\"https:\/\/www.comisionporlamemoria.org\/vihsibles\/wp-content\/uploads\/sites\/16\/sites\/36\/2022\/06\/Movilizacion-por-una-nueva-ley-de-VIH-2.jpg\" rel=\"noreferrer\" data-rel=\"iLightbox[gallery_image_1]\" class=\"fusion-lightbox\" target=\"_self\"><img decoding=\"async\" src=\"https:\/\/www.comisionporlamemoria.org\/vihsibles\/wp-content\/uploads\/sites\/16\/sites\/36\/2022\/06\/Movilizacion-por-una-nueva-ley-de-VIH-2-460x295.jpg\" width=\"460\" height=\"295\" alt=\"\" title=\"Movilizaci\u00f3n por una nueva ley de VIH\" aria-label=\"Movilizaci\u00f3n por una nueva ley de VIH\" class=\"img-responsive wp-image-130 fusion-gallery-image-size-fixed\"  \/><\/a><\/div><div class=\"awb-imageframe-caption-container\"><div class=\"awb-imageframe-caption\"><div class=\"awb-imageframe-caption-title\">Movilizaci\u00f3n por una nueva ley de VIH<\/div><\/div><\/div><\/div><div style=\"padding:5px;\" class=\"fusion-grid-column fusion-gallery-column fusion-gallery-column-3 hover-type-none awb-imageframe-style awb-imageframe-style-below awb-imageframe-style-1\"><div class=\"fusion-gallery-image\"><a href=\"https:\/\/www.comisionporlamemoria.org\/vihsibles\/wp-content\/uploads\/sites\/16\/sites\/36\/2022\/06\/Movilizacion-por-una-nueva-ley-de-VIH-1-scaled.jpg\" rel=\"noreferrer\" data-rel=\"iLightbox[gallery_image_1]\" class=\"fusion-lightbox\" target=\"_self\"><img decoding=\"async\" src=\"https:\/\/www.comisionporlamemoria.org\/vihsibles\/wp-content\/uploads\/sites\/16\/sites\/36\/2022\/06\/Movilizacion-por-una-nueva-ley-de-VIH-1-460x295.jpg\" width=\"460\" height=\"295\" alt=\"\" title=\"Movilizaci\u00f3n por una nueva ley de VIH\" aria-label=\"Movilizaci\u00f3n por una nueva ley de VIH\" class=\"img-responsive wp-image-129 fusion-gallery-image-size-fixed\"  \/><\/a><\/div><div class=\"awb-imageframe-caption-container\"><div class=\"awb-imageframe-caption\"><div class=\"awb-imageframe-caption-title\">Movilizaci\u00f3n por una nueva ley de VIH<\/div><\/div><\/div><\/div><div class=\"clearfix\"><\/div><div style=\"padding:5px;\" class=\"fusion-grid-column fusion-gallery-column fusion-gallery-column-3 hover-type-none awb-imageframe-style awb-imageframe-style-below awb-imageframe-style-1\"><div class=\"fusion-gallery-image\"><a href=\"https:\/\/www.comisionporlamemoria.org\/vihsibles\/wp-content\/uploads\/sites\/16\/sites\/36\/2022\/06\/33.jpg\" rel=\"noreferrer\" data-rel=\"iLightbox[gallery_image_1]\" class=\"fusion-lightbox\" target=\"_self\"><img decoding=\"async\" src=\"https:\/\/www.comisionporlamemoria.org\/vihsibles\/wp-content\/uploads\/sites\/16\/sites\/36\/2022\/06\/33-460x295.jpg\" width=\"460\" height=\"295\" alt=\"\" title=\"Integrantes de RAJAP y otros J\u00f3venes Latinoamericanos con VIH junto a Timothy Brown, el primer caso documentado de una persona presuntamente curada de VIH. Conferencia Internacional de SIDA &#8211; \u00c1msterdam 2018\" aria-label=\"Integrantes de RAJAP y otros J\u00f3venes Latinoamericanos con VIH junto a Timothy Brown, el primer caso documentado de una persona presuntamente curada de VIH. Conferencia Internacional de SIDA &#8211; \u00c1msterdam 2018\" class=\"img-responsive wp-image-128 fusion-gallery-image-size-fixed\"  \/><\/a><\/div><div class=\"awb-imageframe-caption-container\"><div class=\"awb-imageframe-caption\"><div class=\"awb-imageframe-caption-title\">Integrantes de RAJAP y otros J\u00f3venes Latinoamericanos con VIH junto a Timothy Brown, el primer caso documentado de una persona presuntamente curada de VIH. Conferencia Internacional de SIDA &#8211; \u00c1msterdam 2018<\/div><\/div><\/div><\/div><div style=\"padding:5px;\" class=\"fusion-grid-column fusion-gallery-column fusion-gallery-column-3 hover-type-none awb-imageframe-style awb-imageframe-style-below awb-imageframe-style-1\"><div class=\"fusion-gallery-image\"><a href=\"https:\/\/www.comisionporlamemoria.org\/vihsibles\/wp-content\/uploads\/sites\/16\/sites\/36\/2022\/06\/VI-Reunion-de-Mesa-Ampliada-de-la-Red-Argentina-de-Jovenes-y-Adolescentes-Positivos-Maimara-2019.jpg\" rel=\"noreferrer\" data-rel=\"iLightbox[gallery_image_1]\" class=\"fusion-lightbox\" target=\"_self\"><img decoding=\"async\" src=\"https:\/\/www.comisionporlamemoria.org\/vihsibles\/wp-content\/uploads\/sites\/16\/sites\/36\/2022\/06\/VI-Reunion-de-Mesa-Ampliada-de-la-Red-Argentina-de-Jovenes-y-Adolescentes-Positivos-Maimara-2019-460x295.jpg\" width=\"460\" height=\"295\" alt=\"\" title=\"VI Reuni\u00f3n de Mesa Ampliada de la Red Argentina de J\u00f3venes y Adolescentes Positivos &#8211; Maimar\u00e1 2019\" aria-label=\"VI Reuni\u00f3n de Mesa Ampliada de la Red Argentina de J\u00f3venes y Adolescentes Positivos &#8211; Maimar\u00e1 2019\" class=\"img-responsive wp-image-127 fusion-gallery-image-size-fixed\"  \/><\/a><\/div><div class=\"awb-imageframe-caption-container\"><div class=\"awb-imageframe-caption\"><div class=\"awb-imageframe-caption-title\">VI Reuni\u00f3n de Mesa Ampliada de la Red Argentina de J\u00f3venes y Adolescentes Positivos &#8211; Maimar\u00e1 2019<\/div><\/div><\/div><\/div><div style=\"padding:5px;\" class=\"fusion-grid-column fusion-gallery-column fusion-gallery-column-3 hover-type-none awb-imageframe-style awb-imageframe-style-below awb-imageframe-style-1\"><div class=\"fusion-gallery-image\"><a href=\"https:\/\/www.comisionporlamemoria.org\/vihsibles\/wp-content\/uploads\/sites\/16\/sites\/36\/2022\/06\/Manifestacion-Gilead-3-1.jpg\" rel=\"noreferrer\" data-rel=\"iLightbox[gallery_image_1]\" class=\"fusion-lightbox\" target=\"_self\"><img decoding=\"async\" src=\"https:\/\/www.comisionporlamemoria.org\/vihsibles\/wp-content\/uploads\/sites\/16\/sites\/36\/2022\/06\/Manifestacion-Gilead-3-1-460x295.jpg\" width=\"460\" height=\"295\" alt=\"\" title=\"Manifestaci\u00f3n Gilead\" aria-label=\"Manifestaci\u00f3n Gilead\" class=\"img-responsive wp-image-126 fusion-gallery-image-size-fixed\"  \/><\/a><\/div><div class=\"awb-imageframe-caption-container\"><div class=\"awb-imageframe-caption\"><div class=\"awb-imageframe-caption-title\">Manifestaci\u00f3n Gilead<\/div><\/div><\/div><\/div><div class=\"clearfix\"><\/div><div style=\"padding:5px;\" class=\"fusion-grid-column fusion-gallery-column fusion-gallery-column-3 hover-type-none awb-imageframe-style awb-imageframe-style-below awb-imageframe-style-1\"><div class=\"fusion-gallery-image\"><a href=\"https:\/\/www.comisionporlamemoria.org\/vihsibles\/wp-content\/uploads\/sites\/16\/sites\/36\/2022\/06\/Manifestacion-Gilead-4.jpg\" rel=\"noreferrer\" data-rel=\"iLightbox[gallery_image_1]\" class=\"fusion-lightbox\" target=\"_self\"><img decoding=\"async\" src=\"https:\/\/www.comisionporlamemoria.org\/vihsibles\/wp-content\/uploads\/sites\/16\/sites\/36\/2022\/06\/Manifestacion-Gilead-4-460x295.jpg\" width=\"460\" height=\"295\" alt=\"\" title=\"Manifestaci\u00f3n Gilead\" aria-label=\"Manifestaci\u00f3n Gilead\" class=\"img-responsive wp-image-125 fusion-gallery-image-size-fixed\"  \/><\/a><\/div><div class=\"awb-imageframe-caption-container\"><div class=\"awb-imageframe-caption\"><div class=\"awb-imageframe-caption-title\">Manifestaci\u00f3n Gilead<\/div><\/div><\/div><\/div><div style=\"padding:5px;\" class=\"fusion-grid-column fusion-gallery-column fusion-gallery-column-3 hover-type-none awb-imageframe-style awb-imageframe-style-below awb-imageframe-style-1\"><div class=\"fusion-gallery-image\"><a href=\"https:\/\/www.comisionporlamemoria.org\/vihsibles\/wp-content\/uploads\/sites\/16\/sites\/36\/2022\/06\/Manifestacion-Despido-por-Discriminacion-en-Casa-Vecchia-en-Alto-Palermo-2015.jpg\" rel=\"noreferrer\" data-rel=\"iLightbox[gallery_image_1]\" class=\"fusion-lightbox\" target=\"_self\"><img decoding=\"async\" src=\"https:\/\/www.comisionporlamemoria.org\/vihsibles\/wp-content\/uploads\/sites\/16\/sites\/36\/2022\/06\/Manifestacion-Despido-por-Discriminacion-en-Casa-Vecchia-en-Alto-Palermo-2015-460x295.jpg\" width=\"460\" height=\"295\" alt=\"\" title=\"Manifestaci\u00f3n Despido por Discriminaci\u00f3n n Casa Vecchia en Alto Palermo 2015\" aria-label=\"Manifestaci\u00f3n Despido por Discriminaci\u00f3n n Casa Vecchia en Alto Palermo 2015\" class=\"img-responsive wp-image-124 fusion-gallery-image-size-fixed\"  \/><\/a><\/div><div class=\"awb-imageframe-caption-container\"><div class=\"awb-imageframe-caption\"><div class=\"awb-imageframe-caption-title\">Manifestaci\u00f3n Despido por Discriminaci\u00f3n n Casa Vecchia en Alto Palermo 2015<\/div><\/div><\/div><\/div><div style=\"padding:5px;\" class=\"fusion-grid-column fusion-gallery-column fusion-gallery-column-3 hover-type-none awb-imageframe-style awb-imageframe-style-below awb-imageframe-style-1\"><div class=\"fusion-gallery-image\"><a href=\"https:\/\/www.comisionporlamemoria.org\/vihsibles\/wp-content\/uploads\/sites\/16\/sites\/36\/2022\/06\/Declaracion-de-Interes-por-parte-de-la-Legislatura-Portena-2013.jpg\" rel=\"noreferrer\" data-rel=\"iLightbox[gallery_image_1]\" class=\"fusion-lightbox\" target=\"_self\"><img decoding=\"async\" src=\"https:\/\/www.comisionporlamemoria.org\/vihsibles\/wp-content\/uploads\/sites\/16\/sites\/36\/2022\/06\/Declaracion-de-Interes-por-parte-de-la-Legislatura-Portena-2013-460x295.jpg\" width=\"460\" height=\"295\" alt=\"\" title=\"Declaraci\u00f3n de Inter\u00e9s por parte de la Legislatura Porte\u00f1a 2013\" aria-label=\"Declaraci\u00f3n de Inter\u00e9s por parte de la Legislatura Porte\u00f1a 2013\" class=\"img-responsive wp-image-123 fusion-gallery-image-size-fixed\"  \/><\/a><\/div><div class=\"awb-imageframe-caption-container\"><div class=\"awb-imageframe-caption\"><div class=\"awb-imageframe-caption-title\">Declaraci\u00f3n de Inter\u00e9s por parte de la Legislatura Porte\u00f1a 2013<\/div><\/div><\/div><\/div><div class=\"clearfix\"><\/div><div style=\"padding:5px;\" class=\"fusion-grid-column fusion-gallery-column fusion-gallery-column-3 hover-type-none awb-imageframe-style awb-imageframe-style-below awb-imageframe-style-1\"><div class=\"fusion-gallery-image\"><a href=\"https:\/\/www.comisionporlamemoria.org\/vihsibles\/wp-content\/uploads\/sites\/16\/sites\/36\/2022\/06\/Congreso-Nacional-de-VIH-Salta-2011.jpg\" rel=\"noreferrer\" data-rel=\"iLightbox[gallery_image_1]\" class=\"fusion-lightbox\" target=\"_self\"><img decoding=\"async\" src=\"https:\/\/www.comisionporlamemoria.org\/vihsibles\/wp-content\/uploads\/sites\/16\/sites\/36\/2022\/06\/Congreso-Nacional-de-VIH-Salta-2011-460x295.jpg\" width=\"460\" height=\"295\" alt=\"\" title=\"Congreso Nacional de VIH &#8211; Salta 2011\" aria-label=\"Congreso Nacional de VIH &#8211; Salta 2011\" class=\"img-responsive wp-image-122 fusion-gallery-image-size-fixed\"  \/><\/a><\/div><div class=\"awb-imageframe-caption-container\"><div class=\"awb-imageframe-caption\"><div class=\"awb-imageframe-caption-title\">Congreso Nacional de VIH &#8211; Salta 2011<\/div><\/div><\/div><\/div><div style=\"padding:5px;\" class=\"fusion-grid-column fusion-gallery-column fusion-gallery-column-3 hover-type-none awb-imageframe-style awb-imageframe-style-below awb-imageframe-style-1\"><div class=\"fusion-gallery-image\"><a href=\"https:\/\/www.comisionporlamemoria.org\/vihsibles\/wp-content\/uploads\/sites\/16\/sites\/36\/2022\/06\/Actividad-por-el-1ero-de-Diciembre-Dia-Internacional-por-la-Respuesta-al-VIH-Ciudad-Autonoma-de-Buenos-Aires-2015.jpg\" rel=\"noreferrer\" data-rel=\"iLightbox[gallery_image_1]\" class=\"fusion-lightbox\" target=\"_self\"><img decoding=\"async\" src=\"https:\/\/www.comisionporlamemoria.org\/vihsibles\/wp-content\/uploads\/sites\/16\/sites\/36\/2022\/06\/Actividad-por-el-1ero-de-Diciembre-Dia-Internacional-por-la-Respuesta-al-VIH-Ciudad-Autonoma-de-Buenos-Aires-2015-460x295.jpg\" width=\"460\" height=\"295\" alt=\"\" title=\"Actividad por el 1ero de Diciembre, D\u00eda Internacional por la Respuesta al VIH &#8211; Ciudad Aut\u00f3noma de Buenos Aires 2015\" aria-label=\"Actividad por el 1ero de Diciembre, D\u00eda Internacional por la Respuesta al VIH &#8211; Ciudad Aut\u00f3noma de Buenos Aires 2015\" class=\"img-responsive wp-image-121 fusion-gallery-image-size-fixed\"  \/><\/a><\/div><div class=\"awb-imageframe-caption-container\"><div class=\"awb-imageframe-caption\"><div class=\"awb-imageframe-caption-title\">Actividad por el 1ero de Diciembre, D\u00eda Internacional por la Respuesta al VIH &#8211; Ciudad Aut\u00f3noma de Buenos Aires 2015<\/div><\/div><\/div><\/div><div style=\"padding:5px;\" class=\"fusion-grid-column fusion-gallery-column fusion-gallery-column-3 hover-type-none awb-imageframe-style awb-imageframe-style-below awb-imageframe-style-1\"><div class=\"fusion-gallery-image\"><a href=\"https:\/\/www.comisionporlamemoria.org\/vihsibles\/wp-content\/uploads\/sites\/16\/sites\/36\/2022\/06\/10mo-Encuentro-Nacional-de-Jovenes-y-Adolescentes-con-VIH-en-Argentina-XEN-Embalse-Rio-Tercero-2021.jpg\" rel=\"noreferrer\" data-rel=\"iLightbox[gallery_image_1]\" class=\"fusion-lightbox\" target=\"_self\"><img decoding=\"async\" src=\"https:\/\/www.comisionporlamemoria.org\/vihsibles\/wp-content\/uploads\/sites\/16\/sites\/36\/2022\/06\/10mo-Encuentro-Nacional-de-Jovenes-y-Adolescentes-con-VIH-en-Argentina-XEN-Embalse-Rio-Tercero-2021-460x295.jpg\" width=\"460\" height=\"295\" alt=\"\" title=\"10mo Encuentro Nacional de J\u00f3venes y Adolescentes con VIH en Argentina (XEN) &#8211; Embalse R\u00edo Tercero 2021\" aria-label=\"10mo Encuentro Nacional de J\u00f3venes y Adolescentes con VIH en Argentina (XEN) &#8211; Embalse R\u00edo Tercero 2021\" class=\"img-responsive wp-image-120 fusion-gallery-image-size-fixed\"  \/><\/a><\/div><div class=\"awb-imageframe-caption-container\"><div class=\"awb-imageframe-caption\"><div class=\"awb-imageframe-caption-title\">10mo Encuentro Nacional de J\u00f3venes y Adolescentes con VIH en Argentina (XEN) &#8211; Embalse R\u00edo Tercero 2021<\/div><\/div><\/div><\/div><div class=\"clearfix\"><\/div><div style=\"padding:5px;\" class=\"fusion-grid-column fusion-gallery-column fusion-gallery-column-3 hover-type-none awb-imageframe-style awb-imageframe-style-below awb-imageframe-style-1\"><div class=\"fusion-gallery-image\"><a href=\"https:\/\/www.comisionporlamemoria.org\/vihsibles\/wp-content\/uploads\/sites\/16\/sites\/36\/2022\/06\/7mo-Encuentro-Nacional-de-Jovenes-y-Adolescentes-con-VIH-en-Argentina-VIIEN-Rosario-2017.jpg\" rel=\"noreferrer\" data-rel=\"iLightbox[gallery_image_1]\" class=\"fusion-lightbox\" target=\"_self\"><img decoding=\"async\" src=\"https:\/\/www.comisionporlamemoria.org\/vihsibles\/wp-content\/uploads\/sites\/16\/sites\/36\/2022\/06\/7mo-Encuentro-Nacional-de-Jovenes-y-Adolescentes-con-VIH-en-Argentina-VIIEN-Rosario-2017-460x295.jpg\" width=\"460\" height=\"295\" alt=\"\" title=\"7mo Encuentro Nacional de J\u00f3venes y Adolescentes con VIH en Argentina (VIIEN) &#8211; Rosario 2017\" aria-label=\"7mo Encuentro Nacional de J\u00f3venes y Adolescentes con VIH en Argentina (VIIEN) &#8211; Rosario 2017\" class=\"img-responsive wp-image-119 fusion-gallery-image-size-fixed\"  \/><\/a><\/div><div class=\"awb-imageframe-caption-container\"><div class=\"awb-imageframe-caption\"><div class=\"awb-imageframe-caption-title\">7mo Encuentro Nacional de J\u00f3venes y Adolescentes con VIH en Argentina (VIIEN) &#8211; Rosario 2017<\/div><\/div><\/div><\/div><div style=\"padding:5px;\" class=\"fusion-grid-column fusion-gallery-column fusion-gallery-column-3 hover-type-none awb-imageframe-style awb-imageframe-style-below awb-imageframe-style-1\"><div class=\"fusion-gallery-image\"><a href=\"https:\/\/www.comisionporlamemoria.org\/vihsibles\/wp-content\/uploads\/sites\/16\/sites\/36\/2022\/06\/4to-Encuentro-Nacional-de-Jovenes-y-Adolescentes-con-VIH-en-Argentina-IVEN-San-Juan-2011.jpg\" rel=\"noreferrer\" data-rel=\"iLightbox[gallery_image_1]\" class=\"fusion-lightbox\" target=\"_self\"><img decoding=\"async\" src=\"https:\/\/www.comisionporlamemoria.org\/vihsibles\/wp-content\/uploads\/sites\/16\/sites\/36\/2022\/06\/4to-Encuentro-Nacional-de-Jovenes-y-Adolescentes-con-VIH-en-Argentina-IVEN-San-Juan-2011-460x295.jpg\" width=\"460\" height=\"295\" alt=\"\" title=\"4to Encuentro Nacional de J\u00f3venes y Adolescentes con VIH en Argentina (IVEN) &#8211; San Juan 2011\" aria-label=\"4to Encuentro Nacional de J\u00f3venes y Adolescentes con VIH en Argentina (IVEN) &#8211; San Juan 2011\" class=\"img-responsive wp-image-118 fusion-gallery-image-size-fixed\"  \/><\/a><\/div><div class=\"awb-imageframe-caption-container\"><div class=\"awb-imageframe-caption\"><div class=\"awb-imageframe-caption-title\">4to Encuentro Nacional de J\u00f3venes y Adolescentes con VIH en Argentina (IVEN) &#8211; San Juan 2011<\/div><\/div><\/div><\/div><div style=\"padding:5px;\" class=\"fusion-grid-column fusion-gallery-column fusion-gallery-column-3 hover-type-none awb-imageframe-style awb-imageframe-style-below awb-imageframe-style-1\"><div class=\"fusion-gallery-image\"><a href=\"https:\/\/www.comisionporlamemoria.org\/vihsibles\/wp-content\/uploads\/sites\/16\/sites\/36\/2022\/06\/1er-Encuentro-Nacional-de-Jovenes-y-Adolescentes-con-VIH-en-Argentina-IEN-Chapadmalal-2011.jpg\" rel=\"noreferrer\" data-rel=\"iLightbox[gallery_image_1]\" class=\"fusion-lightbox\" target=\"_self\"><img decoding=\"async\" src=\"https:\/\/www.comisionporlamemoria.org\/vihsibles\/wp-content\/uploads\/sites\/16\/sites\/36\/2022\/06\/1er-Encuentro-Nacional-de-Jovenes-y-Adolescentes-con-VIH-en-Argentina-IEN-Chapadmalal-2011.jpg\" width=\"350\" height=\"233\" alt=\"\" title=\"1er Encuentro Nacional de J\u00f3venes y Adolescentes con VIH en Argentina (IEN) &#8211; Chapadmalal 2011\" aria-label=\"1er Encuentro Nacional de J\u00f3venes y Adolescentes con VIH en Argentina (IEN) &#8211; Chapadmalal 2011\" class=\"img-responsive wp-image-117 fusion-gallery-image-size-fixed\" srcset=\"https:\/\/www.comisionporlamemoria.org\/vihsibles\/wp-content\/uploads\/sites\/16\/sites\/36\/2022\/06\/1er-Encuentro-Nacional-de-Jovenes-y-Adolescentes-con-VIH-en-Argentina-IEN-Chapadmalal-2011-200x133.jpg 200w, https:\/\/www.comisionporlamemoria.org\/vihsibles\/wp-content\/uploads\/sites\/16\/sites\/36\/2022\/06\/1er-Encuentro-Nacional-de-Jovenes-y-Adolescentes-con-VIH-en-Argentina-IEN-Chapadmalal-2011.jpg 350w\" sizes=\"(min-width: 2200px) 100vw, (min-width: 1084px) 397px, (min-width: 1012px) 595px, (min-width: 940px) 1012px, \" \/><\/a><\/div><div class=\"awb-imageframe-caption-container\"><div class=\"awb-imageframe-caption\"><div class=\"awb-imageframe-caption-title\">1er Encuentro Nacional de J\u00f3venes y Adolescentes con VIH en Argentina (IEN) &#8211; Chapadmalal 2011<\/div><\/div><\/div><\/div><div class=\"clearfix\"><\/div><div style=\"padding:5px;\" class=\"fusion-grid-column fusion-gallery-column fusion-gallery-column-3 hover-type-none awb-imageframe-style awb-imageframe-style-below awb-imageframe-style-1\"><div class=\"fusion-gallery-image\"><a href=\"https:\/\/www.comisionporlamemoria.org\/vihsibles\/wp-content\/uploads\/sites\/16\/sites\/36\/2022\/06\/32.jpeg\" rel=\"noreferrer\" data-rel=\"iLightbox[gallery_image_1]\" class=\"fusion-lightbox\" target=\"_self\"><img decoding=\"async\" src=\"https:\/\/www.comisionporlamemoria.org\/vihsibles\/wp-content\/uploads\/sites\/16\/sites\/36\/2022\/06\/32-460x295.jpeg\" width=\"460\" height=\"295\" alt=\"\" title=\"La Dra. Gabriela Piovano y el activista Angel Pepey, dos de los organizadores del \u00abII Encuentro nacional de personas VIH + y parejas serodiscordantes\u00bb, Chapadmalal 2019\" aria-label=\"La Dra. Gabriela Piovano y el activista Angel Pepey, dos de los organizadores del \u00abII Encuentro nacional de personas VIH + y parejas serodiscordantes\u00bb, Chapadmalal 2019\" class=\"img-responsive wp-image-116 fusion-gallery-image-size-fixed\"  \/><\/a><\/div><div class=\"awb-imageframe-caption-container\"><div class=\"awb-imageframe-caption\"><div class=\"awb-imageframe-caption-title\">La Dra. Gabriela Piovano y el activista Angel Pepey, dos de los organizadores del \u00abII Encuentro nacional de personas VIH + y parejas serodiscordantes\u00bb, Chapadmalal 2019<\/div><\/div><\/div><\/div><div style=\"padding:5px;\" class=\"fusion-grid-column fusion-gallery-column fusion-gallery-column-3 hover-type-none awb-imageframe-style awb-imageframe-style-below awb-imageframe-style-1\"><div class=\"fusion-gallery-image\"><a href=\"https:\/\/www.comisionporlamemoria.org\/vihsibles\/wp-content\/uploads\/sites\/16\/sites\/36\/2022\/06\/31.jpeg\" rel=\"noreferrer\" data-rel=\"iLightbox[gallery_image_1]\" class=\"fusion-lightbox\" target=\"_self\"><img decoding=\"async\" src=\"https:\/\/www.comisionporlamemoria.org\/vihsibles\/wp-content\/uploads\/sites\/16\/sites\/36\/2022\/06\/31-460x295.jpeg\" width=\"460\" height=\"295\" alt=\"\" title=\"Activistas reclamando por la Nueva Ley de VIH, CABA 2018\" aria-label=\"Activistas reclamando por la Nueva Ley de VIH, CABA 2018\" class=\"img-responsive wp-image-115 fusion-gallery-image-size-fixed\"  \/><\/a><\/div><div class=\"awb-imageframe-caption-container\"><div class=\"awb-imageframe-caption\"><div class=\"awb-imageframe-caption-title\">Activistas reclamando por la Nueva Ley de VIH, CABA 2018<\/div><\/div><\/div><\/div><div style=\"padding:5px;\" class=\"fusion-grid-column fusion-gallery-column fusion-gallery-column-3 hover-type-none awb-imageframe-style awb-imageframe-style-below awb-imageframe-style-1\"><div class=\"fusion-gallery-image\"><a href=\"https:\/\/www.comisionporlamemoria.org\/vihsibles\/wp-content\/uploads\/sites\/16\/sites\/36\/2022\/06\/30.jpeg\" rel=\"noreferrer\" data-rel=\"iLightbox[gallery_image_1]\" class=\"fusion-lightbox\" target=\"_self\"><img decoding=\"async\" src=\"https:\/\/www.comisionporlamemoria.org\/vihsibles\/wp-content\/uploads\/sites\/16\/sites\/36\/2022\/06\/30-460x295.jpeg\" width=\"460\" height=\"295\" alt=\"\" title=\"Oct. 2018: Marcha por recortes en Salud P\u00fablica que culmin\u00f3 con el encadenamiento de activistas al anexo del Congreso, CABA\" aria-label=\"Oct. 2018: Marcha por recortes en Salud P\u00fablica que culmin\u00f3 con el encadenamiento de activistas al anexo del Congreso, CABA\" class=\"img-responsive wp-image-114 fusion-gallery-image-size-fixed\"  \/><\/a><\/div><div class=\"awb-imageframe-caption-container\"><div class=\"awb-imageframe-caption\"><div class=\"awb-imageframe-caption-title\">Oct. 2018: Marcha por recortes en Salud P\u00fablica que culmin\u00f3 con el encadenamiento de activistas al anexo del Congreso, CABA<\/div><\/div><\/div><\/div><div class=\"clearfix\"><\/div><div style=\"padding:5px;\" class=\"fusion-grid-column fusion-gallery-column fusion-gallery-column-3 hover-type-none awb-imageframe-style awb-imageframe-style-below awb-imageframe-style-1\"><div class=\"fusion-gallery-image\"><a href=\"https:\/\/www.comisionporlamemoria.org\/vihsibles\/wp-content\/uploads\/sites\/16\/sites\/36\/2022\/06\/29.jpeg\" rel=\"noreferrer\" data-rel=\"iLightbox[gallery_image_1]\" class=\"fusion-lightbox\" target=\"_self\"><img decoding=\"async\" src=\"https:\/\/www.comisionporlamemoria.org\/vihsibles\/wp-content\/uploads\/sites\/16\/sites\/36\/2022\/06\/29-460x295.jpeg\" width=\"460\" height=\"295\" alt=\"\" title=\"2018: el escritor Pablo P\u00e9rez publica \u201cPositivo. Cr\u00f3nicas con Vih\u201d, libro que recopila las columnas que a lo largo de tres a\u00f1os, el autor escribi\u00f3 para el suplemento Soy de P\u00e1gina 12.\" aria-label=\"2018: el escritor Pablo P\u00e9rez publica \u201cPositivo. Cr\u00f3nicas con Vih\u201d, libro que recopila las columnas que a lo largo de tres a\u00f1os, el autor escribi\u00f3 para el suplemento Soy de P\u00e1gina 12.\" class=\"img-responsive wp-image-113 fusion-gallery-image-size-fixed\"  \/><\/a><\/div><div class=\"awb-imageframe-caption-container\"><div class=\"awb-imageframe-caption\"><div class=\"awb-imageframe-caption-title\">2018: el escritor Pablo P\u00e9rez publica \u201cPositivo. Cr\u00f3nicas con Vih\u201d, libro que recopila las columnas que a lo largo de tres a\u00f1os, el autor escribi\u00f3 para el suplemento Soy de P\u00e1gina 12.<\/div><\/div><\/div><\/div><div style=\"padding:5px;\" class=\"fusion-grid-column fusion-gallery-column fusion-gallery-column-3 hover-type-none awb-imageframe-style awb-imageframe-style-below awb-imageframe-style-1\"><div class=\"fusion-gallery-image\"><a href=\"https:\/\/www.comisionporlamemoria.org\/vihsibles\/wp-content\/uploads\/sites\/16\/sites\/36\/2022\/06\/28.jpeg\" rel=\"noreferrer\" data-rel=\"iLightbox[gallery_image_1]\" class=\"fusion-lightbox\" target=\"_self\"><img decoding=\"async\" src=\"https:\/\/www.comisionporlamemoria.org\/vihsibles\/wp-content\/uploads\/sites\/16\/sites\/36\/2022\/06\/28-460x295.jpeg\" width=\"460\" height=\"295\" alt=\"\" title=\"2011: en el trig\u00e9simo aniversario de la pandemia, la autora Harika elige este seud\u00f3nimo para publicar \u00abGracias a la VIHda\u00bb, una recopilaci\u00f3n de testimonios de personas con Vih con eje en la resiliencia.\" aria-label=\"2011: en el trig\u00e9simo aniversario de la pandemia, la autora Harika elige este seud\u00f3nimo para publicar \u00abGracias a la VIHda\u00bb, una recopilaci\u00f3n de testimonios de personas con Vih con eje en la resiliencia.\" class=\"img-responsive wp-image-112 fusion-gallery-image-size-fixed\"  \/><\/a><\/div><div class=\"awb-imageframe-caption-container\"><div class=\"awb-imageframe-caption\"><div class=\"awb-imageframe-caption-title\">2011: en el trig\u00e9simo aniversario de la pandemia, la autora Harika elige este seud\u00f3nimo para publicar \u00abGracias a la VIHda\u00bb, una recopilaci\u00f3n de testimonios de personas con Vih con eje en la resiliencia.<\/div><\/div><\/div><\/div><div style=\"padding:5px;\" class=\"fusion-grid-column fusion-gallery-column fusion-gallery-column-3 hover-type-none awb-imageframe-style awb-imageframe-style-below awb-imageframe-style-1\"><div class=\"fusion-gallery-image\"><a href=\"https:\/\/www.comisionporlamemoria.org\/vihsibles\/wp-content\/uploads\/sites\/16\/sites\/36\/2022\/06\/27.jpeg\" rel=\"noreferrer\" data-rel=\"iLightbox[gallery_image_1]\" class=\"fusion-lightbox\" target=\"_self\"><img decoding=\"async\" src=\"https:\/\/www.comisionporlamemoria.org\/vihsibles\/wp-content\/uploads\/sites\/16\/sites\/36\/2022\/06\/27-460x295.jpeg\" width=\"460\" height=\"295\" alt=\"\" title=\"2008: estreno de \u201cTocando en el silencio\u201d, documental de Luciano Zito protagonizado por un adolescente que contrajo Vih por transmisi\u00f3n vertical.\" aria-label=\"2008: estreno de \u201cTocando en el silencio\u201d, documental de Luciano Zito protagonizado por un adolescente que contrajo Vih por transmisi\u00f3n vertical.\" class=\"img-responsive wp-image-111 fusion-gallery-image-size-fixed\"  \/><\/a><\/div><div class=\"awb-imageframe-caption-container\"><div class=\"awb-imageframe-caption\"><div class=\"awb-imageframe-caption-title\">2008: estreno de \u201cTocando en el silencio\u201d, documental de Luciano Zito protagonizado por un adolescente que contrajo Vih por transmisi\u00f3n vertical.<\/div><\/div><\/div><\/div><div class=\"clearfix\"><\/div><div style=\"padding:5px;\" class=\"fusion-grid-column fusion-gallery-column fusion-gallery-column-3 hover-type-none awb-imageframe-style awb-imageframe-style-below awb-imageframe-style-1\"><div class=\"fusion-gallery-image\"><a href=\"https:\/\/www.comisionporlamemoria.org\/vihsibles\/wp-content\/uploads\/sites\/16\/sites\/36\/2022\/06\/26.jpeg\" rel=\"noreferrer\" data-rel=\"iLightbox[gallery_image_1]\" class=\"fusion-lightbox\" target=\"_self\"><img decoding=\"async\" src=\"https:\/\/www.comisionporlamemoria.org\/vihsibles\/wp-content\/uploads\/sites\/16\/sites\/36\/2022\/06\/26-460x295.jpeg\" width=\"460\" height=\"295\" alt=\"\" title=\"2006: se estrena \u201cSensaciones. Historia del Sida en la Argentina\u201d documental ficcionado dirigido por el activista Hern\u00e1n Aguilar.\" aria-label=\"2006: se estrena \u201cSensaciones. Historia del Sida en la Argentina\u201d documental ficcionado dirigido por el activista Hern\u00e1n Aguilar.\" class=\"img-responsive wp-image-110 fusion-gallery-image-size-fixed\"  \/><\/a><\/div><div class=\"awb-imageframe-caption-container\"><div class=\"awb-imageframe-caption\"><div class=\"awb-imageframe-caption-title\">2006: se estrena \u201cSensaciones. Historia del Sida en la Argentina\u201d documental ficcionado dirigido por el activista Hern\u00e1n Aguilar.<\/div><\/div><\/div><\/div><div style=\"padding:5px;\" class=\"fusion-grid-column fusion-gallery-column fusion-gallery-column-3 hover-type-none awb-imageframe-style awb-imageframe-style-below awb-imageframe-style-1\"><div class=\"fusion-gallery-image\"><a href=\"https:\/\/www.comisionporlamemoria.org\/vihsibles\/wp-content\/uploads\/sites\/16\/sites\/36\/2022\/06\/25.jpeg\" rel=\"noreferrer\" data-rel=\"iLightbox[gallery_image_1]\" class=\"fusion-lightbox\" target=\"_self\"><img decoding=\"async\" src=\"https:\/\/www.comisionporlamemoria.org\/vihsibles\/wp-content\/uploads\/sites\/16\/sites\/36\/2022\/06\/25-424x295.jpeg\" width=\"424\" height=\"295\" alt=\"\" title=\"2005: se estrena la pel\u00edcula \u00abUn a\u00f1o sin amor\u00bb basada en el libro hom\u00f3nimo del escritor Pablo P\u00e9rez.\" aria-label=\"2005: se estrena la pel\u00edcula \u00abUn a\u00f1o sin amor\u00bb basada en el libro hom\u00f3nimo del escritor Pablo P\u00e9rez.\" class=\"img-responsive wp-image-109 fusion-gallery-image-size-fixed\"  \/><\/a><\/div><div class=\"awb-imageframe-caption-container\"><div class=\"awb-imageframe-caption\"><div class=\"awb-imageframe-caption-title\">2005: se estrena la pel\u00edcula \u00abUn a\u00f1o sin amor\u00bb basada en el libro hom\u00f3nimo del escritor Pablo P\u00e9rez.<\/div><\/div><\/div><\/div><div style=\"padding:5px;\" class=\"fusion-grid-column fusion-gallery-column fusion-gallery-column-3 hover-type-none awb-imageframe-style awb-imageframe-style-below awb-imageframe-style-1\"><div class=\"fusion-gallery-image\"><a href=\"https:\/\/www.comisionporlamemoria.org\/vihsibles\/wp-content\/uploads\/sites\/16\/sites\/36\/2022\/06\/24.jpeg\" rel=\"noreferrer\" data-rel=\"iLightbox[gallery_image_1]\" class=\"fusion-lightbox\" target=\"_self\"><img decoding=\"async\" src=\"https:\/\/www.comisionporlamemoria.org\/vihsibles\/wp-content\/uploads\/sites\/16\/sites\/36\/2022\/06\/24-326x295.jpeg\" width=\"326\" height=\"295\" alt=\"\" title=\"2004: La periodista y activista argentina Marta Dillon publica su libro \u00abVivir con virus. Relatos de la vida cotidiana.\u00bb, una recopilaci\u00f3n de los textos que hab\u00eda ido publicando a lo largo de diez a\u00f1os en el diario P\u00e1gina 12, a partir de su propio diagn\u00f3stico.\" aria-label=\"2004: La periodista y activista argentina Marta Dillon publica su libro \u00abVivir con virus. Relatos de la vida cotidiana.\u00bb, una recopilaci\u00f3n de los textos que hab\u00eda ido publicando a lo largo de diez a\u00f1os en el diario P\u00e1gina 12, a partir de su propio diagn\u00f3stico.\" class=\"img-responsive wp-image-108 fusion-gallery-image-size-fixed\"  \/><\/a><\/div><div class=\"awb-imageframe-caption-container\"><div class=\"awb-imageframe-caption\"><div class=\"awb-imageframe-caption-title\">2004: La periodista y activista argentina Marta Dillon publica su libro \u00abVivir con virus. Relatos de la vida cotidiana.\u00bb, una recopilaci\u00f3n de los textos que hab\u00eda ido publicando a lo largo de diez a\u00f1os en el diario P\u00e1gina 12, a partir de su propio diagn\u00f3stico.<\/div><\/div><\/div><\/div><div class=\"clearfix\"><\/div><div style=\"padding:5px;\" class=\"fusion-grid-column fusion-gallery-column fusion-gallery-column-3 hover-type-none awb-imageframe-style awb-imageframe-style-below awb-imageframe-style-1\"><div class=\"fusion-gallery-image\"><a href=\"https:\/\/www.comisionporlamemoria.org\/vihsibles\/wp-content\/uploads\/sites\/16\/sites\/36\/2022\/06\/23.jpeg\" rel=\"noreferrer\" data-rel=\"iLightbox[gallery_image_1]\" class=\"fusion-lightbox\" target=\"_self\"><img decoding=\"async\" src=\"https:\/\/www.comisionporlamemoria.org\/vihsibles\/wp-content\/uploads\/sites\/16\/sites\/36\/2022\/06\/23-460x295.jpeg\" width=\"460\" height=\"295\" alt=\"\" title=\"1998: el escritor argentino Pablo P\u00e9rez publica la novela autobiogr\u00e1fica \u00abUn a\u00f1o sin amor\u00bb. Diario del sida\u00bb.\" aria-label=\"1998: el escritor argentino Pablo P\u00e9rez publica la novela autobiogr\u00e1fica \u00abUn a\u00f1o sin amor\u00bb. Diario del sida\u00bb.\" class=\"img-responsive wp-image-107 fusion-gallery-image-size-fixed\"  \/><\/a><\/div><div class=\"awb-imageframe-caption-container\"><div class=\"awb-imageframe-caption\"><div class=\"awb-imageframe-caption-title\">1998: el escritor argentino Pablo P\u00e9rez publica la novela autobiogr\u00e1fica \u00abUn a\u00f1o sin amor\u00bb. Diario del sida\u00bb.<\/div><\/div><\/div><\/div><div style=\"padding:5px;\" class=\"fusion-grid-column fusion-gallery-column fusion-gallery-column-3 hover-type-none awb-imageframe-style awb-imageframe-style-below awb-imageframe-style-1\"><div class=\"fusion-gallery-image\"><a href=\"https:\/\/www.comisionporlamemoria.org\/vihsibles\/wp-content\/uploads\/sites\/16\/sites\/36\/2022\/06\/22.jpeg\" rel=\"noreferrer\" data-rel=\"iLightbox[gallery_image_1]\" class=\"fusion-lightbox\" target=\"_self\"><img decoding=\"async\" src=\"https:\/\/www.comisionporlamemoria.org\/vihsibles\/wp-content\/uploads\/sites\/16\/sites\/36\/2022\/06\/22-460x295.jpeg\" width=\"460\" height=\"295\" alt=\"\" title=\"1995: estreno de \u201cFotos del alma\u201d, pel\u00edcula dirigida por Diego Musiak sobre su propio gui\u00f3n, en el que narra la historia de un fot\u00f3grafo vih positivo.\" aria-label=\"1995: estreno de \u201cFotos del alma\u201d, pel\u00edcula dirigida por Diego Musiak sobre su propio gui\u00f3n, en el que narra la historia de un fot\u00f3grafo vih positivo.\" class=\"img-responsive wp-image-106 fusion-gallery-image-size-fixed\"  \/><\/a><\/div><div class=\"awb-imageframe-caption-container\"><div class=\"awb-imageframe-caption\"><div class=\"awb-imageframe-caption-title\">1995: estreno de \u201cFotos del alma\u201d, pel\u00edcula dirigida por Diego Musiak sobre su propio gui\u00f3n, en el que narra la historia de un fot\u00f3grafo vih positivo.<\/div><\/div><\/div><\/div><div style=\"padding:5px;\" class=\"fusion-grid-column fusion-gallery-column fusion-gallery-column-3 hover-type-none awb-imageframe-style awb-imageframe-style-below awb-imageframe-style-1\"><div class=\"fusion-gallery-image\"><a href=\"https:\/\/www.comisionporlamemoria.org\/vihsibles\/wp-content\/uploads\/sites\/16\/sites\/36\/2022\/06\/21.jpeg\" rel=\"noreferrer\" data-rel=\"iLightbox[gallery_image_1]\" class=\"fusion-lightbox\" target=\"_self\"><img decoding=\"async\" src=\"https:\/\/www.comisionporlamemoria.org\/vihsibles\/wp-content\/uploads\/sites\/16\/sites\/36\/2022\/06\/21-458x295.jpeg\" width=\"458\" height=\"295\" alt=\"\" title=\"1994: El periodista argentino Sergio Nu\u00f1ez publica su libro \u00abVivir con Sida. Seis a\u00f1os de un portador\u00bb, de car\u00e1cter autobiogr\u00e1fico.\" aria-label=\"1994: El periodista argentino Sergio Nu\u00f1ez publica su libro \u00abVivir con Sida. Seis a\u00f1os de un portador\u00bb, de car\u00e1cter autobiogr\u00e1fico.\" class=\"img-responsive wp-image-105 fusion-gallery-image-size-fixed\"  \/><\/a><\/div><div class=\"awb-imageframe-caption-container\"><div class=\"awb-imageframe-caption\"><div class=\"awb-imageframe-caption-title\">1994: El periodista argentino Sergio Nu\u00f1ez publica su libro \u00abVivir con Sida. Seis a\u00f1os de un portador\u00bb, de car\u00e1cter autobiogr\u00e1fico.<\/div><\/div><\/div><\/div><div class=\"clearfix\"><\/div><div style=\"padding:5px;\" class=\"fusion-grid-column fusion-gallery-column fusion-gallery-column-3 hover-type-none awb-imageframe-style awb-imageframe-style-below awb-imageframe-style-1\"><div class=\"fusion-gallery-image\"><a href=\"https:\/\/www.comisionporlamemoria.org\/vihsibles\/wp-content\/uploads\/sites\/16\/sites\/36\/2022\/06\/20.jpeg\" rel=\"noreferrer\" data-rel=\"iLightbox[gallery_image_1]\" class=\"fusion-lightbox\" target=\"_self\"><img decoding=\"async\" src=\"https:\/\/www.comisionporlamemoria.org\/vihsibles\/wp-content\/uploads\/sites\/16\/sites\/36\/2022\/06\/20-460x295.jpeg\" width=\"460\" height=\"295\" alt=\"\" title=\"1993: Nexo asociaci\u00f3n civil lanza Nexo revista (que al a\u00f1o pasa a llamarse NX periodismo gay para todos). Desde su primer n\u00famero incluye el Dossier NX(+), dedicado a la difusi\u00f3n de notas de opini\u00f3n e informaci\u00f3n relacionadas con el VIH-sida.\" aria-label=\"1993: Nexo asociaci\u00f3n civil lanza Nexo revista (que al a\u00f1o pasa a llamarse NX periodismo gay para todos). Desde su primer n\u00famero incluye el Dossier NX(+), dedicado a la difusi\u00f3n de notas de opini\u00f3n e informaci\u00f3n relacionadas con el VIH-sida.\" class=\"img-responsive wp-image-104 fusion-gallery-image-size-fixed\" srcset=\"https:\/\/www.comisionporlamemoria.org\/vihsibles\/wp-content\/uploads\/sites\/16\/sites\/36\/2022\/06\/20-460x295.jpeg 460w, https:\/\/www.comisionporlamemoria.org\/vihsibles\/wp-content\/uploads\/sites\/16\/sites\/36\/2022\/06\/20-626x400.jpeg 626w\" sizes=\"(max-width: 460px) 100vw, 460px\" \/><\/a><\/div><div class=\"awb-imageframe-caption-container\"><div class=\"awb-imageframe-caption\"><div class=\"awb-imageframe-caption-title\">1993: Nexo asociaci\u00f3n civil lanza Nexo revista (que al a\u00f1o pasa a llamarse NX periodismo gay para todos). Desde su primer n\u00famero incluye el Dossier NX(+), dedicado a la difusi\u00f3n de notas de opini\u00f3n e informaci\u00f3n relacionadas con el VIH-sida.<\/div><\/div><\/div><\/div><div style=\"padding:5px;\" class=\"fusion-grid-column fusion-gallery-column fusion-gallery-column-3 hover-type-none awb-imageframe-style awb-imageframe-style-below awb-imageframe-style-1\"><div class=\"fusion-gallery-image\"><a href=\"https:\/\/www.comisionporlamemoria.org\/vihsibles\/wp-content\/uploads\/sites\/16\/sites\/36\/2022\/06\/19.jpeg\" rel=\"noreferrer\" data-rel=\"iLightbox[gallery_image_1]\" class=\"fusion-lightbox\" target=\"_self\"><img decoding=\"async\" src=\"https:\/\/www.comisionporlamemoria.org\/vihsibles\/wp-content\/uploads\/sites\/16\/sites\/36\/2022\/06\/19-460x295.jpeg\" width=\"460\" height=\"295\" alt=\"\" title=\"D\u00eda Internacional de la lucha contra el SIDA. Campa\u00f1a No m\u00e1s chicos con vih. Fundamind. CABA. 2011\" aria-label=\"D\u00eda Internacional de la lucha contra el SIDA. Campa\u00f1a No m\u00e1s chicos con vih. Fundamind. CABA. 2011\" class=\"img-responsive wp-image-103 fusion-gallery-image-size-fixed\"  \/><\/a><\/div><div class=\"awb-imageframe-caption-container\"><div class=\"awb-imageframe-caption\"><div class=\"awb-imageframe-caption-title\">D\u00eda Internacional de la lucha contra el SIDA. Campa\u00f1a No m\u00e1s chicos con vih. Fundamind. CABA. 2011<\/div><\/div><\/div><\/div><div style=\"padding:5px;\" class=\"fusion-grid-column fusion-gallery-column fusion-gallery-column-3 hover-type-none awb-imageframe-style awb-imageframe-style-below awb-imageframe-style-1\"><div class=\"fusion-gallery-image\"><a href=\"https:\/\/www.comisionporlamemoria.org\/vihsibles\/wp-content\/uploads\/sites\/16\/sites\/36\/2022\/06\/18.jpeg\" rel=\"noreferrer\" data-rel=\"iLightbox[gallery_image_1]\" class=\"fusion-lightbox\" target=\"_self\"><img decoding=\"async\" src=\"https:\/\/www.comisionporlamemoria.org\/vihsibles\/wp-content\/uploads\/sites\/16\/sites\/36\/2022\/06\/18-460x295.jpeg\" width=\"460\" height=\"295\" alt=\"\" title=\"D\u00eda Internacional de la lucha contra el SIDA. Campa\u00f1a No m\u00e1s chicos con vih. Fundamind. CABA. 2011\" aria-label=\"D\u00eda Internacional de la lucha contra el SIDA. Campa\u00f1a No m\u00e1s chicos con vih. Fundamind. CABA. 2011\" class=\"img-responsive wp-image-102 fusion-gallery-image-size-fixed\"  \/><\/a><\/div><div class=\"awb-imageframe-caption-container\"><div class=\"awb-imageframe-caption\"><div class=\"awb-imageframe-caption-title\">D\u00eda Internacional de la lucha contra el SIDA. Campa\u00f1a No m\u00e1s chicos con vih. Fundamind. CABA. 2011<\/div><\/div><\/div><\/div><div class=\"clearfix\"><\/div><div style=\"padding:5px;\" class=\"fusion-grid-column fusion-gallery-column fusion-gallery-column-3 hover-type-none awb-imageframe-style awb-imageframe-style-below awb-imageframe-style-1\"><div class=\"fusion-gallery-image\"><a href=\"https:\/\/www.comisionporlamemoria.org\/vihsibles\/wp-content\/uploads\/sites\/16\/sites\/36\/2022\/06\/17.jpeg\" rel=\"noreferrer\" data-rel=\"iLightbox[gallery_image_1]\" class=\"fusion-lightbox\" target=\"_self\"><img decoding=\"async\" src=\"https:\/\/www.comisionporlamemoria.org\/vihsibles\/wp-content\/uploads\/sites\/16\/sites\/36\/2022\/06\/17-460x295.jpeg\" width=\"460\" height=\"295\" alt=\"\" title=\"Actividad de testeo a cargo de la organizaci\u00f3n Rock and Vida en el marco de la actividad \u00abPlaza feminista, la diversidad que queremos\u00bb, CABA, 2021.\" aria-label=\"Actividad de testeo a cargo de la organizaci\u00f3n Rock and Vida en el marco de la actividad \u00abPlaza feminista, la diversidad que queremos\u00bb, CABA, 2021.\" class=\"img-responsive wp-image-101 fusion-gallery-image-size-fixed\"  \/><\/a><\/div><div class=\"awb-imageframe-caption-container\"><div class=\"awb-imageframe-caption\"><div class=\"awb-imageframe-caption-title\">Actividad de testeo a cargo de la organizaci\u00f3n Rock and Vida en el marco de la actividad \u00abPlaza feminista, la diversidad que queremos\u00bb, CABA, 2021.<\/div><\/div><\/div><\/div><div style=\"padding:5px;\" class=\"fusion-grid-column fusion-gallery-column fusion-gallery-column-3 hover-type-none awb-imageframe-style awb-imageframe-style-below awb-imageframe-style-1\"><div class=\"fusion-gallery-image\"><a href=\"https:\/\/www.comisionporlamemoria.org\/vihsibles\/wp-content\/uploads\/sites\/16\/sites\/36\/2022\/06\/16.jpeg\" rel=\"noreferrer\" data-rel=\"iLightbox[gallery_image_1]\" class=\"fusion-lightbox\" target=\"_self\"><img decoding=\"async\" src=\"https:\/\/www.comisionporlamemoria.org\/vihsibles\/wp-content\/uploads\/sites\/16\/sites\/36\/2022\/06\/16-460x295.jpeg\" width=\"460\" height=\"295\" alt=\"\" title=\"Organizaciones que estuvieron a cargo del stand de visibilizaci\u00f3n de las reivindicaciones de las personas con VIH en el marco de la actividad \u00abPlaza feminista. La diversidad que queremos\u00bb. CABA, 2021\" aria-label=\"Organizaciones que estuvieron a cargo del stand de visibilizaci\u00f3n de las reivindicaciones de las personas con VIH en el marco de la actividad \u00abPlaza feminista. La diversidad que queremos\u00bb. CABA, 2021\" class=\"img-responsive wp-image-100 fusion-gallery-image-size-fixed\"  \/><\/a><\/div><div class=\"awb-imageframe-caption-container\"><div class=\"awb-imageframe-caption\"><div class=\"awb-imageframe-caption-title\">Organizaciones que estuvieron a cargo del stand de visibilizaci\u00f3n de las reivindicaciones de las personas con VIH en el marco de la actividad \u00abPlaza feminista. La diversidad que queremos\u00bb. CABA, 2021<\/div><\/div><\/div><\/div><div style=\"padding:5px;\" class=\"fusion-grid-column fusion-gallery-column fusion-gallery-column-3 hover-type-none awb-imageframe-style awb-imageframe-style-below awb-imageframe-style-1\"><div class=\"fusion-gallery-image\"><a href=\"https:\/\/www.comisionporlamemoria.org\/vihsibles\/wp-content\/uploads\/sites\/16\/sites\/36\/2022\/06\/15.jpeg\" rel=\"noreferrer\" data-rel=\"iLightbox[gallery_image_1]\" class=\"fusion-lightbox\" target=\"_self\"><img decoding=\"async\" src=\"https:\/\/www.comisionporlamemoria.org\/vihsibles\/wp-content\/uploads\/sites\/16\/sites\/36\/2022\/06\/15-460x295.jpeg\" width=\"460\" height=\"295\" alt=\"\" title=\"Dic. 2005: el gobierno porte\u00f1o decidi\u00f3 enfundar el Obelisco con un preservativo gigante como parte de la campa\u00f1a de prevenci\u00f3n en el D\u00eda Mundial de la respuesta al VIH\" aria-label=\"Dic. 2005: el gobierno porte\u00f1o decidi\u00f3 enfundar el Obelisco con un preservativo gigante como parte de la campa\u00f1a de prevenci\u00f3n en el D\u00eda Mundial de la respuesta al VIH\" class=\"img-responsive wp-image-99 fusion-gallery-image-size-fixed\"  \/><\/a><\/div><div class=\"awb-imageframe-caption-container\"><div class=\"awb-imageframe-caption\"><div class=\"awb-imageframe-caption-title\">Dic. 2005: el gobierno porte\u00f1o decidi\u00f3 enfundar el Obelisco con un preservativo gigante como parte de la campa\u00f1a de prevenci\u00f3n en el D\u00eda Mundial de la respuesta al VIH<\/div><\/div><\/div><\/div><div class=\"clearfix\"><\/div><div style=\"padding:5px;\" class=\"fusion-grid-column fusion-gallery-column fusion-gallery-column-3 hover-type-none awb-imageframe-style awb-imageframe-style-below awb-imageframe-style-1\"><div class=\"fusion-gallery-image\"><a href=\"https:\/\/www.comisionporlamemoria.org\/vihsibles\/wp-content\/uploads\/sites\/16\/sites\/36\/2022\/06\/14.jpeg\" rel=\"noreferrer\" data-rel=\"iLightbox[gallery_image_1]\" class=\"fusion-lightbox\" target=\"_self\"><img decoding=\"async\" src=\"https:\/\/www.comisionporlamemoria.org\/vihsibles\/wp-content\/uploads\/sites\/16\/sites\/36\/2022\/06\/14-460x295.jpeg\" width=\"460\" height=\"295\" alt=\"\" title=\"Legisladores y activistas visibilizando la necesidad de la nueva ley de VIH, en el marco de una feria organizada en el barrio de Colegiales, CABA, 2021\" aria-label=\"Legisladores y activistas visibilizando la necesidad de la nueva ley de VIH, en el marco de una feria organizada en el barrio de Colegiales, CABA, 2021\" class=\"img-responsive wp-image-98 fusion-gallery-image-size-fixed\"  \/><\/a><\/div><div class=\"awb-imageframe-caption-container\"><div class=\"awb-imageframe-caption\"><div class=\"awb-imageframe-caption-title\">Legisladores y activistas visibilizando la necesidad de la nueva ley de VIH, en el marco de una feria organizada en el barrio de Colegiales, CABA, 2021<\/div><\/div><\/div><\/div><div style=\"padding:5px;\" class=\"fusion-grid-column fusion-gallery-column fusion-gallery-column-3 hover-type-none awb-imageframe-style awb-imageframe-style-below awb-imageframe-style-1\"><div class=\"fusion-gallery-image\"><a href=\"https:\/\/www.comisionporlamemoria.org\/vihsibles\/wp-content\/uploads\/sites\/16\/sites\/36\/2022\/06\/13.jpeg\" rel=\"noreferrer\" data-rel=\"iLightbox[gallery_image_1]\" class=\"fusion-lightbox\" target=\"_self\"><img decoding=\"async\" src=\"https:\/\/www.comisionporlamemoria.org\/vihsibles\/wp-content\/uploads\/sites\/16\/sites\/36\/2022\/06\/13-460x295.jpeg\" width=\"460\" height=\"295\" alt=\"\" title=\"Suelta de globos como homenaje a la activista Barbara Stella Maris Sosa, en el marco de la actividad \u00abPlaza feminista, la diversidad que queremos\u00bb, CABA, 2021\" aria-label=\"Suelta de globos como homenaje a la activista Barbara Stella Maris Sosa, en el marco de la actividad \u00abPlaza feminista, la diversidad que queremos\u00bb, CABA, 2021\" class=\"img-responsive wp-image-97 fusion-gallery-image-size-fixed\"  \/><\/a><\/div><div class=\"awb-imageframe-caption-container\"><div class=\"awb-imageframe-caption\"><div class=\"awb-imageframe-caption-title\">Suelta de globos como homenaje a la activista Barbara Stella Maris Sosa, en el marco de la actividad \u00abPlaza feminista, la diversidad que queremos\u00bb, CABA, 2021<\/div><\/div><\/div><\/div><div style=\"padding:5px;\" class=\"fusion-grid-column fusion-gallery-column fusion-gallery-column-3 hover-type-none awb-imageframe-style awb-imageframe-style-below awb-imageframe-style-1\"><div class=\"fusion-gallery-image\"><a href=\"https:\/\/www.comisionporlamemoria.org\/vihsibles\/wp-content\/uploads\/sites\/16\/sites\/36\/2022\/06\/12.jpeg\" rel=\"noreferrer\" data-rel=\"iLightbox[gallery_image_1]\" class=\"fusion-lightbox\" target=\"_self\"><img decoding=\"async\" src=\"https:\/\/www.comisionporlamemoria.org\/vihsibles\/wp-content\/uploads\/sites\/16\/sites\/36\/2022\/06\/12-460x295.jpeg\" width=\"460\" height=\"295\" alt=\"\" title=\"Escrache organizado por la RAJAP ante el despido de un joven con VIH, CABA 2020\" aria-label=\"Escrache organizado por la RAJAP ante el despido de un joven con VIH, CABA 2020\" class=\"img-responsive wp-image-96 fusion-gallery-image-size-fixed\"  \/><\/a><\/div><div class=\"awb-imageframe-caption-container\"><div class=\"awb-imageframe-caption\"><div class=\"awb-imageframe-caption-title\">Escrache organizado por la RAJAP ante el despido de un joven con VIH, CABA 2020<\/div><\/div><\/div><\/div><div class=\"clearfix\"><\/div><div style=\"padding:5px;\" class=\"fusion-grid-column fusion-gallery-column fusion-gallery-column-3 hover-type-none awb-imageframe-style awb-imageframe-style-below awb-imageframe-style-1\"><div class=\"fusion-gallery-image\"><a href=\"https:\/\/www.comisionporlamemoria.org\/vihsibles\/wp-content\/uploads\/sites\/16\/sites\/36\/2022\/06\/11.jpeg\" rel=\"noreferrer\" data-rel=\"iLightbox[gallery_image_1]\" class=\"fusion-lightbox\" target=\"_self\"><img decoding=\"async\" src=\"https:\/\/www.comisionporlamemoria.org\/vihsibles\/wp-content\/uploads\/sites\/16\/sites\/36\/2022\/06\/11-460x295.jpeg\" width=\"460\" height=\"295\" alt=\"\" title=\"Reuni\u00f3n de la sociedad civil con el Programa Nacional de Sida, CABA 2020\" aria-label=\"Reuni\u00f3n de la sociedad civil con el Programa Nacional de Sida, CABA 2020\" class=\"img-responsive wp-image-95 fusion-gallery-image-size-fixed\"  \/><\/a><\/div><div class=\"awb-imageframe-caption-container\"><div class=\"awb-imageframe-caption\"><div class=\"awb-imageframe-caption-title\">Reuni\u00f3n de la sociedad civil con el Programa Nacional de Sida, CABA 2020<\/div><\/div><\/div><\/div><div style=\"padding:5px;\" class=\"fusion-grid-column fusion-gallery-column fusion-gallery-column-3 hover-type-none awb-imageframe-style awb-imageframe-style-below awb-imageframe-style-1\"><div class=\"fusion-gallery-image\"><a href=\"https:\/\/www.comisionporlamemoria.org\/vihsibles\/wp-content\/uploads\/sites\/16\/sites\/36\/2022\/06\/10.jpeg\" rel=\"noreferrer\" data-rel=\"iLightbox[gallery_image_1]\" class=\"fusion-lightbox\" target=\"_self\"><img decoding=\"async\" src=\"https:\/\/www.comisionporlamemoria.org\/vihsibles\/wp-content\/uploads\/sites\/16\/sites\/36\/2022\/06\/10-460x295.jpeg\" width=\"460\" height=\"295\" alt=\"\" title=\"Actividad frente al Congreso por el d\u00eda mundial de la respuesta al VIH, diciembre 2019\" aria-label=\"Actividad frente al Congreso por el d\u00eda mundial de la respuesta al VIH, diciembre 2019\" class=\"img-responsive wp-image-94 fusion-gallery-image-size-fixed\"  \/><\/a><\/div><div class=\"awb-imageframe-caption-container\"><div class=\"awb-imageframe-caption\"><div class=\"awb-imageframe-caption-title\">Actividad frente al Congreso por el d\u00eda mundial de la respuesta al VIH, diciembre 2019<\/div><\/div><\/div><\/div><div style=\"padding:5px;\" class=\"fusion-grid-column fusion-gallery-column fusion-gallery-column-3 hover-type-none awb-imageframe-style awb-imageframe-style-below awb-imageframe-style-1\"><div class=\"fusion-gallery-image\"><a href=\"https:\/\/www.comisionporlamemoria.org\/vihsibles\/wp-content\/uploads\/sites\/16\/sites\/36\/2022\/06\/9.jpeg\" rel=\"noreferrer\" data-rel=\"iLightbox[gallery_image_1]\" class=\"fusion-lightbox\" target=\"_self\"><img decoding=\"async\" src=\"https:\/\/www.comisionporlamemoria.org\/vihsibles\/wp-content\/uploads\/sites\/16\/sites\/36\/2022\/06\/9-460x295.jpeg\" width=\"460\" height=\"295\" alt=\"\" title=\"Legisladores y activistas en la presentaci\u00f3n de la nueva ley de VIH, Buenos Aires, 2019\" aria-label=\"Legisladores y activistas en la presentaci\u00f3n de la nueva ley de VIH, Buenos Aires, 2019\" class=\"img-responsive wp-image-93 fusion-gallery-image-size-fixed\"  \/><\/a><\/div><div class=\"awb-imageframe-caption-container\"><div class=\"awb-imageframe-caption\"><div class=\"awb-imageframe-caption-title\">Legisladores y activistas en la presentaci\u00f3n de la nueva ley de VIH, Buenos Aires, 2019<\/div><\/div><\/div><\/div><div class=\"clearfix\"><\/div><div style=\"padding:5px;\" class=\"fusion-grid-column fusion-gallery-column fusion-gallery-column-3 hover-type-none awb-imageframe-style awb-imageframe-style-below awb-imageframe-style-1\"><div class=\"fusion-gallery-image\"><a href=\"https:\/\/www.comisionporlamemoria.org\/vihsibles\/wp-content\/uploads\/sites\/16\/sites\/36\/2022\/06\/8.jpeg\" rel=\"noreferrer\" data-rel=\"iLightbox[gallery_image_1]\" class=\"fusion-lightbox\" target=\"_self\"><img decoding=\"async\" src=\"https:\/\/www.comisionporlamemoria.org\/vihsibles\/wp-content\/uploads\/sites\/16\/sites\/36\/2022\/06\/8-460x295.jpeg\" width=\"460\" height=\"295\" alt=\"\" title=\"Taller sobre Nutrici\u00f3n y VIH en el marco del \u201c1\u00ba Encuentro Nacional de Personas Viviendo con VIH y Parejas Serodiscordantes \u201d Embalse, R\u00edo Tercero, C\u00f3rdoba, 2018\" aria-label=\"Taller sobre Nutrici\u00f3n y VIH en el marco del \u201c1\u00ba Encuentro Nacional de Personas Viviendo con VIH y Parejas Serodiscordantes \u201d Embalse, R\u00edo Tercero, C\u00f3rdoba, 2018\" class=\"img-responsive wp-image-92 fusion-gallery-image-size-fixed\"  \/><\/a><\/div><div class=\"awb-imageframe-caption-container\"><div class=\"awb-imageframe-caption\"><div class=\"awb-imageframe-caption-title\">Taller sobre Nutrici\u00f3n y VIH en el marco del \u201c1\u00ba Encuentro Nacional de Personas Viviendo con VIH y Parejas Serodiscordantes \u201d Embalse, R\u00edo Tercero, C\u00f3rdoba, 2018<\/div><\/div><\/div><\/div><div style=\"padding:5px;\" class=\"fusion-grid-column fusion-gallery-column fusion-gallery-column-3 hover-type-none awb-imageframe-style awb-imageframe-style-below awb-imageframe-style-1\"><div class=\"fusion-gallery-image\"><a href=\"https:\/\/www.comisionporlamemoria.org\/vihsibles\/wp-content\/uploads\/sites\/16\/sites\/36\/2022\/06\/7.jpeg\" rel=\"noreferrer\" data-rel=\"iLightbox[gallery_image_1]\" class=\"fusion-lightbox\" target=\"_self\"><img decoding=\"async\" src=\"https:\/\/www.comisionporlamemoria.org\/vihsibles\/wp-content\/uploads\/sites\/16\/sites\/36\/2022\/06\/7-460x295.jpeg\" width=\"460\" height=\"295\" alt=\"\" title=\"\u201c1\u00ba Encuentro Nacional de Personas Viviendo con VIH y Parejas Serodiscordantes \u201d, 17 al 20 de Agosto 2018, Embalse, R\u00edo Tercero, C\u00f3rdoba.\" aria-label=\"\u201c1\u00ba Encuentro Nacional de Personas Viviendo con VIH y Parejas Serodiscordantes \u201d, 17 al 20 de Agosto 2018, Embalse, R\u00edo Tercero, C\u00f3rdoba.\" class=\"img-responsive wp-image-91 fusion-gallery-image-size-fixed\"  \/><\/a><\/div><div class=\"awb-imageframe-caption-container\"><div class=\"awb-imageframe-caption\"><div class=\"awb-imageframe-caption-title\">\u201c1\u00ba Encuentro Nacional de Personas Viviendo con VIH y Parejas Serodiscordantes \u201d, 17 al 20 de Agosto 2018, Embalse, R\u00edo Tercero, C\u00f3rdoba.<\/div><\/div><\/div><\/div><div style=\"padding:5px;\" class=\"fusion-grid-column fusion-gallery-column fusion-gallery-column-3 hover-type-none awb-imageframe-style awb-imageframe-style-below awb-imageframe-style-1\"><div class=\"fusion-gallery-image\"><a href=\"https:\/\/www.comisionporlamemoria.org\/vihsibles\/wp-content\/uploads\/sites\/16\/sites\/36\/2022\/06\/6.jpeg\" rel=\"noreferrer\" data-rel=\"iLightbox[gallery_image_1]\" class=\"fusion-lightbox\" target=\"_self\"><img decoding=\"async\" src=\"https:\/\/www.comisionporlamemoria.org\/vihsibles\/wp-content\/uploads\/sites\/16\/sites\/36\/2022\/06\/6-460x295.jpeg\" width=\"460\" height=\"295\" alt=\"\" title=\"Activistas de distintas organizaciones presentes en el cierre del III Congreso nacional de Sida, San Juan 2011\" aria-label=\"Activistas de distintas organizaciones presentes en el cierre del III Congreso nacional de Sida, San Juan 2011\" class=\"img-responsive wp-image-90 fusion-gallery-image-size-fixed\"  \/><\/a><\/div><div class=\"awb-imageframe-caption-container\"><div class=\"awb-imageframe-caption\"><div class=\"awb-imageframe-caption-title\">Activistas de distintas organizaciones presentes en el cierre del III Congreso nacional de Sida, San Juan 2011<\/div><\/div><\/div><\/div><div class=\"clearfix\"><\/div><div style=\"padding:5px;\" class=\"fusion-grid-column fusion-gallery-column fusion-gallery-column-3 hover-type-none awb-imageframe-style awb-imageframe-style-below awb-imageframe-style-1\"><div class=\"fusion-gallery-image\"><a href=\"https:\/\/www.comisionporlamemoria.org\/vihsibles\/wp-content\/uploads\/sites\/16\/sites\/36\/2022\/06\/5.jpeg\" rel=\"noreferrer\" data-rel=\"iLightbox[gallery_image_1]\" class=\"fusion-lightbox\" target=\"_self\"><img decoding=\"async\" src=\"https:\/\/www.comisionporlamemoria.org\/vihsibles\/wp-content\/uploads\/sites\/16\/sites\/36\/2022\/06\/5-460x295.jpeg\" width=\"460\" height=\"295\" alt=\"\" title=\"Obra teatral a cargo del grupo de adolescentes positivos, II Congreso Nacional de Sida, Salta 2009\" aria-label=\"Obra teatral a cargo del grupo de adolescentes positivos, II Congreso Nacional de Sida, Salta 2009\" class=\"img-responsive wp-image-89 fusion-gallery-image-size-fixed\"  \/><\/a><\/div><div class=\"awb-imageframe-caption-container\"><div class=\"awb-imageframe-caption\"><div class=\"awb-imageframe-caption-title\">Obra teatral a cargo del grupo de adolescentes positivos, II Congreso Nacional de Sida, Salta 2009<\/div><\/div><\/div><\/div><div style=\"padding:5px;\" class=\"fusion-grid-column fusion-gallery-column fusion-gallery-column-3 hover-type-none awb-imageframe-style awb-imageframe-style-below awb-imageframe-style-1\"><div class=\"fusion-gallery-image\"><a href=\"https:\/\/www.comisionporlamemoria.org\/vihsibles\/wp-content\/uploads\/sites\/16\/sites\/36\/2022\/06\/4.jpeg\" rel=\"noreferrer\" data-rel=\"iLightbox[gallery_image_1]\" class=\"fusion-lightbox\" target=\"_self\"><img decoding=\"async\" src=\"https:\/\/www.comisionporlamemoria.org\/vihsibles\/wp-content\/uploads\/sites\/16\/sites\/36\/2022\/06\/4-460x295.jpeg\" width=\"460\" height=\"295\" alt=\"\" title=\"Parte del programa del Congreso Nacional de Sida de San Juan, 2011.\" aria-label=\"Parte del programa del Congreso Nacional de Sida de San Juan, 2011.\" class=\"img-responsive wp-image-88 fusion-gallery-image-size-fixed\"  \/><\/a><\/div><div class=\"awb-imageframe-caption-container\"><div class=\"awb-imageframe-caption\"><div class=\"awb-imageframe-caption-title\">Parte del programa del Congreso Nacional de Sida de San Juan, 2011.<\/div><\/div><\/div><\/div><div style=\"padding:5px;\" class=\"fusion-grid-column fusion-gallery-column fusion-gallery-column-3 hover-type-none awb-imageframe-style awb-imageframe-style-below awb-imageframe-style-1\"><div class=\"fusion-gallery-image\"><a href=\"https:\/\/www.comisionporlamemoria.org\/vihsibles\/wp-content\/uploads\/sites\/16\/sites\/36\/2022\/06\/3.jpeg\" rel=\"noreferrer\" data-rel=\"iLightbox[gallery_image_1]\" class=\"fusion-lightbox\" target=\"_self\"><img decoding=\"async\" src=\"https:\/\/www.comisionporlamemoria.org\/vihsibles\/wp-content\/uploads\/sites\/16\/sites\/36\/2022\/06\/3-460x295.jpeg\" width=\"460\" height=\"295\" alt=\"\" title=\"Presentaci\u00f3n del libro Gracias a la VIHda en el marco del marco del Congreso Nacional de Sida de San Juan, 2011.\" aria-label=\"Presentaci\u00f3n del libro Gracias a la VIHda en el marco del marco del Congreso Nacional de Sida de San Juan, 2011.\" class=\"img-responsive wp-image-87 fusion-gallery-image-size-fixed\"  \/><\/a><\/div><div class=\"awb-imageframe-caption-container\"><div class=\"awb-imageframe-caption\"><div class=\"awb-imageframe-caption-title\">Presentaci\u00f3n del libro Gracias a la VIHda en el marco del marco del Congreso Nacional de Sida de San Juan, 2011.<\/div><\/div><\/div><\/div><div class=\"clearfix\"><\/div><div style=\"padding:5px;\" class=\"fusion-grid-column fusion-gallery-column fusion-gallery-column-3 hover-type-none awb-imageframe-style awb-imageframe-style-below awb-imageframe-style-1\"><div class=\"fusion-gallery-image\"><a href=\"https:\/\/www.comisionporlamemoria.org\/vihsibles\/wp-content\/uploads\/sites\/16\/sites\/36\/2022\/06\/2.jpeg\" rel=\"noreferrer\" data-rel=\"iLightbox[gallery_image_1]\" class=\"fusion-lightbox\" target=\"_self\"><img decoding=\"async\" src=\"https:\/\/www.comisionporlamemoria.org\/vihsibles\/wp-content\/uploads\/sites\/16\/sites\/36\/2022\/06\/2-378x295.jpeg\" width=\"378\" height=\"295\" alt=\"\" title=\"La infect\u00f3loga y hoy medi\u00e1tica m\u00e9dica infect\u00f3loga Gabriela Piovano en su programa radial \u00abPor las dudas escuch\u00e1\u00bb, 2011\" aria-label=\"La infect\u00f3loga y hoy medi\u00e1tica m\u00e9dica infect\u00f3loga Gabriela Piovano en su programa radial \u00abPor las dudas escuch\u00e1\u00bb, 2011\" class=\"img-responsive wp-image-86 fusion-gallery-image-size-fixed\"  \/><\/a><\/div><div class=\"awb-imageframe-caption-container\"><div class=\"awb-imageframe-caption\"><div class=\"awb-imageframe-caption-title\">La infect\u00f3loga y hoy medi\u00e1tica m\u00e9dica infect\u00f3loga Gabriela Piovano en su programa radial \u00abPor las dudas escuch\u00e1\u00bb, 2011<\/div><\/div><\/div><\/div><div style=\"padding:5px;\" class=\"fusion-grid-column fusion-gallery-column fusion-gallery-column-3 hover-type-none awb-imageframe-style awb-imageframe-style-below awb-imageframe-style-1\"><div class=\"fusion-gallery-image\"><a href=\"https:\/\/www.comisionporlamemoria.org\/vihsibles\/wp-content\/uploads\/sites\/16\/sites\/36\/2022\/06\/1.jpeg\" rel=\"noreferrer\" data-rel=\"iLightbox[gallery_image_1]\" class=\"fusion-lightbox\" target=\"_self\"><img decoding=\"async\" src=\"https:\/\/www.comisionporlamemoria.org\/vihsibles\/wp-content\/uploads\/sites\/16\/sites\/36\/2022\/06\/1-460x295.jpeg\" width=\"460\" height=\"295\" alt=\"\" title=\"Ruben Marone, de Nexo Asociaci\u00f3n Civil, taller en el marco de una jornada organizada por Saisida Conurbano, 2011\" aria-label=\"Ruben Marone, de Nexo Asociaci\u00f3n Civil, taller en el marco de una jornada organizada por Saisida Conurbano, 2011\" class=\"img-responsive wp-image-40 fusion-gallery-image-size-fixed\"  \/><\/a><\/div><div class=\"awb-imageframe-caption-container\"><div class=\"awb-imageframe-caption\"><div class=\"awb-imageframe-caption-title\">Ruben Marone, de Nexo Asociaci\u00f3n Civil, taller en el marco de una jornada organizada por Saisida Conurbano, 2011<\/div><\/div><\/div><\/div><\/div><\/div>\n<\/div><\/div><\/div><div class=\"fusion-panel panel-default panel-d375b8f1adef0fef0 fusion-toggle-has-divider\" style=\"--awb-title-color:var(--awb-color8);--awb-content-color:var(--awb-color8);\"><div class=\"panel-heading\"><h4 class=\"panel-title toggle\" id=\"toggle_d375b8f1adef0fef0\"><a aria-expanded=\"false\" aria-controls=\"d375b8f1adef0fef0\" role=\"button\" data-toggle=\"collapse\" data-parent=\"#accordion-18-1\" data-target=\"#d375b8f1adef0fef0\" href=\"#d375b8f1adef0fef0\"><span class=\"fusion-toggle-icon-wrapper\" aria-hidden=\"true\"><i class=\"fa-fusion-box active-icon awb-icon-minus\" aria-hidden=\"true\"><\/i><i class=\"fa-fusion-box inactive-icon awb-icon-plus\" aria-hidden=\"true\"><\/i><\/span><span class=\"fusion-toggle-heading\">LAS VOCES DE LAS ORGANIZACIONES<\/span><\/a><\/h4><\/div><div id=\"d375b8f1adef0fef0\" class=\"panel-collapse collapse \" aria-labelledby=\"toggle_d375b8f1adef0fef0\"><div class=\"panel-body toggle-content fusion-clearfix\">\n<div class=\"fusion-builder-row fusion-row fusion-flex-align-items-flex-start\" style=\"max-width:1248px;margin-left: calc(-4% \/ 2 );margin-right: calc(-4% \/ 2 );\">\n\t<div class=\"fusion-layout-column fusion_builder_column fusion-builder-column-3 fusion_builder_column_1_3 1_3 fusion-flex-column fusion-flex-align-self-center\">\n\t\t<div class=\"fusion-column-wrapper fusion-flex-justify-content-center fusion-content-layout-row fusion-flex-align-items-center fusion-empty-dims-bg-image\" style=\"background-image: url('https:\/\/cpm-aec3.kxcdn.com\/vihsibles\/wp-content\/uploads\/sites\/16\/sites\/36\/2022\/06\/podcast-4.png');background-position:center center;background-repeat:no-repeat;-webkit-background-size:contain;-moz-background-size:contain;-o-background-size:contain;background-size:contain;padding: 17% 0px 17% 0px;\" data-bg-url=\"https:\/\/cpm-aec3.kxcdn.com\/vihsibles\/wp-content\/uploads\/sites\/16\/sites\/36\/2022\/06\/podcast-4.png\">\n\t\t\t<div class=\"fusion-text fusion-text-2 fusion-text-no-margin\" style=\"color:var(--awb-color1);margin-top:12%;margin-right:7%;margin-bottom:5%;margin-left:7%;\">\n\t\t\t\t<p style=\"text-align: center; font-size: 14px;\">\n\t\t\t\t\t<strong>Carlos Rodr\u00edguez. Co-fundador de la Red bonaerense de personas viviendo con VIH<\/strong>\n\t\t\t\t<\/p>\n\t\t\t\t<p style=\"text-align: center; font-size: 13px;\">Queremos estar para el momento de la cura. El tiempo es ahora.<\/p>\n\t\t\t<\/div>\n\t\t\t<div class=\"fusion-audio fusion-audio-1\" style=\"--fusion-audio-accent-color:var(--awb-color1);--fusion-audio-border-size:0;--fusion-audio-border-color:var(--awb-color1);--fusion-audio-border-top-left-radius:0px;--fusion-audio-border-top-right-radius:0px;--fusion-audio-border-bottom-right-radius:0px;--fusion-audio-border-bottom-left-radius:0px;--fusion-audio-background-color:var(--awb-color8);--fusion-audio-max-width:70%;\">\n\t\t\t\t<!--[if lt IE 9]><script>document.createElement('audio');<\/script><![endif]-->\n\t\t\t\t<audio class=\"wp-audio-shortcode\" id=\"audio-18-1\" preload=\"none\" style=\"width: 70%;\" controls=\"controls\">\n\t\t\t\t\t<source type=\"audio\/ogg\" src=\"https:\/\/www.comisionporlamemoria.org\/vihsibles\/wp-content\/uploads\/sites\/16\/sites\/36\/2022\/06\/2.-CARLOS-RODRIGUEZ.ogg?_=1\"\/>\n\t\t\t\t\t<a href=\"https:\/\/www.comisionporlamemoria.org\/vihsibles\/wp-content\/uploads\/sites\/16\/sites\/36\/2022\/06\/2.-CARLOS-RODRIGUEZ.ogg\">https:\/\/www.comisionporlamemoria.org\/vihsibles\/wp-content\/uploads\/sites\/16\/sites\/36\/2022\/06\/2.-CARLOS-RODRIGUEZ.ogg<\/a>\n\t\t\t\t<\/audio>\n\t\t\t<\/div>\n\t\t<\/div>\n\t\t<style type=\"text\/css\">.fusion-body .fusion-builder-column-3{width:33.333333333333% !important;margin-top : 0px;margin-bottom : 20px;}.fusion-builder-column-3 > .fusion-column-wrapper {padding-top : 17% !important;padding-right : 0px !important;margin-right : 5.76%;padding-bottom : 17% !important;padding-left : 0px !important;margin-left : 5.76%;}@media only screen and (max-width:1024px) {.fusion-body .fusion-builder-column-3{width:33.333333333333% !important;order : 0;}.fusion-builder-column-3 > .fusion-column-wrapper {margin-right : 5.76%;margin-left : 5.76%;}}@media only screen and (min-width:1024px) {.fusion-body .fusion-builder-column-3 .fusion-empty-dims-img-placeholder { display: none; } }@media only screen and (max-width:640px) {.fusion-body .fusion-builder-column-3{width:100% !important;order : 0;}.fusion-builder-column-3 > .fusion-column-wrapper {margin-right : 1.92%;margin-left : 1.92%;}}<\/style>\n\t<\/div>\n\t<div class=\"fusion-layout-column fusion_builder_column fusion-builder-column-4 fusion_builder_column_1_3 1_3 fusion-flex-column fusion-flex-align-self-center\">\n\t\t<div class=\"fusion-column-wrapper fusion-flex-justify-content-center fusion-content-layout-row fusion-flex-align-items-center fusion-empty-dims-bg-image\" style=\"background-image: url('https:\/\/cpm-aec3.kxcdn.com\/vihsibles\/wp-content\/uploads\/sites\/16\/sites\/36\/2022\/06\/podcast-2.png');background-position:center center;background-repeat:no-repeat;-webkit-background-size:contain;-moz-background-size:contain;-o-background-size:contain;background-size:contain;padding: 17% 0px 17% 0px;\" data-bg-url=\"https:\/\/cpm-aec3.kxcdn.com\/vihsibles\/wp-content\/uploads\/sites\/16\/sites\/36\/2022\/06\/podcast-2.png\">\n\t\t\t<div class=\"fusion-text fusion-text-3 fusion-text-no-margin\" style=\"color:var(--awb-color1);margin-top:10%;margin-right:7%;margin-bottom:0%;margin-left:7%;\">\n\t\t\t\t<p style=\"text-align: center; font-size: 14px;\">\n\t\t\t\t<\/br>\n\t\t\t\t\t<strong>Andrea Rivas. Conciencia joven<\/strong>\n\t\t\t\t\t<\/br>\n\t\t\t\t<\/p>\n\t\t\t\t<p style=\"text-align: center; font-size: 13px;\">Logramos romper con algunos discursos sesgados y estigmatizantes<\/p>\n\t\t\t\t<\/br>\n\t\t\t<\/div>\n\t\t\t<div class=\"fusion-audio fusion-audio-2\" style=\"--fusion-audio-accent-color:var(--awb-color1);--fusion-audio-border-size:0;--fusion-audio-border-color:var(--awb-color1);--fusion-audio-border-top-left-radius:0px;--fusion-audio-border-top-right-radius:0px;--fusion-audio-border-bottom-right-radius:0px;--fusion-audio-border-bottom-left-radius:0px;--fusion-audio-background-color:var(--awb-color8);--fusion-audio-max-width:70%;\">\n\t\t\t\t<audio class=\"wp-audio-shortcode\" id=\"audio-18-2\" preload=\"none\" style=\"width: 70%;\" controls=\"controls\">\n\t\t\t\t\t<source type=\"audio\/ogg\" src=\"https:\/\/www.comisionporlamemoria.org\/vihsibles\/wp-content\/uploads\/sites\/16\/sites\/36\/2022\/06\/8-Conciencia-Joven-Azul.ogg?_=2\"\/>\n\t\t\t\t\t<a href=\"https:\/\/www.comisionporlamemoria.org\/vihsibles\/wp-content\/uploads\/sites\/16\/sites\/36\/2022\/06\/8-Conciencia-Joven-Azul.ogg\">https:\/\/www.comisionporlamemoria.org\/vihsibles\/wp-content\/uploads\/sites\/16\/sites\/36\/2022\/06\/8-Conciencia-Joven-Azul.ogg<\/a>\n\t\t\t\t<\/audio>\n\t\t\t<\/div>\n\t\t<\/div>\n\t\t<style type=\"text\/css\">.fusion-body .fusion-builder-column-4{width:33.333333333333% !important;margin-top : 0px;margin-bottom : 20px;}.fusion-builder-column-4 > .fusion-column-wrapper {padding-top : 17% !important;padding-right : 0px !important;margin-right : 5.76%;padding-bottom : 17% !important;padding-left : 0px !important;margin-left : 5.76%;}@media only screen and (max-width:1024px) {.fusion-body .fusion-builder-column-4{width:33.333333333333% !important;order : 0;}.fusion-builder-column-4 > .fusion-column-wrapper {margin-right : 5.76%;margin-left : 5.76%;}}@media only screen and (min-width:1024px) {.fusion-body .fusion-builder-column-4 .fusion-empty-dims-img-placeholder { display: none; } }@media only screen and (max-width:640px) {.fusion-body .fusion-builder-column-4{width:100% !important;order : 0;}.fusion-builder-column-4 > .fusion-column-wrapper {margin-right : 1.92%;margin-left : 1.92%;}}<\/style>\n\t<\/div>\n\t<div class=\"fusion-layout-column fusion_builder_column fusion-builder-column-5 fusion_builder_column_1_3 1_3 fusion-flex-column fusion-flex-align-self-center\">\n\t\t<div class=\"fusion-column-wrapper fusion-flex-justify-content-center fusion-content-layout-row fusion-flex-align-items-center fusion-empty-dims-bg-image\" style=\"background-image: url('https:\/\/cpm-aec3.kxcdn.com\/vihsibles\/wp-content\/uploads\/sites\/16\/sites\/36\/2022\/06\/podcast-1.png');background-position:center center;background-repeat:no-repeat;-webkit-background-size:contain;-moz-background-size:contain;-o-background-size:contain;background-size:contain;padding: 17% 0px 17% 0px;\" data-bg-url=\"https:\/\/cpm-aec3.kxcdn.com\/vihsibles\/wp-content\/uploads\/sites\/16\/sites\/36\/2022\/06\/podcast-1.png\">\n\t\t\t<div class=\"fusion-text fusion-text-4 fusion-text-no-margin\" style=\"color:var(--awb-color1);margin-top:10%;margin-right:7%;margin-bottom:0%;margin-left:7%;\">\n\t\t\t\t<p style=\"text-align: center; font-size: 14px;\">\n\t\t\t\t<\/br>\n\t\t\t\t\t<strong>Jos\u00e9 Mar\u00eda Di Bello. Fundaci\u00f3n GEP<\/strong>\n\t\t\t\t\t<\/br>\n\t\t\t\t<\/p>\n\t\t\t\t<p style=\"text-align: center; font-size: 13px;\">Esta ley va a hacer la diferencia y mejorar la respuesta al VIH.<\/p>\n\t\t\t\t<\/br>\n\t\t\t<\/div>\n\t\t\t<div class=\"fusion-audio fusion-audio-3\" style=\"--fusion-audio-accent-color:var(--awb-color1);--fusion-audio-border-size:0;--fusion-audio-border-color:var(--awb-color1);--fusion-audio-border-top-left-radius:0px;--fusion-audio-border-top-right-radius:0px;--fusion-audio-border-bottom-right-radius:0px;--fusion-audio-border-bottom-left-radius:0px;--fusion-audio-background-color:var(--awb-color8);--fusion-audio-max-width:70%;\">\n\t\t\t\t<audio class=\"wp-audio-shortcode\" id=\"audio-18-3\" preload=\"none\" style=\"width: 70%;\" controls=\"controls\">\n\t\t\t\t\t<source type=\"audio\/ogg\" src=\"https:\/\/www.comisionporlamemoria.org\/archivos\/comunicacion\/vihsibles_audio_1.ogg?_=3\"\/>\n\t\t\t\t\t<a href=\"https:\/\/www.comisionporlamemoria.org\/archivos\/comunicacion\/vihsibles_audio_1.ogg\">https:\/\/www.comisionporlamemoria.org\/archivos\/comunicacion\/vihsibles_audio_1.ogg<\/a>\n\t\t\t\t<\/audio>\n\t\t\t<\/div>\n\t\t<\/div>\n\t\t<style type=\"text\/css\">.fusion-body .fusion-builder-column-5{width:33.333333333333% !important;margin-top : 0px;margin-bottom : 20px;}.fusion-builder-column-5 > .fusion-column-wrapper {padding-top : 17% !important;padding-right : 0px !important;margin-right : 5.76%;padding-bottom : 17% !important;padding-left : 0px !important;margin-left : 5.76%;}@media only screen and (max-width:1024px) {.fusion-body .fusion-builder-column-5{width:33.333333333333% !important;order : 0;}.fusion-builder-column-5 > .fusion-column-wrapper {margin-right : 5.76%;margin-left : 5.76%;}}@media only screen and (min-width:1024px) {.fusion-body .fusion-builder-column-5 .fusion-empty-dims-img-placeholder { display: none; } }@media only screen and (max-width:640px) {.fusion-body .fusion-builder-column-5{width:100% !important;order : 0;}.fusion-builder-column-5 > .fusion-column-wrapper {margin-right : 1.92%;margin-left : 1.92%;}}<\/style>\n\t<\/div>\n\t<div class=\"fusion-layout-column fusion_builder_column fusion-builder-column-6 fusion_builder_column_1_1 1_1 fusion-flex-column\">\n\t\t<div class=\"fusion-column-wrapper fusion-flex-justify-content-flex-start fusion-content-layout-column\" style=\"background-position:left top;background-repeat:no-repeat;-webkit-background-size:contain;-moz-background-size:contain;-o-background-size:contain;background-size:contain;padding: 0px 5% 0px 5%;\">\n\t\t\t<div class=\"fusion-text fusion-text-5\">\n\t\t\t\t<h4>Escucha la playlist completa<\/h4>\n\t\t\t<\/div>\n\t\t\t<div class=\"fusion-widget fusion-widget-element fusion-widget-area fusion-content-widget-area wpWidget-1\" style=\"border-width:0px;border-style:solid;\">\n\t\t\t\t<div class=\"widget widget_media_audio\">\n\t\t\t\t\t<audio class=\"wp-audio-shortcode\" id=\"audio-18-4\" preload=\"none\" style=\"width: 100%;\" controls=\"controls\">\n\t\t\t\t\t\t<source type=\"audio\/ogg\" src=\"https:\/\/www.comisionporlamemoria.org\/archivos\/comunicacion\/vihsible_audios_organizaciones.wav?_=4\"\/>\n\t\t\t\t\t\t<source type=\"audio\/ogg\" src=\"https:\/\/www.comisionporlamemoria.org\/archivos\/comunicacion\/vihsible_audios_organizaciones.wav?_=4\"\/>\n\t\t\t\t\t\t<a href=\"https:\/\/www.comisionporlamemoria.org\/archivos\/comunicacion\/vihsible_audios_organizaciones.wav\">https:\/\/www.comisionporlamemoria.org\/archivos\/comunicacion\/vihsible_audios_organizaciones.wav<\/a>\n\t\t\t\t\t<\/audio>\n\t\t\t\t<\/div>\n\t\t\t<\/div>\n\t\t<\/div>\n\t\t<style type=\"text\/css\">.fusion-body .fusion-builder-column-6{width:100% !important;margin-top : 0px;margin-bottom : 20px;}.fusion-builder-column-6 > .fusion-column-wrapper {padding-top : 0px !important;padding-right : 5% !important;margin-right : 1.92%;padding-bottom : 0px !important;padding-left : 5% !important;margin-left : 1.92%;}@media only screen and (max-width:1024px) {.fusion-body .fusion-builder-column-6{width:100% !important;order : 0;}.fusion-builder-column-6 > .fusion-column-wrapper {margin-right : 1.92%;margin-left : 1.92%;}}@media only screen and (max-width:640px) {.fusion-body .fusion-builder-column-6{width:100% !important;order : 0;}.fusion-builder-column-6 > .fusion-column-wrapper {margin-right : 1.92%;margin-left : 1.92%;}}<\/style>\n\t<\/div>\n<\/div>\n<style type=\"text\/css\">.fusion-body .fusion-flex-container.fusion-builder-row-4{ padding-top : 0px;margin-top : 0px;padding-right : 0px;padding-bottom : 0px;margin-bottom : 0px;padding-left : 0px;}<\/style>\n<\/div>\n<\/div>\n<\/div>\n\n<\/div><\/div><\/div><\/div><\/div><\/div><\/div><\/div><\/div><\/p>\n","protected":false},"excerpt":{"rendered":"","protected":false},"author":40,"featured_media":0,"parent":0,"menu_order":0,"comment_status":"closed","ping_status":"closed","template":"","meta":{"footnotes":""},"class_list":["post-18","page","type-page","status-publish","hentry"],"jetpack_sharing_enabled":true,"_links":{"self":[{"href":"https:\/\/www.comisionporlamemoria.org\/vihsibles\/wp-json\/wp\/v2\/pages\/18","targetHints":{"allow":["GET"]}}],"collection":[{"href":"https:\/\/www.comisionporlamemoria.org\/vihsibles\/wp-json\/wp\/v2\/pages"}],"about":[{"href":"https:\/\/www.comisionporlamemoria.org\/vihsibles\/wp-json\/wp\/v2\/types\/page"}],"author":[{"embeddable":true,"href":"https:\/\/www.comisionporlamemoria.org\/vihsibles\/wp-json\/wp\/v2\/users\/40"}],"replies":[{"embeddable":true,"href":"https:\/\/www.comisionporlamemoria.org\/vihsibles\/wp-json\/wp\/v2\/comments?post=18"}],"version-history":[{"count":0,"href":"https:\/\/www.comisionporlamemoria.org\/vihsibles\/wp-json\/wp\/v2\/pages\/18\/revisions"}],"wp:attachment":[{"href":"https:\/\/www.comisionporlamemoria.org\/vihsibles\/wp-json\/wp\/v2\/media?parent=18"}],"curies":[{"name":"wp","href":"https:\/\/api.w.org\/{rel}","templated":true}]}}