{"id":24,"date":"2022-06-14T12:40:28","date_gmt":"2022-06-14T12:40:28","guid":{"rendered":"https:\/\/www.comisionporlamemoria.org\/vihsibles\/?page_id=24"},"modified":"2022-10-12T14:21:03","modified_gmt":"2022-10-12T14:21:03","slug":"guia-pedagogica","status":"publish","type":"page","link":"https:\/\/www.comisionporlamemoria.org\/vihsibles\/guia-pedagogica\/","title":{"rendered":"Gu\u00eda pedag\u00f3gica"},"content":{"rendered":"<p><div class=\"fusion-fullwidth fullwidth-box fusion-builder-row-1 fusion-flex-container nonhundred-percent-fullwidth non-hundred-percent-height-scrolling\" style=\"--awb-border-radius-top-left:0px;--awb-border-radius-top-right:0px;--awb-border-radius-bottom-right:0px;--awb-border-radius-bottom-left:0px;--awb-margin-top:4%;--awb-flex-wrap:wrap;\" ><div class=\"fusion-builder-row fusion-row fusion-flex-align-items-flex-start fusion-flex-content-wrap\" style=\"max-width:1248px;margin-left: calc(-4% \/ 2 );margin-right: calc(-4% \/ 2 );\"><div class=\"fusion-layout-column fusion_builder_column fusion-builder-column-0 fusion_builder_column_1_1 1_1 fusion-flex-column\" style=\"--awb-bg-size:cover;--awb-width-large:100%;--awb-margin-top-large:0px;--awb-spacing-right-large:1.92%;--awb-margin-bottom-large:20px;--awb-spacing-left-large:1.92%;--awb-width-medium:100%;--awb-order-medium:0;--awb-spacing-right-medium:1.92%;--awb-spacing-left-medium:1.92%;--awb-width-small:100%;--awb-order-small:0;--awb-spacing-right-small:1.92%;--awb-spacing-left-small:1.92%;\"><div class=\"fusion-column-wrapper fusion-column-has-shadow fusion-flex-justify-content-flex-start fusion-content-layout-column\"><div class=\"fusion-text fusion-text-1\" style=\"--awb-content-alignment:justify;\"><p>En esta secci\u00f3n les proponemos una serie de actividades \u2013enmarcadas en los contenidos de ESI- para trabajar la muestra VIHsibles en el aula o en la comunidad. En particular a partir de la din\u00e1mica de taller les invitamos a recorrer la muestra virtual y luego a reflexionar, problematizar y enlazar las experiencias de lxs j\u00f3venes con el cuidado de sus propios cuerpos y el cuidado a los dem\u00e1s. Adem\u00e1s les sugerimos actividades para historizar c\u00f3mo se llevaron adelante las pol\u00edticas p\u00fablicas, las relaciones sociales, los discursos institucionales y de los medios de comunicaci\u00f3n con relaci\u00f3n a las infecciones de transmisi\u00f3n sexual. Recorrido que nos permitir\u00e1 reflexionar sobre el propio presente, sobre las pol\u00edticas llevadas adelante hoy y qu\u00e9 vinculo tienen lxs jxvenes con la prevenci\u00f3n de estas infecciones.<\/p>\n<\/div><div class=\"fusion-alert alert custom alert-custom fusion-alert-center awb-alert-native-link-color\" style=\"--awb-background-color:#ffffff;--awb-accent-color:var(--awb-color5);--awb-border-size:1px;--awb-border-top-left-radius:0px;--awb-border-top-right-radius:0px;--awb-border-bottom-left-radius:0px;--awb-border-bottom-right-radius:0px;\" role=\"alert\"><div class=\"fusion-alert-content-wrapper\"><span class=\"alert-icon\"><i class=\"fa-check-square fas\" aria-hidden=\"true\"><\/i><\/span><span class=\"fusion-alert-content\"><strong>Objetivo:<\/strong> Reflexionar sobre las representaciones y modos de construir el estigma a lo largo de la historia sobre las personas que viven con VIH y c\u00f3mo ciertas pr\u00e1cticas naturalizadas impactan en nuestro presente. El material que proponemos son los legajos elaborados por la Direcci\u00f3n de Inteligencia de la Polic\u00eda de la provincia de Buenos Aires, en particular el espionaje realizado a personas con VIH y el relevamiento de los medios de comunicaci\u00f3n de la \u00e9poca.<\/span><\/div><\/div><\/div><\/div><\/div><\/div><div class=\"fusion-fullwidth fullwidth-box fusion-builder-row-2 fusion-flex-container nonhundred-percent-fullwidth non-hundred-percent-height-scrolling\" style=\"--awb-border-radius-top-left:0px;--awb-border-radius-top-right:0px;--awb-border-radius-bottom-right:0px;--awb-border-radius-bottom-left:0px;--awb-flex-wrap:wrap;\" ><div class=\"fusion-builder-row fusion-row fusion-flex-align-items-flex-start fusion-flex-content-wrap\" style=\"max-width:1248px;margin-left: calc(-4% \/ 2 );margin-right: calc(-4% \/ 2 );\"><div class=\"fusion-layout-column fusion_builder_column fusion-builder-column-1 fusion_builder_column_1_1 1_1 fusion-flex-column\" style=\"--awb-bg-size:cover;--awb-width-large:100%;--awb-margin-top-large:0px;--awb-spacing-right-large:1.92%;--awb-margin-bottom-large:20px;--awb-spacing-left-large:1.92%;--awb-width-medium:100%;--awb-order-medium:0;--awb-spacing-right-medium:1.92%;--awb-spacing-left-medium:1.92%;--awb-width-small:100%;--awb-order-small:0;--awb-spacing-right-small:1.92%;--awb-spacing-left-small:1.92%;\"><div class=\"fusion-column-wrapper fusion-column-has-shadow fusion-flex-justify-content-flex-start fusion-content-layout-column\"><div class=\"fusion-text fusion-text-2\" style=\"--awb-content-alignment:justify;\"><p><strong>Objetivos espec\u00edficos:<\/strong><\/p>\n<ul>\n<li>Identificar la mirada biologicista hacia el VIH a lo largo del tiempo y en el presente<\/li>\n<li>Analizar el recorrido de las organizaciones sociales y pol\u00edticas para revertir esa mirada.<\/li>\n<li>Reconocer las diferentes formas de estigmatizaci\u00f3n que utilizamos en nuestro cotidiano vinculadas a las infecciones de transmisi\u00f3n sexual.<\/li>\n<li>Debatir y reflexionar si el acercamiento a las infecciones de trasmisi\u00f3n sexual son abordadas desde el miedo y el estigma a la enfermedad o desde el cuidado y el deseo.<\/li>\n<li>Promover pautas de cuidado vinculadas a las relaciones sexuales<\/li>\n<\/ul>\n<\/div><\/div><\/div><\/div><\/div><div class=\"fusion-fullwidth fullwidth-box fusion-builder-row-3 fusion-flex-container nonhundred-percent-fullwidth non-hundred-percent-height-scrolling\" style=\"--awb-border-radius-top-left:0px;--awb-border-radius-top-right:0px;--awb-border-radius-bottom-right:0px;--awb-border-radius-bottom-left:0px;--awb-flex-wrap:wrap;\" ><div class=\"fusion-builder-row fusion-row fusion-flex-align-items-flex-start fusion-flex-content-wrap\" style=\"max-width:1248px;margin-left: calc(-4% \/ 2 );margin-right: calc(-4% \/ 2 );\"><div class=\"fusion-layout-column fusion_builder_column fusion-builder-column-2 fusion_builder_column_1_1 1_1 fusion-flex-column\" style=\"--awb-bg-size:cover;--awb-width-large:100%;--awb-margin-top-large:0px;--awb-spacing-right-large:1.92%;--awb-margin-bottom-large:20px;--awb-spacing-left-large:1.92%;--awb-width-medium:100%;--awb-order-medium:0;--awb-spacing-right-medium:1.92%;--awb-spacing-left-medium:1.92%;--awb-width-small:100%;--awb-order-small:0;--awb-spacing-right-small:1.92%;--awb-spacing-left-small:1.92%;\"><div class=\"fusion-column-wrapper fusion-column-has-shadow fusion-flex-justify-content-flex-start fusion-content-layout-column\"><div style=\"text-align:right;\"><a class=\"fusion-button button-flat fusion-button-default-size button-default fusion-button-default button-1 fusion-button-default-span fusion-button-default-type\" style=\"--button_text_transform:uppercase;\" target=\"_blank\" rel=\"noopener noreferrer\" href=\"https:\/\/www.comisionporlamemoria.org\/vihsibles\/wp-content\/uploads\/sites\/16\/sites\/36\/2022\/10\/cuadernillo_VIH.pdf\"><span class=\"fusion-button-text awb-button__text awb-button__text--default\">Descargar gu\u00eda pedag\u00f3gica<\/span><i class=\"fa-angle-double-down fas awb-button__icon awb-button__icon--default button-icon-right\" aria-hidden=\"true\"><\/i><\/a><\/div><\/div><\/div><\/div><\/div><div class=\"fusion-fullwidth fullwidth-box fusion-builder-row-4 fusion-flex-container nonhundred-percent-fullwidth non-hundred-percent-height-scrolling\" style=\"--awb-border-radius-top-left:0px;--awb-border-radius-top-right:0px;--awb-border-radius-bottom-right:0px;--awb-border-radius-bottom-left:0px;--awb-flex-wrap:wrap;\" ><div class=\"fusion-builder-row fusion-row fusion-flex-align-items-flex-start fusion-flex-content-wrap\" style=\"max-width:1248px;margin-left: calc(-4% \/ 2 );margin-right: calc(-4% \/ 2 );\"><div class=\"fusion-layout-column fusion_builder_column fusion-builder-column-3 fusion_builder_column_1_1 1_1 fusion-flex-column\" style=\"--awb-bg-size:cover;--awb-width-large:100%;--awb-margin-top-large:0px;--awb-spacing-right-large:1.92%;--awb-margin-bottom-large:20px;--awb-spacing-left-large:1.92%;--awb-width-medium:100%;--awb-order-medium:0;--awb-spacing-right-medium:1.92%;--awb-spacing-left-medium:1.92%;--awb-width-small:100%;--awb-order-small:0;--awb-spacing-right-small:1.92%;--awb-spacing-left-small:1.92%;\"><div class=\"fusion-column-wrapper fusion-column-has-shadow fusion-flex-justify-content-flex-start fusion-content-layout-column\"><div class=\"accordian fusion-accordian\" style=\"--awb-border-size:1px;--awb-icon-size:16px;--awb-content-font-size:var(--awb-typography4-font-size);--awb-icon-alignment:left;--awb-hover-color:var(--awb-color2);--awb-border-color:var(--awb-color5);--awb-background-color:var(--awb-color1);--awb-divider-color:var(--awb-color3);--awb-divider-hover-color:var(--awb-color3);--awb-icon-color:var(--awb-color1);--awb-title-color:var(--awb-color6);--awb-content-color:var(--awb-color6);--awb-icon-box-color:var(--awb-color6);--awb-toggle-hover-accent-color:var(--awb-color5);--awb-title-font-family:&quot;Roboto&quot;;--awb-title-font-weight:400;--awb-title-font-style:normal;--awb-title-font-size:24px;--awb-title-letter-spacing:var(--awb-typography1-letter-spacing);--awb-title-line-height:var(--awb-typography1-line-height);--awb-content-font-family:&quot;Roboto&quot;;--awb-content-font-style:normal;--awb-content-font-weight:400;\"><div class=\"panel-group fusion-toggle-icon-boxed\" id=\"accordion-24-1\"><div class=\"fusion-panel panel-default panel-63c404f27d395dd76 fusion-toggle-no-divider fusion-toggle-boxed-mode\" style=\"--awb-title-text-transform:capitalize;--awb-title-color:var(--awb-color6);--awb-content-color:var(--awb-color6);\"><div class=\"panel-heading\"><h4 class=\"panel-title toggle\" id=\"toggle_63c404f27d395dd76\"><a aria-expanded=\"false\" aria-controls=\"63c404f27d395dd76\" role=\"button\" data-toggle=\"collapse\" data-parent=\"#accordion-24-1\" data-target=\"#63c404f27d395dd76\" href=\"#63c404f27d395dd76\"><span class=\"fusion-toggle-icon-wrapper\" aria-hidden=\"true\"><i class=\"fa-fusion-box active-icon awb-icon-minus\" aria-hidden=\"true\"><\/i><i class=\"fa-fusion-box inactive-icon awb-icon-plus\" aria-hidden=\"true\"><\/i><\/span><span class=\"fusion-toggle-heading\">ver Din\u00e1mica Pedag\u00f3gica completa<\/span><\/a><\/h4><\/div><div id=\"63c404f27d395dd76\" class=\"panel-collapse collapse \" aria-labelledby=\"toggle_63c404f27d395dd76\"><div class=\"panel-body toggle-content fusion-clearfix\">\n<p><strong>Duraci\u00f3n:<\/strong> 1:00 hs\/ puede realizarse en dos m\u00f3dulos.<\/p>\n<p><strong>Modalidad:<\/strong> presencial.<\/p>\n<p><strong>Primera din\u00e1mica pedag\u00f3gica:<\/strong> Las Cuatro Esquinas<\/p>\n<p><strong>Materiales necesarios:<\/strong><\/p>\n<ul>\n<li>Copias de los diarios y volantes de la muestra<\/li>\n<li>1 fibra<\/li>\n<li>Cuatro carteles del mismo tama\u00f1o<\/li>\n<li>Afiches en blanco<\/li>\n<li>Cinta para pegar los carteles.<\/li>\n<\/ul>\n<p><strong>Primera parte:<\/strong> Luego de recorrer la muestra virtual les proponemos realizar una din\u00e1mica l\u00fadica y reflexiva con el objetivo de comenzar a identificar y desandar ciertos modos de referenciar al VIH, a las personas que viven con VIH y la naturalizaci\u00f3n de ciertas pr\u00e1cticas al vincularnos con lxs otrxs. En las preguntas utilizaremos algunas palabras que reproducen el estigma, no s\u00f3lo en las pr\u00e1cticas sino en las formas de nominar y representar.<\/p>\n<p><strong>Sugerencias de preguntas<\/strong><\/p>\n<p>\u00bfCu\u00e1ndo nos vinculamos con otrxs, nos cuidamos, lxs cuidamos?<\/p>\n<p>\u00bfNos llega informaci\u00f3n para conocer las infecciones de transmisi\u00f3n sexual?<\/p>\n<p>\u00bfEl VIH es una enfermedad?<\/p>\n<p>\u00bfLas personas con VIH est\u00e1n enfermas?<\/p>\n<p>\u00bfBesarnos contagia el VIH?<\/p>\n<p>\u00bfEl preservativo es la \u00fanica forma para cuidarnos?<\/p>\n<p>Si una persona vive con VIH, \u00bfes necesario tener relaciones sexuales con preservativo?<\/p>\n<p>\u00bfSolo las personas homosexuales tienen VIH?<\/p>\n<p>\u00bfLas personas heterosexuales transmiten el VIH?<\/p>\n<p>\u00bfSolo se realizan el test las personas que sospechan que se vincularon con alguien con VIH?<\/p>\n<p>\u00bfLas personas con VIH pueden trabajar?<\/p>\n<p>\u00bfLxs ni\u00f1xs con VIH pueden jugar con otrxs ni\u00f1xs?<\/p>\n<p style=\"padding-left: 40px;\">Les proponemos poner carteles en las 4 esquinas del aula para que lxs j\u00f3venes vayan a cada lugar seg\u00fan sus pareceres, sentires y experiencias:<\/p>\n<p style=\"padding-left: 40px;\">Cartel: Muchas veces<\/p>\n<p style=\"padding-left: 40px;\">Cartel: Pocas veces<\/p>\n<p style=\"padding-left: 40px;\">Cartel: Siempre<\/p>\n<p style=\"padding-left: 40px;\">Cartel: Nunca<\/p>\n<p>Una vez colgados los carteles les leeremos una pregunta por vez, para que ellxs elijan debajo cual de las cuatro esquinas se paran. Si la respuesta es para ellxs en el cartel de la esquina que dice muchas veces, les sugerimos que se muevan hasta esa esquina, y de la misma manera con los otros carteles.<\/p>\n<p>Despu\u00e9s sugerimos una puesta en com\u00fan. El objetivo es que lxs docentes o coordinadorxs comiencen a dar las reflexiones sobre la desnaturalizaci\u00f3n de pr\u00e1cticas y formas de entender y comprender el VIH. Dar cuenta c\u00f3mo fueron las respuestas, si hubo diferencias, si reflexionaron sobre las propias preguntas. Algunas sugerencias:<\/p>\n<p>\u00bfCon qu\u00e9 cartel se identificaron las mayor\u00edas de les pibis?<\/p>\n<p>\u00bfPueden relacionar algo de lo dicho y reflexionado sobre c\u00f3mo somos educados sexualmente?<\/p>\n<p>\u00bfQu\u00e9 representaciones se tiene sobre el VIH- y sobre el sida?<\/p>\n<p>\u00bfHablamos siempre de enfermedad?<\/p>\n<p>\u00bfIdentificamos y reconocemos c\u00f3mo se fueron construyendo esas formas de abordar el VIH socialmente?<\/p>\n<p>La mirada biologisista muchas veces va de la mano de la construcci\u00f3n de un otrx peligrosxs o que nos pone en peligro, su nominaci\u00f3n e identificaci\u00f3n no s\u00f3lo refuerza el estigma sino tambi\u00e9n deshumaniza a quienes viven con VIH. Reflexionar con lxs pibxs como la falta de conocimiento muchas veces nos puede llevar a reproducir esta mirada.<\/p>\n<p>Qu\u00e9 nos pasa, qu\u00e9 hacemos o c\u00f3mo nos sentimos cuando nos vinculamos con lxs otrxs con los cuerpos y las intimidades.<\/p>\n<p><strong>Segunda Parte:<\/strong><\/p>\n<p>Les proponemos analizar el material de los archivos de la DIPPBA que hay en la muestra. Realizar una selecci\u00f3n de los informes de inteligencia, de notas diarios, de volantes presentados en la muestra VIHSIBLES. Parte de estos documentos fueron utilizados por la Polic\u00eda de la provincia de Buenos Aires para realizar el espionaje a las personas con VIH y a las organizaciones que reclamaban por sus derechos.<\/p>\n<p><a href=\"https:\/\/www.comisionporlamemoria.org\/vihsibles\/estigma-y-medios\/\">Estigma y medios<\/a><\/p>\n<p><a href=\"https:\/\/www.comisionporlamemoria.org\/vihsibles\/espionaje-de-la-dippba\/\">Espionaje de la DIPPBA<\/a><\/p>\n<p>Con estos materiales vamos a trabajar en peque\u00f1os grupos ( de 4 o 5 integrantes) con las siguientes preguntas-gu\u00eda, para seguir reflexionando acerca de la naturalizaci\u00f3n de ciertos modos de decir, de vincularnos con lxs otrxs, de manifestar nuestros deseos y placeres.<\/p>\n<ul>\n<li>\u00bfQu\u00e9 palabras se consideran de car\u00e1cter positivo y cu\u00e1les negativas en los diarios, volantes o documentos de inteligencia referidas a las personas que viv\u00edan con VIH?<\/li>\n<li>\u00bfEn qu\u00e9 contextos y c\u00f3mo se habla de \u201cenfermedad\u201d, \u201cinfecci\u00f3n\u201d, \u201cepidemia\u201d, \u201cportador\u201d? \u00bfQu\u00e9 te parece el uso de estas palabras?<\/li>\n<li>\u00bfQui\u00e9nes son las personas perseguidas por la DIPPBA? \u00bfCu\u00e1ndo? \u00bfNotaron alguna forma de nominarlas, qu\u00e9 aspectos llaman la atenci\u00f3n a la DIPPBA de las personas perseguidas? \u00bfPueden identificar distintas fechas?<\/li>\n<li>\u00bfQui\u00e9nes hablan de peligro? \u00bfCu\u00e1l ser\u00eda el factor de peligro? \u00bfCu\u00e1les son los fundamentos de sus miedos?<\/li>\n<li>\u00bfSe habla de homosexualidad vinculada al VIH? \u00bfHay modos de decir despectivos?<\/li>\n<li>\u00bfQu\u00e9 les llama la atenci\u00f3n de los titulares de los diarios; \u00bfhay alarma? \u00bfD\u00f3nde se manifiesta?<\/li>\n<li>\u00bfNotaron cambios en c\u00f3mo se hablaba en esa \u00e9poca y como se habla ahora del VIH? \u00bfCu\u00e1les?<\/li>\n<li>\u00bfQu\u00e9 saben del VIH?<\/li>\n<\/ul>\n<p>Realizar un plenario para identificar qu\u00e9 lecturas realizaron lxs j\u00f3venes sobre las notas period\u00edsticas, volantes o informes de inteligencia. A partir de las preguntas gu\u00eda elaborar, en forma conjunta, un<strong> mapa de ideas y conceptos<\/strong> referidos a c\u00f3mo eran tratadas y nominadas las personas por tener VIH, qu\u00e9 respuestas hab\u00eda por parte de la sociedad, si hab\u00eda resistencias al estigma, qui\u00e9nes son lxs actores e instituciones mencionadas e involucradas, qu\u00e9 manifiestan las mismas, y qu\u00e9 sentidos se construyen sobre las experiencias transitadas por lxs j\u00f3venes en el presente. A partir de este mapa reflexionar en c\u00f3mo podemos hacer otro mapa que nos permita pensar formas de actuar para revertir el estigma que sigue presente en nuestra sociedad.<\/p>\n<p><strong>Segunda Din\u00e1mica Pedag\u00f3gica:<\/strong> La Rayuela<\/p>\n<p><strong>Duraci\u00f3n:<\/strong> 1: 30 hs.<\/p>\n<p><strong>Materiales:<\/strong><\/p>\n<ul>\n<li>10 Sobres<\/li>\n<li>Una rayuela dibujada en afiches (puede ser en el pizarr\u00f3n o en el piso con tizas)<\/li>\n<li>Tizas<\/li>\n<li>Impresi\u00f3n de las frases que van en los sobre<\/li>\n<li>Si no se escribe en el piso los contenidos de cada casillero, deber\u00edan imprimirse y pegarse en cada uno en el casillero de la rayuela que corresponda<\/li>\n<\/ul>\n<p>El objetivo es pensar de manera prioritaria y estrat\u00e9gica la prevenci\u00f3n del VIH y las Infecciones de Transmisi\u00f3n Sexual (ITS) desde la promoci\u00f3n de pr\u00e1cticas sexuales cuidadas basadas en la informaci\u00f3n, el deseo, el consentimiento y la libertad.<\/p>\n<p>Las pol\u00edticas de prevenci\u00f3n y promoci\u00f3n no pueden estar basadas en l\u00f3gicas de normalizaci\u00f3n y disciplinamiento de los cuerpos ni en la patologizaci\u00f3n de las sexualidades. Tenemos el desaf\u00edo de pensar estrategias de promoci\u00f3n y prevenci\u00f3n que apunten al ejercicio libre de nuestras sexualidades teniendo en cuenta la multiplicidad de deseos\u00a0 y de pr\u00e1cticas sexuales.\u00a0 Mayor soberan\u00eda sanitaria implica pol\u00edticas que potencian el cuidado sobre nuestros propios cuerpos. El estado acompa\u00f1a las decisiones de las personas, acercando herramientas\u00a0 para poder elegir. Esta propuesta pone el acento en comunicar de manera l\u00fadica las diferentes posibilidades y opciones en la b\u00fasqueda de mayor autonom\u00eda.<\/p>\n<p><em>Dibujamos una rayuela y luego en un sobre asociamos un n\u00famero con cada cuadrado donde cae la piedra y ac\u00e1 est\u00e1n algunas de las preguntas a leer en voz alta cuando mi piedra cae en un n\u00famero. Por ejemplo el cuadrado tendr\u00e1 el n\u00famero 1 y la frase \u00a1Activamos el autocuidado! tanto en el sobre como en la rayuela.<\/em><\/p>\n<p><strong>Din\u00e1mica de Juego:<\/strong><\/p>\n<p>Punto de partida:\u00a0 Tuvimos pr\u00e1cticas sexuales sin preservativo, no lo usamos durante toda la relaci\u00f3n sexual o se rompi\u00f3.<\/p>\n<p><strong>Casillero 1: \u00a1Activemos el autocuidado!\u00a0<\/strong><\/p>\n<p>Si tomamos la decisi\u00f3n de no usar m\u00e9todos de barrera en el ejercicio libre de nuestras sexualidades, una buena manera de seguirnos cuidando es testearnos para VIH y otras ITS cada 3 meses.\u00a0 Conocer a tiempo nuestro diagn\u00f3stico es fundamental para que mantengamos nuestra calidad de vida.<\/p>\n<p><strong>Casillero 2: Aprovechemos el tiempo.<\/strong><\/p>\n<p>Hasta las 72 hs. posteriores a la situaci\u00f3n (\u00a1y cuanto antes mejor!), podemos acercarnos a la guardia de un hospital p\u00fablico y acceder a la\u00a0 Profilaxis Post Exposici\u00f3n (KIT PPE).<\/p>\n<p>\/\/ Qu\u00e9 es la PPE? Es el uso de medicamentos para reducir el riesgo de adquirir VIH y otras Infecciones de Transmisi\u00f3n Sexual, y\/o evitar un embarazo (o gestaci\u00f3n) no deseado.\/\/<\/p>\n<p><strong>Casillero 3: Vamos a la guardia y nos niegan el acceso al kit.<\/strong><\/p>\n<p>Tenemos derecho a acceder al Kit PPE de forma gratuita, inmediata y de forma confidencial en todas las guardias. Si nos lo niegan, llamemos al (0221) 4251693 las 24 hs, para que nos lo garanticen.<\/p>\n<p><strong>Casillero 4: Pasaron m\u00e1s de 72 horas..?<\/strong><\/p>\n<p>A partir de los 30 d\u00edas en que pas\u00f3 la situaci\u00f3n de riesgo, podemos hacernos la prueba r\u00e1pida de VIH y s\u00edfilis. Es r\u00e1pida, gratuita y confidencial.\u00a0\u00a0 Es importante que nuestrx\/s compa\u00f1erx\/s sexual\/es tambi\u00e9n se haga\/n el test.\u00a0 A partir de los 13 a\u00f1os podemos acceder al diagn\u00f3stico de VIH y otras ITS sin la compa\u00f1\u00eda de una persona adulta<\/p>\n<p><strong>Casillero 5: \u00bfD\u00f3nde podemos hacernos el test r\u00e1pido?<\/strong><\/p>\n<p>Busquemos el m\u00e1s cercano en el mapa de centros de testeo r\u00e1pido de VIH en la p\u00e1gina del Ministerio de Salud de la Provincia\u00a0 \u00a0 https:\/\/www.gba.gob.ar\/saludprovincia .<\/p>\n<p><strong>Casillero 6: El resultado nos dio negativo<\/strong><\/p>\n<p>Es importante que pensemos detenidamente si durante el mes previo a hacernos el test puede haber habido alguna otra pr\u00e1ctica sexual en la que no nos cuidamos. Si la hubo, especifiquemos qu\u00e9 d\u00eda fue y repitamos el test a los 30 d\u00edas.\u00a0 Si estamos segurxs que no estuvimos expuestxs, reforcemos nuestras pr\u00e1cticas de cuidado en el ejercicio libre de nuestra sexualidad.\u00a0 Conozcamos c\u00f3mo cuidarnos\u00a0 seg\u00fan la pr\u00e1ctica sexual que elijamos.<\/p>\n<p><strong>Casillero 7: El resultado nos dio positivo<\/strong><\/p>\n<p>En el lugar d\u00f3nde nos hicimos el test r\u00e1pido nos vincular\u00e1n con un hospital d\u00f3nde hacer otro an\u00e1lisis para confirmar el resultado y d\u00f3nde, en caso de que sea positivo,\u00a0 podremos comenzar nuestro tratamiento y acompa\u00f1amiento.\u00a0 Si por alg\u00fan motivo no nos queda c\u00f3modo el lugar que nos sugieren, podemos buscar otro establecimiento p\u00fablico en el mapa de Centros de Atenci\u00f3n de VIH:<\/p>\n<p>https:\/\/www.ms.gba.gov.ar\/sitios\/hiv\/institucional\/lineas-estrategicas\/<\/p>\n<p><strong>Casillero 8: El tratamiento<\/strong><\/p>\n<p>El tratamiento es nuestro derecho y nos lo deben garantizar en el lugar d\u00f3nde nos atendamos, ya sea mediante el sistema p\u00fablico, nuestra obra social o prepaga.\u00a0 Si nos niegan el acceso al tratamiento podemos comunicarnos al (0221) 492981\/85 o v\u00eda correo electr\u00f3nico al ba.vihsida@gmail.com .<\/p>\n<p><strong>Casillero 9: Indetectable = Intransmisible<\/strong><\/p>\n<p>Si tomamos nuestro tratamiento todos los d\u00edas podemos lograr disminuir la cantidad de virus en sangre al punto de mantenerlo en forma indetectable, es decir, que los an\u00e1lisis no logran reconocerlo. \u00a0 Cuando mantenemos la carga viral indetectable por m\u00e1s de seis meses, no transmitimos el virus por v\u00eda sexual. \u00a0 Por eso decimos: Indetectable = Intransmisible.<\/p>\n<p><strong>10. Punto de llegada<\/strong><\/p>\n<p>Tenemos derecho a gozar de vidas libres de discriminaci\u00f3n, con igualdad de trato y oportunidades y con acceso a informaci\u00f3n para elegir como cuidar nuestra salud.<\/p>\n<p><strong>APARTADO DE DERECHOS<\/strong><\/p>\n<p>Les proponemos leer colectivamente al cierre de las actividades estos puntos para resaltar e informar nuestros derechos.<\/p>\n<p style=\"padding-left: 40px;\">Las personas que vivimos con VIH tenemos los mismos derechos que el resto de las personas: a que se respete nuestra integridad y autonom\u00eda; a la salud y a la atenci\u00f3n m\u00e9dica integral y oportuna, a la educaci\u00f3n y a un trato igualitario.<\/p>\n<ul>\n<li>La confidencialidad en cuanto al estado de VIH de una persona est\u00e1 protegida por la Ley Nacional de Sida (N\u00ba 23.798) .Cualquier vulneraci\u00f3n a este derecho, ya sea por parte del personal de salud o particulares, ser\u00e1 susceptible de reclamaci\u00f3n judicial de los da\u00f1os y perjuicios que pudieran ocasionar estas acciones que atenten contra la voluntad de la persona de compartir esa informaci\u00f3n.<\/li>\n<li>Todas las\u00a0 personas tenemos derecho al acceso gratuito, voluntario y confidencial de nuestro\u00a0 diagn\u00f3stico, al tratamiento antirretroviral y a la asistencia integral de nuestra salud, tanto f\u00edsica como psicol\u00f3gica.<\/li>\n<li>Todas las personas tenemos derecho a acceder a un trabajo sin discriminaci\u00f3n, esto implica que est\u00e1 prohibido exigir realizar estudios de laboratorio con el fin de detectar el VIH en los postulantes a un empleo.<\/li>\n<li>A partir de los 13 a\u00f1os podemos acceder al diagn\u00f3stico de VIH y otras ITS sin la compa\u00f1\u00eda de una persona adulta.<\/li>\n<li>Todas las personas tenemos derecho a contar o no contar nuestro diagn\u00f3stico.<\/li>\n<\/ul>\n<\/div><\/div><\/div><\/div><\/div><\/div><\/div><\/div><\/div><\/p>\n","protected":false},"excerpt":{"rendered":"","protected":false},"author":40,"featured_media":0,"parent":0,"menu_order":0,"comment_status":"closed","ping_status":"closed","template":"","meta":{"footnotes":""},"class_list":["post-24","page","type-page","status-publish","hentry"],"jetpack_sharing_enabled":true,"_links":{"self":[{"href":"https:\/\/www.comisionporlamemoria.org\/vihsibles\/wp-json\/wp\/v2\/pages\/24","targetHints":{"allow":["GET"]}}],"collection":[{"href":"https:\/\/www.comisionporlamemoria.org\/vihsibles\/wp-json\/wp\/v2\/pages"}],"about":[{"href":"https:\/\/www.comisionporlamemoria.org\/vihsibles\/wp-json\/wp\/v2\/types\/page"}],"author":[{"embeddable":true,"href":"https:\/\/www.comisionporlamemoria.org\/vihsibles\/wp-json\/wp\/v2\/users\/40"}],"replies":[{"embeddable":true,"href":"https:\/\/www.comisionporlamemoria.org\/vihsibles\/wp-json\/wp\/v2\/comments?post=24"}],"version-history":[{"count":0,"href":"https:\/\/www.comisionporlamemoria.org\/vihsibles\/wp-json\/wp\/v2\/pages\/24\/revisions"}],"wp:attachment":[{"href":"https:\/\/www.comisionporlamemoria.org\/vihsibles\/wp-json\/wp\/v2\/media?parent=24"}],"curies":[{"name":"wp","href":"https:\/\/api.w.org\/{rel}","templated":true}]}}